{"id":68,"date":"2018-07-22T11:07:02","date_gmt":"2018-07-22T09:07:02","guid":{"rendered":"https:\/\/www.topohvar.at\/?page_id=68"},"modified":"2026-03-26T18:08:27","modified_gmt":"2026-03-26T17:08:27","slug":"do","status":"publish","type":"page","link":"https:\/\/www.topohvar.at\/topo\/orte\/do\/","title":{"rendered":"Dol"},"content":{"rendered":"<hr \/>\n<p><a name=\"seite_oben\"><\/a><\/p>\n<p><strong>Odaberite kategoriju \/ W\u00e4hlen Sie eine Kategorie aus\u00a0 \u00a0 \u00a0 \u00a0 \u00a0 \u00a0 <img loading=\"lazy\" decoding=\"async\" class=\"alignnone size-medium wp-image-231\" src=\"https:\/\/www.topohvar.at\/wp-content\/uploads\/2018\/07\/icon-do-300x70.jpg\" alt=\"\" width=\"300\" height=\"70\" srcset=\"https:\/\/www.topohvar.at\/wp-content\/uploads\/2018\/07\/icon-do-300x70.jpg 300w, https:\/\/www.topohvar.at\/wp-content\/uploads\/2018\/07\/icon-do.jpg 600w\" sizes=\"auto, (max-width: 300px) 100vw, 300px\" \/><\/strong><\/p>\n<h4><span style=\"color: #0000ff;\"><a style=\"color: #0000ff;\" href=\"#aa\">Naselja \/ Siedlungen<\/a> \/\/ <a style=\"color: #0000ff;\" href=\"#ci\">Crkve \/ Kirchen<\/a> \/\/ <a style=\"color: #0000ff;\" href=\"#cp\">Kapele \/Kapellen<\/a> \/\/ <a style=\"color: #0000ff;\" href=\"#cs\">Kapelice \/Bildst\u00f6cke<\/a> \/\/ <a style=\"color: #0000ff;\" href=\"#cz\">Kri\u017eevi \/ Kreuze<\/a> \/\/ <a style=\"color: #0000ff;\" href=\"#in\">Natpisi \/ Inschriften<\/a> \/\/ <a style=\"color: #0000ff;\" href=\"#ip\">Plo\u010de \/ Tafeln<\/a> \/\/ <a style=\"color: #0000ff;\" href=\"#ir\">Reljefi\/ Reliefs<\/a> \/\/ <a style=\"color: #0000ff;\" href=\"#mo\">Skulpture \/ Skulpturen<\/a> \/\/ <a style=\"color: #0000ff;\" href=\"#ob\">Objekti \/ Objekte<\/a> \/\/ <a style=\"color: #0000ff;\" href=\"#td\">Utvrde\/ Festungen<\/a> \/\/ <a style=\"color: #0000ff;\" href=\"#tg\">Gra\u0111evine \/ Geb\u00e4ude<\/a> \/\/ &gt; <a style=\"color: #0000ff;\" href=\"#op\">Bunar i to\u010dka vode \/ Brunnen und Wasserstellen<\/a> \/\/\u00a0<a style=\"color: #0000ff;\" href=\"#tr\">Trimi \/ Trims<\/a> \/\/ <a style=\"color: #0000ff;\" href=\"#po\">Povijesne znamenitosti \/ historische Sehensw\u00fcrdigkeiten<\/a><\/span><\/h4>\n<p><a name=\"aa\"><\/a><\/p>\n<hr \/>\n<h2><strong><span style=\"color: #ff0000;\">Naselja \/ Siedlungen<\/span><\/strong><\/h2>\n<p><strong><a href=\"https:\/\/www.topohvar.at\/orte\/do\/do-aa-00-2\/\"><img loading=\"lazy\" decoding=\"async\" class=\"alignleft wp-image-1432\" src=\"https:\/\/www.topohvar.at\/wp-content\/uploads\/2018\/07\/DO-AA-01-1-1024x503.jpg\" alt=\"\" width=\"114\" height=\"56\" srcset=\"https:\/\/www.topohvar.at\/wp-content\/uploads\/2018\/07\/DO-AA-01-1-1024x503.jpg 1024w, https:\/\/www.topohvar.at\/wp-content\/uploads\/2018\/07\/DO-AA-01-1-300x147.jpg 300w, https:\/\/www.topohvar.at\/wp-content\/uploads\/2018\/07\/DO-AA-01-1-768x377.jpg 768w\" sizes=\"auto, (max-width: 114px) 100vw, 114px\" \/><\/a>Selo \u00bbDol\u00ab<br \/>\n<\/strong>DO-AA-00 \/ Naselja Dol<\/p>\n<p><strong><a href=\"https:\/\/www.topohvar.at\/orte\/do\/do-aa-01-2\/\"><img loading=\"lazy\" decoding=\"async\" class=\"alignleft wp-image-36949\" src=\"https:\/\/www.topohvar.at\/wp-content\/uploads\/2020\/05\/do-aa-01-5-300x147.jpg\" alt=\"\" width=\"114\" height=\"56\" srcset=\"https:\/\/www.topohvar.at\/wp-content\/uploads\/2020\/05\/do-aa-01-5-300x147.jpg 300w, https:\/\/www.topohvar.at\/wp-content\/uploads\/2020\/05\/do-aa-01-5.jpg 640w\" sizes=\"auto, (max-width: 114px) 100vw, 114px\" \/><\/a>Selo \u00bbSv. Marije\u00ab<br \/>\n<\/strong>DO-AA-01 \/ Dol &#8211; Sv. Marije<\/p>\n<p><strong><a href=\"https:\/\/www.topohvar.at\/orte\/do\/do-aa-02-2\/\"><img loading=\"lazy\" decoding=\"async\" class=\"alignleft wp-image-36940\" src=\"https:\/\/www.topohvar.at\/wp-content\/uploads\/2020\/05\/do-aa-02-7-300x147.jpg\" alt=\"\" width=\"114\" height=\"56\" srcset=\"https:\/\/www.topohvar.at\/wp-content\/uploads\/2020\/05\/do-aa-02-7-300x147.jpg 300w, https:\/\/www.topohvar.at\/wp-content\/uploads\/2020\/05\/do-aa-02-7.jpg 640w\" sizes=\"auto, (max-width: 114px) 100vw, 114px\" \/><\/a>Zaseok \u00bbSv. Mihovil (Glavica)\u00ab<br \/>\n<\/strong>DO-AA-02 \/ Dol &#8211; Sv. Mihovil<\/p>\n<p><strong><a href=\"https:\/\/www.topohvar.at\/orte\/do\/do-aa-03-2\/\"><img loading=\"lazy\" decoding=\"async\" class=\"alignleft wp-image-36942\" src=\"https:\/\/www.topohvar.at\/wp-content\/uploads\/2020\/05\/do-aa-01-7-300x147.jpg\" alt=\"\" width=\"114\" height=\"56\" srcset=\"https:\/\/www.topohvar.at\/wp-content\/uploads\/2020\/05\/do-aa-01-7-300x147.jpg 300w, https:\/\/www.topohvar.at\/wp-content\/uploads\/2020\/05\/do-aa-01-7.jpg 640w\" sizes=\"auto, (max-width: 114px) 100vw, 114px\" \/><\/a>Selo \u00bbSv. Ana\u00ab<br \/>\n<\/strong>DO-AA-03 \/ Dol &#8211; Sv. Ana<\/p>\n<p><strong><a href=\"https:\/\/www.topohvar.at\/orte\/do\/do-aa-04-2\/\"><img loading=\"lazy\" decoding=\"async\" class=\"alignleft wp-image-1442\" src=\"https:\/\/www.topohvar.at\/wp-content\/uploads\/2018\/07\/do-aa-04-1-1024x503.jpg\" alt=\"\" width=\"114\" height=\"56\" srcset=\"https:\/\/www.topohvar.at\/wp-content\/uploads\/2018\/07\/do-aa-04-1-1024x503.jpg 1024w, https:\/\/www.topohvar.at\/wp-content\/uploads\/2018\/07\/do-aa-04-1-300x147.jpg 300w, https:\/\/www.topohvar.at\/wp-content\/uploads\/2018\/07\/do-aa-04-1-768x377.jpg 768w\" sizes=\"auto, (max-width: 114px) 100vw, 114px\" \/><\/a>Biv\u0161i zaseok \u00bbBorovik\u00ab<br \/>\n<\/strong>DO-AA-04 \/ Dol, Borovik<\/p>\n<p><strong><a href=\"https:\/\/www.topohvar.at\/orte\/do\/do-ai-01-1\/\"><img loading=\"lazy\" decoding=\"async\" class=\"alignleft wp-image-46176\" src=\"https:\/\/www.topohvar.at\/wp-content\/uploads\/2021\/01\/do-ai-01.jpg\" alt=\"\" width=\"114\" height=\"56\" srcset=\"https:\/\/www.topohvar.at\/wp-content\/uploads\/2021\/01\/do-ai-01.jpg 1080w, https:\/\/www.topohvar.at\/wp-content\/uploads\/2021\/01\/do-ai-01-300x147.jpg 300w, https:\/\/www.topohvar.at\/wp-content\/uploads\/2021\/01\/do-ai-01-1024x503.jpg 1024w, https:\/\/www.topohvar.at\/wp-content\/uploads\/2021\/01\/do-ai-01-768x377.jpg 768w\" sizes=\"auto, (max-width: 114px) 100vw, 114px\" \/><\/a>Dol &#8211; Nazivi mjesta i podru\u010dja<br \/>\n<\/strong>DO-AI-01 \/ Dol<a name=\"ci\"><\/a><\/p>\n<p style=\"text-align: right;\"><span style=\"color: #3366ff;\"><a style=\"color: #3366ff;\" href=\"#seite_oben\">natrag na vrh \/ Seitenanfang<\/a><\/span><\/p>\n<hr \/>\n<h2><strong><span style=\"color: #ff0000;\">Crkve \/ Kirchen<\/span><\/strong><\/h2>\n<p><strong><a href=\"https:\/\/www.topohvar.at\/orte\/do\/do-ci-01-2\/\"><img loading=\"lazy\" decoding=\"async\" class=\"alignleft wp-image-1452\" src=\"https:\/\/www.topohvar.at\/wp-content\/uploads\/2018\/07\/do-ci-01-1-1024x503.jpg\" alt=\"\" width=\"114\" height=\"56\" srcset=\"https:\/\/www.topohvar.at\/wp-content\/uploads\/2018\/07\/do-ci-01-1-1024x503.jpg 1024w, https:\/\/www.topohvar.at\/wp-content\/uploads\/2018\/07\/do-ci-01-1-300x147.jpg 300w, https:\/\/www.topohvar.at\/wp-content\/uploads\/2018\/07\/do-ci-01-1-768x377.jpg 768w\" sizes=\"auto, (max-width: 114px) 100vw, 114px\" \/><\/a>\u017dupna crkva \u00bbSv. Mihovil Arkan\u0111elo\u00ab<br \/>\n<\/strong>DO-CI-01 \/ Dol &#8211; Sv. Mihovil<\/p>\n<p><strong style=\"font-size: 16px;\"><a href=\"https:\/\/www.topohvar.at\/orte\/do\/do-ci-02-2\/\"><img loading=\"lazy\" decoding=\"async\" class=\"alignleft wp-image-1461\" src=\"https:\/\/www.topohvar.at\/wp-content\/uploads\/2018\/07\/DO-CI-02-1-1024x503.jpg\" alt=\"\" width=\"114\" height=\"56\" srcset=\"https:\/\/www.topohvar.at\/wp-content\/uploads\/2018\/07\/DO-CI-02-1-1024x503.jpg 1024w, https:\/\/www.topohvar.at\/wp-content\/uploads\/2018\/07\/DO-CI-02-1-300x147.jpg 300w, https:\/\/www.topohvar.at\/wp-content\/uploads\/2018\/07\/DO-CI-02-1-768x377.jpg 768w\" sizes=\"auto, (max-width: 114px) 100vw, 114px\" \/><\/a><\/strong><\/p>\n<p><strong>Crkva \u00bbSv. Marije (Guospa od dvo luja, Gospa od sela)\u00ab<br \/>\n<\/strong>DO-CI-02 \/ Dol &#8211; Sv. Marije<\/p>\n<p><strong><a href=\"https:\/\/www.topohvar.at\/orte\/do\/do-ci-03-2\"><img loading=\"lazy\" decoding=\"async\" class=\"alignleft wp-image-31151\" src=\"https:\/\/www.topohvar.at\/wp-content\/uploads\/2020\/02\/do-ci-03-7.jpg\" alt=\"\" width=\"114\" height=\"56\" \/><\/a>Crkva \u00bbSv. Ane\u00ab<br \/>\n<\/strong>DO-CI-03 \/ Dol &#8211; Sv. Ane<\/p>\n<hr \/>\n<p><strong><a href=\"https:\/\/www.topohvar.at\/orte\/do\/do-ck-01-2\/\"><img loading=\"lazy\" decoding=\"async\" class=\"alignleft wp-image-1462\" src=\"https:\/\/www.topohvar.at\/wp-content\/uploads\/2018\/07\/DO-CK-01-1-1024x503.jpg\" alt=\"\" width=\"114\" height=\"56\" srcset=\"https:\/\/www.topohvar.at\/wp-content\/uploads\/2018\/07\/DO-CK-01-1-1024x503.jpg 1024w, https:\/\/www.topohvar.at\/wp-content\/uploads\/2018\/07\/DO-CK-01-1-300x147.jpg 300w, https:\/\/www.topohvar.at\/wp-content\/uploads\/2018\/07\/DO-CK-01-1-768x377.jpg 768w\" sizes=\"auto, (max-width: 114px) 100vw, 114px\" \/><\/a>Crkvica \u00bbSv. Roka (1)\u00ab<br \/>\n<\/strong>DO-CK-01 \/ Dol &#8211; Sv. Marije<\/p>\n<p><strong><a href=\"https:\/\/www.topohvar.at\/orte\/do\/do-ck-02-2\/\"><img loading=\"lazy\" decoding=\"async\" class=\"alignleft wp-image-1463\" src=\"https:\/\/www.topohvar.at\/wp-content\/uploads\/2018\/07\/DO-CK-02-1-1024x503.jpg\" alt=\"\" width=\"114\" height=\"56\" srcset=\"https:\/\/www.topohvar.at\/wp-content\/uploads\/2018\/07\/DO-CK-02-1-1024x503.jpg 1024w, https:\/\/www.topohvar.at\/wp-content\/uploads\/2018\/07\/DO-CK-02-1-300x147.jpg 300w, https:\/\/www.topohvar.at\/wp-content\/uploads\/2018\/07\/DO-CK-02-1-768x377.jpg 768w\" sizes=\"auto, (max-width: 114px) 100vw, 114px\" \/><\/a>Crkvica \u00bbSv. Roka (2)\u00ab<br \/>\n<\/strong>DO-CK-02 \/ Dol &#8211; Sv. Ane,\u00a0Vrankovi\u0107 dvor<\/p>\n<p><strong><a href=\"https:\/\/www.topohvar.at\/orte\/do\/do-ck-03-2\"><img loading=\"lazy\" decoding=\"async\" class=\"alignleft wp-image-36008\" src=\"https:\/\/www.topohvar.at\/wp-content\/uploads\/2020\/04\/do-ck-03-3-300x147.jpg\" alt=\"\" width=\"114\" height=\"56\" srcset=\"https:\/\/www.topohvar.at\/wp-content\/uploads\/2020\/04\/do-ck-03-3-300x147.jpg 300w, https:\/\/www.topohvar.at\/wp-content\/uploads\/2020\/04\/do-ck-03-3-1024x503.jpg 1024w, https:\/\/www.topohvar.at\/wp-content\/uploads\/2020\/04\/do-ck-03-3-768x377.jpg 768w, https:\/\/www.topohvar.at\/wp-content\/uploads\/2020\/04\/do-ck-03-3.jpg 1080w\" sizes=\"auto, (max-width: 114px) 100vw, 114px\" \/><\/a>Ostaci crkve \u00bbSv. Dujmo\u00ab<br \/>\n<\/strong>DO-CK-03 \/ Dol &#8211; Sv. Ane<a name=\"cp\"><\/a><\/p>\n<p style=\"text-align: right;\"><span style=\"color: #3366ff;\"><a style=\"color: #3366ff;\" href=\"#seite_oben\">natrag na vrh \/ Seitenanfang<\/a><\/span><\/p>\n<hr \/>\n<h2><strong><span style=\"color: #ff0000;\">Kapele \/Kapellen<\/span><\/strong><\/h2>\n<p><strong><a href=\"https:\/\/www.topohvar.at\/orte\/do\/do-cp-01-2\/\"><img loading=\"lazy\" decoding=\"async\" class=\"alignleft wp-image-1525\" src=\"https:\/\/www.topohvar.at\/wp-content\/uploads\/2018\/07\/DO-CP-01-1-1024x503.jpg\" alt=\"\" width=\"114\" height=\"56\" srcset=\"https:\/\/www.topohvar.at\/wp-content\/uploads\/2018\/07\/DO-CP-01-1-1024x503.jpg 1024w, https:\/\/www.topohvar.at\/wp-content\/uploads\/2018\/07\/DO-CP-01-1-300x147.jpg 300w, https:\/\/www.topohvar.at\/wp-content\/uploads\/2018\/07\/DO-CP-01-1-768x377.jpg 768w\" sizes=\"auto, (max-width: 114px) 100vw, 114px\" \/><\/a>Kapela \u00bbSv. Srca Isusova\u00ab<br \/>\n<\/strong>DO-CP-01 \/ Dol &#8211; Sv. Marije, sjeverno od mjesta<\/p>\n<p><strong><a href=\"https:\/\/www.topohvar.at\/orte\/do\/do-cp-02-2\/\"><img loading=\"lazy\" decoding=\"async\" class=\"alignleft wp-image-1537\" src=\"https:\/\/www.topohvar.at\/wp-content\/uploads\/2018\/07\/DO-CP-02-1-1024x503.jpg\" alt=\"\" width=\"114\" height=\"56\" srcset=\"https:\/\/www.topohvar.at\/wp-content\/uploads\/2018\/07\/DO-CP-02-1-1024x503.jpg 1024w, https:\/\/www.topohvar.at\/wp-content\/uploads\/2018\/07\/DO-CP-02-1-300x147.jpg 300w, https:\/\/www.topohvar.at\/wp-content\/uploads\/2018\/07\/DO-CP-02-1-768x377.jpg 768w\" sizes=\"auto, (max-width: 114px) 100vw, 114px\" \/><\/a>Kapela \u00bbSv. Josipa\u00ab<br \/>\n<\/strong>DO-CP-02 \/ Dol &#8211; Sv. Ane<a name=\"cs\"><\/a><\/p>\n<p style=\"text-align: right;\"><span style=\"color: #3366ff;\"><a style=\"color: #3366ff;\" href=\"#seite_oben\">natrag na vrh \/ Seitenanfang<\/a><\/span><\/p>\n<hr \/>\n<h2><strong><span style=\"color: #ff0000;\">Kapelice \/Bildst\u00f6cke<\/span><\/strong><\/h2>\n<p><strong><a href=\"https:\/\/www.topohvar.at\/orte\/do\/do-cs-01-2\/\"><img loading=\"lazy\" decoding=\"async\" class=\"alignleft wp-image-1545\" src=\"https:\/\/www.topohvar.at\/wp-content\/uploads\/2018\/07\/DO-CS-01-1-1024x503.jpg\" alt=\"\" width=\"114\" height=\"56\" srcset=\"https:\/\/www.topohvar.at\/wp-content\/uploads\/2018\/07\/DO-CS-01-1-1024x503.jpg 1024w, https:\/\/www.topohvar.at\/wp-content\/uploads\/2018\/07\/DO-CS-01-1-300x147.jpg 300w, https:\/\/www.topohvar.at\/wp-content\/uploads\/2018\/07\/DO-CS-01-1-768x377.jpg 768w\" sizes=\"auto, (max-width: 114px) 100vw, 114px\" \/><\/a>Kapelica \u00bbSpomenik jednoj od \u017ertava paljenja Dola\u00ab<br \/>\n<\/strong>DO-CS-01 \/ Dol &#8211; Sv. Ane, u blizini raskri\u017eja<\/p>\n<p><strong><a href=\"https:\/\/www.topohvar.at\/orte\/do\/do-cs-05-2\/\"><img loading=\"lazy\" decoding=\"async\" class=\"alignleft wp-image-1549\" src=\"https:\/\/www.topohvar.at\/wp-content\/uploads\/2018\/07\/DO-CS-05-1-1024x503.jpg\" alt=\"\" width=\"114\" height=\"56\" srcset=\"https:\/\/www.topohvar.at\/wp-content\/uploads\/2018\/07\/DO-CS-05-1-1024x503.jpg 1024w, https:\/\/www.topohvar.at\/wp-content\/uploads\/2018\/07\/DO-CS-05-1-300x147.jpg 300w, https:\/\/www.topohvar.at\/wp-content\/uploads\/2018\/07\/DO-CS-05-1-768x377.jpg 768w\" sizes=\"auto, (max-width: 114px) 100vw, 114px\" \/><\/a>Kapelica \u00bb\u0160imona Kun\u010di\u0107a\u00ab<br \/>\n<\/strong>DO-CS-05 \/ Dol &#8211; Sv. Ane<\/p>\n<p><strong><a href=\"https:\/\/www.topohvar.at\/orte\/do\/do-cs-14-2\/\"><img loading=\"lazy\" decoding=\"async\" class=\"alignleft wp-image-1558\" src=\"https:\/\/www.topohvar.at\/wp-content\/uploads\/2018\/07\/do-cs-14-1-1024x503.jpg\" alt=\"\" width=\"114\" height=\"56\" srcset=\"https:\/\/www.topohvar.at\/wp-content\/uploads\/2018\/07\/do-cs-14-1-1024x503.jpg 1024w, https:\/\/www.topohvar.at\/wp-content\/uploads\/2018\/07\/do-cs-14-1-300x147.jpg 300w, https:\/\/www.topohvar.at\/wp-content\/uploads\/2018\/07\/do-cs-14-1-768x377.jpg 768w\" sizes=\"auto, (max-width: 114px) 100vw, 114px\" \/><\/a>Kapelica \u00bbs reljefnom plo\u010dom\u00ab<br \/>\n<\/strong>DO-CS-14 \/ Dol &#8211; Sv. Ane, Vrankovi\u0107a Dvor 4<\/p>\n<p><strong><a href=\"https:\/\/www.topohvar.at\/orte\/do\/do-cs-03-2\/\"><img loading=\"lazy\" decoding=\"async\" class=\"alignleft wp-image-1547\" src=\"https:\/\/www.topohvar.at\/wp-content\/uploads\/2018\/07\/DO-CS-03-1-1024x503.jpg\" alt=\"\" width=\"114\" height=\"56\" srcset=\"https:\/\/www.topohvar.at\/wp-content\/uploads\/2018\/07\/DO-CS-03-1-1024x503.jpg 1024w, https:\/\/www.topohvar.at\/wp-content\/uploads\/2018\/07\/DO-CS-03-1-300x147.jpg 300w, https:\/\/www.topohvar.at\/wp-content\/uploads\/2018\/07\/DO-CS-03-1-768x377.jpg 768w\" sizes=\"auto, (max-width: 114px) 100vw, 114px\" \/><\/a>Kapelica \u00bbna vratima Glavica 7\u00ab<br \/>\n<\/strong>DO-CS-03 \/ Dol &#8211; Sv. Mihovil, Glavica 7<\/p>\n<p><strong><a href=\"https:\/\/www.topohvar.at\/orte\/do\/do-cs-07-2\/\"><img loading=\"lazy\" decoding=\"async\" class=\"alignleft wp-image-1551\" src=\"https:\/\/www.topohvar.at\/wp-content\/uploads\/2018\/07\/do-cs-07-1-1024x503.jpg\" alt=\"\" width=\"114\" height=\"56\" srcset=\"https:\/\/www.topohvar.at\/wp-content\/uploads\/2018\/07\/do-cs-07-1-1024x503.jpg 1024w, https:\/\/www.topohvar.at\/wp-content\/uploads\/2018\/07\/do-cs-07-1-300x147.jpg 300w, https:\/\/www.topohvar.at\/wp-content\/uploads\/2018\/07\/do-cs-07-1-768x377.jpg 768w\" sizes=\"auto, (max-width: 114px) 100vw, 114px\" \/><\/a>Kapelica-kip \u00bbDjevice Marije\u00ab<br \/>\n<\/strong>DO-CS-07 \/ Dol &#8211; Sv. Mihovil, Parohija<\/p>\n<p><strong><a href=\"https:\/\/www.topohvar.at\/orte\/do\/do-cs-08-2\/\"><img loading=\"lazy\" decoding=\"async\" class=\"alignleft wp-image-1552\" src=\"https:\/\/www.topohvar.at\/wp-content\/uploads\/2018\/07\/do-cs-08-1-1024x503.jpg\" alt=\"\" width=\"114\" height=\"56\" srcset=\"https:\/\/www.topohvar.at\/wp-content\/uploads\/2018\/07\/do-cs-08-1-1024x503.jpg 1024w, https:\/\/www.topohvar.at\/wp-content\/uploads\/2018\/07\/do-cs-08-1-300x147.jpg 300w, https:\/\/www.topohvar.at\/wp-content\/uploads\/2018\/07\/do-cs-08-1-768x377.jpg 768w\" sizes=\"auto, (max-width: 114px) 100vw, 114px\" \/><\/a>Kapelica \u00bbSv. Ante (1)\u00ab<br \/>\n<\/strong>DO-CS-08 \/ Dol &#8211; Sv. Mihovil, Gojava 1<\/p>\n<p><strong><a href=\"https:\/\/www.topohvar.at\/orte\/do\/do-cs-09-2\/\"><img loading=\"lazy\" decoding=\"async\" class=\"alignleft wp-image-1553\" src=\"https:\/\/www.topohvar.at\/wp-content\/uploads\/2018\/07\/do-cs-09-1-1024x503.jpg\" alt=\"\" width=\"114\" height=\"56\" srcset=\"https:\/\/www.topohvar.at\/wp-content\/uploads\/2018\/07\/do-cs-09-1-1024x503.jpg 1024w, https:\/\/www.topohvar.at\/wp-content\/uploads\/2018\/07\/do-cs-09-1-300x147.jpg 300w, https:\/\/www.topohvar.at\/wp-content\/uploads\/2018\/07\/do-cs-09-1-768x377.jpg 768w\" sizes=\"auto, (max-width: 114px) 100vw, 114px\" \/><\/a>Kapelica \u00bbSv. Ante (2)\u00ab<br \/>\n<\/strong>DO-CS-09 \/ Dol &#8211; Sv. Mihovil, Gojava 20<\/p>\n<p><strong><a href=\"https:\/\/www.topohvar.at\/orte\/do\/do-cs-10-2\/\"><img loading=\"lazy\" decoding=\"async\" class=\"alignleft wp-image-1554\" src=\"https:\/\/www.topohvar.at\/wp-content\/uploads\/2018\/07\/do-cs-10-1-1024x503.jpg\" alt=\"\" width=\"114\" height=\"56\" srcset=\"https:\/\/www.topohvar.at\/wp-content\/uploads\/2018\/07\/do-cs-10-1-1024x503.jpg 1024w, https:\/\/www.topohvar.at\/wp-content\/uploads\/2018\/07\/do-cs-10-1-300x147.jpg 300w, https:\/\/www.topohvar.at\/wp-content\/uploads\/2018\/07\/do-cs-10-1-768x377.jpg 768w\" sizes=\"auto, (max-width: 114px) 100vw, 114px\" \/><\/a>Kapelica \u00bbGospe od Zdravlja\u00ab<br \/>\n<\/strong>DO-CS-10 \/ Dol &#8211; Sv. Mihovil, Pod Jugu 10<\/p>\n<p><strong><a href=\"https:\/\/www.topohvar.at\/orte\/do\/do-cs-02-2\/\"><img loading=\"lazy\" decoding=\"async\" class=\"alignleft wp-image-1546\" src=\"https:\/\/www.topohvar.at\/wp-content\/uploads\/2018\/07\/DO-CS-02-1-1024x503.jpg\" alt=\"\" width=\"114\" height=\"56\" srcset=\"https:\/\/www.topohvar.at\/wp-content\/uploads\/2018\/07\/DO-CS-02-1-1024x503.jpg 1024w, https:\/\/www.topohvar.at\/wp-content\/uploads\/2018\/07\/DO-CS-02-1-300x147.jpg 300w, https:\/\/www.topohvar.at\/wp-content\/uploads\/2018\/07\/DO-CS-02-1-768x377.jpg 768w\" sizes=\"auto, (max-width: 114px) 100vw, 114px\" \/><\/a>Kapelica \u00bbNa vratima Pod Jugo 11\u00ab<br \/>\n<\/strong>DO-CS-02 \/ Dol &#8211; Sv. Mihovil,\u00a0Pod Jugo 11<\/p>\n<p><strong><a href=\"https:\/\/www.topohvar.at\/orte\/do\/do-cs-04-2\/\"><img loading=\"lazy\" decoding=\"async\" class=\"alignleft wp-image-1548\" src=\"https:\/\/www.topohvar.at\/wp-content\/uploads\/2018\/07\/DO-CS-04-1-1024x503.jpg\" alt=\"\" width=\"114\" height=\"56\" srcset=\"https:\/\/www.topohvar.at\/wp-content\/uploads\/2018\/07\/DO-CS-04-1-1024x503.jpg 1024w, https:\/\/www.topohvar.at\/wp-content\/uploads\/2018\/07\/DO-CS-04-1-300x147.jpg 300w, https:\/\/www.topohvar.at\/wp-content\/uploads\/2018\/07\/DO-CS-04-1-768x377.jpg 768w\" sizes=\"auto, (max-width: 114px) 100vw, 114px\" \/><\/a>Kapelica \u00bbSv. Roka s kri\u017eom\u00ab<br \/>\n<\/strong>DO-CS-04 \/\u00a0 Dol &#8211; Sv. Marije<\/p>\n<p><strong><a href=\"https:\/\/www.topohvar.at\/orte\/do\/do-cs-11-2\/\"><img loading=\"lazy\" decoding=\"async\" class=\"alignleft wp-image-1555\" src=\"https:\/\/www.topohvar.at\/wp-content\/uploads\/2018\/07\/do-cs-11-1-1024x503.jpg\" alt=\"\" width=\"114\" height=\"56\" srcset=\"https:\/\/www.topohvar.at\/wp-content\/uploads\/2018\/07\/do-cs-11-1-1024x503.jpg 1024w, https:\/\/www.topohvar.at\/wp-content\/uploads\/2018\/07\/do-cs-11-1-300x147.jpg 300w, https:\/\/www.topohvar.at\/wp-content\/uploads\/2018\/07\/do-cs-11-1-768x377.jpg 768w\" sizes=\"auto, (max-width: 114px) 100vw, 114px\" \/><\/a>Kapelica \u00bbSv. Marije\u00ab<br \/>\n<\/strong>DO-CS-11 \/ Dol &#8211; Sv. Marije, Star\u010di\u0107a Dvor 13<\/p>\n<p><strong><a href=\"https:\/\/www.topohvar.at\/orte\/do\/do-cs-12-2\/\"><img loading=\"lazy\" decoding=\"async\" class=\"alignleft wp-image-1556\" src=\"https:\/\/www.topohvar.at\/wp-content\/uploads\/2018\/07\/do-cs-12-1-1024x503.jpg\" alt=\"\" width=\"114\" height=\"56\" srcset=\"https:\/\/www.topohvar.at\/wp-content\/uploads\/2018\/07\/do-cs-12-1-1024x503.jpg 1024w, https:\/\/www.topohvar.at\/wp-content\/uploads\/2018\/07\/do-cs-12-1-300x147.jpg 300w, https:\/\/www.topohvar.at\/wp-content\/uploads\/2018\/07\/do-cs-12-1-768x377.jpg 768w\" sizes=\"auto, (max-width: 114px) 100vw, 114px\" \/><\/a>Kapelica \u00bbSv. Antune (1)\u00ab<br \/>\n<\/strong>DO-CS-12 \/ Dol &#8211; Sv. Marije, Sansovi\u0107a Dvor 10<\/p>\n<p><strong><a href=\"https:\/\/www.topohvar.at\/orte\/do\/do-cs-06-2\/\"><img loading=\"lazy\" decoding=\"async\" class=\"alignleft wp-image-1550\" src=\"https:\/\/www.topohvar.at\/wp-content\/uploads\/2018\/07\/DO-CS-06-1-1024x503.jpg\" alt=\"\" width=\"114\" height=\"56\" srcset=\"https:\/\/www.topohvar.at\/wp-content\/uploads\/2018\/07\/DO-CS-06-1-1024x503.jpg 1024w, https:\/\/www.topohvar.at\/wp-content\/uploads\/2018\/07\/DO-CS-06-1-300x147.jpg 300w, https:\/\/www.topohvar.at\/wp-content\/uploads\/2018\/07\/DO-CS-06-1-768x377.jpg 768w\" sizes=\"auto, (max-width: 114px) 100vw, 114px\" \/><\/a>Kapelica \u00bbFrane \u0160urjak\u00ab<br \/>\n<\/strong>DO-CS-06 \/ Dol &#8211; Sv. Marije, Sansovi\u0107a Dvor 11<\/p>\n<p><strong><a href=\"https:\/\/www.topohvar.at\/orte\/do\/do-cs-13-2\/\"><img loading=\"lazy\" decoding=\"async\" class=\"alignleft wp-image-1557\" src=\"https:\/\/www.topohvar.at\/wp-content\/uploads\/2018\/07\/do-cs-13-1-1024x503.jpg\" alt=\"\" width=\"114\" height=\"56\" srcset=\"https:\/\/www.topohvar.at\/wp-content\/uploads\/2018\/07\/do-cs-13-1-1024x503.jpg 1024w, https:\/\/www.topohvar.at\/wp-content\/uploads\/2018\/07\/do-cs-13-1-300x147.jpg 300w, https:\/\/www.topohvar.at\/wp-content\/uploads\/2018\/07\/do-cs-13-1-768x377.jpg 768w\" sizes=\"auto, (max-width: 114px) 100vw, 114px\" \/><\/a>Kapelica \u00bbSv. Antune (2)\u00ab<br \/>\n<\/strong>DO-CS-13 \/ Dol &#8211; Sv. Marije<\/p>\n<p><strong><a href=\"https:\/\/www.topohvar.at\/orte\/do\/do-cs-15-1\/\"><img loading=\"lazy\" decoding=\"async\" class=\"alignleft wp-image-31047\" src=\"https:\/\/www.topohvar.at\/wp-content\/uploads\/2020\/02\/do-cs-15-1-300x147.jpg\" alt=\"\" width=\"114\" height=\"56\" srcset=\"https:\/\/www.topohvar.at\/wp-content\/uploads\/2020\/02\/do-cs-15-1-300x147.jpg 300w, https:\/\/www.topohvar.at\/wp-content\/uploads\/2020\/02\/do-cs-15-1-768x377.jpg 768w, https:\/\/www.topohvar.at\/wp-content\/uploads\/2020\/02\/do-cs-15-1-1024x503.jpg 1024w, https:\/\/www.topohvar.at\/wp-content\/uploads\/2020\/02\/do-cs-15-1.jpg 1080w\" sizes=\"auto, (max-width: 114px) 100vw, 114px\" \/><\/a>Kapelica \u00bbRoi\u0107\u00ab<br \/>\n<\/strong>DO-CS-15 \/ Dol &#8211; ?<a name=\"cz\"><\/a><\/p>\n<p style=\"text-align: right;\"><span style=\"color: #3366ff;\"><a style=\"color: #3366ff;\" href=\"#seite_oben\">natrag na vrh \/ Seitenanfang<\/a><\/span><\/p>\n<hr \/>\n<h2><strong><span style=\"color: #ff0000;\">Kri\u017eevi \/ Kreuze<\/span><\/strong><\/h2>\n<p><strong><a href=\"https:\/\/www.topohvar.at\/orte\/do\/do-cz-03-2\/\"><img loading=\"lazy\" decoding=\"async\" class=\"alignleft wp-image-1557\" src=\"https:\/\/www.topohvar.at\/wp-content\/uploads\/2018\/07\/do-cz-03-1-1024x503.jpg\" alt=\"\" width=\"114\" height=\"56\" \/><\/a>Kri\u017e \u00bbKri\u017e na zidu\u00ab<br \/>\n<\/strong>DO-CZ-03 \/ Dol &#8211; Sv. Marije<\/p>\n<p><a href=\"https:\/\/www.topohvar.at\/orte\/do\/do-cz-01-2\/\"><img loading=\"lazy\" decoding=\"async\" class=\"alignleft wp-image-1706\" src=\"https:\/\/www.topohvar.at\/wp-content\/uploads\/2018\/07\/DO-CZ-01-1-1024x503.jpg\" alt=\"\" width=\"114\" height=\"56\" srcset=\"https:\/\/www.topohvar.at\/wp-content\/uploads\/2018\/07\/DO-CZ-01-1-1024x503.jpg 1024w, https:\/\/www.topohvar.at\/wp-content\/uploads\/2018\/07\/DO-CZ-01-1-300x147.jpg 300w, https:\/\/www.topohvar.at\/wp-content\/uploads\/2018\/07\/DO-CZ-01-1-768x377.jpg 768w\" sizes=\"auto, (max-width: 114px) 100vw, 114px\" \/><\/a><strong>Kri\u017e \u00bbmali kameni Kri\u017e\u00ab<br \/>\n<\/strong>DO-CZ-01 \/ Dol &#8211; Sv. Marije, Stagnu do Kri\u017ea<\/p>\n<p><strong><a href=\"https:\/\/www.topohvar.at\/orte\/do\/do-cz-02-2\/\"><img loading=\"lazy\" decoding=\"async\" class=\"alignleft wp-image-1707\" src=\"https:\/\/www.topohvar.at\/wp-content\/uploads\/2018\/07\/do-cz-02-1-1024x503.jpg\" alt=\"\" width=\"114\" height=\"56\" srcset=\"https:\/\/www.topohvar.at\/wp-content\/uploads\/2018\/07\/do-cz-02-1-1024x503.jpg 1024w, https:\/\/www.topohvar.at\/wp-content\/uploads\/2018\/07\/do-cz-02-1-300x147.jpg 300w, https:\/\/www.topohvar.at\/wp-content\/uploads\/2018\/07\/do-cz-02-1-768x377.jpg 768w\" sizes=\"auto, (max-width: 114px) 100vw, 114px\" \/><\/a>Kri\u017e \u00bbmali Kri\u017e na vratima\u00ab<br \/>\n<\/strong>DO-CZ-02 \/ Dol &#8211; Sv. Ana, Cari\u0107a Dvor 2<a name=\"in\"><\/a><\/p>\n<p style=\"text-align: right;\"><span style=\"color: #3366ff;\"><a style=\"color: #3366ff;\" href=\"#seite_oben\">natrag na vrh \/ Seitenanfang<\/a><\/span><\/p>\n<hr \/>\n<h2><strong><span style=\"color: #ff0000;\">Natpisi\/ Inschriften<\/span><\/strong><\/h2>\n<p><strong><a href=\"https:\/\/www.topohvar.at\/orte\/do\/do-in-01-2\/\"><img loading=\"lazy\" decoding=\"async\" class=\"alignleft wp-image-1733\" src=\"https:\/\/www.topohvar.at\/wp-content\/uploads\/2018\/07\/do-in-01-1-1024x503.jpg\" alt=\"\" width=\"114\" height=\"56\" srcset=\"https:\/\/www.topohvar.at\/wp-content\/uploads\/2018\/07\/do-in-01-1-1024x503.jpg 1024w, https:\/\/www.topohvar.at\/wp-content\/uploads\/2018\/07\/do-in-01-1-300x147.jpg 300w, https:\/\/www.topohvar.at\/wp-content\/uploads\/2018\/07\/do-in-01-1-768x377.jpg 768w\" sizes=\"auto, (max-width: 114px) 100vw, 114px\" \/><\/a>Natpis \u00bbna nadvratniku\u00ab<br \/>\n<\/strong>DO-IN-01 \/ Dol &#8211; Sv. Marije, crkva sv. Marija<\/p>\n<p><strong><a href=\"https:\/\/www.topohvar.at\/orte\/do\/do-in-02-2\/\"><img loading=\"lazy\" decoding=\"async\" class=\"alignleft wp-image-1743\" src=\"https:\/\/www.topohvar.at\/wp-content\/uploads\/2018\/07\/do-is-04-1-1024x503.jpg\" alt=\"\" width=\"114\" height=\"56\" srcset=\"https:\/\/www.topohvar.at\/wp-content\/uploads\/2018\/07\/do-is-04-1-1024x503.jpg 1024w, https:\/\/www.topohvar.at\/wp-content\/uploads\/2018\/07\/do-is-04-1-300x147.jpg 300w, https:\/\/www.topohvar.at\/wp-content\/uploads\/2018\/07\/do-is-04-1-768x377.jpg 768w\" sizes=\"auto, (max-width: 114px) 100vw, 114px\" \/><\/a>Natpis \u00bbna crkvicu Sv. Roka\u00ab<br \/>\n<\/strong>DO-IN-02 \/ Dol &#8211; Sv. Ane, crkvica Sv. Roko<a name=\"ip\"><\/a><\/p>\n<p style=\"text-align: right;\"><span style=\"color: #3366ff;\"><a style=\"color: #3366ff;\" href=\"#seite_oben\">natrag na vrh \/ Seitenanfang<\/a><\/span><\/p>\n<hr \/>\n<h2><strong><span style=\"color: #ff0000;\">Plo\u010de \/ Tafeln<\/span><\/strong><\/h2>\n<p><strong><a href=\"https:\/\/www.topohvar.at\/orte\/do\/do-ip-01-2\/\"><img loading=\"lazy\" decoding=\"async\" class=\"alignleft wp-image-1737\" src=\"https:\/\/www.topohvar.at\/wp-content\/uploads\/2018\/07\/DO-IP-01-1-1024x503.jpg\" alt=\"\" width=\"114\" height=\"56\" srcset=\"https:\/\/www.topohvar.at\/wp-content\/uploads\/2018\/07\/DO-IP-01-1-1024x503.jpg 1024w, https:\/\/www.topohvar.at\/wp-content\/uploads\/2018\/07\/DO-IP-01-1-300x147.jpg 300w, https:\/\/www.topohvar.at\/wp-content\/uploads\/2018\/07\/DO-IP-01-1-768x377.jpg 768w\" sizes=\"auto, (max-width: 114px) 100vw, 114px\" \/><\/a>Informativna plo\u010da \u00bbStara kamena informativna plo\u010da\u00ab<br \/>\n<\/strong>DO-IP-01 \/ Dol &#8211;\u00a0Sv. Marije<\/p>\n<p><strong><a href=\"https:\/\/www.topohvar.at\/orte\/do\/do-ip-02-2\/\"><img loading=\"lazy\" decoding=\"async\" class=\"alignleft wp-image-1738\" src=\"https:\/\/www.topohvar.at\/wp-content\/uploads\/2018\/07\/DO-IP-02-1-1024x503.jpg\" alt=\"\" width=\"114\" height=\"56\" srcset=\"https:\/\/www.topohvar.at\/wp-content\/uploads\/2018\/07\/DO-IP-02-1-1024x503.jpg 1024w, https:\/\/www.topohvar.at\/wp-content\/uploads\/2018\/07\/DO-IP-02-1-300x147.jpg 300w, https:\/\/www.topohvar.at\/wp-content\/uploads\/2018\/07\/DO-IP-02-1-768x377.jpg 768w\" sizes=\"auto, (max-width: 114px) 100vw, 114px\" \/><\/a>Informativna plo\u010da \u00bbPutokaz\u00ab<br \/>\n<\/strong>DO-IP-02 \/ Dol &#8211;\u00a0Sv. Marije, u blizini raskri\u017eja za Dol sv. Marije<\/p>\n<p><strong><a href=\"https:\/\/www.topohvar.at\/orte\/do\/do-ip-03-2\/\"><img loading=\"lazy\" decoding=\"async\" class=\"alignleft wp-image-1739\" src=\"https:\/\/www.topohvar.at\/wp-content\/uploads\/2018\/07\/DO-IP-03-1-1024x503.jpg\" alt=\"\" width=\"114\" height=\"56\" srcset=\"https:\/\/www.topohvar.at\/wp-content\/uploads\/2018\/07\/DO-IP-03-1-1024x503.jpg 1024w, https:\/\/www.topohvar.at\/wp-content\/uploads\/2018\/07\/DO-IP-03-1-300x147.jpg 300w, https:\/\/www.topohvar.at\/wp-content\/uploads\/2018\/07\/DO-IP-03-1-768x377.jpg 768w\" sizes=\"auto, (max-width: 114px) 100vw, 114px\" \/><\/a>Informativna plo\u010da \u00bbGlorijin put\u00ab<br \/>\n<\/strong>DO-IP-03\/ Dol &#8211; Sv. Marije, Polje, Glorijin put<\/p>\n<p><strong><a href=\"https:\/\/www.topohvar.at\/orte\/do\/do-ip-04-2\/\"><img loading=\"lazy\" decoding=\"async\" class=\"alignleft wp-image-2989\" src=\"https:\/\/www.topohvar.at\/wp-content\/uploads\/2018\/08\/DO-IP-04-1-1024x503.jpg\" alt=\"\" width=\"114\" height=\"56\" srcset=\"https:\/\/www.topohvar.at\/wp-content\/uploads\/2018\/08\/DO-IP-04-1-1024x503.jpg 1024w, https:\/\/www.topohvar.at\/wp-content\/uploads\/2018\/08\/DO-IP-04-1-300x147.jpg 300w, https:\/\/www.topohvar.at\/wp-content\/uploads\/2018\/08\/DO-IP-04-1-768x377.jpg 768w\" sizes=\"auto, (max-width: 114px) 100vw, 114px\" \/><\/a>Informativna plo\u010da \u00bbPurkin kuk\u00ab<br \/>\n<\/strong>DO-IP-04\/ Dol &#8211; Sv. Marije, Purkin kuk<\/p>\n<hr \/>\n<p><strong><a href=\"https:\/\/www.topohvar.at\/orte\/do\/do-is-01-2\/\"><img loading=\"lazy\" decoding=\"async\" class=\"wp-image-1740 alignleft\" src=\"https:\/\/www.topohvar.at\/wp-content\/uploads\/2018\/07\/do-is-01-1-1024x503.jpg\" alt=\"\" width=\"114\" height=\"56\" srcset=\"https:\/\/www.topohvar.at\/wp-content\/uploads\/2018\/07\/do-is-01-1-1024x503.jpg 1024w, https:\/\/www.topohvar.at\/wp-content\/uploads\/2018\/07\/do-is-01-1-300x147.jpg 300w, https:\/\/www.topohvar.at\/wp-content\/uploads\/2018\/07\/do-is-01-1-768x377.jpg 768w\" sizes=\"auto, (max-width: 114px) 100vw, 114px\" \/><\/a>Spomen plo\u010da \u00bbna crkvu sv. Marije\u00ab<br \/>\n<\/strong>DO-IS-01 \/ Dol &#8211; Sv. Marije, crkva sv. Marija<\/p>\n<p><strong><a href=\"https:\/\/www.topohvar.at\/orte\/do\/do-is-02-2\/\"><img loading=\"lazy\" decoding=\"async\" class=\"alignleft wp-image-1741\" src=\"https:\/\/www.topohvar.at\/wp-content\/uploads\/2018\/07\/do-is-02-1-1024x503.jpg\" alt=\"\" width=\"114\" height=\"56\" srcset=\"https:\/\/www.topohvar.at\/wp-content\/uploads\/2018\/07\/do-is-02-1-1024x503.jpg 1024w, https:\/\/www.topohvar.at\/wp-content\/uploads\/2018\/07\/do-is-02-1-300x147.jpg 300w, https:\/\/www.topohvar.at\/wp-content\/uploads\/2018\/07\/do-is-02-1-768x377.jpg 768w\" sizes=\"auto, (max-width: 114px) 100vw, 114px\" \/><\/a>Spomen plo\u010da \u00bb Petra Kun\u010di\u0107a\u00ab<br \/>\n<\/strong>DO-IS-02 \/ Dol &#8211; Sv. Marije, Sansovi\u0107a Dvor 20<\/p>\n<p><strong><a href=\"https:\/\/www.topohvar.at\/orte\/do\/do-is-06-2\/\"><img loading=\"lazy\" decoding=\"async\" class=\"alignleft wp-image-1810\" src=\"https:\/\/www.topohvar.at\/wp-content\/uploads\/2018\/07\/do-ir-01-1-1024x503.jpg\" alt=\"\" width=\"114\" height=\"56\" srcset=\"https:\/\/www.topohvar.at\/wp-content\/uploads\/2018\/07\/do-ir-01-1-1024x503.jpg 1024w, https:\/\/www.topohvar.at\/wp-content\/uploads\/2018\/07\/do-ir-01-1-300x147.jpg 300w, https:\/\/www.topohvar.at\/wp-content\/uploads\/2018\/07\/do-ir-01-1-768x377.jpg 768w\" sizes=\"auto, (max-width: 114px) 100vw, 114px\" \/><\/a>Plo\u010da \u00bbHvala\u00ab<br \/>\n<\/strong>DO-IS-06\/ Dol &#8211; Sv. Marije, Sansovi\u0107a Dvor 39<\/p>\n<p><strong><a href=\"https:\/\/www.topohvar.at\/orte\/do\/do-is-03-2\/\"><img loading=\"lazy\" decoding=\"async\" class=\"alignleft wp-image-1742\" src=\"https:\/\/www.topohvar.at\/wp-content\/uploads\/2018\/07\/do-is-03-1-1024x503.jpg\" alt=\"\" width=\"114\" height=\"56\" srcset=\"https:\/\/www.topohvar.at\/wp-content\/uploads\/2018\/07\/do-is-03-1-1024x503.jpg 1024w, https:\/\/www.topohvar.at\/wp-content\/uploads\/2018\/07\/do-is-03-1-300x147.jpg 300w, https:\/\/www.topohvar.at\/wp-content\/uploads\/2018\/07\/do-is-03-1-768x377.jpg 768w\" sizes=\"auto, (max-width: 114px) 100vw, 114px\" \/><\/a>Spomen plo\u010da \u00bbna crkvu Sv. Mihovila\u00ab<br \/>\n<\/strong>DO-IS-03 \/ Dol &#8211; Sv. Mihovil, crkva Sv. Mihovil Arkan\u0111elo<\/p>\n<p><strong><a href=\"https:\/\/www.topohvar.at\/orte\/do\/do-is-05-2\/\"><img loading=\"lazy\" decoding=\"async\" class=\"alignleft wp-image-1744\" src=\"https:\/\/www.topohvar.at\/wp-content\/uploads\/2018\/07\/do-is-05-1-1024x510.jpg\" alt=\"\" width=\"113\" height=\"56\" srcset=\"https:\/\/www.topohvar.at\/wp-content\/uploads\/2018\/07\/do-is-05-1-1024x510.jpg 1024w, https:\/\/www.topohvar.at\/wp-content\/uploads\/2018\/07\/do-is-05-1-300x149.jpg 300w, https:\/\/www.topohvar.at\/wp-content\/uploads\/2018\/07\/do-is-05-1-768x382.jpg 768w\" sizes=\"auto, (max-width: 113px) 100vw, 113px\" \/><\/a>Spomen plo\u010da \u00bbMihovil Roji\u0107\u00ab<br \/>\n<\/strong>DO-IS-05\/ Dol &#8211; Sv. Marije, kapela Sv. Srca Isusova<a name=\"ir\"><\/a><\/p>\n<p style=\"text-align: right;\"><span style=\"color: #3366ff;\"><a style=\"color: #3366ff;\" href=\"#seite_oben\">natrag na vrh \/ Seitenanfang<\/a><\/span><\/p>\n<hr \/>\n<h2><strong><span style=\"color: #ff0000;\">Reljefi \/ Reliefs<\/span><\/strong><\/h2>\n<p><strong><a href=\"https:\/\/www.topohvar.at\/orte\/do\/do-ir-01-2\/\"><img loading=\"lazy\" decoding=\"async\" class=\"alignleft wp-image-1810\" src=\"https:\/\/www.topohvar.at\/wp-content\/uploads\/2018\/07\/do-ir-01-1-1024x503.jpg\" alt=\"\" width=\"114\" height=\"56\" srcset=\"https:\/\/www.topohvar.at\/wp-content\/uploads\/2018\/07\/do-ir-01-1-1024x503.jpg 1024w, https:\/\/www.topohvar.at\/wp-content\/uploads\/2018\/07\/do-ir-01-1-300x147.jpg 300w, https:\/\/www.topohvar.at\/wp-content\/uploads\/2018\/07\/do-ir-01-1-768x377.jpg 768w\" sizes=\"auto, (max-width: 114px) 100vw, 114px\" \/><\/a>Reljef plo\u010da \u00bbna ku\u0107u Sansovi\u0107a Dvor 39\u00ab<br \/>\n<\/strong>DO-IR-01 \/ Dol &#8211; Sv. Marije, Sansovi\u0107a Dvor 39<\/p>\n<p><strong><a href=\"https:\/\/www.topohvar.at\/orte\/do\/do-ir-02-2\/\"><img loading=\"lazy\" decoding=\"async\" class=\"alignleft wp-image-1811\" src=\"https:\/\/www.topohvar.at\/wp-content\/uploads\/2018\/07\/do-ir-02-1-1024x503.jpg\" alt=\"\" width=\"114\" height=\"56\" srcset=\"https:\/\/www.topohvar.at\/wp-content\/uploads\/2018\/07\/do-ir-02-1-1024x503.jpg 1024w, https:\/\/www.topohvar.at\/wp-content\/uploads\/2018\/07\/do-ir-02-1-300x147.jpg 300w, https:\/\/www.topohvar.at\/wp-content\/uploads\/2018\/07\/do-ir-02-1-768x377.jpg 768w\" sizes=\"auto, (max-width: 114px) 100vw, 114px\" \/><\/a>Reljef \u00bbDvije glave\u00ab<br \/>\n<\/strong>DO-IR-02 \/ Dol, Borovik<\/p>\n<p><strong><a href=\"https:\/\/www.topohvar.at\/orte\/do\/do-ir-03-1\/\"><img loading=\"lazy\" decoding=\"async\" class=\"alignleft wp-image-31066\" src=\"https:\/\/www.topohvar.at\/wp-content\/uploads\/2020\/02\/do-ir-03-1.jpg\" alt=\"\" width=\"114\" height=\"56\" \/><\/a>Reljef \u00bbGlava na pro\u010delju ku\u0107ice\u00ab<br \/>\n<\/strong>DO-IR-03 \/ Dol &#8211;\u00a0ku\u0107a\u00a0Marinko Du\u017eevi\u0107<\/p>\n<p><strong><a href=\"https:\/\/www.topohvar.at\/orte\/do\/do-ir-04-1\/\"><img loading=\"lazy\" decoding=\"async\" class=\"alignleft wp-image-31095\" src=\"https:\/\/www.topohvar.at\/wp-content\/uploads\/2020\/02\/do-ir-04-1.jpg\" alt=\"\" width=\"114\" height=\"56\" \/><\/a>Reljef \u00bbna cisternu \u00ab<br \/>\n<\/strong>DO-IR-04 \/ Dol &#8211; Sv. Ana, ku\u0107a obitelji Roi\u0107<a name=\"mo\"><\/a><\/p>\n<p style=\"text-align: right;\"><a href=\"#seite_oben\">natrag na vrh \/ Seitenanfang<\/a><\/p>\n<hr \/>\n<h2><strong><span style=\"color: #ff0000;\">Spomenici, skulpture \/ Monumente, Skulpturen<\/span><\/strong><\/h2>\n<p><strong><a href=\"https:\/\/www.topohvar.at\/orte\/do\/do-mo-01-2\/\"><img loading=\"lazy\" decoding=\"async\" class=\"alignleft wp-image-1837\" src=\"https:\/\/www.topohvar.at\/wp-content\/uploads\/2018\/07\/DO-MO-01-1-1024x503.jpg\" alt=\"\" width=\"114\" height=\"56\" srcset=\"https:\/\/www.topohvar.at\/wp-content\/uploads\/2018\/07\/DO-MO-01-1-1024x503.jpg 1024w, https:\/\/www.topohvar.at\/wp-content\/uploads\/2018\/07\/DO-MO-01-1-300x147.jpg 300w, https:\/\/www.topohvar.at\/wp-content\/uploads\/2018\/07\/DO-MO-01-1-768x377.jpg 768w\" sizes=\"auto, (max-width: 114px) 100vw, 114px\" \/><\/a>Spomenik palim borcima NOR-a i \u017ertvama fa\u0161isti\u010dkog terora<\/strong><strong>a\u00ab<br \/>\n<\/strong>DO-MO-01 \/ Dol &#8211; Sv. Mihovil,\u00a0u blizini crkvu<\/p>\n<p><strong><a href=\"https:\/\/www.topohvar.at\/orte\/do\/do-mo-02-2\/\"><img loading=\"lazy\" decoding=\"async\" class=\"alignleft wp-image-1838\" src=\"https:\/\/www.topohvar.at\/wp-content\/uploads\/2018\/07\/DO-MO-02-1-1024x503.jpg\" alt=\"\" width=\"114\" height=\"56\" srcset=\"https:\/\/www.topohvar.at\/wp-content\/uploads\/2018\/07\/DO-MO-02-1-1024x503.jpg 1024w, https:\/\/www.topohvar.at\/wp-content\/uploads\/2018\/07\/DO-MO-02-1-300x147.jpg 300w, https:\/\/www.topohvar.at\/wp-content\/uploads\/2018\/07\/DO-MO-02-1-768x377.jpg 768w\" sizes=\"auto, (max-width: 114px) 100vw, 114px\" \/><\/a>Spomenik palim borcima I. sv. Rat<br \/>\n<\/strong>DO-MO-02 \/ Dol &#8211;\u00a0Sv. Mihovil, groblje<\/p>\n<p><strong><a href=\"https:\/\/www.topohvar.at\/orte\/do\/do-mo-03-2\/\"><img loading=\"lazy\" decoding=\"async\" class=\"alignleft wp-image-1839\" src=\"https:\/\/www.topohvar.at\/wp-content\/uploads\/2018\/07\/do-mo-03-1-1024x503.jpg\" alt=\"\" width=\"114\" height=\"56\" srcset=\"https:\/\/www.topohvar.at\/wp-content\/uploads\/2018\/07\/do-mo-03-1-1024x503.jpg 1024w, https:\/\/www.topohvar.at\/wp-content\/uploads\/2018\/07\/do-mo-03-1-300x147.jpg 300w, https:\/\/www.topohvar.at\/wp-content\/uploads\/2018\/07\/do-mo-03-1-768x377.jpg 768w\" sizes=\"auto, (max-width: 114px) 100vw, 114px\" \/><\/a>Skulptura \u00bbTri plastike\/reljefa\u00ab<br \/>\n<\/strong>DO-MO-03 \/ Dol &#8211; Sv. Marije, Sansovi\u0107a Dvor<\/p>\n<p><strong><a href=\"https:\/\/www.topohvar.at\/orte\/do\/do-mo-04-1\/\"><img loading=\"lazy\" decoding=\"async\" class=\"alignleft wp-image-31059\" src=\"https:\/\/www.topohvar.at\/wp-content\/uploads\/2020\/02\/do-mo-04-1.jpg\" alt=\"\" width=\"114\" height=\"56\" \/><\/a>Skulptura \u00bbGlava na zabat\u00ab<br \/>\n<\/strong>DO-MO-04 \/ Dol &#8211;\u00a0ku\u0107a Luka Mo\u0161katela<\/p>\n<p><strong><a href=\"https:\/\/www.topohvar.at\/orte\/do\/do-mo-05-1\/\"><img loading=\"lazy\" decoding=\"async\" class=\"alignleft wp-image-31075\" src=\"https:\/\/www.topohvar.at\/wp-content\/uploads\/2020\/02\/do-mo-05-1.jpg\" alt=\"\" width=\"114\" height=\"56\" \/><\/a>Skulptura \u00bbBista\u00a0nad ulazom\u00ab<br \/>\n<\/strong>DO-MO-05 \/ Dol &#8211; ku\u0107a IvanaPosinkovi\u0107<\/p>\n<p><strong><a href=\"https:\/\/www.topohvar.at\/orte\/do\/do-mo-06-1\/\"><img loading=\"lazy\" decoding=\"async\" class=\"alignleft wp-image-31088\" src=\"https:\/\/www.topohvar.at\/wp-content\/uploads\/2020\/02\/do-mo-06-3.jpg\" alt=\"\" width=\"114\" height=\"56\" \/><\/a>Skulptura \u00bbGlava na napu\u0161tenoj ku\u0107i\u00ab<br \/>\n<\/strong>DO-MO-06 \/\u00a0Dol &#8211; Sv. Ana, ku\u0107a\u00a0obitelji Vrankovi\u0107<\/p>\n<p><strong><a href=\"https:\/\/www.topohvar.at\/topo\/orte\/do\/do-mo-07-1\/\"><img loading=\"lazy\" decoding=\"async\" class=\"alignleft wp-image-67490\" src=\"https:\/\/www.topohvar.at\/wp-content\/uploads\/2024\/05\/do-mo-07-1-300x147.jpg\" alt=\"\" width=\"114\" height=\"56\" srcset=\"https:\/\/www.topohvar.at\/wp-content\/uploads\/2024\/05\/do-mo-07-1-300x147.jpg 300w, https:\/\/www.topohvar.at\/wp-content\/uploads\/2024\/05\/do-mo-07-1-1024x503.jpg 1024w, https:\/\/www.topohvar.at\/wp-content\/uploads\/2024\/05\/do-mo-07-1-768x377.jpg 768w, https:\/\/www.topohvar.at\/wp-content\/uploads\/2024\/05\/do-mo-07-1.jpg 1080w\" sizes=\"auto, (max-width: 114px) 100vw, 114px\" \/><\/a>Monument \u00bbpola kamenog kruga\u00ab<br \/>\n<\/strong>DO-MO-07 \/ Dol, na glavnoj ulici DC-116<a name=\"ob\"><\/a><\/p>\n<p style=\"text-align: right;\"><span style=\"color: #3366ff;\"><a style=\"color: #3366ff;\" href=\"#seite_oben\">natrag na vrh \/ Seitenanfang<\/a><\/span><\/p>\n<hr \/>\n<h2><strong><span style=\"color: #ff0000;\">Objekti \/ Objekte<\/span><\/strong><\/h2>\n<p><strong><a href=\"https:\/\/www.topohvar.at\/orte\/do\/do-ob-01-2\/\"><img loading=\"lazy\" decoding=\"async\" class=\"alignleft wp-image-1889\" src=\"https:\/\/www.topohvar.at\/wp-content\/uploads\/2018\/07\/DO-OB-01-1-1024x503.jpg\" alt=\"\" width=\"114\" height=\"56\" srcset=\"https:\/\/www.topohvar.at\/wp-content\/uploads\/2018\/07\/DO-OB-01-1-1024x503.jpg 1024w, https:\/\/www.topohvar.at\/wp-content\/uploads\/2018\/07\/DO-OB-01-1-300x147.jpg 300w, https:\/\/www.topohvar.at\/wp-content\/uploads\/2018\/07\/DO-OB-01-1-768x377.jpg 768w\" sizes=\"auto, (max-width: 114px) 100vw, 114px\" \/><\/a>Objekt \u00bbBrana (Pumpurela 1)\u00ab<br \/>\n<\/strong>DO-OB-01 \/ Dol &#8211; Sv. Ana, Kru\u0161evica<\/p>\n<p><strong><a href=\"https:\/\/www.topohvar.at\/orte\/do\/do-ob-02-2\/\"><img loading=\"lazy\" decoding=\"async\" class=\"alignleft wp-image-1890\" src=\"https:\/\/www.topohvar.at\/wp-content\/uploads\/2018\/07\/DO-OB-02-1-1024x503.jpg\" alt=\"\" width=\"114\" height=\"56\" srcset=\"https:\/\/www.topohvar.at\/wp-content\/uploads\/2018\/07\/DO-OB-02-1-1024x503.jpg 1024w, https:\/\/www.topohvar.at\/wp-content\/uploads\/2018\/07\/DO-OB-02-1-300x147.jpg 300w, https:\/\/www.topohvar.at\/wp-content\/uploads\/2018\/07\/DO-OB-02-1-768x377.jpg 768w\" sizes=\"auto, (max-width: 114px) 100vw, 114px\" \/><\/a>Objekt \u00bbBrana (Pumpurela 2)\u00ab<br \/>\n<\/strong>DO-OB-02 \/ Dol &#8211; Sv. Ana, Kru\u0161evica<\/p>\n<p><strong><a href=\"https:\/\/www.topohvar.at\/orte\/do\/do-ob-03-2\/\"><img loading=\"lazy\" decoding=\"async\" class=\"alignleft wp-image-1891\" src=\"https:\/\/www.topohvar.at\/wp-content\/uploads\/2018\/07\/do-ob-03-1-1024x503.jpg\" alt=\"\" width=\"114\" height=\"56\" srcset=\"https:\/\/www.topohvar.at\/wp-content\/uploads\/2018\/07\/do-ob-03-1-1024x503.jpg 1024w, https:\/\/www.topohvar.at\/wp-content\/uploads\/2018\/07\/do-ob-03-1-300x147.jpg 300w, https:\/\/www.topohvar.at\/wp-content\/uploads\/2018\/07\/do-ob-03-1-768x377.jpg 768w\" sizes=\"auto, (max-width: 114px) 100vw, 114px\" \/><\/a>Objekt \u00bbStandarac ispred crkvu Sv. Marije\u00ab<br \/>\n<\/strong>DO-OB-03 \/ Dol &#8211; Sv. Marije<\/p>\n<p><strong><a href=\"https:\/\/www.topohvar.at\/orte\/do\/do-pu-01-2\/\"><img loading=\"lazy\" decoding=\"async\" class=\"alignleft wp-image-1897\" src=\"https:\/\/www.topohvar.at\/wp-content\/uploads\/2018\/07\/do-pu-01-1-1024x503.jpg\" alt=\"\" width=\"114\" height=\"56\" srcset=\"https:\/\/www.topohvar.at\/wp-content\/uploads\/2018\/07\/do-pu-01-1-1024x503.jpg 1024w, https:\/\/www.topohvar.at\/wp-content\/uploads\/2018\/07\/do-pu-01-1-300x147.jpg 300w, https:\/\/www.topohvar.at\/wp-content\/uploads\/2018\/07\/do-pu-01-1-768x377.jpg 768w\" sizes=\"auto, (max-width: 114px) 100vw, 114px\" \/><\/a>Objekt \u00bbSrednjovjekovni put s kaldrmom\u00ab<br \/>\n<\/strong>DO-PU-01 \/ Dol &#8211; Sv. Ana, Rapi\u0161\u0107a<\/p>\n<p><strong><a href=\"https:\/\/www.topohvar.at\/orte\/do\/do-pu-02-1\/\"><img loading=\"lazy\" decoding=\"async\" class=\"alignleft wp-image-56485\" src=\"https:\/\/www.topohvar.at\/wp-content\/uploads\/2022\/01\/biketrack-704.jpg\" alt=\"\" width=\"114\" height=\"56\" srcset=\"https:\/\/www.topohvar.at\/wp-content\/uploads\/2022\/01\/biketrack-704.jpg 640w, https:\/\/www.topohvar.at\/wp-content\/uploads\/2022\/01\/biketrack-704-300x147.jpg 300w\" sizes=\"auto, (max-width: 114px) 100vw, 114px\" \/><\/a>Objekt \u00bbBiciklisti\u010dka ruta [704] Ba\u0161tina\u00ab<br \/>\n<\/strong>DO-PU-02 \/ Dol, Vrbanj, Jelsa, Vrboska, Starogradsko polje, Dol<\/p>\n<p><a href=\"https:\/\/www.topohvar.at\/orte\/do\/do-pu-03-1\/\"><img loading=\"lazy\" decoding=\"async\" class=\"alignleft wp-image-56489\" src=\"https:\/\/www.topohvar.at\/wp-content\/uploads\/2022\/01\/biketrack-707.jpg\" alt=\"\" width=\"114\" height=\"56\" srcset=\"https:\/\/www.topohvar.at\/wp-content\/uploads\/2022\/01\/biketrack-707.jpg 640w, https:\/\/www.topohvar.at\/wp-content\/uploads\/2022\/01\/biketrack-707-300x147.jpg 300w\" sizes=\"auto, (max-width: 114px) 100vw, 114px\" \/><\/a><\/p>\n<p><strong>Objekt \u00bbBiciklisti\u010dka ruta [707] Purkin Kuk\u00ab<br \/>\n<\/strong>DO-PU-03 \/ Dol, Stari Grad, Selca, Vidikovac, Sv. Nikola, Dol<\/p>\n<hr \/>\n<p><strong><a href=\"https:\/\/www.topohvar.at\/orte\/do\/do-on-01-1\/\"><img loading=\"lazy\" decoding=\"async\" class=\"alignleft wp-image-41000\" src=\"https:\/\/www.topohvar.at\/wp-content\/uploads\/2020\/09\/do-on-01-1.jpg\" alt=\"\" width=\"114\" height=\"56\" srcset=\"https:\/\/www.topohvar.at\/wp-content\/uploads\/2020\/09\/do-on-01-1.jpg 1080w, https:\/\/www.topohvar.at\/wp-content\/uploads\/2020\/09\/do-on-01-1-300x147.jpg 300w, https:\/\/www.topohvar.at\/wp-content\/uploads\/2020\/09\/do-on-01-1-1024x503.jpg 1024w, https:\/\/www.topohvar.at\/wp-content\/uploads\/2020\/09\/do-on-01-1-768x377.jpg 768w\" sizes=\"auto, (max-width: 114px) 100vw, 114px\" \/><\/a>Objekt \u00bbIgrali\u0161te\u00ab<br \/>\n<\/strong>DO-ON-01 \/ Dol &#8211; Sv. Ana<\/p>\n<p><strong><a href=\"https:\/\/www.topohvar.at\/orte\/do\/do-on-04-1\/\"><img loading=\"lazy\" decoding=\"async\" class=\"alignleft wp-image-63149\" src=\"https:\/\/www.topohvar.at\/wp-content\/uploads\/2023\/06\/do-on-04-1-300x147.jpg\" alt=\"\" width=\"114\" height=\"56\" srcset=\"https:\/\/www.topohvar.at\/wp-content\/uploads\/2023\/06\/do-on-04-1-300x147.jpg 300w, https:\/\/www.topohvar.at\/wp-content\/uploads\/2023\/06\/do-on-04-1-1024x503.jpg 1024w, https:\/\/www.topohvar.at\/wp-content\/uploads\/2023\/06\/do-on-04-1-768x377.jpg 768w, https:\/\/www.topohvar.at\/wp-content\/uploads\/2023\/06\/do-on-04-1.jpg 1080w\" sizes=\"auto, (max-width: 114px) 100vw, 114px\" \/><\/a>Objekt \u00bbDje\u010dje igrali\u0161te 1\u00ab<br \/>\n<\/strong>DO-ON-04 \/ Dol &#8211; Sv. Ana<\/p>\n<p><strong><a href=\"https:\/\/www.topohvar.at\/orte\/do\/do-on-02-1\/\"><img loading=\"lazy\" decoding=\"async\" class=\"alignleft wp-image-50459\" src=\"https:\/\/www.topohvar.at\/wp-content\/uploads\/2021\/06\/do-on-02-3.jpg\" alt=\"\" width=\"114\" height=\"56\" srcset=\"https:\/\/www.topohvar.at\/wp-content\/uploads\/2021\/06\/do-on-02-3.jpg 1080w, https:\/\/www.topohvar.at\/wp-content\/uploads\/2021\/06\/do-on-02-3-300x147.jpg 300w, https:\/\/www.topohvar.at\/wp-content\/uploads\/2021\/06\/do-on-02-3-1024x503.jpg 1024w, https:\/\/www.topohvar.at\/wp-content\/uploads\/2021\/06\/do-on-02-3-768x377.jpg 768w\" sizes=\"auto, (max-width: 114px) 100vw, 114px\" \/><\/a>Objekt \u00bbBalote Dol\u00ab<br \/>\n<\/strong>DO-ON-02 \/ Dol &#8211; Sv. Marije<\/p>\n<p><strong><a href=\"https:\/\/www.topohvar.at\/orte\/do\/do-on-03-1\/\"><img loading=\"lazy\" decoding=\"async\" class=\"alignleft wp-image-51017\" src=\"https:\/\/www.topohvar.at\/wp-content\/uploads\/2021\/08\/do-on-03-1.jpg\" alt=\"\" width=\"114\" height=\"56\" srcset=\"https:\/\/www.topohvar.at\/wp-content\/uploads\/2021\/08\/do-on-03-1.jpg 1080w, https:\/\/www.topohvar.at\/wp-content\/uploads\/2021\/08\/do-on-03-1-300x147.jpg 300w, https:\/\/www.topohvar.at\/wp-content\/uploads\/2021\/08\/do-on-03-1-1024x503.jpg 1024w, https:\/\/www.topohvar.at\/wp-content\/uploads\/2021\/08\/do-on-03-1-768x377.jpg 768w\" sizes=\"auto, (max-width: 114px) 100vw, 114px\" \/><\/a>Objekt \u00bbDje\u010dje igrali\u0161te 2\u00ab<br \/>\n<\/strong>DO-ON-03 \/ Dol &#8211; Sv. Marije<\/p>\n<hr \/>\n<p><strong><a href=\"https:\/\/www.topohvar.at\/orte\/do\/do-og-01-2\/\"><img loading=\"lazy\" decoding=\"async\" class=\"alignleft wp-image-1892\" src=\"https:\/\/www.topohvar.at\/wp-content\/uploads\/2018\/07\/do-og-01-1-1024x503.jpg\" alt=\"\" width=\"114\" height=\"56\" srcset=\"https:\/\/www.topohvar.at\/wp-content\/uploads\/2018\/07\/do-og-01-1-1024x503.jpg 1024w, https:\/\/www.topohvar.at\/wp-content\/uploads\/2018\/07\/do-og-01-1-300x147.jpg 300w, https:\/\/www.topohvar.at\/wp-content\/uploads\/2018\/07\/do-og-01-1-768x377.jpg 768w\" sizes=\"auto, (max-width: 114px) 100vw, 114px\" \/><\/a>Objekt \u00bbStaro groblje\u00ab<br \/>\n<\/strong>DO-OG-01 \/ Dol &#8211; Sv. Mihovil<a name=\"td\"><\/a><\/p>\n<p style=\"text-align: right;\"><span style=\"color: #3366ff;\"><a style=\"color: #3366ff;\" href=\"#seite_oben\">natrag na vrh \/ Seitenanfang<\/a><\/span><\/p>\n<hr \/>\n<h2><strong><span style=\"color: #ff0000;\">Utvrde \/ Festungen<\/span><\/strong><\/h2>\n<p>Bez objekata \/ kein Eintrag<a name=\"tg\"><\/a><\/p>\n<p style=\"text-align: right;\"><span style=\"color: #3366ff;\"><a style=\"color: #3366ff;\" href=\"#seite_oben\">natrag na vrh \/ Seitenanfang<\/a><\/span><\/p>\n<hr \/>\n<h2><strong><span style=\"color: #ff0000;\">Gra\u0111evine \/ Geb\u00e4ude<\/span><\/strong><\/h2>\n<p><strong><a href=\"https:\/\/www.topohvar.at\/orte\/do\/do-TG-01-2\/\"><img loading=\"lazy\" decoding=\"async\" class=\"alignleft wp-image-1958\" src=\"https:\/\/www.topohvar.at\/wp-content\/uploads\/2018\/08\/DO-TG-01-1-1024x503.jpg\" alt=\"\" width=\"114\" height=\"56\" srcset=\"https:\/\/www.topohvar.at\/wp-content\/uploads\/2018\/08\/DO-TG-01-1-1024x503.jpg 1024w, https:\/\/www.topohvar.at\/wp-content\/uploads\/2018\/08\/DO-TG-01-1-300x147.jpg 300w, https:\/\/www.topohvar.at\/wp-content\/uploads\/2018\/08\/DO-TG-01-1-768x377.jpg 768w\" sizes=\"auto, (max-width: 114px) 100vw, 114px\" \/><\/a>Zgrada \u00bbDom Zadruga\u00ab<br \/>\n<\/strong>DO-TG-01 \/ Dol &#8211; Sv. Mihovil, Glavica 6<\/p>\n<p><strong><a href=\"https:\/\/www.topohvar.at\/orte\/do\/do-tg-02-2\/\"><img loading=\"lazy\" decoding=\"async\" class=\"alignleft wp-image-1959\" src=\"https:\/\/www.topohvar.at\/wp-content\/uploads\/2018\/08\/DO-TG-02-1-1024x503.jpg\" alt=\"\" width=\"114\" height=\"56\" srcset=\"https:\/\/www.topohvar.at\/wp-content\/uploads\/2018\/08\/DO-TG-02-1-1024x503.jpg 1024w, https:\/\/www.topohvar.at\/wp-content\/uploads\/2018\/08\/DO-TG-02-1-300x147.jpg 300w, https:\/\/www.topohvar.at\/wp-content\/uploads\/2018\/08\/DO-TG-02-1-768x377.jpg 768w\" sizes=\"auto, (max-width: 114px) 100vw, 114px\" \/><\/a>Zgrada \u00bbOsnovna \u0161kola\u00ab<br \/>\n<\/strong>DO-TG-02 \/ Dol &#8211; Sv. Mihovil, Glavica 8<\/p>\n<p><strong><a href=\"https:\/\/www.topohvar.at\/orte\/do\/do-tg-08-2\/\"><img loading=\"lazy\" decoding=\"async\" class=\"alignleft wp-image-70546\" src=\"https:\/\/www.topohvar.at\/wp-content\/uploads\/2024\/11\/DO-TG-08-1.jpg\" alt=\"\" width=\"114\" height=\"56\" srcset=\"https:\/\/www.topohvar.at\/wp-content\/uploads\/2024\/11\/DO-TG-08-1.jpg 1080w, https:\/\/www.topohvar.at\/wp-content\/uploads\/2024\/11\/DO-TG-08-1-300x147.jpg 300w, https:\/\/www.topohvar.at\/wp-content\/uploads\/2024\/11\/DO-TG-08-1-1024x503.jpg 1024w, https:\/\/www.topohvar.at\/wp-content\/uploads\/2024\/11\/DO-TG-08-1-768x377.jpg 768w\" sizes=\"auto, (max-width: 114px) 100vw, 114px\" \/><\/a>Zgrada javna \u00bbMrtva\u010dnica\u00ab<br \/>\n<\/strong>DO-TG-08 \/ Dol &#8211; Sv. Mihovil<\/p>\n<p><strong><a href=\"https:\/\/www.topohvar.at\/orte\/do\/do-tg-06-2\/\"><img loading=\"lazy\" decoding=\"async\" class=\"alignleft wp-image-37880\" src=\"https:\/\/www.topohvar.at\/wp-content\/uploads\/2020\/05\/do-tg-06-1.jpg\" alt=\"\" width=\"114\" height=\"56\" srcset=\"https:\/\/www.topohvar.at\/wp-content\/uploads\/2020\/05\/do-tg-06-1.jpg 640w, https:\/\/www.topohvar.at\/wp-content\/uploads\/2020\/05\/do-tg-06-1-300x147.jpg 300w\" sizes=\"auto, (max-width: 114px) 100vw, 114px\" \/><\/a>Zgrada \u00bbDom kultura Vir\u00ab<br \/>\n<\/strong>DO-TG-06 \/ Dol &#8211; Sv. Marije<\/p>\n<p><strong><a href=\"https:\/\/www.topohvar.at\/orte\/do\/do-tg-03-2\/\"><img loading=\"lazy\" decoding=\"async\" class=\"alignleft wp-image-1960\" src=\"https:\/\/www.topohvar.at\/wp-content\/uploads\/2018\/08\/DO-TG-03-1-1024x503.jpg\" alt=\"\" width=\"114\" height=\"56\" srcset=\"https:\/\/www.topohvar.at\/wp-content\/uploads\/2018\/08\/DO-TG-03-1-1024x503.jpg 1024w, https:\/\/www.topohvar.at\/wp-content\/uploads\/2018\/08\/DO-TG-03-1-300x147.jpg 300w, https:\/\/www.topohvar.at\/wp-content\/uploads\/2018\/08\/DO-TG-03-1-768x377.jpg 768w\" sizes=\"auto, (max-width: 114px) 100vw, 114px\" \/><\/a>Zgrada \u00bbRodna ku\u0107a Petra Kun\u010di\u0107a\u00ab<br \/>\n<\/strong>DO-TG-03 \/ Dol &#8211; Sv. Marije, Sansovi\u0107a Dvor 20<\/p>\n<p><strong><a href=\"https:\/\/www.topohvar.at\/orte\/do\/do-tg-07-1\/\"><img loading=\"lazy\" decoding=\"async\" class=\"alignleft wp-image-49782\" src=\"https:\/\/www.topohvar.at\/wp-content\/uploads\/2021\/06\/do-tg-07-1.jpg\" alt=\"\" width=\"114\" height=\"56\" srcset=\"https:\/\/www.topohvar.at\/wp-content\/uploads\/2021\/06\/do-tg-07-1.jpg 1080w, https:\/\/www.topohvar.at\/wp-content\/uploads\/2021\/06\/do-tg-07-1-300x147.jpg 300w, https:\/\/www.topohvar.at\/wp-content\/uploads\/2021\/06\/do-tg-07-1-1024x503.jpg 1024w, https:\/\/www.topohvar.at\/wp-content\/uploads\/2021\/06\/do-tg-07-1-768x377.jpg 768w\" sizes=\"auto, (max-width: 114px) 100vw, 114px\" \/><\/a>Zgrada \u00bbCitovnica\u00ab<br \/>\n<\/strong>DO-TG-07 \/ Dol &#8211; Trg Sv. Ane 2<\/p>\n<p><strong><a href=\"https:\/\/www.topohvar.at\/orte\/do\/do-tg-04-2\/\"><img loading=\"lazy\" decoding=\"async\" class=\"alignleft wp-image-1961\" src=\"https:\/\/www.topohvar.at\/wp-content\/uploads\/2018\/08\/DO-TG-04-1-1024x503.jpg\" alt=\"\" width=\"114\" height=\"56\" srcset=\"https:\/\/www.topohvar.at\/wp-content\/uploads\/2018\/08\/DO-TG-04-1-1024x503.jpg 1024w, https:\/\/www.topohvar.at\/wp-content\/uploads\/2018\/08\/DO-TG-04-1-300x147.jpg 300w, https:\/\/www.topohvar.at\/wp-content\/uploads\/2018\/08\/DO-TG-04-1-768x377.jpg 768w\" sizes=\"auto, (max-width: 114px) 100vw, 114px\" \/><\/a>Zgrada \u00bbOstoji\u0107a mlin\u00ab<br \/>\n<\/strong>DO-TG-04 \/ Dol, Polje, Jorinama<\/p>\n<p><strong><a href=\"https:\/\/www.topohvar.at\/orte\/do\/do-tg-05-1\/\"><img loading=\"lazy\" decoding=\"async\" class=\"alignleft wp-image-31129\" src=\"https:\/\/www.topohvar.at\/wp-content\/uploads\/2020\/02\/do-tg-05-1.jpg\" alt=\"\" width=\"114\" height=\"56\" \/><\/a>Zgrada \u00bbVrankovi\u0107\u00ab<br \/>\n<\/strong>DO-TG-05 \/ Dol, Borovik<a name=\"op\"><\/a><\/p>\n<p style=\"text-align: right;\"><span style=\"color: #3366ff;\"><a style=\"color: #3366ff;\" href=\"#seite_oben\">natrag na vrh \/ Seitenanfang<\/a><\/span><\/p>\n<hr \/>\n<h2><strong><span style=\"color: #ff0000;\">Bunar i to\u010dka vode \/ Brunnen und Wasserstellen<\/span><\/strong><\/h2>\n<p><strong><a href=\"https:\/\/www.topohvar.at\/orte\/do\/do-op-00-1\/\"><img loading=\"lazy\" decoding=\"async\" class=\"alignleft wp-image-45793 size-full\" src=\"https:\/\/www.topohvar.at\/wp-content\/uploads\/2020\/11\/raster1.jpg\" alt=\"\" width=\"114\" height=\"56\" \/><\/a>Popis cisterni i bunara<br \/>\n<\/strong>Dol<\/p>\n<hr \/>\n<p><strong><a href=\"https:\/\/www.topohvar.at\/topo\/orte\/do\/do-op-00-1-2\/\"><img loading=\"lazy\" decoding=\"async\" class=\"alignleft wp-image-68428\" src=\"https:\/\/www.topohvar.at\/wp-content\/uploads\/2024\/06\/do-tr-00-2024-05-300x218.jpg\" alt=\"\" width=\"114\" height=\"83\" srcset=\"https:\/\/www.topohvar.at\/wp-content\/uploads\/2024\/06\/do-tr-00-2024-05-300x218.jpg 300w, https:\/\/www.topohvar.at\/wp-content\/uploads\/2024\/06\/do-tr-00-2024-05-1024x745.jpg 1024w, https:\/\/www.topohvar.at\/wp-content\/uploads\/2024\/06\/do-tr-00-2024-05-768x559.jpg 768w, https:\/\/www.topohvar.at\/wp-content\/uploads\/2024\/06\/do-tr-00-2024-05-1536x1118.jpg 1536w, https:\/\/www.topohvar.at\/wp-content\/uploads\/2024\/06\/do-tr-00-2024-05.jpg 1694w\" sizes=\"auto, (max-width: 114px) 100vw, 114px\" \/><\/a><\/strong><strong>Bunari, cisterne i to\u010dke za vodu \u2013 detaljno<\/strong><br \/>\nDO-OP-01\/63 \/ Dol<a name=\"tr\"><\/a><\/p>\n<p style=\"text-align: right;\"><span style=\"color: #3366ff;\"><a style=\"color: #3366ff;\" href=\"#seite_oben\">natrag na vrh \/ Seitenanfang<\/a><\/span><\/p>\n<hr \/>\n<h2><strong><span style=\"color: #ff0000;\">Trimi \/ Trims<\/span><\/strong><\/h2>\n<p><strong><a href=\"https:\/\/www.topohvar.at\/orte\/do\/do-tr-00-2\/\"><img loading=\"lazy\" decoding=\"async\" class=\"alignleft wp-image-64216\" src=\"https:\/\/www.topohvar.at\/wp-content\/uploads\/2023\/08\/do-trims-2023-06-300x181.jpg\" alt=\"\" width=\"114\" height=\"69\" srcset=\"https:\/\/www.topohvar.at\/wp-content\/uploads\/2023\/08\/do-trims-2023-06-300x181.jpg 300w, https:\/\/www.topohvar.at\/wp-content\/uploads\/2023\/08\/do-trims-2023-06-1024x617.jpg 1024w, https:\/\/www.topohvar.at\/wp-content\/uploads\/2023\/08\/do-trims-2023-06-768x463.jpg 768w, https:\/\/www.topohvar.at\/wp-content\/uploads\/2023\/08\/do-trims-2023-06-1536x925.jpg 1536w, https:\/\/www.topohvar.at\/wp-content\/uploads\/2023\/08\/do-trims-2023-06.jpg 1680w\" sizes=\"auto, (max-width: 114px) 100vw, 114px\" \/><\/a>Pregled trima \/ \u00dcbersicht Trims<br \/>\n<\/strong>DO-TR-00 \/ Dol<strong><br \/>\n<\/strong><\/p>\n<hr \/>\n<p><strong><a href=\"https:\/\/www.topohvar.at\/orte\/do\/do-tr-02-2\/\"><img loading=\"lazy\" decoding=\"async\" class=\"alignleft wp-image-22346\" src=\"https:\/\/www.topohvar.at\/wp-content\/uploads\/2019\/05\/do-tr-02-2-1024x503.jpg\" alt=\"\" width=\"114\" height=\"56\" srcset=\"https:\/\/www.topohvar.at\/wp-content\/uploads\/2019\/05\/do-tr-02-2-1024x503.jpg 1024w, https:\/\/www.topohvar.at\/wp-content\/uploads\/2019\/05\/do-tr-02-2-300x147.jpg 300w, https:\/\/www.topohvar.at\/wp-content\/uploads\/2019\/05\/do-tr-02-2-768x377.jpg 768w, https:\/\/www.topohvar.at\/wp-content\/uploads\/2019\/05\/do-tr-02-2.jpg 1080w\" sizes=\"auto, (max-width: 114px) 100vw, 114px\" \/><\/a>Trim \u00bbDO-TR-02\u00ab<br \/>\n<\/strong>DO-TR-02 \/ Dol, na putu prema Borovik<\/p>\n<p><strong><a href=\"https:\/\/www.topohvar.at\/orte\/do\/do-tr-20-1\/\"><img loading=\"lazy\" decoding=\"async\" class=\"alignleft wp-image-24381\" src=\"https:\/\/www.topohvar.at\/wp-content\/uploads\/2019\/10\/do-tr-20-2-300x147.jpg\" alt=\"\" width=\"114\" height=\"56\" srcset=\"https:\/\/www.topohvar.at\/wp-content\/uploads\/2019\/10\/do-tr-20-2-300x147.jpg 300w, https:\/\/www.topohvar.at\/wp-content\/uploads\/2019\/10\/do-tr-20-2-768x377.jpg 768w, https:\/\/www.topohvar.at\/wp-content\/uploads\/2019\/10\/do-tr-20-2-1024x503.jpg 1024w, https:\/\/www.topohvar.at\/wp-content\/uploads\/2019\/10\/do-tr-20-2.jpg 1080w\" sizes=\"auto, (max-width: 114px) 100vw, 114px\" \/><\/a>Trim \u00bbDO-TR-20\u00ab<br \/>\n<\/strong>DO-TR-20 \/ Dol, na putu prema Borovik<\/p>\n<p><strong><a href=\"https:\/\/www.topohvar.at\/orte\/do\/do-tr-26-1\/\"><img loading=\"lazy\" decoding=\"async\" class=\"alignleft wp-image-49777\" src=\"https:\/\/www.topohvar.at\/wp-content\/uploads\/2021\/06\/do-tr-26-1.jpg\" alt=\"\" width=\"114\" height=\"56\" srcset=\"https:\/\/www.topohvar.at\/wp-content\/uploads\/2021\/06\/do-tr-26-1.jpg 1080w, https:\/\/www.topohvar.at\/wp-content\/uploads\/2021\/06\/do-tr-26-1-300x147.jpg 300w, https:\/\/www.topohvar.at\/wp-content\/uploads\/2021\/06\/do-tr-26-1-1024x503.jpg 1024w, https:\/\/www.topohvar.at\/wp-content\/uploads\/2021\/06\/do-tr-26-1-768x377.jpg 768w\" sizes=\"auto, (max-width: 114px) 100vw, 114px\" \/><\/a>Trim \u00bbDO-TR-26\u00ab<br \/>\n<\/strong>DO-TR-26 \/ Dol, Kru\u0161vice<\/p>\n<p><strong><a href=\"https:\/\/www.topohvar.at\/orte\/do\/do-tr-04-1\/\"><img loading=\"lazy\" decoding=\"async\" class=\"alignleft wp-image-46689\" src=\"https:\/\/www.topohvar.at\/wp-content\/uploads\/2021\/02\/do-tr-27-1-300x148.jpg\" alt=\"\" width=\"112\" height=\"55\" srcset=\"https:\/\/www.topohvar.at\/wp-content\/uploads\/2021\/02\/do-tr-27-1-300x148.jpg 300w, https:\/\/www.topohvar.at\/wp-content\/uploads\/2021\/02\/do-tr-27-1.jpg 640w\" sizes=\"auto, (max-width: 112px) 100vw, 112px\" \/><\/a>Trim \u00bbDO-TR-04\u00ab<br \/>\n<\/strong>DO-TR-04 \/ Dol, Njivice<\/p>\n<p><strong><a href=\"https:\/\/www.topohvar.at\/orte\/do\/do-tr-27-1\/\"><img loading=\"lazy\" decoding=\"async\" class=\"alignleft wp-image-74029\" src=\"https:\/\/www.topohvar.at\/wp-content\/uploads\/2026\/03\/DO-TR-27-neu-300x147.jpg\" alt=\"\" width=\"114\" height=\"56\" srcset=\"https:\/\/www.topohvar.at\/wp-content\/uploads\/2026\/03\/DO-TR-27-neu-300x147.jpg 300w, https:\/\/www.topohvar.at\/wp-content\/uploads\/2026\/03\/DO-TR-27-neu-1024x503.jpg 1024w, https:\/\/www.topohvar.at\/wp-content\/uploads\/2026\/03\/DO-TR-27-neu-768x377.jpg 768w, https:\/\/www.topohvar.at\/wp-content\/uploads\/2026\/03\/DO-TR-27-neu-1536x754.jpg 1536w, https:\/\/www.topohvar.at\/wp-content\/uploads\/2026\/03\/DO-TR-27-neu-2048x1005.jpg 2048w\" sizes=\"auto, (max-width: 114px) 100vw, 114px\" \/><\/a>Trim \u00bbDO-TR-27\u00ab<br \/>\n<\/strong>DO-TR-27 \/ Dol ?<\/p>\n<p><strong><a href=\"https:\/\/www.topohvar.at\/orte\/do\/do-tr-01-2\/\"><img loading=\"lazy\" decoding=\"async\" class=\"alignleft wp-image-1986\" src=\"https:\/\/www.topohvar.at\/wp-content\/uploads\/2018\/08\/DO-TR-01-1-1024x503.jpg\" alt=\"\" width=\"114\" height=\"56\" srcset=\"https:\/\/www.topohvar.at\/wp-content\/uploads\/2018\/08\/DO-TR-01-1-1024x503.jpg 1024w, https:\/\/www.topohvar.at\/wp-content\/uploads\/2018\/08\/DO-TR-01-1-300x147.jpg 300w, https:\/\/www.topohvar.at\/wp-content\/uploads\/2018\/08\/DO-TR-01-1-768x377.jpg 768w\" sizes=\"auto, (max-width: 114px) 100vw, 114px\" \/><\/a>Trim \u00bbDO-TR-01 (Gerva\u017eijota trim)\u00ab<br \/>\n<\/strong>DO-TR-01 \/ Dol, na putu prema Borovik<\/p>\n<p><strong><a href=\"https:\/\/www.topohvar.at\/orte\/do\/do-tr-23-1\/\"><img loading=\"lazy\" decoding=\"async\" class=\"alignleft wp-image-24399\" src=\"https:\/\/www.topohvar.at\/wp-content\/uploads\/2019\/10\/do-tr-23-2-300x147.jpg\" alt=\"\" width=\"114\" height=\"56\" srcset=\"https:\/\/www.topohvar.at\/wp-content\/uploads\/2019\/10\/do-tr-23-2-300x147.jpg 300w, https:\/\/www.topohvar.at\/wp-content\/uploads\/2019\/10\/do-tr-23-2-768x377.jpg 768w, https:\/\/www.topohvar.at\/wp-content\/uploads\/2019\/10\/do-tr-23-2-1024x503.jpg 1024w, https:\/\/www.topohvar.at\/wp-content\/uploads\/2019\/10\/do-tr-23-2.jpg 1080w\" sizes=\"auto, (max-width: 114px) 100vw, 114px\" \/><\/a>Trim \u00bbDO-TR-23\u00ab<br \/>\n<\/strong>DO-TR-23 \/ Dol, na putu prema Borovik<\/p>\n<p><strong><a href=\"https:\/\/www.topohvar.at\/orte\/do\/do-tr-24-1\/\"><img loading=\"lazy\" decoding=\"async\" class=\"alignleft wp-image-24404\" src=\"https:\/\/www.topohvar.at\/wp-content\/uploads\/2019\/10\/do-tr-24-2-300x147.jpg\" alt=\"\" width=\"114\" height=\"56\" srcset=\"https:\/\/www.topohvar.at\/wp-content\/uploads\/2019\/10\/do-tr-24-2-300x147.jpg 300w, https:\/\/www.topohvar.at\/wp-content\/uploads\/2019\/10\/do-tr-24-2-768x377.jpg 768w, https:\/\/www.topohvar.at\/wp-content\/uploads\/2019\/10\/do-tr-24-2-1024x503.jpg 1024w, https:\/\/www.topohvar.at\/wp-content\/uploads\/2019\/10\/do-tr-24-2.jpg 1080w\" sizes=\"auto, (max-width: 114px) 100vw, 114px\" \/><\/a>Trim \u00bbDO-TR-24\u00ab<br \/>\n<\/strong>DO-TR-24 \/ Dol, na putu prema Borovik<\/p>\n<p><strong><a href=\"https:\/\/www.topohvar.at\/orte\/do\/do-tr-21-1\/\"><img loading=\"lazy\" decoding=\"async\" class=\"alignleft wp-image-24387\" src=\"https:\/\/www.topohvar.at\/wp-content\/uploads\/2019\/10\/do-tr-21-2-1024x503.jpg\" alt=\"\" width=\"114\" height=\"56\" srcset=\"https:\/\/www.topohvar.at\/wp-content\/uploads\/2019\/10\/do-tr-21-2-1024x503.jpg 1024w, https:\/\/www.topohvar.at\/wp-content\/uploads\/2019\/10\/do-tr-21-2-300x147.jpg 300w, https:\/\/www.topohvar.at\/wp-content\/uploads\/2019\/10\/do-tr-21-2-768x377.jpg 768w, https:\/\/www.topohvar.at\/wp-content\/uploads\/2019\/10\/do-tr-21-2.jpg 1080w\" sizes=\"auto, (max-width: 114px) 100vw, 114px\" \/><\/a>Trim \u00bbDO-TR-21\u00ab<br \/>\n<\/strong>DO-TR-21 \/ Dol, na putu prema Borovik<\/p>\n<p><strong><a href=\"https:\/\/www.topohvar.at\/orte\/do\/do-tr-22-1\/\"><img loading=\"lazy\" decoding=\"async\" class=\"alignleft wp-image-24393\" src=\"https:\/\/www.topohvar.at\/wp-content\/uploads\/2019\/10\/do-tr-22-2-300x147.jpg\" alt=\"\" width=\"114\" height=\"56\" srcset=\"https:\/\/www.topohvar.at\/wp-content\/uploads\/2019\/10\/do-tr-22-2-300x147.jpg 300w, https:\/\/www.topohvar.at\/wp-content\/uploads\/2019\/10\/do-tr-22-2-768x377.jpg 768w, https:\/\/www.topohvar.at\/wp-content\/uploads\/2019\/10\/do-tr-22-2-1024x503.jpg 1024w, https:\/\/www.topohvar.at\/wp-content\/uploads\/2019\/10\/do-tr-22-2.jpg 1080w\" sizes=\"auto, (max-width: 114px) 100vw, 114px\" \/><\/a>Trim \u00bbDO-TR-22\u00ab<br \/>\n<\/strong>DO-TR-22 \/ Dol, na putu prema Borovik<\/p>\n<p><strong><a href=\"https:\/\/www.topohvar.at\/orte\/do\/do-tr-25-1\/\"><img loading=\"lazy\" decoding=\"async\" class=\"alignleft wp-image-24410\" src=\"https:\/\/www.topohvar.at\/wp-content\/uploads\/2019\/10\/do-tr-25-5-300x147.jpg\" alt=\"\" width=\"114\" height=\"56\" srcset=\"https:\/\/www.topohvar.at\/wp-content\/uploads\/2019\/10\/do-tr-25-5-300x147.jpg 300w, https:\/\/www.topohvar.at\/wp-content\/uploads\/2019\/10\/do-tr-25-5-768x377.jpg 768w, https:\/\/www.topohvar.at\/wp-content\/uploads\/2019\/10\/do-tr-25-5-1024x503.jpg 1024w, https:\/\/www.topohvar.at\/wp-content\/uploads\/2019\/10\/do-tr-25-5.jpg 1080w\" sizes=\"auto, (max-width: 114px) 100vw, 114px\" \/><\/a>Trim \u00bbDO-TR-25\u00ab<br \/>\n<\/strong>DO-TR-25 \/ Dol, na putu prema Borovik<\/p>\n<p><strong><a href=\"https:\/\/www.topohvar.at\/orte\/do\/do-tr-18-1\/\"><img loading=\"lazy\" decoding=\"async\" class=\"alignleft wp-image-22343\" src=\"https:\/\/www.topohvar.at\/wp-content\/uploads\/2019\/05\/do-tr-18-12-1024x503.jpg\" alt=\"\" width=\"114\" height=\"56\" srcset=\"https:\/\/www.topohvar.at\/wp-content\/uploads\/2019\/05\/do-tr-18-12-1024x503.jpg 1024w, https:\/\/www.topohvar.at\/wp-content\/uploads\/2019\/05\/do-tr-18-12-300x147.jpg 300w, https:\/\/www.topohvar.at\/wp-content\/uploads\/2019\/05\/do-tr-18-12-768x377.jpg 768w, https:\/\/www.topohvar.at\/wp-content\/uploads\/2019\/05\/do-tr-18-12.jpg 1080w\" sizes=\"auto, (max-width: 114px) 100vw, 114px\" \/><\/a>Trim \u00bbDO-TR-18\u00ab<br \/>\n<\/strong>DO-TR-18 \/ Dol, na putu prema Purkin Kuk<\/p>\n<p><strong><a href=\"https:\/\/www.topohvar.at\/orte\/do\/do-tr-17-1\/\"><img loading=\"lazy\" decoding=\"async\" class=\"alignleft wp-image-22339\" src=\"https:\/\/www.topohvar.at\/wp-content\/uploads\/2019\/05\/do-tr-17-2-1024x503.jpg\" alt=\"\" width=\"114\" height=\"56\" srcset=\"https:\/\/www.topohvar.at\/wp-content\/uploads\/2019\/05\/do-tr-17-2-1024x503.jpg 1024w, https:\/\/www.topohvar.at\/wp-content\/uploads\/2019\/05\/do-tr-17-2-300x147.jpg 300w, https:\/\/www.topohvar.at\/wp-content\/uploads\/2019\/05\/do-tr-17-2-768x377.jpg 768w, https:\/\/www.topohvar.at\/wp-content\/uploads\/2019\/05\/do-tr-17-2.jpg 1080w\" sizes=\"auto, (max-width: 114px) 100vw, 114px\" \/><\/a>Trim \u00bbDO-TR-17\u00ab<br \/>\n<\/strong>DO-TR-17 \/ Dol, na putu prema Purkin Kuk<\/p>\n<p><strong><a href=\"https:\/\/www.topohvar.at\/orte\/do\/do-tr-16-2\/\"><img loading=\"lazy\" decoding=\"async\" class=\"alignleft wp-image-2001\" src=\"https:\/\/www.topohvar.at\/wp-content\/uploads\/2018\/08\/do-tr-16-1-1024x503.jpg\" alt=\"\" width=\"114\" height=\"56\" srcset=\"https:\/\/www.topohvar.at\/wp-content\/uploads\/2018\/08\/do-tr-16-1-1024x503.jpg 1024w, https:\/\/www.topohvar.at\/wp-content\/uploads\/2018\/08\/do-tr-16-1-300x147.jpg 300w, https:\/\/www.topohvar.at\/wp-content\/uploads\/2018\/08\/do-tr-16-1-768x377.jpg 768w\" sizes=\"auto, (max-width: 114px) 100vw, 114px\" \/><\/a>Dvojni trim \u00bbDO-TR-16 (Vrankovi\u0107-Plenkovi\u0107)\u00ab<br \/>\n<\/strong>DO-TR-16 \/ Dol, Borovik<\/p>\n<p><strong><a href=\"https:\/\/www.topohvar.at\/orte\/do\/do-tr-19-1\/\"><img loading=\"lazy\" decoding=\"async\" class=\"alignleft wp-image-24375\" src=\"https:\/\/www.topohvar.at\/wp-content\/uploads\/2019\/10\/do-tr-19-2-300x147.jpg\" alt=\"\" width=\"114\" height=\"56\" srcset=\"https:\/\/www.topohvar.at\/wp-content\/uploads\/2019\/10\/do-tr-19-2-300x147.jpg 300w, https:\/\/www.topohvar.at\/wp-content\/uploads\/2019\/10\/do-tr-19-2-768x377.jpg 768w, https:\/\/www.topohvar.at\/wp-content\/uploads\/2019\/10\/do-tr-19-2-1024x503.jpg 1024w, https:\/\/www.topohvar.at\/wp-content\/uploads\/2019\/10\/do-tr-19-2.jpg 1080w\" sizes=\"auto, (max-width: 114px) 100vw, 114px\" \/><\/a>Dvojni trim \u00bbDO-TR-19\u00ab<br \/>\n<\/strong>DO-TR-19 \/ Dol, Borovik<\/p>\n<p><strong><a href=\"https:\/\/www.topohvar.at\/orte\/do\/do-tr-08-2\/\"><img loading=\"lazy\" decoding=\"async\" class=\"alignleft wp-image-24369\" src=\"https:\/\/www.topohvar.at\/wp-content\/uploads\/2019\/10\/do-tr-08-21-300x147.jpg\" alt=\"\" width=\"114\" height=\"56\" srcset=\"https:\/\/www.topohvar.at\/wp-content\/uploads\/2019\/10\/do-tr-08-21-300x147.jpg 300w, https:\/\/www.topohvar.at\/wp-content\/uploads\/2019\/10\/do-tr-08-21-768x377.jpg 768w, https:\/\/www.topohvar.at\/wp-content\/uploads\/2019\/10\/do-tr-08-21-1024x503.jpg 1024w, https:\/\/www.topohvar.at\/wp-content\/uploads\/2019\/10\/do-tr-08-21.jpg 1080w\" sizes=\"auto, (max-width: 114px) 100vw, 114px\" \/><\/a>Trim \u00bbDO-TR-08\u00ab<br \/>\n<\/strong>DO-TR-08 \/ Dol, na putu prema sv. Nikole<\/p>\n<p><strong><a href=\"https:\/\/www.topohvar.at\/orte\/do\/do-tr-03-2\/\"><img loading=\"lazy\" decoding=\"async\" class=\"alignleft wp-image-1988\" src=\"https:\/\/www.topohvar.at\/wp-content\/uploads\/2018\/08\/DO-TR-03-1-1024x503.jpg\" alt=\"\" width=\"114\" height=\"56\" srcset=\"https:\/\/www.topohvar.at\/wp-content\/uploads\/2018\/08\/DO-TR-03-1-1024x503.jpg 1024w, https:\/\/www.topohvar.at\/wp-content\/uploads\/2018\/08\/DO-TR-03-1-300x147.jpg 300w, https:\/\/www.topohvar.at\/wp-content\/uploads\/2018\/08\/DO-TR-03-1-768x377.jpg 768w\" sizes=\"auto, (max-width: 114px) 100vw, 114px\" \/><\/a>Trim \u00bbDO-TR-03\u00ab<br \/>\n<\/strong>DO-TR-03 \/ Dol, u blizini puta Stari Grad &#8211; Vrbanj<\/p>\n<p><strong><a href=\"https:\/\/www.topohvar.at\/orte\/do\/do-tr-05-2\/\"><img loading=\"lazy\" decoding=\"async\" class=\"alignleft wp-image-13109\" src=\"https:\/\/www.topohvar.at\/wp-content\/uploads\/2018\/12\/do-tr-05-15-1024x503.jpg\" alt=\"\" width=\"114\" height=\"56\" srcset=\"https:\/\/www.topohvar.at\/wp-content\/uploads\/2018\/12\/do-tr-05-15-1024x503.jpg 1024w, https:\/\/www.topohvar.at\/wp-content\/uploads\/2018\/12\/do-tr-05-15-300x147.jpg 300w, https:\/\/www.topohvar.at\/wp-content\/uploads\/2018\/12\/do-tr-05-15-768x377.jpg 768w, https:\/\/www.topohvar.at\/wp-content\/uploads\/2018\/12\/do-tr-05-15.jpg 1080w\" sizes=\"auto, (max-width: 114px) 100vw, 114px\" \/><\/a>Trim \u00bbDO-TR-05\u00ab<br \/>\n<\/strong>DO-TR-05 \/ Dol, na putu Stari Grad &#8211; Vrbanj<\/p>\n<p><strong><a href=\"https:\/\/www.topohvar.at\/orte\/do\/do-tr-07-2\/\"><img loading=\"lazy\" decoding=\"async\" class=\"alignleft wp-image-22334\" src=\"https:\/\/www.topohvar.at\/wp-content\/uploads\/2019\/05\/do-tr-07-22-1024x503.jpg\" alt=\"\" width=\"114\" height=\"56\" srcset=\"https:\/\/www.topohvar.at\/wp-content\/uploads\/2019\/05\/do-tr-07-22-1024x503.jpg 1024w, https:\/\/www.topohvar.at\/wp-content\/uploads\/2019\/05\/do-tr-07-22-300x147.jpg 300w, https:\/\/www.topohvar.at\/wp-content\/uploads\/2019\/05\/do-tr-07-22-768x377.jpg 768w, https:\/\/www.topohvar.at\/wp-content\/uploads\/2019\/05\/do-tr-07-22.jpg 1080w\" sizes=\"auto, (max-width: 114px) 100vw, 114px\" \/><\/a>Trim \u00bbDO-TR-07\u00ab<br \/>\n<\/strong>DO-TR-07 \/\u00a0Dol, u blizini puta Stari Grad &#8211; Vrbanj<\/p>\n<p><strong><a href=\"https:\/\/www.topohvar.at\/orte\/do\/do-tr-09-2\/\"><img loading=\"lazy\" decoding=\"async\" class=\"alignleft wp-image-1994\" src=\"https:\/\/www.topohvar.at\/wp-content\/uploads\/2018\/08\/DO-TR-09-1-1024x503.jpg\" alt=\"\" width=\"114\" height=\"56\" srcset=\"https:\/\/www.topohvar.at\/wp-content\/uploads\/2018\/08\/DO-TR-09-1-1024x503.jpg 1024w, https:\/\/www.topohvar.at\/wp-content\/uploads\/2018\/08\/DO-TR-09-1-300x147.jpg 300w, https:\/\/www.topohvar.at\/wp-content\/uploads\/2018\/08\/DO-TR-09-1-768x377.jpg 768w\" sizes=\"auto, (max-width: 114px) 100vw, 114px\" \/><\/a>Trim \u00bbDO-TR-09\u00ab<br \/>\n<\/strong>DO-TR-09 \/ Dol, u blizini puta Stari Grad &#8211; Vrbanj<\/p>\n<p><strong><a href=\"https:\/\/www.topohvar.at\/orte\/do\/do-tr-11-2\/\"><img loading=\"lazy\" decoding=\"async\" class=\"alignleft wp-image-13128\" src=\"https:\/\/www.topohvar.at\/wp-content\/uploads\/2018\/12\/do-tr-11-11-1024x503.jpg\" alt=\"\" width=\"114\" height=\"56\" srcset=\"https:\/\/www.topohvar.at\/wp-content\/uploads\/2018\/12\/do-tr-11-11-1024x503.jpg 1024w, https:\/\/www.topohvar.at\/wp-content\/uploads\/2018\/12\/do-tr-11-11-300x147.jpg 300w, https:\/\/www.topohvar.at\/wp-content\/uploads\/2018\/12\/do-tr-11-11-768x377.jpg 768w, https:\/\/www.topohvar.at\/wp-content\/uploads\/2018\/12\/do-tr-11-11.jpg 1080w\" sizes=\"auto, (max-width: 114px) 100vw, 114px\" \/><\/a>Trim \u00bbDO-TR-11\u00ab<br \/>\n<\/strong>DO-TR-11 \/\u00a0Dol, u blizini puta Stari Grad &#8211; Vrbanj<\/p>\n<p><strong><a href=\"https:\/\/www.topohvar.at\/orte\/do\/do-tr-15-2\/\"><img loading=\"lazy\" decoding=\"async\" class=\"alignleft wp-image-2000\" src=\"https:\/\/www.topohvar.at\/wp-content\/uploads\/2018\/08\/DO-TR-15-1-1024x503.jpg\" alt=\"\" width=\"114\" height=\"56\" srcset=\"https:\/\/www.topohvar.at\/wp-content\/uploads\/2018\/08\/DO-TR-15-1-1024x503.jpg 1024w, https:\/\/www.topohvar.at\/wp-content\/uploads\/2018\/08\/DO-TR-15-1-300x147.jpg 300w, https:\/\/www.topohvar.at\/wp-content\/uploads\/2018\/08\/DO-TR-15-1-768x377.jpg 768w\" sizes=\"auto, (max-width: 114px) 100vw, 114px\" \/><\/a>Trim \u00bbDO-TR-15\u00ab<br \/>\n<\/strong>DO-TR-15 \/ Dol, u blizini puta Stari Grad &#8211; Vrbanj<\/p>\n<p><strong><a href=\"https:\/\/www.topohvar.at\/orte\/do\/do-tr-12-2\/\"><img loading=\"lazy\" decoding=\"async\" class=\"alignleft wp-image-13137\" src=\"https:\/\/www.topohvar.at\/wp-content\/uploads\/2018\/12\/do-tr-12-12-1024x503.jpg\" alt=\"\" width=\"114\" height=\"56\" srcset=\"https:\/\/www.topohvar.at\/wp-content\/uploads\/2018\/12\/do-tr-12-12-1024x503.jpg 1024w, https:\/\/www.topohvar.at\/wp-content\/uploads\/2018\/12\/do-tr-12-12-300x147.jpg 300w, https:\/\/www.topohvar.at\/wp-content\/uploads\/2018\/12\/do-tr-12-12-768x377.jpg 768w, https:\/\/www.topohvar.at\/wp-content\/uploads\/2018\/12\/do-tr-12-12.jpg 1080w\" sizes=\"auto, (max-width: 114px) 100vw, 114px\" \/><\/a>Trim \u00bbDO-TR-12\u00ab<br \/>\n<\/strong>DO-TR-12 \/ Dol, Polje<\/p>\n<p><strong><a href=\"https:\/\/www.topohvar.at\/orte\/do\/do-tr-10-1\/\"><img loading=\"lazy\" decoding=\"async\" class=\"alignleft wp-image-13608\" src=\"https:\/\/www.topohvar.at\/wp-content\/uploads\/2018\/12\/sg-tr-b2-13-1024x503.jpg\" alt=\"\" width=\"114\" height=\"56\" srcset=\"https:\/\/www.topohvar.at\/wp-content\/uploads\/2018\/12\/sg-tr-b2-13-1024x503.jpg 1024w, https:\/\/www.topohvar.at\/wp-content\/uploads\/2018\/12\/sg-tr-b2-13-300x147.jpg 300w, https:\/\/www.topohvar.at\/wp-content\/uploads\/2018\/12\/sg-tr-b2-13-768x377.jpg 768w, https:\/\/www.topohvar.at\/wp-content\/uploads\/2018\/12\/sg-tr-b2-13.jpg 1080w\" sizes=\"auto, (max-width: 114px) 100vw, 114px\" \/><\/a>Trim \u00bbDO-TR-10\u00ab<br \/>\n<\/strong>DO-TR-10 \/ Dol, Polje, na glavnoj cesti<\/p>\n<p><strong><a href=\"https:\/\/www.topohvar.at\/orte\/do\/do-tr-13-2\/\"><img loading=\"lazy\" decoding=\"async\" class=\"alignleft wp-image-1998\" src=\"https:\/\/www.topohvar.at\/wp-content\/uploads\/2018\/08\/DO-TR-13-1-1024x503.jpg\" alt=\"\" width=\"114\" height=\"56\" srcset=\"https:\/\/www.topohvar.at\/wp-content\/uploads\/2018\/08\/DO-TR-13-1-1024x503.jpg 1024w, https:\/\/www.topohvar.at\/wp-content\/uploads\/2018\/08\/DO-TR-13-1-300x147.jpg 300w, https:\/\/www.topohvar.at\/wp-content\/uploads\/2018\/08\/DO-TR-13-1-768x377.jpg 768w\" sizes=\"auto, (max-width: 114px) 100vw, 114px\" \/><\/a>Trim \u00bbDO-TR-13\u00ab<br \/>\n<\/strong>DO-TR-13 \/ Dol, Polje<\/p>\n<p><strong><a href=\"https:\/\/www.topohvar.at\/orte\/do\/do-tr-14-2\/\"><img loading=\"lazy\" decoding=\"async\" class=\"alignleft wp-image-1999\" src=\"https:\/\/www.topohvar.at\/wp-content\/uploads\/2018\/08\/DO-TR-14-1-1024x503.jpg\" alt=\"\" width=\"114\" height=\"56\" srcset=\"https:\/\/www.topohvar.at\/wp-content\/uploads\/2018\/08\/DO-TR-14-1-1024x503.jpg 1024w, https:\/\/www.topohvar.at\/wp-content\/uploads\/2018\/08\/DO-TR-14-1-300x147.jpg 300w, https:\/\/www.topohvar.at\/wp-content\/uploads\/2018\/08\/DO-TR-14-1-768x377.jpg 768w\" sizes=\"auto, (max-width: 114px) 100vw, 114px\" \/><\/a>Trim \u00bbDO-TR-14\u00ab<br \/>\n<\/strong>DO-TR-14 \/ Dol, Polje<\/p>\n<p><strong><a href=\"https:\/\/www.topohvar.at\/orte\/do\/do-tr-06-2\/\"><img loading=\"lazy\" decoding=\"async\" class=\"alignleft wp-image-1991\" src=\"https:\/\/www.topohvar.at\/wp-content\/uploads\/2018\/08\/DO-TR-06-1-1024x503.jpg\" alt=\"\" width=\"114\" height=\"56\" srcset=\"https:\/\/www.topohvar.at\/wp-content\/uploads\/2018\/08\/DO-TR-06-1-1024x503.jpg 1024w, https:\/\/www.topohvar.at\/wp-content\/uploads\/2018\/08\/DO-TR-06-1-300x147.jpg 300w, https:\/\/www.topohvar.at\/wp-content\/uploads\/2018\/08\/DO-TR-06-1-768x377.jpg 768w\" sizes=\"auto, (max-width: 114px) 100vw, 114px\" \/><\/a>Trim \u00bbDO-TR-06\u00ab<br \/>\n<\/strong>DO-TR-06 \/ Dol, u blizini glavnoj cesti<a name=\"po\"><\/a><\/p>\n<p style=\"text-align: right;\"><a href=\"#seite_oben\"><span style=\"color: #3366ff;\">natrag na vrh \/ Seitenanfang<\/span><\/a><\/p>\n<hr \/>\n<h2><strong><span style=\"color: #ff0000;\">Povijesne znamenitosti \/ historisches<\/span><\/strong><\/h2>\n<p><strong><a href=\"https:\/\/www.topohvar.at\/orte\/do\/do-po-00-1\/\"><img loading=\"lazy\" decoding=\"async\" class=\"alignleft wp-image-387 size-full\" src=\"https:\/\/www.topohvar.at\/wp-content\/uploads\/2018\/07\/00-00-00-1.jpg\" alt=\"\" width=\"114\" height=\"56\" \/><\/a>Popis arheolo\u0161ka nalazi\u0161ta<br \/>\n<\/strong>DO-PO-00 \/ Dol<\/p>\n<p><strong><a href=\"https:\/\/www.topohvar.at\/orte\/do\/do-po-01-2\/\"><img loading=\"lazy\" decoding=\"async\" class=\"alignleft wp-image-2100\" src=\"https:\/\/www.topohvar.at\/wp-content\/uploads\/2018\/08\/DO-PO-01-1-1024x503.jpg\" alt=\"\" width=\"114\" height=\"56\" srcset=\"https:\/\/www.topohvar.at\/wp-content\/uploads\/2018\/08\/DO-PO-01-1-1024x503.jpg 1024w, https:\/\/www.topohvar.at\/wp-content\/uploads\/2018\/08\/DO-PO-01-1-300x147.jpg 300w, https:\/\/www.topohvar.at\/wp-content\/uploads\/2018\/08\/DO-PO-01-1-768x377.jpg 768w\" sizes=\"auto, (max-width: 114px) 100vw, 114px\" \/><\/a>Rimska villa rustica \u00bbKupinovik\u00ab<br \/>\n<\/strong>DO-PO-01 \/ Dol, Polje, Kupinovik<\/p>\n<p><strong><a href=\"https:\/\/www.topohvar.at\/orte\/do\/do-po-02-2\/\"><img loading=\"lazy\" decoding=\"async\" class=\"alignleft wp-image-46649\" src=\"https:\/\/www.topohvar.at\/wp-content\/uploads\/2021\/02\/do-po-02-1.jpg\" alt=\"\" width=\"114\" height=\"56\" srcset=\"https:\/\/www.topohvar.at\/wp-content\/uploads\/2021\/02\/do-po-02-1.jpg 1080w, https:\/\/www.topohvar.at\/wp-content\/uploads\/2021\/02\/do-po-02-1-300x147.jpg 300w, https:\/\/www.topohvar.at\/wp-content\/uploads\/2021\/02\/do-po-02-1-1024x503.jpg 1024w, https:\/\/www.topohvar.at\/wp-content\/uploads\/2021\/02\/do-po-02-1-768x377.jpg 768w\" sizes=\"auto, (max-width: 114px) 100vw, 114px\" \/><\/a>Ulomak iz rimskog doba<br \/>\n<\/strong>DO-PO-02 \/ Dol, \u0110urkovica &#8211; Rudina jama<\/p>\n<p style=\"text-align: right;\"><a href=\"#seite_oben\"><span style=\"color: #3366ff;\">natrag na vrh \/ Seitenanfang<\/span><\/a><\/p>\n","protected":false},"excerpt":{"rendered":"<p>Odaberite kategoriju \/ W\u00e4hlen Sie eine Kategorie aus\u00a0 \u00a0 \u00a0 \u00a0 \u00a0 \u00a0 Naselja \/ Siedlungen \/\/ Crkve \/ Kirchen \/\/ Kapele \/Kapellen \/\/ Kapelice \/Bildst\u00f6cke \/\/ Kri\u017eevi \/ Kreuze \/\/ Natpisi \/ Inschriften \/\/ Plo\u010de \/ Tafeln \/\/ Reljefi\/ &hellip; <a href=\"https:\/\/www.topohvar.at\/topo\/orte\/do\/\">Weiterlesen <span class=\"meta-nav\">&rarr;<\/span><\/a><\/p>\n","protected":false},"author":1,"featured_media":0,"parent":19357,"menu_order":0,"comment_status":"closed","ping_status":"closed","template":"","meta":{"footnotes":""},"class_list":["post-68","page","type-page","status-publish","hentry"],"_links":{"self":[{"href":"https:\/\/www.topohvar.at\/topo\/wp-json\/wp\/v2\/pages\/68","targetHints":{"allow":["GET"]}}],"collection":[{"href":"https:\/\/www.topohvar.at\/topo\/wp-json\/wp\/v2\/pages"}],"about":[{"href":"https:\/\/www.topohvar.at\/topo\/wp-json\/wp\/v2\/types\/page"}],"author":[{"embeddable":true,"href":"https:\/\/www.topohvar.at\/topo\/wp-json\/wp\/v2\/users\/1"}],"replies":[{"embeddable":true,"href":"https:\/\/www.topohvar.at\/topo\/wp-json\/wp\/v2\/comments?post=68"}],"version-history":[{"count":183,"href":"https:\/\/www.topohvar.at\/topo\/wp-json\/wp\/v2\/pages\/68\/revisions"}],"predecessor-version":[{"id":74035,"href":"https:\/\/www.topohvar.at\/topo\/wp-json\/wp\/v2\/pages\/68\/revisions\/74035"}],"up":[{"embeddable":true,"href":"https:\/\/www.topohvar.at\/topo\/wp-json\/wp\/v2\/pages\/19357"}],"wp:attachment":[{"href":"https:\/\/www.topohvar.at\/topo\/wp-json\/wp\/v2\/media?parent=68"}],"curies":[{"name":"wp","href":"https:\/\/api.w.org\/{rel}","templated":true}]}}