{"id":6800,"date":"2018-08-21T16:13:34","date_gmt":"2018-08-21T14:13:34","guid":{"rendered":"https:\/\/www.topohvar.at\/?page_id=6800"},"modified":"2024-11-24T14:47:28","modified_gmt":"2024-11-24T13:47:28","slug":"vj-tg-02-1","status":"publish","type":"page","link":"https:\/\/www.topohvar.at\/topo\/orte\/vj\/vj-tg-02-1\/","title":{"rendered":"VRBANJ &#8211; Zgrada javna \u00bb\u0160kola\u00ab"},"content":{"rendered":"<p><strong><img loading=\"lazy\" decoding=\"async\" class=\"alignnone wp-image-6629 size-large\" src=\"https:\/\/www.topohvar.at\/wp-content\/uploads\/2018\/08\/VJ-TG-02-0-1024x503.jpg\" alt=\"\" width=\"640\" height=\"314\" srcset=\"https:\/\/www.topohvar.at\/wp-content\/uploads\/2018\/08\/VJ-TG-02-0-1024x503.jpg 1024w, https:\/\/www.topohvar.at\/wp-content\/uploads\/2018\/08\/VJ-TG-02-0-300x147.jpg 300w, https:\/\/www.topohvar.at\/wp-content\/uploads\/2018\/08\/VJ-TG-02-0-768x377.jpg 768w, https:\/\/www.topohvar.at\/wp-content\/uploads\/2018\/08\/VJ-TG-02-0.jpg 1080w\" sizes=\"auto, (max-width: 640px) 100vw, 640px\" \/><\/strong><\/p>\n<p><strong>Ime \/ Name<br \/>\n<\/strong>Zgrada javna \u00bbOsnovna \u0161kola\u00ab \/ \u00d6ffentliches Geb\u00e4ude Grundschule<\/p>\n<p><strong>Code: <\/strong>VJ-TG-02\u00a0 \u00a0 \u00a0 \u00a0 \u00a0 \u00a0 \u00a0 \u00a0 \u00a0 \u00a0 \u00a0 \u00a0 \u00a0<strong>\u00a0 \u00a0 \u00a0 \u00a0 \u00a0<a href=\"https:\/\/www.topohvar.at\/orte\/vj\/vj-tg-01-1\/\"><img loading=\"lazy\" decoding=\"async\" class=\"alignnone wp-image-533 size-full\" src=\"https:\/\/www.topohvar.at\/wp-content\/uploads\/2018\/07\/push-l-30.jpg\" alt=\"\" width=\"61\" height=\"30\" \/><\/a>\u00a0<a href=\"https:\/\/www.topohvar.at\/orte\/vj\/\"><img loading=\"lazy\" decoding=\"async\" class=\"alignnone wp-image-535 size-full\" src=\"https:\/\/www.topohvar.at\/wp-content\/uploads\/2018\/07\/push-o-30.jpg\" alt=\"\" width=\"61\" height=\"30\" \/><\/a>\u00a0<a href=\"https:\/\/www.topohvar.at\/orte\/vj\/vj-tg-03-1\/\"><img loading=\"lazy\" decoding=\"async\" class=\"alignnone wp-image-536 size-full\" src=\"https:\/\/www.topohvar.at\/wp-content\/uploads\/2018\/07\/push-r-30.jpg\" alt=\"\" width=\"61\" height=\"30\" \/><\/a><\/strong><\/p>\n<hr \/>\n<p><strong>Adresa \/ Adresse<br \/>\n<\/strong>Vrbanj, Pjaca<\/p>\n<p><strong>Lokalna polo\u017eaj \/ Position<a href=\"https:\/\/goo.gl\/maps\/g3fXZRAbGc5FVF8E8\"><img loading=\"lazy\" decoding=\"async\" class=\"alignright wp-image-7055\" src=\"https:\/\/www.topohvar.at\/wp-content\/uploads\/2018\/08\/0889.jpg\" alt=\"\" width=\"134\" height=\"100\" \/><\/a><br \/>\n<\/strong><span style=\"color: #3366ff;\"><a style=\"color: #3366ff;\" href=\"https:\/\/goo.gl\/maps\/g3fXZRAbGc5FVF8E8\">Latitude: N 43,16584\u00b0\u00a0 \u00a0 Longitude: E 16,64325\u00b0\u00a0<\/a><\/span><strong><br \/>\n<\/strong>Visina \/ H\u00f6he: 90 m<\/p>\n<p><strong>Zemlji\u0161te \/ Grundst\u00fccke<br \/>\n<\/strong>*332<div class='content-column one_half'><div style=\"padding-right:6px;\"><p><strong>Datum snimanja \/ Erfassungsdatum<br \/>\n<\/strong>18.05.2014 15:40:00<\/p>\n<hr \/>\n<p><strong>Informacije<\/strong><\/p>\n<p>\u0160kola u Vrbanju postoji ve\u0107 od 1825 g a nastava se odvija u crkvenoj zgradi na Pjaci koja je gra\u0111ena u tri etape. Dana\u0161nji izgled dobiva krajem 19. st. Do 2. sv. rata to je bila onda uobi\u010dajena \u0161estogodi\u0161nja \u0161kola. Poslije oslobo\u0111enja u Vrbanju je otvorena osnovna \u0161kola sa dva kombinirana odjeljenja.<\/p><\/div><\/div><div class='content-column one_half last_column'><div style=\"padding-right:0px;padding-left:6px;\"><p><strong>Za\u0161titni polo\u017eaj \/ Schutzstellung<br \/>\n<\/strong>&#8211;<\/p>\n<hr \/>\n<p><strong>Info<\/strong><\/p>\n<p>Die Schule in Vrbanj besteht seit 1825 und der Unterricht findet im Kirchengeb\u00e4ude auf der Pjaca statt, das in drei Etappen errichtet wurde. Es erh\u00e4lt sein heutiges Aussehen am Ende des 19. Jahrhunderts. Bis zum 2. Weltkrieg gab es hier eine gemeinsame sechsj\u00e4hrige Schule. Nach dem Krieg wurde in Vrbanj eine Grundschule mit zwei kombinierten Klassen er\u00f6ffnet.<\/p><\/div><\/div><div class='clear_column'><\/div><div class='content-column one_half'><div style=\"padding-right:6px;\"><p>Ona 1947 prelazi u \u0161estogodi\u0161nju \u0161kolu sa jednim kombiniranim odjeljenjem ni\u017eih i jednim kombiniranim odjeljenjem vi\u0161ih razreda. Na zahtjev \u0161kolskog odbora 1958 g. \u0161estogodi\u0161nja \u0161kola prelazi u osmogodi\u0161nju \u0161kolu. Samostalna osmogodi\u0161nja \u0161kola Vrbanj 1968 postaje podru\u010dno odjeljenje osnovne \u0161kole Jelsa. 1976. godine svi\u0161ih razreda su ukinuti. U \u0161kolskoj godini 2017\/18 \u0161kolu poha\u0111a 21 dijete u dva kombinirana odjeljenja.<\/p><\/div><\/div><div class='content-column one_half last_column'><div style=\"padding-right:0px;padding-left:6px;\"><p>1947 wurde sie in eine sechsj\u00e4hrige Schule mit einer kombinierten unteren und einer kombinierten oberen Klasse ge\u00e4ndert. Auf Ersuchen der Schulbeh\u00f6rde wurde im Jahr 1958 die sechsj\u00e4hrige Schule in eine achtj\u00e4hrige Schule abge\u00e4ndert. Die bis dahin unabh\u00e4ngige achtj\u00e4hrige Schule wird im Jahr 1968 ein Zweig der Grundschule von Jelsa. Im Jahr 1976 werden die oberen Klassen abgeschafft. Im Schuljahr 2017\/18 besuchen 21 Kinder zwei kombinierte Klassen.<\/p><\/div><\/div><div class='clear_column'><\/div><\/p>\n<p><img loading=\"lazy\" decoding=\"async\" class=\"aligncenter wp-image-50443 size-medium\" src=\"https:\/\/www.topohvar.at\/wp-content\/uploads\/2021\/06\/vj-tg-02-10-300x217.jpg\" alt=\"\" width=\"300\" height=\"217\" srcset=\"https:\/\/www.topohvar.at\/wp-content\/uploads\/2021\/06\/vj-tg-02-10-300x217.jpg 300w, https:\/\/www.topohvar.at\/wp-content\/uploads\/2021\/06\/vj-tg-02-10-768x555.jpg 768w, https:\/\/www.topohvar.at\/wp-content\/uploads\/2021\/06\/vj-tg-02-10.jpg 841w\" sizes=\"auto, (max-width: 300px) 100vw, 300px\" \/><\/p>\n<hr \/>\n<p><strong>Linkovi \/ Links<\/strong><\/p>\n<p><span style=\"color: #3366ff;\"><a style=\"color: #3366ff;\" href=\"https:\/\/www.topohvar.at\/orte\/vj\/vj-ig-01-1\/\">Grb \u00bbRepublike Hrvatske\u00ab \/ Wappen der Republik Kroatien<\/a><br \/>\n<\/span><span style=\"color: #3366ff;\"><a style=\"color: #3366ff;\" href=\"https:\/\/www.topohvar.at\/orte\/vj\/vj-is-04-1\/\">Spomen plo\u010da \u00bbAkciji razoru\u017eanja \u017eandarmerijske stanice\u00ab \/ Gedenktafel an die Entwaffnung der Gendarmeriestation<\/a><\/span><\/p>\n","protected":false},"excerpt":{"rendered":"<p>Ime \/ Name Zgrada javna \u00bbOsnovna \u0161kola\u00ab \/ \u00d6ffentliches Geb\u00e4ude Grundschule Code: VJ-TG-02\u00a0 \u00a0 \u00a0 \u00a0 \u00a0 \u00a0 \u00a0 \u00a0 \u00a0 \u00a0 \u00a0 \u00a0 \u00a0\u00a0 \u00a0 \u00a0 \u00a0 \u00a0\u00a0\u00a0 Adresa \/ Adresse Vrbanj, Pjaca Lokalna polo\u017eaj \/ Position Latitude: N &hellip; <a href=\"https:\/\/www.topohvar.at\/topo\/orte\/vj\/vj-tg-02-1\/\">Weiterlesen <span class=\"meta-nav\">&rarr;<\/span><\/a><\/p>\n","protected":false},"author":1,"featured_media":0,"parent":111,"menu_order":0,"comment_status":"closed","ping_status":"closed","template":"","meta":{"footnotes":""},"class_list":["post-6800","page","type-page","status-publish","hentry"],"_links":{"self":[{"href":"https:\/\/www.topohvar.at\/topo\/wp-json\/wp\/v2\/pages\/6800","targetHints":{"allow":["GET"]}}],"collection":[{"href":"https:\/\/www.topohvar.at\/topo\/wp-json\/wp\/v2\/pages"}],"about":[{"href":"https:\/\/www.topohvar.at\/topo\/wp-json\/wp\/v2\/types\/page"}],"author":[{"embeddable":true,"href":"https:\/\/www.topohvar.at\/topo\/wp-json\/wp\/v2\/users\/1"}],"replies":[{"embeddable":true,"href":"https:\/\/www.topohvar.at\/topo\/wp-json\/wp\/v2\/comments?post=6800"}],"version-history":[{"count":13,"href":"https:\/\/www.topohvar.at\/topo\/wp-json\/wp\/v2\/pages\/6800\/revisions"}],"predecessor-version":[{"id":70550,"href":"https:\/\/www.topohvar.at\/topo\/wp-json\/wp\/v2\/pages\/6800\/revisions\/70550"}],"up":[{"embeddable":true,"href":"https:\/\/www.topohvar.at\/topo\/wp-json\/wp\/v2\/pages\/111"}],"wp:attachment":[{"href":"https:\/\/www.topohvar.at\/topo\/wp-json\/wp\/v2\/media?parent=6800"}],"curies":[{"name":"wp","href":"https:\/\/api.w.org\/{rel}","templated":true}]}}