{"id":68036,"date":"2024-06-04T18:36:46","date_gmt":"2024-06-04T16:36:46","guid":{"rendered":"https:\/\/www.topohvar.at\/topo\/?page_id=68036"},"modified":"2024-07-08T15:18:32","modified_gmt":"2024-07-08T13:18:32","slug":"id-tr-01-1","status":"publish","type":"page","link":"https:\/\/www.topohvar.at\/topo\/orte\/id\/id-tr-01-1\/","title":{"rendered":"IVAN DOLAC &#8211; Trim \u00bbID-TR-01\u00ab"},"content":{"rendered":"<p><a name=\"seite_oben\"><\/a><strong><img loading=\"lazy\" decoding=\"async\" class=\"alignnone wp-image-68037 size-full\" src=\"https:\/\/www.topohvar.at\/wp-content\/uploads\/2024\/06\/id-tr-01-1.jpg\" alt=\"\" width=\"1080\" height=\"530\" srcset=\"https:\/\/www.topohvar.at\/wp-content\/uploads\/2024\/06\/id-tr-01-1.jpg 1080w, https:\/\/www.topohvar.at\/wp-content\/uploads\/2024\/06\/id-tr-01-1-300x147.jpg 300w, https:\/\/www.topohvar.at\/wp-content\/uploads\/2024\/06\/id-tr-01-1-1024x503.jpg 1024w, https:\/\/www.topohvar.at\/wp-content\/uploads\/2024\/06\/id-tr-01-1-768x377.jpg 768w\" sizes=\"auto, (max-width: 1080px) 100vw, 1080px\" \/><\/strong><\/p>\n<p><strong>Ime \/ Name<br \/>\n<\/strong>Trim \u00bbID-TR-01\u00ab<\/p>\n<p><strong>Code: <\/strong>ID-TR-01\u00a0 \u00a0 \u00a0 \u00a0 \u00a0 \u00a0 \u00a0 \u00a0 \u00a0 \u00a0 \u00a0 \u00a0 \u00a0 \u00a0 \u00a0 \u00a0 <strong><a href=\"https:\/\/www.topohvar.at\/orte\/id\/\"><img loading=\"lazy\" decoding=\"async\" class=\"alignnone wp-image-535 size-full\" src=\"https:\/\/www.topohvar.at\/wp-content\/uploads\/2018\/07\/push-o-30.jpg\" alt=\"\" width=\"61\" height=\"30\" \/><\/a> <\/strong><\/p>\n<hr \/>\n<p><strong>Adresa \/ Adresse<br \/>\n<\/strong>Ivan Dolac 33, na zapadnom kraju sela \/ am westlichen Ortsende<\/p>\n<p><strong>Lokacija \/ Position<a href=\"https:\/\/maps.app.goo.gl\/aZGdVspMC41TMiuq8\"><img loading=\"lazy\" decoding=\"async\" class=\"alignright wp-image-68038\" src=\"https:\/\/www.topohvar.at\/wp-content\/uploads\/2024\/06\/4164.jpg\" alt=\"\" width=\"133\" height=\"100\" \/><\/a><br \/>\n<\/strong><a href=\"https:\/\/maps.app.goo.gl\/aZGdVspMC41TMiuq8\"><span style=\"color: #3366ff;\">Latitude: N 43,13017\u00b0\u00a0 \u00a0Longitude: E 16,63966\u00b0 <\/span><\/a><strong><br \/>\n<\/strong>Visina \/ H\u00f6he: 48 m<\/p>\n<p><strong>Katastarska \u010destica \/ Grundst\u00fccke<br \/>\n<\/strong>3088(Vrisnik)<div class='content-column one_half'><div style=\"padding-right:6px;\"><p><strong>Datum snimanja \/ Erfassungsdatum<br \/>\n<\/strong>21.05.2024 10:11:36<\/p>\n<hr \/>\n<p style=\"text-align: left;\"><strong>Informacije<\/strong><\/p>\n<p>Nije povijesni trim &#8211; vanjski oblik strukture podsje\u0107a na trima. Nalazi se na zapadnom ulazu u Ivan Dolac i \u010dini projektnu cjelinu s ulaznom kapijom na ulazu u posjed \u201cKolonjicha Dvori \u2013 Apartmani Perica\u201d.<\/p><\/div><\/div><div class='content-column one_half last_column'><div style=\"padding-right:0px;padding-left:6px;\"><p><strong>Stupanj za\u0161tite \/ Schutzstellung<br \/>\n<\/strong>&#8211;<\/p>\n<hr \/>\n<p><strong>Info\u00a0<\/strong><\/p>\n<p>Kein\u00a0 historischer Trim &#8211; das gemauerte Bauwerk hat in seiner \u00e4u\u00dferen Form \u00c4hnlichkeit mit einem Trim. Es befindet sich am westlichen Ortseingang zum Ort Ivan Dolac und bildet mit dem Einfahrtstor eine gestalterische Einheit am Zugang zur Liegenschaft \u201eKolonjicha Dvori \u2013 Perica Apartements\u201c.<\/p><\/div><\/div><div class='clear_column'><\/div><div class='content-column one_half'><div style=\"padding-right:6px;\"><p>Dana 21.05.2024 trim ID-TR-01 je posje\u0107en i ustanovljeno je sljede\u0107e:<\/p>\n<p>Lokacija: vrt<br \/>\nPodloga: nako\u0161ena<br \/>\nPovezan s: samostoje\u0107i, izoliran<br \/>\nUpotreba: upotrebi s mogu\u0107no\u0161\u0107u zaklju\u010davanja<br \/>\nStanje: vrlo dobro uzdr\u017eati<br \/>\nBroj stepenica trima: 1<br \/>\nDodatni kameni prsten: nema prstena<br \/>\nStepeni\u0161te: nema<br \/>\nOblik kamena: uglast<br \/>\nPodru\u010dje ispred ulaza: lako dostupno<br \/>\nOrijentacija ulaza: J (200\u00b0)<br \/>\nPromjer trima (cm): 350<br \/>\nVisina trima (cm): 280<br \/>\nVisina stepenica (cm): stepenica 1: 230 , stepenica 2: 270<br \/>\nDebljina zida (cm): ?<br \/>\n\u0160irina vrata (cm): 45<br \/>\nVisina vrata (cm): 190<br \/>\n\u0160irina unutra (cm): ?<br \/>\nVisina unutra (cm): ?<br \/>\nVolumen iznutra (m3): ?<br \/>\nNema ni\u0161e<\/p><\/div><\/div><div class='content-column one_half last_column'><div style=\"padding-right:0px;padding-left:6px;\"><p>Am 21.05.2024 wurde der Trim ID-TR-01 besucht und n\u00e4her untersucht:<\/p>\n<p>Standort: Garten<br \/>\nUntergrund: geneigt<br \/>\nVerbunden mit: freistehend<br \/>\nNutzung: genutzt,<br \/>\nverschlie\u00dfbar<br \/>\nZustand: sehr gut erhalten<br \/>\nAnzahl der Trimstufen: 1<br \/>\nZus\u00e4tzlicher Steinring: kein Steinring<br \/>\nStiege: keine<br \/>\nSteinform: kantig<br \/>\nEingangsbereich: frei<br \/>\nEingangsseite: S (200\u00b0)<br \/>\nTrimdurchmesser (cm): 350<br \/>\nTrimh\u00f6he (cm): 280<br \/>\nH\u00f6he der Trimstufen (cm): Stufe 1: 230 , Stufe 2: 270<br \/>\nWandst\u00e4rke (cm): ?<br \/>\nT\u00fcrbreite (cm): 45<br \/>\nT\u00fcrh\u00f6he (cm): 190<br \/>\nInnenraumbreite (cm): ?<br \/>\nInnenraumh\u00f6he (cm): ?<br \/>\nRaumvolumen (m3): ?<br \/>\nKeine Nische<\/p><\/div><\/div><div class='clear_column'><\/div><\/p>\n<p><img loading=\"lazy\" decoding=\"async\" class=\"aligncenter size-full wp-image-68992\" src=\"https:\/\/www.topohvar.at\/wp-content\/uploads\/2024\/07\/id-tr-01-scan.jpg\" alt=\"\" width=\"900\" height=\"1268\" srcset=\"https:\/\/www.topohvar.at\/wp-content\/uploads\/2024\/07\/id-tr-01-scan.jpg 900w, https:\/\/www.topohvar.at\/wp-content\/uploads\/2024\/07\/id-tr-01-scan-213x300.jpg 213w, https:\/\/www.topohvar.at\/wp-content\/uploads\/2024\/07\/id-tr-01-scan-727x1024.jpg 727w, https:\/\/www.topohvar.at\/wp-content\/uploads\/2024\/07\/id-tr-01-scan-768x1082.jpg 768w\" sizes=\"auto, (max-width: 900px) 100vw, 900px\" \/><\/p>\n<p style=\"text-align: right;\"><a href=\"#seite_oben\">natrag na vrh \/ Seitenanfang<\/a><\/p>\n<hr \/>\n<p><strong>Linkovi \/ Links<\/strong><\/p>\n<p><span style=\"color: #3366ff;\">&#8211;<\/span><\/p>\n","protected":false},"excerpt":{"rendered":"<p>Ime \/ Name Trim \u00bbID-TR-01\u00ab Code: ID-TR-01\u00a0 \u00a0 \u00a0 \u00a0 \u00a0 \u00a0 \u00a0 \u00a0 \u00a0 \u00a0 \u00a0 \u00a0 \u00a0 \u00a0 \u00a0 \u00a0 Adresa \/ Adresse Ivan Dolac 33, na zapadnom kraju sela \/ am westlichen Ortsende Lokacija \/ Position Latitude: &hellip; <a href=\"https:\/\/www.topohvar.at\/topo\/orte\/id\/id-tr-01-1\/\">Weiterlesen <span class=\"meta-nav\">&rarr;<\/span><\/a><\/p>\n","protected":false},"author":1,"featured_media":0,"parent":83,"menu_order":0,"comment_status":"closed","ping_status":"closed","template":"","meta":{"footnotes":""},"class_list":["post-68036","page","type-page","status-publish","hentry"],"_links":{"self":[{"href":"https:\/\/www.topohvar.at\/topo\/wp-json\/wp\/v2\/pages\/68036","targetHints":{"allow":["GET"]}}],"collection":[{"href":"https:\/\/www.topohvar.at\/topo\/wp-json\/wp\/v2\/pages"}],"about":[{"href":"https:\/\/www.topohvar.at\/topo\/wp-json\/wp\/v2\/types\/page"}],"author":[{"embeddable":true,"href":"https:\/\/www.topohvar.at\/topo\/wp-json\/wp\/v2\/users\/1"}],"replies":[{"embeddable":true,"href":"https:\/\/www.topohvar.at\/topo\/wp-json\/wp\/v2\/comments?post=68036"}],"version-history":[{"count":12,"href":"https:\/\/www.topohvar.at\/topo\/wp-json\/wp\/v2\/pages\/68036\/revisions"}],"predecessor-version":[{"id":69100,"href":"https:\/\/www.topohvar.at\/topo\/wp-json\/wp\/v2\/pages\/68036\/revisions\/69100"}],"up":[{"embeddable":true,"href":"https:\/\/www.topohvar.at\/topo\/wp-json\/wp\/v2\/pages\/83"}],"wp:attachment":[{"href":"https:\/\/www.topohvar.at\/topo\/wp-json\/wp\/v2\/media?parent=68036"}],"curies":[{"name":"wp","href":"https:\/\/api.w.org\/{rel}","templated":true}]}}