{"id":6806,"date":"2018-08-21T16:17:52","date_gmt":"2018-08-21T14:17:52","guid":{"rendered":"https:\/\/www.topohvar.at\/?page_id=6806"},"modified":"2020-03-04T18:35:57","modified_gmt":"2020-03-04T17:35:57","slug":"vj-tg-07-1","status":"publish","type":"page","link":"https:\/\/www.topohvar.at\/topo\/orte\/vj\/vj-tg-07-1\/","title":{"rendered":"VRBANJ &#8211; Rodna ku\u0107a \u00bbAnte Tresi\u0107 Pavi\u010di\u0107a\u00ab"},"content":{"rendered":"<p><strong><img loading=\"lazy\" decoding=\"async\" class=\"alignnone wp-image-6634 size-large\" src=\"https:\/\/www.topohvar.at\/wp-content\/uploads\/2018\/08\/VJ-TG-07-0-1024x503.jpg\" alt=\"\" width=\"640\" height=\"314\" srcset=\"https:\/\/www.topohvar.at\/wp-content\/uploads\/2018\/08\/VJ-TG-07-0-1024x503.jpg 1024w, https:\/\/www.topohvar.at\/wp-content\/uploads\/2018\/08\/VJ-TG-07-0-300x147.jpg 300w, https:\/\/www.topohvar.at\/wp-content\/uploads\/2018\/08\/VJ-TG-07-0-768x377.jpg 768w, https:\/\/www.topohvar.at\/wp-content\/uploads\/2018\/08\/VJ-TG-07-0.jpg 1080w\" sizes=\"auto, (max-width: 640px) 100vw, 640px\" \/><\/strong><\/p>\n<p><strong>Ime \/ Name<br \/>\n<\/strong>Rodna ku\u0107a\u00a0 \/ Geburtshaus \u00bbAnte Tresi\u0107 Pavi\u010di\u0107\u00ab<\/p>\n<p><strong>Code: <\/strong>VJ-TG-07\u00a0 \u00a0 \u00a0 \u00a0 \u00a0 \u00a0 \u00a0 \u00a0<strong>\u00a0 \u00a0 \u00a0 \u00a0 \u00a0 \u00a0 \u00a0 \u00a0 \u00a0 \u00a0<a href=\"https:\/\/www.topohvar.at\/orte\/vj\/vj-tg-06-1\/\"><img loading=\"lazy\" decoding=\"async\" class=\"alignnone wp-image-533 size-full\" src=\"https:\/\/www.topohvar.at\/wp-content\/uploads\/2018\/07\/push-l-30.jpg\" alt=\"\" width=\"61\" height=\"30\" \/><\/a>\u00a0<a href=\"https:\/\/www.topohvar.at\/orte\/vj\/\"><img loading=\"lazy\" decoding=\"async\" class=\"alignnone wp-image-535 size-full\" src=\"https:\/\/www.topohvar.at\/wp-content\/uploads\/2018\/07\/push-o-30.jpg\" alt=\"\" width=\"61\" height=\"30\" \/><\/a>\u00a0<a href=\"https:\/\/www.topohvar.at\/orte\/vj\/vj-tg-08-1\/\"><img loading=\"lazy\" decoding=\"async\" class=\"alignnone wp-image-536 size-full\" src=\"https:\/\/www.topohvar.at\/wp-content\/uploads\/2018\/07\/push-r-30.jpg\" alt=\"\" width=\"61\" height=\"30\" \/><\/a><\/strong><\/p>\n<hr \/>\n<p><strong>Adresa \/ Adresse<br \/>\n<\/strong>Vrbanj<\/p>\n<p><strong>Lokalna polo\u017eaj \/ Position<a href=\"https:\/\/goo.gl\/maps\/QMWL18sxg6xvT31fA\"><img loading=\"lazy\" decoding=\"async\" class=\"alignright wp-image-7020\" src=\"https:\/\/www.topohvar.at\/wp-content\/uploads\/2018\/08\/0886.jpg\" alt=\"\" width=\"134\" height=\"100\" \/><\/a><br \/>\n<\/strong><span style=\"color: #3366ff;\"><a style=\"color: #3366ff;\" href=\"https:\/\/goo.gl\/maps\/QMWL18sxg6xvT31fA\">Latitude: N 43,16587\u00b0\u00a0 \u00a0 Longitude: E 16,64223\u00b0\u00a0<\/a><\/span><strong><br \/>\n<\/strong>Visina \/ H\u00f6he: 87 m<\/p>\n<p><strong>Zemlji\u0161te \/ Grundst\u00fccke<br \/>\n<\/strong>*407\/1?<div class='content-column one_half'><div style=\"padding-right:6px;\"><p><strong>Datum snimanja \/ Erfassungsdatum<br \/>\n<\/strong>09.05.2016 16:12:00<\/p>\n<hr \/>\n<p><strong>Informacije<\/strong><\/p>\n<p>U ovoj ku\u0107i se rodio 10. Srpnja 1867 Ante Tresi\u0107 Pavi\u010di\u0107, hrvatski kni\u017eevnik. Umro 26.10.1949. u Splizu.<\/p><\/div><\/div><div class='content-column one_half last_column'><div style=\"padding-right:0px;padding-left:6px;\"><p><strong>Za\u0161titni polo\u017eaj \/ Schutzstellung<br \/>\n<\/strong>&#8211;<\/p>\n<hr \/>\n<p><strong>Info<\/strong><\/p>\n<p>In diesem Haus wurde am 10. Juli 1867 der kroatische Schriftsteller Ante Tresi\u0107 Pavi\u010di\u0107 geboren. Gestorben ist er am 26.Oktober 1949 in Split.<\/p><\/div><\/div><div class='clear_column'><\/div><\/p>\n<hr \/>\n<p><strong>Linkovi \/ Links<\/strong><\/p>\n<p><span style=\"color: #3366ff;\"><a style=\"color: #3366ff;\" href=\"https:\/\/www.topohvar.at\/orte\/vj\/vj-is-01-1\/\">Spomen plo\u010da \/ Gedenktafel \u00bbAnte Tresi\u0107 Pavi\u010di\u0107\u00ab<\/a><\/span><\/p>\n","protected":false},"excerpt":{"rendered":"<p>Ime \/ Name Rodna ku\u0107a\u00a0 \/ Geburtshaus \u00bbAnte Tresi\u0107 Pavi\u010di\u0107\u00ab Code: VJ-TG-07\u00a0 \u00a0 \u00a0 \u00a0 \u00a0 \u00a0 \u00a0 \u00a0\u00a0 \u00a0 \u00a0 \u00a0 \u00a0 \u00a0 \u00a0 \u00a0 \u00a0 \u00a0\u00a0\u00a0 Adresa \/ Adresse Vrbanj Lokalna polo\u017eaj \/ Position Latitude: N 43,16587\u00b0\u00a0 \u00a0 &hellip; <a href=\"https:\/\/www.topohvar.at\/topo\/orte\/vj\/vj-tg-07-1\/\">Weiterlesen <span class=\"meta-nav\">&rarr;<\/span><\/a><\/p>\n","protected":false},"author":1,"featured_media":0,"parent":111,"menu_order":0,"comment_status":"closed","ping_status":"closed","template":"","meta":{"footnotes":""},"class_list":["post-6806","page","type-page","status-publish","hentry"],"_links":{"self":[{"href":"https:\/\/www.topohvar.at\/topo\/wp-json\/wp\/v2\/pages\/6806","targetHints":{"allow":["GET"]}}],"collection":[{"href":"https:\/\/www.topohvar.at\/topo\/wp-json\/wp\/v2\/pages"}],"about":[{"href":"https:\/\/www.topohvar.at\/topo\/wp-json\/wp\/v2\/types\/page"}],"author":[{"embeddable":true,"href":"https:\/\/www.topohvar.at\/topo\/wp-json\/wp\/v2\/users\/1"}],"replies":[{"embeddable":true,"href":"https:\/\/www.topohvar.at\/topo\/wp-json\/wp\/v2\/comments?post=6806"}],"version-history":[{"count":9,"href":"https:\/\/www.topohvar.at\/topo\/wp-json\/wp\/v2\/pages\/6806\/revisions"}],"predecessor-version":[{"id":32283,"href":"https:\/\/www.topohvar.at\/topo\/wp-json\/wp\/v2\/pages\/6806\/revisions\/32283"}],"up":[{"embeddable":true,"href":"https:\/\/www.topohvar.at\/topo\/wp-json\/wp\/v2\/pages\/111"}],"wp:attachment":[{"href":"https:\/\/www.topohvar.at\/topo\/wp-json\/wp\/v2\/media?parent=6806"}],"curies":[{"name":"wp","href":"https:\/\/api.w.org\/{rel}","templated":true}]}}