{"id":6808,"date":"2018-08-21T16:19:28","date_gmt":"2018-08-21T14:19:28","guid":{"rendered":"https:\/\/www.topohvar.at\/?page_id=6808"},"modified":"2023-06-08T17:28:16","modified_gmt":"2023-06-08T15:28:16","slug":"vj-tg-08-1","status":"publish","type":"page","link":"https:\/\/www.topohvar.at\/topo\/orte\/vj\/vj-tg-08-1\/","title":{"rendered":"VRBANJ &#8211; Ku\u0107a \u00bbMatij Ivani\u0107\u00ab"},"content":{"rendered":"<p><strong><img loading=\"lazy\" decoding=\"async\" class=\"alignnone wp-image-6635 size-large\" src=\"https:\/\/www.topohvar.at\/wp-content\/uploads\/2018\/08\/VJ-TG-08-0-1024x503.jpg\" alt=\"\" width=\"640\" height=\"314\" srcset=\"https:\/\/www.topohvar.at\/wp-content\/uploads\/2018\/08\/VJ-TG-08-0-1024x503.jpg 1024w, https:\/\/www.topohvar.at\/wp-content\/uploads\/2018\/08\/VJ-TG-08-0-300x147.jpg 300w, https:\/\/www.topohvar.at\/wp-content\/uploads\/2018\/08\/VJ-TG-08-0-768x377.jpg 768w, https:\/\/www.topohvar.at\/wp-content\/uploads\/2018\/08\/VJ-TG-08-0.jpg 1080w\" sizes=\"auto, (max-width: 640px) 100vw, 640px\" \/><\/strong><\/p>\n<p><strong>Ime \/ Name<br \/>\n<\/strong>Ku\u0107a \/ Haus \u00bbMatij Ivani\u0107\u00ab<\/p>\n<p><strong>Code: <\/strong>VJ-TG-08\u00a0 \u00a0 \u00a0 \u00a0 \u00a0 \u00a0 \u00a0 \u00a0<strong>\u00a0 \u00a0 \u00a0 \u00a0 \u00a0 \u00a0 \u00a0 \u00a0 \u00a0 \u00a0<a href=\"https:\/\/www.topohvar.at\/orte\/vj\/vj-tg-07-1\/\"><img loading=\"lazy\" decoding=\"async\" class=\"alignnone wp-image-533 size-full\" src=\"https:\/\/www.topohvar.at\/wp-content\/uploads\/2018\/07\/push-l-30.jpg\" alt=\"\" width=\"61\" height=\"30\" \/><\/a>\u00a0<a href=\"https:\/\/www.topohvar.at\/orte\/vj\/\"><img loading=\"lazy\" decoding=\"async\" class=\"alignnone wp-image-535 size-full\" src=\"https:\/\/www.topohvar.at\/wp-content\/uploads\/2018\/07\/push-o-30.jpg\" alt=\"\" width=\"61\" height=\"30\" \/><\/a>\u00a0<a href=\"https:\/\/www.topohvar.at\/orte\/vj\/vj-pk-01-1\/\"><img loading=\"lazy\" decoding=\"async\" class=\"alignnone wp-image-536 size-full\" src=\"https:\/\/www.topohvar.at\/wp-content\/uploads\/2018\/07\/push-r-30.jpg\" alt=\"\" width=\"61\" height=\"30\" \/><\/a><\/strong><\/p>\n<hr \/>\n<p><strong>Adresa \/ Adresse<br \/>\n<\/strong>Vrbanj, Kraljevi dvori<\/p>\n<p><strong>Lokalna polo\u017eaj \/ Position<a href=\"https:\/\/goo.gl\/maps\/toKoZDMaQ6n61cHB8\"><img loading=\"lazy\" decoding=\"async\" class=\"alignright wp-image-7028\" src=\"https:\/\/www.topohvar.at\/wp-content\/uploads\/2018\/08\/0888.jpg\" alt=\"\" width=\"134\" height=\"100\" \/><\/a><br \/>\n<\/strong><span style=\"color: #3366ff;\"><a style=\"color: #3366ff;\" href=\"https:\/\/goo.gl\/maps\/toKoZDMaQ6n61cHB8\">Latitude: N 43,16530\u00b0\u00a0 \u00a0 Longitude: E 16,64073\u00b0\u00a0<\/a><\/span><strong><br \/>\n<\/strong>Visina \/ H\u00f6he: 75 m<\/p>\n<p><strong>Zemlji\u0161te \/ Grundst\u00fccke<br \/>\n<\/strong>*509\/1<div class='content-column one_half'><div style=\"padding-right:6px;\"><p><strong>Datum snimanja \/ Erfassungsdatum<br \/>\n<\/strong>09.05.2016 16:23:00<\/p>\n<hr \/>\n<p><strong>Informacije<\/strong><\/p>\n<p><span style=\"font-family: 'PT Sans Narrow',serif; color: #333333;\"><strong>Matij Ivani\u0107<\/strong><\/span><\/p>\n<p>Na sredini kraljevskih dvora nalazi se ku\u0107a koja se smatra rodnom ku\u0107om Matija Ivani\u0107a, vo\u0111e pu\u010dkog ustanka na Hvaru u 16. stolje\u0107u. Gra\u0111ena je od priklesanog kamena neujedna\u010dene veli\u010dine, sastojala se od prizemlja i potkrovlja. Uru\u0161eno dvostre\u0161no drveno krovi\u0161te bilo je pokriveno kamenom plo\u010dom. Ulaz u prizemlje je lu\u010dni, izveden od radijalno postavljenih kamenih segmenata. Iznad ulaza je 1974. godine postavljena spomen plo\u010da.<\/p><\/div><\/div><div class='content-column one_half last_column'><div style=\"padding-right:0px;padding-left:6px;\"><p><strong>Za\u0161titni polo\u017eaj \/ Schutzstellung<br \/>\n<\/strong>Z-5013<\/p>\n<hr \/>\n<p><strong>Info<\/strong><\/p>\n<p style=\"background: white; vertical-align: baseline;\"><span style=\"font-family: 'PT Sans Narrow',serif; color: #333333;\"><strong>Matij Ivani\u0107<\/strong><\/span><\/p>\n<p>In der Mitte der &#8222;K\u00f6nigsh\u00f6fe&#8220; befindet sich ein Haus, das als Geburtshaus des Matij Ivani\u0107 gilt, dem Anf\u00fchrer des Volksaufstands in Hvar im 16. Jahrhundert. Es wurde aus behauenen Steinen von ungleicher Gr\u00f6\u00dfe errichtet, und besteht aus Erdgeschoss und Dachboden. Das eingest\u00fcrzte Satteldach war mit Steinplatten gedeckt. Der Eingang zum Erdgeschoss ist gew\u00f6lbt und besteht aus radial angeordneten Steinsegmenten. \u00dcber dem Eingang wurde 1974 eine Gedenktafel angebracht.<\/p><\/div><\/div><div class='clear_column'><\/div><div class='content-column one_half'><div style=\"padding-right:6px;\"><p>Matij Ivani\u0107 ro\u0111en je u Vrbanju oko 1445. godine. Matija Ivani\u0107, u dokumentima Matul Ivani\u0107, imao je svoju ku\u0107u u Vrboskoj 1468. g. (spomen plo\u010da). \u00a0Dao je poticaj za gradnju crkve na najvi\u0161em vrhu otoka, sv. Nikoli, 1487. g. Matij Ivani\u0107 umro je u Rimu 1523. godine.<\/p><\/div><\/div><div class='content-column one_half last_column'><div style=\"padding-right:0px;padding-left:6px;\"><p>Matij Ivani\u0107 wurde um das Jahr 1445 in Vrbanj geboren. Matij Ivani\u0107 hatte auch, nach Dokumenten des Matul Ivani\u0107 ein Haus in Vrboska im Jahr 1468 (Gedenktafel). Er gab 1487 den Ansto\u00df, die Kirche des hl. Nikolaus auf der Bergspitze der Insel zu bauen. Matij Ivani\u0107 starb im Jahr 1523 in Rom.<\/p><\/div><\/div><div class='clear_column'><\/div><\/p>\n<hr \/>\n<div class='content-column one_half'><div style=\"padding-right:6px;\"><p style=\"background: white; vertical-align: baseline;\"><strong><span style=\"font-family: 'PT Sans Narrow',serif; color: #333333;\">Kratka povijest pobune 1510.-1514. na Hvaru<\/span><\/strong><\/p><\/div><\/div><div class='content-column one_half last_column'><div style=\"padding-right:0px;padding-left:6px;\"><p style=\"background: white; vertical-align: baseline;\"><strong><span style=\"font-family: 'PT Sans Narrow',serif; color: #333333;\">Eine kurze Geschichte der Revolte von 1510 bis 1514 auf Hvar<\/span><\/strong><\/p><\/div><\/div><div class='clear_column'><\/div><div class='content-column one_half'><div style=\"padding-right:6px;\"><p style=\"background: white; vertical-align: baseline;\"><span style=\"font-family: 'PT Sans Narrow',serif; color: #333333;\">Mleta\u010dka republika vladala je Dalmacijom i njezinim ve\u0107inskim hrvatskim stanovni\u0161tvom od 1420. godine i imenovala mleta\u010dku plemi\u0107u (zvanu grof) za upravljanje gradskim op\u0107inama, \u010dime je oduzela najva\u017enije autonomno pravo lokalnog stanovni\u0161tva. Lokalna plemi\u0107ka vije\u0107a gradova ipak su imala autoritet u upravljanju ve\u0107inom lokalnih pitanja.<\/span><\/p><\/div><\/div><div class='content-column one_half last_column'><div style=\"padding-right:0px;padding-left:6px;\"><p style=\"background: white; vertical-align: baseline;\"><span style=\"font-family: 'PT Sans Narrow',serif; color: #333333;\">Die venezianische Republik regierte Dalmatien und die Mehrheit der kroatischen Bev\u00f6lkerung seit 1420 und ernannte einen venezianischen Adligen (einen Grafen) als Leiter der Stadtgemeinden, wodurch das wichtigste autonome Recht der lokalen Bev\u00f6lkerung aufgehoben wurde. Die \u00f6rtlichen Adelsr\u00e4te der St\u00e4dte waren jedoch nach wie vor f\u00fcr die Regelung der meisten \u00f6rtlichen Angelegenheiten zust\u00e4ndig.<\/span><\/p><\/div><\/div><div class='clear_column'><\/div><div class='content-column one_half'><div style=\"padding-right:6px;\"><p style=\"background: white; vertical-align: baseline;\"><span style=\"font-family: 'PT Sans Narrow',serif; color: #333333;\">Ve\u0107 u 15. stolje\u0107u, gra\u0111ani grada Hvara formirali su takozvana gra\u0111anska vije\u0107a i tra\u017eili neke vladine urede, kao i ovlasti u vladi. Tvrdo odbijanje ovih opetovanih zahtjeva bio je prvi uzrok koji je pobudio pobunu.\u00a0<\/span><\/p><\/div><\/div><div class='content-column one_half last_column'><div style=\"padding-right:0px;padding-left:6px;\"><p>Bereits im 15. Jahrhundert bildeten die B\u00fcrger der Stadt Hvar die sogenannten B\u00fcrgerr\u00e4te und forderten einige Regierungs\u00e4mter sowie Autorit\u00e4t in der Regierung.\u00a0<span style=\"font-family: 'PT Sans Narrow',serif; color: #333333;\">Die stumpfe Ablehnung dieser wiederholten Forderungen war der erste Grund, der den Aufstand ausl\u00f6ste.<\/span><\/p><\/div><\/div><div class='clear_column'><\/div><div class='content-column one_half'><div style=\"padding-right:6px;\"><p><span style=\"font-family: 'PT Sans Narrow',serif; color: #333333;\">Drugo je bilo grozno pona\u0161anje plemi\u0107a prema gra\u0111anskim \u017eenama, \u0161to je uklju\u010divalo i silovanje. Njihovi mu\u017eevi i o\u010devi nisu bili u stanju sprije\u010diti ili kazniti po\u010dinitelje.\u00a0<\/span><\/p><\/div><\/div><div class='content-column one_half last_column'><div style=\"padding-right:0px;padding-left:6px;\"><p style=\"background: white; vertical-align: baseline;\"><span style=\"font-family: 'PT Sans Narrow',serif; color: #333333;\">Der zweite war das entsetzliche Verhalten der Adligen gegen\u00fcber den Frauen der B\u00fcrger, einschlie\u00dflich Vergewaltigung. Ihre Ehem\u00e4nner und V\u00e4ter waren nicht in der Lage, die T\u00e4ter zu verfolgen oder zu bestrafen.<\/span><\/p><\/div><\/div><div class='clear_column'><\/div><div class='content-column one_half'><div style=\"padding-right:6px;\"><p style=\"background: white; vertical-align: baseline;\"><span style=\"font-family: 'PT Sans Narrow',serif; color: #333333;\">Drugi uzrok je porast obitelji bogatih gra\u0111ana koji su \u017eeljeli ve\u0107i utjecaj.<\/span><\/p><\/div><\/div><div class='content-column one_half last_column'><div style=\"padding-right:0px;padding-left:6px;\"><p style=\"background: white; vertical-align: baseline;\"><span style=\"font-family: 'PT Sans Narrow',serif; color: #333333;\">Ein weiterer Grund war der Aufstieg von Familien wohlhabender B\u00fcrger, die gr\u00f6\u00dferen Einfluss w\u00fcnschten.<\/span><\/p><\/div><\/div><div class='clear_column'><\/div><div class='content-column one_half'><div style=\"padding-right:6px;\"><p>Kako bi osigurali svoju vlast, lokalni plemi\u0107i uspostavljaju zakon kojim se zabranjuje izbor u vladaju\u0107e vije\u0107e onome \u010diji otac ili djed nisu bili njegovi \u010dlanovi. Ova legalizirana oligarhija proglasila se bo\u017ejom institucijom i donijela kaznene zakone koji uvelike diskriminiraju obi\u010dne gra\u0111ane.<\/p><\/div><\/div><div class='content-column one_half last_column'><div style=\"padding-right:0px;padding-left:6px;\"><p style=\"background: white; vertical-align: baseline;\"><span style=\"font-family: 'PT Sans Narrow',serif; color: #333333;\">Um ihre Macht zu sichern, erlie\u00dfen die \u00f6rtlichen Adligen ein Gesetz, das die Wahl von Personen in den Rat verbietet, deren Vater oder Gro\u00dfvater nicht ihr Mitglied war. Diese legalisierte Oligarchie erkl\u00e4rte sich selbst zur Institution Gottes und verabschiedete Strafgesetze, die die einfachen B\u00fcrger stark diskriminierten.<\/span><\/p><\/div><\/div><div class='clear_column'><\/div><div class='content-column one_half'><div style=\"padding-right:6px;\"><p style=\"background: white; vertical-align: baseline;\"><span style=\"font-family: 'PT Sans Narrow',serif; color: #333333;\">Plemstvo je po\u0161lo po srednjovjekovnom principu zastra\u0161ivanja, kojim obi\u010dni ljudi imaju ve\u0107u vjerojatnost da \u0107e po\u010diniti zlo\u010dine i da zli ljudi, koji \u0107e ih ionako po\u010diniti, mogu zastra\u0161iti samo u poslu\u0161nosti. Zbog toga se \u010dinilo kao da su svi obi\u010dni gra\u0111ani potencijalno zli, pa bi ih trebalo imati na umu.<\/span><\/p><\/div><\/div><div class='content-column one_half last_column'><div style=\"padding-right:0px;padding-left:6px;\"><p style=\"background: white; vertical-align: baseline;\"><span style=\"font-family: 'PT Sans Narrow',serif; color: #333333;\">Der Adel ging von dem mittelalterlichen Prinzip der Einsch\u00fcchterung aus, durch das gew\u00f6hnliche Menschen eher Verbrechen begehen, und dass b\u00f6se Menschen, die sie sowieso begehen werden, nur durch Gehorsam eingesch\u00fcchtert werden k\u00f6nnen. Dies lie\u00df den Anschein erwecken, als w\u00e4ren alle normalen B\u00fcrger potenziell b\u00f6se und sollten in diesem Sinne behandelt werden.<\/span><\/p><\/div><\/div><div class='clear_column'><\/div><div class='content-column one_half'><div style=\"padding-right:6px;\"><p style=\"background: white; vertical-align: baseline;\"><span style=\"font-family: 'PT Sans Narrow',serif; color: #333333;\">Ova pravna diskriminacija bila je jo\u0161 jedan odlu\u010duju\u0107i faktor pobune. Neposredni povod za ustanak bilo je nehumano pona\u0161anje nekoliko plemi\u0107a, me\u0111u kojima je bilo i silovanje nad gra\u0111anskim \u017eenama.<\/span><\/p><\/div><\/div><div class='content-column one_half last_column'><div style=\"padding-right:0px;padding-left:6px;\"><p style=\"background: white; vertical-align: baseline;\"><span style=\"font-family: 'PT Sans Narrow',serif; color: #333333;\">Diese rechtliche Diskriminierung war ein weiterer entscheidender Faktor f\u00fcr den Aufstand. Die unmittelbare Ursache f\u00fcr den Aufstand war das unmenschliche Verhalten mehrerer Adliger, zu denen auch die Vergewaltigung der Frauen der B\u00fcrger geh\u00f6rte.<\/span><\/p><\/div><\/div><div class='clear_column'><\/div><div class='content-column one_half'><div style=\"padding-right:6px;\"><p style=\"background: white; vertical-align: baseline;\"><span style=\"font-family: 'PT Sans Narrow',serif; color: #333333;\">Sveop\u0107i ustanak brzo je zahvatio otok, a predvodio ga je <strong>Matija Ivani\u0107<\/strong>, istaknuti gra\u0111anin Hvara.<\/span><\/p><\/div><\/div><div class='content-column one_half last_column'><div style=\"padding-right:0px;padding-left:6px;\"><p style=\"background: white; vertical-align: baseline;\"><span style=\"font-family: 'PT Sans Narrow',serif; color: #333333;\">Ein regelrechter Aufstand ergriff schnell die Insel, angef\u00fchrt von <strong>Matij Ivani\u0107<\/strong>, einem prominenten Hvarer B\u00fcrger.<\/span><\/p><\/div><\/div><div class='clear_column'><\/div><div class='content-column one_half'><div style=\"padding-right:6px;\"><p style=\"background: white; vertical-align: baseline;\"><span style=\"font-family: 'PT Sans Narrow',serif; color: #333333;\">Matij Ivani\u0107 ro\u0111en je u Vrbanju oko 1445. (?). Na njegovoj ku\u0107i jo\u0161 uvijek je spomen plo\u010da.<\/span><\/p><\/div><\/div><div class='content-column one_half last_column'><div style=\"padding-right:0px;padding-left:6px;\"><p>Matij Ivani\u0107 wurde um das Jahr 1445 (?) in Vrbanj geboren. Sein Haus kennzeichnet noch heute eine Gedenktafel.<\/p><\/div><\/div><div class='clear_column'><\/div><div class='content-column one_half'><div style=\"padding-right:6px;\"><p style=\"background: white; vertical-align: baseline;\"><span style=\"font-family: 'PT Sans Narrow',serif; color: #333333;\">S kontingentom naoru\u017eanih gra\u0111ana, Ivani\u0107 je provalio u grad i napao plemi\u0107e. Pogubio je neke i spalio njihove ku\u0107e, dok je druge zatvarao. Od hvarskog kneza zahtijevao je jednakost u oporezivanju i kaznenom pravu.<\/span><\/p><\/div><\/div><div class='content-column one_half last_column'><div style=\"padding-right:0px;padding-left:6px;\"><p style=\"background: white; vertical-align: baseline;\"><span style=\"font-family: 'PT Sans Narrow',serif; color: #333333;\">Mit einem Kontingent von bewaffneten B\u00fcrgern drang Ivani\u0107 in die Stadt Hvar ein und griff die Adligen an. Er richtete einige hin brannte ihre H\u00e4user nieder und sperrte andere ein. Er forderte von dem F\u00fcrsten von Hvar die Gleichberechtigung im Steuer- und Strafrecht.<\/span><\/p><\/div><\/div><div class='clear_column'><\/div><div class='content-column one_half'><div style=\"padding-right:6px;\"><p style=\"background: white; vertical-align: baseline;\"><span style=\"font-family: 'PT Sans Narrow',serif; color: #333333;\">Skupiv\u0161i 2000 naoru\u017eanih ljudi i 30 galija za patroliranje obalom i spre\u010davanje bijega plemi\u0107a u Veneciju, preuzeo je kontrolu nad otokom.<\/span><\/p><\/div><\/div><div class='content-column one_half last_column'><div style=\"padding-right:0px;padding-left:6px;\"><p style=\"background: white; vertical-align: baseline;\"><span style=\"font-family: 'PT Sans Narrow',serif; color: #333333;\">Nachdem er 2000 bewaffnete M\u00e4nner und 30 Galeeren versammelt hatte, um die K\u00fcste zu patrouillieren und die Flucht der Adligen nach Venedig zu verhindern, \u00fcbernahm er die Kontrolle \u00fcber die Insel.<\/span><\/p><\/div><\/div><div class='clear_column'><\/div><div class='content-column one_half'><div style=\"padding-right:6px;\"><p style=\"background: white; vertical-align: baseline;\"><span style=\"font-family: 'PT Sans Narrow',serif; color: #333333;\">U drugoj godini izdao je zahtjev Mleta\u010dkoj republici, zatra\u017eio je dozvolu za odr\u017eavanje vije\u0107a svih klasa u Hvaru, za stvaranje pravednije vlade. U pismu je bilo 20 pe\u010data i potpisa s jo\u0161 60 istaknutih gra\u0111ana koji su izrazili potporu. Istovremeno, gra\u0111ani su plemi\u0107e optu\u017eivali za nepravde i ne\u010dovje\u010dnosti i zahtijevali njihovu kaznu.<\/span><\/p><\/div><\/div><div class='content-column one_half last_column'><div style=\"padding-right:0px;padding-left:6px;\"><p style=\"background: white; vertical-align: baseline;\"><span style=\"font-family: 'PT Sans Narrow',serif; color: #333333;\">Im zweiten Jahr beantragte er bei der Venezianischen Republik die Erlaubnis, einen Rat aller Klassen in Hvar abzuhalten, um eine gerechtere Regierung zu bilden. Der Brief enthielt 20 Siegel und Unterschriften, wobei 60 prominente B\u00fcrger ihre Unterst\u00fctzung bekundeten. Gleichzeitig beschuldigten die B\u00fcrger die Adligen der Ungerechtigkeiten und Unmenschlichkeiten und forderten ihre Bestrafung.<\/span><\/p><\/div><\/div><div class='clear_column'><\/div><div class='content-column one_half'><div style=\"padding-right:6px;\"><p style=\"background: white; vertical-align: baseline;\"><span style=\"font-family: 'PT Sans Narrow',serif; color: #333333;\">\u00a0<\/span><span style=\"font-family: 'PT Sans Narrow',serif; color: #333333;\">Na po\u010detku sukoba, Mle\u010dani su zadr\u017eali izgled neutralnosti, vjerojatno zbog svog rata protiv lige Cambrai. Pozvali su obje strane u Veneciju, propu\u0161taju\u0107i to.<\/span><\/p><\/div><\/div><div class='content-column one_half last_column'><div style=\"padding-right:0px;padding-left:6px;\"><p style=\"background: white; vertical-align: baseline;\"><span style=\"font-family: 'PT Sans Narrow',serif; color: #333333;\">Zu Beginn des Konflikts zeigten sich die Venezianer neutral, wahrscheinlich aufgrund ihres Krieges gegen die Liga von Cambrai. Sie luden beide Seiten nach Venedig ein, ohne dass dies gelang.<\/span><\/p><\/div><\/div><div class='clear_column'><\/div><div class='content-column one_half'><div style=\"padding-right:6px;\"><p style=\"background: white; vertical-align: baseline;\"><span style=\"font-family: 'PT Sans Narrow',serif; color: #333333;\">Mle\u010dani su zbog zna\u010dajnog utjecaja Pobune na \u010ditavu Dalmaciju odlu\u010dno energi\u010dno krenuli u njezino zaklju\u010divanje. Giovanni Navagero (Zuane Navaiero) posljedi\u010dno je poslan na Hvar, gdje je uspio smiriti ustanak 1511. nepoznatim sredstvima, dok su pobunjenici i dalje dr\u017eali kontrolu nad otokom i nisu dopustili plemi\u0107ima da se vrate.<\/span><\/p><\/div><\/div><div class='content-column one_half last_column'><div style=\"padding-right:0px;padding-left:6px;\"><p style=\"background: white; vertical-align: baseline;\"><span style=\"font-family: 'PT Sans Narrow',serif; color: #333333;\">Aufgrund der erheblichen Auswirkungen der Rebellion auf ganz Dalmatien beschlossen die Venezianer, ihren Abschluss energisch fortzusetzen. Giovanni Navagero (Zuane Navaiero) wurde daraufhin nach Hvar geschickt, wo es ihm gelang, den Aufstand 1511 auf unbekannte Weise zu bes\u00e4nftigen, w\u00e4hrend die Rebellen noch die Kontrolle \u00fcber die Insel hatten und den Adligen nicht erlaubten, zur\u00fcckzukehren.<\/span><\/p><\/div><\/div><div class='clear_column'><\/div><div class='content-column one_half'><div style=\"padding-right:6px;\"><p style=\"background: white; vertical-align: baseline;\"><span style=\"font-family: 'PT Sans Narrow',serif; color: #333333;\">Me\u0111utim, krajem iste godine opet je do\u0161lo do nemira protiv Mle\u010dana u cijeloj Dalmaciji, koji su prijetili \u0161irenjem. Stoga je Venecija 1512. godine na Hvar poslala Sebastiana Giustinianija, iz obitelji Giustiniani, koji je grubom silom poku\u0161ao ugu\u0161iti ustanak. <\/span><\/p><\/div><\/div><div class='content-column one_half last_column'><div style=\"padding-right:0px;padding-left:6px;\"><p style=\"background: white; vertical-align: baseline;\"><span style=\"font-family: 'PT Sans Narrow',serif; color: #333333;\">Ende desselben Jahres kam es jedoch in ganz Dalmatien erneut zu Unruhen gegen die Venezianer, die sich auszubreiten drohten. Deshalb sandte Venedig 1512 Sebastiano Giustiniani aus der Familie Giustiniani nach Hvar, der versuchte, den Aufstand mit brachialer Gewalt niederzuschlagen.<\/span><\/p><\/div><\/div><div class='clear_column'><\/div><div class='content-column one_half'><div style=\"padding-right:6px;\"><p style=\"background: white; vertical-align: baseline;\"><span style=\"font-family: 'PT Sans Narrow',serif; color: #333333;\">Terorirao je gra\u0111ane pod svojom kontrolom, osudio je 69 u progonstvo i ponudio je na glavu Matiji Ivani\u0107u nagradu od 400 dukata. Smetao mu je, me\u0111utim, odlu\u010dnim porazom njegovih trupa od ruke Ivani\u0107evih snaga u blizini Jelse, drugog grada otoka. Pozvan je Sebastiano Giustiniani (Sebastian Justiniano), ali Mle\u010dani su poslali 15 ratnih galija pod zapovjedni\u0161tvom Simonea Capella da zaustave pobunu.<\/span><\/p><\/div><\/div><div class='content-column one_half last_column'><div style=\"padding-right:0px;padding-left:6px;\"><p style=\"background: white; vertical-align: baseline;\"><span style=\"font-family: 'PT Sans Narrow',serif; color: #333333;\">Er terrorisierte die unter seiner Kontrolle stehenden B\u00fcrger, verurteilte 69 zum Exil und bot eine Pr\u00e4mie von 400 Dukaten auf Matija Ivani\u0107s Kopf an. Dies wurde jedoch durch eine entscheidende Niederlage seiner Truppen durch die Streitkr\u00e4fte von Ivani\u0107 in der N\u00e4he von Jelsa, einer anderen Stadt auf der Insel, vereitelt. Sebastiano Giustiniani (Sebastian Justiniano) wurde zur\u00fcckgerufen, aber die Venezianer entsandten 15 Kriegsgaleeren unter dem Kommando von Simone Capello, um den Aufstand zu beenden.<\/span><\/p><\/div><\/div><div class='clear_column'><\/div><div class='content-column one_half'><div style=\"padding-right:6px;\"><p style=\"background: white; vertical-align: baseline;\"><span style=\"font-family: 'PT Sans Narrow',serif; color: #333333;\">Po dolasku Capello je uspio uni\u0161titi sve naoru\u017eane galije pobunjenika do listopada 1514., nadvladav\u0161i njihove kopnene snage tek nakon du\u017ee borbe. Nakon toga na svom je zastavi objesio 19 vo\u0111a pobune i odrezao jednu ruku i oko 10 drugih pobunjenika.<\/span><\/p><\/div><\/div><div class='content-column one_half last_column'><div style=\"padding-right:0px;padding-left:6px;\"><p style=\"background: white; vertical-align: baseline;\"><span style=\"font-family: 'PT Sans Narrow',serif; color: #333333;\">Nach seiner Ankunft gelang es Capello, bis Oktober 1514 alle bewaffneten Galeeren der Rebellen zu zerst\u00f6ren und ihre Landstreitkr\u00e4fte erst nach einem l\u00e4ngeren Kampf zu \u00fcberwinden. Anschlie\u00dfend h\u00e4ngte er 19 Anf\u00fchrer der Rebellion an seinem Flaggschiff auf und schnitt je eine Hand und stach je ein Auge von 10 anderen Rebellen ab.<\/span><\/p><\/div><\/div><div class='clear_column'><\/div><div class='content-column one_half'><div style=\"padding-right:6px;\"><p>Hvarska pobuna uni\u0161tena je, dok je Matija Ivani\u0107 uspio si\u0107i s otoka i napustiti mleta\u010dke zemlje. Nekoliko se puta bez uspjeha poku\u0161ao vratiti na Hvar, a kasnije se preselio u Italiju, gdje se u izvorima posljednji put spominje oko 1519.<\/p><\/div><\/div><div class='content-column one_half last_column'><div style=\"padding-right:0px;padding-left:6px;\"><p style=\"background: white; vertical-align: baseline;\"><span style=\"font-family: 'PT Sans Narrow',serif; color: #333333;\">Die Rebellion von Hvar wurde niedergeschlagen. Matija Ivani\u0107 gelang, es die Insel Hvar und venezianisches Land zu verlassen. Er versuchte mehrmals erfolglos nach Hvar zur\u00fcckzukehren und zog sp\u00e4ter nach Italien, wo er um 1519 zum letzten Mal urkundlich erw\u00e4hnt wurde. <\/span><\/p><\/div><\/div><div class='clear_column'><\/div><div class='content-column one_half'><div style=\"padding-right:6px;\"><p style=\"background: white; vertical-align: baseline;\"><span style=\"font-family: 'PT Sans Narrow',serif; color: #333333;\">Borbu za jednakost gra\u0111ana nastavio je nenasilnim sredstvima njegov sin Ivan Ivani\u0107 , i njegovo potomstvo.<\/span><\/p><\/div><\/div><div class='content-column one_half last_column'><div style=\"padding-right:0px;padding-left:6px;\"><p style=\"background: white; vertical-align: baseline;\"><span style=\"font-family: 'PT Sans Narrow',serif; color: #333333;\">Der Kampf um die Gleichberechtigung der B\u00fcrger wurde von seinem Sohn Ivan Ivani\u0107 und seinen Nachkommen gewaltfrei fortgesetzt.<\/span><\/p><\/div><\/div><div class='clear_column'><\/div><div class='content-column one_half'><div style=\"padding-right:6px;\"><p>Nova saznanja o \u017eivotu Matije Ivani\u0107a, koji se zaustavio 1519. godine u starim izvorima, nastavljaju se sve do njegove smrti 1523. &#8211; u gostinjskoj ku\u0107i svetog Jeronima u Rimu.<\/p><\/div><\/div><div class='content-column one_half last_column'><div style=\"padding-right:0px;padding-left:6px;\"><p>Neue Erkenntnisse \u00fcber Matij Ivani\u0107s Leben, das 1519 in den alten Quellen aufh\u00f6rte, setzen sich bis zu seinem Tod 1523 fort &#8211; im G\u00e4stehaus des Heiligen Hieronymus in Rom.<\/p><\/div><\/div><div class='clear_column'><\/div><div class='content-column one_half'><div style=\"padding-right:6px;\"><p>Nakon poraza, Ivani\u0107 je postao simbol slobode u okupiranim hrvatskim krajevima pod mleta\u010dkom vla\u0161\u0107u.<\/p><\/div><\/div><div class='content-column one_half last_column'><div style=\"padding-right:0px;padding-left:6px;\"><p>Nach der Niederlage wurde Ivani\u0107 zu einem Symbol der Freiheit in den durch die Venezianer besetzten kroatischen Gebieten.<\/p><\/div><\/div><div class='clear_column'><\/div><\/p>\n<hr \/>\n<p><strong>Linkovi \/ Links<\/strong><\/p>\n<p><span style=\"color: #3366ff;\"><a style=\"color: #3366ff;\" href=\"https:\/\/www.topohvar.at\/topo\/orte\/vj\/vj-aa-04-1\/\">Vrbanj &#8211; Ruralna cjelina \u00bbKraljevi dvori\u00ab \/ L\u00e4ndliche Einheit &#8222;K\u00f6nigsh\u00f6fe&#8220;<\/a><br \/>\n<a style=\"color: #3366ff;\" href=\"https:\/\/www.topohvar.at\/topo\/orte\/vj\/vj-is-03-1\/\">Vrbanj &#8211; Spomen plo\u010da \u00bbKu\u010da Matij Ivani\u0107a\u00ab \/ Gedenktafel Haus Matij Ivani\u0107<\/a>\u00a0<\/span><br \/>\n<span style=\"color: #3366ff;\"><a style=\"color: #3366ff;\" href=\"https:\/\/www.topohvar.at\/topo\/orte\/vj\/vj-tg-01-1\/\">Vrbanj &#8211; Ku\u0107a \u00bbDom Matij Ivani\u0107\u00ab \/ Kulturhaus Matij Ivani\u0107<\/a>\u00a0<\/span><br \/>\n<span style=\"color: #3366ff;\"><a style=\"color: #3366ff;\" href=\"https:\/\/www.topohvar.at\/topo\/orte\/vj\/vj-is-06-1\/\">Vrbanj &#8211; Spomen plo\u010da \u00bbMatij Ivani\u0107, na 444-tu godisnjicu pu\u010dana\u00ab \/ Gedenktafel Matij Ivani\u0107, zum 444. Jahrestag des Aufstandes<\/a>\u00a0<\/span><br \/>\n<span style=\"color: #3366ff;\"><a style=\"color: #3366ff;\" href=\"https:\/\/www.topohvar.at\/topo\/orte\/vj\/vj-is-05-1\/\">Vrbanj &#8211; Spomen plo\u010da \u00bbMatij Ivani\u0107, na 500-tu godisnjicu pu\u010dana\u00ab \/ Gedenktafel Matij Ivani\u0107, zum 500. Jahrestag des Aufstandes<\/a>\u00a0<\/span><br \/>\n<span style=\"color: #3366ff;\"><a style=\"color: #3366ff;\" href=\"https:\/\/www.topohvar.at\/topo\/orte\/vj\/vj-pu-01-1\/\">Vrbanj &#8211; Objekt \u00bbPut Matija Ivani\u0107a\u00ab \/ Ivani\u0107-Weg<\/a>\u00a0<\/span><br \/>\n<span style=\"color: #3366ff;\"><a style=\"color: #3366ff;\" href=\"https:\/\/www.topohvar.at\/topo\/orte\/vj\/vj-ip-01-1\/\">Vrbanj &#8211; Informativna plo\u010da \u00bbPut Matija Ivani\u0107a\u00ab \/ Infotafel Ivani\u0107-Weg<\/a><\/span><\/p>\n<p><a href=\"https:\/\/www.topohvar.at\/topo\/orte\/hv\/hv-is-12-1\/\"><span style=\"color: #3366ff;\">Hvar &#8211; Spomen plo\u010da \u00bbMatij Ivani\u0107\u00ab \/ Gedenktafel \u00bbMatij Ivani\u0107\u00ab<\/span><\/a><span style=\"color: #3366ff;\">\u00a0<\/span><br \/>\n<span style=\"color: #3366ff;\"><a style=\"color: #3366ff;\" href=\"https:\/\/www.topohvar.at\/topo\/orte\/hv\/hv-ci-03\/\">Hvar &#8211; Crkva \u00bbGospa Anuncijata\u00ab \/ Kirche Maria Verk\u00fcndigung<\/a>\u00a0<\/span><\/p>\n<p><span style=\"color: #3366ff;\"><a style=\"color: #3366ff;\" href=\"https:\/\/www.topohvar.at\/topo\/orte\/je\/je-is-05-1\/\">Jelsa &#8211; Spomen plo\u010da \u00bb\u0106eta Matij Ivani\u0107\u00ab \/ Gedenktafel Partisaneneinheit Matij Ivani\u0107<\/a>\u00a0<\/span><\/p>\n<p><span style=\"color: #3366ff;\"><a style=\"color: #3366ff;\" href=\"https:\/\/www.topohvar.at\/topo\/orte\/sg\/sg-is-08-2\/\">Stari Grad &#8211; Spomen plo\u010da \u00bbMatij Ivani\u0107, napad 1510\u00ab\/ Gedenktafel an den Aufstand des\u00a0Matij Ivani\u0107 im Jahr 1510<\/a><\/span><\/p>\n<p><span style=\"color: #3366ff;\"><a style=\"color: #3366ff;\" href=\"https:\/\/www.topohvar.at\/topo\/orte\/sv\/sv-cp-07-1\/\">Svir\u010de &#8211; Kapela \u00bbSv. Nikole od Planine\u00ab \/ Kapelle des hl. Nikolaus am Berg<\/a><\/span><\/p>\n<p><span style=\"color: #3366ff;\"><a style=\"color: #3366ff;\" href=\"https:\/\/www.topohvar.at\/topo\/orte\/va\/va-tg-05-1\/\">Vrboska &#8211; Ku\u0107a \u00bbMatije Ivani\u0107a\u00ab \/ Haus des\u00a0Matij Ivani\u0107<\/a>\u00a0<\/span><br \/>\n<span style=\"color: #3366ff;\"><a style=\"color: #3366ff;\" href=\"https:\/\/www.topohvar.at\/topo\/orte\/va\/va-is-02-1\/\">Vrboska &#8211; Spomen plo\u010da \u00bbKu\u0107a Matije Ivani\u0107a\u00ab \/ Gedenktafel Haus des Matij Ivani\u0107<\/a><\/span><\/p>\n","protected":false},"excerpt":{"rendered":"<p>Ime \/ Name Ku\u0107a \/ Haus \u00bbMatij Ivani\u0107\u00ab Code: VJ-TG-08\u00a0 \u00a0 \u00a0 \u00a0 \u00a0 \u00a0 \u00a0 \u00a0\u00a0 \u00a0 \u00a0 \u00a0 \u00a0 \u00a0 \u00a0 \u00a0 \u00a0 \u00a0\u00a0\u00a0 Adresa \/ Adresse Vrbanj, Kraljevi dvori Lokalna polo\u017eaj \/ Position Latitude: N 43,16530\u00b0\u00a0 \u00a0 &hellip; <a href=\"https:\/\/www.topohvar.at\/topo\/orte\/vj\/vj-tg-08-1\/\">Weiterlesen <span class=\"meta-nav\">&rarr;<\/span><\/a><\/p>\n","protected":false},"author":1,"featured_media":0,"parent":111,"menu_order":0,"comment_status":"closed","ping_status":"closed","template":"","meta":{"footnotes":""},"class_list":["post-6808","page","type-page","status-publish","hentry"],"_links":{"self":[{"href":"https:\/\/www.topohvar.at\/topo\/wp-json\/wp\/v2\/pages\/6808","targetHints":{"allow":["GET"]}}],"collection":[{"href":"https:\/\/www.topohvar.at\/topo\/wp-json\/wp\/v2\/pages"}],"about":[{"href":"https:\/\/www.topohvar.at\/topo\/wp-json\/wp\/v2\/types\/page"}],"author":[{"embeddable":true,"href":"https:\/\/www.topohvar.at\/topo\/wp-json\/wp\/v2\/users\/1"}],"replies":[{"embeddable":true,"href":"https:\/\/www.topohvar.at\/topo\/wp-json\/wp\/v2\/comments?post=6808"}],"version-history":[{"count":21,"href":"https:\/\/www.topohvar.at\/topo\/wp-json\/wp\/v2\/pages\/6808\/revisions"}],"predecessor-version":[{"id":62910,"href":"https:\/\/www.topohvar.at\/topo\/wp-json\/wp\/v2\/pages\/6808\/revisions\/62910"}],"up":[{"embeddable":true,"href":"https:\/\/www.topohvar.at\/topo\/wp-json\/wp\/v2\/pages\/111"}],"wp:attachment":[{"href":"https:\/\/www.topohvar.at\/topo\/wp-json\/wp\/v2\/media?parent=6808"}],"curies":[{"name":"wp","href":"https:\/\/api.w.org\/{rel}","templated":true}]}}