{"id":6834,"date":"2018-08-21T16:41:28","date_gmt":"2018-08-21T14:41:28","guid":{"rendered":"https:\/\/www.topohvar.at\/?page_id=6834"},"modified":"2020-11-21T20:01:27","modified_gmt":"2020-11-21T19:01:27","slug":"vj-tr-23-1","status":"publish","type":"page","link":"https:\/\/www.topohvar.at\/topo\/orte\/vj\/vj-tr-23-1\/","title":{"rendered":"VRBANJ &#8211; Trim \u00bbVJ-TR-23\u00ab"},"content":{"rendered":"<p><a name=\"seite_oben\"><\/a><br \/>\n<strong><img loading=\"lazy\" decoding=\"async\" class=\"alignnone wp-image-6654 size-large\" src=\"https:\/\/www.topohvar.at\/wp-content\/uploads\/2018\/08\/VJ-TR-23-0-1024x503.jpg\" alt=\"\" width=\"640\" height=\"314\" srcset=\"https:\/\/www.topohvar.at\/wp-content\/uploads\/2018\/08\/VJ-TR-23-0-1024x503.jpg 1024w, https:\/\/www.topohvar.at\/wp-content\/uploads\/2018\/08\/VJ-TR-23-0-300x147.jpg 300w, https:\/\/www.topohvar.at\/wp-content\/uploads\/2018\/08\/VJ-TR-23-0-768x377.jpg 768w, https:\/\/www.topohvar.at\/wp-content\/uploads\/2018\/08\/VJ-TR-23-0.jpg 1080w\" sizes=\"auto, (max-width: 640px) 100vw, 640px\" \/><\/strong><\/p>\n<p><strong>Ime \/ Name<br \/>\n<\/strong>Trim \u00bbVJ-TR-23\u00ab<\/p>\n<p><strong>Code: <\/strong>VJ-TR-23\u00a0 \u00a0 \u00a0 \u00a0 \u00a0 \u00a0 \u00a0 \u00a0<strong>\u00a0 \u00a0 \u00a0 \u00a0 \u00a0 \u00a0 \u00a0 \u00a0 \u00a0 <a href=\"https:\/\/www.topohvar.at\/orte\/vj\/vj-tr-00-1\/\"><img loading=\"lazy\" decoding=\"async\" class=\"alignnone wp-image-12300 size-full\" src=\"https:\/\/www.topohvar.at\/wp-content\/uploads\/2018\/09\/push-vor-30.jpg\" alt=\"\" width=\"61\" height=\"30\" \/><\/a> <a href=\"https:\/\/www.topohvar.at\/orte\/vj\/vj-tr-19-1\/\"><img loading=\"lazy\" decoding=\"async\" class=\"alignnone wp-image-533 size-full\" src=\"https:\/\/www.topohvar.at\/wp-content\/uploads\/2018\/07\/push-l-30.jpg\" alt=\"\" width=\"61\" height=\"30\" \/><\/a>\u00a0<a href=\"https:\/\/www.topohvar.at\/orte\/vj\/\"><img loading=\"lazy\" decoding=\"async\" class=\"alignnone wp-image-535 size-full\" src=\"https:\/\/www.topohvar.at\/wp-content\/uploads\/2018\/07\/push-o-30.jpg\" alt=\"\" width=\"61\" height=\"30\" \/><\/a>\u00a0<a href=\"https:\/\/www.topohvar.at\/orte\/vj\/vj-tr-24-1\/\"><img loading=\"lazy\" decoding=\"async\" class=\"alignnone wp-image-536 size-full\" src=\"https:\/\/www.topohvar.at\/wp-content\/uploads\/2018\/07\/push-r-30.jpg\" alt=\"\" width=\"61\" height=\"30\" \/><\/a><\/strong><\/p>\n<hr \/>\n<p><strong>Adresa \/ Adresse<br \/>\n<\/strong>Vrbanj,\u00a0Polje, Malo Blato<\/p>\n<p><strong>Lokalna polo\u017eaj \/ Position<a href=\"https:\/\/goo.gl\/maps\/YTMVx5TZ4pvvMa4E9\"><img loading=\"lazy\" decoding=\"async\" class=\"alignright wp-image-7207\" src=\"https:\/\/www.topohvar.at\/wp-content\/uploads\/2018\/08\/1059.jpg\" alt=\"\" width=\"133\" height=\"100\" \/><\/a><br \/>\n<\/strong><span style=\"color: #3366ff;\"><a style=\"color: #3366ff;\" href=\"https:\/\/goo.gl\/maps\/YTMVx5TZ4pvvMa4E9\">Latitude: N 43,18553\u00b0\u00a0 \u00a0 Longitude: E 16,64034\u00b0\u00a0<\/a><\/span><strong><br \/>\n<\/strong>Visina \/ H\u00f6he: 30 m<\/p>\n<p><strong>Zemlji\u0161te \/ Grundst\u00fccke<br \/>\n<\/strong>966\/1<div class='content-column one_half'><div style=\"padding-right:6px;\"><p><strong>Datum snimanja \/ Erfassungsdatum<br \/>\n<\/strong>10.05.2016 14:27:07<\/p>\n<hr \/>\n<p><strong>Informacije<\/strong><\/p>\n<p>Na dobro o\u010duvanoj trim u \u0161umi sjeverno od zra\u010dne luke, jasno je vidljiva velika pokrovna plo\u010da iznad kupole. U kru\u017enom interijeru nalazi se ni\u0161a<\/p><\/div><\/div><div class='content-column one_half last_column'><div style=\"padding-right:0px;padding-left:6px;\"><p><strong>Za\u0161titni polo\u017eaj \/ Schutzstellung<br \/>\n<\/strong>&#8211;<\/p>\n<hr \/>\n<p><strong>Info<\/strong><\/p>\n<p>Am gut erhaltenen Trim im Wald n\u00f6rdlich des Flugplatzes ist die gro\u00dfe Abdeckplatte \u00fcber der Kuppel gut zu sehen. Im kreisrunden Inneren befindet sich eine Nische.<\/p><\/div><\/div><div class='clear_column'><\/div><div class='content-column one_half'><div style=\"padding-right:6px;\"><div id=\"attachment_23162\" style=\"width: 310px\" class=\"wp-caption aligncenter\"><img loading=\"lazy\" decoding=\"async\" aria-describedby=\"caption-attachment-23162\" class=\"size-medium wp-image-23162\" src=\"https:\/\/www.topohvar.at\/wp-content\/uploads\/2019\/07\/vj-tr-23-12-300x300.jpg\" alt=\"\" width=\"300\" height=\"300\" srcset=\"https:\/\/www.topohvar.at\/wp-content\/uploads\/2019\/07\/vj-tr-23-12-300x300.jpg 300w, https:\/\/www.topohvar.at\/wp-content\/uploads\/2019\/07\/vj-tr-23-12-150x150.jpg 150w, https:\/\/www.topohvar.at\/wp-content\/uploads\/2019\/07\/vj-tr-23-12.jpg 450w\" sizes=\"auto, (max-width: 300px) 100vw, 300px\" \/><p id=\"caption-attachment-23162\" class=\"wp-caption-text\">Ulaz \/ Eingang<\/p><\/div>\n<p>Dana 02.05.2019 trim je posje\u0107en i prona\u0111en je sljede\u0107i<\/p>\n<p>Lokacija: \u0161uma<br \/>\nPodzemlje: sklon<br \/>\nSklop: kameni zid<br \/>\nUpotreba: malo se koristi<br \/>\nStanje izgradnje: dobro sa\u010duvan<br \/>\nBroj prstenova trima: jedan prsten<br \/>\nDodatni kameni prsten: nema kamenog prstena<br \/>\nStepeni\u0161te: nema stepenica<br \/>\nOblik kamena: uglast<br \/>\nPodru\u010dje ispred ulaza: lako dostupni<br \/>\nVrata na stranicu: S (350\u00b0)<br \/>\nPromjer trima (cm): 420<br \/>\nVisina trima (cm): 270<br \/>\nVisina prstena (cm): 200<br \/>\nDebljina zida (cm): 75<br \/>\n\u0160irina vrata (cm): 70<br \/>\nVisina vrata (cm): 120<br \/>\n\u0160irina unutra (cm): 270<br \/>\nVisina unutra (cm): 260<br \/>\nVolumen iznutra (m3): 9,76<br \/>\nni\u0161a 1 (P\/\u0160\/V\/D) (cm): 35 \/ 35 \/ 30 \/ 50<\/p><\/div><\/div><div class='content-column one_half last_column'><div style=\"padding-right:0px;padding-left:6px;\"><div id=\"attachment_23163\" style=\"width: 310px\" class=\"wp-caption aligncenter\"><img loading=\"lazy\" decoding=\"async\" aria-describedby=\"caption-attachment-23163\" class=\"size-medium wp-image-23163\" src=\"https:\/\/www.topohvar.at\/wp-content\/uploads\/2019\/07\/vj-tr-23-13-300x300.jpg\" alt=\"\" width=\"300\" height=\"300\" srcset=\"https:\/\/www.topohvar.at\/wp-content\/uploads\/2019\/07\/vj-tr-23-13-300x300.jpg 300w, https:\/\/www.topohvar.at\/wp-content\/uploads\/2019\/07\/vj-tr-23-13-150x150.jpg 150w, https:\/\/www.topohvar.at\/wp-content\/uploads\/2019\/07\/vj-tr-23-13.jpg 450w\" sizes=\"auto, (max-width: 300px) 100vw, 300px\" \/><p id=\"caption-attachment-23163\" class=\"wp-caption-text\">Poklopac \/ Abdeckplatte<\/p><\/div>\n<p>Am 02.05.2019 wurde der Trim besucht und untersucht<\/p>\n<p>Standort: Wald<br \/>\nUntergrund: geneigt<br \/>\nVerbunden mit: Steinmauer<br \/>\nNutzung: kaum genutzt<br \/>\nZustand: gut erhalten<br \/>\nRinge\/Stufen des Trim: einstufig<br \/>\nZus\u00e4tzlicher Steinring: kein Steinring<br \/>\nStiege: keine Stufen<br \/>\nSteinform: kantig<br \/>\nEingangsbereich: frei<br \/>\nEingangsseite: N (350\u00b0)<br \/>\nTrimdurchmesser (cm): 420<br \/>\nTrimh\u00f6he (cm): 270<br \/>\nStufen\/Ringh\u00f6he (cm): 200<br \/>\nWandst\u00e4rke: 75<br \/>\nT\u00fcrbreite (cm): 70<br \/>\nT\u00fcrh\u00f6he (cm): 120<br \/>\nInnenraumbreite (cm): 270<br \/>\nInnenraumh\u00f6he (cm): 260<br \/>\nRaumvolumen (m3): 9,76<br \/>\nNische 1 (P\/B\/H\/T) (cm): 35 \/ 35 \/ 30 \/ 50<\/p><\/div><\/div><div class='clear_column'><\/div><\/p>\n<p><img loading=\"lazy\" decoding=\"async\" class=\"aligncenter size-full wp-image-23164\" src=\"https:\/\/www.topohvar.at\/wp-content\/uploads\/2019\/07\/vj-tr-23-sca.jpg\" alt=\"\" width=\"640\" height=\"964\" srcset=\"https:\/\/www.topohvar.at\/wp-content\/uploads\/2019\/07\/vj-tr-23-sca.jpg 640w, https:\/\/www.topohvar.at\/wp-content\/uploads\/2019\/07\/vj-tr-23-sca-199x300.jpg 199w\" sizes=\"auto, (max-width: 640px) 100vw, 640px\" \/><\/p>\n<p style=\"text-align: right;\"><a href=\"#seite_oben\">gore \/ Seitenanfang<\/a><\/p>\n<hr \/>\n<p><strong>Linkovi \/ Links<\/strong><\/p>\n<p>&#8211;<\/p>\n","protected":false},"excerpt":{"rendered":"<p>Ime \/ Name Trim \u00bbVJ-TR-23\u00ab Code: VJ-TR-23\u00a0 \u00a0 \u00a0 \u00a0 \u00a0 \u00a0 \u00a0 \u00a0\u00a0 \u00a0 \u00a0 \u00a0 \u00a0 \u00a0 \u00a0 \u00a0 \u00a0 \u00a0\u00a0 Adresa \/ Adresse Vrbanj,\u00a0Polje, Malo Blato Lokalna polo\u017eaj \/ Position Latitude: N 43,18553\u00b0\u00a0 \u00a0 Longitude: E 16,64034\u00b0\u00a0 &hellip; <a href=\"https:\/\/www.topohvar.at\/topo\/orte\/vj\/vj-tr-23-1\/\">Weiterlesen <span class=\"meta-nav\">&rarr;<\/span><\/a><\/p>\n","protected":false},"author":1,"featured_media":0,"parent":111,"menu_order":0,"comment_status":"closed","ping_status":"closed","template":"","meta":{"footnotes":""},"class_list":["post-6834","page","type-page","status-publish","hentry"],"_links":{"self":[{"href":"https:\/\/www.topohvar.at\/topo\/wp-json\/wp\/v2\/pages\/6834","targetHints":{"allow":["GET"]}}],"collection":[{"href":"https:\/\/www.topohvar.at\/topo\/wp-json\/wp\/v2\/pages"}],"about":[{"href":"https:\/\/www.topohvar.at\/topo\/wp-json\/wp\/v2\/types\/page"}],"author":[{"embeddable":true,"href":"https:\/\/www.topohvar.at\/topo\/wp-json\/wp\/v2\/users\/1"}],"replies":[{"embeddable":true,"href":"https:\/\/www.topohvar.at\/topo\/wp-json\/wp\/v2\/comments?post=6834"}],"version-history":[{"count":10,"href":"https:\/\/www.topohvar.at\/topo\/wp-json\/wp\/v2\/pages\/6834\/revisions"}],"predecessor-version":[{"id":45273,"href":"https:\/\/www.topohvar.at\/topo\/wp-json\/wp\/v2\/pages\/6834\/revisions\/45273"}],"up":[{"embeddable":true,"href":"https:\/\/www.topohvar.at\/topo\/wp-json\/wp\/v2\/pages\/111"}],"wp:attachment":[{"href":"https:\/\/www.topohvar.at\/topo\/wp-json\/wp\/v2\/media?parent=6834"}],"curies":[{"name":"wp","href":"https:\/\/api.w.org\/{rel}","templated":true}]}}