{"id":696,"date":"2018-07-27T04:31:03","date_gmt":"2018-07-27T02:31:03","guid":{"rendered":"https:\/\/www.topohvar.at\/?page_id=696"},"modified":"2025-02-05T12:20:43","modified_gmt":"2025-02-05T11:20:43","slug":"bo-td-01-2","status":"publish","type":"page","link":"https:\/\/www.topohvar.at\/topo\/orte\/bo\/bo-td-01-2\/","title":{"rendered":"BOGOMOLJE &#8211; Kula \u00bbTurnji\u0107 na Kuku\u00ab"},"content":{"rendered":"<p><a name=\"seite_oben\"><\/a><br \/>\n<strong><img loading=\"lazy\" decoding=\"async\" class=\"alignleft wp-image-71050 size-full\" src=\"https:\/\/www.topohvar.at\/wp-content\/uploads\/2025\/02\/bo-td-01-1.jpg\" alt=\"\" width=\"1080\" height=\"530\" srcset=\"https:\/\/www.topohvar.at\/wp-content\/uploads\/2025\/02\/bo-td-01-1.jpg 1080w, https:\/\/www.topohvar.at\/wp-content\/uploads\/2025\/02\/bo-td-01-1-300x147.jpg 300w, https:\/\/www.topohvar.at\/wp-content\/uploads\/2025\/02\/bo-td-01-1-1024x503.jpg 1024w, https:\/\/www.topohvar.at\/wp-content\/uploads\/2025\/02\/bo-td-01-1-768x377.jpg 768w\" sizes=\"auto, (max-width: 1080px) 100vw, 1080px\" \/><\/strong><\/p>\n<p><strong>Ime \/ Name<br \/>\n<\/strong>Kula \u00bbTurnji\u0107 na Kuku\u00ab \/ Turm \u00bbTurnji\u0107 in Kuku\u00ab<\/p>\n<p><strong>Code: <\/strong>BO-TD-01\u00a0 \u00a0 \u00a0 \u00a0 \u00a0 \u00a0 \u00a0 \u00a0 \u00a0 \u00a0 \u00a0 \u00a0 \u00a0 \u00a0 \u00a0 \u00a0 \u00a0 \u00a0 \u00a0 \u00a0 \u00a0 \u00a0 \u00a0 \u00a0\u00a0<strong> \u00a0<a href=\"https:\/\/www.topohvar.at\/orte\/bo\/\"><img loading=\"lazy\" decoding=\"async\" class=\"alignnone wp-image-535 size-full\" src=\"https:\/\/www.topohvar.at\/wp-content\/uploads\/2018\/07\/push-o-30.jpg\" alt=\"\" width=\"61\" height=\"30\" \/><\/a>\u00a0<\/strong><\/p>\n<hr \/>\n<p><strong>Adresa \/ Adresse<br \/>\n<\/strong>Bogomolje, zapadno od Ra\u010devinje \/ wstlich von Ra\u010devinja<\/p>\n<p><strong>Lokacija<\/strong><strong> \/ Position<img loading=\"lazy\" decoding=\"async\" class=\"alignright wp-image-71053\" src=\"https:\/\/www.topohvar.at\/wp-content\/uploads\/2025\/02\/4272.jpg\" alt=\"\" width=\"134\" height=\"100\" \/><br \/>\n<\/strong>Latitude: N 43,129\u00b0\u00a0 \u00a0Longitude: E 16,980\u00b0 <strong><br \/>\n<\/strong>Visina \/ H\u00f6he: 245 m<\/p>\n<p><strong>Katastarska \u010destica<\/strong><strong> \/ Grundst\u00fccke<br \/>\n<\/strong>&#8211;<div class='content-column one_half'><div style=\"padding-right:6px;\"><p><strong>Datum snimanja \/ Erfassungsdatum<br \/>\n<\/strong>10.05.2018 11:00:00<\/p>\n<hr \/>\n<p><strong>Informacije<\/strong><\/p>\n<p>Velika kula iznad uvale Smrska zapadno od Ra\u010devinje. Za obranu od turskih upada grade se obrambene kule i tzv. zatvoreni tipovi ku\u0107a s zajedni\u010dkim dvori\u0161tem.<\/p><\/div><\/div><div class='content-column one_half last_column'><div style=\"padding-right:0px;padding-left:6px;\"><p><strong>Stupanj za\u0161tite<\/strong><strong> \/ Schutzstellung<br \/>\n<\/strong>&#8211;<\/p>\n<hr \/>\n<p><strong>Info<\/strong><\/p>\n<p>Ein gro\u00dfer Turm steht oberhalb der Bucht Smrska westlich von Ra\u010devinje. Zur Verteidigung gegen T\u00fcrkeneinf\u00e4lle wurden Wehrt\u00fcrme und sog. geschlossene Haustypen mit einem gemeinsamen Hof errichtet.<\/p><\/div><\/div><div class='clear_column'><\/div><div class='content-column one_half'><div style=\"padding-right:6px;\"><p>Ostatke i danas vidimo u Donjoj bandi, kao \u0161to su Kulica s perimetralnim zidovima (u njoj je u vrijeme mleta\u010dko-turskih ratova boravio mleta\u010dki providur), kula s pu\u0161karnicama u Donjoj bandi, Modri\u0107a dvori, Bari\u0161i\u0107a dvori, te utvr\u0111ene ku\u0107e \u2013 kule u Ra\u010devinji i Jerkov dvoru u Bogomolju.<\/p><\/div><\/div><div class='content-column one_half last_column'><div style=\"padding-right:0px;padding-left:6px;\"><p>\u00dcberreste dieser Bauten sind noch heute in Sucuraj erhalten. In Donja Banda, wie bei Kulic mit Au\u00dfenw\u00e4nden (zur Zeit der venezianisch-t\u00fcrkischen Kriege blieb er bei den Venezianern), Turm mit Schie\u00dfscharten in Donja Banda, Modri\u0107 Dvor und Bari\u0161i\u0107 Dvor, sowie befestigte Wohnt\u00fcrme in Ra\u010devinj und Jerkov Dvor in Bogomolje.<\/p><\/div><\/div><div class='clear_column'><\/div><\/p>\n<hr \/>\n<div id=\"attachment_71051\" style=\"width: 1090px\" class=\"wp-caption alignleft\"><img loading=\"lazy\" decoding=\"async\" aria-describedby=\"caption-attachment-71051\" class=\"wp-image-71051 size-full\" src=\"https:\/\/www.topohvar.at\/wp-content\/uploads\/2025\/02\/bo-td-01-2.jpg\" alt=\"\" width=\"1080\" height=\"530\" srcset=\"https:\/\/www.topohvar.at\/wp-content\/uploads\/2025\/02\/bo-td-01-2.jpg 1080w, https:\/\/www.topohvar.at\/wp-content\/uploads\/2025\/02\/bo-td-01-2-300x147.jpg 300w, https:\/\/www.topohvar.at\/wp-content\/uploads\/2025\/02\/bo-td-01-2-1024x503.jpg 1024w, https:\/\/www.topohvar.at\/wp-content\/uploads\/2025\/02\/bo-td-01-2-768x377.jpg 768w\" sizes=\"auto, (max-width: 1080px) 100vw, 1080px\" \/><p id=\"caption-attachment-71051\" class=\"wp-caption-text\">Foto: Nik\u0161a Vujnovi\u0107<\/p><\/div>\n<div class='content-column one_half'><div style=\"padding-right:6px;\"><p>Kula na Kuku zvana Turni\u0107 nalazi se oko 200 metara zapadno od Ra\u010devinje. Radi se o kuli kvadratne osnove veli\u010dine cca 8&#215;8 metara. O\u0161te\u0107ena je odno\u0161enjem kamena s fasade kule. Od nje na terenu se vidi zapadni zid, a i sjeverozapadni ugao s zapadnom polovicom sjevernog zida. U vrlo lo\u0161em je stanju i mo\u017ee do\u0107i do uru\u0161avanja ostataka zidova. Apeliram na \u0161to br\u017ee sanaciju.<\/p><\/div><\/div><div class='content-column one_half last_column'><div style=\"padding-right:0px;padding-left:6px;\"><p>Der Turm auf Kuk, Turni\u0107 genannt, liegt etwa 200 Meter westlich von Ra\u010devinja. Es handelt sich um einen quadratischen Turm mit den Abmessungen 8 x 8 Meter. Es wurde besch\u00e4digt, als Steine \u200b\u200bvon der Fassade des Turms entfernt wurden. Von dort aus sind die westliche Mauer im Boden zu erkennen, sowie die nordwestliche Ecke mit der westlichen H\u00e4lfte der Nordmauer. Es ist in einem sehr schlechten Zustand und die Mauerreste sind einsturzgef\u00e4hrdet. Ich pl\u00e4diere f\u00fcr eine schnellstm\u00f6gliche Reparatur.<\/p><\/div><\/div><div class='clear_column'><\/div><\/p>\n<p style=\"text-align: center;\">Tekst\/Text: Nik\u0161a Vujnovi\u0107 (Facebook)<\/p>\n<p style=\"text-align: right;\"><a href=\"#seite_oben\">natrag na vrh \/ Seitenanfang<\/a><\/p>\n<hr \/>\n<p><strong>Linkovi \/ Links<\/strong><\/p>\n<p>&#8211;<\/p>\n","protected":false},"excerpt":{"rendered":"<p>Ime \/ Name Kula \u00bbTurnji\u0107 na Kuku\u00ab \/ Turm \u00bbTurnji\u0107 in Kuku\u00ab Code: BO-TD-01\u00a0 \u00a0 \u00a0 \u00a0 \u00a0 \u00a0 \u00a0 \u00a0 \u00a0 \u00a0 \u00a0 \u00a0 \u00a0 \u00a0 \u00a0 \u00a0 \u00a0 \u00a0 \u00a0 \u00a0 \u00a0 \u00a0 \u00a0 \u00a0\u00a0 \u00a0\u00a0 Adresa \/ &hellip; <a href=\"https:\/\/www.topohvar.at\/topo\/orte\/bo\/bo-td-01-2\/\">Weiterlesen <span class=\"meta-nav\">&rarr;<\/span><\/a><\/p>\n","protected":false},"author":1,"featured_media":0,"parent":63,"menu_order":0,"comment_status":"closed","ping_status":"closed","template":"","meta":{"footnotes":""},"class_list":["post-696","page","type-page","status-publish","hentry"],"_links":{"self":[{"href":"https:\/\/www.topohvar.at\/topo\/wp-json\/wp\/v2\/pages\/696","targetHints":{"allow":["GET"]}}],"collection":[{"href":"https:\/\/www.topohvar.at\/topo\/wp-json\/wp\/v2\/pages"}],"about":[{"href":"https:\/\/www.topohvar.at\/topo\/wp-json\/wp\/v2\/types\/page"}],"author":[{"embeddable":true,"href":"https:\/\/www.topohvar.at\/topo\/wp-json\/wp\/v2\/users\/1"}],"replies":[{"embeddable":true,"href":"https:\/\/www.topohvar.at\/topo\/wp-json\/wp\/v2\/comments?post=696"}],"version-history":[{"count":16,"href":"https:\/\/www.topohvar.at\/topo\/wp-json\/wp\/v2\/pages\/696\/revisions"}],"predecessor-version":[{"id":71056,"href":"https:\/\/www.topohvar.at\/topo\/wp-json\/wp\/v2\/pages\/696\/revisions\/71056"}],"up":[{"embeddable":true,"href":"https:\/\/www.topohvar.at\/topo\/wp-json\/wp\/v2\/pages\/63"}],"wp:attachment":[{"href":"https:\/\/www.topohvar.at\/topo\/wp-json\/wp\/v2\/media?parent=696"}],"curies":[{"name":"wp","href":"https:\/\/api.w.org\/{rel}","templated":true}]}}