{"id":70358,"date":"2024-11-14T14:08:00","date_gmt":"2024-11-14T13:08:00","guid":{"rendered":"https:\/\/www.topohvar.at\/topo\/?page_id=70358"},"modified":"2025-11-07T17:27:03","modified_gmt":"2025-11-07T16:27:03","slug":"hv-op-00-0","status":"publish","type":"page","link":"https:\/\/www.topohvar.at\/topo\/orte\/hv\/hv-op-00-0\/","title":{"rendered":"HVAR &#8211; Bunari, cisterne i to\u010dke za vodu &#8211; detaljno"},"content":{"rendered":"<p style=\"text-align: center;\"><a name=\"seite_oben\"><\/a><a href=\"https:\/\/www.topohvar.at\/wp-content\/uploads\/2024\/06\/hv-op-00-2024-05.jpg\"><img loading=\"lazy\" decoding=\"async\" class=\"aligncenter wp-image-68450 size-full\" src=\"https:\/\/www.topohvar.at\/wp-content\/uploads\/2024\/06\/hv-op-00-2024-05.jpg\" alt=\"\" width=\"2458\" height=\"1166\" srcset=\"https:\/\/www.topohvar.at\/wp-content\/uploads\/2024\/06\/hv-op-00-2024-05.jpg 2458w, https:\/\/www.topohvar.at\/wp-content\/uploads\/2024\/06\/hv-op-00-2024-05-300x142.jpg 300w, https:\/\/www.topohvar.at\/wp-content\/uploads\/2024\/06\/hv-op-00-2024-05-1024x486.jpg 1024w, https:\/\/www.topohvar.at\/wp-content\/uploads\/2024\/06\/hv-op-00-2024-05-768x364.jpg 768w, https:\/\/www.topohvar.at\/wp-content\/uploads\/2024\/06\/hv-op-00-2024-05-1536x729.jpg 1536w, https:\/\/www.topohvar.at\/wp-content\/uploads\/2024\/06\/hv-op-00-2024-05-2048x972.jpg 2048w\" sizes=\"auto, (max-width: 2458px) 100vw, 2458px\" \/><\/a><br \/>\n<span style=\"color: #3366ff;\"><a style=\"color: #3366ff;\" href=\"https:\/\/www.topohvar.at\/wp-content\/uploads\/2024\/06\/hv-op-00-2024-05.jpg\">Pove\u0107aj sliku \u2013 klikni! \/ Bild vergr\u00f6\u00dfern \u2013 klicken!<\/a><\/span><\/p>\n<p><strong>Ime \/ Name<br \/>\n<\/strong>Bunari, cisterne i to\u010dke za vodu &#8211; detaljno<\/p>\n<p><strong>Code: <\/strong>HV-OP-01\/50\u00a0 \u00a0 \u00a0 \u00a0 \u00a0 \u00a0 \u00a0 \u00a0 \u00a0 \u00a0 \u00a0 \u00a0 \u00a0 \u00a0 \u00a0 \u00a0 \u00a0 \u00a0 \u00a0<strong><a href=\"https:\/\/www.topohvar.at\/orte\/hv\/hv-op-00-1\/\"><img loading=\"lazy\" decoding=\"async\" class=\"alignnone wp-image-533 size-full\" src=\"https:\/\/www.topohvar.at\/wp-content\/uploads\/2018\/07\/push-l-30.jpg\" alt=\"\" width=\"61\" height=\"30\" \/><\/a> <a href=\"https:\/\/www.topohvar.at\/orte\/hv\/\"><img loading=\"lazy\" decoding=\"async\" class=\"alignnone wp-image-535 size-full\" src=\"https:\/\/www.topohvar.at\/wp-content\/uploads\/2018\/07\/push-o-30.jpg\" alt=\"\" width=\"61\" height=\"30\" \/><\/a> <\/strong><\/p>\n<hr \/>\n<div class='content-column one_half'><div style=\"padding-right:6px;\"><p><strong>Informacije<\/strong><\/p>\n<p>Na podru\u010dju Dola nalaze se brojni bunari, cisterne i lokve.<\/p><\/div><\/div><div class='content-column one_half last_column'><div style=\"padding-right:0px;padding-left:6px;\"><p><strong>Info<\/strong><\/p>\n<p>Im Gebiet Hvar befinden sich zahlreiche Brunnen, Zisternen und Wasserstellen.<\/p><\/div><\/div><div class='clear_column'><\/div><\/p>\n<hr \/>\n<p><strong>Pojedina\u010dni objekti od \/ die einzelnen Objekte<\/strong><\/p>\n<p><strong>HV-OP-<\/strong><br \/>\n<span style=\"color: #000000;\"><a style=\"color: #000000;\" href=\"#op-01\">01<\/a>\u00a0 <a style=\"color: #000000;\" href=\"#op-02\">02<\/a>\u00a0 <a style=\"color: #000000;\" href=\"#op-03\">03<\/a>\u00a0 <a style=\"color: #000000;\" href=\"#op-04\">04<\/a>\u00a0 <a style=\"color: #000000;\" href=\"#op-05\">05<\/a>\u00a0 <a style=\"color: #000000;\" href=\"#op-06\">06<\/a>\u00a0 <a style=\"color: #000000;\" href=\"#op-07\">07<\/a>\u00a0 <a style=\"color: #000000;\" href=\"#op-08\">08<\/a>\u00a0 <a style=\"color: #000000;\" href=\"#op-09\">09<\/a>\u00a0 <a style=\"color: #000000;\" href=\"#op-10\">10<\/a>\u00a0 <a style=\"color: #000000;\" href=\"#op-11\">11<\/a>\u00a0 <a style=\"color: #000000;\" href=\"#op-12\">12<\/a>\u00a0 <a style=\"color: #000000;\" href=\"#op-13\">13<\/a>\u00a0 <a style=\"color: #000000;\" href=\"#op-14\">14<\/a>\u00a0 <a style=\"color: #000000;\" href=\"#op-15\">15<\/a>\u00a0 <a style=\"color: #000000;\" href=\"#op-16\">16<\/a>\u00a0 <a style=\"color: #000000;\" href=\"#op-17\">17<\/a>\u00a0 <a style=\"color: #000000;\" href=\"#op-18\">18<\/a>\u00a0 <a style=\"color: #000000;\" href=\"#op-19\">19<\/a>\u00a0 <a style=\"color: #000000;\" href=\"#op-20\">20<\/a>\u00a0 <a style=\"color: #000000;\" href=\"#op-21\">21<\/a>\u00a0 <\/span><span style=\"color: #ff0000;\"><span style=\"color: #000000;\"><a style=\"color: #000000;\" href=\"#op-22\">22<\/a>\u00a0 <a style=\"color: #000000;\" href=\"#op-23\">23<\/a>\u00a0 <a style=\"color: #000000;\" href=\"#op-24\">24<\/a>\u00a0 <a style=\"color: #000000;\" href=\"#op-25\">25<\/a>\u00a0 <span style=\"color: #ff0000;\">26\u00a0<\/span><\/span> 27\u00a0 28\u00a0 29\u00a0 30\u00a0 31\u00a0 32\u00a0 33\u00a0\u00a034\u00a0\u00a035\u00a0\u00a036\u00a0\u00a037\u00a0 38\u00a0 39\u00a0 40\u00a0 41\u00a0 42\u00a0 43\u00a0 44\u00a0 45\u00a0 46\u00a0 <span style=\"color: #000000;\"><a style=\"color: #000000;\" href=\"#op-47\">47<\/a><\/span>\u00a0 <span style=\"color: #000000;\"><a style=\"color: #000000;\" href=\"#op-48\">48<\/a><\/span>\u00a0 <span style=\"color: #000000;\"><a style=\"color: #000000;\" href=\"#op-49\">49 <\/a>\u00a0<a style=\"color: #000000;\" href=\"#op-50\">50\u00a0<\/a><\/span><\/span><a name=\"op-01\"><\/a><\/p>\n<hr \/>\n<h3><span style=\"color: #000000;\"><strong>Ime \/ Name<br \/>\n<\/strong>Objekt \u00bbBunar (01) na Pjaci\u00ab \/ Zisterne (01) auf der Piazza<strong><br \/>\n<\/strong><\/span><\/h3>\n<p><img loading=\"lazy\" decoding=\"async\" class=\"aligncenter wp-image-17249 size-full\" src=\"https:\/\/www.topohvar.at\/wp-content\/uploads\/2019\/01\/HV-OP-01-11.jpg\" alt=\"\" width=\"1080\" height=\"530\" srcset=\"https:\/\/www.topohvar.at\/wp-content\/uploads\/2019\/01\/HV-OP-01-11.jpg 1080w, https:\/\/www.topohvar.at\/wp-content\/uploads\/2019\/01\/HV-OP-01-11-300x147.jpg 300w, https:\/\/www.topohvar.at\/wp-content\/uploads\/2019\/01\/HV-OP-01-11-768x377.jpg 768w, https:\/\/www.topohvar.at\/wp-content\/uploads\/2019\/01\/HV-OP-01-11-1024x503.jpg 1024w\" sizes=\"auto, (max-width: 1080px) 100vw, 1080px\" \/><\/p>\n<p><strong>Code: <\/strong>HV-OP-01\u00a0 \u00a0 \u00a0 \u00a0 \u00a0 \u00a0 \u00a0 \u00a0 \u00a0 \u00a0 \u00a0 \u00a0 \u00a0 \u00a0 \u00a0 \u00a0\u00a0 <strong>\u00a0<\/strong><\/p>\n<p><strong>Adresa \/ Adresse<br \/>\n<\/strong>Grad Hvar, Trg sv. Stjepana<\/p>\n<p><strong>Lokacija \/ Position<a href=\"https:\/\/maps.app.goo.gl\/pWd59YXrZKuYSsjj9\"><img loading=\"lazy\" decoding=\"async\" class=\"alignright wp-image-70378\" src=\"https:\/\/www.topohvar.at\/wp-content\/uploads\/2024\/11\/4237.jpg\" alt=\"\" width=\"134\" height=\"100\" \/><\/a><br \/>\n<\/strong><a href=\"https:\/\/maps.app.goo.gl\/pWd59YXrZKuYSsjj9\"><span style=\"color: #3366ff;\">Latitude: N 43,17232\u00b0\u00a0 \u00a0Longitude: E 16,44211\u00b0 <\/span><\/a><strong><br \/>\n<\/strong>Visina \/ H\u00f6he: 2 m<\/p>\n<p><strong>Katastarska \u010destica \/ Grundst\u00fccke: <\/strong>4536<br \/>\n<strong>Datum snimanja \/ Erfassungsdatum: <\/strong>14.02.2015 09:35:35<\/p>\n<div class='content-column one_half'><div style=\"padding-right:6px;\"><p><strong>Informacije<\/strong><\/p>\n<p>Veliki komunalni\u00a0bunar\u00a0na pjaci u gradu\u00a0Hvaru\u00a0sagra\u0111en je u razdoblju od\u00a0<span class=\"plainlinks godine-podteme\">1519.<\/span>\u00a0&#8211;\u00a0<span class=\"plainlinks godine-podteme\">1520.<\/span> godine op\u0107inskim sredstvima. Gustirna je izvorno bila opremljena kamenom krunom isklesanom u Pu\u010di\u0161\u0107ima (otok Bra\u010d), koja je uklonjena u 17. stolje\u0107u odlukom mleta\u010dkih vlasti, a od krune je sa\u010duvan tek natpis koji spominje godinu izgradnje 1519., danas ugra\u0111en u jugozapadni dio katedrale. Gustirna je popravljena 1779. godine, kada je postavljen i natpis, danas sa\u010duvan samo u arhivskom prijepisu. Temeljito je pregra\u0111ena 1830. \u2013 1838. godine, o \u010demu svjedo\u010di natpis uklesan 1855. godine na ju\u017enu stranu nove kamene krune klasicisti\u010dkog oblikovanja, promjera 260 cm, izra\u0111ene iz \u010detiri dijela. Kamena kruna konkavnog i konveksnog oblikovanja ukra\u0161ena je jednostavnim geometrijskim ukrasom i opremljena re\u0161etkom od kovanog \u017eeljeza koja \u0161titi \u017eeljezni pokrov. Pred 1. svjetski rat prostrana je gustirna pregra\u0111ena, te su postavljene crpke za vodu sjeverno i ju\u017eno od kamene krune, od kojih su do danas sa\u010duvana samo kamena postolja.<sup id=\"cite_ref-kulturnadobra_1-0\" class=\"reference\"><\/sup><\/div><\/div><div class='content-column one_half last_column'><div style=\"padding-right:0px;padding-left:6px;\"><p><strong>Info<\/strong><\/p>\n<p>Der gro\u00dfe Gemeindebrunnen auf dem Platz in der Stadt Hvar wurde in den Jahren 1519 \u2013 1520 mit Gemeindemitteln gebaut. Die Zisterne war urspr\u00fcnglich mit einer Steinkrone ausgestattet, die in Pu\u010di\u0161\u0107a (Insel Bra\u010d) gemei\u00dfelt wurde, und im 17. Jahrhundert auf Anordnung der venezianischen Beh\u00f6rden entfernt wurde. Von der Krone blieb nur die Inschrift erhalten, die das Baujahr 1519 erw\u00e4hnt und heute im S\u00fcdwesten der Kathedrale eingebaut ist. Die Zisterne wurde 1779 repariert, als auch die Inschrift angebracht wurde, die heute nur noch in einem Archivnachweis erhalten ist. Sie wurde gr\u00fcndlich in den Jahren 1830 \u2013 1838 umgebaut, was durch eine Inschrift bezeugt wird, die 1855 auf der S\u00fcdseite der neuen Steinkrone eingraviert wurde. Die Krone in klassizistischer Ausgestaltung besteht aus vier Teilen und hat einen Durchmesser von 260 cm. Die Steinkrone ist in konkaver und konvexer Gestaltung mit einfachen geometrischen Verzierungen geschm\u00fcckt und mit einem Gitter aus Schmiedeeisen ausgestattet, das den Eisendeckel sch\u00fctzt. Vor dem Ersten Weltkrieg wurde die ger\u00e4umige Zisterne umgebaut, und n\u00f6rdlich und s\u00fcdlich der Steinkrone wurden Wasserpumpen installiert, von denen heute nur noch die steinernen Sockel erhalten sind.<\/p><\/div><\/div><div class='clear_column'><\/div><\/p>\n<hr \/>\n<p style=\"text-align: center;\">Latinski natpis u kruni bunara: \/ Die lateinische Inschrift in der Brunnenkrone:<\/p>\n<p style=\"text-align: center;\">URBS . PHARA<br \/>\nDIU .<br \/>\nCONDIDIT .<br \/>\nH?NC .<br \/>\nANNO . MDCCCXXX .<br \/>\nVETUSTATIS . DAMNA . REPULSIT .<br \/>\nNUNC .<br \/>\nANNO . MDCCCXXXVIII .<br \/>\n\u04d4RE . MUNICIPIH .<br \/>\nCIVIUM . CENSU . SPONTE . SUPER ADDITO .<br \/>\nPOPULI . ALACRI . LABORE .<br \/>\nMAGNOPERE .<br \/>\nINSTAURAVIT .<br \/>\nPOTENTI . FAUSTO .<br \/>\nAUGUSTISSIMI . IMPERATORIS . FERDINANDI . I<br \/>\nTUTAMINE<\/p>\n<div class='content-column one_half'><div style=\"padding-right:6px;\"><p>Grad Phara je ovaj bunar sagradio 1830. godine i otklonio \u0161tete iz pro\u0161losti. Godine 1838. obnovljen je op\u0107inskim sredstvima i dobrovoljnim doprinosima gra\u0111ana te marljivim radom naroda pod mo\u0107nom i sretnom za\u0161titom uzvi\u0161enog cara Ferdinanda I.<\/p><\/div><\/div><div class='content-column one_half last_column'><div style=\"padding-right:0px;padding-left:6px;\"><p>Die Stadt Phara hat diesen Brunnen im Jahr 1830 errichtet und die Sch\u00e4den der Vergangenheit beseitigt. Im Jahr 1838 wurde er mit st\u00e4dtischen Mitteln und freiwilligen Beitr\u00e4gen der B\u00fcrger sowie durch die eifrige Arbeit des Volkes unter dem m\u00e4chtigen und gl\u00fccklichen Schutz des erhabenen Kaisers Ferdinand I. gro\u00dfartig restauriert.<\/p><\/div><\/div><div class='clear_column'><\/div><\/p>\n<hr \/>\n<div class='content-column one_half'><div style=\"padding-right:6px;\"><p>Pod oznakom Z-6973 zaveden je kao\u00a0nepokretno kulturno dobro\u00a0&#8211; pojedina\u010dno, pravna statusa\u00a0za\u0161ti\u0107ena kulturnog dobra, klasificirano kao &#8222;ostalo&#8220;.<\/p><\/div><\/div><div class='content-column one_half last_column'><div style=\"padding-right:0px;padding-left:6px;\"><p>Der Brunnen ist unter dem Code Z-6973 als unbewegliches Kulturgut registriert: Rechtsstatus gesch\u00fctztes Kulturgut, klassifiziert als \u201eSonstiges\u201c.<\/p><\/div><\/div><div class='clear_column'><\/div><\/p>\n<p><strong>Linkovi \/ Links<\/strong><\/p>\n<p><span style=\"color: #3366ff;\"><a style=\"color: #3366ff;\" href=\"https:\/\/www.topohvar.at\/orte\/hv\/hv-in-05-1\/\">Natpis \u00bbMDXIX \/ DIE XXVI SEPTEMBRIS\u00ab \/ Inschrift \u2013 26. September 1519<\/a><\/span><\/p>\n<p style=\"text-align: center;\"><em>Izvor: \/ Quelle: Wikipidija<\/em><\/p>\n<p style=\"text-align: right;\"><span style=\"color: #3366ff;\"><a name=\"op-02\"><\/a><a style=\"color: #3366ff;\" href=\"#seite_oben\">natrag na vrh \/ Seitenanfang<\/a><\/span><\/p>\n<hr \/>\n<h3><span style=\"color: #000000;\"><strong>Ime \/ Name<br \/>\n<\/strong>Objekt \u00bbBunar (02) u Grodi\u00ab \/ Zisterne (02) in Grodi<strong><br \/>\n<\/strong><\/span><\/h3>\n<p><img loading=\"lazy\" decoding=\"async\" class=\"aligncenter wp-image-14944 size-full\" src=\"https:\/\/www.topohvar.at\/wp-content\/uploads\/2019\/01\/HV-OP-02-1.jpg\" alt=\"\" width=\"1080\" height=\"530\" srcset=\"https:\/\/www.topohvar.at\/wp-content\/uploads\/2019\/01\/HV-OP-02-1.jpg 1080w, https:\/\/www.topohvar.at\/wp-content\/uploads\/2019\/01\/HV-OP-02-1-300x147.jpg 300w, https:\/\/www.topohvar.at\/wp-content\/uploads\/2019\/01\/HV-OP-02-1-768x377.jpg 768w, https:\/\/www.topohvar.at\/wp-content\/uploads\/2019\/01\/HV-OP-02-1-1024x503.jpg 1024w\" sizes=\"auto, (max-width: 1080px) 100vw, 1080px\" \/><\/p>\n<p><strong>Code: <\/strong>HV-OP-02\u00a0 \u00a0 \u00a0 \u00a0 \u00a0 \u00a0 \u00a0 \u00a0 \u00a0 \u00a0 \u00a0 \u00a0 \u00a0 \u00a0 \u00a0 \u00a0 \u00a0<strong>\u00a0<\/strong><\/p>\n<p><strong>Adresa \/ Adresse<br \/>\n<\/strong>Grad Hvar, Ulica Marije Mari\u010di\u0107 20-22<\/p>\n<p><strong>Lokacija \/ Position<a href=\"https:\/\/maps.app.goo.gl\/ZXfybxq5WuSyCYxJ7\"><img loading=\"lazy\" decoding=\"async\" class=\"alignright wp-image-70379\" src=\"https:\/\/www.topohvar.at\/wp-content\/uploads\/2024\/11\/4238.jpg\" alt=\"\" width=\"134\" height=\"100\" \/><\/a><br \/>\n<\/strong><a href=\"https:\/\/maps.app.goo.gl\/ZXfybxq5WuSyCYxJ7\"><span style=\"color: #3366ff;\">Latitude: N 43,17278\u00b0\u00a0 \u00a0Longitude: E 16,44289\u00b0 <\/span><\/a><strong><br \/>\n<\/strong>Visina \/ H\u00f6he: 13 m<\/p>\n<p><strong>Katastarska \u010destica \/ Grundst\u00fccke:<\/strong> 238, 4538<br \/>\n<strong>Datum snimanja \/ Erfassungsdatum: <\/strong>16.02.2015 10:21:58<div class='content-column one_half'><div style=\"padding-right:6px;\"><p><strong>Informacije<\/strong><\/p>\n<p>Komunalni bunar sagra\u0111en u predjelu imena Groda 1475. godine, ima kamenu monolitno klesanu krunu osmerokutnog tlocrta s kru\u017enim otvorom, dimenzije 160 cm, a visine 80 cm. Pod jednostavnom profilacijom na vrhu krune trakasto du\u017e svih poligonalnih polja bio je uklesan natpis, koji je kasnije radiran. Na svakoj plohi poligona nalazi se po jedan reljef, me\u0111u kojima se posebno isti\u010de sjeverno polje s reljefom krilatog lava sa zatvorenom knjigom sv. Marka, navodno znamenom rata, nad kojim je uklesana godina 1475. Na si i sz polju je grb u obliku \u0161tita tipologije \u201ekonjska glava\u201c, sredi\u0161nje je polje grba radirano, a bo\u010dno su inicijali I. B. koji upu\u0107uju na tada\u0161njeg kneza (Iulius Bolani). Na isto\u010dnom, ju\u017enom i zapadnom polju reljefno je isklesan cvijet, a na ji i jz polju je znak ljiljana.<\/p><\/div><\/div><div class='content-column one_half last_column'><div style=\"padding-right:0px;padding-left:6px;\"><p><strong>Info<\/strong><\/p>\n<p>Der 1475 in der nach Groda benannten Gegend erbaute Gemeinschaftsbrunnen hat eine\u00a0 Steinkrone aus einem St\u00fcck Stein gemei\u00dfelt, mit achteckigem Grundriss, kreisf\u00f6rmiger \u00d6ffnung und den\u00a0 Abmessungen 160 cm und H\u00f6he 80 cm. Unter der einfachen Profilierung oben auf der Krone befand sich entlang aller Polygonfelder eine streifenweise eingemei\u00dfelte Inschrift, die sp\u00e4ter gel\u00f6scht wurde. Auf jeder Fl\u00e4che des Polygons befindet sich ein Relief, darunter das n\u00f6rdliche Feld mit dem Relief eines gefl\u00fcgelten L\u00f6wen mit geschlossenem Buch des Heiligen Markus, angeblich eine Kriegsflagge, auf der das Jahr 1475 eingraviert ist. Auf dem linken und rechten Feld befindet sich ein Wappen in Form eines Typologieschildes \u201ePferdekopf\u201c, das mittlere Feld des Wappens ist gel\u00f6scht Auf den Seiten befinden sich die Initialen I.B., die sich auf den damaligen F\u00fcrsten (Iulius Bolani) beziehen. Auf den Ost-, S\u00fcd- und Westfeldern ist eine Blume als Relief eingraviert, auf den S\u00fcd- und Westfeldern eine Lilie.<\/p><\/div><\/div><div class='clear_column'><\/div><div class='content-column one_half'><div style=\"padding-right:6px;\"><p>Pod oznakom Z-6975 zaveden je kao nepokretno kulturno dobro &#8211; pojedina\u010dno, pravna statusa za\u0161ti\u0107ena kulturnog dobra, klasificirano kao &#8222;profana graditeljska ba\u0161tina&#8220;.<\/p><\/div><\/div><div class='content-column one_half last_column'><div style=\"padding-right:0px;padding-left:6px;\"><p>Unter der Bezeichnung Z-6975 ist der Brunnen als unbewegliches Kulturgut registriert, mit dem Rechtsstatus gesch\u00fctztes Kulturgut und\u00a0 klassifiziert als \u201eProfanes Baudenkmal\u201c.<\/p><\/div><\/div><div class='clear_column'><\/div><\/p>\n<p style=\"text-align: center;\"><em>Izvor: \/ Quelle: Wikipedija<\/em><\/p>\n<div class='content-column one_half'><div style=\"padding-right:6px;\"><p>Na ovom podru\u010dju ima mnogo povijesnih gra\u0111evina. Odmah do bunara je goti\u010dka ku\u0107a <span style=\"color: #3366ff;\"><a style=\"color: #3366ff;\" href=\"https:\/\/www.topohvar.at\/topo\/orte\/hv\/hv-tg-78-1\/\">Bracanovi\u0107a (\u0160orga)<\/a><\/span>.<\/p><\/div><\/div><div class='content-column one_half last_column'><div style=\"padding-right:0px;padding-left:6px;\"><p>In dieser Gegend befinden sich viele historische Bauten. Unmittelbar bei dem Brunnen das gotische Haus <span style=\"color: #3366ff;\"><a style=\"color: #3366ff;\" href=\"https:\/\/www.topohvar.at\/topo\/orte\/hv\/hv-tg-78-1\/\">Bracanovi\u0107 (\u0160orga)<\/a><\/span>.<\/p><\/div><\/div><div class='clear_column'><\/div><\/p>\n<p style=\"text-align: right;\"><span style=\"color: #3366ff;\"><a name=\"op-03\"><\/a><a style=\"color: #3366ff;\" href=\"#seite_oben\">natrag na vrh \/ Seitenanfang<\/a><\/span><\/p>\n<hr \/>\n<h3><span style=\"color: #000000;\"><strong>Ime \/ Name<br \/>\n<\/strong><\/span><span style=\"color: #000000;\">Objekt \u00bbGustirna (03) na Vorbu\u00ab, \/ Zisterne (03) in Vorba<\/span><\/h3>\n<p><strong><img loading=\"lazy\" decoding=\"async\" class=\"aligncenter wp-image-14945 size-full\" src=\"https:\/\/www.topohvar.at\/wp-content\/uploads\/2019\/01\/hv-op-03-1.jpg\" alt=\"\" width=\"1080\" height=\"530\" srcset=\"https:\/\/www.topohvar.at\/wp-content\/uploads\/2019\/01\/hv-op-03-1.jpg 1080w, https:\/\/www.topohvar.at\/wp-content\/uploads\/2019\/01\/hv-op-03-1-300x147.jpg 300w, https:\/\/www.topohvar.at\/wp-content\/uploads\/2019\/01\/hv-op-03-1-768x377.jpg 768w, https:\/\/www.topohvar.at\/wp-content\/uploads\/2019\/01\/hv-op-03-1-1024x503.jpg 1024w\" sizes=\"auto, (max-width: 1080px) 100vw, 1080px\" \/><\/strong><\/p>\n<p><strong>Code: <\/strong>HV-OP-03\u00a0 \u00a0 \u00a0 \u00a0 \u00a0 \u00a0 \u00a0 \u00a0 \u00a0 \u00a0 \u00a0 \u00a0 \u00a0 \u00a0 \u00a0 \u00a0 \u00a0<strong>\u00a0<\/strong><\/p>\n<p><strong>Adresa \/ Adresse<br \/>\n<\/strong>Hvar, Vorba<\/p>\n<p><strong>Lokalna polo\u017eaj \/ Position<a href=\"https:\/\/maps.app.goo.gl\/ZP1eVrM2C2bLfTnf6\"><img loading=\"lazy\" decoding=\"async\" class=\"alignright wp-image-70380\" src=\"https:\/\/www.topohvar.at\/wp-content\/uploads\/2024\/11\/4239.jpg\" alt=\"\" width=\"134\" height=\"100\" \/><\/a><br \/>\n<\/strong><a href=\"https:\/\/maps.app.goo.gl\/ZP1eVrM2C2bLfTnf6\"><span style=\"color: #3366ff;\">Latitude: N 43,16933\u00b0\u00a0 \u00a0Longitude: E 16,46317\u00b0 <\/span><\/a><strong><br \/>\n<\/strong>Visina \/ H\u00f6he: 65 m<\/p>\n<p><strong>Zemlji\u0161te \/ Grundst\u00fccke: <\/strong>1438, 4586\/1<br \/>\n<strong>Datum snimanja \/ Erfassungsdatum: <\/strong>24.02.2026 14:11:02<\/p>\n<div class='content-column one_half'><div style=\"padding-right:6px;\"><p><strong>Informacije<\/strong><\/p>\n<p>&#8211;<\/p><\/div><\/div><div class='content-column one_half last_column'><div style=\"padding-right:0px;padding-left:6px;\"><p><strong>Info<\/strong><\/p>\n<p>&#8211;<\/p><\/div><\/div><div class='clear_column'><\/div><\/p>\n<p style=\"text-align: right;\"><span style=\"color: #3366ff;\"><a name=\"op-04\"><\/a><a style=\"color: #3366ff;\" href=\"#seite_oben\">natrag na vrh \/ Seitenanfang<\/a><\/span><\/p>\n<hr \/>\n<h3><span style=\"color: #000000;\"><strong>Ime \/ Name<br \/>\n<\/strong>Objekt \u00bbZdenac (04) u dvori\u0161tu samostana\u00ab, \/ Zisterne (04) im Klosterhof<\/span><\/h3>\n<p><img loading=\"lazy\" decoding=\"async\" class=\"aligncenter wp-image-14946 size-full\" src=\"https:\/\/www.topohvar.at\/wp-content\/uploads\/2019\/01\/hv-op-04-1.jpg\" alt=\"\" width=\"1080\" height=\"530\" srcset=\"https:\/\/www.topohvar.at\/wp-content\/uploads\/2019\/01\/hv-op-04-1.jpg 1080w, https:\/\/www.topohvar.at\/wp-content\/uploads\/2019\/01\/hv-op-04-1-300x147.jpg 300w, https:\/\/www.topohvar.at\/wp-content\/uploads\/2019\/01\/hv-op-04-1-768x377.jpg 768w, https:\/\/www.topohvar.at\/wp-content\/uploads\/2019\/01\/hv-op-04-1-1024x503.jpg 1024w\" sizes=\"auto, (max-width: 1080px) 100vw, 1080px\" \/><\/p>\n<p><strong>Code: <\/strong>HV-OP-04\u00a0 \u00a0 \u00a0 \u00a0 \u00a0 \u00a0 \u00a0 \u00a0 \u00a0 \u00a0 \u00a0 \u00a0 \u00a0 \u00a0 \u00a0 \u00a0 \u00a0<strong>\u00a0<\/strong><\/p>\n<p><strong>Adresa \/ Adresse<br \/>\n<\/strong>Grad Hvar,\u00a0\u0160etali\u0161te put Kri\u017ea 15, Franjeva\u010dki samostan<\/p>\n<p><strong>Lokacija<\/strong><strong> \/ Position<a href=\"https:\/\/goo.gl\/maps\/bKwGz2GmMG6Egwr18\"><img loading=\"lazy\" decoding=\"async\" class=\"alignright wp-image-15572\" src=\"https:\/\/www.topohvar.at\/wp-content\/uploads\/2019\/01\/0223.jpg\" alt=\"\" width=\"134\" height=\"100\" \/><\/a><br \/>\n<\/strong><span style=\"color: #3366ff;\"><a style=\"color: #3366ff;\" href=\"https:\/\/goo.gl\/maps\/bKwGz2GmMG6Egwr18\">Latitude: N 43,16814\u00b0\u00a0 \u00a0Longitude: E 16,44307\u00b0<\/a> <\/span><strong><br \/>\n<\/strong>Visina \/ H\u00f6he: 7 m<\/p>\n<p><strong>Katastarska \u010destica <\/strong><strong>\/ Grundst\u00fccke: <\/strong>*485, *486<br \/>\n<strong>Datum snimanja \/ Erfassungsdatum: <\/strong>22.02.2017 15:01:00<\/p>\n<div class='content-column one_half'><div style=\"padding-right:6px;\"><p><strong>Informacije<\/strong><\/p>\n<p>U dvori\u0161tu franjeva\u010dkog samostana nalazi se lijepa kamena fontana. Bio je dar gra\u0111ana i mleta\u010dkih jedrili\u010dara.<\/p><\/div><\/div><div class='content-column one_half last_column'><div style=\"padding-right:0px;padding-left:6px;\"><p><strong>Info<\/strong><\/p>\n<p>Im Hof des Franziskanerklosters steht ein sch\u00f6ner Steinbrunnen. Er war eine Gabe der B\u00fcrger und venezianischen Seeleute.<\/p><\/div><\/div><div class='clear_column'><\/div><div class='content-column one_half'><div style=\"padding-right:6px;\"><p>Gustirna ima po sredini povi\u0161enu i ogra\u0111enu nakapnicu (cisternu) s krunom (bucalom). Na obodu krune cisterne e o\u0161te\u0107en natpis:<\/p><\/div><\/div><div class='content-column one_half last_column'><div style=\"padding-right:0px;padding-left:6px;\"><p>Die Zisterne hat eine erh\u00f6hte und geschlossene Krone (Zisterne) mit einer Krone (bucal) in der Mitte. Auf dem Rand der Tankkrone befindet sich eine besch\u00e4digte Inschrift:<\/p><\/div><\/div><div class='clear_column'><\/div><\/p>\n<p style=\"text-align: center;\">&#8230; RADO DASI .. N &#8230; ?<\/p>\n<div class='content-column one_half'><div style=\"padding-right:6px;\"><p>Smatra je, da ovome cisternu djelom Rade Radetovi\u0107a (Radosti\u0107a, Radosavljevi\u0107a?) iz \u0160ibenika (umro prije 1497.). I njegov otac i sin Juraj bavili su se gradnjom nakapnica, pa su dobili nadimak \u201ede cisternis\u201c. Ni\u017ee na kruni je drugi tako\u0111er o\u0161te\u0107en natpis:<\/p><\/div><\/div><div class='content-column one_half last_column'><div style=\"padding-right:0px;padding-left:6px;\"><p>Es wird angenommen, dass dieser Brunnen eine Arbeit des Rade Radetovi\u0107 (Radosti\u0107, Radosavljevi\u0107?) aus \u0160ibenik (er starb vor 1497) ist. Sowohl sein Vater als auch sein Sohn Juraj waren mit dem Bau von Zisternen besch\u00e4ftigt und erhielten den Spitznamen &#8222;de cisternis&#8220;. Unten auf der Krone ist eine zweite, auch besch\u00e4digt Inschrift:<\/p><\/div><\/div><div class='clear_column'><\/div><\/p>\n<p style=\"text-align: center;\">PIVS ET IVSTVS FRANCISC(us) NOBIS NOVA IVRA DARET LIBERIS CEPTA PACE FRVI<br \/>\nPius et iustus Franciscus nobis nova iura daret liberis cepta pace frui<\/p>\n<div class='content-column one_half'><div style=\"padding-right:6px;\"><p>(= u slobodnom prijevodu: Pravedni i pobo\u017eni (sv.) Frane neka nam dade novi zakon da se kao (slobodna) djeca (Bo\u017eja) okoristimo (samostanskim) mirom u koji smo u\u0161li).<\/p><\/div><\/div><div class='content-column one_half last_column'><div style=\"padding-right:0px;padding-left:6px;\"><p>(= in einer freien \u00dcbersetzung: Fair und fromm w\u00fcrde uns der (hl.) Franziskus ein neues Gesetz geben, das wir als (freie) Kinder (Gottes) durch den (kl\u00f6sterlichen) Frieden, in den wir eingetreten sind, nutzen k\u00f6nnen).<\/p><\/div><\/div><div class='clear_column'><\/div><div class='content-column one_half'><div style=\"padding-right:6px;\"><p>Kruna klesana od jednog komada kamena visoka je 95cm, a podno\u017eje je visoko 20 cm (sa zapadne strane 10 cm).<\/p><\/div><\/div><div class='content-column one_half last_column'><div style=\"padding-right:0px;padding-left:6px;\"><p>Die Krone aus einem einzigen St\u00fcck Stein ist 95 cm hoch und steht auf einem 20 cm (10 cm im Westen) hohen Sockel.<\/p><\/div><\/div><div class='clear_column'><\/div><div class='content-column one_half'><div style=\"padding-right:6px;\"><p>Na kruni je vi\u0161e \u017eljebova i do 15-ak cm dubokih. Gustirna nema (kao ve\u0107ina drugih) limeni poklopac ve\u0107 je doslovno na kamenu krunu postavljena kruna od \u017eeljeznog \u201etondina&#8220;, rad fra Jakija, postavljena 1977. g.<\/p><\/div><\/div><div class='content-column one_half last_column'><div style=\"padding-right:0px;padding-left:6px;\"><p>Auf der Krone sind mehrere bis zu 15 cm tiefe Rillen. Es gibt keinen (wie bei den meisten anderen) Kalkanstrich. Der Brunnenkranz ist nochmals durch eine Eisenkrone (Eisengitter) gekr\u00f6nt, ein Werk von Pater Jaki aus dem Jahr 1977.<\/p><\/div><\/div><div class='clear_column'><\/div><div class='content-column one_half'><div style=\"padding-right:6px;\"><p>Sjeverno od krune nalazi se kamenica dimenzija 125 x 62 cm sa dva korita 50 x 50 cm.<\/p><\/div><\/div><div class='content-column one_half last_column'><div style=\"padding-right:0px;padding-left:6px;\"><p>N\u00f6rdlich der Krone steht ein Steinblock im Ausma\u00df von 125&#215;62 cm mit zwei runden Tr\u00f6gen 50x50cm.<\/p><\/div><\/div><div class='clear_column'><\/div><div class='content-column one_half'><div style=\"padding-right:6px;\"><p>Gustirna se nalazi na terasi veli\u010dine 8,70 x 11,50 m. Na kamenom uko\u0161enom podu su \u010detiri filtera za sakupljanje ki\u0161nice. Osamnaest pilona dr\u017ei gornju terasu s koje se voda kroz \u010detiri otvora slijeva na donju terasu.<\/p><\/div><\/div><div class='content-column one_half last_column'><div style=\"padding-right:0px;padding-left:6px;\"><p>Die Zisterne befindet sich auf einer Terrasse von 8,70 x 11,50 m. Auf dem Steinboden gibt es vier Filter um das Regenwasser zu reinigen. Achtzehn Pylone st\u00fctzen die obere Terrasse von der das Wasser durch vier \u00d6ffnungen zur unteren Terrasse flie\u00dft.<\/p><\/div><\/div><div class='clear_column'><\/div><div class='content-column one_half'><div style=\"padding-right:6px;\"><p>Ispod terase sa\u010duvan je odvodni kanal do ispred klaustra, kojije slu\u017eio za napajanje brodova vodom, poglavito u vrijeme mleta\u010dke uprave, ali i kasnije.<\/p><\/div><\/div><div class='content-column one_half last_column'><div style=\"padding-right:0px;padding-left:6px;\"><p>Unterhalb der Terrasse befindet sich vor dem Kreuzgang eine Entw\u00e4sserungsrinne, die zur Versorgung der Schiffe mit Wasser diente, insbesondere zur Zeit der venezianischen Verwaltung, aber auch sp\u00e4ter.<\/p><\/div><\/div><div class='clear_column'><\/div><\/p>\n<p><strong>Linkovi \/ Links<\/strong><\/p>\n<p><span style=\"color: #3366ff;\"><a style=\"color: #3366ff;\" href=\"https:\/\/www.topohvar.at\/orte\/hv\/hv-ca-01-1\/\">Franjeva\u010dki samostan \/ Franziskanerkloster<\/a><\/span><span style=\"color: #3366ff;\"><br \/>\n<a style=\"color: #3366ff;\" href=\"https:\/\/www.topohvar.at\/topo\/orte\/hv\/hv-op-00-0\/#op-08\">Objekt \u00bbGustirna (08) u dvori\u0161tu vrtu samostana\u00ab \/ Zisterne (08) im Gartenhof des Klosters<\/a><br \/>\n<a style=\"color: #3366ff;\" href=\"https:\/\/www.topohvar.at\/topo\/orte\/hv\/hv-op-00-0\/#op-24\">Objekt \u00bbBunar (24) u samustanu \/ Brunnen (24) beim Kloster<\/a><\/span><\/p>\n<p style=\"text-align: right;\"><span style=\"color: #3366ff;\">\u00a0<\/span><span style=\"color: #3366ff;\"><a name=\"op-05\"><\/a><a style=\"color: #3366ff;\" href=\"#seite_oben\">natrag na vrh \/ Seitenanfang<\/a><\/span><\/p>\n<hr \/>\n<h3><span style=\"color: #000000;\"><strong>Ime \/ Name<br \/>\n<\/strong>Objekt \u00bbGustirna (05) u ljetnikovci Hanibala Luci\u0107a\u00ab, \/ Zisterne (05) im Sommerhaus des\u00a0<\/span><span style=\"color: #000000;\">Hanibal Luci\u0107<\/span><\/h3>\n<p><img loading=\"lazy\" decoding=\"async\" class=\"aligncenter wp-image-14947 size-full\" src=\"https:\/\/www.topohvar.at\/wp-content\/uploads\/2019\/01\/HV-OP-05-1.jpg\" alt=\"\" width=\"1080\" height=\"530\" srcset=\"https:\/\/www.topohvar.at\/wp-content\/uploads\/2019\/01\/HV-OP-05-1.jpg 1080w, https:\/\/www.topohvar.at\/wp-content\/uploads\/2019\/01\/HV-OP-05-1-300x147.jpg 300w, https:\/\/www.topohvar.at\/wp-content\/uploads\/2019\/01\/HV-OP-05-1-768x377.jpg 768w, https:\/\/www.topohvar.at\/wp-content\/uploads\/2019\/01\/HV-OP-05-1-1024x503.jpg 1024w\" sizes=\"auto, (max-width: 1080px) 100vw, 1080px\" \/><\/p>\n<p><strong>Code: <\/strong>HV-OP-05\u00a0 \u00a0 \u00a0 \u00a0 \u00a0 \u00a0 \u00a0 \u00a0 \u00a0 \u00a0 \u00a0 \u00a0 \u00a0 \u00a0 \u00a0 \u00a0 \u00a0<strong>\u00a0<\/strong><\/p>\n<p><strong>Adresa \/ Adresse<br \/>\n<\/strong>Grad Hvar, Ulica Hanibala Luci\u0107a 12<\/p>\n<p><strong>Lokacija \/ Position<a href=\"https:\/\/maps.app.goo.gl\/vZZp8zJ9fxuaf6iH9\"><img loading=\"lazy\" decoding=\"async\" class=\"alignright wp-image-70382\" src=\"https:\/\/www.topohvar.at\/wp-content\/uploads\/2024\/11\/4241.jpg\" alt=\"\" width=\"134\" height=\"100\" \/><\/a><br \/>\n<\/strong><a href=\"https:\/\/maps.app.goo.gl\/vZZp8zJ9fxuaf6iH9\"><span style=\"color: #3366ff;\">Latitude: N 43,17176\u00b0\u00a0 \u00a0Longitude: E 16,44575\u00b0 <\/span><\/a><strong><br \/>\n<\/strong>Visina \/ H\u00f6he: 8 m<\/p>\n<p><strong>Katastarska \u010destica \/ Grundst\u00fccke: <\/strong>594<br \/>\n<strong>Datum snimanja \/ Erfassungsdatum: <\/strong>26.02.2017 17:20:00<\/p>\n<div class='content-column one_half'><div style=\"padding-right:6px;\"><p><strong>Informacije<\/strong><\/p>\n<p>Oku\u0107nicu ku\u0107e u smjeru sjever-jug presijeca \u0161etnica usred koje se nalazi bogato ukra\u0161ena kamena kruna fontana s grbovima Luci\u0107a i Gazarovi\u0107a.<\/p><\/div><\/div><div class='content-column one_half last_column'><div style=\"padding-right:0px;padding-left:6px;\"><p><strong>Info<\/strong><\/p>\n<p>Im Garten des Hauses durchquert in Nord-S\u00fcd-Richtung eine Promenade, in deren Mitte sich der reich verzierter Steinkronenbrunnen mit den Wappen der Luci\u0107 und Gazarovi\u0107 befindet.<\/p><\/div><\/div><div class='clear_column'><\/div><\/p>\n<p><strong>Linkovi \/ Links:<\/strong><br \/>\n<span style=\"color: #3366ff;\"><a style=\"color: #3366ff;\" href=\"https:\/\/www.topohvar.at\/orte\/hv\/hv-ig-29-1\/\">Grb \u00bbLuci\u0107a na zdencu\u00ab\u00a0\/ Wappen der Luci\u0107 am Brunnen<\/a><\/span><br \/>\n<span style=\"color: #3366ff;\"><a style=\"color: #3366ff;\" href=\"https:\/\/www.topohvar.at\/orte\/hv\/hv-ig-30-1\/\">Grb \u00bbObitelj Gazarovi\u0107a na zdencu\u00ab Wappen der\u00a0Gazarovi\u0107 am Brunnen<\/a><\/span><br \/>\n<span style=\"color: #3366ff;\"><a style=\"color: #3366ff;\" href=\"https:\/\/www.topohvar.at\/orte\/hv\/hv-ir-26-1\/\">Reljef na zdencu \/ Relief am Brunnen<\/a><\/span><br \/>\n<span style=\"color: #3366ff;\"><a style=\"color: #3366ff;\" href=\"https:\/\/www.topohvar.at\/orte\/hv\/hv-ir-26-1\/\">Reljef \u00bbna zdenzu ljetnikovca\u00ab \/ Relief am Brunnen des Sommerhauses<\/a><\/span><\/p>\n<p style=\"text-align: right;\"><span style=\"color: #3366ff;\"><a name=\"op-06\"><\/a><a style=\"color: #3366ff;\" href=\"#seite_oben\">natrag na vrh \/ Seitenanfang<\/a><\/span><\/p>\n<hr \/>\n<h3><span style=\"color: #000000;\"><strong>Ime \/ Name<br \/>\n<\/strong>Objekt \u00bbGornji bunar (06) na Dolcu\u00ab \/ der obere Brunnen (06) in Dolac<\/span><\/h3>\n<p><img loading=\"lazy\" decoding=\"async\" class=\"aligncenter size-full wp-image-14948\" src=\"https:\/\/www.topohvar.at\/wp-content\/uploads\/2019\/01\/hv-op-06-1.jpg\" alt=\"\" width=\"1080\" height=\"530\" srcset=\"https:\/\/www.topohvar.at\/wp-content\/uploads\/2019\/01\/hv-op-06-1.jpg 1080w, https:\/\/www.topohvar.at\/wp-content\/uploads\/2019\/01\/hv-op-06-1-300x147.jpg 300w, https:\/\/www.topohvar.at\/wp-content\/uploads\/2019\/01\/hv-op-06-1-768x377.jpg 768w, https:\/\/www.topohvar.at\/wp-content\/uploads\/2019\/01\/hv-op-06-1-1024x503.jpg 1024w\" sizes=\"auto, (max-width: 1080px) 100vw, 1080px\" \/><\/p>\n<p><strong>Code: <\/strong>HV-OP-06\u00a0 \u00a0 \u00a0 \u00a0 \u00a0 \u00a0 \u00a0 \u00a0 \u00a0 \u00a0 \u00a0 \u00a0 \u00a0 \u00a0 \u00a0 \u00a0 \u00a0<strong>\u00a0<\/strong><\/p>\n<p><strong>Adresa \/ Adresse<br \/>\n<\/strong>Grad Hvar, Dolac, Trg Marka Mii\u010di\u0107a<\/p>\n<p><strong>Lokacija \/ Position<a href=\"https:\/\/maps.app.goo.gl\/N4uxUzbyFtZ3v18T8\"><img loading=\"lazy\" decoding=\"async\" class=\"alignright wp-image-17239\" src=\"https:\/\/www.topohvar.at\/wp-content\/uploads\/2019\/01\/1649-1.jpg\" alt=\"\" width=\"134\" height=\"100\" \/><\/a><br \/>\n<\/strong><a href=\"https:\/\/maps.app.goo.gl\/N4uxUzbyFtZ3v18T8\"><span style=\"color: #3366ff;\">Latitude: N 43,17271\u00b0\u00a0 \u00a0Longitude: E 16,44470\u00b0 <\/span><\/a><strong><br \/>\n<\/strong>Visina \/ H\u00f6he: 6 m<\/p>\n<p><strong>Katastarska \u010destica \/ Grundst\u00fccke: <\/strong>607\/2<br \/>\n<strong>Datum snimanja \/ Erfassungsdatum: <\/strong>17.02.2018 08:15:00<\/p>\n<div class='content-column one_half'><div style=\"padding-right:6px;\"><p><strong>Informacije<\/strong><\/p>\n<p>Bunar\u00a0se prvi puta spominje tek\u00a01496.\u00a0godine, makar se prema izvorima koristi jo\u0161 od antike. Kako stoji na uklesanom natpisu, &#8222;podi\u017ee&#8220; se\u00a01554.\u00a0godine (mogu\u0107e gradi njegova kruna), a zatim &#8222;obnavlja i pove\u0107ava&#8220;\u00a01760., o \u010demu govori i latinski natpis na ju\u017enom kamenom pragu kvadrati\u010dne krune.<\/p><\/div><\/div><div class='content-column one_half last_column'><div style=\"padding-right:0px;padding-left:6px;\"><p><strong>Info<\/strong><\/p>\n<p>Der Brunnen wurde erstmals 1496 erw\u00e4hnt, obwohl er Quellen zufolge schon seit der Antike genutzt wurde. Wie es auf der Inschrift hei\u00dft, wurde er 1554 (m\u00f6glicherweise seine Krone) \u201eerrichtet\u201c und dann 1760 \u201erestauriert und erweitert\u201c, wie auch die lateinische Inschrift auf der s\u00fcdlichen Steinschwelle der quadratischen Krone besagt.<\/p><\/div><\/div><div class='clear_column'><\/div><\/p>\n<p style=\"text-align: center;\">ERECTUM 1554, RESTAURATUM CNS 1760. ET AUCTUM.<\/p>\n<div class='content-column one_half'><div style=\"padding-right:6px;\"><p>Kruna je cijela kamena, dimenzija 2,85 x 2,85 m. S ju\u017ene strane krune jasno se vide brojni duboki utori nastali od u\u017eadi pri va\u0111enju posuda s vodom. Voda iz gustirne je bo\u0107ata i nije za pi\u0107e.<\/p><\/div><\/div><div class='content-column one_half last_column'><div style=\"padding-right:0px;padding-left:6px;\"><p>Die Krone ist vollst\u00e4ndig aus Stein und misst 2,85 x 2,85 m. Auf der S\u00fcdseite der Krone sind zahlreiche tiefe Rillen zu sehen, die durch das Seil beim Herausziehen der Wasserbeh\u00e4lter entstanden sind. Das Wasser aus dem Brunnen ist brackig und nicht zum Trinken geeignet.<\/p><\/div><\/div><div class='clear_column'><\/div><div class='content-column one_half'><div style=\"padding-right:6px;\"><p>Godine\u00a01822.\u00a0gustirna je o\u010di\u0161\u0107ena prislinim radom stanovnika, uglavnom iz obli\u017enjeg sela\u00a0Brusja, a sama se\u00a0gustirna\u00a0sve do 1950-ih godina kada grad dobiva teku\u0107u vodu, koristila za pobolj\u0161anje vodopskrbe grada Hvara.<\/p><\/div><\/div><div class='content-column one_half last_column'><div style=\"padding-right:0px;padding-left:6px;\"><p>Im Jahr 1822 wurde das Sumpfgebiet durch die harte Arbeit der Einwohner, haupts\u00e4chlich aus dem nahegelegenen Dorf Brusje, gereinigt und das Sumpfgebiet selbst wurde zur Verbesserung der Wasserversorgung der Stadt Hvar genutzt, bis die Stadt in den 1950er Jahren Flie\u00dfwasser erhielt.<\/p><\/div><\/div><div class='clear_column'><\/div><div class='content-column one_half'><div style=\"padding-right:6px;\"><p>Pod oznakom Z-6974 zaveden je kao nepokretno kulturno dobro &#8211; pojedina\u010dno, pravna statusa za\u0161ti\u0107ena kulturnog dobra, klasificirano kao &#8222;javne gra\u0111evine\/profana graditeljska ba\u0161tina&#8220;.<\/p><\/div><\/div><div class='content-column one_half last_column'><div style=\"padding-right:0px;padding-left:6px;\"><p>Der Brunnen ist unter dem Code Z-6974 als unbewegliches Kulturgut registriert, mit dem Rechtsstatus gesch\u00fctztes Kulturgut, klassifiziert als \u201e\u00f6ffentliche Geb\u00e4ude\/profanes Baudenkmal\u201c.<\/p><\/div><\/div><div class='clear_column'><\/div><\/p>\n<p style=\"text-align: center;\"><em>Izvor: \/ Quelle: Wikipedija<\/em><\/p>\n<p style=\"text-align: right;\"><span style=\"color: #3366ff;\"><a name=\"op-07\"><\/a><a style=\"color: #3366ff;\" href=\"#seite_oben\">natrag na vrh \/ Seitenanfang<\/a><\/span><\/p>\n<hr \/>\n<h3><span style=\"color: #000000;\"><strong>Ime \/ Name<br \/>\n<\/strong>Objekt \u00bbGustirna (07) u pala\u010de Rado\u0161evi\u0107\u00ab \/ Zisterne (07) im Palast <\/span><span style=\"color: #000000;\">Rado\u0161evi\u0107<\/span><\/h3>\n<p><img loading=\"lazy\" decoding=\"async\" class=\"aligncenter wp-image-14949 size-full\" src=\"https:\/\/www.topohvar.at\/wp-content\/uploads\/2019\/01\/hv-op-07-1.jpg\" alt=\"\" width=\"1080\" height=\"530\" srcset=\"https:\/\/www.topohvar.at\/wp-content\/uploads\/2019\/01\/hv-op-07-1.jpg 1080w, https:\/\/www.topohvar.at\/wp-content\/uploads\/2019\/01\/hv-op-07-1-300x147.jpg 300w, https:\/\/www.topohvar.at\/wp-content\/uploads\/2019\/01\/hv-op-07-1-768x377.jpg 768w, https:\/\/www.topohvar.at\/wp-content\/uploads\/2019\/01\/hv-op-07-1-1024x503.jpg 1024w\" sizes=\"auto, (max-width: 1080px) 100vw, 1080px\" \/><\/p>\n<p><strong>Code: <\/strong>HV-OP-07\u00a0 \u00a0 \u00a0 \u00a0 \u00a0 \u00a0 \u00a0 \u00a0 \u00a0 \u00a0 \u00a0 \u00a0 \u00a0 \u00a0 \u00a0 \u00a0 \u00a0<strong>\u00a0<\/strong><\/p>\n<p><strong>Adresa \/ Adresse<br \/>\n<\/strong>Grad Hvar, Ulica Vicka Butorovi\u0107a 2<\/p>\n<p><strong>Lokacija \/ Position<a href=\"https:\/\/maps.app.goo.gl\/F81fttxFA5WNS9R58\"><img loading=\"lazy\" decoding=\"async\" class=\"alignright wp-image-70383\" src=\"https:\/\/www.topohvar.at\/wp-content\/uploads\/2024\/11\/4242.jpg\" alt=\"\" width=\"134\" height=\"100\" \/><\/a><br \/>\n<\/strong><a href=\"https:\/\/maps.app.goo.gl\/F81fttxFA5WNS9R58\"><span style=\"color: #3366ff;\">Latitude: N 43,17177\u00b0\u00a0 \u00a0Longitude: E 16,44220\u00b0 <\/span><\/a><strong><br \/>\n<\/strong>Visina \/ H\u00f6he: 8 m<\/p>\n<p><strong>Katastarska \u010destica \/ Grundst\u00fccke: <\/strong>*311<br \/>\n<strong>Datum snimanja \/ Erfassungsdatum: <\/strong>17.02.2018 12:00:00<\/p>\n<p><strong>Linkovi \/ Links:<\/strong><br \/>\n<span style=\"color: #3366ff;\"><a style=\"color: #3366ff;\" href=\"https:\/\/www.topohvar.at\/topo\/orte\/hv\/hv-tg-41-1\/\">Pala\u010da Rado\u0161evi\u0107 (Vuka\u0161inovi\u0107-Dojmi), (pu\u010dki Adis Abeba) \/ Palast Rado\u0161evi\u0107 (Vuka\u0161inovi\u0107-Dojmi) im Volksmund Adis Abeba<\/a><\/span><\/p>\n<p style=\"text-align: right;\"><span style=\"color: #3366ff;\"><a name=\"op-08\"><\/a><a style=\"color: #3366ff;\" href=\"#seite_oben\">natrag na vrh \/ Seitenanfang<\/a><\/span><\/p>\n<hr \/>\n<h3><span style=\"color: #000000;\"><strong>Ime \/ Name<br \/>\n<\/strong>Objekt \u00bbGustirna (08) u dvori\u0161tu vrtu samostana\u00ab \/ Zisterne (08) im Garten des Klosters<\/span><\/h3>\n<p><img loading=\"lazy\" decoding=\"async\" class=\"aligncenter wp-image-14950 size-full\" src=\"https:\/\/www.topohvar.at\/wp-content\/uploads\/2019\/01\/hv-op-08-1.jpg\" alt=\"\" width=\"1080\" height=\"530\" srcset=\"https:\/\/www.topohvar.at\/wp-content\/uploads\/2019\/01\/hv-op-08-1.jpg 1080w, https:\/\/www.topohvar.at\/wp-content\/uploads\/2019\/01\/hv-op-08-1-300x147.jpg 300w, https:\/\/www.topohvar.at\/wp-content\/uploads\/2019\/01\/hv-op-08-1-768x377.jpg 768w, https:\/\/www.topohvar.at\/wp-content\/uploads\/2019\/01\/hv-op-08-1-1024x503.jpg 1024w\" sizes=\"auto, (max-width: 1080px) 100vw, 1080px\" \/><\/p>\n<p><strong>Code: <\/strong>HV-OP-08\u00a0 \u00a0 \u00a0 \u00a0 \u00a0 \u00a0 \u00a0 \u00a0 \u00a0 \u00a0 \u00a0 \u00a0 \u00a0 \u00a0 \u00a0 \u00a0 \u00a0<strong>\u00a0<\/strong><\/p>\n<p><strong>Adresa \/ Adresse<br \/>\n<\/strong>Grad Hvar, \u0160etali\u0161te put Kri\u017ea 15, Franjeva\u010dki samostan<\/p>\n<p><strong>Lokacija \/ Position<a href=\"https:\/\/maps.app.goo.gl\/EikJSnVjkm4FTX9e9\"><img loading=\"lazy\" decoding=\"async\" class=\"alignright wp-image-70384\" src=\"https:\/\/www.topohvar.at\/wp-content\/uploads\/2024\/11\/4243.jpg\" alt=\"\" width=\"134\" height=\"100\" \/><\/a><br \/>\n<\/strong><a href=\"https:\/\/maps.app.goo.gl\/EikJSnVjkm4FTX9e9\"><span style=\"color: #3366ff;\">Latitude: N 43,16812\u00b0\u00a0 \u00a0Longitude: E 16,44352\u00b0 <\/span><\/a><strong><br \/>\n<\/strong>Visina \/ H\u00f6he: 53 m<\/p>\n<p><strong>Katastarska \u010destica \/ Grundst\u00fccke: <\/strong>3904\/1<br \/>\n<strong>Datum snimanja \/ Erfassungsdatum: <\/strong>22.02.2017 15:20:00<\/p>\n<p><strong>Linkovi \/ Links:<\/strong><br \/>\n<span style=\"color: #3366ff;\"><a style=\"color: #3366ff;\" href=\"https:\/\/www.topohvar.at\/orte\/hv\/hv-ca-01-1\/\">Franjeva\u010dki samostan \/ Franziskanerkloster<\/a><\/span><span style=\"color: #3366ff;\"><br \/>\n<\/span><a href=\"https:\/\/www.topohvar.at\/topo\/orte\/hv\/hv-op-00-0\/#op-04\"><span style=\"color: #000000;\"><span style=\"color: #3366ff;\">Objekt \u00bbZdenac (04) u dvori\u0161tu samostana\u00ab, \/ Zisterne (04) im Klosterhof<\/span><\/span><\/a><br \/>\n<span style=\"color: #3366ff;\"><a style=\"color: #3366ff;\" href=\"https:\/\/www.topohvar.at\/topo\/orte\/hv\/hv-op-00-0\/#op-24\">Objekt \u00bbBunar (24) u samustanu \/ Brunnen (24) beim Kloster<\/a><\/span><\/p>\n<p style=\"text-align: right;\"><span style=\"color: #3366ff;\"><a name=\"op-09\"><\/a><a style=\"color: #3366ff;\" href=\"#seite_oben\">natrag na vrh \/ Seitenanfang<\/a><\/span><\/p>\n<hr \/>\n<h3><span style=\"color: #000000;\"><strong>Ime \/ Name<br \/>\n<\/strong><\/span><span style=\"color: #000000;\">Objekt \u00bbGustirna (09) u Sv. Marka\u00ab, \/ Zisterne (09) in Sv. Marka<\/span><img loading=\"lazy\" decoding=\"async\" class=\"aligncenter wp-image-14951 size-full\" style=\"font-size: 16px;\" src=\"https:\/\/www.topohvar.at\/wp-content\/uploads\/2019\/01\/hv-op-09-1.jpg\" alt=\"\" width=\"1080\" height=\"530\" srcset=\"https:\/\/www.topohvar.at\/wp-content\/uploads\/2019\/01\/hv-op-09-1.jpg 1080w, https:\/\/www.topohvar.at\/wp-content\/uploads\/2019\/01\/hv-op-09-1-300x147.jpg 300w, https:\/\/www.topohvar.at\/wp-content\/uploads\/2019\/01\/hv-op-09-1-768x377.jpg 768w, https:\/\/www.topohvar.at\/wp-content\/uploads\/2019\/01\/hv-op-09-1-1024x503.jpg 1024w\" sizes=\"auto, (max-width: 1080px) 100vw, 1080px\" \/><\/h3>\n<p><strong>Code: <\/strong>HV-OP-09\u00a0 \u00a0 \u00a0 \u00a0 \u00a0 \u00a0 \u00a0 \u00a0 \u00a0 \u00a0 \u00a0 \u00a0 \u00a0 \u00a0 \u00a0 \u00a0 \u00a0<strong>\u00a0<\/strong><\/p>\n<p><strong>Adresa \/ Adresse<br \/>\n<\/strong>Hvar, Ulica Sveti Marak 16<\/p>\n<p><strong>Lokacija \/ Position<a href=\"https:\/\/maps.app.goo.gl\/jKfWACtwGdmPspDF8\"><img loading=\"lazy\" decoding=\"async\" class=\"alignright wp-image-70385\" src=\"https:\/\/www.topohvar.at\/wp-content\/uploads\/2024\/11\/4244.jpg\" alt=\"\" width=\"134\" height=\"100\" \/><\/a><br \/>\n<\/strong><a href=\"https:\/\/maps.app.goo.gl\/jKfWACtwGdmPspDF8\"><span style=\"color: #3366ff;\">Latitude: N 43,17271\u00b0\u00a0 \u00a0Longitude: E 16,43960\u00b0<\/span><\/a> <strong><br \/>\n<\/strong>Visina \/ H\u00f6he: 14 m<\/p>\n<p><strong>Katastarska \u010destica \/ Grundst\u00fccke: <\/strong>*15, 178\/3<br \/>\n<strong>Datum snimanja \/ Erfassungsdatum: <\/strong>28.10.2014 11:13:47<\/p>\n<p><strong>Linkovi \/ Links:<\/strong><br \/>\n<span style=\"color: #3366ff;\"><a style=\"color: #3366ff;\" href=\"https:\/\/www.topohvar.at\/orte\/hv\/hv-ca-02-1\/\">Biv\u0161i Dominikanski samostan \u00bbSv. Marak\u00ab \/ ehemaliges Dominikanerkloster zum hl. Markus<\/a><br \/>\n<a style=\"color: #3366ff;\" href=\"https:\/\/www.topohvar.at\/topo\/orte\/hv\/hv-ci-07-1\/\">Biv\u0161a crkva \u00bbSv. Marka\u00ab \/ ehemalige Markuskirche<\/a><\/span><\/p>\n<p style=\"text-align: right;\"><span style=\"color: #3366ff;\"><a name=\"op-10\"><\/a><a style=\"color: #3366ff;\" href=\"#seite_oben\">natrag na vrh \/ Seitenanfang<\/a><\/span><\/p>\n<hr \/>\n<h3><span style=\"color: #000000;\"><strong>Ime \/ Name<br \/>\n<\/strong><\/span><span style=\"color: #000000;\">Objekt \u00bb3 gustirne (10) u vrtu biskupskog dvora\u00ab, \/ 3 Zisternen (10) im Garten des Bischofshofes<\/span><\/h3>\n<p><img loading=\"lazy\" decoding=\"async\" class=\"aligncenter wp-image-14952 size-full\" src=\"https:\/\/www.topohvar.at\/wp-content\/uploads\/2019\/01\/hv-op-10-1.jpg\" alt=\"\" width=\"1080\" height=\"530\" srcset=\"https:\/\/www.topohvar.at\/wp-content\/uploads\/2019\/01\/hv-op-10-1.jpg 1080w, https:\/\/www.topohvar.at\/wp-content\/uploads\/2019\/01\/hv-op-10-1-300x147.jpg 300w, https:\/\/www.topohvar.at\/wp-content\/uploads\/2019\/01\/hv-op-10-1-768x377.jpg 768w, https:\/\/www.topohvar.at\/wp-content\/uploads\/2019\/01\/hv-op-10-1-1024x503.jpg 1024w\" sizes=\"auto, (max-width: 1080px) 100vw, 1080px\" \/><\/p>\n<p><strong>Code: <\/strong>HV-OP-10<\/p>\n<p><strong>Adresa \/ Adresse<br \/>\n<\/strong>HVAR, Trg sv. Stjepana 26<\/p>\n<p><strong data-wp-editing=\"1\">Lokacija \/ Position<a href=\"https:\/\/maps.app.goo.gl\/bMC45KvG8AacmRkTA\"><img loading=\"lazy\" decoding=\"async\" class=\"alignright wp-image-70386\" src=\"https:\/\/www.topohvar.at\/wp-content\/uploads\/2024\/11\/4245.jpg\" alt=\"\" width=\"134\" height=\"100\" \/><\/a><br \/>\n<\/strong><a href=\"https:\/\/maps.app.goo.gl\/bMC45KvG8AacmRkTA\"><span style=\"color: #3366ff;\">Latitude: N 43,17233\u00b0\u00a0 \u00a0Longitude: E 16,44345\u00b0 <\/span><\/a><strong><br \/>\n<\/strong>Visina \/ H\u00f6he: 4 m<\/p>\n<p><strong>Katastarska \u010destica \/ Grundst\u00fccke: <\/strong>403<br \/>\n<strong>Datum snimanja \/ Erfassungsdatum: <\/strong>22.02.2017 16:00:00<\/p>\n<p><strong>Linkovi \/ Links:<\/strong><br \/>\n<span style=\"color: #3366ff;\"><a style=\"color: #3366ff;\" href=\"https:\/\/www.topohvar.at\/orte\/hv\/hv-tg-75-1\/\">Zgrada \u00bbBiskupski Dvor\u00ab \/ Geb\u00e4ude \u2013 Bischofshof<\/a><\/span><\/p>\n<p style=\"text-align: right;\"><span style=\"color: #3366ff;\"><a name=\"op-11\"><\/a><a style=\"color: #3366ff;\" href=\"#seite_oben\">natrag na vrh \/ Seitenanfang<\/a><\/span><\/p>\n<hr \/>\n<h3><span style=\"color: #000000;\"><strong>Ime \/ Name<br \/>\n<\/strong><\/span><span style=\"color: #000000;\">Objekt \u00bb3 gustirne (11) u benediktinskom samostanu\u00ab, \u00ab \/ 3 Zisternen (11) im Benediktinerkloster<\/span><\/h3>\n<p><img loading=\"lazy\" decoding=\"async\" class=\"aligncenter wp-image-14953 size-full\" src=\"https:\/\/www.topohvar.at\/wp-content\/uploads\/2019\/01\/hv-op-11-1.jpg\" alt=\"\" width=\"1080\" height=\"530\" srcset=\"https:\/\/www.topohvar.at\/wp-content\/uploads\/2019\/01\/hv-op-11-1.jpg 1080w, https:\/\/www.topohvar.at\/wp-content\/uploads\/2019\/01\/hv-op-11-1-300x147.jpg 300w, https:\/\/www.topohvar.at\/wp-content\/uploads\/2019\/01\/hv-op-11-1-768x377.jpg 768w, https:\/\/www.topohvar.at\/wp-content\/uploads\/2019\/01\/hv-op-11-1-1024x503.jpg 1024w\" sizes=\"auto, (max-width: 1080px) 100vw, 1080px\" \/><\/p>\n<p><strong>Code: <\/strong>HV-OP-11<\/p>\n<p><strong>Adresa \/ Adresse<br \/>\n<\/strong>Hvar, Ulica Kroz Grodu 13-15<\/p>\n<p><strong>Lokacija \/ Position<a href=\"https:\/\/maps.app.goo.gl\/G9m1HFfP6MujjicC8\"><img loading=\"lazy\" decoding=\"async\" class=\"alignright wp-image-70387\" src=\"https:\/\/www.topohvar.at\/wp-content\/uploads\/2024\/11\/4246.jpg\" alt=\"\" width=\"134\" height=\"100\" \/><\/a><br \/>\n<\/strong><a href=\"https:\/\/maps.app.goo.gl\/G9m1HFfP6MujjicC8\"><span style=\"color: #3366ff;\">Latitude: N 43,17317\u00b0\u00a0 \u00a0Longitude: E 16,44202\u00b0 <\/span><\/a><strong><br \/>\n<\/strong>Visina \/ H\u00f6he: 60 m<\/p>\n<p><strong>Katastarska \u010destica \/ Grundst\u00fccke: <\/strong>*588, 229<br \/>\n<strong>Datum snimanja \/ Erfassungsdatum: <\/strong>21.02.2017 10:03:00<\/p>\n<p><strong>Linkovi \/ Links:<br \/>\n<\/strong><span style=\"color: #3366ff;\"><a style=\"color: #3366ff;\" href=\"https:\/\/www.topohvar.at\/orte\/hv\/hv-ca-04-1\/\">Benediktinski samostan \/ Benediktinerinnenkloster \u00bbSv. Ivana i Sv. Antuna\u00ab<\/a><\/span><\/p>\n<p style=\"text-align: right;\"><span style=\"color: #3366ff;\"><a name=\"op-12\"><\/a><a style=\"color: #3366ff;\" href=\"#seite_oben\">natrag na vrh \/ Seitenanfang<\/a><\/span><\/p>\n<hr \/>\n<h3><span style=\"color: #000000;\"><strong>Ime \/ Name<br \/>\n<\/strong><\/span><span style=\"color: #000000;\">Objekt \u00bbGustirna (12) u samostan K\u0107eri Bo\u017eje ljubavi\u00ab, \/ Zisterne (12) im Kloster T\u00f6chter der Liebe Gottes<\/span><\/h3>\n<p><img loading=\"lazy\" decoding=\"async\" class=\"aligncenter wp-image-14954 size-full\" src=\"https:\/\/www.topohvar.at\/wp-content\/uploads\/2019\/01\/hv-op-12-1.jpg\" alt=\"\" width=\"1080\" height=\"530\" srcset=\"https:\/\/www.topohvar.at\/wp-content\/uploads\/2019\/01\/hv-op-12-1.jpg 1080w, https:\/\/www.topohvar.at\/wp-content\/uploads\/2019\/01\/hv-op-12-1-300x147.jpg 300w, https:\/\/www.topohvar.at\/wp-content\/uploads\/2019\/01\/hv-op-12-1-768x377.jpg 768w, https:\/\/www.topohvar.at\/wp-content\/uploads\/2019\/01\/hv-op-12-1-1024x503.jpg 1024w\" sizes=\"auto, (max-width: 1080px) 100vw, 1080px\" \/><\/p>\n<p><strong>Code: <\/strong>HV-OP-12<\/p>\n<p><strong>Adresa \/ Adresse<br \/>\n<\/strong>Hvar, Ulica Kroz Grodu<\/p>\n<p><strong>Lokacija \/ Position<a href=\"https:\/\/maps.app.goo.gl\/H41uJ372CW31zxci8\"><img loading=\"lazy\" decoding=\"async\" class=\"alignright wp-image-70388\" src=\"https:\/\/www.topohvar.at\/wp-content\/uploads\/2024\/11\/4247.jpg\" alt=\"\" width=\"134\" height=\"100\" \/><\/a><br \/>\n<\/strong><a href=\"https:\/\/maps.app.goo.gl\/H41uJ372CW31zxci8\"><span style=\"color: #3366ff;\">Latitude: N 43,17278\u00b0\u00a0 \u00a0Longitude: E 16,44209\u00b0 <\/span><\/a><strong><br \/>\n<\/strong>Visina \/ H\u00f6he: 7 m<\/p>\n<p><strong>Katastarska \u010destica \/ Grundst\u00fccke: <\/strong>*74\/2, *77, *79<br \/>\n<strong>Datum snimanja \/ Erfassungsdatum: <\/strong>25.02.2016 10:18:34<\/p>\n<p><strong>Linkovi \/ Links:<br \/>\n<\/strong><span style=\"color: #3366ff;\"><a style=\"color: #3366ff;\" href=\"https:\/\/www.topohvar.at\/orte\/hv\/hv-ca-07-1\/\">Samostan \u00bbK\u0107eri Bo\u017eje ljubav\u00ab \/ Kloster der T\u00f6chter der G\u00f6ttlichen Liebe<\/a><\/span><\/p>\n<p style=\"text-align: right;\"><span style=\"color: #3366ff;\"><a name=\"op-13\"><\/a><a style=\"color: #3366ff;\" href=\"#seite_oben\">natrag na vrh \/ Seitenanfang<\/a><\/span><\/p>\n<hr \/>\n<h3><span style=\"color: #000000;\"><strong>Ime \/ Name<br \/>\n<\/strong><\/span><span style=\"color: #000000;\">Objekt \u00bbGustirna (13) na lokalitetu Ljubi\u0107a brig\u00ab \/ Zisterne (13) in der Gegend <\/span><span style=\"color: #000000;\">Ljubi\u0107a brig<\/span><\/h3>\n<p><img loading=\"lazy\" decoding=\"async\" class=\"aligncenter wp-image-14938 size-full\" src=\"https:\/\/www.topohvar.at\/wp-content\/uploads\/2019\/01\/hv-op-13-1.jpg\" alt=\"\" width=\"1080\" height=\"530\" srcset=\"https:\/\/www.topohvar.at\/wp-content\/uploads\/2019\/01\/hv-op-13-1.jpg 1080w, https:\/\/www.topohvar.at\/wp-content\/uploads\/2019\/01\/hv-op-13-1-300x147.jpg 300w, https:\/\/www.topohvar.at\/wp-content\/uploads\/2019\/01\/hv-op-13-1-768x377.jpg 768w, https:\/\/www.topohvar.at\/wp-content\/uploads\/2019\/01\/hv-op-13-1-1024x503.jpg 1024w\" sizes=\"auto, (max-width: 1080px) 100vw, 1080px\" \/><\/p>\n<p><strong>Code: <\/strong>HV-OP-13<\/p>\n<p><strong>Adresa \/ Adresse<br \/>\n<\/strong>Hvar,\u00a0<span style=\"color: #000000;\">Ljubi\u0107a brig<\/span><\/p>\n<p><strong>Lokacija \/ Position<a href=\"https:\/\/maps.app.goo.gl\/j3i4qZihcZeN1sJv6\"><img loading=\"lazy\" decoding=\"async\" class=\"alignright wp-image-17206\" src=\"https:\/\/www.topohvar.at\/wp-content\/uploads\/2019\/01\/1696.jpg\" alt=\"\" width=\"134\" height=\"100\" \/><\/a><br \/>\n<\/strong><a href=\"https:\/\/maps.app.goo.gl\/j3i4qZihcZeN1sJv6\"><span style=\"color: #3366ff;\">Latitude: N 43,16915\u00b0\u00a0 \u00a0Longitude: E 16,47738\u00b0 <\/span><\/a><strong><br \/>\n<\/strong>Visina \/ H\u00f6he: 177 m<\/p>\n<p><strong>Katastarska \u010destica \/ Grundst\u00fccke: <\/strong>2330\/1<br \/>\n<strong>Datum snimanja \/ Erfassungsdatum: <\/strong>18.02.2019 11:48:01<\/p>\n<div class='content-column one_half'><div style=\"padding-right:6px;\"><p><strong>Informacije<\/strong><\/p>\n<p>Iznad cisterne nalazi se mala kapelica sv. Marije i jednostavan drveni kri\u017e.<\/p><\/div><\/div><div class='content-column one_half last_column'><div style=\"padding-right:0px;padding-left:6px;\"><p><strong>Info<\/strong><\/p>\n<p>Oberhalb der Zisterne befindet sich ein kleiner Bildstock der hl. Maria und ein einfaches Holzkreuz.<\/p>\n<p>[<\/div><\/div><div class='clear_column'><\/div><\/p>\n<p><strong>Linkovi \/ Links:<br \/>\n<\/strong><span style=\"color: #3366ff;\"><a style=\"color: #3366ff;\" href=\"https:\/\/www.topohvar.at\/orte\/hv\/hv-cs-07-1\/\">Kapelica \u00bbSv. Marije (2)\u00ab \/ Bildstock der hl. Maria (2)<\/a><br \/>\n<a style=\"color: #3366ff;\" href=\"https:\/\/www.topohvar.at\/orte\/hv\/hv-cz-07-1\/\">Kri\u017e \u00bbDrveni kri\u017e s metalnim korpusom\u00ab \/ Holzkreuz mit Metallkorpus<\/a><\/span><\/p>\n<p style=\"text-align: right;\"><span style=\"color: #3366ff;\"><a name=\"op-14\"><\/a><a style=\"color: #3366ff;\" href=\"#seite_oben\">natrag na vrh \/ Seitenanfang<\/a><\/span><\/p>\n<hr \/>\n<h3><span style=\"color: #000000;\"><strong>Ime \/ Name<br \/>\n<\/strong><\/span><span style=\"color: #000000;\">Objekt \u00bbBunar (14) u hotelu Park\u00ab, \/ Brunnen (14) im Hotel Park<\/span><\/h3>\n<p><img loading=\"lazy\" decoding=\"async\" class=\"aligncenter wp-image-14955 size-full\" src=\"https:\/\/www.topohvar.at\/wp-content\/uploads\/2019\/01\/hv-op-14-1.jpg\" alt=\"\" width=\"1080\" height=\"530\" srcset=\"https:\/\/www.topohvar.at\/wp-content\/uploads\/2019\/01\/hv-op-14-1.jpg 1080w, https:\/\/www.topohvar.at\/wp-content\/uploads\/2019\/01\/hv-op-14-1-300x147.jpg 300w, https:\/\/www.topohvar.at\/wp-content\/uploads\/2019\/01\/hv-op-14-1-768x377.jpg 768w, https:\/\/www.topohvar.at\/wp-content\/uploads\/2019\/01\/hv-op-14-1-1024x503.jpg 1024w\" sizes=\"auto, (max-width: 1080px) 100vw, 1080px\" \/><\/p>\n<p><strong>Code: <\/strong>HV-OP-14<\/p>\n<p><strong>A<\/strong><strong>dresa \/ Adresse<br \/>\n<\/strong>Hvar, Ulica Skaline od Gojave 2<\/p>\n<p><strong>Lokacija \/ Position<a href=\"https:\/\/maps.app.goo.gl\/mHkyn3FPfuPJ6WfK7\"><img loading=\"lazy\" decoding=\"async\" class=\"alignright wp-image-17288\" src=\"https:\/\/www.topohvar.at\/wp-content\/uploads\/2019\/01\/1712.jpg\" alt=\"\" width=\"134\" height=\"100\" \/><\/a><br \/>\n<\/strong><a href=\"https:\/\/maps.app.goo.gl\/mHkyn3FPfuPJ6WfK7\"><span style=\"color: #3366ff;\">Latitude: N 43,17297\u00b0\u00a0 \u00a0Longitude: E 16,44097\u00b0 <\/span><\/a><strong><br \/>\n<\/strong>Visina \/ H\u00f6he: 70 m<\/p>\n<p><strong>Katastarska \u010destica \/ Grundst\u00fccke: <\/strong>380<br \/>\n<strong>Datum snimanja \/ Erfassungsdatum: <\/strong>24.02.2018 08:59:40<\/p>\n<p><strong>Linkovi \/ Links:<br \/>\n<\/strong><span style=\"color: #3366ff;\"><a style=\"color: #3366ff;\" href=\"https:\/\/www.topohvar.at\/orte\/hv\/hv-tg-16-1\/\">Hotel Park, biv\u0161i Pala\u010da Ivani\u0107\/Bogli\u0107 \/ Hotel Park, ehemals Palast Ivani\u0107\/Bogli\u0107<\/a><\/span><\/p>\n<p style=\"text-align: right;\"><span style=\"color: #3366ff;\"><a name=\"op-15\"><\/a><a style=\"color: #3366ff;\" href=\"#seite_oben\">natrag na vrh \/ Seitenanfang<\/a><\/span><\/p>\n<hr \/>\n<h3><span style=\"color: #000000;\"><strong>Ime \/ Name<br \/>\n<\/strong><\/span><span style=\"color: #000000;\">Objekt \u00bbGustirna (15) u Kne\u017eeva dvora (hotel Pala\u010da)\u00ab, \/ Zisterne (15) im F\u00fcrstenpalast (Palasthotel)<\/span><\/h3>\n<p><img loading=\"lazy\" decoding=\"async\" class=\"aligncenter wp-image-14956 size-full\" src=\"https:\/\/www.topohvar.at\/wp-content\/uploads\/2019\/01\/hv-op-15-1.jpg\" alt=\"\" width=\"1080\" height=\"530\" srcset=\"https:\/\/www.topohvar.at\/wp-content\/uploads\/2019\/01\/hv-op-15-1.jpg 1080w, https:\/\/www.topohvar.at\/wp-content\/uploads\/2019\/01\/hv-op-15-1-300x147.jpg 300w, https:\/\/www.topohvar.at\/wp-content\/uploads\/2019\/01\/hv-op-15-1-768x377.jpg 768w, https:\/\/www.topohvar.at\/wp-content\/uploads\/2019\/01\/hv-op-15-1-1024x503.jpg 1024w\" sizes=\"auto, (max-width: 1080px) 100vw, 1080px\" \/><\/p>\n<p><strong>Code: <\/strong>HV-OP-15<\/p>\n<p><strong>Adresa \/ Adresse<br \/>\n<\/strong>Hvar, Trg sv. Stjepana 5<\/p>\n<p><strong>Lokacija \/ Position<a href=\"https:\/\/maps.app.goo.gl\/c79dxMiuEReyRyax5\"><img loading=\"lazy\" decoding=\"async\" class=\"alignright wp-image-70389\" src=\"https:\/\/www.topohvar.at\/wp-content\/uploads\/2024\/11\/4248.jpg\" alt=\"\" width=\"134\" height=\"100\" \/><\/a><br \/>\n<\/strong><a href=\"https:\/\/maps.app.goo.gl\/c79dxMiuEReyRyax5\"><span style=\"color: #3366ff;\">Latitude: N 43,17285\u00b0\u00a0 \u00a0Longitude: E 16,44144\u00b0 <\/span><\/a><strong><br \/>\n<\/strong>Visina \/ H\u00f6he: 10 m<\/p>\n<p><strong>Katastarska \u010destica \/ Grundst\u00fccke:<\/strong> *66\/1<br \/>\n<strong>Datum snimanja \/ Erfassungsdatum: <\/strong>17.02.2017 12:00:00<\/p>\n<p><strong>Linkovi \/ Links:<br \/>\n<\/strong><span style=\"color: #3366ff;\"><a style=\"color: #3366ff;\" href=\"https:\/\/www.topohvar.at\/orte\/hv\/hv-tg-10-1\/\">Hotel Pala\u010da, biv\u0161i Kne\u017eev dvor (Komunalna pala\u010da) \/ Palasthotel, ehemaliger Rektoren- oder Kommunalpalast<\/a><\/span><\/p>\n<p style=\"text-align: right;\"><span style=\"color: #3366ff;\"><a name=\"op-16\"><\/a><a style=\"color: #3366ff;\" href=\"#seite_oben\">natrag na vrh \/ Seitenanfang<\/a><\/span><\/p>\n<hr \/>\n<h3><span style=\"color: #000000;\"><strong>Ime \/ Name<br \/>\n<\/strong><\/span><span style=\"color: #000000;\">Objekt \u00bbPilo (16) u Porta Maestru\u00ab, \/ Wandbrunnen (16) bei der Porta Maestra<\/span><\/h3>\n<p><img loading=\"lazy\" decoding=\"async\" class=\"aligncenter wp-image-14957 size-full\" src=\"https:\/\/www.topohvar.at\/wp-content\/uploads\/2019\/01\/HV-op-16-1.jpg\" alt=\"\" width=\"1080\" height=\"530\" srcset=\"https:\/\/www.topohvar.at\/wp-content\/uploads\/2019\/01\/HV-op-16-1.jpg 1080w, https:\/\/www.topohvar.at\/wp-content\/uploads\/2019\/01\/HV-op-16-1-300x147.jpg 300w, https:\/\/www.topohvar.at\/wp-content\/uploads\/2019\/01\/HV-op-16-1-768x377.jpg 768w, https:\/\/www.topohvar.at\/wp-content\/uploads\/2019\/01\/HV-op-16-1-1024x503.jpg 1024w\" sizes=\"auto, (max-width: 1080px) 100vw, 1080px\" \/><\/p>\n<p><strong>Code: <\/strong>HV-OP-16<\/p>\n<p><strong>Adresa \/ Adresse<br \/>\n<\/strong>Hvar, Ulica Kroz Grodu, Porta Maestra<\/p>\n<p><strong>Lokacija \/ Position<a href=\"https:\/\/maps.app.goo.gl\/ygyo17pND9JjFLcb8\"><img loading=\"lazy\" decoding=\"async\" class=\"alignright wp-image-70390\" src=\"https:\/\/www.topohvar.at\/wp-content\/uploads\/2024\/11\/4249.jpg\" alt=\"\" width=\"134\" height=\"100\" \/><\/a><br \/>\n<\/strong><a href=\"https:\/\/maps.app.goo.gl\/ygyo17pND9JjFLcb8\"><span style=\"color: #3366ff;\">Latitude: N 43,17268\u00b0\u00a0 \u00a0Longitude: E 16,44209<\/span><span style=\"color: #3366ff;\">\u00b0 <\/span><\/a><strong><br \/>\n<\/strong>Visina \/ H\u00f6he: 5 m<\/p>\n<p><strong>Katastarska \u010destica \/ Grundst\u00fccke: <\/strong>4530, 4535<br \/>\n<strong>Datum snimanja \/ Erfassungsdatum: <\/strong>14.02.2015 17:02:05<\/p>\n<h3><span style=\"color: #000000;\"><strong>Linkovi \/ Links:<br \/>\n<\/strong><\/span><span style=\"color: #3366ff;\"><a style=\"color: #3366ff;\" href=\"https:\/\/www.topohvar.at\/topo\/orte\/hv\/hv-td-03-1\/\">Gradska vrata \u00bbPorta Maestra\u00ab \/ Stadttor \u2013 Porta Maestra (Haupttor)<\/a><\/span><\/h3>\n<p style=\"text-align: right;\"><span style=\"color: #3366ff;\"><a name=\"op-17\"><\/a><a style=\"color: #3366ff;\" href=\"#seite_oben\">natrag na vrh \/ Seitenanfang<\/a><\/span><\/p>\n<hr \/>\n<h3><span style=\"color: #000000;\"><strong>Ime \/ Name<br \/>\n<\/strong><\/span><span style=\"color: #000000;\">Objekt \u00bbBunar (17) u restoranu Paladini\u00ab, \/ Brunnen (17) im Restaurant Paladini<\/span><\/h3>\n<p><img loading=\"lazy\" decoding=\"async\" class=\"aligncenter wp-image-14992 size-full\" src=\"https:\/\/www.topohvar.at\/wp-content\/uploads\/2019\/01\/hv-op-17-1.jpg\" alt=\"\" width=\"1080\" height=\"530\" srcset=\"https:\/\/www.topohvar.at\/wp-content\/uploads\/2019\/01\/hv-op-17-1.jpg 1080w, https:\/\/www.topohvar.at\/wp-content\/uploads\/2019\/01\/hv-op-17-1-300x147.jpg 300w, https:\/\/www.topohvar.at\/wp-content\/uploads\/2019\/01\/hv-op-17-1-768x377.jpg 768w, https:\/\/www.topohvar.at\/wp-content\/uploads\/2019\/01\/hv-op-17-1-1024x503.jpg 1024w\" sizes=\"auto, (max-width: 1080px) 100vw, 1080px\" \/><\/p>\n<p><strong>Code: <\/strong>HV-OP-17<\/p>\n<p><strong>Adresa \/ Adresse<br \/>\n<\/strong>Hvar, Ulica Petra Hektorovi\u0107a 4<\/p>\n<p><strong>Lokacija \/ Position<a href=\"https:\/\/maps.app.goo.gl\/nqDVF2VhKY1CYKZz9\"><img loading=\"lazy\" decoding=\"async\" class=\"alignright wp-image-70391\" src=\"https:\/\/www.topohvar.at\/wp-content\/uploads\/2024\/11\/4250.jpg\" alt=\"\" width=\"134\" height=\"100\" \/><\/a><br \/>\n<\/strong><a href=\"https:\/\/maps.app.goo.gl\/nqDVF2VhKY1CYKZz9\"><span style=\"color: #3366ff;\">Latitude: N 43,17265\u00b0\u00a0 \u00a0Longitude: E 16,44238\u00b0 <\/span><\/a><strong><br \/>\n<\/strong>Visina \/ H\u00f6he: 5 m<\/p>\n<p><strong>Katastarska \u010destica \/ Grundst\u00fccke: <\/strong>*110<br \/>\n<strong>Datum snimanja \/ Erfassungsdatum: <\/strong>24.02.2017 16:31:00<\/p>\n<h3><strong>Linkovi \/ Links:<br \/>\n<\/strong><span style=\"color: #3366ff;\"><a style=\"color: #3366ff;\" href=\"https:\/\/www.topohvar.at\/topo\/orte\/hv\/hv-tg-07-1\/\">Pala\u010da \u00bbPaladini zimska (gornja)\u00ab \/ Winterpalast (Oberer Palast) der Paladini<\/a><\/span><\/h3>\n<p style=\"text-align: right;\"><span style=\"color: #3366ff;\"><a name=\"op-18\"><\/a><a style=\"color: #3366ff;\" href=\"#seite_oben\">natrag na vrh \/ Seitenanfang<\/a><\/span><\/p>\n<hr \/>\n<h3><span style=\"color: #000000;\"><strong>Ime \/ Name<br \/>\n<\/strong><\/span><span style=\"color: #000000;\">Objekt \u00bbGustirna (18) u vili Kirin\u00ab \/ Zisterne (18) in der Villa Kirin<\/span><img loading=\"lazy\" decoding=\"async\" class=\"aligncenter wp-image-17646 size-full\" style=\"font-size: 16px;\" src=\"https:\/\/www.topohvar.at\/wp-content\/uploads\/2019\/01\/hv-op-18-1.jpg\" alt=\"\" width=\"1080\" height=\"530\" srcset=\"https:\/\/www.topohvar.at\/wp-content\/uploads\/2019\/01\/hv-op-18-1.jpg 1080w, https:\/\/www.topohvar.at\/wp-content\/uploads\/2019\/01\/hv-op-18-1-300x147.jpg 300w, https:\/\/www.topohvar.at\/wp-content\/uploads\/2019\/01\/hv-op-18-1-768x377.jpg 768w, https:\/\/www.topohvar.at\/wp-content\/uploads\/2019\/01\/hv-op-18-1-1024x503.jpg 1024w\" sizes=\"auto, (max-width: 1080px) 100vw, 1080px\" \/><\/h3>\n<p><strong>Code: <\/strong>HV-OP-18<\/p>\n<p><strong>Adresa \/ Adresse<br \/>\n<\/strong>Hvar, \u0160etali\u0161te Tonija Petri\u0107a 1<\/p>\n<p><strong>Lokacija \/ Position<a href=\"https:\/\/maps.app.goo.gl\/RgVdEGkJwTafvLUW8\"><img loading=\"lazy\" decoding=\"async\" class=\"alignright wp-image-70392\" src=\"https:\/\/www.topohvar.at\/wp-content\/uploads\/2024\/11\/4251.jpg\" alt=\"\" width=\"134\" height=\"100\" \/><\/a><br \/>\n<\/strong><a href=\"https:\/\/maps.app.goo.gl\/RgVdEGkJwTafvLUW8\"><span style=\"color: #3366ff;\">Latitude: N 43,17019\u00b0\u00a0 \u00a0Longitude: E 16,43668\u00b0 <\/span><\/a><strong><br \/>\n<\/strong>Visina \/ H\u00f6he: 4 m<\/p>\n<p><strong>Katastarska \u010destica \/ Grundst\u00fccke: <\/strong>*628<br \/>\n<strong>Datum snimanja \/ Erfassungsdatum: <\/strong>20.02.2018 11:10:34<\/p>\n<h3><strong>Linkovi \/ Links:<br \/>\n<\/strong><span style=\"color: #3366ff;\"><a style=\"color: #3366ff;\" href=\"https:\/\/www.topohvar.at\/topo\/orte\/hv\/hv-tg-96-1\/\">Vila \/ Villa \u00bbKirin\u201c (Lon\u010dar)\u00ab<\/a><\/span><\/h3>\n<p style=\"text-align: right;\"><span style=\"color: #3366ff;\"><a name=\"op-19\"><\/a><a style=\"color: #3366ff;\" href=\"#seite_oben\">natrag na vrh \/ Seitenanfang<\/a><\/span><\/p>\n<hr \/>\n<h3><span style=\"color: #000000;\"><strong>Ime \/ Name<br \/>\n<\/strong><\/span><span style=\"color: #000000;\">Objekt \u00bbGustirna (19) u O\u0161pidol\u00ab, \/ Zisterne (19) im <\/span><span style=\"color: #000000;\">O\u0161pidol<\/span><\/h3>\n<p><img loading=\"lazy\" decoding=\"async\" class=\"aligncenter wp-image-17731 size-full\" src=\"https:\/\/www.topohvar.at\/wp-content\/uploads\/2019\/01\/hv-op-19-1.jpg\" alt=\"\" width=\"1080\" height=\"530\" srcset=\"https:\/\/www.topohvar.at\/wp-content\/uploads\/2019\/01\/hv-op-19-1.jpg 1080w, https:\/\/www.topohvar.at\/wp-content\/uploads\/2019\/01\/hv-op-19-1-300x147.jpg 300w, https:\/\/www.topohvar.at\/wp-content\/uploads\/2019\/01\/hv-op-19-1-768x377.jpg 768w, https:\/\/www.topohvar.at\/wp-content\/uploads\/2019\/01\/hv-op-19-1-1024x503.jpg 1024w\" sizes=\"auto, (max-width: 1080px) 100vw, 1080px\" \/><\/p>\n<p><strong>Code: <\/strong>HV-OP-19<\/p>\n<p><strong>Adresa \/ Adresse<br \/>\n<\/strong>Hvar, Ulica Jurja Novaka 14<\/p>\n<p><strong>Lokacija \/ Position<a href=\"https:\/\/maps.app.goo.gl\/oFdfNEXprBFq9biY9\"><img loading=\"lazy\" decoding=\"async\" class=\"alignright wp-image-70393\" src=\"https:\/\/www.topohvar.at\/wp-content\/uploads\/2024\/11\/4252.jpg\" alt=\"\" width=\"134\" height=\"100\" \/><\/a><br \/>\n<\/strong><a href=\"https:\/\/maps.app.goo.gl\/oFdfNEXprBFq9biY9\"><span style=\"color: #3366ff;\">Latitude: N 43,17176\u00b0\u00a0 \u00a0Longitude: E 16,44404\u00b0 <\/span><\/a><strong><br \/>\n<\/strong>Visina \/ H\u00f6he: 8 m<\/p>\n<p><strong>Katastarska \u010destica \/ Grundst\u00fccke: <\/strong>*383\/1<br \/>\n<strong>Datum snimanja \/ Erfassungsdatum: <\/strong>28.02.2017 13:49:00<\/p>\n<h3><strong>Linkovi \/ Links:<br \/>\n<\/strong><span style=\"color: #3366ff;\"><a style=\"color: #3366ff;\" href=\"https:\/\/www.topohvar.at\/topo\/orte\/hv\/hv-tg-60-1\/\">Ku\u0107a \/ Haus \u00bbO\u0161pidol\u00ab<\/a><\/span><\/h3>\n<p style=\"text-align: right;\"><span style=\"color: #3366ff;\"><a name=\"op-20\"><\/a><a style=\"color: #3366ff;\" href=\"#seite_oben\">natrag na vrh \/ Seitenanfang<\/a><\/span><\/p>\n<hr \/>\n<h3><span style=\"color: #000000;\"><strong>Ime \/ Name<br \/>\n<\/strong><\/span><span style=\"color: #000000;\">Objekt \u00bbGustirna (20) u ku\u0107i Bu\u010di\u0107\u00ab \/ Zisterne (20) beim Haus <\/span><span style=\"color: #000000;\">Bu\u010di\u0107<\/span><\/h3>\n<p><img loading=\"lazy\" decoding=\"async\" class=\"aligncenter wp-image-17763 size-full\" src=\"https:\/\/www.topohvar.at\/wp-content\/uploads\/2019\/01\/hv-op-20-1.jpg\" alt=\"\" width=\"1080\" height=\"530\" srcset=\"https:\/\/www.topohvar.at\/wp-content\/uploads\/2019\/01\/hv-op-20-1.jpg 1080w, https:\/\/www.topohvar.at\/wp-content\/uploads\/2019\/01\/hv-op-20-1-300x147.jpg 300w, https:\/\/www.topohvar.at\/wp-content\/uploads\/2019\/01\/hv-op-20-1-768x377.jpg 768w, https:\/\/www.topohvar.at\/wp-content\/uploads\/2019\/01\/hv-op-20-1-1024x503.jpg 1024w\" sizes=\"auto, (max-width: 1080px) 100vw, 1080px\" \/><\/p>\n<p><strong>Code: <\/strong>HV-OP-20<\/p>\n<p><strong>Adresa \/ Adresse<br \/>\n<\/strong>Grad Hvar, Kroz Burak<\/p>\n<p><strong>Lokacija \/ Position<a href=\"https:\/\/maps.app.goo.gl\/SCo2sfzRSBQutkoF9\"><img loading=\"lazy\" decoding=\"async\" class=\"alignright wp-image-70394\" src=\"https:\/\/www.topohvar.at\/wp-content\/uploads\/2024\/11\/4253.jpg\" alt=\"\" width=\"134\" height=\"100\" \/><\/a><br \/>\n<\/strong><a href=\"https:\/\/maps.app.goo.gl\/SCo2sfzRSBQutkoF9\"><span style=\"color: #3366ff;\">Latitude: N 43,17090\u00b0\u00a0 \u00a0Longitude: E 16,44190\u00b0 <\/span><\/a><strong><br \/>\n<\/strong>Visina \/ H\u00f6he: 8 m<\/p>\n<p><strong>Katastarska \u010destica \/ Grundst\u00fccke: <\/strong>*442<br \/>\n<strong>Datum snimanja \/ Erfassungsdatum: <\/strong>13.02.2015 12:45:44<\/p>\n<h3><strong>Linkovi \/ Links:<br \/>\n<\/strong><span style=\"color: #3366ff;\"><a style=\"color: #3366ff;\" href=\"https:\/\/www.topohvar.at\/topo\/orte\/hv\/hv-tg-46-1\/\">Ku\u0107a \/ Haus \u00bbBu\u010di\u0107\u00ab<\/a><\/span><\/h3>\n<p style=\"text-align: right;\"><span style=\"color: #3366ff;\"><a name=\"op-21\"><\/a><a style=\"color: #3366ff;\" href=\"#seite_oben\">natrag na vrh \/ Seitenanfang<\/a><\/span><\/p>\n<hr \/>\n<h3><span style=\"color: #000000;\"><strong>Ime \/ Name<br \/>\n<\/strong><\/span><span style=\"color: #000000;\">Objekt \u00bbGustirna (21) u biv\u0161i ku\u0107i Bervaldi\u00ab \/ Zisterne (21) im ehemaligen Haus <\/span><span style=\"color: #000000;\">Bervaldi<\/span><\/h3>\n<p><img loading=\"lazy\" decoding=\"async\" class=\"aligncenter wp-image-17896 size-full\" src=\"https:\/\/www.topohvar.at\/wp-content\/uploads\/2019\/01\/hv-op-21-1.jpg\" alt=\"\" width=\"1080\" height=\"530\" srcset=\"https:\/\/www.topohvar.at\/wp-content\/uploads\/2019\/01\/hv-op-21-1.jpg 1080w, https:\/\/www.topohvar.at\/wp-content\/uploads\/2019\/01\/hv-op-21-1-300x147.jpg 300w, https:\/\/www.topohvar.at\/wp-content\/uploads\/2019\/01\/hv-op-21-1-768x377.jpg 768w, https:\/\/www.topohvar.at\/wp-content\/uploads\/2019\/01\/hv-op-21-1-1024x503.jpg 1024w\" sizes=\"auto, (max-width: 1080px) 100vw, 1080px\" \/><\/p>\n<p><strong>Code: <\/strong>HV-OP-21<\/p>\n<p><strong>Adresa \/ Adresse<br \/>\n<\/strong>Hvar, Ulica Matija Ivani\u0107a 13<\/p>\n<p><strong>Lokacija \/ Position<a href=\"https:\/\/maps.app.goo.gl\/rdemfHyH7wu6nkVQ7\"><img loading=\"lazy\" decoding=\"async\" class=\"alignright wp-image-70395\" src=\"https:\/\/www.topohvar.at\/wp-content\/uploads\/2024\/11\/4254.jpg\" alt=\"\" width=\"134\" height=\"100\" \/><\/a><br \/>\n<\/strong><a href=\"https:\/\/maps.app.goo.gl\/rdemfHyH7wu6nkVQ7\"><span style=\"color: #3366ff;\">Latitude: N 43,17330\u00b0\u00a0 \u00a0Longitude: E 16,44139\u00b0 <\/span><\/a><strong><br \/>\n<\/strong>Visina \/ H\u00f6he: 22 m<\/p>\n<p><strong>Katastarska \u010destica \/ Grundst\u00fccke: <\/strong>-*61, 223\/2<br \/>\n<strong>Datum snimanja \/ Erfassungsdatum: <\/strong>23.05.2013 12:00:00<\/p>\n<h3><strong>Linkovi \/ Links:<br \/>\n<\/strong><span style=\"color: #3366ff;\"><a style=\"color: #3366ff;\" href=\"https:\/\/www.topohvar.at\/topo\/orte\/hv\/hv-tg-93-1\/\">Biv\u0161ia ku\u0107a Bervaldi \/ ehemaliges Haus Bervaldi<\/a><\/span><\/h3>\n<p style=\"text-align: right;\"><span style=\"color: #3366ff;\"><a name=\"op-22\"><\/a><a style=\"color: #3366ff;\" href=\"#seite_oben\">natrag na vrh \/ Seitenanfang<\/a><\/span><\/p>\n<hr \/>\n<h3><span style=\"color: #000000;\"><strong>Ime \/ Name<br \/>\n<\/strong><\/span><span style=\"color: #000000;\">Objekt \u00bbGustirna (22) u ku\u0107i \u00bbRuskovi\u0107 (danas Sinik\u0161e i Marine Pavlovi\u0107)\u00ab, \/ Zisterne (22) beim Haus\u00a0<\/span><span style=\"color: #000000;\">Ruskovi\u0107 (heute\u00a0<\/span><span style=\"color: #000000;\">Sinik\u0161e und Marine Pavlovi\u0107)<\/span><\/h3>\n<p><img loading=\"lazy\" decoding=\"async\" class=\"aligncenter wp-image-17916 size-full\" src=\"https:\/\/www.topohvar.at\/wp-content\/uploads\/2019\/01\/hv-op-22-1.jpg\" alt=\"\" width=\"1080\" height=\"530\" srcset=\"https:\/\/www.topohvar.at\/wp-content\/uploads\/2019\/01\/hv-op-22-1.jpg 1080w, https:\/\/www.topohvar.at\/wp-content\/uploads\/2019\/01\/hv-op-22-1-300x147.jpg 300w, https:\/\/www.topohvar.at\/wp-content\/uploads\/2019\/01\/hv-op-22-1-768x377.jpg 768w, https:\/\/www.topohvar.at\/wp-content\/uploads\/2019\/01\/hv-op-22-1-1024x503.jpg 1024w\" sizes=\"auto, (max-width: 1080px) 100vw, 1080px\" \/><\/p>\n<p><strong>Code: <\/strong>HV-OP-22<\/p>\n<p><strong>Adresa \/ Adresse<br \/>\n<\/strong>Hvar, Ulica Matija Ivani\u0107a 38<\/p>\n<p><strong>Lokacija \/ Position<a href=\"https:\/\/maps.app.goo.gl\/yp5WfXNm9e45jhveA\"><img loading=\"lazy\" decoding=\"async\" class=\"alignright wp-image-70396\" src=\"https:\/\/www.topohvar.at\/wp-content\/uploads\/2024\/11\/4255.jpg\" alt=\"\" width=\"134\" height=\"100\" \/><\/a><br \/>\n<\/strong><a href=\"https:\/\/maps.app.goo.gl\/yp5WfXNm9e45jhveA\"><span style=\"color: #3366ff;\">Latitude: N 43,17338\u00b0\u00a0 \u00a0Longitude: E 16,44072\u00b0 <\/span><\/a><strong><br \/>\n<\/strong>Visina \/ H\u00f6he: 20 m<\/p>\n<p><strong>Katastarska \u010destica \/ Grundst\u00fccke: <\/strong>*41\/2<br \/>\n<strong>Datum snimanja \/ Erfassungsdatum: <\/strong>15.02.2015 10:25:01<\/p>\n<h3><strong>Linkovi \/ Links:<br \/>\n<\/strong><span style=\"color: #3366ff;\"><a style=\"color: #3366ff;\" href=\"https:\/\/www.topohvar.at\/topo\/orte\/hv\/hv-tg-23-1\/\">Ku\u0107a Ruskovi\u0107 (danas Sinik\u0161e i Marine Pavlovi\u0107) \/ Haus Ruskovi\u0107 (heute Sinik\u0161a i Marina Pavlovi\u0107)<\/a><\/span><\/h3>\n<p style=\"text-align: right;\"><span style=\"color: #3366ff;\"><a name=\"op-23\"><\/a><a style=\"color: #3366ff;\" href=\"#seite_oben\">natrag na vrh \/ Seitenanfang<\/a><\/span><\/p>\n<hr \/>\n<h3><span style=\"color: #000000;\"><strong>Ime \/ Name<br \/>\n<\/strong><\/span><span style=\"color: #000000;\">Objekt \u00bb2 Gustirna (23) u Venerandi\u00ab \/ 2 Zisternen (23) auf Veneranda<\/span><\/h3>\n<p><img loading=\"lazy\" decoding=\"async\" class=\"aligncenter wp-image-20358 size-full\" src=\"https:\/\/www.topohvar.at\/wp-content\/uploads\/2019\/02\/hv-op-23-1.jpg\" alt=\"\" width=\"1080\" height=\"530\" srcset=\"https:\/\/www.topohvar.at\/wp-content\/uploads\/2019\/02\/hv-op-23-1.jpg 1080w, https:\/\/www.topohvar.at\/wp-content\/uploads\/2019\/02\/hv-op-23-1-300x147.jpg 300w, https:\/\/www.topohvar.at\/wp-content\/uploads\/2019\/02\/hv-op-23-1-768x377.jpg 768w, https:\/\/www.topohvar.at\/wp-content\/uploads\/2019\/02\/hv-op-23-1-1024x503.jpg 1024w\" sizes=\"auto, (max-width: 1080px) 100vw, 1080px\" \/><\/p>\n<p><strong>Code: <\/strong>HV-OP-23<\/p>\n<p><strong>Adresa \/ Adresse<br \/>\n<\/strong>Hvar, Veneranda<\/p>\n<p><strong>Lokacija \/ Position<a href=\"https:\/\/maps.app.goo.gl\/Z5REjGiXy3jugH7x5\"><img loading=\"lazy\" decoding=\"async\" class=\"alignright wp-image-70397\" src=\"https:\/\/www.topohvar.at\/wp-content\/uploads\/2024\/11\/4256.jpg\" alt=\"\" width=\"134\" height=\"100\" \/><\/a><br \/>\n<\/strong><a href=\"https:\/\/maps.app.goo.gl\/Z5REjGiXy3jugH7x5\"><span style=\"color: #3366ff;\">Latitude: N 43,17097\u00b0\u00a0 \u00a0Longitude: E 16,43705\u00b0 <\/span><\/a><strong><br \/>\n<\/strong>Visina \/ H\u00f6he: 20 m<\/p>\n<p><strong>Katastarska \u010destica \/ Grundst\u00fccke: <\/strong>*553<br \/>\n<strong>Datum snimanja \/ Erfassungsdatum: <\/strong>25.02.2019 13:20:00<\/p>\n<div class='content-column one_half'><div style=\"padding-right:6px;\"><p><strong>Informacije<\/strong><\/p>\n<p>Na Venerande su dvine gustirne. Velika je zapadno od zvonika. Kruna je jednog lijepog obra\u0111enog kamena 82x80cm, visina 80cm. Vodu dobiva sa krova biv\u0161e crkve putem olunka. Iznutra je oblo\u017eena kamenim plo\u010dama. Kruna je sli\u010dna onoj gustirne iz biv\u0161eg samostana sv. Marka. Druga gustirna nalazi se sjeverno od glavnog ulaza u Venerandu, ali oko nje sagra\u0111ena nekakva staklena konstrukcija.<\/p><\/div><\/div><div class='content-column one_half last_column'><div style=\"padding-right:0px;padding-left:6px;\"><p><strong>Info<\/strong><\/p>\n<p>Auf Veneranda gibt es zwei Zisternen. Die gr\u00f6\u00dfere befindet sich westlich des Glockenturms. Die Krone besteht aus einem wundersch\u00f6n gearbeiteten Stein 82x80cm, H\u00f6he 80cm. Das Wasser kommt mittels olunka vom Dach der ehemaligen Kirche. Das Inneren ist mit Steinplatten verkleidet. Die Krone \u00e4hnelt der des ehemaligen Klosters sv. Marka. Die zweite Zisterne befindet sich n\u00f6rdlich des Haupteingangs von Venerande und ist mit einer Glaskonstruktion umgeben.<\/p><\/div><\/div><div class='clear_column'><\/div><img loading=\"lazy\" decoding=\"async\" class=\"aligncenter size-full wp-image-20529\" src=\"https:\/\/www.topohvar.at\/wp-content\/uploads\/2019\/02\/hv-op-23-12.jpg\" alt=\"\" width=\"280\" height=\"280\" srcset=\"https:\/\/www.topohvar.at\/wp-content\/uploads\/2019\/02\/hv-op-23-12.jpg 280w, https:\/\/www.topohvar.at\/wp-content\/uploads\/2019\/02\/hv-op-23-12-150x150.jpg 150w\" sizes=\"auto, (max-width: 280px) 100vw, 280px\" \/><\/p>\n<h3><strong>Linkovi \/ Links:<br \/>\n<\/strong><span style=\"color: #3366ff;\"><a style=\"color: #3366ff;\" href=\"https:\/\/www.topohvar.at\/orte\/hv\/hv-td-14-1\/\">Biv\u0161a tvr\u0111ava \u00bbVenerande\u00ab \/ ehemalige Festung Venerande<\/a><\/span><strong><br \/>\n<\/strong><\/h3>\n<p style=\"text-align: right;\"><span style=\"color: #3366ff;\"><a name=\"op-24\"><\/a><a style=\"color: #3366ff;\" href=\"#seite_oben\">natrag na vrh \/ Seitenanfang<\/a><\/span><\/p>\n<hr \/>\n<h3><span style=\"color: #000000;\"><strong>Ime \/ Name<br \/>\n<\/strong><\/span><span style=\"color: #000000;\">Objekt \u00bbBunar (24) u samustanu \/ Brunnen (24) beim Kloster<\/span><\/h3>\n<p><img loading=\"lazy\" decoding=\"async\" class=\"aligncenter wp-image-20536 size-full\" src=\"https:\/\/www.topohvar.at\/wp-content\/uploads\/2019\/02\/hv-op-24-1.jpg\" alt=\"\" width=\"1080\" height=\"530\" srcset=\"https:\/\/www.topohvar.at\/wp-content\/uploads\/2019\/02\/hv-op-24-1.jpg 1080w, https:\/\/www.topohvar.at\/wp-content\/uploads\/2019\/02\/hv-op-24-1-300x147.jpg 300w, https:\/\/www.topohvar.at\/wp-content\/uploads\/2019\/02\/hv-op-24-1-768x377.jpg 768w, https:\/\/www.topohvar.at\/wp-content\/uploads\/2019\/02\/hv-op-24-1-1024x503.jpg 1024w\" sizes=\"auto, (max-width: 1080px) 100vw, 1080px\" \/><\/p>\n<p><strong>Code: <\/strong>HV-OP-24<\/p>\n<p><strong>Adresa \/ Adresse<br \/>\n<\/strong>Hvar, \u0160etali\u0161te put Kri\u017ea 15<\/p>\n<p><strong>Lokacija \/ Position<a href=\"https:\/\/maps.app.goo.gl\/YV41GkKB25nV8Jac7\"><img loading=\"lazy\" decoding=\"async\" class=\"alignright wp-image-70398\" src=\"https:\/\/www.topohvar.at\/wp-content\/uploads\/2024\/11\/4257.jpg\" alt=\"\" width=\"134\" height=\"100\" \/><\/a><br \/>\n<\/strong><a href=\"https:\/\/maps.app.goo.gl\/YV41GkKB25nV8Jac7\"><span style=\"color: #3366ff;\">Latitude: N 43,16842\u00b0\u00a0 \u00a0Longitude: E 16,44283\u00b0 <\/span><\/a><strong><br \/>\n<\/strong>Visina \/ H\u00f6he: 6 m<\/p>\n<p><strong>Katastarska \u010destica \/ Grundst\u00fccke: <\/strong>*485, 3903<br \/>\n<strong>Datum snimanja \/ Erfassungsdatum: <\/strong>22.02.2017 15:30:00<\/p>\n<div class='content-column one_half'><div style=\"padding-right:6px;\"><p><strong>Informacije<\/strong><\/p>\n<p>Bunar se nalazi na samostanskom ulazu.<\/p><\/div><\/div><div class='content-column one_half last_column'><div style=\"padding-right:0px;padding-left:6px;\"><p><strong>Info<\/strong><\/p>\n<p>Der Brunnen befindet sich beim Klostereingang.<\/p><\/div><\/div><div class='clear_column'><\/div><\/p>\n<h3><strong>Linkovi \/ Links:<br \/>\n<\/strong><span style=\"color: #3366ff;\"><a style=\"color: #3366ff;\" href=\"https:\/\/www.topohvar.at\/orte\/hv\/hv-ca-01-1\/\">Franjeva\u010dki samostan \/ Franziskanerkloster<\/a><\/span><br \/>\n<span style=\"color: #3366ff;\"><a style=\"color: #3366ff;\" href=\"https:\/\/www.topohvar.at\/topo\/orte\/hv\/hv-op-00-0\/#op-08\">Objekt \u00bbGustirna (08) u dvori\u0161tu vrtu samostana\u00ab \/ Zisterne (08) im Gartenhof des Klosters<\/a><br \/>\n<a style=\"color: #3366ff;\" href=\"https:\/\/www.topohvar.at\/topo\/orte\/hv\/hv-op-00-0\/#op-04\">Objekt \u00bbZdenac (04) u dvori\u0161tu samostana\u00ab, \/ Zisterne (04) im Klosterhof<\/a><br \/>\n<\/span><\/h3>\n<p style=\"text-align: right;\"><span style=\"color: #3366ff;\"><a name=\"op-25\"><\/a><a style=\"color: #3366ff;\" href=\"#seite_oben\">natrag na vrh \/ Seitenanfang<\/a><\/span><\/p>\n<hr \/>\n<h3><span style=\"color: #000000;\"><strong>Ime \/ Name<br \/>\n<\/strong><\/span><span style=\"color: #000000;\">Objekt \u00bbBunar (25) u parku Moli \u0111ardin\u00ab \/ Zisterne (25) im Park <\/span><span style=\"color: #000000;\">Moli \u0111ardin<\/span><\/h3>\n<p><img loading=\"lazy\" decoding=\"async\" class=\"aligncenter wp-image-38769 size-full\" src=\"https:\/\/www.topohvar.at\/wp-content\/uploads\/2020\/06\/hv-op-25-1.jpg\" alt=\"\" width=\"1080\" height=\"530\" srcset=\"https:\/\/www.topohvar.at\/wp-content\/uploads\/2020\/06\/hv-op-25-1.jpg 1080w, https:\/\/www.topohvar.at\/wp-content\/uploads\/2020\/06\/hv-op-25-1-300x147.jpg 300w, https:\/\/www.topohvar.at\/wp-content\/uploads\/2020\/06\/hv-op-25-1-1024x503.jpg 1024w, https:\/\/www.topohvar.at\/wp-content\/uploads\/2020\/06\/hv-op-25-1-768x377.jpg 768w\" sizes=\"auto, (max-width: 1080px) 100vw, 1080px\" \/><\/p>\n<p><strong>Code: <\/strong>HV-OP-25<\/p>\n<p><strong>Adresa \/ Adresse<br \/>\n<\/strong>Hvar, park\u00a0<span style=\"color: #000000;\">Moli \u0111ardin<\/span><\/p>\n<p><strong>Lokacija \/ Position<a href=\"https:\/\/maps.app.goo.gl\/dJJfR7ALD8cEjDeQ9\"><img loading=\"lazy\" decoding=\"async\" class=\"alignright wp-image-38756\" src=\"https:\/\/www.topohvar.at\/wp-content\/uploads\/2020\/06\/2675.jpg\" alt=\"\" width=\"134\" height=\"100\" \/><\/a><br \/>\n<\/strong><a href=\"https:\/\/maps.app.goo.gl\/dJJfR7ALD8cEjDeQ9\"><span style=\"color: #3366ff;\">Latitude: N 43,17274\u00b0\u00a0 \u00a0Longitude: E 16,44105\u00b0 <\/span><\/a><strong><br \/>\n<\/strong>Visina \/ H\u00f6he: 2 m<\/p>\n<p><strong>Katastarska \u010destica \/ Grundst\u00fccke: <\/strong>*30<br \/>\n<strong>Datum snimanja \/ Erfassungsdatum: <\/strong>20.06.2020 15:50:00<\/p>\n<h3><strong>Linkovi \/ Links:<br \/>\n<\/strong><span style=\"color: #3366ff;\"><a style=\"color: #3366ff;\" href=\"https:\/\/www.topohvar.at\/orte\/hv\/hv-ov-01-1\/\">Park \u00bbVeli \u0111ardin\u00ab<\/a><\/span><\/h3>\n<p style=\"text-align: right;\"><span style=\"color: #3366ff;\"><a name=\"op-47\"><\/a><a style=\"color: #3366ff;\" href=\"#seite_oben\">natrag na vrh \/ Seitenanfang<\/a><\/span><\/p>\n<hr \/>\n<h3><span style=\"color: #000000;\"><strong>Ime \/ Name<br \/>\n<\/strong><\/span><span style=\"color: #000000;\">Objekt \u00bbGustirna (47)\u00ab \/ Zisterne (47)\u00a0<\/span><\/h3>\n<p><img loading=\"lazy\" decoding=\"async\" class=\"aligncenter wp-image-64657 size-full\" src=\"https:\/\/www.topohvar.at\/wp-content\/uploads\/2023\/11\/hv-op-47-1.jpg\" alt=\"\" width=\"1080\" height=\"530\" srcset=\"https:\/\/www.topohvar.at\/wp-content\/uploads\/2023\/11\/hv-op-47-1.jpg 1080w, https:\/\/www.topohvar.at\/wp-content\/uploads\/2023\/11\/hv-op-47-1-300x147.jpg 300w, https:\/\/www.topohvar.at\/wp-content\/uploads\/2023\/11\/hv-op-47-1-1024x503.jpg 1024w, https:\/\/www.topohvar.at\/wp-content\/uploads\/2023\/11\/hv-op-47-1-768x377.jpg 768w\" sizes=\"auto, (max-width: 1080px) 100vw, 1080px\" \/><\/p>\n<p><strong>Code: <\/strong>HV-OP-47<\/p>\n<p><strong>Adresa \/ Adresse<br \/>\n<\/strong>Hvar,<\/p>\n<p><strong>Lokacija \/ Position<a href=\"https:\/\/maps.app.goo.gl\/JQiKmQV3Wac1n67G9\"><img loading=\"lazy\" decoding=\"async\" class=\"alignright wp-image-70399\" src=\"https:\/\/www.topohvar.at\/wp-content\/uploads\/2024\/11\/4258.jpg\" alt=\"\" width=\"134\" height=\"100\" \/><\/a><br \/>\n<\/strong><a href=\"https:\/\/maps.app.goo.gl\/JQiKmQV3Wac1n67G9\"><span style=\"color: #3366ff;\">Latitude: N 43,17718\u00b0\u00a0 \u00a0Longitude: E 16,45923\u00b0 <\/span><\/a><strong><br \/>\n<\/strong>Visina \/ H\u00f6he: 215 m<\/p>\n<p><strong>Katastarska \u010destica \/ Grundst\u00fccke: <\/strong>1073, 1076\/2<br \/>\n<strong>Datum snimanja \/ Erfassungsdatum: <\/strong>07.10.2023 09:24:41<\/p>\n<p style=\"text-align: right;\"><span style=\"color: #3366ff;\"><a name=\"op-48\"><\/a><a style=\"color: #3366ff;\" href=\"#seite_oben\">natrag na vrh \/ Seitenanfang<\/a><\/span><\/p>\n<hr \/>\n<h3><span style=\"color: #000000;\"><strong>Ime \/ Name<br \/>\n<\/strong><\/span><span style=\"color: #000000;\">Objekt \u00bbGustirna (48) uz trim HV-TR-19\u00ab \/ Zisterne (48) beim Trim HV-TR-19<strong><br \/>\n<\/strong><\/span><\/h3>\n<p><img loading=\"lazy\" decoding=\"async\" class=\"aligncenter wp-image-64662 size-full\" src=\"https:\/\/www.topohvar.at\/wp-content\/uploads\/2023\/11\/hv-op-48-1.jpg\" alt=\"\" width=\"1080\" height=\"530\" srcset=\"https:\/\/www.topohvar.at\/wp-content\/uploads\/2023\/11\/hv-op-48-1.jpg 1080w, https:\/\/www.topohvar.at\/wp-content\/uploads\/2023\/11\/hv-op-48-1-300x147.jpg 300w, https:\/\/www.topohvar.at\/wp-content\/uploads\/2023\/11\/hv-op-48-1-1024x503.jpg 1024w, https:\/\/www.topohvar.at\/wp-content\/uploads\/2023\/11\/hv-op-48-1-768x377.jpg 768w\" sizes=\"auto, (max-width: 1080px) 100vw, 1080px\" \/><\/p>\n<p><strong>Code: <\/strong>HV-OP-48<\/p>\n<p><strong>Adresa \/ Adresse<br \/>\n<\/strong>Hvar, na putu za Brusje \/ am Weg nach Brusje<\/p>\n<p><strong>Lokacija \/ Position<a href=\"https:\/\/maps.app.goo.gl\/LeEhrge65q8qQvjB8\"><img loading=\"lazy\" decoding=\"async\" class=\"alignright wp-image-70400\" src=\"https:\/\/www.topohvar.at\/wp-content\/uploads\/2024\/11\/4259.jpg\" alt=\"\" width=\"134\" height=\"100\" \/><\/a><br \/>\n<\/strong><a href=\"https:\/\/maps.app.goo.gl\/LeEhrge65q8qQvjB8\"><span style=\"color: #3366ff;\">Latitude: N 43,17664\u00b0\u00a0 \u00a0Longitude: E 16,47189\u00b0 <\/span><\/a><strong><br \/>\n<\/strong>Visina \/ H\u00f6he: 261 m<\/p>\n<p><strong>Katastarska \u010destica \/ Grundst\u00fccke: <\/strong>2635\/2<br \/>\n<strong>Datum snimanja \/ Erfassungsdatum: <\/strong>07.10.2023 11:23:59<\/p>\n<p><strong>Linkovi \/ Links:<\/strong><br \/>\n<span style=\"color: #3366ff;\"><a style=\"color: #3366ff;\" href=\"https:\/\/www.topohvar.at\/topo\/orte\/hv\/hv-tr-19-1\/\">Trim \u00bbHV-TR-19\u00ab<\/a><\/span><\/p>\n<p style=\"text-align: right;\"><span style=\"color: #3366ff;\"><a name=\"op-49\"><\/a><a style=\"color: #3366ff;\" href=\"#seite_oben\">natrag na vrh \/ Seitenanfang<\/a><\/span><\/p>\n<hr \/>\n<h3><span style=\"color: #000000;\"><strong>Ime \/ Name<br \/>\n<\/strong><\/span><span style=\"color: #000000;\">Objekt \u00bbGustirna (49)\u00ab \/ Zisterne (49)<strong><br \/>\n<\/strong><\/span><\/h3>\n<p><img loading=\"lazy\" decoding=\"async\" class=\"aligncenter wp-image-64671 size-full\" src=\"https:\/\/www.topohvar.at\/wp-content\/uploads\/2023\/11\/hv-op-49-1.jpg\" alt=\"\" width=\"1080\" height=\"530\" srcset=\"https:\/\/www.topohvar.at\/wp-content\/uploads\/2023\/11\/hv-op-49-1.jpg 1080w, https:\/\/www.topohvar.at\/wp-content\/uploads\/2023\/11\/hv-op-49-1-300x147.jpg 300w, https:\/\/www.topohvar.at\/wp-content\/uploads\/2023\/11\/hv-op-49-1-1024x503.jpg 1024w, https:\/\/www.topohvar.at\/wp-content\/uploads\/2023\/11\/hv-op-49-1-768x377.jpg 768w\" sizes=\"auto, (max-width: 1080px) 100vw, 1080px\" \/><\/p>\n<p><strong>Code: <\/strong>HV-OP-49<\/p>\n<p><strong>Adresa \/ Adresse<br \/>\n<\/strong>Hvar,<\/p>\n<p><strong>Lokacija \/ Position<a href=\"https:\/\/maps.app.goo.gl\/tzUMe1CsLQZozHKGA\"><img loading=\"lazy\" decoding=\"async\" class=\"alignright wp-image-64670\" src=\"https:\/\/www.topohvar.at\/wp-content\/uploads\/2023\/11\/3943.jpg\" alt=\"\" width=\"134\" height=\"100\" \/><\/a><br \/>\n<\/strong><a href=\"https:\/\/maps.app.goo.gl\/tzUMe1CsLQZozHKGA\"><span style=\"color: #3366ff;\">Latitude: N 43,17430\u00b0\u00a0 \u00a0Longitude: E 16,49335\u00b0 <\/span><\/a><strong><br \/>\n<\/strong>Visina \/ H\u00f6he: 282 m<\/p>\n<p><strong>Katastarska \u010destica \/ Grundst\u00fccke:<\/strong> 3180\/1, 3180\/2<br \/>\n<strong>Datum snimanja \/ Erfassungsdatum: <\/strong>08.10.2023 10:59:52<\/p>\n<div class='content-column one_half'><div style=\"padding-right:6px;\"><p>Cisterna je izgra\u0111ena u sklopu izgradnje privatne ku\u0107e. Iznad ku\u0107e je kapelica.<\/p><\/div><\/div><div class='content-column one_half last_column'><div style=\"padding-right:0px;padding-left:6px;\"><p>Die Zisterne wurde im Zuge des Baues eines Privathauses errichtet. Oberhalb des Hauses befindet sich eine Kapelle.<\/p><\/div><\/div><div class='clear_column'><\/div><\/p>\n<p><strong>Linkovi \/ Links:<\/strong><br \/>\n<span style=\"color: #3366ff;\"><a style=\"color: #3366ff;\" href=\"https:\/\/www.topohvar.at\/orte\/hv\/hv-cp-03-1\/\">Nova kapela iznad privatne ku\u0107e \/ neue Kapelle oberhalb des Hauses<\/a><\/span><\/p>\n<p style=\"text-align: right;\"><span style=\"color: #3366ff;\"><a name=\"op-50\"><\/a><a style=\"color: #3366ff;\" href=\"#seite_oben\">natrag na vrh \/ Seitenanfang<\/a><\/span><\/p>\n<hr \/>\n<h3><span style=\"color: #000000;\"><strong>Ime \/ Name<br \/>\n<\/strong><\/span><span style=\"color: #000000;\">Objekt \u00bbGustirna (50)\u00ab \/ Zisterne (50)<strong><br \/>\n<\/strong><\/span><\/h3>\n<p><img loading=\"lazy\" decoding=\"async\" class=\"aligncenter wp-image-73439 size-full\" src=\"https:\/\/www.topohvar.at\/wp-content\/uploads\/2025\/11\/HV-OP-50-01.jpg\" alt=\"\" width=\"1080\" height=\"530\" srcset=\"https:\/\/www.topohvar.at\/wp-content\/uploads\/2025\/11\/HV-OP-50-01.jpg 1080w, https:\/\/www.topohvar.at\/wp-content\/uploads\/2025\/11\/HV-OP-50-01-300x147.jpg 300w, https:\/\/www.topohvar.at\/wp-content\/uploads\/2025\/11\/HV-OP-50-01-1024x503.jpg 1024w, https:\/\/www.topohvar.at\/wp-content\/uploads\/2025\/11\/HV-OP-50-01-768x377.jpg 768w\" sizes=\"auto, (max-width: 1080px) 100vw, 1080px\" \/><\/p>\n<p><strong>Code: <\/strong>HV-OP-50<\/p>\n<p><strong>Adresa \/ Adresse<br \/>\n<\/strong>Hvar, na putu za Brusje \/ am Weg nach Brusje<\/p>\n<p><strong data-wp-editing=\"1\">Lokacija \/ Position<a href=\"https:\/\/maps.app.goo.gl\/X2K6yPXCDqCV9Mao9\"><img loading=\"lazy\" decoding=\"async\" class=\"alignright wp-image-73440\" src=\"https:\/\/www.topohvar.at\/wp-content\/uploads\/2025\/11\/4393.jpg\" alt=\"\" width=\"134\" height=\"100\" \/><\/a><br \/>\n<\/strong><a href=\"https:\/\/maps.app.goo.gl\/X2K6yPXCDqCV9Mao9\"><span style=\"color: #3366ff;\">Latitude: N 43,17608\u00b0\u00a0 \u00a0Longitude: E 16,47540\u00b0 <\/span><\/a><strong><br \/>\n<\/strong>Visina \/ H\u00f6he: 250 m<\/p>\n<p><strong>Katastarska \u010destica \/ Grundst\u00fccke:<\/strong> 2800\/1<br \/>\n<strong>Datum snimanja \/ Erfassungsdatum: <\/strong>07.11.2025 11:21:05<\/p>\n<p style=\"text-align: right;\"><span style=\"color: #3366ff;\"><a name=\"op-51\"><\/a><a style=\"color: #3366ff;\" href=\"#seite_oben\">natrag na vrh \/ Seitenanfang<\/a><\/span><\/p>\n<hr \/>\n<p><strong>Linkovi \/ Links:<\/strong><\/p>\n","protected":false},"excerpt":{"rendered":"<p>Pove\u0107aj sliku \u2013 klikni! \/ Bild vergr\u00f6\u00dfern \u2013 klicken! Ime \/ Name Bunari, cisterne i to\u010dke za vodu &#8211; detaljno Code: HV-OP-01\/50\u00a0 \u00a0 \u00a0 \u00a0 \u00a0 \u00a0 \u00a0 \u00a0 \u00a0 \u00a0 \u00a0 \u00a0 \u00a0 \u00a0 \u00a0 \u00a0 \u00a0 \u00a0 \u00a0 &hellip; <a href=\"https:\/\/www.topohvar.at\/topo\/orte\/hv\/hv-op-00-0\/\">Weiterlesen <span class=\"meta-nav\">&rarr;<\/span><\/a><\/p>\n","protected":false},"author":1,"featured_media":0,"parent":80,"menu_order":0,"comment_status":"closed","ping_status":"closed","template":"","meta":{"footnotes":""},"class_list":["post-70358","page","type-page","status-publish","hentry"],"_links":{"self":[{"href":"https:\/\/www.topohvar.at\/topo\/wp-json\/wp\/v2\/pages\/70358","targetHints":{"allow":["GET"]}}],"collection":[{"href":"https:\/\/www.topohvar.at\/topo\/wp-json\/wp\/v2\/pages"}],"about":[{"href":"https:\/\/www.topohvar.at\/topo\/wp-json\/wp\/v2\/types\/page"}],"author":[{"embeddable":true,"href":"https:\/\/www.topohvar.at\/topo\/wp-json\/wp\/v2\/users\/1"}],"replies":[{"embeddable":true,"href":"https:\/\/www.topohvar.at\/topo\/wp-json\/wp\/v2\/comments?post=70358"}],"version-history":[{"count":69,"href":"https:\/\/www.topohvar.at\/topo\/wp-json\/wp\/v2\/pages\/70358\/revisions"}],"predecessor-version":[{"id":73448,"href":"https:\/\/www.topohvar.at\/topo\/wp-json\/wp\/v2\/pages\/70358\/revisions\/73448"}],"up":[{"embeddable":true,"href":"https:\/\/www.topohvar.at\/topo\/wp-json\/wp\/v2\/pages\/80"}],"wp:attachment":[{"href":"https:\/\/www.topohvar.at\/topo\/wp-json\/wp\/v2\/media?parent=70358"}],"curies":[{"name":"wp","href":"https:\/\/api.w.org\/{rel}","templated":true}]}}