{"id":71335,"date":"2025-04-04T18:16:32","date_gmt":"2025-04-04T16:16:32","guid":{"rendered":"https:\/\/www.topohvar.at\/topo\/?page_id=71335"},"modified":"2026-02-09T18:47:24","modified_gmt":"2026-02-09T17:47:24","slug":"sg-tr-i1-1","status":"publish","type":"page","link":"https:\/\/www.topohvar.at\/topo\/orte\/sg\/sg-tr-i1-1\/","title":{"rendered":"STARI GRAD &#8211; Trim \u00bbSG-TR-I1\u00ab"},"content":{"rendered":"<p><a name=\"seite_oben\"><\/a><br \/>\n<img loading=\"lazy\" decoding=\"async\" class=\"alignnone wp-image-71797 size-full\" src=\"https:\/\/www.topohvar.at\/wp-content\/uploads\/2025\/05\/sg-tr-i1-01.jpg\" alt=\"\" width=\"1080\" height=\"530\" srcset=\"https:\/\/www.topohvar.at\/wp-content\/uploads\/2025\/05\/sg-tr-i1-01.jpg 1080w, https:\/\/www.topohvar.at\/wp-content\/uploads\/2025\/05\/sg-tr-i1-01-300x147.jpg 300w, https:\/\/www.topohvar.at\/wp-content\/uploads\/2025\/05\/sg-tr-i1-01-1024x503.jpg 1024w, https:\/\/www.topohvar.at\/wp-content\/uploads\/2025\/05\/sg-tr-i1-01-768x377.jpg 768w\" sizes=\"auto, (max-width: 1080px) 100vw, 1080px\" \/><\/p>\n<p><strong>Ime \/ Name<br \/>\n<\/strong>Trim \u00bbSG-TR-I1\u00ab<br \/>\n<strong>Code: <\/strong>SG-TR-I1\u00a0 \u00a0 \u00a0 \u00a0 \u00a0 \u00a0 \u00a0 \u00a0 \u00a0 \u00a0 \u00a0 \u00a0 \u00a0 \u00a0 \u00a0 \u00a0 \u00a0 \u00a0 \u00a0 \u00a0 <strong><a href=\"https:\/\/www.topohvar.at\/orte\/sg\/sg-tr-00-1\/\"><img loading=\"lazy\" decoding=\"async\" class=\"alignnone wp-image-12300 size-full\" src=\"https:\/\/www.topohvar.at\/wp-content\/uploads\/2018\/09\/push-vor-30.jpg\" alt=\"\" width=\"61\" height=\"30\" \/><\/a> <a href=\"https:\/\/www.topohvar.at\/orte\/sg\/sg-tr-i0-1\/\"><img loading=\"lazy\" decoding=\"async\" class=\"alignnone wp-image-533 size-full\" src=\"https:\/\/www.topohvar.at\/wp-content\/uploads\/2018\/07\/push-l-30.jpg\" alt=\"\" width=\"61\" height=\"30\" \/><\/a> <a href=\"https:\/\/www.topohvar.at\/orte\/sg\/\"><img loading=\"lazy\" decoding=\"async\" class=\"alignnone wp-image-535 size-full\" src=\"https:\/\/www.topohvar.at\/wp-content\/uploads\/2018\/07\/push-o-30.jpg\" alt=\"\" width=\"61\" height=\"30\" \/><\/a> <a href=\"https:\/\/www.topohvar.at\/orte\/sg\/sg-tr-i7-1\/\"><img loading=\"lazy\" decoding=\"async\" class=\"alignnone wp-image-536 size-full\" src=\"https:\/\/www.topohvar.at\/wp-content\/uploads\/2018\/07\/push-r-30.jpg\" alt=\"\" width=\"61\" height=\"30\" \/><\/a><\/strong><\/p>\n<hr \/>\n<p><strong>Adresa \/ Adresse<br \/>\n<\/strong>Stari Grad, Vrbanjske Rudine, Goba\u0161ko bardo<\/p>\n<p><strong>Lokacija \/ Position <a href=\"https:\/\/maps.app.goo.gl\/dyBHyCDfqUJCezMP6\"><img loading=\"lazy\" decoding=\"async\" class=\"alignright wp-image-71796\" src=\"https:\/\/www.topohvar.at\/wp-content\/uploads\/2025\/05\/4320.jpg\" alt=\"\" width=\"125\" height=\"100\" \/><\/a><br \/>\n<\/strong><a href=\"https:\/\/maps.app.goo.gl\/dyBHyCDfqUJCezMP6\"><span style=\"color: #3366ff;\">Latitude: N 43,19675\u00b0\u00a0 \u00a0Longitude: E 16,62396\u00b0 <\/span><\/a><strong><br \/>\n<\/strong>Visina \/ H\u00f6he: 50 m<\/p>\n<p><strong>Katastarska \u010destica \/ Grundst\u00fccke<br \/>\n<\/strong>5808<div class='content-column one_half'><div style=\"padding-right:6px;\"><p><strong>Datum snimanja \/ Erfassungsdatum<br \/>\n<\/strong>04.05.2025 16:40:00<\/p>\n<hr \/>\n<p><strong>Informacije<\/strong><\/p>\n<p>Lijepi trim nalazi se u nekada\u0161njem masliniku na sjevernom rubu Starigradskog polja. Ispred trima nalaze se cisterna s kamenicam i pjoverom. Prednji i stra\u017enji zid zavr\u0161avaju lijevo s rubom. Unutarnji prostor ima elipti\u010dni oblik. Dvostupanjski trim je nakon renoviranja vrlo dobro o\u010duvan, ali se rijetko koristi.<\/p><\/div><\/div><div class='content-column one_half last_column'><div style=\"padding-right:0px;padding-left:6px;\"><p><strong>Stupanj za\u0161tite \/ Schutzstellung<br \/>\n<\/strong>&#8211;<\/p>\n<hr \/>\n<p><strong>Info<\/strong><\/p>\n<p>Der sch\u00f6ne Trim befindet sich in einem ehemaligen Olivengarten am Nordrand des Starigrader Feldes. Vor dem Trim befinden sich eine Zisterne mit Trog und eine Regensammelfl\u00e4che. Die Vorder- und die R\u00fcckwand enden jeweils links mit einer Kante. Der Innenraum hat eine elliptische Form. Der zweistufige Trim ist nach seiner Renovierung sehr gut erhalten, wird aber kaum mehr genutzt.<\/p><\/div><\/div><div class='clear_column'><\/div><div class='content-column one_half'><div style=\"padding-right:6px;\"><p>Trim je obnovljen na inicijativu udruge Dragodid 2024. godine.<\/p><\/div><\/div><div class='content-column one_half last_column'><div style=\"padding-right:0px;padding-left:6px;\"><p>Der Trim wurde auf Initiative des Vereins Dragodid im Jahre 2024 renoviert.<\/p><\/div><\/div><div class='clear_column'><\/div><div class='content-column one_half'><div style=\"padding-right:6px;\"><div id=\"attachment_72531\" style=\"width: 310px\" class=\"wp-caption aligncenter\"><img loading=\"lazy\" decoding=\"async\" aria-describedby=\"caption-attachment-72531\" class=\"wp-image-72531 size-full\" src=\"https:\/\/www.topohvar.at\/wp-content\/uploads\/2025\/05\/sg-tr-i1-21.jpg\" alt=\"\" width=\"300\" height=\"300\" srcset=\"https:\/\/www.topohvar.at\/wp-content\/uploads\/2025\/05\/sg-tr-i1-21.jpg 300w, https:\/\/www.topohvar.at\/wp-content\/uploads\/2025\/05\/sg-tr-i1-21-150x150.jpg 150w\" sizes=\"auto, (max-width: 300px) 100vw, 300px\" \/><p id=\"caption-attachment-72531\" class=\"wp-caption-text\">Ulaz \/ Eingang<\/p><\/div>\n<p>Dana 04.05.2025 trim SG-TR-I1 je posje\u0107en i ustanovljeno je sljede\u0107e:<\/p>\n<p>Lokacija: maslinik<br \/>\nPodloga: nako\u0161ena<br \/>\nPovezan s: ure\u0111enom kamenom gomilom , cisternom<br \/>\nUpotreba: malo se koristi<br \/>\nStanje: vrlo dobro uzdr\u017eati<br \/>\nBroj stepenica trima: 2<br \/>\nDodatni kameni prsten: nema prstena<br \/>\nStepeni\u0161te: nema<br \/>\nOblik kamena: uglast<br \/>\nPodru\u010dje ispred ulaza: lako dostupno<br \/>\nOrijentacija ulaza: Z (270\u00b0)<br \/>\nPromjer trima (cm): 400<br \/>\nVisina trima (cm): 230<br \/>\nVisina stepenica (cm): stepenica 1: 140 , stepenica 2: 210<br \/>\nDebljina zida (cm): 75<br \/>\n\u0160irina vrata (cm): 65<br \/>\nVisina vrata (cm): 105<br \/>\n\u0160irina unutra (cm): 190 &#8211; 220<br \/>\nVisina unutra (cm): 210<br \/>\nVolumen iznutra (m3): 4,47<br \/>\nNema ni\u0161e<\/p><\/div><\/div><div class='content-column one_half last_column'><div style=\"padding-right:0px;padding-left:6px;\"><div id=\"attachment_72532\" style=\"width: 310px\" class=\"wp-caption aligncenter\"><img loading=\"lazy\" decoding=\"async\" aria-describedby=\"caption-attachment-72532\" class=\"wp-image-72532 size-full\" src=\"https:\/\/www.topohvar.at\/wp-content\/uploads\/2025\/05\/sg-tr-i1-22.jpg\" alt=\"\" width=\"300\" height=\"300\" srcset=\"https:\/\/www.topohvar.at\/wp-content\/uploads\/2025\/05\/sg-tr-i1-22.jpg 300w, https:\/\/www.topohvar.at\/wp-content\/uploads\/2025\/05\/sg-tr-i1-22-150x150.jpg 150w\" sizes=\"auto, (max-width: 300px) 100vw, 300px\" \/><p id=\"caption-attachment-72532\" class=\"wp-caption-text\">Stra\u017enji dio trima \/ Trimr\u00fcckseite<\/p><\/div>\n<p>Am 04.05.2025 wurde der Trim SG-TR-I1 besucht und n\u00e4her untersucht:<\/p>\n<p>Standort: Olivenhain<br \/>\nUntergrund: geneigt<br \/>\nVerbunden mit: Steinhaufen geordnet , Zisterne<br \/>\nNutzung: kaum genutzt<br \/>\nZustand: sehr gut erhalten<br \/>\nAnzahl der Trimstufen: 2<br \/>\nZus\u00e4tzlicher Steinring: kein Steinring<br \/>\nStiege: keine<br \/>\nSteinform: kantig<br \/>\nEingangsbereich: frei<br \/>\nEingangsseite: W (270\u00b0)<br \/>\nTrimdurchmesser (cm): 400<br \/>\nTrimh\u00f6he (cm): 230<br \/>\nH\u00f6he der Trimstufen (cm): Stufe 1: 140 , Stufe 2: 210<br \/>\nWandst\u00e4rke (cm): 75<br \/>\nT\u00fcrbreite (cm): 65<br \/>\nT\u00fcrh\u00f6he (cm): 105<br \/>\nInnenraumbreite (cm): 190 &#8211; 220<br \/>\nInnenraumh\u00f6he (cm): 210<br \/>\nRaumvolumen (m3): 4,47<br \/>\nKeine Nische<\/p><\/div><\/div><div class='clear_column'><\/div><\/p>\n<p><img loading=\"lazy\" decoding=\"async\" class=\"aligncenter size-full wp-image-72530\" src=\"https:\/\/www.topohvar.at\/wp-content\/uploads\/2025\/05\/sg-tr-i1.sca_.jpg\" alt=\"\" width=\"640\" height=\"972\" srcset=\"https:\/\/www.topohvar.at\/wp-content\/uploads\/2025\/05\/sg-tr-i1.sca_.jpg 640w, https:\/\/www.topohvar.at\/wp-content\/uploads\/2025\/05\/sg-tr-i1.sca_-198x300.jpg 198w\" sizes=\"auto, (max-width: 640px) 100vw, 640px\" \/><\/p>\n<p style=\"text-align: right;\"><a href=\"#seite_oben\">natrag na vrh \/ Seitenanfang<\/a><\/p>\n<hr \/>\n<p><strong>Linkovi \/ Links<\/strong><\/p>\n<p><span style=\"color: #3366ff;\"><a style=\"color: #3366ff;\" href=\"https:\/\/www.topohvar.at\/topo\/orte\/sg\/sg-op-le-1\/\">Gustirna \/ Zisterne \u00bbkod trim SG-TR-I1\u00ab<\/a><\/span><\/p>\n","protected":false},"excerpt":{"rendered":"<p>Ime \/ Name Trim \u00bbSG-TR-I1\u00ab Code: SG-TR-I1\u00a0 \u00a0 \u00a0 \u00a0 \u00a0 \u00a0 \u00a0 \u00a0 \u00a0 \u00a0 \u00a0 \u00a0 \u00a0 \u00a0 \u00a0 \u00a0 \u00a0 \u00a0 \u00a0 \u00a0 Adresa \/ Adresse Stari Grad, Vrbanjske Rudine, Goba\u0161ko bardo Lokacija \/ Position Latitude: N &hellip; <a href=\"https:\/\/www.topohvar.at\/topo\/orte\/sg\/sg-tr-i1-1\/\">Weiterlesen <span class=\"meta-nav\">&rarr;<\/span><\/a><\/p>\n","protected":false},"author":1,"featured_media":0,"parent":99,"menu_order":0,"comment_status":"closed","ping_status":"closed","template":"","meta":{"footnotes":""},"class_list":["post-71335","page","type-page","status-publish","hentry"],"_links":{"self":[{"href":"https:\/\/www.topohvar.at\/topo\/wp-json\/wp\/v2\/pages\/71335","targetHints":{"allow":["GET"]}}],"collection":[{"href":"https:\/\/www.topohvar.at\/topo\/wp-json\/wp\/v2\/pages"}],"about":[{"href":"https:\/\/www.topohvar.at\/topo\/wp-json\/wp\/v2\/types\/page"}],"author":[{"embeddable":true,"href":"https:\/\/www.topohvar.at\/topo\/wp-json\/wp\/v2\/users\/1"}],"replies":[{"embeddable":true,"href":"https:\/\/www.topohvar.at\/topo\/wp-json\/wp\/v2\/comments?post=71335"}],"version-history":[{"count":13,"href":"https:\/\/www.topohvar.at\/topo\/wp-json\/wp\/v2\/pages\/71335\/revisions"}],"predecessor-version":[{"id":73931,"href":"https:\/\/www.topohvar.at\/topo\/wp-json\/wp\/v2\/pages\/71335\/revisions\/73931"}],"up":[{"embeddable":true,"href":"https:\/\/www.topohvar.at\/topo\/wp-json\/wp\/v2\/pages\/99"}],"wp:attachment":[{"href":"https:\/\/www.topohvar.at\/topo\/wp-json\/wp\/v2\/media?parent=71335"}],"curies":[{"name":"wp","href":"https:\/\/api.w.org\/{rel}","templated":true}]}}