{"id":71398,"date":"2025-04-07T17:53:39","date_gmt":"2025-04-07T15:53:39","guid":{"rendered":"https:\/\/www.topohvar.at\/topo\/?page_id=71398"},"modified":"2025-11-30T18:52:56","modified_gmt":"2025-11-30T17:52:56","slug":"sv-tr-46-1","status":"publish","type":"page","link":"https:\/\/www.topohvar.at\/topo\/orte\/sv\/sv-tr-46-1\/","title":{"rendered":"SVIR\u010cE \u2013 Trim \u00bbSV-TR-46\u00ab"},"content":{"rendered":"<p><a name=\"seite_oben\"><\/a><br \/>\n<strong><img loading=\"lazy\" decoding=\"async\" class=\"aligncenter wp-image-72899 size-full\" src=\"https:\/\/www.topohvar.at\/wp-content\/uploads\/2025\/10\/SV-TR-46-01.jpg\" alt=\"\" width=\"1080\" height=\"530\" srcset=\"https:\/\/www.topohvar.at\/wp-content\/uploads\/2025\/10\/SV-TR-46-01.jpg 1080w, https:\/\/www.topohvar.at\/wp-content\/uploads\/2025\/10\/SV-TR-46-01-300x147.jpg 300w, https:\/\/www.topohvar.at\/wp-content\/uploads\/2025\/10\/SV-TR-46-01-1024x503.jpg 1024w, https:\/\/www.topohvar.at\/wp-content\/uploads\/2025\/10\/SV-TR-46-01-768x377.jpg 768w\" sizes=\"auto, (max-width: 1080px) 100vw, 1080px\" \/><\/strong><\/p>\n<p><strong>Ime \/ Name<br \/>\n<\/strong>Trim \u00bbSV-TR-46\u00ab<\/p>\n<p><strong>Code: <\/strong>SV-TR-46\u00a0 \u00a0 \u00a0 \u00a0 \u00a0 \u00a0 \u00a0 \u00a0 \u00a0 \u00a0 \u00a0 \u00a0 \u00a0<strong>\u00a0 \u00a0 \u00a0 \u00a0 <a href=\"https:\/\/www.topohvar.at\/orte\/sv\/sv-tr-00-1\/\"><img loading=\"lazy\" decoding=\"async\" class=\"alignnone wp-image-12300 size-full\" src=\"https:\/\/www.topohvar.at\/wp-content\/uploads\/2018\/09\/push-vor-30.jpg\" alt=\"\" width=\"61\" height=\"30\" \/><\/a> <a href=\"https:\/\/www.topohvar.at\/orte\/sv\/sv-tr-44-1\/\"><img loading=\"lazy\" decoding=\"async\" class=\"alignnone wp-image-533 size-full\" src=\"https:\/\/www.topohvar.at\/wp-content\/uploads\/2018\/07\/push-l-30.jpg\" alt=\"\" width=\"61\" height=\"30\" \/><\/a>\u00a0<a href=\"https:\/\/www.topohvar.at\/orte\/sv\/\"><img loading=\"lazy\" decoding=\"async\" class=\"alignnone wp-image-535 size-full\" src=\"https:\/\/www.topohvar.at\/wp-content\/uploads\/2018\/07\/push-o-30.jpg\" alt=\"\" width=\"61\" height=\"30\" \/><\/a>\u00a0<a href=\"https:\/\/www.topohvar.at\/orte\/sv\/sv-tr-01-1\/\"><img loading=\"lazy\" decoding=\"async\" class=\"alignnone wp-image-536 size-full\" src=\"https:\/\/www.topohvar.at\/wp-content\/uploads\/2018\/07\/push-r-30.jpg\" alt=\"\" width=\"61\" height=\"30\" \/><\/a><\/strong><\/p>\n<hr \/>\n<p><strong>Adresa \/ Adresse<br \/>\n<\/strong>Svir\u010de, Poljica, Za\u010darbina<\/p>\n<p><strong>Lokacija \/ Position<a href=\"https:\/\/maps.app.goo.gl\/RQUXMqtZNKgBdXDn7\"><img loading=\"lazy\" decoding=\"async\" class=\"alignright wp-image-71399\" src=\"https:\/\/www.topohvar.at\/wp-content\/uploads\/2025\/04\/4286.jpg\" alt=\"\" width=\"134\" height=\"100\" \/><\/a><br \/>\n<\/strong><span style=\"color: #3366ff;\"><a style=\"color: #3366ff;\" href=\"https:\/\/maps.app.goo.gl\/RQUXMqtZNKgBdXDn7\">Latitude: N 43,14472\u00b0\u00a0 \u00a0 Longitude: E 16,62680\u00b0\u00a0<\/a><\/span><strong><br \/>\n<\/strong>Visina \/ H\u00f6he: 543 m<\/p>\n<p><strong>Katastarska \u010destica \/ Grundst\u00fccke<br \/>\n<\/strong>2302\/2<div class='content-column one_half'><div style=\"padding-right:6px;\"><p><strong>Datum snimanja \/ Erfassungsdatum<br \/>\n<\/strong>16.10.2025 10:30:00<\/p>\n<hr \/>\n<p><strong>Informacije<\/strong><\/p>\n<p>Lokacija prona\u0111ena na Google Maps. Trim se nalazi na obronku planine visoko iznad staze koja vodi prema istoku s Polji\u010dke visoravni. Dvostupanjski trim pokazuje manja o\u0161te\u0107enja desno iznad ulaza, ali je ina\u010de dobro o\u010duvan. Ulaz, koji vodi u kru\u017enu unutra\u0161njost, bio je obrastao grmljem i izgra\u0111en je od masivnih kamenih blokova.<\/p><\/div><\/div><div class='content-column one_half last_column'><div style=\"padding-right:0px;padding-left:6px;\"><p><strong>Stupanj za\u0161tite \/ Schutzstellung<br \/>\n<\/strong>&#8211;<\/p>\n<hr \/>\n<p><strong>Info<\/strong><\/p>\n<p>Der Standort wurde in Google Maps gefunden. Der Trim befindet sich am Berghang hoch \u00fcber dem Weg der von der Hochebene \u201cPoljica\u201c nach Osten f\u00fchrt. Der zweistufige Trim weist rechts \u00fcber dem Eingang kleine Sch\u00e4den auf, ist aber ansonsten gut erhalten. Der Eingang, durch den man in den kreisrunden Innenraum gelangt, war mit Buschwerk verwachsen und ist aus m\u00e4chtigen Steinbl\u00f6cken gebildet.<\/p><\/div><\/div><div class='clear_column'><\/div><div class='content-column one_half'><div style=\"padding-right:6px;\"><div id=\"attachment_73583\" style=\"width: 310px\" class=\"wp-caption aligncenter\"><img loading=\"lazy\" decoding=\"async\" aria-describedby=\"caption-attachment-73583\" class=\"size-medium wp-image-73583\" src=\"https:\/\/www.topohvar.at\/wp-content\/uploads\/2025\/11\/SV-TR-46-20-300x300.jpg\" alt=\"\" width=\"300\" height=\"300\" srcset=\"https:\/\/www.topohvar.at\/wp-content\/uploads\/2025\/11\/SV-TR-46-20-300x300.jpg 300w, https:\/\/www.topohvar.at\/wp-content\/uploads\/2025\/11\/SV-TR-46-20-150x150.jpg 150w, https:\/\/www.topohvar.at\/wp-content\/uploads\/2025\/11\/SV-TR-46-20.jpg 450w\" sizes=\"auto, (max-width: 300px) 100vw, 300px\" \/><p id=\"caption-attachment-73583\" class=\"wp-caption-text\">Ulaz \/ Eingang<\/p><\/div>\n<p>Dana 16.10.2025 trim SV-TR-46 je posje\u0107en i ustanovljeno je sljede\u0107e:<\/p>\n<p>Lokacija: grmlje<br \/>\nPodloga: padina<br \/>\nPovezan s: kamenim zidom<br \/>\nUpotreba: ne koristi se<br \/>\nStanje: dobro sa\u010duvan<br \/>\nBroj stepenica trima: 2<br \/>\nDodatni kameni prsten: nema prstena<br \/>\nStepeni\u0161te: nema<br \/>\nOblik kamena: uglast<br \/>\nPodru\u010dje ispred ulaza: lako dostupno<br \/>\nOrijentacija ulaza: Z (280\u00b0)<br \/>\nPromjer trima (cm): 390<br \/>\nVisina trima (cm): 290<br \/>\nVisina stepenica (cm): stepenica 1: 190 , stepenica 2: 250<br \/>\nDebljina zida (cm): 90<br \/>\n\u0160irina vrata (cm): 75<br \/>\nVisina vrata (cm): 115<br \/>\n\u0160irina unutra (cm): 210<br \/>\nVisina unutra (cm): 220<br \/>\nVolumen iznutra (m3): 5<br \/>\nNema ni\u0161e<\/p><\/div><\/div><div class='content-column one_half last_column'><div style=\"padding-right:0px;padding-left:6px;\"><div id=\"attachment_73584\" style=\"width: 310px\" class=\"wp-caption aligncenter\"><img loading=\"lazy\" decoding=\"async\" aria-describedby=\"caption-attachment-73584\" class=\"wp-image-73584 size-medium\" src=\"https:\/\/www.topohvar.at\/wp-content\/uploads\/2025\/11\/SV-TR-46-21-300x300.jpg\" alt=\"\" width=\"300\" height=\"300\" srcset=\"https:\/\/www.topohvar.at\/wp-content\/uploads\/2025\/11\/SV-TR-46-21-300x300.jpg 300w, https:\/\/www.topohvar.at\/wp-content\/uploads\/2025\/11\/SV-TR-46-21-150x150.jpg 150w, https:\/\/www.topohvar.at\/wp-content\/uploads\/2025\/11\/SV-TR-46-21.jpg 450w\" sizes=\"auto, (max-width: 300px) 100vw, 300px\" \/><p id=\"caption-attachment-73584\" class=\"wp-caption-text\">Stra\u017enja strana trima \/ Trimr\u00fcckseite<\/p><\/div>\n<p>Am 16.10.2025 wurde der Trim SV-TR-46 besucht und n\u00e4her untersucht:<\/p>\n<p>Standort: Buschwerk<br \/>\nUntergrund: Hanglage<br \/>\nVerbunden mit: Steinmauer<br \/>\nNutzung: ungenutzt<br \/>\nZustand: gut erhalten<br \/>\nAnzahl der Trimstufen: 2<br \/>\nZus\u00e4tzlicher Steinring: kein Steinring<br \/>\nStiege: keine<br \/>\nSteinform: kantig<br \/>\nEingangsbereich: frei<br \/>\nEingangsseite: W (280\u00b0)<br \/>\nTrimdurchmesser (cm): 390<br \/>\nTrimh\u00f6he (cm): 290<br \/>\nH\u00f6he der Trimstufen (cm): Stufe 1: 190 , Stufe 2: 250<br \/>\nWandst\u00e4rke (cm): 90<br \/>\nT\u00fcrbreite (cm): 75<br \/>\nT\u00fcrh\u00f6he (cm): 115<br \/>\nInnenraumbreite (cm): 210<br \/>\nInnenraumh\u00f6he (cm): 220<br \/>\nRaumvolumen (m3): 5<br \/>\nKeine Nische<\/p><\/div><\/div><div class='clear_column'><\/div><\/p>\n<p><img loading=\"lazy\" decoding=\"async\" class=\"alignleft size-full wp-image-73533\" src=\"https:\/\/www.topohvar.at\/wp-content\/uploads\/2025\/11\/sv-tr-46-scan.jpg\" alt=\"\" width=\"900\" height=\"1295\" srcset=\"https:\/\/www.topohvar.at\/wp-content\/uploads\/2025\/11\/sv-tr-46-scan.jpg 900w, https:\/\/www.topohvar.at\/wp-content\/uploads\/2025\/11\/sv-tr-46-scan-208x300.jpg 208w, https:\/\/www.topohvar.at\/wp-content\/uploads\/2025\/11\/sv-tr-46-scan-712x1024.jpg 712w, https:\/\/www.topohvar.at\/wp-content\/uploads\/2025\/11\/sv-tr-46-scan-768x1105.jpg 768w\" sizes=\"auto, (max-width: 900px) 100vw, 900px\" \/><\/p>\n<p style=\"text-align: right;\"><a href=\"#seite_oben\">natrag na vrh \/ Seitenanfang<\/a><\/p>\n<hr \/>\n<p><strong>Linkovi \/ Links<\/strong><\/p>\n<p><span style=\"color: #3366ff;\">&#8211;<\/span><\/p>\n","protected":false},"excerpt":{"rendered":"<p>Ime \/ Name Trim \u00bbSV-TR-46\u00ab Code: SV-TR-46\u00a0 \u00a0 \u00a0 \u00a0 \u00a0 \u00a0 \u00a0 \u00a0 \u00a0 \u00a0 \u00a0 \u00a0 \u00a0\u00a0 \u00a0 \u00a0 \u00a0 \u00a0\u00a0 Adresa \/ Adresse Svir\u010de, Poljica, Za\u010darbina Lokacija \/ Position Latitude: N 43,14472\u00b0\u00a0 \u00a0 Longitude: E 16,62680\u00b0\u00a0 Visina &hellip; <a href=\"https:\/\/www.topohvar.at\/topo\/orte\/sv\/sv-tr-46-1\/\">Weiterlesen <span class=\"meta-nav\">&rarr;<\/span><\/a><\/p>\n","protected":false},"author":1,"featured_media":0,"parent":106,"menu_order":0,"comment_status":"closed","ping_status":"closed","template":"","meta":{"footnotes":""},"class_list":["post-71398","page","type-page","status-publish","hentry"],"_links":{"self":[{"href":"https:\/\/www.topohvar.at\/topo\/wp-json\/wp\/v2\/pages\/71398","targetHints":{"allow":["GET"]}}],"collection":[{"href":"https:\/\/www.topohvar.at\/topo\/wp-json\/wp\/v2\/pages"}],"about":[{"href":"https:\/\/www.topohvar.at\/topo\/wp-json\/wp\/v2\/types\/page"}],"author":[{"embeddable":true,"href":"https:\/\/www.topohvar.at\/topo\/wp-json\/wp\/v2\/users\/1"}],"replies":[{"embeddable":true,"href":"https:\/\/www.topohvar.at\/topo\/wp-json\/wp\/v2\/comments?post=71398"}],"version-history":[{"count":9,"href":"https:\/\/www.topohvar.at\/topo\/wp-json\/wp\/v2\/pages\/71398\/revisions"}],"predecessor-version":[{"id":73710,"href":"https:\/\/www.topohvar.at\/topo\/wp-json\/wp\/v2\/pages\/71398\/revisions\/73710"}],"up":[{"embeddable":true,"href":"https:\/\/www.topohvar.at\/topo\/wp-json\/wp\/v2\/pages\/106"}],"wp:attachment":[{"href":"https:\/\/www.topohvar.at\/topo\/wp-json\/wp\/v2\/media?parent=71398"}],"curies":[{"name":"wp","href":"https:\/\/api.w.org\/{rel}","templated":true}]}}