{"id":74560,"date":"2026-04-25T10:06:59","date_gmt":"2026-04-25T08:06:59","guid":{"rendered":"https:\/\/www.topohvar.at\/topo\/?page_id=74560"},"modified":"2026-04-25T10:40:21","modified_gmt":"2026-04-25T08:40:21","slug":"sg-mo-19-1","status":"publish","type":"page","link":"https:\/\/www.topohvar.at\/topo\/orte\/sg\/sg-mo-19-1\/","title":{"rendered":"STARI GRAD &#8211; Spomenik \u00bbpalim u Prvom svjetskom ratu\u00ab"},"content":{"rendered":"<p><a name=\"seite_oben\"><\/a><br \/>\n<img loading=\"lazy\" decoding=\"async\" class=\"aligncenter wp-image-74561 size-full\" src=\"https:\/\/www.topohvar.at\/wp-content\/uploads\/2026\/04\/sg-mo-19-1.jpg\" alt=\"\" width=\"1080\" height=\"530\" srcset=\"https:\/\/www.topohvar.at\/wp-content\/uploads\/2026\/04\/sg-mo-19-1.jpg 1080w, https:\/\/www.topohvar.at\/wp-content\/uploads\/2026\/04\/sg-mo-19-1-300x147.jpg 300w, https:\/\/www.topohvar.at\/wp-content\/uploads\/2026\/04\/sg-mo-19-1-1024x503.jpg 1024w, https:\/\/www.topohvar.at\/wp-content\/uploads\/2026\/04\/sg-mo-19-1-768x377.jpg 768w\" sizes=\"auto, (max-width: 1080px) 100vw, 1080px\" \/><\/p>\n<p><strong>Ime \/ Name<br \/>\n<\/strong>Spomenik \u00bbpalim u Prvom svjetskom ratu\u00ab \/ Denkmal &#8211; die Gefallenen des 1. Weltkrieges<\/p>\n<p><strong>Code: <\/strong>SG-MO-19\u00a0 \u00a0 \u00a0 \u00a0 \u00a0 \u00a0 \u00a0 \u00a0 \u00a0 \u00a0 \u00a0 \u00a0 \u00a0 \u00a0 \u00a0 \u00a0 \u00a0 \u00a0 <strong><a href=\"https:\/\/www.topohvar.at\/orte\/sg\/sg-mo-17-2\/\"><img loading=\"lazy\" decoding=\"async\" class=\"alignnone wp-image-533 size-full\" src=\"https:\/\/www.topohvar.at\/wp-content\/uploads\/2018\/07\/push-l-30.jpg\" alt=\"\" width=\"61\" height=\"30\" \/><\/a> <a href=\"https:\/\/www.topohvar.at\/orte\/sg\/\"><img loading=\"lazy\" decoding=\"async\" class=\"alignnone wp-image-535 size-full\" src=\"https:\/\/www.topohvar.at\/wp-content\/uploads\/2018\/07\/push-o-30.jpg\" alt=\"\" width=\"61\" height=\"30\" \/><\/a> <a href=\"https:\/\/www.topohvar.at\/orte\/sg\/sg-mo-15-2\/\"><img loading=\"lazy\" decoding=\"async\" class=\"alignnone wp-image-536 size-full\" src=\"https:\/\/www.topohvar.at\/wp-content\/uploads\/2018\/07\/push-r-30.jpg\" alt=\"\" width=\"61\" height=\"30\" \/><\/a><\/strong><\/p>\n<hr \/>\n<p><strong>Adresa \/ Adresse<br \/>\n<\/strong>Stari Grad, Gradsko groblje<\/p>\n<p><strong>Lokacija \/ Position<a href=\"https:\/\/maps.app.goo.gl\/njd5JoFzVHp8quqD7\"><img loading=\"lazy\" decoding=\"async\" class=\"alignright wp-image-74562\" src=\"https:\/\/www.topohvar.at\/wp-content\/uploads\/2026\/04\/4426.jpg\" alt=\"\" width=\"134\" height=\"100\" \/><\/a><br \/>\n<\/strong><a href=\"https:\/\/maps.app.goo.gl\/njd5JoFzVHp8quqD7\"><span style=\"color: #3366ff;\">Latitude: N 43,18061\u00b0\u00a0 \u00a0Longitude: E 16,59577\u00b0 <\/span><\/a><strong><br \/>\n<\/strong>Visina \/ H\u00f6he: 19 m<\/p>\n<p><strong>Katastarska \u010destica \/ Grundst\u00fccke<br \/>\n<\/strong>3667\/1<div class='content-column one_half'><div style=\"padding-right:6px;\"><p><strong>Datum snimanja \/ Erfassungsdatum<br \/>\n<\/strong>20.04.2026 14:09:00<\/p>\n<hr \/>\n<p><strong>Informacije<\/strong><\/p>\n<p>\u010cetiri plo\u010de pri\u010dvr\u0161\u0107ene su na kvadratni stup. Njihovi natpisi glase:<\/p><\/div><\/div><div class='content-column one_half last_column'><div style=\"padding-right:0px;padding-left:6px;\"><p><strong>Stupanj za\u0161tite \/ Schutzstellung<br \/>\n<\/strong>&#8211;<\/p>\n<hr \/>\n<p><strong>Info<\/strong><\/p>\n<p>Auf einer quadratischen S\u00e4ule sind 4 Tafeln befestigt. Deren Instriften lauten:<\/p><\/div><\/div><div class='clear_column'><\/div><div class='content-column one_half'><div style=\"padding-right:6px;\"><p style=\"text-align: center;\">Na isto\u010dnoj strani:<\/p>\n<p style=\"text-align: center;\">U SPOMEN POGINULIMA<br \/>\nU PRVOME SVJETSKOM RATU (1914.-1918.)<br \/>\nSTARI GRAD<\/p><\/div><\/div><div class='content-column one_half last_column'><div style=\"padding-right:0px;padding-left:6px;\"><p style=\"text-align: center;\">An der Ostseite:<\/p>\n<p style=\"text-align: center;\">ZUM GEDENKEN AN DIE GEFALLENEN<br \/>\nIM ERSTEN WELTKRIEG (1914\u20131918)<br \/>\nSTARI GRAD<\/p><\/div><\/div><div class='clear_column'><\/div><div class='content-column one_half'><div style=\"padding-right:6px;\"><h5>BERVALDI VICKO 1891-1915<br \/>\nBOMAN IVAN 1879-1915<br \/>\nDUL\u010cI\u0106 FABIJAN, SU\u0160AK 1897-1917<br \/>\nFRANETOVI\u0106 LUKA, IVANA 1895-1916<br \/>\nKOVA\u010cEVI\u0106 JURAJ, BAKUK 1898-1918<br \/>\nKOVA\u010cEVI\u0106 ANZUN, MIRI\u0106 1896-<br \/>\nLJUBI\u0106 LJUBO 1889-<br \/>\nMULANOVI\u0106 ANTUN 1879-1916<br \/>\nPLAN\u010cI\u0106 NIKOLA 1898-1918<br \/>\nTARBU\u0160KOVI\u0106 MATE 1895-1916<br \/>\nVIDOVI\u0106 FRANJO 1882-1918<br \/>\nVRANJICAN VICKO-PA\u0160KO 1893-1917<br \/>\nVRANJICAN JOSIP, STIPANICA 1893-1917<\/h5><\/div><\/div><div class='content-column one_half last_column'><div style=\"padding-right:0px;padding-left:6px;\"><h5 style=\"text-align: right;\">BOGDANI\u0106 ROKO 1872-1917<br \/>\nDELETIS TOMA 1884-___<br \/>\nFRANETOVI\u0106 LUKA, LUKE 1856-1918<br \/>\nFREDOTOVI\u0106 NIKOLA 1882-1918<br \/>\nKOVA\u010cEVI\u0106 NIKOLA, BEGO 1897-___<br \/>\nKOVA\u010cEVI\u0106 FRANJO, BORONI\u0106 1998-1918<br \/>\nMAROEVI\u0106 MARIN, KOSTANI\u0106 1879-1918<br \/>\nPLAN\u010cI\u0106 JOSIP-PETAR 1884-1914<br \/>\nPOTOCNJAK PAVAO 1879-1915<br \/>\nTONDINI MARIN 1898-1917<br \/>\nVRANJICAN VISKO-VISKO\u0160A 1896-1917<br \/>\nVRANJICAN ANTUN 1897-1918<br \/>\nVRANJICAN VJERKO 1880-1915<\/h5>\n<p style=\"text-align: left;\"><\/div><\/div><div class='clear_column'><\/div><div class='content-column one_half'><div style=\"padding-right:6px;\"><p style=\"text-align: center;\">Na ju\u017enoj strani:<\/p><\/div><\/div><div class='content-column one_half last_column'><div style=\"padding-right:0px;padding-left:6px;\"><p style=\"text-align: center;\">An der S\u00fcdseite:<\/p><\/div><\/div><div class='clear_column'><\/div><\/p>\n<p style=\"text-align: center;\">SELCA<\/p>\n<p style=\"text-align: center;\">PETRI\u0106 DINKO-VICKO 1900-<br \/>\nPETRI\u0106 KUZMA 1892-1914<br \/>\nPETRI\u0106 MATE 1881-<\/p>\n<div class='content-column one_half'><div style=\"padding-right:6px;\"><p style=\"text-align: center;\">Na zapadnoj strani:<\/p>\n<p style=\"text-align: center;\">PODI\u017dE<br \/>\nOGRANAK MATICE HRVATSKE U STAROM GRADU, UZ POTPORU<br \/>\nGRADA STAROGA GRADA I SPLITSKO-DALMATINSKE \u017dUPANIJE<\/p>\n<p style=\"text-align: center;\">DAR AKADEMSKOG KIPARA PERU\u0160KA BOGDANICA, 2025<\/p><\/div><\/div><div class='content-column one_half last_column'><div style=\"padding-right:0px;padding-left:6px;\"><p style=\"text-align: center;\">An der Westseite:<\/p>\n<p style=\"text-align: center;\">ERBAUT VON<br \/>\nDER ZWEIGSTELLE VON MATICA CROATIA IN STARI GRAD, MIT UNTERST\u00dcTZUNG DER STADT STARI\u00a0 GRAD UND DER GESPANSCHAFT SPLIT-DALMATIEN<br \/>\nEIN GESCHENK DES AKADEMISCHEN BILDHAUERS PERU\u0160KO BOGDANICA, 2025<\/p><\/div><\/div><div class='clear_column'><\/div><div class='content-column one_half'><div style=\"padding-right:6px;\"><p style=\"text-align: center;\">Na sjevernoj strani:<\/p><\/div><\/div><div class='content-column one_half last_column'><div style=\"padding-right:0px;padding-left:6px;\"><p style=\"text-align: center;\">An der Nordseite:<\/p><\/div><\/div><div class='clear_column'><\/div><\/p>\n<p style=\"text-align: center;\">RUDINA<\/p>\n<p style=\"text-align: center;\">DUL\u010cI\u0106 STJEPAN, JODE 1891-1914<br \/>\n\u0160OLJAN JERKO 1888-1915<br \/>\n\u0160OLJAN NIKOLA-STJEPAN 1889-1917<\/p>\n<p style=\"text-align: right;\"><a href=\"#seite_oben\">natrag na vrh \/ Seitenanfang<\/a><\/p>\n<hr \/>\n<p><strong>Linkovi \/ Links<\/strong><\/p>\n<p><span style=\"color: #3366ff;\"><a style=\"color: #3366ff;\" href=\"https:\/\/www.topohvar.at\/orte\/sg\/sg-og-01-2\/\">Gradsko groblje \/ St\u00e4dtischer Friedhof<\/a><br \/>\n<a style=\"color: #3366ff;\" href=\"https:\/\/www.topohvar.at\/topo\/orte\/sg\/sg-mo-17-2\/\">Monument \u00bbLijepa nasa domovino\u00ab \/ Monument \u2013 unser sch\u00f6nes Vaterland<\/a><br \/>\n<\/span><\/p>\n","protected":false},"excerpt":{"rendered":"<p>Ime \/ Name Spomenik \u00bbpalim u Prvom svjetskom ratu\u00ab \/ Denkmal &#8211; die Gefallenen des 1. Weltkrieges Code: SG-MO-19\u00a0 \u00a0 \u00a0 \u00a0 \u00a0 \u00a0 \u00a0 \u00a0 \u00a0 \u00a0 \u00a0 \u00a0 \u00a0 \u00a0 \u00a0 \u00a0 \u00a0 \u00a0 Adresa \/ Adresse Stari &hellip; <a href=\"https:\/\/www.topohvar.at\/topo\/orte\/sg\/sg-mo-19-1\/\">Weiterlesen <span class=\"meta-nav\">&rarr;<\/span><\/a><\/p>\n","protected":false},"author":1,"featured_media":0,"parent":99,"menu_order":0,"comment_status":"closed","ping_status":"closed","template":"","meta":{"footnotes":""},"class_list":["post-74560","page","type-page","status-publish","hentry"],"_links":{"self":[{"href":"https:\/\/www.topohvar.at\/topo\/wp-json\/wp\/v2\/pages\/74560","targetHints":{"allow":["GET"]}}],"collection":[{"href":"https:\/\/www.topohvar.at\/topo\/wp-json\/wp\/v2\/pages"}],"about":[{"href":"https:\/\/www.topohvar.at\/topo\/wp-json\/wp\/v2\/types\/page"}],"author":[{"embeddable":true,"href":"https:\/\/www.topohvar.at\/topo\/wp-json\/wp\/v2\/users\/1"}],"replies":[{"embeddable":true,"href":"https:\/\/www.topohvar.at\/topo\/wp-json\/wp\/v2\/comments?post=74560"}],"version-history":[{"count":12,"href":"https:\/\/www.topohvar.at\/topo\/wp-json\/wp\/v2\/pages\/74560\/revisions"}],"predecessor-version":[{"id":74581,"href":"https:\/\/www.topohvar.at\/topo\/wp-json\/wp\/v2\/pages\/74560\/revisions\/74581"}],"up":[{"embeddable":true,"href":"https:\/\/www.topohvar.at\/topo\/wp-json\/wp\/v2\/pages\/99"}],"wp:attachment":[{"href":"https:\/\/www.topohvar.at\/topo\/wp-json\/wp\/v2\/media?parent=74560"}],"curies":[{"name":"wp","href":"https:\/\/api.w.org\/{rel}","templated":true}]}}