{"id":7601,"date":"2018-08-25T07:50:32","date_gmt":"2018-08-25T05:50:32","guid":{"rendered":"https:\/\/www.topohvar.at\/?page_id=7601"},"modified":"2021-12-01T16:03:08","modified_gmt":"2021-12-01T15:03:08","slug":"sv-tr-28-1","status":"publish","type":"page","link":"https:\/\/www.topohvar.at\/topo\/orte\/sv\/sv-tr-28-1\/","title":{"rendered":"SVIR\u010cE &#8211; Trim \u00bbSV-TR-28 (isto\u010dni od dva trima)\u00ab"},"content":{"rendered":"<p><a name=\"seite_oben\"><\/a><br \/>\n<strong><img loading=\"lazy\" decoding=\"async\" class=\"aligncenter wp-image-51037 size-full\" src=\"https:\/\/www.topohvar.at\/wp-content\/uploads\/2021\/08\/sv-tr-28-20.jpg\" alt=\"\" width=\"1080\" height=\"530\" srcset=\"https:\/\/www.topohvar.at\/wp-content\/uploads\/2021\/08\/sv-tr-28-20.jpg 1080w, https:\/\/www.topohvar.at\/wp-content\/uploads\/2021\/08\/sv-tr-28-20-300x147.jpg 300w, https:\/\/www.topohvar.at\/wp-content\/uploads\/2021\/08\/sv-tr-28-20-1024x503.jpg 1024w, https:\/\/www.topohvar.at\/wp-content\/uploads\/2021\/08\/sv-tr-28-20-768x377.jpg 768w\" sizes=\"auto, (max-width: 1080px) 100vw, 1080px\" \/><\/strong><\/p>\n<p><strong>Ime \/ Name<br \/>\n<\/strong>Trim \u00bbSV-TR-28 (isto\u010dni od dva trima)\u00ab<\/p>\n<p><strong>Code: <\/strong>SV-TR-28\u00a0 \u00a0 \u00a0 \u00a0 \u00a0 \u00a0 \u00a0 \u00a0 \u00a0 \u00a0 \u00a0 \u00a0 \u00a0<strong>\u00a0 \u00a0 \u00a0 \u00a0 <a href=\"https:\/\/www.topohvar.at\/orte\/sv\/sv-tr-00-1\/\"><img loading=\"lazy\" decoding=\"async\" class=\"alignnone wp-image-12300 size-full\" src=\"https:\/\/www.topohvar.at\/wp-content\/uploads\/2018\/09\/push-vor-30.jpg\" alt=\"\" width=\"61\" height=\"30\" \/><\/a> <a href=\"https:\/\/www.topohvar.at\/orte\/sv\/sv-tr-27-1\/\"><img loading=\"lazy\" decoding=\"async\" class=\"alignnone wp-image-533 size-full\" src=\"https:\/\/www.topohvar.at\/wp-content\/uploads\/2018\/07\/push-l-30.jpg\" alt=\"\" width=\"61\" height=\"30\" \/><\/a>\u00a0<a href=\"https:\/\/www.topohvar.at\/orte\/sv\/\"><img loading=\"lazy\" decoding=\"async\" class=\"alignnone wp-image-535 size-full\" src=\"https:\/\/www.topohvar.at\/wp-content\/uploads\/2018\/07\/push-o-30.jpg\" alt=\"\" width=\"61\" height=\"30\" \/><\/a>\u00a0<a href=\"https:\/\/www.topohvar.at\/orte\/sv\/sv-tr-29-1\/\"><img loading=\"lazy\" decoding=\"async\" class=\"alignnone wp-image-536 size-full\" src=\"https:\/\/www.topohvar.at\/wp-content\/uploads\/2018\/07\/push-r-30.jpg\" alt=\"\" width=\"61\" height=\"30\" \/><\/a><\/strong><\/p>\n<hr \/>\n<p><strong>Adresa \/ Adresse<br \/>\n<\/strong>Svir\u010de, Poljica<\/p>\n<p><strong>Lokacija \/ Position<a href=\"https:\/\/goo.gl\/maps\/HC24VNomddinvtyE6\"><img loading=\"lazy\" decoding=\"async\" class=\"alignright wp-image-8019\" src=\"https:\/\/www.topohvar.at\/wp-content\/uploads\/2018\/08\/0819.jpg\" alt=\"\" width=\"133\" height=\"100\" \/><\/a><br \/>\n<\/strong><a href=\"https:\/\/goo.gl\/maps\/HC24VNomddinvtyE6\">Latitude: N 43,14357\u00b0\u00a0 \u00a0 Longitude: E 16,60735\u00b0\u00a0<\/a><strong><br \/>\n<\/strong>Visina \/ H\u00f6he: 486 m<\/p>\n<p><strong>Katastarska \u010destica \/ Grundst\u00fccke<br \/>\n<\/strong>2022<div class='content-column one_half'><div style=\"padding-right:6px;\"><p><strong>Datum snimanja \/ Erfassungsdatum<br \/>\n<\/strong>07.05.2015 12:22:20<\/p>\n<hr \/>\n<p><strong>Informacije<\/strong><\/p>\n<p>Prili\u010dno u sredini Poljica nalazi se grupa od pet trime (SV-TR-26-SV-TR-30). Sjeverno od staze koja prolazi kroz grupu nalaze se dvije od ovih trime. Ulazi trima vode u dvori\u0161te koje je potpuno obraslo grmljem. Trimi se vi\u0161e ne koriste.<\/p><\/div><\/div><div class='content-column one_half last_column'><div style=\"padding-right:0px;padding-left:6px;\"><p><strong>Stupanj za\u0161tite \/ Schutzstellung<br \/>\n<\/strong>&#8211;<\/p>\n<hr \/>\n<p><strong>Info<\/strong><\/p>\n<p>Ziemlich in der Mitte von Poljica befindet sich eine Gruppe von f\u00fcnf Trims (SV-TR-26 \u2013 SV-TR-30). N\u00f6rdlich des Pfades, der durch die Gruppe f\u00fchrt, befinden sich zwei dieser Trims. Die Eing\u00e4nge zu den Trims m\u00fcnden in einen Vorplatz, der vollst\u00e4ndig mit Buschwerk bewachsen war. Die Trims werden nicht mehr genutzt.<\/p><\/div><\/div><div class='clear_column'><\/div><div class='content-column one_half'><div style=\"padding-right:6px;\"><p>Isto\u010dni trim ima jednu koraku &#8211; druga faza je slabo razvijena. U visokom, sto\u017eastom interijeru nalazi se zidna ni\u0161a. Trim je dobro o\u010duvan.<\/p><\/div><\/div><div class='content-column one_half last_column'><div style=\"padding-right:0px;padding-left:6px;\"><p>Der \u00f6stliche Trim hat eine Stufe \u2013 eine zweite Stufe ist kaum ausgebildet. Im hohen, kegelf\u00f6rmigen Innenraum befindet sich eine Wandnische. Der Trim ist gut erhalten.<\/p><\/div><\/div><div class='clear_column'><\/div><div class='content-column one_half'><div style=\"padding-right:6px;\"><div id=\"attachment_51038\" style=\"width: 310px\" class=\"wp-caption aligncenter\"><img loading=\"lazy\" decoding=\"async\" aria-describedby=\"caption-attachment-51038\" class=\"size-medium wp-image-51038\" src=\"https:\/\/www.topohvar.at\/wp-content\/uploads\/2021\/08\/sv-tr-28-21-300x300.jpg\" alt=\"\" width=\"300\" height=\"300\" srcset=\"https:\/\/www.topohvar.at\/wp-content\/uploads\/2021\/08\/sv-tr-28-21-300x300.jpg 300w, https:\/\/www.topohvar.at\/wp-content\/uploads\/2021\/08\/sv-tr-28-21-150x150.jpg 150w, https:\/\/www.topohvar.at\/wp-content\/uploads\/2021\/08\/sv-tr-28-21.jpg 450w\" sizes=\"auto, (max-width: 300px) 100vw, 300px\" \/><p id=\"caption-attachment-51038\" class=\"wp-caption-text\">Ulaz \/ Eingang<\/p><\/div><\/div><\/div><div class='content-column one_half last_column'><div style=\"padding-right:0px;padding-left:6px;\"><div id=\"attachment_51039\" style=\"width: 310px\" class=\"wp-caption aligncenter\"><img loading=\"lazy\" decoding=\"async\" aria-describedby=\"caption-attachment-51039\" class=\"size-medium wp-image-51039\" src=\"https:\/\/www.topohvar.at\/wp-content\/uploads\/2021\/08\/sv-tr-28-24-300x300.jpg\" alt=\"\" width=\"300\" height=\"300\" srcset=\"https:\/\/www.topohvar.at\/wp-content\/uploads\/2021\/08\/sv-tr-28-24-300x300.jpg 300w, https:\/\/www.topohvar.at\/wp-content\/uploads\/2021\/08\/sv-tr-28-24-150x150.jpg 150w, https:\/\/www.topohvar.at\/wp-content\/uploads\/2021\/08\/sv-tr-28-24.jpg 450w\" sizes=\"auto, (max-width: 300px) 100vw, 300px\" \/><p id=\"caption-attachment-51039\" class=\"wp-caption-text\">Pogled prema zapadu \/ Blick nach Westen<\/p><\/div><\/div><\/div><div class='clear_column'><\/div><div class='content-column one_half'><div style=\"padding-right:6px;\"><\/p>\n<p>Dana\t24.04.2021\ttrim SV-TR-28 je posje\u0107en i ustanovljeno je sljede\u0107e:\t<\/p>\n<p>Lokacija: \tlivada, pa\u0161njak<br \/>\nPodloga: \tnako\u0161ena<br \/>\nPovezan s: \tnije povezan, samostoje\u0107i, izoliran<br \/>\nUpotreba: \tne koristi se<br \/>\nStanje: \tdobro sa\u010duvan<br \/>\nBroj stepenica trima:\t2<br \/>\nDodatni kameni prsten: \tnema kamenog prstena<br \/>\nStepeni\u0161te: \tnema<br \/>\nOblik kamena: \tuglast<br \/>\nPodru\u010dje ispred ulaza: \tzaraslo<br \/>\nOrijentacija ulaza: \tZ (270\u00b0)<br \/>\nPromjer trima (cm): \t500<br \/>\nVisina trima (cm): \t300<br \/>\nVisina stepenica (cm): \tstepenica 1: 140\t, stepenica 2: 180<br \/>\nDebljina zida (cm): \t105<br \/>\n\u0160irina vrata (cm): \t75<br \/>\nVisina vrata (cm): \t115<br \/>\n\u0160irina unutra (cm):\t250 &#8211; 290<br \/>\nVisina unutra (cm): \t270<br \/>\nVolumen iznutra (m3): \t8,38<br \/>\nNi\u0161a 1 (P\/\u0160\/V\/D) (cm): \t85 \/ 30 \/ 35 \/ 70\t\t<\/p><\/div><\/div><div class='content-column one_half last_column'><div style=\"padding-right:0px;padding-left:6px;\"><\/p>\n<p>Am\t24.04.2021\twurde der Trim SV-TR-28 besucht und n\u00e4her untersucht:\t<\/p>\n<p>Standort: \tWiese, Weide<br \/>\nUntergrund: \tgeneigt<br \/>\nVerbunden mit: \tfreistehend<br \/>\nNutzung: \tungenutzt<br \/>\nZustand: \tgut erhalten<br \/>\nAnzahl der Trimstufen:\t2<br \/>\nZus\u00e4tzlicher Steinring: \tkein Steinring<br \/>\nStiege: \tkeine<br \/>\nSteinform: \tkantig<br \/>\nEingangsbereich: \tverwachsen<br \/>\nEingangsseite:\tW (270\u00b0)<br \/>\nTrimdurchmesser (cm): \t500<br \/>\nTrimh\u00f6he (cm): \t300<br \/>\nH\u00f6he der Trimstufen (cm): \tStufe 1: 140\t, Stufe 2: 180<br \/>\nWandst\u00e4rke (cm): \t105<br \/>\nT\u00fcrbreite (cm): \t75<br \/>\nT\u00fcrh\u00f6he (cm): \t115<br \/>\nInnenraumbreite (cm):\t250 &#8211; 290<br \/>\nInnenraumh\u00f6he (cm): \t270<br \/>\nRaumvolumen (m3): \t8,38<br \/>\nNische 1 (P\/B\/H\/T) (cm): \t85 \/ 30 \/ 35 \/ 70\t\t<\/p><\/div><\/div><div class='clear_column'><\/div>\t\t\t<\/p>\n<p><img loading=\"lazy\" decoding=\"async\" class=\"aligncenter size-full wp-image-51040\" src=\"https:\/\/www.topohvar.at\/wp-content\/uploads\/2021\/08\/sv-tr-28-scan.jpg\" alt=\"\" width=\"600\" height=\"923\" srcset=\"https:\/\/www.topohvar.at\/wp-content\/uploads\/2021\/08\/sv-tr-28-scan.jpg 600w, https:\/\/www.topohvar.at\/wp-content\/uploads\/2021\/08\/sv-tr-28-scan-195x300.jpg 195w\" sizes=\"auto, (max-width: 600px) 100vw, 600px\" \/><\/p>\n<p style=\"text-align: right;\"><a href=\"#seite_oben\">natrag na vrh \/ Seitenanfang<\/a><\/p>\n<hr \/>\n<p><strong>Linkovi \/ Links<\/strong><\/p>\n<p><span style=\"color: #3366ff;\"><a style=\"color: #3366ff;\" href=\"https:\/\/www.topohvar.at\/orte\/sv\/sv-tr-27-1\/\">Zapadni \/ westlicher Trim (SV-TR-27)<\/a><\/span><\/p>\n","protected":false},"excerpt":{"rendered":"<p>Ime \/ Name Trim \u00bbSV-TR-28 (isto\u010dni od dva trima)\u00ab Code: SV-TR-28\u00a0 \u00a0 \u00a0 \u00a0 \u00a0 \u00a0 \u00a0 \u00a0 \u00a0 \u00a0 \u00a0 \u00a0 \u00a0\u00a0 \u00a0 \u00a0 \u00a0 \u00a0\u00a0 Adresa \/ Adresse Svir\u010de, Poljica Lokacija \/ Position Latitude: N 43,14357\u00b0\u00a0 \u00a0 Longitude: &hellip; <a href=\"https:\/\/www.topohvar.at\/topo\/orte\/sv\/sv-tr-28-1\/\">Weiterlesen <span class=\"meta-nav\">&rarr;<\/span><\/a><\/p>\n","protected":false},"author":1,"featured_media":0,"parent":106,"menu_order":0,"comment_status":"closed","ping_status":"closed","template":"","meta":{"footnotes":""},"class_list":["post-7601","page","type-page","status-publish","hentry"],"_links":{"self":[{"href":"https:\/\/www.topohvar.at\/topo\/wp-json\/wp\/v2\/pages\/7601","targetHints":{"allow":["GET"]}}],"collection":[{"href":"https:\/\/www.topohvar.at\/topo\/wp-json\/wp\/v2\/pages"}],"about":[{"href":"https:\/\/www.topohvar.at\/topo\/wp-json\/wp\/v2\/types\/page"}],"author":[{"embeddable":true,"href":"https:\/\/www.topohvar.at\/topo\/wp-json\/wp\/v2\/users\/1"}],"replies":[{"embeddable":true,"href":"https:\/\/www.topohvar.at\/topo\/wp-json\/wp\/v2\/comments?post=7601"}],"version-history":[{"count":15,"href":"https:\/\/www.topohvar.at\/topo\/wp-json\/wp\/v2\/pages\/7601\/revisions"}],"predecessor-version":[{"id":54155,"href":"https:\/\/www.topohvar.at\/topo\/wp-json\/wp\/v2\/pages\/7601\/revisions\/54155"}],"up":[{"embeddable":true,"href":"https:\/\/www.topohvar.at\/topo\/wp-json\/wp\/v2\/pages\/106"}],"wp:attachment":[{"href":"https:\/\/www.topohvar.at\/topo\/wp-json\/wp\/v2\/media?parent=7601"}],"curies":[{"name":"wp","href":"https:\/\/api.w.org\/{rel}","templated":true}]}}