{"id":8197,"date":"2018-08-27T19:35:52","date_gmt":"2018-08-27T17:35:52","guid":{"rendered":"https:\/\/www.topohvar.at\/?page_id=8197"},"modified":"2021-12-09T10:51:20","modified_gmt":"2021-12-09T09:51:20","slug":"vk-mo-01-1","status":"publish","type":"page","link":"https:\/\/www.topohvar.at\/topo\/orte\/vk\/vk-mo-01-1\/","title":{"rendered":"VRISNIK &#8211; Spomenik palim borcima"},"content":{"rendered":"<p><a name=\"seite_oben\"><\/a><br \/>\n<strong><img loading=\"lazy\" decoding=\"async\" class=\"alignnone wp-image-8106 size-large\" src=\"https:\/\/www.topohvar.at\/wp-content\/uploads\/2018\/08\/VK-MO-01-0-1024x503.jpg\" alt=\"\" width=\"640\" height=\"314\" srcset=\"https:\/\/www.topohvar.at\/wp-content\/uploads\/2018\/08\/VK-MO-01-0-1024x503.jpg 1024w, https:\/\/www.topohvar.at\/wp-content\/uploads\/2018\/08\/VK-MO-01-0-300x147.jpg 300w, https:\/\/www.topohvar.at\/wp-content\/uploads\/2018\/08\/VK-MO-01-0-768x377.jpg 768w, https:\/\/www.topohvar.at\/wp-content\/uploads\/2018\/08\/VK-MO-01-0.jpg 1080w\" sizes=\"auto, (max-width: 640px) 100vw, 640px\" \/><\/strong><\/p>\n<p><strong>Ime \/ Name<br \/>\n<\/strong>Spomenik palim borcima \/ Denkmal f\u00fcr die Gefallenen<\/p>\n<p><strong>Code: <\/strong>VK-MO-01\u00a0 \u00a0 \u00a0 \u00a0 \u00a0 \u00a0 \u00a0 \u00a0<strong>\u00a0 \u00a0 \u00a0 \u00a0 \u00a0 \u00a0 \u00a0 \u00a0 \u00a0 \u00a0 \u00a0 \u00a0 \u00a0 \u00a0 \u00a0\u00a0 \u00a0 \u00a0 \u00a0<a href=\"https:\/\/www.topohvar.at\/orte\/vk\/\"><img loading=\"lazy\" decoding=\"async\" class=\"alignnone wp-image-535 size-full\" src=\"https:\/\/www.topohvar.at\/wp-content\/uploads\/2018\/07\/push-o-30.jpg\" alt=\"\" width=\"61\" height=\"30\" \/><\/a>\u00a0 \u00a0 \u00a0\u00a0<\/strong><\/p>\n<hr \/>\n<p><strong>Adresa \/ Adresse<br \/>\n<\/strong>Vrisnik,<\/p>\n<p><strong>Lokacija<\/strong><strong> \/ Position<a href=\"https:\/\/goo.gl\/maps\/8vpGB8o5GDEu5Da17\"><img loading=\"lazy\" decoding=\"async\" class=\"alignright wp-image-8286\" src=\"https:\/\/www.topohvar.at\/wp-content\/uploads\/2018\/08\/0935.jpg\" alt=\"\" width=\"134\" height=\"100\" \/><\/a><br \/>\n<\/strong><span style=\"color: #3366ff;\"><a style=\"color: #3366ff;\" href=\"https:\/\/goo.gl\/maps\/8vpGB8o5GDEu5Da17\">Latitude: N 43,14920\u00b0\u00a0 \u00a0 Longitude: E 16,65283\u00b0\u00a0<\/a><\/span><strong><br \/>\n<\/strong>Visina \/ H\u00f6he: 167 m<\/p>\n<p><strong>Katastarska \u010destica<\/strong><strong> \/ Grundst\u00fccke<br \/>\n<\/strong>702\/2<div class='content-column one_half'><div style=\"padding-right:6px;\"><p><strong>Datum snimanja \/ Erfassungsdatum<br \/>\n<\/strong>29.05.2015 10:51:42<\/p>\n<hr \/>\n<p><strong>Informacije<\/strong><\/p>\n<p>Spomenik palim borcima u oslobodila\u010dkoj borbi nalazi se na po\u010detku sela.<\/p><\/div><\/div><div class='content-column one_half last_column'><div style=\"padding-right:0px;padding-left:6px;\"><p><strong>Stupanj za\u0161tite<\/strong><strong> \/ Schutzstellung<br \/>\n<\/strong>&#8211;<\/p>\n<hr \/>\n<p><strong>Info<\/strong><\/p>\n<p>Das Denkmal f\u00fcr die Gefallenen des Befreiungskampfes steht am Ortsanfang.<\/p><\/div><\/div><div class='clear_column'><\/div><\/p>\n<p style=\"text-align: center;\">28 Plo\u010de \/ 28 Tafeln<\/p>\n<div class='content-column one_half'><div style=\"padding-right:6px;\"><p style=\"padding-left: 150px;\">BOJANI\u0106 ANTE<br \/>\nBOJANI\u0106 JOSIP<br \/>\nBOJANI\u0106 MARIJA<br \/>\nBOJANI\u0106 PETAR<br \/>\nBOJANI\u0106 SRE\u010cKO<br \/>\nCARI\u0106 JAKOV<br \/>\nCARI\u0106 STJEPAN<br \/>\nCARI\u0106 TONKO<br \/>\nFRANI\u010cEVI\u0106 JOSIP<br \/>\nFRANI\u010cEVI\u0106 JURAJ<br \/>\nFRANI\u010cEVI\u0106 NIKOLA<br \/>\nGRGI\u010cEVI\u0106 ANDRIJA<br \/>\nGRGI\u010cEVI\u0106 BONINA<br \/>\nGRGI\u010cEVI\u0106 IVAN<br \/>\nGRGI\u010cEVI\u0106 PETAR<\/p><\/div><\/div><div class='content-column one_half last_column'><div style=\"padding-right:0px;padding-left:6px;\"><p style=\"padding-left: 60px;\">GRGI\u010cEVI\u0106 DUJAN<br \/>\nGRGI\u010cEVI\u0106 PETAR<br \/>\nGRGI\u010cEVI\u0106 DUJAN<br \/>\nGRGI\u010cEVI\u0106 VINKO<br \/>\nGRGI\u010cEVI\u0106 STJEPAN<br \/>\nGURDULI\u0106 A. IVAN<br \/>\nGURDULI\u0106 M. IVAN<br \/>\nGURDULI\u0106 NIKOLA<br \/>\nGURDULI\u0106 KATA<br \/>\nMARI\u0106 ANTE<br \/>\nOSTOJI\u0106 GRGO<br \/>\nRUBINI\u0106 ALEKSA<br \/>\nRUBINI\u0106 A. ANTE<br \/>\nRUBINI\u0106 J. ANTE<br \/>\nTOMI\u010cI\u0106 STJEPAN<\/p><\/div><\/div><div class='clear_column'><\/div><\/p>\n<hr \/>\n<div class='content-column one_half'><div style=\"padding-right:6px;\"><p>Spomen plo\u010da:<\/p>\n<p>VRISNI\u0106E SAR\u010cENI ZIVKO TEPLA MILA<br \/>\nU TEBI SU RESLI U TEBI STEKLI KRILA<br \/>\nI STOBOM U SORCU U BORBU ODHODILI<br \/>\nI NA TVORDO KRILO DROGE ZEMLJE PALI<br \/>\nU NJEJINEM SARCU ZA SVE VIKE OSTALI<\/p><\/div><\/div><div class='content-column one_half last_column'><div style=\"padding-right:0px;padding-left:6px;\"><p>Gedenktafel:<\/p>\n<p>Vrisniker sar\u010deni zivko lieben Tempel sie haben in di in deinen gl\u00e4sernen Fl\u00fcgel und mit stobom u sorcu im Kampf gegangen und auf tvordo Fl\u00fcgel Drogen der Welt, sind gefallen in ihren sarcu f\u00fcr alle l\u00e4rmenden Hinterbliebenen (???)<\/p><\/div><\/div><div class='clear_column'><\/div><\/p>\n<hr \/>\n<div class='content-column one_half'><div style=\"padding-right:6px;\"><p>Plo\u010da:<\/p>\n<p>ZA SLOBODU ZIVOTE SVOJE SU DALI<\/p><\/div><\/div><div class='content-column one_half last_column'><div style=\"padding-right:0px;padding-left:6px;\"><p>Tafel:<\/p>\n<p>F\u00fcr die Freiheit haben sie ihr Leben gegeben<\/p><\/div><\/div><div class='clear_column'><\/div><\/p>\n<hr \/>\n<div class='content-column one_half'><div style=\"padding-right:6px;\"><p>Plo\u010da:<\/p>\n<p style=\"text-align: center;\">OVAJ SPOMENIK PODI\u017dE<br \/>\nGODINE 1987<br \/>\nUDRU\u017dENJE BORACA<br \/>\nNARODNOOSLOBODI-LA\u010cKOG RATA<br \/>\n\/ 1941 \u2013 1945 \/<br \/>\nVRISNIK<\/p><\/div><\/div><div class='content-column one_half last_column'><div style=\"padding-right:0px;padding-left:6px;\"><p>Tafel:<\/p>\n<p style=\"text-align: center;\">Dieses Denkmal wurde<br \/>\nim Jahr 1987 errichtet<br \/>\ndurch die Vereinigung der Veteranen<br \/>\ndes Befreiungskampfes<br \/>\n\/ 1941 \u2013 1945 \/<br \/>\nVrisnik<\/p><\/div><\/div><div class='clear_column'><\/div><\/p>\n<p><img loading=\"lazy\" decoding=\"async\" class=\"alignnone size-full wp-image-36629\" src=\"https:\/\/www.topohvar.at\/wp-content\/uploads\/2020\/05\/vk-mo-01-9.jpg\" alt=\"\" width=\"1080\" height=\"530\" srcset=\"https:\/\/www.topohvar.at\/wp-content\/uploads\/2020\/05\/vk-mo-01-9.jpg 1080w, https:\/\/www.topohvar.at\/wp-content\/uploads\/2020\/05\/vk-mo-01-9-300x147.jpg 300w, https:\/\/www.topohvar.at\/wp-content\/uploads\/2020\/05\/vk-mo-01-9-1024x503.jpg 1024w, https:\/\/www.topohvar.at\/wp-content\/uploads\/2020\/05\/vk-mo-01-9-768x377.jpg 768w\" sizes=\"auto, (max-width: 1080px) 100vw, 1080px\" \/><\/p>\n<p style=\"text-align: right;\"><span style=\"color: #3366ff;\"><a style=\"color: #3366ff;\" href=\"#seite_oben\">natrag na vrh \/ Seitenanfang<\/a><\/span><\/p>\n<hr \/>\n<p><strong>Linkovi \/ Links<\/strong><\/p>\n<p>&#8211;<\/p>\n","protected":false},"excerpt":{"rendered":"<p>Ime \/ Name Spomenik palim borcima \/ Denkmal f\u00fcr die Gefallenen Code: VK-MO-01\u00a0 \u00a0 \u00a0 \u00a0 \u00a0 \u00a0 \u00a0 \u00a0\u00a0 \u00a0 \u00a0 \u00a0 \u00a0 \u00a0 \u00a0 \u00a0 \u00a0 \u00a0 \u00a0 \u00a0 \u00a0 \u00a0 \u00a0\u00a0 \u00a0 \u00a0 \u00a0\u00a0 \u00a0 \u00a0\u00a0 Adresa &hellip; <a href=\"https:\/\/www.topohvar.at\/topo\/orte\/vk\/vk-mo-01-1\/\">Weiterlesen <span class=\"meta-nav\">&rarr;<\/span><\/a><\/p>\n","protected":false},"author":1,"featured_media":0,"parent":113,"menu_order":0,"comment_status":"closed","ping_status":"closed","template":"","meta":{"footnotes":""},"class_list":["post-8197","page","type-page","status-publish","hentry"],"_links":{"self":[{"href":"https:\/\/www.topohvar.at\/topo\/wp-json\/wp\/v2\/pages\/8197","targetHints":{"allow":["GET"]}}],"collection":[{"href":"https:\/\/www.topohvar.at\/topo\/wp-json\/wp\/v2\/pages"}],"about":[{"href":"https:\/\/www.topohvar.at\/topo\/wp-json\/wp\/v2\/types\/page"}],"author":[{"embeddable":true,"href":"https:\/\/www.topohvar.at\/topo\/wp-json\/wp\/v2\/users\/1"}],"replies":[{"embeddable":true,"href":"https:\/\/www.topohvar.at\/topo\/wp-json\/wp\/v2\/comments?post=8197"}],"version-history":[{"count":15,"href":"https:\/\/www.topohvar.at\/topo\/wp-json\/wp\/v2\/pages\/8197\/revisions"}],"predecessor-version":[{"id":54998,"href":"https:\/\/www.topohvar.at\/topo\/wp-json\/wp\/v2\/pages\/8197\/revisions\/54998"}],"up":[{"embeddable":true,"href":"https:\/\/www.topohvar.at\/topo\/wp-json\/wp\/v2\/pages\/113"}],"wp:attachment":[{"href":"https:\/\/www.topohvar.at\/topo\/wp-json\/wp\/v2\/media?parent=8197"}],"curies":[{"name":"wp","href":"https:\/\/api.w.org\/{rel}","templated":true}]}}