{"id":8208,"date":"2018-08-27T19:42:38","date_gmt":"2018-08-27T17:42:38","guid":{"rendered":"https:\/\/www.topohvar.at\/?page_id=8208"},"modified":"2024-09-10T17:09:48","modified_gmt":"2024-09-10T15:09:48","slug":"vk-tr-04-1","status":"publish","type":"page","link":"https:\/\/www.topohvar.at\/topo\/orte\/vk\/vk-tr-04-1\/","title":{"rendered":"VRISNIK &#8211; \u010cetiri trimi\u00a0\u00bbVK-TR-04 (Vrankovi\u0107a &#8211; &#8222;U gomile&#8220;)\u00ab"},"content":{"rendered":"<p><a name=\"seite_oben\"><\/a><br \/>\n<strong><img loading=\"lazy\" decoding=\"async\" class=\"aligncenter wp-image-23390 size-full\" src=\"https:\/\/www.topohvar.at\/wp-content\/uploads\/2019\/07\/vk-tr-04-01.jpg\" alt=\"\" width=\"1024\" height=\"503\" srcset=\"https:\/\/www.topohvar.at\/wp-content\/uploads\/2019\/07\/vk-tr-04-01.jpg 1024w, https:\/\/www.topohvar.at\/wp-content\/uploads\/2019\/07\/vk-tr-04-01-300x147.jpg 300w, https:\/\/www.topohvar.at\/wp-content\/uploads\/2019\/07\/vk-tr-04-01-768x377.jpg 768w\" sizes=\"auto, (max-width: 1024px) 100vw, 1024px\" \/><\/strong><\/p>\n<p><strong>Ime \/ Name<br \/>\n<\/strong>\u010cetiri trimi \u00bbVK-TR-04 (Vrankovi\u0107a &#8211; &#8222;U gomile&#8220; \/ Trim des Vrankovi\u0107 &#8211; &#8222;im Haufen&#8220;)\u00ab<\/p>\n<p><strong>Code: <\/strong>VK-TR-04\u00a0 \u00a0 \u00a0 \u00a0 \u00a0 \u00a0 \u00a0 \u00a0<strong>\u00a0 \u00a0 \u00a0 \u00a0 \u00a0 \u00a0 \u00a0 \u00a0 \u00a0 <a href=\"https:\/\/www.topohvar.at\/orte\/vk\/vk-tr-00-1\/\"><img loading=\"lazy\" decoding=\"async\" class=\"alignnone wp-image-12300 size-full\" src=\"https:\/\/www.topohvar.at\/wp-content\/uploads\/2018\/09\/push-vor-30.jpg\" alt=\"\" width=\"61\" height=\"30\" \/><\/a> <a href=\"https:\/\/www.topohvar.at\/orte\/vk\/vk-tr-03-1\/\"><img loading=\"lazy\" decoding=\"async\" class=\"alignnone wp-image-533 size-full\" src=\"https:\/\/www.topohvar.at\/wp-content\/uploads\/2018\/07\/push-l-30.jpg\" alt=\"\" width=\"61\" height=\"30\" \/><\/a>\u00a0<a href=\"https:\/\/www.topohvar.at\/orte\/vk\/\"><img loading=\"lazy\" decoding=\"async\" class=\"alignnone wp-image-535 size-full\" src=\"https:\/\/www.topohvar.at\/wp-content\/uploads\/2018\/07\/push-o-30.jpg\" alt=\"\" width=\"61\" height=\"30\" \/><\/a>\u00a0<a href=\"https:\/\/www.topohvar.at\/orte\/vk\/vk-tr-05-1\/\"><img loading=\"lazy\" decoding=\"async\" class=\"alignnone wp-image-536 size-full\" src=\"https:\/\/www.topohvar.at\/wp-content\/uploads\/2018\/07\/push-r-30.jpg\" alt=\"\" width=\"61\" height=\"30\" \/><\/a><\/strong><\/p>\n<hr \/>\n<p><strong>Adresa \/ Adresse<br \/>\n<\/strong>Vrisnik, Polanda<\/p>\n<p><strong>Lokacija<\/strong><strong> \/ Position<a href=\"https:\/\/goo.gl\/maps\/sMZFAAegCGoDNjZG8\"><img loading=\"lazy\" decoding=\"async\" class=\"alignright wp-image-8307\" src=\"https:\/\/www.topohvar.at\/wp-content\/uploads\/2018\/08\/0939.jpg\" alt=\"\" width=\"133\" height=\"100\" \/><\/a><br \/>\n<\/strong><span style=\"color: #3366ff;\"><a style=\"color: #3366ff;\" href=\"https:\/\/goo.gl\/maps\/sMZFAAegCGoDNjZG8\">Latitude: N 43,16273\u00b0\u00a0 \u00a0 Longitude: E 16,66570\u00b0\u00a0<\/a><\/span><strong><br \/>\n<\/strong>Visina \/ H\u00f6he: 41 m<\/p>\n<p><strong>Katastarska \u010destica\u00a0<\/strong><strong> \/ Grundst\u00fccke<br \/>\n<\/strong>2123, 2124<div class='content-column one_half'><div style=\"padding-right:6px;\"><p><strong>Datum snimanja \/ Erfassungsdatum<br \/>\n<\/strong>11.05.2015 11:52:42<\/p>\n<hr \/>\n<p><strong>Informacije<\/strong><\/p>\n<p>Gra\u0111evni sklop Vrankovi\u0107a trimi u Gomile nalazi se desno od ceste Svir\u010de &#8211; Jelsa i kao neka mala utvrda dominira poljem zvanim Polanda. Osim ovaj trim, Vrankovi\u0107 izgradio je i trime na vi\u0161e lokaliteta od kojih je najpoznatiji ova sklop Vrankovi\u0107a trimi na lokalitetu U gomile kod ceste Jelsa-Svir\u010de. Gradila ga je obitelj Ivana Vrankovi\u0107a iz Svir\u010da.<\/p><\/div><\/div><div class='content-column one_half last_column'><div style=\"padding-right:0px;padding-left:6px;\"><p><strong>Stupanj za\u0161tite<\/strong><strong> \/ Schutzstellung<br \/>\n<\/strong>P-2922<\/p>\n<hr \/>\n<p><strong>Info<\/strong><\/p>\n<p>Der Bau der Vrankovi\u0107-Trims \u201eim Haufen\u201c befindet sich rechts der Stra\u00dfe Svir\u010de &#8211; Jelsa und dominiert als kleine Festung das Feld Polanda. Neben diesem Trim errichtete Vrankovi\u0107 noch mehrere Trims, von denen dieser Trim-Haufen an der Stra\u00dfe Jelsa-Svir\u010de allerdings am bekanntesten ist. Die Anlage wurde von der Familie von Ivan Vrankovic aus Svir\u010de gebaut.<\/p><\/div><\/div><div class='clear_column'><\/div><div class='content-column one_half'><div style=\"padding-right:6px;\"><div id=\"attachment_69629\" style=\"width: 310px\" class=\"wp-caption aligncenter\"><img loading=\"lazy\" decoding=\"async\" aria-describedby=\"caption-attachment-69629\" class=\"wp-image-69629\" src=\"https:\/\/www.topohvar.at\/wp-content\/uploads\/2024\/09\/vk-tr-04-90.jpg\" alt=\"\" width=\"300\" height=\"224\" srcset=\"https:\/\/www.topohvar.at\/wp-content\/uploads\/2024\/09\/vk-tr-04-90.jpg 603w, https:\/\/www.topohvar.at\/wp-content\/uploads\/2024\/09\/vk-tr-04-90-300x224.jpg 300w\" sizes=\"auto, (max-width: 300px) 100vw, 300px\" \/><p id=\"caption-attachment-69629\" class=\"wp-caption-text\">Foto: 4 GRADA DRAGODID<\/p><\/div><\/div><\/div><div class='content-column one_half last_column'><div style=\"padding-right:0px;padding-left:6px;\"><p>\u201cUtvrda\u201d je slu\u017eila za su\u0161enje smokava! Radi se o velikoj pravokutnoj gomili tlocrtnih dimenzija 11\u00d712 m, visine oko 2 m, zaravnatog i djelomi\u010dno poplo\u010danog vrha, koja sa isto\u010dne strane gleda na polje,<\/p>\n<p>Die &#8222;Festung&#8220; diente zum Trocknen von Feigen. Sie weist Richtung Osten eine gro\u00dfe rechteckige Fl\u00e4che von 11 \u00d7 12 m und etwa 2 m H\u00f6he auf, und hat eine aufwendig gemachte, teilweise mit Platten belegte Oberfl\u00e4che.<\/p><\/div><\/div><div class='clear_column'><\/div><div class='content-column one_half'><div style=\"padding-right:6px;\"><p>Zapadno od kompleksa nalazi se dvori\u0161te koji okru\u017euju \u010detiri (3+1) me\u0111usobno spojena trima. Kompleks je bio \u010duvan, ali ne od vojnog napada, nego od kradljivaca smokava i gro\u017e\u0111a, a \u010duvao ga je poljar najamnik.<\/p><\/div><\/div><div class='content-column one_half last_column'><div style=\"padding-right:0px;padding-left:6px;\"><p>Im Westen der Anlage befindet sich ein Hof, der von vier (3 + 1) miteinander verbundenen Trims umgeben ist. Der Komplex wurde von einem Feldh\u00fcter bewacht, aber nicht aus Angst vor einem milit\u00e4rischen Angriff, sondern wegen der Feigen- und Traubendiebe.<\/p><\/div><\/div><div class='clear_column'><\/div><div class='content-column one_half'><div style=\"padding-right:6px;\"><p><em>Informacije su dopunjene \u201eizvje\u0161taj sa jesenskog vikend terena na otoku Hvaru 22. i 23. studenog 2014. \u2013 <span style=\"color: #3366ff;\"><a style=\"color: #3366ff;\" href=\"https:\/\/www.dragodid.org\/sa-antunom-vrankovicem-u-lovu-na-trime\/\">S Antunom Vrankovi\u0107em u lovu na trime<\/a><\/span>\u201d<\/em><\/p><\/div><\/div><div class='content-column one_half last_column'><div style=\"padding-right:0px;padding-left:6px;\"><p><em>Die Infos wurden erg\u00e4nzt durch einen \u201eBericht vom Herbstwochenende auf der Insel Hvar am 22. und 23. November 2014 \u2013 <span style=\"color: #3366ff;\"><a style=\"color: #3366ff;\" href=\"https:\/\/www.dragodid.org\/sa-antunom-vrankovicem-u-lovu-na-trime\/\">Mit Antun Vrankovi\u0107 auf der Jagd nach Trims<\/a><\/span>\u201c<\/em><\/p><\/div><\/div><div class='clear_column'><\/div><\/p>\n<h3 style=\"text-align: center;\"><strong>Trim A<\/strong><\/h3>\n<div class='content-column one_half'><div style=\"padding-right:6px;\"><div id=\"attachment_23380\" style=\"width: 310px\" class=\"wp-caption aligncenter\"><img loading=\"lazy\" decoding=\"async\" aria-describedby=\"caption-attachment-23380\" class=\"size-medium wp-image-23380\" src=\"https:\/\/www.topohvar.at\/wp-content\/uploads\/2019\/07\/vk-tr-04-a1-300x300.jpg\" alt=\"\" width=\"300\" height=\"300\" srcset=\"https:\/\/www.topohvar.at\/wp-content\/uploads\/2019\/07\/vk-tr-04-a1-300x300.jpg 300w, https:\/\/www.topohvar.at\/wp-content\/uploads\/2019\/07\/vk-tr-04-a1-150x150.jpg 150w, https:\/\/www.topohvar.at\/wp-content\/uploads\/2019\/07\/vk-tr-04-a1.jpg 450w\" sizes=\"auto, (max-width: 300px) 100vw, 300px\" \/><p id=\"caption-attachment-23380\" class=\"wp-caption-text\">Ulaz trim A \/ Eingang Trim A<\/p><\/div>\n<p>Vrlo mali trim le\u017ei u hrpi kamenja i mo\u017eda je slu\u017eio kao ku\u0107ica za psa.<\/p><\/div><\/div><div class='content-column one_half last_column'><div style=\"padding-right:0px;padding-left:6px;\"><div id=\"attachment_23381\" style=\"width: 310px\" class=\"wp-caption aligncenter\"><img loading=\"lazy\" decoding=\"async\" aria-describedby=\"caption-attachment-23381\" class=\"size-medium wp-image-23381\" src=\"https:\/\/www.topohvar.at\/wp-content\/uploads\/2019\/07\/vk-tr-04-a2-300x300.jpg\" alt=\"\" width=\"300\" height=\"300\" srcset=\"https:\/\/www.topohvar.at\/wp-content\/uploads\/2019\/07\/vk-tr-04-a2-300x300.jpg 300w, https:\/\/www.topohvar.at\/wp-content\/uploads\/2019\/07\/vk-tr-04-a2-150x150.jpg 150w, https:\/\/www.topohvar.at\/wp-content\/uploads\/2019\/07\/vk-tr-04-a2.jpg 450w\" sizes=\"auto, (max-width: 300px) 100vw, 300px\" \/><p id=\"caption-attachment-23381\" class=\"wp-caption-text\">Ulazna strana trim A \/ Eingangsseite Trim A<\/p><\/div>\n<p>Der sehr kleine Trim liegt in einem Steinhaufen und diente m\u00f6glicherweise als Hundeh\u00fctte.<\/p><\/div><\/div><div class='clear_column'><\/div><div class='content-column one_half'><div style=\"padding-right:6px;\"><p>Dana 11.05.2019 trim je posje\u0107en i prona\u0111en je sljede\u0107i<\/p>\n<p>Lokacija: livada, vrba<br \/>\nPodzemlje: ravan<br \/>\nSklop: drugi trim , terasa za su\u0161enje<br \/>\nUpotreba: ne koristi<br \/>\nStanje izgradnje: dobro sa\u010duvan<br \/>\nBroj prstenova trima: jedan prsten<br \/>\nDodatni kameni prsten: nema prstena<br \/>\nStepeni\u0161te: nema stepenica<br \/>\nOblik kamena: uglast<br \/>\nPodru\u010dje ispred ulaza: lako dostupni<br \/>\nVrata na stranicu: S (0\u00b0)<br \/>\nPromjer trima (cm): 230<br \/>\nVisina trima (cm): 180<br \/>\nVisina prstena (cm): 140<br \/>\nDebljina zida (cm): 50<br \/>\n\u0160irina vrata (cm): 45<br \/>\nVisina vrata (cm): 60<br \/>\n\u0160irina unutra (cm): 130<br \/>\nVisina unutra (cm): 115<br \/>\nVolumen iznutra (m3): 1,03<br \/>\nNema ni\u0161e<\/p><\/div><\/div><div class='content-column one_half last_column'><div style=\"padding-right:0px;padding-left:6px;\"><p>Am 11.05.2019 wurde der Trim besucht und untersucht<\/p>\n<p>Standort: Wiese, Weide<br \/>\nUntergrund: eben<br \/>\nVerbunden mit: Trim , Trockenfl\u00e4che<br \/>\nNutzung: ungenutzt<br \/>\nZustand: gut erhalten<br \/>\nRinge\/Stufen des Trim: einstufig<br \/>\nZus\u00e4tzlicher Steinring: kein Steinring<br \/>\nStiege: keine Stufen<br \/>\nSteinform: kantig<br \/>\nEingangsbereich: frei<br \/>\nEingangsseite: N (0\u00b0)<br \/>\nTrimdurchmesser (cm): 230<br \/>\nTrimh\u00f6he (cm): 180<br \/>\nStufen\/Ringh\u00f6he (cm): 140<br \/>\nWandst\u00e4rke: 50<br \/>\nT\u00fcrbreite (cm): 45<br \/>\nT\u00fcrh\u00f6he (cm): 60<br \/>\nInnenraumbreite (cm): 130<br \/>\nInnenraumh\u00f6he (cm): 115<br \/>\nRaumvolumen (m3): 1,03<br \/>\nKeine Nische<\/p><\/div><\/div><div class='clear_column'><\/div><\/p>\n<h3 style=\"text-align: center;\"><strong>Trim B<\/strong><\/h3>\n<div class='content-column one_half'><div style=\"padding-right:6px;\"><div id=\"attachment_23382\" style=\"width: 310px\" class=\"wp-caption aligncenter\"><img loading=\"lazy\" decoding=\"async\" aria-describedby=\"caption-attachment-23382\" class=\"size-medium wp-image-23382\" src=\"https:\/\/www.topohvar.at\/wp-content\/uploads\/2019\/07\/vk-tr-04-b1-300x300.jpg\" alt=\"\" width=\"300\" height=\"300\" srcset=\"https:\/\/www.topohvar.at\/wp-content\/uploads\/2019\/07\/vk-tr-04-b1-300x300.jpg 300w, https:\/\/www.topohvar.at\/wp-content\/uploads\/2019\/07\/vk-tr-04-b1-150x150.jpg 150w, https:\/\/www.topohvar.at\/wp-content\/uploads\/2019\/07\/vk-tr-04-b1.jpg 450w\" sizes=\"auto, (max-width: 300px) 100vw, 300px\" \/><p id=\"caption-attachment-23382\" class=\"wp-caption-text\">Ulaz trim B \/ Eingang Trim B<\/p><\/div>\n<p>Trim povezan s trim C je jo\u0161 uvijek u uporabi. U njenom unutarnjem dijelu nalaze se tri zidna otvora, a otvor nasuprot ulazu vodi prema van. Postoji jo\u0161 jedna ni\u0161a u vanjskoj stijenci izme\u0111u trim B i trim C (P\/\u0160\/V\/D: 80\/25\/25\/50).<\/p><\/div><\/div><div class='content-column one_half last_column'><div style=\"padding-right:0px;padding-left:6px;\"><div id=\"attachment_23383\" style=\"width: 310px\" class=\"wp-caption aligncenter\"><img loading=\"lazy\" decoding=\"async\" aria-describedby=\"caption-attachment-23383\" class=\"size-medium wp-image-23383\" src=\"https:\/\/www.topohvar.at\/wp-content\/uploads\/2019\/07\/vk-tr-04-b2-300x300.jpg\" alt=\"\" width=\"300\" height=\"300\" srcset=\"https:\/\/www.topohvar.at\/wp-content\/uploads\/2019\/07\/vk-tr-04-b2-300x300.jpg 300w, https:\/\/www.topohvar.at\/wp-content\/uploads\/2019\/07\/vk-tr-04-b2-150x150.jpg 150w, https:\/\/www.topohvar.at\/wp-content\/uploads\/2019\/07\/vk-tr-04-b2.jpg 450w\" sizes=\"auto, (max-width: 300px) 100vw, 300px\" \/><p id=\"caption-attachment-23383\" class=\"wp-caption-text\">Ulazna strana trim B \/ Eingangsseite Trim B<\/p><\/div>\n<p>Der mit Trim C verbundene Trim wird noch genutzt. In seinem Innenraum finden sich 3 Wand\u00f6ffnungen , wobei die \u00d6ffnung gegen\u00fcber dem Eingang nach au\u00dfen f\u00fchrt. In der Au\u00dfenwand zwischen Trim B und C befindet sich eine weitere Nische (P\/B\/H\/T: 80\/25\/25\/50).<\/p><\/div><\/div><div class='clear_column'><\/div><div class='content-column one_half'><div style=\"padding-right:6px;\"><p>Dana 11.05.2019 trim je posje\u0107en i prona\u0111en je sljede\u0107i<\/p>\n<p>Lokacija: livada, vrba<br \/>\nPodzemlje: ravan<br \/>\nSklop: drugi trim , terasa za su\u0161enje<br \/>\nUpotreba: koristi<br \/>\nStanje izgradnje: dobro sa\u010duvan<br \/>\nBroj prstenova trima: jedan prsten<br \/>\nDodatni kameni prsten: nema prstena<br \/>\nStepeni\u0161te: nema stepenica<br \/>\nOblik kamena: uglast<br \/>\nPodru\u010dje ispred ulaza: lako dostupni<br \/>\nVrata na stranicu: I (90\u00b0)<br \/>\nPromjer trima (cm): 380<br \/>\nVisina trima (cm): 280<br \/>\nVisina prstena (cm): 200<br \/>\nDebljina zida (cm): 90<br \/>\n\u0160irina vrata (cm): 70<br \/>\nVisina vrata (cm): 140<br \/>\n\u0160irina unutra (cm): 200<br \/>\nVisina unutra (cm): 240<br \/>\nVolumen iznutra (m3): 5,5<br \/>\nni\u0161a 1 (P\/\u0160\/V\/D) (cm): 55 \/ 20 \/ 25 \/ 35<br \/>\nni\u0161a 2 (P\/\u0160\/V\/D) (cm): 100 \/ 15 \/ 15 \/ 90<br \/>\nni\u0161a 3 (P\/\u0160\/V\/D) (cm): 100 \/ 15 \/ 15 \/ 90<\/p><\/div><\/div><div class='content-column one_half last_column'><div style=\"padding-right:0px;padding-left:6px;\"><p>Am 11.05.2019 wurde der Trim besucht und untersucht<\/p>\n<p>Standort: Wiese, Weide<br \/>\nUntergrund: eben<br \/>\nVerbunden mit: Trim , Trockenfl\u00e4che<br \/>\nNutzung: genutzt<br \/>\nZustand: gut erhalten<br \/>\nRinge\/Stufen des Trim: einstufig<br \/>\nZus\u00e4tzlicher Steinring: kein Steinring<br \/>\nStiege: keine Stufen<br \/>\nSteinform: kantig<br \/>\nEingangsbereich: frei<br \/>\nEingangsseite: O (90\u00b0)<br \/>\nTrimdurchmesser (cm): 380<br \/>\nTrimh\u00f6he (cm): 280<br \/>\nStufen\/Ringh\u00f6he (cm): 200<br \/>\nWandst\u00e4rke: 90<br \/>\nT\u00fcrbreite (cm): 70<br \/>\nT\u00fcrh\u00f6he (cm): 140<br \/>\nInnenraumbreite (cm): 200<br \/>\nInnenraumh\u00f6he (cm): 240<br \/>\nRaumvolumen (m3): 5,5<br \/>\nNische 1 (P\/B\/H\/T) (cm): 55 \/ 20 \/ 25 \/ 35<br \/>\nNische 2 (P\/B\/H\/T) (cm): 100 \/ 15 \/ 15 \/ 90<br \/>\nNische 3 (P\/B\/H\/T) (cm): 100 \/ 15 \/ 15 \/ 90<\/p><\/div><\/div><div class='clear_column'><\/div><\/p>\n<h3 style=\"text-align: center;\"><strong>Trim C<\/strong><\/h3>\n<div class='content-column one_half'><div style=\"padding-right:6px;\"><div id=\"attachment_23384\" style=\"width: 310px\" class=\"wp-caption aligncenter\"><img loading=\"lazy\" decoding=\"async\" aria-describedby=\"caption-attachment-23384\" class=\"size-medium wp-image-23384\" src=\"https:\/\/www.topohvar.at\/wp-content\/uploads\/2019\/07\/vk-tr-04-c1-300x300.jpg\" alt=\"\" width=\"300\" height=\"300\" srcset=\"https:\/\/www.topohvar.at\/wp-content\/uploads\/2019\/07\/vk-tr-04-c1-300x300.jpg 300w, https:\/\/www.topohvar.at\/wp-content\/uploads\/2019\/07\/vk-tr-04-c1-150x150.jpg 150w, https:\/\/www.topohvar.at\/wp-content\/uploads\/2019\/07\/vk-tr-04-c1.jpg 450w\" sizes=\"auto, (max-width: 300px) 100vw, 300px\" \/><p id=\"caption-attachment-23384\" class=\"wp-caption-text\">Ulaz trim C \/ Eingang Trim C<\/p><\/div>\n<p>Trim je izme\u0111u trim B i C.<br \/>\nNjegova unutra\u0161njost nije kru\u017ena, ima ni\u0161u i vi\u0161e se ne koristi.<\/p><\/div><\/div><div class='content-column one_half last_column'><div style=\"padding-right:0px;padding-left:6px;\"><div id=\"attachment_23385\" style=\"width: 310px\" class=\"wp-caption aligncenter\"><img loading=\"lazy\" decoding=\"async\" aria-describedby=\"caption-attachment-23385\" class=\"size-medium wp-image-23385\" src=\"https:\/\/www.topohvar.at\/wp-content\/uploads\/2019\/07\/vk-tr-04-c2-300x300.jpg\" alt=\"\" width=\"300\" height=\"300\" srcset=\"https:\/\/www.topohvar.at\/wp-content\/uploads\/2019\/07\/vk-tr-04-c2-300x300.jpg 300w, https:\/\/www.topohvar.at\/wp-content\/uploads\/2019\/07\/vk-tr-04-c2-150x150.jpg 150w, https:\/\/www.topohvar.at\/wp-content\/uploads\/2019\/07\/vk-tr-04-c2.jpg 450w\" sizes=\"auto, (max-width: 300px) 100vw, 300px\" \/><p id=\"caption-attachment-23385\" class=\"wp-caption-text\">Ulazna strana trim C \/ Eingangsseite trim C<\/p><\/div>\n<p>Der Trim befindet sich zwischen Trim B und C. Sein Innenraum ist nicht kreisrund, besitzt eine Wandnische und wird kaum mehr genutzt.<\/p><\/div><\/div><div class='clear_column'><\/div><div class='content-column one_half'><div style=\"padding-right:6px;\"><p>Dana 11.05.2019 trim je posje\u0107en i prona\u0111en je sljede\u0107i<\/p>\n<p>Lokacija: livada, vrba<br \/>\nPodzemlje: ravan<br \/>\nSklop: drugi trim , terasa za su\u0161enje<br \/>\nUpotreba: malo se koristi<br \/>\nStanje izgradnje: dobro sa\u010duvan<br \/>\nBroj prstenova trima: jedan prsten<br \/>\nDodatni kameni prsten: nema prstena<br \/>\nStepeni\u0161te: nema stepenica<br \/>\nOblik kamena: uglast<br \/>\nPodru\u010dje ispred ulaza: lako dostupni<br \/>\nVrata na stranicu: J (180\u00b0)<br \/>\nPromjer trima (cm): 410<br \/>\nVisina trima (cm): 270<br \/>\nVisina prstena (cm): 180<br \/>\nDebljina zida (cm): 80<br \/>\n\u0160irina vrata (cm): 90<br \/>\nVisina vrata (cm): 110<br \/>\n\u0160irina unutra (cm): 210 &#8211; 250<br \/>\nVisina unutra (cm): 230<br \/>\nVolumen iznutra (m3): 6,25<br \/>\nni\u0161a 1 (P\/\u0160\/V\/D) (cm): 50 \/ 25 \/ 30 \/ 80<\/p><\/div><\/div><div class='content-column one_half last_column'><div style=\"padding-right:0px;padding-left:6px;\"><p>Am 11.05.2019 wurde der Trim besucht und untersucht<\/p>\n<p>Standort: Wiese, Weide<br \/>\nUntergrund: eben<br \/>\nVerbunden mit: Trim , Trockenfl\u00e4che<br \/>\nNutzung: kaum genutzt<br \/>\nZustand: gut erhalten<br \/>\nRinge\/Stufen des Trim: einstufig<br \/>\nZus\u00e4tzlicher Steinring: kein Steinring<br \/>\nStiege: keine Stufen<br \/>\nSteinform: kantig<br \/>\nEingangsbereich: frei<br \/>\nEingangsseite: S (180\u00b0)<br \/>\nTrimdurchmesser (cm): 410<br \/>\nTrimh\u00f6he (cm): 270<br \/>\nStufen\/Ringh\u00f6he (cm): 180<br \/>\nWandst\u00e4rke: 80<br \/>\nT\u00fcrbreite (cm): 90<br \/>\nT\u00fcrh\u00f6he (cm): 110<br \/>\nInnenraumbreite (cm): 210 &#8211; 250<br \/>\nInnenraumh\u00f6he (cm): 230<br \/>\nRaumvolumen (m3): 6,25<br \/>\nNische 1 (P\/B\/H\/T) (cm): 50 \/ 25 \/ 30 \/ 80<\/p><\/div><\/div><div class='clear_column'><\/div><\/p>\n<h3 style=\"text-align: center;\"><strong>Trim D<\/strong><\/h3>\n<div class='content-column one_half'><div style=\"padding-right:6px;\"><div id=\"attachment_23386\" style=\"width: 310px\" class=\"wp-caption aligncenter\"><img loading=\"lazy\" decoding=\"async\" aria-describedby=\"caption-attachment-23386\" class=\"size-medium wp-image-23386\" src=\"https:\/\/www.topohvar.at\/wp-content\/uploads\/2019\/07\/vk-tr-04-d1-300x300.jpg\" alt=\"\" width=\"300\" height=\"300\" srcset=\"https:\/\/www.topohvar.at\/wp-content\/uploads\/2019\/07\/vk-tr-04-d1-300x300.jpg 300w, https:\/\/www.topohvar.at\/wp-content\/uploads\/2019\/07\/vk-tr-04-d1-150x150.jpg 150w, https:\/\/www.topohvar.at\/wp-content\/uploads\/2019\/07\/vk-tr-04-d1.jpg 450w\" sizes=\"auto, (max-width: 300px) 100vw, 300px\" \/><p id=\"caption-attachment-23386\" class=\"wp-caption-text\">Ulaz trim D \/ Eingang Trim D<\/p><\/div>\n<p>Trim je izme\u0111u trim C i terase za su\u0161enje. Desno od ulaza vode stepenica na veliku terasu. U njegovoj kru\u017enoj unutra\u0161njosti nalazi se ni\u0161a. Trim se vi\u0161e ne koristi.<\/p><\/div><\/div><div class='content-column one_half last_column'><div style=\"padding-right:0px;padding-left:6px;\"><div id=\"attachment_23387\" style=\"width: 310px\" class=\"wp-caption aligncenter\"><img loading=\"lazy\" decoding=\"async\" aria-describedby=\"caption-attachment-23387\" class=\"size-medium wp-image-23387\" src=\"https:\/\/www.topohvar.at\/wp-content\/uploads\/2019\/07\/vk-tr-04-d2-300x300.jpg\" alt=\"\" width=\"300\" height=\"300\" srcset=\"https:\/\/www.topohvar.at\/wp-content\/uploads\/2019\/07\/vk-tr-04-d2-300x300.jpg 300w, https:\/\/www.topohvar.at\/wp-content\/uploads\/2019\/07\/vk-tr-04-d2-150x150.jpg 150w, https:\/\/www.topohvar.at\/wp-content\/uploads\/2019\/07\/vk-tr-04-d2.jpg 450w\" sizes=\"auto, (max-width: 300px) 100vw, 300px\" \/><p id=\"caption-attachment-23387\" class=\"wp-caption-text\">Ulazna strana trim D \/ Eingangsseite Trim D<\/p><\/div>\n<p>Der Trim befindet sich zwischen Trim C und der Trockenterrasse. Rechts vom Eingang f\u00fchren Stufen hinauf auf die gro\u00dfe Terrasse. In seinem kreisrunden Innenraum befindet sich eine Wandnische. Er wird nicht mehr genutzt.<\/p><\/div><\/div><div class='clear_column'><\/div><div class='content-column one_half'><div style=\"padding-right:6px;\"><p>Dana 11.05.2019 trim je posje\u0107en i prona\u0111en je sljede\u0107i<\/p>\n<p>Lokacija: livada, vrba<br \/>\nPodzemlje: ravan<br \/>\nSklop: drugi trim , terasa za su\u0161enje<br \/>\nUpotreba: ne koristi<br \/>\nStanje izgradnje: dobro sa\u010duvan<br \/>\nBroj prstenova trima: jedan prsten<br \/>\nDodatni kameni prsten: nema prstena<br \/>\nStepeni\u0161te: stube<br \/>\nOblik kamena: uglast<br \/>\nPodru\u010dje ispred ulaza: lako dostupni<br \/>\nVrata na stranicu: J (180\u00b0)<br \/>\nPromjer trima (cm): 330<br \/>\nVisina trima (cm): 220<br \/>\nVisina prstena (cm): 170<br \/>\nDebljina zida (cm): 65<br \/>\n\u0160irina vrata (cm): 60<br \/>\nVisina vrata (cm): 95<br \/>\n\u0160irina unutra (cm): 190 &#8211; 200<br \/>\nVisina unutra (cm): 180<br \/>\nVolumen iznutra (m3): 3,68<br \/>\nNema ni\u0161e<\/p><\/div><\/div><div class='content-column one_half last_column'><div style=\"padding-right:0px;padding-left:6px;\"><p>Am 11.05.2019 wurde der Trim besucht und untersucht<\/p>\n<p>Standort: Wiese, Weide<br \/>\nUntergrund: eben<br \/>\nVerbunden mit: Trim , Trockenfl\u00e4che<br \/>\nNutzung: ungenutzt<br \/>\nZustand: gut erhalten<br \/>\nRinge\/Stufen des Trim: einstufig<br \/>\nZus\u00e4tzlicher Steinring: kein Steinring<br \/>\nStiege: Stufen<br \/>\nSteinform: kantig<br \/>\nEingangsbereich: frei<br \/>\nEingangsseite: S (180\u00b0)<br \/>\nTrimdurchmesser (cm): 330<br \/>\nTrimh\u00f6he (cm): 220<br \/>\nStufen\/Ringh\u00f6he (cm): 170<br \/>\nWandst\u00e4rke: 65<br \/>\nT\u00fcrbreite (cm): 60<br \/>\nT\u00fcrh\u00f6he (cm): 95<br \/>\nInnenraumbreite (cm): 190 &#8211; 200<br \/>\nInnenraumh\u00f6he (cm): 180<br \/>\nRaumvolumen (m3): 3,68<br \/>\nKeine Nische<\/p><\/div><\/div><div class='clear_column'><\/div><\/p>\n<p><img loading=\"lazy\" decoding=\"async\" class=\"aligncenter size-full wp-image-23388\" src=\"https:\/\/www.topohvar.at\/wp-content\/uploads\/2019\/07\/vk-tr-04-sca.jpg\" alt=\"\" width=\"640\" height=\"1320\" srcset=\"https:\/\/www.topohvar.at\/wp-content\/uploads\/2019\/07\/vk-tr-04-sca.jpg 640w, https:\/\/www.topohvar.at\/wp-content\/uploads\/2019\/07\/vk-tr-04-sca-145x300.jpg 145w, https:\/\/www.topohvar.at\/wp-content\/uploads\/2019\/07\/vk-tr-04-sca-496x1024.jpg 496w\" sizes=\"auto, (max-width: 640px) 100vw, 640px\" \/><\/p>\n<p style=\"text-align: right;\"><span style=\"color: #3366ff;\"><a style=\"color: #3366ff;\" href=\"#seite_oben\">natrag na vrh \/ Seitenanfang<\/a><\/span><\/p>\n<hr \/>\n<p><strong>Linkovi \/ Links<\/strong><\/p>\n<p><span style=\"color: #3366ff;\"><a style=\"color: #3366ff;\" href=\"https:\/\/www.topohvar.at\/orte\/sv\/sv-tg-07-1\/\">Ku\u0107u Vrankovi\u0107a u Svircu \/ Haus der\u00a0Vrankovi\u0107 in Svir\u0107e<\/a><\/span><\/p>\n<p>Weitere Trims der\u00a0Vrankovi\u0107:<br \/>\n<span style=\"color: #3366ff;\"><a style=\"color: #3366ff;\" href=\"https:\/\/www.topohvar.at\/orte\/sv\/sv-tr-10-1\/\">Svir\u010de:\u00a0 \u00a0 \u00a0 \u00a0 \u00a0Trim \u00bbSV-TR-10\u00ab (Veliki trim Vrankovi\u0107-Plon\u010dini)<\/a>\u00a0<\/span><br \/>\n<span style=\"color: #3366ff;\"><a style=\"color: #3366ff;\" href=\"https:\/\/www.topohvar.at\/orte\/sg\/sg-tr-41-1\/\">Stari Grad:\u00a0 \u00a0Trim \u00bbSG-TR-41\u00ab (Trim Ivana Vrankovi\u0107a na Munja\u010di)<\/a>\u00a0<\/span><\/p>\n","protected":false},"excerpt":{"rendered":"<p>Ime \/ Name \u010cetiri trimi \u00bbVK-TR-04 (Vrankovi\u0107a &#8211; &#8222;U gomile&#8220; \/ Trim des Vrankovi\u0107 &#8211; &#8222;im Haufen&#8220;)\u00ab Code: VK-TR-04\u00a0 \u00a0 \u00a0 \u00a0 \u00a0 \u00a0 \u00a0 \u00a0\u00a0 \u00a0 \u00a0 \u00a0 \u00a0 \u00a0 \u00a0 \u00a0 \u00a0 \u00a0\u00a0 Adresa \/ Adresse Vrisnik, Polanda &hellip; <a href=\"https:\/\/www.topohvar.at\/topo\/orte\/vk\/vk-tr-04-1\/\">Weiterlesen <span class=\"meta-nav\">&rarr;<\/span><\/a><\/p>\n","protected":false},"author":1,"featured_media":0,"parent":113,"menu_order":0,"comment_status":"closed","ping_status":"closed","template":"","meta":{"footnotes":""},"class_list":["post-8208","page","type-page","status-publish","hentry"],"_links":{"self":[{"href":"https:\/\/www.topohvar.at\/topo\/wp-json\/wp\/v2\/pages\/8208","targetHints":{"allow":["GET"]}}],"collection":[{"href":"https:\/\/www.topohvar.at\/topo\/wp-json\/wp\/v2\/pages"}],"about":[{"href":"https:\/\/www.topohvar.at\/topo\/wp-json\/wp\/v2\/types\/page"}],"author":[{"embeddable":true,"href":"https:\/\/www.topohvar.at\/topo\/wp-json\/wp\/v2\/users\/1"}],"replies":[{"embeddable":true,"href":"https:\/\/www.topohvar.at\/topo\/wp-json\/wp\/v2\/comments?post=8208"}],"version-history":[{"count":38,"href":"https:\/\/www.topohvar.at\/topo\/wp-json\/wp\/v2\/pages\/8208\/revisions"}],"predecessor-version":[{"id":69645,"href":"https:\/\/www.topohvar.at\/topo\/wp-json\/wp\/v2\/pages\/8208\/revisions\/69645"}],"up":[{"embeddable":true,"href":"https:\/\/www.topohvar.at\/topo\/wp-json\/wp\/v2\/pages\/113"}],"wp:attachment":[{"href":"https:\/\/www.topohvar.at\/topo\/wp-json\/wp\/v2\/media?parent=8208"}],"curies":[{"name":"wp","href":"https:\/\/api.w.org\/{rel}","templated":true}]}}