{"id":8392,"date":"2018-08-28T19:21:46","date_gmt":"2018-08-28T17:21:46","guid":{"rendered":"https:\/\/www.topohvar.at\/?page_id=8392"},"modified":"2023-06-08T19:25:23","modified_gmt":"2023-06-08T17:25:23","slug":"je-is-05-1","status":"publish","type":"page","link":"https:\/\/www.topohvar.at\/topo\/orte\/je\/je-is-05-1\/","title":{"rendered":"JELSA &#8211; Spomen plo\u010da \u00bb\u0106eta Matij Ivani\u0107\u00ab"},"content":{"rendered":"<p><a name=\"seite_oben\"><\/a><br \/>\n<img loading=\"lazy\" decoding=\"async\" class=\"aligncenter wp-image-8337 size-large\" src=\"https:\/\/www.topohvar.at\/wp-content\/uploads\/2018\/08\/PI-IS-02-0-1024x503.jpg\" alt=\"\" width=\"640\" height=\"314\" srcset=\"https:\/\/www.topohvar.at\/wp-content\/uploads\/2018\/08\/PI-IS-02-0-1024x503.jpg 1024w, https:\/\/www.topohvar.at\/wp-content\/uploads\/2018\/08\/PI-IS-02-0-300x147.jpg 300w, https:\/\/www.topohvar.at\/wp-content\/uploads\/2018\/08\/PI-IS-02-0-768x377.jpg 768w, https:\/\/www.topohvar.at\/wp-content\/uploads\/2018\/08\/PI-IS-02-0.jpg 1080w\" sizes=\"auto, (max-width: 640px) 100vw, 640px\" \/><\/p>\n<p><strong>Ime \/ Name<br \/>\n<\/strong>Spomen plo\u010da \u00bb\u0106eta Matij Ivani\u0107\u00ab \/ Gedenktafel an die Partisaneneinheit\u00a0<em>Matij Ivani\u0107<\/em><\/p>\n<p><strong>Code: <\/strong>JE-IS-05\u00a0 \u00a0 \u00a0 \u00a0 \u00a0 \u00a0 \u00a0 \u00a0 \u00a0 \u00a0 \u00a0 \u00a0 \u00a0 \u00a0 \u00a0 \u00a0 <strong><a href=\"https:\/\/www.topohvar.at\/orte\/pi\/pi-ip-01-1\/\"><img loading=\"lazy\" decoding=\"async\" class=\"alignnone wp-image-12300 size-full\" src=\"https:\/\/www.topohvar.at\/wp-content\/uploads\/2018\/09\/push-vor-30.jpg\" alt=\"\" width=\"61\" height=\"30\" \/><\/a> <a href=\"https:\/\/www.topohvar.at\/orte\/je\/je-is-12-1\/\"><img loading=\"lazy\" decoding=\"async\" class=\"alignnone wp-image-533 size-full\" src=\"https:\/\/www.topohvar.at\/wp-content\/uploads\/2018\/07\/push-l-30.jpg\" alt=\"\" width=\"61\" height=\"30\" \/><\/a> <a href=\"https:\/\/www.topohvar.at\/orte\/je\/\"><img loading=\"lazy\" decoding=\"async\" class=\"alignnone wp-image-535 size-full\" src=\"https:\/\/www.topohvar.at\/wp-content\/uploads\/2018\/07\/push-o-30.jpg\" alt=\"\" width=\"61\" height=\"30\" \/><\/a> <a href=\"https:\/\/www.topohvar.at\/orte\/je\/je-is-23-1\/\"><img loading=\"lazy\" decoding=\"async\" class=\"alignnone wp-image-536 size-full\" src=\"https:\/\/www.topohvar.at\/wp-content\/uploads\/2018\/07\/push-r-30.jpg\" alt=\"\" width=\"61\" height=\"30\" \/><\/a><\/strong><\/p>\n<hr \/>\n<p><strong>Adresa \/ Adresse<br \/>\n<\/strong>Jelsa, na cesti Svir\u010de-Jelsa (staro jel\u0161anskog vodovodnog rezervoara)<\/p>\n<p><strong>Lokacija \/ Position<a href=\"https:\/\/goo.gl\/maps\/FbJ7uqkVfTqtRbGy9\"><img loading=\"lazy\" decoding=\"async\" class=\"alignright wp-image-8485\" src=\"https:\/\/www.topohvar.at\/wp-content\/uploads\/2018\/08\/0475.jpg\" alt=\"\" width=\"134\" height=\"100\" \/><\/a><br \/>\n<\/strong><span style=\"color: #3366ff;\"><a style=\"color: #3366ff;\" href=\"https:\/\/goo.gl\/maps\/FbJ7uqkVfTqtRbGy9\">Latitude: N 43,16194\u00b0 Longitude: E 16,67714\u00b0<\/a> <\/span><strong><br \/>\n<\/strong>Visina \/ H\u00f6he: 16 m<\/p>\n<p><strong>Katastarska \u010destica <\/strong><strong>\/ Grundst\u00fccke<br \/>\n<\/strong>72\/1<div class='content-column one_half'><div style=\"padding-right:6px;\"><p><strong>Datum snimanja \/ Erfassungsdatum<br \/>\n<\/strong>27.10.2014 09:40:09<\/p>\n<hr \/>\n<p><strong>Informacije<\/strong><\/p>\n<p>Natpis:<\/p>\n<p style=\"text-align: center;\">U VRIJEME DOK SE STOTINE HVARANA<br \/>\nU JEDINICAMA NOV BORI \u0160IROM ZEMLJE I OTOKA,<br \/>\nNA OVOM MJESTU 15. XII 1942. G.<br \/>\nHVARSKA PARTIZANSKA \u0106ETA \u201eMATIJ IVANI\u0106\u201c<br \/>\nNAPALA JE KOLONU TALIJANSKOG OKUPATORA.<\/p>\n<p style=\"text-align: center;\">U ZNAK SJE\u0106ANJA NA BORBU HVARANA ZA SLOBODU<br \/>\nPODI\u017dE OVU SPOMEN PLO\u010cU<br \/>\n29. XI 1975.\u00a0 \u00a0 \u00a0 \u00a0 \u00a0 \u00a0 \u00a0 \u00a0 \u00a0 \u00a0 \u00a0 \u00a0 \u00a0 \u00a0 SAVEZ BORACA NOR<br \/>\n<span style=\"color: #ffffff;\">.\u00a0<\/span>\u00a0 \u00a0 \u00a0 \u00a0 \u00a0 \u00a0 \u00a0 \u00a0 \u00a0 \u00a0 \u00a0 \u00a0 \u00a0 \u00a0 \u00a0 \u00a0 \u00a0 \u00a0 \u00a0 \u00a0 \u00a0 \u00a0 \u00a0 \u00a0OP\u0106INE HVAR<\/p><\/div><\/div><div class='content-column one_half last_column'><div style=\"padding-right:0px;padding-left:6px;\"><p><strong>Stupanj za\u0161tite<\/strong><strong> \/ Schutzstellung<br \/>\n<\/strong>&#8211;<\/p>\n<hr \/>\n<p><strong>Info<\/strong><\/p>\n<p>Inschrift:<\/p>\n<p style=\"text-align: center;\">Zur Zeit als hunderte Menschen von Hvar<br \/>\nin den Einheiten der neuen K\u00e4mpfer aus dem<br \/>\nganzen Land und den Inseln dienten,<br \/>\ngriff an dieser Stelle am 15.12.1942<br \/>\ndie kroatische Partisaneneinheit \u201eMatij Ivani\u0107\u201c<br \/>\ndie Kolonnen der italienischen Besatzer an.<br \/>\nIn Erinnerung an die Menschen in Hvar<br \/>\nim Kampf f\u00fcr die Freiheit, wurde diese<br \/>\nGedenktafel am 29. 11. 1975 errichtet.<br \/>\nVereinigung der Soldaten des Nationalen<br \/>\nBefreiungskrieges, Gemeinde Hvar.<\/p><\/div><\/div><div class='clear_column'><\/div><div class='content-column one_half'><div style=\"padding-right:6px;\"><p>U srpnju 1942 osnovana je i Hvarska partizanska \u010deta \u00bbMatij Ivani\u0107\u00ab. Izvedeno je vi\u0161e napada na talijanske vojnike, oru\u017enike, domobrane, usta\u0161e i finance (Bogomolje, Jelsa, Gdinj, Su\u0107uraj i u drugim mjestima) i vi\u0161e ekonomskih akcija u Vrboskoj, Su\u0107urju, Starom Gradu i dr.<\/p><\/div><\/div><div class='content-column one_half last_column'><div style=\"padding-right:0px;padding-left:6px;\"><p>Im Juli 1942 wurde die Hvarer Partisanenkompanie &#8222;Matij Ivani\u0107&#8220; gegr\u00fcndet. Mehrere Angriffe erfolgten auf italienische Soldaten, Streitkr\u00e4fte, Domizile, Ustascha und Finanzen (in Bogomolje, Jelsa, Gdinj, Sucuraj und anderen Orte) sowie mehrere wirtschaftliche Aktionen wurden in Vrboska, Su\u0107uraj, Stari Grad, etc. durchgef\u00fchrt.<\/p><\/div><\/div><div class='clear_column'><\/div><div class='content-column one_half'><div style=\"padding-right:6px;\"><p>Krajem 1942. \u010ditav otok Hvar bio je slobodan osim Jelse, Starog Grada i Hvara. U Bogomolju i Gdinju od sredine 1942. funkcionira najzna\u010dajniji partizanski punkt. Partizanska \u010deta \u00bbMatij Ivani\u0107\u00ab je prerasla oko 12. rujna 1943 u Hvarski partizanski bataljon \u201eMatij Ivani\u0107\u201c a sastojala se od dvije \u010dete s oko 120 boraca.<\/p><\/div><\/div><div class='content-column one_half last_column'><div style=\"padding-right:0px;padding-left:6px;\"><p>Ende 1942 war die gesamte Insel Hvar au\u00dfer Jelsa, Stari Grad und Hvar frei. Bogomolje und Gdinje waren Mitte 1942 die Zentren der Partisanenbewegung auf der Insel Hvar. Die Kompanie \u201eMatij Ivani\u0107&#8220; wurde am 12.9.1943 zum Hvarer Bataillon \u201eMatij Ivani\u0107&#8220; und bestand aus zwei Einheiten mit etwa 120 K\u00e4mpfern.<\/p><\/div><\/div><div class='clear_column'><\/div><div class='content-column one_half'><div style=\"padding-right:6px;\"><p>Dana 15.12.1942. godine, Hvarska partizanska \u010deta \u00bbMatij Ivani\u0107\u00ab, napala je kolonu talijanskog okupatora na mjestu zvanom Vir.<\/p><\/div><\/div><div class='content-column one_half last_column'><div style=\"padding-right:0px;padding-left:6px;\"><p>Am 15 Dezember 1942 griff die kroatische Partisaneneinheit \u201eMatij Ivani\u0107\u201c die Kolonnen der italienischen Besatzer in der Gegend Vir an.<\/p><\/div><\/div><div class='clear_column'><\/div><div class='content-column one_half'><div style=\"padding-right:6px;\"><p>Zbog ranja vanja jednog talijanskog vojnika sredinom prosinca 1942. godine od strane boraca Prvog voda \u010dete \u00bbMatija Ivani\u0107\u00ab na cesti Svira\u010d \u2014 Jelsa Talijani su na Hvaru putili 2. sije\u010dnja 1943. godine kaznenu ekspediciju.<\/p><\/div><\/div><div class='content-column one_half last_column'><div style=\"padding-right:0px;padding-left:6px;\"><p>Wegen der T\u00f6tung italienischer Soldaten Mitte Dezember 1942 durch die Partisaneneinheit \u201eMatija Ivani\u0107\u201c auf dem Weg von Svir\u010de nach Jelsa starteten die Italiener am 2. Januar 1943 eine Strafexpedition auf Hvar.<\/p><\/div><\/div><div class='clear_column'><\/div><div class='content-column one_half'><div style=\"padding-right:6px;\"><p>Spomen plo\u010da, od bijelog mramora, dimenzije 81 x 55 cm postavljena je na kamenom zidu kod starog jel\u0161anskog vodovodnog rezervoara, upravo na mjestu gdje je izvr\u0161en napad.<\/p><\/div><\/div><div class='content-column one_half last_column'><div style=\"padding-right:0px;padding-left:6px;\"><p>Die Gedenktafel aus wei\u00dfem Marmor im Ausma\u00df von 81 x 55 cm wurde an der Steinmauer des alten Wasserbeh\u00e4lters von Jelsa befestigt, genau dort, wo der Angriff stattgefunden hat.<\/p><\/div><\/div><div class='clear_column'><\/div><div class='content-column one_half'><div style=\"padding-right:6px;\"><p>Spomen plo\u010da podignuta je od Op\u0107inskog odbora SUBNOR-a Hvar, uz proslavu Dana Republike, 29.11.1975. godine.<\/p><\/div><\/div><div class='content-column one_half last_column'><div style=\"padding-right:0px;padding-left:6px;\"><p>Die Tafel wurde vom st\u00e4dtischen Vorstand der Vereinigung der Soldaten des Nationalen Befreiungskampfes Hvar am Feiertag der Republik, den 29. November 1975 aufgestellt.<\/p><\/div><\/div><div class='clear_column'><\/div><\/p>\n<p style=\"text-align: right;\"><span style=\"color: #3366ff;\"><a style=\"color: #3366ff;\" href=\"#seite_oben\">natrag na vrh \/ Seitenanfang<\/a><\/span><\/p>\n<hr \/>\n<p><strong>Linkovi \/ Links<\/strong><\/p>\n<p><span style=\"color: #3366ff;\"><strong><a style=\"color: #3366ff;\" href=\"https:\/\/www.topohvar.at\/topo\/orte\/vj\/vj-tg-08-1\/\">Mehr \u00fcber <\/a><a style=\"color: #3366ff;\" href=\"https:\/\/www.topohvar.at\/topo\/orte\/vj\/vj-tg-08-1\/\">Matij Ivani\u0107<\/a><a style=\"color: #3366ff;\" href=\"https:\/\/www.topohvar.at\/topo\/orte\/vj\/vj-tg-08-1\/\">\u00a0\/ vi\u0161e o Matiji Ivani\u0107u<\/a><\/strong><\/span><\/p>\n<p><span style=\"color: #3366ff;\"><a style=\"color: #3366ff;\" href=\"https:\/\/www.topohvar.at\/orte\/hv\/hv-ci-03-1\/\">Hvar &#8211; Pri\u010da o Hvarskom Svetom Kri\u017ei\u0107u \/\u00a0\u00a0die Geschichte vom Heiligen Kreuz in Hvar<\/a><br \/>\n<\/span><a href=\"https:\/\/www.topohvar.at\/topo\/orte\/hv\/hv-is-12-1\/\"><span style=\"color: #3366ff;\">Hvar &#8211; Spomen plo\u010da \u00bbMatij Ivani\u0107\u00ab \/ Gedenktafel \u00bbMatij Ivani\u0107\u00ab<\/span><\/a><span style=\"color: #3366ff;\">\u00a0<\/span><br \/>\n<span style=\"color: #3366ff;\"><a style=\"color: #3366ff;\" href=\"https:\/\/www.topohvar.at\/topo\/orte\/hv\/hv-ci-03\/\">Hvar &#8211; Crkva \u00bbGospa Anuncijata\u00ab \/ Kirche Maria Verk\u00fcndigung<\/a>\u00a0<\/span><\/p>\n<p><span style=\"color: #3366ff;\"><a style=\"color: #3366ff;\" href=\"https:\/\/www.topohvar.at\/topo\/orte\/sg\/sg-is-08-2\/\">Stari Grad &#8211; Spomen plo\u010da \u00bbMatij Ivani\u0107, napad 1510\u00ab\/ Gedenktafel an den Aufstand des\u00a0Matij Ivani\u0107 im Jahr 1510<\/a><\/span><\/p>\n<p><span style=\"color: #3366ff;\"><a style=\"color: #3366ff;\" href=\"https:\/\/www.topohvar.at\/topo\/orte\/sv\/sv-cp-07-1\/\">Svir\u010de &#8211; Kapela \u00bbSv. Nikole od Planine\u00ab \/ Kapelle des hl. Nikolaus am Berg<\/a><\/span><\/p>\n<p><span style=\"color: #3366ff;\"><a style=\"color: #3366ff;\" href=\"https:\/\/www.topohvar.at\/topo\/orte\/vj\/vj-is-03-1\/\">Vrbanj &#8211; Spomen plo\u010da \u00bbKu\u010da Matij Ivani\u0107a\u00ab \/ Gedenktafel Haus Matij Ivani\u0107<\/a>\u00a0<\/span><br \/>\n<span style=\"color: #3366ff;\"><a style=\"color: #3366ff;\" href=\"https:\/\/www.topohvar.at\/topo\/orte\/vj\/vj-tg-01-1\/\">Vrbanj &#8211; Ku\u0107a \u00bbDom Matij Ivani\u0107\u00ab \/ Kulturhaus Matij Ivani\u0107<\/a>\u00a0<\/span><br \/>\n<span style=\"color: #3366ff;\"><a style=\"color: #3366ff;\" href=\"https:\/\/www.topohvar.at\/topo\/orte\/vj\/vj-is-06-1\/\">Vrbanj &#8211; Spomen plo\u010da \u00bbMatij Ivani\u0107, na 444-tu godisnjicu pu\u010dana\u00ab \/ Gedenktafel Matij Ivani\u0107, zum 444. Jahrestag des Aufstandes<\/a>\u00a0<\/span><br \/>\n<span style=\"color: #3366ff;\"><a style=\"color: #3366ff;\" href=\"https:\/\/www.topohvar.at\/topo\/orte\/vj\/vj-is-05-1\/\">Vrbanj &#8211; Spomen plo\u010da \u00bbMatij Ivani\u0107, na 500-tu godisnjicu pu\u010dana\u00ab \/ Gedenktafel Matij Ivani\u0107, zum 500. Jahrestag des Aufstandes<\/a>\u00a0<\/span><br \/>\n<span style=\"color: #3366ff;\"><a style=\"color: #3366ff;\" href=\"https:\/\/www.topohvar.at\/topo\/orte\/vj\/vj-pu-01-1\/\">Vrbanj &#8211; Objekt \u00bbPut Matija Ivani\u0107a\u00ab \/ Ivani\u0107-Weg<\/a>\u00a0<\/span><br \/>\n<span style=\"color: #3366ff;\"><a style=\"color: #3366ff;\" href=\"https:\/\/www.topohvar.at\/topo\/orte\/vj\/vj-ip-01-1\/\">Vrbanj &#8211; Informativna plo\u010da \u00bbPut Matija Ivani\u0107a\u00ab \/ Infotafel Ivani\u0107-Weg<\/a><\/span><\/p>\n<p><span style=\"color: #3366ff;\"><a style=\"color: #3366ff;\" href=\"https:\/\/www.topohvar.at\/topo\/orte\/va\/va-tg-05-1\/\">Vrboska &#8211; Ku\u0107a \u00bbMatije Ivani\u0107a\u00ab \/ Haus des\u00a0Matij Ivani\u0107<\/a>\u00a0<\/span><br \/>\n<span style=\"color: #3366ff;\"><a style=\"color: #3366ff;\" href=\"https:\/\/www.topohvar.at\/topo\/orte\/va\/va-is-02-1\/\">Vrboska &#8211; Spomen plo\u010da \u00bbKu\u0107a Matije Ivani\u0107a\u00ab \/ Gedenktafel Haus des Matij Ivani\u0107<\/a><\/span><\/p>\n<hr \/>\n<p><span style=\"color: #3366ff;\"><a style=\"color: #3366ff;\" href=\"https:\/\/www.topohvar.at\/topo\/orte\/je\/je-op-00-0\/#op-40\">Staro jel\u0161anskog cisterna \/ alter Wasserbeh\u00e4lter der Gemeinde Jelsa<\/a><\/span><br \/>\n<span style=\"color: #3366ff;\"><a style=\"color: #3366ff;\" href=\"https:\/\/www.topohvar.at\/topo\/orte\/je\/je-ob-09-1\/\">Uz cisternu je stara\u00a0slatina \/ neben der Zisterne befindet sich eine alte Schwemme<\/a><\/span><\/p>\n","protected":false},"excerpt":{"rendered":"<p>Ime \/ Name Spomen plo\u010da \u00bb\u0106eta Matij Ivani\u0107\u00ab \/ Gedenktafel an die Partisaneneinheit\u00a0Matij Ivani\u0107 Code: JE-IS-05\u00a0 \u00a0 \u00a0 \u00a0 \u00a0 \u00a0 \u00a0 \u00a0 \u00a0 \u00a0 \u00a0 \u00a0 \u00a0 \u00a0 \u00a0 \u00a0 Adresa \/ Adresse Jelsa, na cesti Svir\u010de-Jelsa (staro jel\u0161anskog &hellip; <a href=\"https:\/\/www.topohvar.at\/topo\/orte\/je\/je-is-05-1\/\">Weiterlesen <span class=\"meta-nav\">&rarr;<\/span><\/a><\/p>\n","protected":false},"author":1,"featured_media":0,"parent":85,"menu_order":0,"comment_status":"closed","ping_status":"closed","template":"","meta":{"footnotes":""},"class_list":["post-8392","page","type-page","status-publish","hentry"],"_links":{"self":[{"href":"https:\/\/www.topohvar.at\/topo\/wp-json\/wp\/v2\/pages\/8392","targetHints":{"allow":["GET"]}}],"collection":[{"href":"https:\/\/www.topohvar.at\/topo\/wp-json\/wp\/v2\/pages"}],"about":[{"href":"https:\/\/www.topohvar.at\/topo\/wp-json\/wp\/v2\/types\/page"}],"author":[{"embeddable":true,"href":"https:\/\/www.topohvar.at\/topo\/wp-json\/wp\/v2\/users\/1"}],"replies":[{"embeddable":true,"href":"https:\/\/www.topohvar.at\/topo\/wp-json\/wp\/v2\/comments?post=8392"}],"version-history":[{"count":24,"href":"https:\/\/www.topohvar.at\/topo\/wp-json\/wp\/v2\/pages\/8392\/revisions"}],"predecessor-version":[{"id":62942,"href":"https:\/\/www.topohvar.at\/topo\/wp-json\/wp\/v2\/pages\/8392\/revisions\/62942"}],"up":[{"embeddable":true,"href":"https:\/\/www.topohvar.at\/topo\/wp-json\/wp\/v2\/pages\/85"}],"wp:attachment":[{"href":"https:\/\/www.topohvar.at\/topo\/wp-json\/wp\/v2\/media?parent=8392"}],"curies":[{"name":"wp","href":"https:\/\/api.w.org\/{rel}","templated":true}]}}