{"id":87,"date":"2018-07-22T11:10:34","date_gmt":"2018-07-22T09:10:34","guid":{"rendered":"https:\/\/www.topohvar.at\/?page_id=87"},"modified":"2024-06-12T10:36:30","modified_gmt":"2024-06-12T08:36:30","slug":"mi","status":"publish","type":"page","link":"https:\/\/www.topohvar.at\/topo\/orte\/mi\/","title":{"rendered":"Milna"},"content":{"rendered":"<hr \/>\n<p><a name=\"seite_oben\"><\/a><\/p>\n<p><strong>Odaberite kategoriju \/ W\u00e4hlen Sie eine Kategorie aus\u00a0 \u00a0 \u00a0 \u00a0 \u00a0 \u00a0 <img loading=\"lazy\" decoding=\"async\" class=\"alignnone size-medium wp-image-240\" src=\"https:\/\/www.topohvar.at\/wp-content\/uploads\/2018\/07\/icon-mi-300x70.jpg\" alt=\"\" width=\"300\" height=\"70\" srcset=\"https:\/\/www.topohvar.at\/wp-content\/uploads\/2018\/07\/icon-mi-300x70.jpg 300w, https:\/\/www.topohvar.at\/wp-content\/uploads\/2018\/07\/icon-mi.jpg 600w\" sizes=\"auto, (max-width: 300px) 100vw, 300px\" \/><\/strong><\/p>\n<h4><span style=\"color: #0000ff;\"><a style=\"color: #0000ff;\" href=\"#aa\">Naselja \/ Siedlungen<\/a> \/\/ <a style=\"color: #0000ff;\" href=\"#ci\">Crkve \/ Kirchen<\/a> \/\/ <a style=\"color: #0000ff;\" href=\"#cp\">Kapele \/Kapellen<\/a> \/\/ <a style=\"color: #0000ff;\" href=\"#cs\">Kapelice \/Bildst\u00f6cke<\/a> \/\/ <a style=\"color: #0000ff;\" href=\"#cz\">Kri\u017eevi \/ Kreuze<\/a> \/\/ <a style=\"color: #0000ff;\" href=\"#in\">Natpisi \/ Inschriften<\/a> \/\/ <a style=\"color: #0000ff;\" href=\"#ip\">Plo\u010de \/ Tafeln<\/a> \/\/ <a style=\"color: #0000ff;\" href=\"#ir\">Reljefi\/ Reliefs<\/a> \/\/ <a style=\"color: #0000ff;\" href=\"#mo\">Skulpture \/ Skulpturen<\/a> \/\/ <a style=\"color: #0000ff;\" href=\"#ob\">Objekti \/ Objekte<\/a> \/\/ <a style=\"color: #0000ff;\" href=\"#td\">Utvrde\/ Festungen<\/a> \/\/ <a style=\"color: #0000ff;\" href=\"#tg\">Gra\u0111evine \/ Geb\u00e4ude<\/a> \/\/ <a style=\"color: #0000ff;\" href=\"#op\">Bunar i to\u010dka vode \/ Brunnen und Wasserstellen<\/a> \/\/\u00a0<a style=\"color: #0000ff;\" href=\"#tr\">Trimi \/ Trims<\/a> \/\/ <a style=\"color: #0000ff;\" href=\"#po\">Povijesne znamenitosti \/ historische Sehensw\u00fcrdigkeiten<\/a><\/span><\/h4>\n<p><a name=\"aa\"><\/a><\/p>\n<hr \/>\n<h2><strong><span style=\"color: #ff0000;\">Naselja, uvale \/ Siedlungen, Buchten<\/span><\/strong><\/h2>\n<p><a href=\"https:\/\/www.topohvar.at\/orte\/mi\/mi-aa-01-1\/\"><img loading=\"lazy\" decoding=\"async\" class=\"alignleft wp-image-30920\" src=\"https:\/\/www.topohvar.at\/wp-content\/uploads\/2020\/02\/mi-aa-01-1-300x147.jpg\" alt=\"\" width=\"114\" height=\"56\" srcset=\"https:\/\/www.topohvar.at\/wp-content\/uploads\/2020\/02\/mi-aa-01-1-300x147.jpg 300w, https:\/\/www.topohvar.at\/wp-content\/uploads\/2020\/02\/mi-aa-01-1.jpg 640w\" sizes=\"auto, (max-width: 114px) 100vw, 114px\" \/><\/a><strong>Selo \u00bbMilna\u00ab<\/strong><br \/>\nMI-AA-01 \/ Milna<\/p>\n<p><a href=\"https:\/\/www.topohvar.at\/orte\/mi\/mi-ai-01-1\/\"><img loading=\"lazy\" decoding=\"async\" class=\"alignleft wp-image-46247\" src=\"https:\/\/www.topohvar.at\/wp-content\/uploads\/2021\/01\/mi-ai-01.jpg\" alt=\"\" width=\"114\" height=\"56\" srcset=\"https:\/\/www.topohvar.at\/wp-content\/uploads\/2021\/01\/mi-ai-01.jpg 1080w, https:\/\/www.topohvar.at\/wp-content\/uploads\/2021\/01\/mi-ai-01-300x147.jpg 300w, https:\/\/www.topohvar.at\/wp-content\/uploads\/2021\/01\/mi-ai-01-1024x503.jpg 1024w, https:\/\/www.topohvar.at\/wp-content\/uploads\/2021\/01\/mi-ai-01-768x377.jpg 768w\" sizes=\"auto, (max-width: 114px) 100vw, 114px\" \/><\/a><strong>Milna &#8211; Nazivi mjesta i podru\u010dja<\/strong><br \/>\nMI-AI-01 \/ Milna<\/p>\n<hr \/>\n<p><a href=\"https:\/\/www.topohvar.at\/orte\/mi\/mi-au-10-1\/\"><img loading=\"lazy\" decoding=\"async\" class=\"alignleft wp-image-35455\" src=\"https:\/\/www.topohvar.at\/wp-content\/uploads\/2020\/04\/mi-au-10-300x147.jpg\" alt=\"\" width=\"114\" height=\"56\" srcset=\"https:\/\/www.topohvar.at\/wp-content\/uploads\/2020\/04\/mi-au-10-300x147.jpg 300w, https:\/\/www.topohvar.at\/wp-content\/uploads\/2020\/04\/mi-au-10-1024x503.jpg 1024w, https:\/\/www.topohvar.at\/wp-content\/uploads\/2020\/04\/mi-au-10-768x377.jpg 768w, https:\/\/www.topohvar.at\/wp-content\/uploads\/2020\/04\/mi-au-10.jpg 1080w\" sizes=\"auto, (max-width: 114px) 100vw, 114px\" \/><\/a><strong>Uvale \u00bbna ju\u017enoj strani otoka\u00ab<\/strong><br \/>\nMI-AU-10\/13 \/ Milna<\/p>\n<p style=\"text-align: right;\"><span style=\"color: #3366ff;\"><a style=\"color: #3366ff;\" href=\"#seite_oben\">natrag na vrh \/ Seitenanfang<\/a><\/span><\/p>\n<p><a name=\"ci\"><\/a><\/p>\n<hr \/>\n<h2><strong><span style=\"color: #ff0000;\">Crkve \/ Kirchen<\/span><\/strong><\/h2>\n<p><a href=\"https:\/\/www.topohvar.at\/orte\/mi\/mi-ci-01-1\/\"><img loading=\"lazy\" decoding=\"async\" class=\"alignleft wp-image-12240\" src=\"https:\/\/www.topohvar.at\/wp-content\/uploads\/2018\/09\/MI-CI-01-00-1024x503.jpg\" alt=\"\" width=\"114\" height=\"56\" srcset=\"https:\/\/www.topohvar.at\/wp-content\/uploads\/2018\/09\/MI-CI-01-00-1024x503.jpg 1024w, https:\/\/www.topohvar.at\/wp-content\/uploads\/2018\/09\/MI-CI-01-00-300x147.jpg 300w, https:\/\/www.topohvar.at\/wp-content\/uploads\/2018\/09\/MI-CI-01-00-768x377.jpg 768w, https:\/\/www.topohvar.at\/wp-content\/uploads\/2018\/09\/MI-CI-01-00.jpg 1080w\" sizes=\"auto, (max-width: 114px) 100vw, 114px\" \/><\/a><strong>\u017dupna crkva \u00bbSv. Teodor mu\u010denik\u00ab<\/strong><br \/>\nMI-CI-01 \/ Milna<\/p>\n<p><a href=\"https:\/\/www.topohvar.at\/orte\/mi\/mi-ck-01-1\/\"><img loading=\"lazy\" decoding=\"async\" class=\"alignleft wp-image-12241\" src=\"https:\/\/www.topohvar.at\/wp-content\/uploads\/2018\/09\/mi-ck-01-00-1024x503.jpg\" alt=\"\" width=\"114\" height=\"56\" srcset=\"https:\/\/www.topohvar.at\/wp-content\/uploads\/2018\/09\/mi-ck-01-00-1024x503.jpg 1024w, https:\/\/www.topohvar.at\/wp-content\/uploads\/2018\/09\/mi-ck-01-00-300x147.jpg 300w, https:\/\/www.topohvar.at\/wp-content\/uploads\/2018\/09\/mi-ck-01-00-768x377.jpg 768w, https:\/\/www.topohvar.at\/wp-content\/uploads\/2018\/09\/mi-ck-01-00.jpg 1080w\" sizes=\"auto, (max-width: 114px) 100vw, 114px\" \/><\/a><strong>Crkvica \u00bbKraljica Mira\u00ab<\/strong><br \/>\nMI-CK-01 \/ Milna<\/p>\n<p><a href=\"https:\/\/www.topohvar.at\/orte\/mi\/mi-ck-03-1\/\"><img loading=\"lazy\" decoding=\"async\" class=\"alignleft wp-image-12243\" src=\"https:\/\/www.topohvar.at\/wp-content\/uploads\/2018\/09\/mi-ck-03-00-1024x503.jpg\" alt=\"\" width=\"114\" height=\"56\" srcset=\"https:\/\/www.topohvar.at\/wp-content\/uploads\/2018\/09\/mi-ck-03-00-1024x503.jpg 1024w, https:\/\/www.topohvar.at\/wp-content\/uploads\/2018\/09\/mi-ck-03-00-300x147.jpg 300w, https:\/\/www.topohvar.at\/wp-content\/uploads\/2018\/09\/mi-ck-03-00-768x377.jpg 768w, https:\/\/www.topohvar.at\/wp-content\/uploads\/2018\/09\/mi-ck-03-00.jpg 1080w\" sizes=\"auto, (max-width: 114px) 100vw, 114px\" \/><\/a><strong>Crkvica \u00bbSv. Ante\u00ab<\/strong><br \/>\nMI-CK-03 \/ Milna 48<\/p>\n<p><a href=\"https:\/\/www.topohvar.at\/orte\/mi\/mi-ck-02-1\/\"><img loading=\"lazy\" decoding=\"async\" class=\"alignleft wp-image-12242\" src=\"https:\/\/www.topohvar.at\/wp-content\/uploads\/2018\/09\/MI-CK-02-00-1024x503.jpg\" alt=\"\" width=\"114\" height=\"56\" srcset=\"https:\/\/www.topohvar.at\/wp-content\/uploads\/2018\/09\/MI-CK-02-00-1024x503.jpg 1024w, https:\/\/www.topohvar.at\/wp-content\/uploads\/2018\/09\/MI-CK-02-00-300x147.jpg 300w, https:\/\/www.topohvar.at\/wp-content\/uploads\/2018\/09\/MI-CK-02-00-768x377.jpg 768w, https:\/\/www.topohvar.at\/wp-content\/uploads\/2018\/09\/MI-CK-02-00.jpg 1080w\" sizes=\"auto, (max-width: 114px) 100vw, 114px\" \/><\/a><strong>Crkvica \u00bbSv. Josipa\u00ab<\/strong><br \/>\nMI-CK-02 \/ Milna, groblje<\/p>\n<p><a href=\"https:\/\/www.topohvar.at\/orte\/mi\/mi-ck-04-1\/\"><img loading=\"lazy\" decoding=\"async\" class=\"alignleft wp-image-12244\" src=\"https:\/\/www.topohvar.at\/wp-content\/uploads\/2018\/09\/mi-ck-04-00-1024x503.jpg\" alt=\"\" width=\"114\" height=\"56\" srcset=\"https:\/\/www.topohvar.at\/wp-content\/uploads\/2018\/09\/mi-ck-04-00-1024x503.jpg 1024w, https:\/\/www.topohvar.at\/wp-content\/uploads\/2018\/09\/mi-ck-04-00-300x147.jpg 300w, https:\/\/www.topohvar.at\/wp-content\/uploads\/2018\/09\/mi-ck-04-00-768x377.jpg 768w, https:\/\/www.topohvar.at\/wp-content\/uploads\/2018\/09\/mi-ck-04-00.jpg 1080w\" sizes=\"auto, (max-width: 114px) 100vw, 114px\" \/><\/a><strong>Crkvica \u00bbPomo\u0107nice Kr\u0161\u0107ana\u00ab<\/strong><br \/>\nMI-CK-04 \/ Mala Milna, Boglich<\/p>\n<p style=\"text-align: right;\"><span style=\"color: #3366ff;\"><a style=\"color: #3366ff;\" href=\"#seite_oben\">natrag na vrh \/ Seitenanfang<\/a><\/span><\/p>\n<p><a name=\"cp\"><\/a><\/p>\n<hr \/>\n<h2><strong><span style=\"color: #ff0000;\">Kapele \/Kapellen<\/span><\/strong><\/h2>\n<p>Bez objekata \/ kein Eintrag<\/p>\n<p style=\"text-align: right;\"><span style=\"color: #3366ff;\"><a style=\"color: #3366ff;\" href=\"#seite_oben\">natrag na vrh \/ Seitenanfang<\/a><\/span><\/p>\n<p><a name=\"cs\"><\/a><\/p>\n<hr \/>\n<h2><strong><span style=\"color: #ff0000;\">Kapelice \/Bildst\u00f6cke<\/span><\/strong><\/h2>\n<p><a href=\"https:\/\/www.topohvar.at\/orte\/mi\/mi-cs-01-1\/\"><img loading=\"lazy\" decoding=\"async\" class=\"alignleft wp-image-12245\" src=\"https:\/\/www.topohvar.at\/wp-content\/uploads\/2018\/09\/mi-cs-01-00-1024x503.jpg\" alt=\"\" width=\"114\" height=\"56\" srcset=\"https:\/\/www.topohvar.at\/wp-content\/uploads\/2018\/09\/mi-cs-01-00-1024x503.jpg 1024w, https:\/\/www.topohvar.at\/wp-content\/uploads\/2018\/09\/mi-cs-01-00-300x147.jpg 300w, https:\/\/www.topohvar.at\/wp-content\/uploads\/2018\/09\/mi-cs-01-00-768x377.jpg 768w, https:\/\/www.topohvar.at\/wp-content\/uploads\/2018\/09\/mi-cs-01-00.jpg 1080w\" sizes=\"auto, (max-width: 114px) 100vw, 114px\" \/><\/a><strong>Kapelica \u00bbSv. Kristofora\u00ab<\/strong><br \/>\nMI-CS-01 \/ Milna<\/p>\n<p style=\"text-align: right;\"><span style=\"color: #3366ff;\"><a style=\"color: #3366ff;\" href=\"#seite_oben\">natrag na vrh \/ Seitenanfang<\/a><\/span><\/p>\n<p><a name=\"cz\"><\/a><\/p>\n<hr \/>\n<h2><strong><span style=\"color: #ff0000;\">Kri\u017eevi \/ Kreuze<\/span><\/strong><\/h2>\n<p><a href=\"https:\/\/www.topohvar.at\/orte\/mi\/mi-cz-01-1\/\"><img loading=\"lazy\" decoding=\"async\" class=\"alignleft wp-image-12246\" src=\"https:\/\/www.topohvar.at\/wp-content\/uploads\/2018\/09\/MI-CZ-01-00-1024x503.jpg\" alt=\"\" width=\"114\" height=\"56\" srcset=\"https:\/\/www.topohvar.at\/wp-content\/uploads\/2018\/09\/MI-CZ-01-00-1024x503.jpg 1024w, https:\/\/www.topohvar.at\/wp-content\/uploads\/2018\/09\/MI-CZ-01-00-300x147.jpg 300w, https:\/\/www.topohvar.at\/wp-content\/uploads\/2018\/09\/MI-CZ-01-00-768x377.jpg 768w, https:\/\/www.topohvar.at\/wp-content\/uploads\/2018\/09\/MI-CZ-01-00.jpg 1080w\" sizes=\"auto, (max-width: 114px) 100vw, 114px\" \/><\/a><strong>Kri\u017e \u00bbNa rivi\u00ab<\/strong><br \/>\nMI-CZ-01 \/ Milna<\/p>\n<p style=\"text-align: right;\"><span style=\"color: #3366ff;\"><a style=\"color: #3366ff;\" href=\"#seite_oben\">natrag na vrh \/ Seitenanfang<\/a><\/span><\/p>\n<p><a name=\"in\"><\/a><\/p>\n<hr \/>\n<h2><strong><span style=\"color: #ff0000;\">Natpisi\/ Inschriften<\/span><\/strong><\/h2>\n<p>Bez objekata \/ kein Eintrag<\/p>\n<p style=\"text-align: right;\"><span style=\"color: #3366ff;\"><a style=\"color: #3366ff;\" href=\"#seite_oben\">natrag na vrh \/ Seitenanfang<\/a><\/span><\/p>\n<p><a name=\"ip\"><\/a><\/p>\n<hr \/>\n<h2><strong><span style=\"color: #ff0000;\">Plo\u010de \/ Tafeln<\/span><\/strong><\/h2>\n<p><a href=\"https:\/\/www.topohvar.at\/orte\/mi\/mi-ip-01-1\/\"><img loading=\"lazy\" decoding=\"async\" class=\"alignleft wp-image-12247\" src=\"https:\/\/www.topohvar.at\/wp-content\/uploads\/2018\/09\/mi-ip-01-00-1024x503.jpg\" alt=\"\" width=\"114\" height=\"56\" srcset=\"https:\/\/www.topohvar.at\/wp-content\/uploads\/2018\/09\/mi-ip-01-00-1024x503.jpg 1024w, https:\/\/www.topohvar.at\/wp-content\/uploads\/2018\/09\/mi-ip-01-00-300x147.jpg 300w, https:\/\/www.topohvar.at\/wp-content\/uploads\/2018\/09\/mi-ip-01-00-768x377.jpg 768w, https:\/\/www.topohvar.at\/wp-content\/uploads\/2018\/09\/mi-ip-01-00.jpg 1080w\" sizes=\"auto, (max-width: 114px) 100vw, 114px\" \/><\/a><strong>Informativna plo\u010da \u00bbCikloturisti\u010dka ruta Hvar &#8211; Zara\u0107e\u00ab<\/strong><br \/>\nMI-IP-01 \/ Milna, na glavnoj cesti DC-116<\/p>\n<p><a href=\"https:\/\/www.topohvar.at\/orte\/mi\/mi-ip-02-1\/\"><img loading=\"lazy\" decoding=\"async\" class=\"alignleft wp-image-12248\" src=\"https:\/\/www.topohvar.at\/wp-content\/uploads\/2018\/09\/mi-ip-02-00-1024x503.jpg\" alt=\"\" width=\"114\" height=\"56\" srcset=\"https:\/\/www.topohvar.at\/wp-content\/uploads\/2018\/09\/mi-ip-02-00-1024x503.jpg 1024w, https:\/\/www.topohvar.at\/wp-content\/uploads\/2018\/09\/mi-ip-02-00-300x147.jpg 300w, https:\/\/www.topohvar.at\/wp-content\/uploads\/2018\/09\/mi-ip-02-00-768x377.jpg 768w, https:\/\/www.topohvar.at\/wp-content\/uploads\/2018\/09\/mi-ip-02-00.jpg 1080w\" sizes=\"auto, (max-width: 114px) 100vw, 114px\" \/><\/a><strong>Informativna plo\u010da \u00bbBicikloturisti\u010dka ruta &#8211; V. Grablje &#8211; M. Grablje &#8211; Milna\u00ab<\/strong><br \/>\nMI-IP-02 \/ Milna, na putu prema Malog Grablje<\/p>\n<hr \/>\n<p><a href=\"https:\/\/www.topohvar.at\/orte\/mi\/mi-is-01-1\/\"><img loading=\"lazy\" decoding=\"async\" class=\"alignleft wp-image-387 size-full\" src=\"https:\/\/www.topohvar.at\/wp-content\/uploads\/2018\/07\/00-00-00-1.jpg\" alt=\"\" width=\"114\" height=\"56\" \/><\/a><strong>Spomen plo\u010da \u00bbPalim borcima NOR-a\u00ab<\/strong><br \/>\nMI-IS-01 \/ Milna, na dvojnoj ku\u0107i u centru mjesta<\/p>\n<p><a href=\"https:\/\/www.topohvar.at\/orte\/mi\/mi-is-02-1\/\"><img loading=\"lazy\" decoding=\"async\" class=\"alignleft wp-image-12249\" src=\"https:\/\/www.topohvar.at\/wp-content\/uploads\/2018\/09\/mi-is-02-00-1024x503.jpg\" alt=\"\" width=\"114\" height=\"56\" srcset=\"https:\/\/www.topohvar.at\/wp-content\/uploads\/2018\/09\/mi-is-02-00-1024x503.jpg 1024w, https:\/\/www.topohvar.at\/wp-content\/uploads\/2018\/09\/mi-is-02-00-300x147.jpg 300w, https:\/\/www.topohvar.at\/wp-content\/uploads\/2018\/09\/mi-is-02-00-768x377.jpg 768w, https:\/\/www.topohvar.at\/wp-content\/uploads\/2018\/09\/mi-is-02-00.jpg 1080w\" sizes=\"auto, (max-width: 114px) 100vw, 114px\" \/><\/a><strong>Spomen plo\u010da \u00bbDon Juri Beli\u0107\u00ab<\/strong><br \/>\nMI-IS-02 \/ Milna, kod crkve<\/p>\n<p><a href=\"https:\/\/www.topohvar.at\/orte\/mi\/mi-is-03-1\/\"><img loading=\"lazy\" decoding=\"async\" class=\"alignleft wp-image-12250\" src=\"https:\/\/www.topohvar.at\/wp-content\/uploads\/2018\/09\/mi-is-03-00-1024x503.jpg\" alt=\"\" width=\"114\" height=\"56\" srcset=\"https:\/\/www.topohvar.at\/wp-content\/uploads\/2018\/09\/mi-is-03-00-1024x503.jpg 1024w, https:\/\/www.topohvar.at\/wp-content\/uploads\/2018\/09\/mi-is-03-00-300x147.jpg 300w, https:\/\/www.topohvar.at\/wp-content\/uploads\/2018\/09\/mi-is-03-00-768x377.jpg 768w, https:\/\/www.topohvar.at\/wp-content\/uploads\/2018\/09\/mi-is-03-00.jpg 1080w\" sizes=\"auto, (max-width: 114px) 100vw, 114px\" \/><\/a><strong>Spomen plo\u010da \u00bbFrancesco ed Elena Boghlich<\/strong>\u00ab<br \/>\nMI-IS-03 \/ Milna, crkvica Kraljica Mira<\/p>\n<p><a href=\"https:\/\/www.topohvar.at\/orte\/mi\/mi-is-04-1\/\"><img loading=\"lazy\" decoding=\"async\" class=\"alignleft wp-image-12251\" src=\"https:\/\/www.topohvar.at\/wp-content\/uploads\/2018\/09\/mi-is-04-00-1024x503.jpg\" alt=\"\" width=\"114\" height=\"56\" srcset=\"https:\/\/www.topohvar.at\/wp-content\/uploads\/2018\/09\/mi-is-04-00-1024x503.jpg 1024w, https:\/\/www.topohvar.at\/wp-content\/uploads\/2018\/09\/mi-is-04-00-300x147.jpg 300w, https:\/\/www.topohvar.at\/wp-content\/uploads\/2018\/09\/mi-is-04-00-768x377.jpg 768w, https:\/\/www.topohvar.at\/wp-content\/uploads\/2018\/09\/mi-is-04-00.jpg 1080w\" sizes=\"auto, (max-width: 114px) 100vw, 114px\" \/><\/a><strong>Spomen plo\u010da \u00bbCrkvica Sv. Ante<\/strong>\u00ab<br \/>\nMI-IS-04 \/ Milna 48, crkvica Sv. Ante<\/p>\n<p style=\"text-align: right;\"><a href=\"#seite_oben\"><span style=\"color: #3366ff;\">natrag na vrh \/ Seitenanfang<\/span><\/a><\/p>\n<p><a name=\"ir\"><\/a><\/p>\n<hr \/>\n<h2><strong><span style=\"color: #ff0000;\">Reljefi \/ Reliefs<\/span><\/strong><\/h2>\n<p>Bez objekata \/ kein Eintrag<\/p>\n<p style=\"text-align: right;\"><span style=\"color: #3366ff;\"><a style=\"color: #3366ff;\" href=\"#seite_oben\">natrag na vrh \/ Seitenanfang<\/a><\/span><\/p>\n<p><a name=\"mo\"><\/a><\/p>\n<hr \/>\n<h2><strong><span style=\"color: #ff0000;\">S<\/span><\/strong><strong><span style=\"color: #ff0000;\">pomenici, skulpture \/ Monumente, Skulpturen<\/span><\/strong><\/h2>\n<p><a href=\"https:\/\/www.topohvar.at\/orte\/mi\/mi-mo-01-1\/\"><img loading=\"lazy\" decoding=\"async\" class=\"alignleft wp-image-12252\" src=\"https:\/\/www.topohvar.at\/wp-content\/uploads\/2018\/09\/MI-MO-01-00-1024x503.jpg\" alt=\"\" width=\"114\" height=\"56\" srcset=\"https:\/\/www.topohvar.at\/wp-content\/uploads\/2018\/09\/MI-MO-01-00-1024x503.jpg 1024w, https:\/\/www.topohvar.at\/wp-content\/uploads\/2018\/09\/MI-MO-01-00-300x147.jpg 300w, https:\/\/www.topohvar.at\/wp-content\/uploads\/2018\/09\/MI-MO-01-00-768x377.jpg 768w, https:\/\/www.topohvar.at\/wp-content\/uploads\/2018\/09\/MI-MO-01-00.jpg 1080w\" sizes=\"auto, (max-width: 114px) 100vw, 114px\" \/><\/a><strong>Kip \u00bbSv. Teodora\u00ab<\/strong><br \/>\nMI-MO-01 \/ Milna, kod crkve<\/p>\n<p style=\"text-align: right;\"><span style=\"color: #3366ff;\"><a style=\"color: #3366ff;\" href=\"#seite_oben\">natrag na vrh \/ Seitenanfang<\/a><\/span><\/p>\n<p><a name=\"ob\"><\/a><\/p>\n<hr \/>\n<h2><strong><span style=\"color: #ff0000;\">Objekti \/ Objekte<\/span><\/strong><\/h2>\n<p><a href=\"https:\/\/www.topohvar.at\/orte\/mi\/mi-ob-01-1\/\"><img loading=\"lazy\" decoding=\"async\" class=\"alignleft wp-image-387 size-full\" src=\"https:\/\/www.topohvar.at\/wp-content\/uploads\/2018\/07\/00-00-00-1.jpg\" alt=\"\" width=\"114\" height=\"56\" \/><\/a><strong>Objekt \u00bbKameno podno\u017eje s natpisom\u00ab<\/strong><br \/>\nMI-OB-01 \/ Milna,\u00a0pred crkvom Sv. Teodora<\/p>\n<hr \/>\n<p><a href=\"https:\/\/www.topohvar.at\/orte\/mi\/mi-pu-01-1\/\"><img loading=\"lazy\" decoding=\"async\" class=\"alignleft wp-image-37395\" src=\"https:\/\/www.topohvar.at\/wp-content\/uploads\/2020\/05\/mi-pu-01-1.jpg\" alt=\"\" width=\"114\" height=\"56\" srcset=\"https:\/\/www.topohvar.at\/wp-content\/uploads\/2020\/05\/mi-pu-01-1.jpg 1080w, https:\/\/www.topohvar.at\/wp-content\/uploads\/2020\/05\/mi-pu-01-1-300x147.jpg 300w, https:\/\/www.topohvar.at\/wp-content\/uploads\/2020\/05\/mi-pu-01-1-1024x503.jpg 1024w, https:\/\/www.topohvar.at\/wp-content\/uploads\/2020\/05\/mi-pu-01-1-768x377.jpg 768w\" sizes=\"auto, (max-width: 114px) 100vw, 114px\" \/><\/a><strong>Objekt \u00bbTunel Milna\u00ab<\/strong><br \/>\nMI-PU-01 \/ Milna, pred crkvom Sv. Teodora<\/p>\n<p><a href=\"https:\/\/www.topohvar.at\/orte\/mi\/mi-pu-02-1\/\"><img loading=\"lazy\" decoding=\"async\" class=\"alignleft wp-image-56510\" src=\"https:\/\/www.topohvar.at\/wp-content\/uploads\/2022\/01\/biketrack-709.jpg\" alt=\"\" width=\"114\" height=\"56\" srcset=\"https:\/\/www.topohvar.at\/wp-content\/uploads\/2022\/01\/biketrack-709.jpg 640w, https:\/\/www.topohvar.at\/wp-content\/uploads\/2022\/01\/biketrack-709-300x147.jpg 300w\" sizes=\"auto, (max-width: 114px) 100vw, 114px\" \/><\/a><strong>Objekt \u00bbBiciklisti\u010dka ruta [709] Dubova\u00ab<\/strong><br \/>\nMI-PU-02 \/ Milna, Zara\u0107e, Dubovica, Mo\u010da, Malo Grablje, Milna<\/p>\n<p><strong><a href=\"https:\/\/www.topohvar.at\/orte\/mi\/mi-pu-03-1\/\"><img loading=\"lazy\" decoding=\"async\" class=\"alignleft wp-image-56409\" src=\"https:\/\/www.topohvar.at\/wp-content\/uploads\/2022\/01\/gv-pu-07-1.jpg\" alt=\"\" width=\"114\" height=\"56\" srcset=\"https:\/\/www.topohvar.at\/wp-content\/uploads\/2022\/01\/gv-pu-07-1.jpg 1080w, https:\/\/www.topohvar.at\/wp-content\/uploads\/2022\/01\/gv-pu-07-1-300x147.jpg 300w, https:\/\/www.topohvar.at\/wp-content\/uploads\/2022\/01\/gv-pu-07-1-1024x503.jpg 1024w, https:\/\/www.topohvar.at\/wp-content\/uploads\/2022\/01\/gv-pu-07-1-768x377.jpg 768w\" sizes=\"auto, (max-width: 114px) 100vw, 114px\" \/><\/a>Objekt \u00bbBiciklisti\u010dka ruta V. Grablje &#8211; M. Grablje &#8211; Milna\u00ab<br \/>\n<\/strong>MI-PU-03 \/ Velo Grablje, Malo Grablje, Milna<\/p>\n<p><strong><a href=\"https:\/\/www.topohvar.at\/orte\/mi\/mi-pu-04-1\/\"><img loading=\"lazy\" decoding=\"async\" class=\"alignleft wp-image-56441\" src=\"https:\/\/www.topohvar.at\/wp-content\/uploads\/2022\/01\/mi-pu-04-0.jpg\" alt=\"\" width=\"114\" height=\"56\" srcset=\"https:\/\/www.topohvar.at\/wp-content\/uploads\/2022\/01\/mi-pu-04-0.jpg 1080w, https:\/\/www.topohvar.at\/wp-content\/uploads\/2022\/01\/mi-pu-04-0-300x147.jpg 300w, https:\/\/www.topohvar.at\/wp-content\/uploads\/2022\/01\/mi-pu-04-0-1024x503.jpg 1024w, https:\/\/www.topohvar.at\/wp-content\/uploads\/2022\/01\/mi-pu-04-0-768x377.jpg 768w\" sizes=\"auto, (max-width: 114px) 100vw, 114px\" \/><\/a>Objekt \u00bbBiciklisti\u010dka ruta (3) Hvar &#8211; Milna &#8211; Zara\u0107e\u00ab<br \/>\n<\/strong>MI-PU-04 \/ Hvar, Milna, Zara\u0107e<\/p>\n<hr \/>\n<p><a href=\"https:\/\/www.topohvar.at\/orte\/mi\/mi-og-01-1\/\"><img loading=\"lazy\" decoding=\"async\" class=\"alignleft wp-image-12253\" src=\"https:\/\/www.topohvar.at\/wp-content\/uploads\/2018\/09\/mi-og-01-00-1024x503.jpg\" alt=\"\" width=\"114\" height=\"56\" srcset=\"https:\/\/www.topohvar.at\/wp-content\/uploads\/2018\/09\/mi-og-01-00-1024x503.jpg 1024w, https:\/\/www.topohvar.at\/wp-content\/uploads\/2018\/09\/mi-og-01-00-300x147.jpg 300w, https:\/\/www.topohvar.at\/wp-content\/uploads\/2018\/09\/mi-og-01-00-768x377.jpg 768w, https:\/\/www.topohvar.at\/wp-content\/uploads\/2018\/09\/mi-og-01-00.jpg 1080w\" sizes=\"auto, (max-width: 114px) 100vw, 114px\" \/><\/a><strong>Objekt \u00bbGroblje\u00ab<\/strong><br \/>\nMI-OG-01 \/ Milna<\/p>\n<p style=\"text-align: right;\"><span style=\"color: #3366ff;\"><a style=\"color: #3366ff;\" href=\"#seite_oben\">natrag na vrh \/ Seitenanfang<\/a><\/span><\/p>\n<p><a name=\"td\"><\/a><\/p>\n<hr \/>\n<h2><strong><span style=\"color: #ff0000;\">Utvrde \/ Festungen<\/span><\/strong><\/h2>\n<p>Bez objekata \/ kein Eintrag<\/p>\n<p style=\"text-align: right;\"><span style=\"color: #3366ff;\"><a style=\"color: #3366ff;\" href=\"#seite_oben\">natrag na vrh \/ Seitenanfang<\/a><\/span><\/p>\n<p><a name=\"tg\"><\/a><\/p>\n<hr \/>\n<h2><strong><span style=\"color: #ff0000;\">Gra\u0111evine \/ Geb\u00e4ude<\/span><\/strong><\/h2>\n<p><strong><a href=\"https:\/\/www.topohvar.at\/orte\/mi\/mi-tg-04-1\/\"><img loading=\"lazy\" decoding=\"async\" class=\"alignleft wp-image-41272\" src=\"https:\/\/www.topohvar.at\/wp-content\/uploads\/2020\/09\/mi-tg-04-1.jpg\" alt=\"\" width=\"114\" height=\"56\" srcset=\"https:\/\/www.topohvar.at\/wp-content\/uploads\/2020\/09\/mi-tg-04-1.jpg 1080w, https:\/\/www.topohvar.at\/wp-content\/uploads\/2020\/09\/mi-tg-04-1-300x147.jpg 300w, https:\/\/www.topohvar.at\/wp-content\/uploads\/2020\/09\/mi-tg-04-1-1024x503.jpg 1024w, https:\/\/www.topohvar.at\/wp-content\/uploads\/2020\/09\/mi-tg-04-1-768x377.jpg 768w\" sizes=\"auto, (max-width: 114px) 100vw, 114px\" \/><\/a>Gospodarska zgrada \u00bbHotel Fortuna\u00ab<br \/>\nMI-TG-04 \/ Milna 27<\/strong><\/p>\n<hr \/>\n<p><a href=\"https:\/\/www.topohvar.at\/orte\/mi\/mi-tg-02-1\/\"><img loading=\"lazy\" decoding=\"async\" class=\"alignleft wp-image-29290\" src=\"https:\/\/www.topohvar.at\/wp-content\/uploads\/2020\/01\/mi-tg-02-7-300x147.jpg\" alt=\"\" width=\"114\" height=\"56\" srcset=\"https:\/\/www.topohvar.at\/wp-content\/uploads\/2020\/01\/mi-tg-02-7-300x147.jpg 300w, https:\/\/www.topohvar.at\/wp-content\/uploads\/2020\/01\/mi-tg-02-7-768x377.jpg 768w, https:\/\/www.topohvar.at\/wp-content\/uploads\/2020\/01\/mi-tg-02-7-1024x503.jpg 1024w, https:\/\/www.topohvar.at\/wp-content\/uploads\/2020\/01\/mi-tg-02-7.jpg 1080w\" sizes=\"auto, (max-width: 114px) 100vw, 114px\" \/><\/a><strong>Ljetnikovac \u00bbBo\u017ei\u0107-Ivani\u0107\u00ab<\/strong><br \/>\nMI-TG-02 \/ Mala Milna<\/p>\n<p><a href=\"https:\/\/www.topohvar.at\/orte\/mi\/mi-tg-03-1\/\"><img loading=\"lazy\" decoding=\"async\" class=\"alignleft wp-image-19440\" src=\"https:\/\/www.topohvar.at\/wp-content\/uploads\/2019\/01\/mi-tg-03-1-1024x503.jpg\" alt=\"\" width=\"114\" height=\"56\" srcset=\"https:\/\/www.topohvar.at\/wp-content\/uploads\/2019\/01\/mi-tg-03-1-1024x503.jpg 1024w, https:\/\/www.topohvar.at\/wp-content\/uploads\/2019\/01\/mi-tg-03-1-300x147.jpg 300w, https:\/\/www.topohvar.at\/wp-content\/uploads\/2019\/01\/mi-tg-03-1-768x377.jpg 768w, https:\/\/www.topohvar.at\/wp-content\/uploads\/2019\/01\/mi-tg-03-1.jpg 1080w\" sizes=\"auto, (max-width: 114px) 100vw, 114px\" \/><\/a><strong>Ku\u010da \u00bbSolitudo\u00ab<\/strong><br \/>\nMI-TG-03 \/ Mala Milna<\/p>\n<p style=\"text-align: right;\"><span style=\"color: #3366ff;\"><a style=\"color: #3366ff;\" href=\"#seite_oben\">natrag na vrh \/ Seitenanfang<\/a><\/span><\/p>\n<p><a name=\"op\"><\/a><\/p>\n<hr \/>\n<h2><strong><span style=\"color: #ff0000;\">Bunar i to\u010dka vode \/ Brunnen und Wasserstellen<\/span><\/strong><\/h2>\n<p><strong><a href=\"https:\/\/www.topohvar.at\/orte\/mi\/mi-op-00-1\/\"><img loading=\"lazy\" decoding=\"async\" class=\"alignleft wp-image-45793 size-full\" src=\"https:\/\/www.topohvar.at\/wp-content\/uploads\/2020\/11\/raster1.jpg\" alt=\"\" width=\"114\" height=\"56\" \/><\/a>Popis cisterni i bunara<br \/>\n<\/strong>Milna<\/p>\n<hr \/>\n<p><strong><a href=\"https:\/\/www.topohvar.at\/orte\/mi\/mi-op-00-0\/\"><img loading=\"lazy\" decoding=\"async\" class=\"alignleft wp-image-68591\" src=\"https:\/\/www.topohvar.at\/wp-content\/uploads\/2024\/06\/mi-op-00-2024-05-300x194.jpg\" alt=\"\" width=\"114\" height=\"74\" srcset=\"https:\/\/www.topohvar.at\/wp-content\/uploads\/2024\/06\/mi-op-00-2024-05-300x194.jpg 300w, https:\/\/www.topohvar.at\/wp-content\/uploads\/2024\/06\/mi-op-00-2024-05-1024x664.jpg 1024w, https:\/\/www.topohvar.at\/wp-content\/uploads\/2024\/06\/mi-op-00-2024-05-768x498.jpg 768w, https:\/\/www.topohvar.at\/wp-content\/uploads\/2024\/06\/mi-op-00-2024-05-1536x995.jpg 1536w, https:\/\/www.topohvar.at\/wp-content\/uploads\/2024\/06\/mi-op-00-2024-05.jpg 1929w\" sizes=\"auto, (max-width: 114px) 100vw, 114px\" \/><\/a>Bunari, cisterne i to\u010dke za vodu \u2013 detaljno<br \/>\n<\/strong>MI-OP-01\/11 \/ Milna<\/p>\n<p style=\"text-align: right;\"><span style=\"color: #3366ff;\"><a style=\"color: #3366ff;\" href=\"#seite_oben\">natrag na vrh \/ Seitenanfang<\/a><\/span><\/p>\n<p><a name=\"tr\"><\/a><\/p>\n<hr \/>\n<h2><strong><span style=\"color: #ff0000;\">Trimi \/ Trims<\/span><\/strong><\/h2>\n<p><strong><a href=\"https:\/\/www.topohvar.at\/orte\/mi\/mi-tr-00-1\/\"><img loading=\"lazy\" decoding=\"async\" class=\"alignleft wp-image-64290\" src=\"https:\/\/www.topohvar.at\/wp-content\/uploads\/2023\/08\/mi-trims-2023-05-300x201.jpg\" alt=\"\" width=\"114\" height=\"76\" srcset=\"https:\/\/www.topohvar.at\/wp-content\/uploads\/2023\/08\/mi-trims-2023-05-300x201.jpg 300w, https:\/\/www.topohvar.at\/wp-content\/uploads\/2023\/08\/mi-trims-2023-05-1024x687.jpg 1024w, https:\/\/www.topohvar.at\/wp-content\/uploads\/2023\/08\/mi-trims-2023-05-768x515.jpg 768w, https:\/\/www.topohvar.at\/wp-content\/uploads\/2023\/08\/mi-trims-2023-05-1536x1030.jpg 1536w, https:\/\/www.topohvar.at\/wp-content\/uploads\/2023\/08\/mi-trims-2023-05.jpg 1664w\" sizes=\"auto, (max-width: 114px) 100vw, 114px\" \/><\/a>Pregled trima \/ \u00dcbersicht Trims<br \/>\n<\/strong>MI-TR-00 \/ Milna<strong><br \/>\n<\/strong><\/p>\n<hr \/>\n<p><a href=\"https:\/\/www.topohvar.at\/orte\/mi\/mi-tr-01-1\/\"><img loading=\"lazy\" decoding=\"async\" class=\"alignleft wp-image-12255\" src=\"https:\/\/www.topohvar.at\/wp-content\/uploads\/2018\/09\/mi-tr-01-00-1024x503.jpg\" alt=\"\" width=\"114\" height=\"56\" srcset=\"https:\/\/www.topohvar.at\/wp-content\/uploads\/2018\/09\/mi-tr-01-00-1024x503.jpg 1024w, https:\/\/www.topohvar.at\/wp-content\/uploads\/2018\/09\/mi-tr-01-00-300x147.jpg 300w, https:\/\/www.topohvar.at\/wp-content\/uploads\/2018\/09\/mi-tr-01-00-768x377.jpg 768w, https:\/\/www.topohvar.at\/wp-content\/uploads\/2018\/09\/mi-tr-01-00.jpg 1080w\" sizes=\"auto, (max-width: 114px) 100vw, 114px\" \/><\/a><strong>Trim \u00bbMI-TR-01\u00ab<\/strong><br \/>\nMI-TR-01 \/ Milna,\u00a0stari put Milna &#8211; Hvar<\/p>\n<p style=\"text-align: right;\"><a href=\"#seite_oben\"><span style=\"color: #3366ff;\">natrag na vrh \/ Seitenanfang<\/span><\/a><\/p>\n<p><a name=\"po\"><\/a><\/p>\n<hr \/>\n<h2><strong><span style=\"color: #ff0000;\">Povijesne znamenitosti \/ historisches<\/span><\/strong><\/h2>\n<p>Bez objekata \/ kein Eintrag<\/p>\n<p style=\"text-align: right;\"><a href=\"#seite_oben\"><span style=\"color: #3366ff;\">natrag na vrh \/ Seitenanfang<\/span><\/a><\/p>\n","protected":false},"excerpt":{"rendered":"<p>Odaberite kategoriju \/ W\u00e4hlen Sie eine Kategorie aus\u00a0 \u00a0 \u00a0 \u00a0 \u00a0 \u00a0 Naselja \/ Siedlungen \/\/ Crkve \/ Kirchen \/\/ Kapele \/Kapellen \/\/ Kapelice \/Bildst\u00f6cke \/\/ Kri\u017eevi \/ Kreuze \/\/ Natpisi \/ Inschriften \/\/ Plo\u010de \/ Tafeln \/\/ Reljefi\/ &hellip; <a href=\"https:\/\/www.topohvar.at\/topo\/orte\/mi\/\">Weiterlesen <span class=\"meta-nav\">&rarr;<\/span><\/a><\/p>\n","protected":false},"author":1,"featured_media":0,"parent":19357,"menu_order":0,"comment_status":"closed","ping_status":"closed","template":"","meta":{"footnotes":""},"class_list":["post-87","page","type-page","status-publish","hentry"],"_links":{"self":[{"href":"https:\/\/www.topohvar.at\/topo\/wp-json\/wp\/v2\/pages\/87","targetHints":{"allow":["GET"]}}],"collection":[{"href":"https:\/\/www.topohvar.at\/topo\/wp-json\/wp\/v2\/pages"}],"about":[{"href":"https:\/\/www.topohvar.at\/topo\/wp-json\/wp\/v2\/types\/page"}],"author":[{"embeddable":true,"href":"https:\/\/www.topohvar.at\/topo\/wp-json\/wp\/v2\/users\/1"}],"replies":[{"embeddable":true,"href":"https:\/\/www.topohvar.at\/topo\/wp-json\/wp\/v2\/comments?post=87"}],"version-history":[{"count":48,"href":"https:\/\/www.topohvar.at\/topo\/wp-json\/wp\/v2\/pages\/87\/revisions"}],"predecessor-version":[{"id":68593,"href":"https:\/\/www.topohvar.at\/topo\/wp-json\/wp\/v2\/pages\/87\/revisions\/68593"}],"up":[{"embeddable":true,"href":"https:\/\/www.topohvar.at\/topo\/wp-json\/wp\/v2\/pages\/19357"}],"wp:attachment":[{"href":"https:\/\/www.topohvar.at\/topo\/wp-json\/wp\/v2\/media?parent=87"}],"curies":[{"name":"wp","href":"https:\/\/api.w.org\/{rel}","templated":true}]}}