{"id":8713,"date":"2018-08-30T18:18:17","date_gmt":"2018-08-30T16:18:17","guid":{"rendered":"https:\/\/www.topohvar.at\/?page_id=8713"},"modified":"2021-11-30T17:22:40","modified_gmt":"2021-11-30T16:22:40","slug":"je-cs-11-1","status":"publish","type":"page","link":"https:\/\/www.topohvar.at\/topo\/orte\/je\/je-cs-11-1\/","title":{"rendered":"JELSA &#8211; Kapelica \u00bbSv. Liberata\u00ab"},"content":{"rendered":"<p><a name=\"seite_oben\"><\/a><br \/>\n<strong><img loading=\"lazy\" decoding=\"async\" class=\"alignnone wp-image-8542 size-large\" src=\"https:\/\/www.topohvar.at\/wp-content\/uploads\/2018\/08\/JE-CS-11-0-1024x503.jpg\" alt=\"\" width=\"640\" height=\"314\" srcset=\"https:\/\/www.topohvar.at\/wp-content\/uploads\/2018\/08\/JE-CS-11-0-1024x503.jpg 1024w, https:\/\/www.topohvar.at\/wp-content\/uploads\/2018\/08\/JE-CS-11-0-300x147.jpg 300w, https:\/\/www.topohvar.at\/wp-content\/uploads\/2018\/08\/JE-CS-11-0-768x377.jpg 768w, https:\/\/www.topohvar.at\/wp-content\/uploads\/2018\/08\/JE-CS-11-0.jpg 1080w\" sizes=\"auto, (max-width: 640px) 100vw, 640px\" \/><\/strong><\/p>\n<p><strong>Ime \/ Name<br \/>\n<\/strong>Kapelica \u00bbSv. Liberata\u00ab \/ Bildstock des hl. Liberat<\/p>\n<p><strong>Code: <\/strong>JE-CS-11\u00a0 \u00a0 \u00a0 \u00a0 \u00a0 \u00a0 \u00a0 \u00a0 \u00a0 \u00a0 \u00a0 \u00a0 \u00a0 \u00a0 \u00a0\u00a0<strong><a href=\"https:\/\/www.topohvar.at\/orte\/je\/je-cs-16-1\/\"><img loading=\"lazy\" decoding=\"async\" class=\"alignnone wp-image-533 size-full\" src=\"https:\/\/www.topohvar.at\/wp-content\/uploads\/2018\/07\/push-l-30.jpg\" alt=\"\" width=\"61\" height=\"30\" \/><\/a> <a href=\"https:\/\/www.topohvar.at\/orte\/je\/\"><img loading=\"lazy\" decoding=\"async\" class=\"alignnone wp-image-535 size-full\" src=\"https:\/\/www.topohvar.at\/wp-content\/uploads\/2018\/07\/push-o-30.jpg\" alt=\"\" width=\"61\" height=\"30\" \/><\/a> <a href=\"https:\/\/www.topohvar.at\/orte\/je\/je-cs-09-1\/\"><img loading=\"lazy\" decoding=\"async\" class=\"alignnone wp-image-536 size-full\" src=\"https:\/\/www.topohvar.at\/wp-content\/uploads\/2018\/07\/push-r-30.jpg\" alt=\"\" width=\"61\" height=\"30\" \/><\/a><\/strong><\/p>\n<hr \/>\n<p><strong>Adresa \/ Adresse<br \/>\n<\/strong>Jelsa,\u00a0\u0160etali\u0161te Sv. Liberata, Restoran \/ Restaurant Liberat<\/p>\n<p><strong>Lokacija<\/strong><strong> \/ Position<a href=\"https:\/\/goo.gl\/maps\/KUwermhF2ugDgcUU6\"><img loading=\"lazy\" decoding=\"async\" class=\"alignright wp-image-9042\" src=\"https:\/\/www.topohvar.at\/wp-content\/uploads\/2018\/09\/1500.jpg\" alt=\"\" width=\"134\" height=\"100\" \/><\/a><br \/>\n<\/strong><span style=\"color: #3366ff;\"><a style=\"color: #3366ff;\" href=\"https:\/\/goo.gl\/maps\/KUwermhF2ugDgcUU6\">Latitude: N 43,16176\u00b0\u00a0 \u00a0Longitude: E 16,69834\u00b0<\/a> <\/span><strong><br \/>\n<\/strong>Visina \/ H\u00f6he: 6 m<\/p>\n<p><strong>Katastarska \u010destica <\/strong><strong>\/ Grundst\u00fccke<br \/>\n<\/strong>1730\/6, 1730\/7<div class='content-column one_half'><div style=\"padding-right:6px;\"><p><strong>Datum snimanja \/ Erfassungsdatum<br \/>\n<\/strong>20.05.2017 11:24:00<\/p>\n<hr \/>\n<p><strong>Informacije<\/strong><\/p>\n<p>Na zidu restorana Liberat na putu prema Gradini stoji u ni\u0161i s kamenim kri\u017eem kip Sv. Liberat. Ni\u0161a je zatvorena staklenim vratima.<\/p><\/div><\/div><div class='content-column one_half last_column'><div style=\"padding-right:0px;padding-left:6px;\"><p><strong>Stupanj za\u0161tite<\/strong><strong> \/ Schutzstellung<br \/>\n<\/strong>&#8211;<\/p>\n<hr \/>\n<p><strong>Info<\/strong><\/p>\n<p>In der Hausmauer des Restaurants Liberat an der Stra\u00dfe nach Gradina steht in einer Nische mit Steinkreuz die Statue des hl. Liberat. Die Nische ist mit einer Glast\u00fcre verschlossen.<\/p><\/div><\/div><div class='clear_column'><\/div><\/p>\n<hr \/>\n<div class='content-column one_half'><div style=\"padding-right:6px;\"><p><strong>Biskup i mu\u010denik Liberat\/Liberan<\/strong><br \/>\n(\u2020 17. kolovoza 483. (?) U Kartagi, danas predgra\u0111u Tunisa u Tunisu).<\/p><\/div><\/div><div class='content-column one_half last_column'><div style=\"padding-right:0px;padding-left:6px;\"><p><strong>Bischof und M\u00e4rtyrer Liberatus<\/strong><br \/>\n(\u2020 17. August 483 (?) in Karthago, heute Vorort von Tunis in Tunesien).<\/p><\/div><\/div><div class='clear_column'><\/div><div class='content-column one_half'><div style=\"padding-right:6px;\"><p>Liberat je bio opat u Capsi &#8211; dana\u0161njoj Gafsi u Tunisu &#8211; i bori se protiv arijanizma. Arijanizam je ranokr\u0161\u0107ansko u\u010denje iz 4. stolje\u0107a, nazvano po sve\u0107eniku Ariju. Prema arijskim u\u010denjima, Isus Krist nije u osnovi isti kao Bog, ve\u0107 njegovo najistaknutije stvorenje.<\/p><\/div><\/div><div class='content-column one_half last_column'><div style=\"padding-right:0px;padding-left:6px;\"><p>Liberat war Abt in Capsa &#8211; dem heutigen Gafsa in Tunesien; er bek\u00e4mpfe den Arianismus. Arianismus war eine fr\u00fche christliche Lehre aus dem 4. Jahrhundert, benannt nach dem Priester Arius. Nach arianischer Lehre ist Jesus Christus nicht wesensgleich mit Gott, aber dessen vornehmstes Gesch\u00f6pf.<\/p><\/div><\/div><div class='clear_column'><\/div><div class='content-column one_half'><div style=\"padding-right:6px;\"><p>Legenda ka\u017ee da je vandalski kralj Hunerich, privr\u017een arijanstvu, progutao Liberata i njegove drugove &#8211; \u0111akona Bonifacija, subdeakone Servusa i Rustika, redovnike Rogata i Septima i dje\u010daka Maksima &#8211; odvukao ju je u Kartagu, vezao ih za brod i zapalio. Ali silovit vjetar ugasio je sav plamen, nakon \u010dega su Liberatus i njegovi drugovi bili su ubijeni veslima i ba\u010deni u more.<\/p><\/div><\/div><div class='content-column one_half last_column'><div style=\"padding-right:0px;padding-left:6px;\"><p>Die Legende berichtet, wie der Vandalenk\u00f6nig Hunerich, der dem Arianismus anhing, Liberat und seine Gef\u00e4hrten &#8211; den Diakon Bonifatius, die Subdiakone Servus und Rusticus, die M\u00f6nche Rogatus und Septimus sowie den Knaben Maximus &#8211; nach Karthago verschleppte, sie auf ein Schiff fesselte und dieses anz\u00fcnden lie\u00df. Aber ein heftiger Wind l\u00f6schte alle Flammen, worauf Liberat und seine Genossen mit Rudern erschlagen und ins Meer geworfen wurden.<\/p><\/div><\/div><div class='clear_column'><\/div><\/p>\n<p style=\"text-align: right;\"><span style=\"color: #3366ff;\"><a style=\"color: #3366ff;\" href=\"#seite_oben\">natrag na vrh \/ Seitenanfang<\/a><\/span><\/p>\n<hr \/>\n<p><strong>Linkovi \/ Links<\/strong><\/p>\n<p><span style=\"color: #3366ff;\"><a style=\"color: #3366ff;\" href=\"https:\/\/www.topohvar.at\/orte\/je\/je-cp-04-1\/\">Stara kapela Sv. Liberata \/ Alte Kapelle des hl. Liberat<\/a><\/span><\/p>\n","protected":false},"excerpt":{"rendered":"<p>Ime \/ Name Kapelica \u00bbSv. Liberata\u00ab \/ Bildstock des hl. Liberat Code: JE-CS-11\u00a0 \u00a0 \u00a0 \u00a0 \u00a0 \u00a0 \u00a0 \u00a0 \u00a0 \u00a0 \u00a0 \u00a0 \u00a0 \u00a0 \u00a0\u00a0 Adresa \/ Adresse Jelsa,\u00a0\u0160etali\u0161te Sv. Liberata, Restoran \/ Restaurant Liberat Lokacija \/ Position &hellip; <a href=\"https:\/\/www.topohvar.at\/topo\/orte\/je\/je-cs-11-1\/\">Weiterlesen <span class=\"meta-nav\">&rarr;<\/span><\/a><\/p>\n","protected":false},"author":1,"featured_media":0,"parent":85,"menu_order":0,"comment_status":"closed","ping_status":"closed","template":"","meta":{"footnotes":""},"class_list":["post-8713","page","type-page","status-publish","hentry"],"_links":{"self":[{"href":"https:\/\/www.topohvar.at\/topo\/wp-json\/wp\/v2\/pages\/8713","targetHints":{"allow":["GET"]}}],"collection":[{"href":"https:\/\/www.topohvar.at\/topo\/wp-json\/wp\/v2\/pages"}],"about":[{"href":"https:\/\/www.topohvar.at\/topo\/wp-json\/wp\/v2\/types\/page"}],"author":[{"embeddable":true,"href":"https:\/\/www.topohvar.at\/topo\/wp-json\/wp\/v2\/users\/1"}],"replies":[{"embeddable":true,"href":"https:\/\/www.topohvar.at\/topo\/wp-json\/wp\/v2\/comments?post=8713"}],"version-history":[{"count":11,"href":"https:\/\/www.topohvar.at\/topo\/wp-json\/wp\/v2\/pages\/8713\/revisions"}],"predecessor-version":[{"id":53905,"href":"https:\/\/www.topohvar.at\/topo\/wp-json\/wp\/v2\/pages\/8713\/revisions\/53905"}],"up":[{"embeddable":true,"href":"https:\/\/www.topohvar.at\/topo\/wp-json\/wp\/v2\/pages\/85"}],"wp:attachment":[{"href":"https:\/\/www.topohvar.at\/topo\/wp-json\/wp\/v2\/media?parent=8713"}],"curies":[{"name":"wp","href":"https:\/\/api.w.org\/{rel}","templated":true}]}}