{"id":95,"date":"2018-07-22T11:12:06","date_gmt":"2018-07-22T09:12:06","guid":{"rendered":"https:\/\/www.topohvar.at\/?page_id=95"},"modified":"2026-04-23T19:22:15","modified_gmt":"2026-04-23T17:22:15","slug":"sa","status":"publish","type":"page","link":"https:\/\/www.topohvar.at\/topo\/orte\/sa\/","title":{"rendered":"Selca kod Starog Grada"},"content":{"rendered":"<hr \/>\n<p><a name=\"seite_oben\"><\/a><\/p>\n<p><strong>Odaberite kategoriju \/ W\u00e4hlen Sie eine Kategorie aus\u00a0 \u00a0 \u00a0 \u00a0 \u00a0 \u00a0 <img loading=\"lazy\" decoding=\"async\" class=\"alignnone size-medium wp-image-250\" src=\"https:\/\/www.topohvar.at\/wp-content\/uploads\/2018\/07\/icon-sa-300x70.jpg\" alt=\"\" width=\"300\" height=\"70\" srcset=\"https:\/\/www.topohvar.at\/wp-content\/uploads\/2018\/07\/icon-sa-300x70.jpg 300w, https:\/\/www.topohvar.at\/wp-content\/uploads\/2018\/07\/icon-sa.jpg 600w\" sizes=\"auto, (max-width: 300px) 100vw, 300px\" \/><\/strong><\/p>\n<h4><span style=\"color: #0000ff;\"><a style=\"color: #0000ff;\" href=\"#aa\">Naselja \/ Siedlungen<\/a> \/\/ <a style=\"color: #0000ff;\" href=\"#ci\">Crkve \/ Kirchen<\/a> \/\/ <a style=\"color: #0000ff;\" href=\"#cp\">Kapele \/Kapellen<\/a> \/\/ <a style=\"color: #0000ff;\" href=\"#cs\">Kapelice \/Bildst\u00f6cke<\/a> \/\/ <a style=\"color: #0000ff;\" href=\"#cz\">Kri\u017eevi \/ Kreuze<\/a> \/\/ <a style=\"color: #0000ff;\" href=\"#in\">Natpisi \/ Inschriften<\/a> \/\/ <a style=\"color: #0000ff;\" href=\"#ip\">Plo\u010de \/ Tafeln<\/a> \/\/ <a style=\"color: #0000ff;\" href=\"#ir\">Reljefi\/ Reliefs<\/a> \/\/ <a style=\"color: #0000ff;\" href=\"#mo\">Skulpture \/ Skulpturen<\/a> \/\/ <a style=\"color: #0000ff;\" href=\"#ob\">Objekti \/ Objekte<\/a> \/\/ <a style=\"color: #0000ff;\" href=\"#td\">Utvrde\/ Festungen<\/a> \/\/ <a style=\"color: #0000ff;\" href=\"#tg\">Gra\u0111evine \/ Geb\u00e4ude<\/a> \/\/<a style=\"color: #0000ff;\" href=\"#op\">Bunar i to\u010dka vode \/ Brunnen und Wasserstellen<\/a> \/\/\u00a0 <a style=\"color: #0000ff;\" href=\"#tr\">Trimi \/ Trims<\/a> \/\/ <a style=\"color: #0000ff;\" href=\"#po\">Povijesne znamenitosti \/ historische Sehensw\u00fcrdigkeiten<\/a><\/span><\/h4>\n<hr \/>\n<h2><a name=\"aa\"><\/a><strong><span style=\"color: #ff0000;\">Naselja \/ Siedlungen<\/span><\/strong><\/h2>\n<p><strong><a href=\"https:\/\/www.topohvar.at\/orte\/sa\/sa-aa-01-1\/\"><img loading=\"lazy\" decoding=\"async\" class=\"alignleft wp-image-5795\" src=\"https:\/\/www.topohvar.at\/wp-content\/uploads\/2018\/08\/SA-TG-00-0-1024x503.jpg\" alt=\"\" width=\"114\" height=\"56\" srcset=\"https:\/\/www.topohvar.at\/wp-content\/uploads\/2018\/08\/SA-TG-00-0-1024x503.jpg 1024w, https:\/\/www.topohvar.at\/wp-content\/uploads\/2018\/08\/SA-TG-00-0-300x147.jpg 300w, https:\/\/www.topohvar.at\/wp-content\/uploads\/2018\/08\/SA-TG-00-0-768x377.jpg 768w, https:\/\/www.topohvar.at\/wp-content\/uploads\/2018\/08\/SA-TG-00-0.jpg 1080w\" sizes=\"auto, (max-width: 114px) 100vw, 114px\" \/><\/a>Ruralna cjelina \u00bbSelca\u00ab<br \/>\n<\/strong>SA-AA-01 \/ Selca<\/p>\n<p><strong><a href=\"https:\/\/www.topohvar.at\/orte\/sa\/sa-ai-01-1\/\"><img loading=\"lazy\" decoding=\"async\" class=\"alignleft wp-image-46313\" src=\"https:\/\/www.topohvar.at\/wp-content\/uploads\/2021\/02\/sa-ai-01.jpg\" alt=\"\" width=\"114\" height=\"56\" srcset=\"https:\/\/www.topohvar.at\/wp-content\/uploads\/2021\/02\/sa-ai-01.jpg 1080w, https:\/\/www.topohvar.at\/wp-content\/uploads\/2021\/02\/sa-ai-01-300x147.jpg 300w, https:\/\/www.topohvar.at\/wp-content\/uploads\/2021\/02\/sa-ai-01-1024x503.jpg 1024w, https:\/\/www.topohvar.at\/wp-content\/uploads\/2021\/02\/sa-ai-01-768x377.jpg 768w\" sizes=\"auto, (max-width: 114px) 100vw, 114px\" \/><\/a>Selca &#8211; Nazivi mjesta i podru\u010dja<br \/>\n<\/strong>SA-AI-01 \/ Selca<a name=\"ci\"><\/a><\/p>\n<p style=\"text-align: right;\"><span style=\"color: #3366ff;\"><a style=\"color: #3366ff;\" href=\"#seite_oben\">natrag na vrh \/ Seitenanfang<\/a><\/span><\/p>\n<hr \/>\n<h2><strong><span style=\"color: #ff0000;\">Crkve \/ Kirchen<\/span><\/strong><\/h2>\n<p><strong><a href=\"https:\/\/www.topohvar.at\/orte\/sa\/sa-ci-01-1\/\"><img loading=\"lazy\" decoding=\"async\" class=\"alignleft wp-image-5786\" src=\"https:\/\/www.topohvar.at\/wp-content\/uploads\/2018\/08\/SA-CI-01-0--1024x503.jpg\" alt=\"\" width=\"114\" height=\"56\" srcset=\"https:\/\/www.topohvar.at\/wp-content\/uploads\/2018\/08\/SA-CI-01-0--1024x503.jpg 1024w, https:\/\/www.topohvar.at\/wp-content\/uploads\/2018\/08\/SA-CI-01-0--300x147.jpg 300w, https:\/\/www.topohvar.at\/wp-content\/uploads\/2018\/08\/SA-CI-01-0--768x377.jpg 768w, https:\/\/www.topohvar.at\/wp-content\/uploads\/2018\/08\/SA-CI-01-0-.jpg 1080w\" sizes=\"auto, (max-width: 114px) 100vw, 114px\" \/><\/a>\u017dupna crkva \u00bbRo\u0111enje bla\u017eenje Djevice Marije (Mola Gospa)\u00ab<br \/>\n<\/strong>SA-CI-01 \/ Selca<\/p>\n<p><strong><a href=\"https:\/\/www.topohvar.at\/orte\/sa\/sa-ck-01-1\/\"><img loading=\"lazy\" decoding=\"async\" class=\"alignleft wp-image-5787\" src=\"https:\/\/www.topohvar.at\/wp-content\/uploads\/2018\/08\/SA-CK-01-0-1024x503.jpg\" alt=\"\" width=\"114\" height=\"56\" srcset=\"https:\/\/www.topohvar.at\/wp-content\/uploads\/2018\/08\/SA-CK-01-0-1024x503.jpg 1024w, https:\/\/www.topohvar.at\/wp-content\/uploads\/2018\/08\/SA-CK-01-0-300x147.jpg 300w, https:\/\/www.topohvar.at\/wp-content\/uploads\/2018\/08\/SA-CK-01-0-768x377.jpg 768w, https:\/\/www.topohvar.at\/wp-content\/uploads\/2018\/08\/SA-CK-01-0.jpg 1080w\" sizes=\"auto, (max-width: 114px) 100vw, 114px\" \/><\/a>Crkvica \u00bbna groblju\u00ab<br \/>\n<\/strong>SA-CK-01 \/ Selca, groblje<a name=\"cp\"><\/a><\/p>\n<p style=\"text-align: right;\"><span style=\"color: #3366ff;\"><a style=\"color: #3366ff;\" href=\"#seite_oben\">natrag na vrh \/ Seitenanfang<\/a><\/span><\/p>\n<hr \/>\n<h2><strong><span style=\"color: #ff0000;\">Kapele \/Kapellen<\/span><\/strong><\/h2>\n<p><strong><a href=\"https:\/\/www.topohvar.at\/orte\/sa\/sa-cp-02-1\/\"><img loading=\"lazy\" decoding=\"async\" class=\"alignleft wp-image-5789\" src=\"https:\/\/www.topohvar.at\/wp-content\/uploads\/2018\/08\/SA-CP-02-0-1024x503.jpg\" alt=\"\" width=\"114\" height=\"56\" srcset=\"https:\/\/www.topohvar.at\/wp-content\/uploads\/2018\/08\/SA-CP-02-0-1024x503.jpg 1024w, https:\/\/www.topohvar.at\/wp-content\/uploads\/2018\/08\/SA-CP-02-0-300x147.jpg 300w, https:\/\/www.topohvar.at\/wp-content\/uploads\/2018\/08\/SA-CP-02-0-768x377.jpg 768w, https:\/\/www.topohvar.at\/wp-content\/uploads\/2018\/08\/SA-CP-02-0.jpg 1080w\" sizes=\"auto, (max-width: 114px) 100vw, 114px\" \/><\/a>Kapela \u00bbSv. Roka\u00ab<br \/>\n<\/strong>SA-CP-02 \/ Selca<a name=\"cs\"><\/a><\/p>\n<p style=\"text-align: right;\"><span style=\"color: #3366ff;\"><a style=\"color: #3366ff;\" href=\"#seite_oben\">natrag na vrh \/ Seitenanfang<\/a><\/span><\/p>\n<hr \/>\n<h2><strong><span style=\"color: #ff0000;\">Kapelice \/Bildst\u00f6cke<\/span><\/strong><\/h2>\n<p><strong><a href=\"https:\/\/www.topohvar.at\/orte\/sa\/sa-cs-01-1\/\"><img loading=\"lazy\" decoding=\"async\" class=\"alignleft wp-image-5790\" src=\"https:\/\/www.topohvar.at\/wp-content\/uploads\/2018\/08\/SA-CS-01-0-1024x503.jpg\" alt=\"\" width=\"114\" height=\"56\" srcset=\"https:\/\/www.topohvar.at\/wp-content\/uploads\/2018\/08\/SA-CS-01-0-1024x503.jpg 1024w, https:\/\/www.topohvar.at\/wp-content\/uploads\/2018\/08\/SA-CS-01-0-300x147.jpg 300w, https:\/\/www.topohvar.at\/wp-content\/uploads\/2018\/08\/SA-CS-01-0-768x377.jpg 768w, https:\/\/www.topohvar.at\/wp-content\/uploads\/2018\/08\/SA-CS-01-0.jpg 1080w\" sizes=\"auto, (max-width: 114px) 100vw, 114px\" \/><\/a>Kapelica \u00bbSv. Antune\u00ab<br \/>\n<\/strong>SA-CS-01 \/ Selca<a name=\"cz\"><\/a><\/p>\n<p style=\"text-align: right;\"><span style=\"color: #3366ff;\"><a style=\"color: #3366ff;\" href=\"#seite_oben\">natrag na vrh \/ Seitenanfang<\/a><\/span><\/p>\n<hr \/>\n<h2><strong><span style=\"color: #ff0000;\">Kri\u017eevi \/ Kreuze<\/span><\/strong><\/h2>\n<p><strong><a href=\"https:\/\/www.topohvar.at\/orte\/sa\/sa-cz-01-1\/\"><img loading=\"lazy\" decoding=\"async\" class=\"alignleft wp-image-5791\" src=\"https:\/\/www.topohvar.at\/wp-content\/uploads\/2018\/08\/sa-cz-01-0-1024x503.jpg\" alt=\"\" width=\"114\" height=\"56\" srcset=\"https:\/\/www.topohvar.at\/wp-content\/uploads\/2018\/08\/sa-cz-01-0-1024x503.jpg 1024w, https:\/\/www.topohvar.at\/wp-content\/uploads\/2018\/08\/sa-cz-01-0-300x147.jpg 300w, https:\/\/www.topohvar.at\/wp-content\/uploads\/2018\/08\/sa-cz-01-0-768x377.jpg 768w, https:\/\/www.topohvar.at\/wp-content\/uploads\/2018\/08\/sa-cz-01-0.jpg 1080w\" sizes=\"auto, (max-width: 114px) 100vw, 114px\" \/><\/a>Kri\u017e \u00bbSa stepenicama\u00ab<br \/>\n<\/strong>SA-CZ-01 \/ Selca, na stari putu sjeverno od sela<\/p>\n<p><strong><a href=\"https:\/\/www.topohvar.at\/orte\/sa\/sa-cz-02-1\/\"><img loading=\"lazy\" decoding=\"async\" class=\"alignleft wp-image-64853\" src=\"https:\/\/www.topohvar.at\/wp-content\/uploads\/2023\/11\/sa-cz-02-1-300x147.jpg\" alt=\"\" width=\"114\" height=\"56\" srcset=\"https:\/\/www.topohvar.at\/wp-content\/uploads\/2023\/11\/sa-cz-02-1-300x147.jpg 300w, https:\/\/www.topohvar.at\/wp-content\/uploads\/2023\/11\/sa-cz-02-1-1024x503.jpg 1024w, https:\/\/www.topohvar.at\/wp-content\/uploads\/2023\/11\/sa-cz-02-1-768x377.jpg 768w, https:\/\/www.topohvar.at\/wp-content\/uploads\/2023\/11\/sa-cz-02-1.jpg 1080w\" sizes=\"auto, (max-width: 114px) 100vw, 114px\" \/><\/a>Kri\u017e \u00bbKri\u017e preko ulaza u groblje\u00ab<br \/>\n<\/strong>SA-CZ-02 \/ Selca, groblje<a name=\"in\"><\/a><\/p>\n<p style=\"text-align: right;\"><span style=\"color: #3366ff;\"><a style=\"color: #3366ff;\" href=\"#seite_oben\">natrag na vrh \/ Seitenanfang<\/a><\/span><\/p>\n<hr \/>\n<h2><strong><span style=\"color: #ff0000;\">Natpisi\/ Inschriften<\/span><\/strong><\/h2>\n<p>Prazan \/leer<a name=\"ip\"><\/a><\/p>\n<p style=\"text-align: right;\"><span style=\"color: #3366ff;\"><a style=\"color: #3366ff;\" href=\"#seite_oben\">natrag na vrh \/ Seitenanfang<\/a><\/span><\/p>\n<hr \/>\n<h2><strong><span style=\"color: #ff0000;\">Plo\u010de \/ Tafeln<\/span><\/strong><\/h2>\n<p>Prazan \/leer<a name=\"ir\"><\/a><\/p>\n<p style=\"text-align: right;\"><span style=\"color: #3366ff;\"><a style=\"color: #3366ff;\" href=\"#seite_oben\">natrag na vrh \/ Seitenanfang<\/a><\/span><\/p>\n<hr \/>\n<h2><strong><span style=\"color: #ff0000;\">Reljefi \/ Reliefs<\/span><\/strong><\/h2>\n<p>Prazan \/leer<a name=\"mo\"><\/a><\/p>\n<p style=\"text-align: right;\"><span style=\"color: #3366ff;\"><a style=\"color: #3366ff;\" href=\"#seite_oben\">natrag na vrh \/ Seitenanfang<\/a><\/span><\/p>\n<hr \/>\n<h2><strong><span style=\"color: #ff0000;\">S<\/span><\/strong><strong><span style=\"color: #ff0000;\">pomenici, skulpture \/ Monumente, Skulpturen<\/span><\/strong><\/h2>\n<p>Prazan \/leer<a name=\"ob\"><\/a><\/p>\n<p style=\"text-align: right;\"><span style=\"color: #3366ff;\"><a style=\"color: #3366ff;\" href=\"#seite_oben\">natrag na vrh \/ Seitenanfang<\/a><\/span><\/p>\n<hr \/>\n<h2><strong><span style=\"color: #ff0000;\">Objekti \/ Objekte<\/span><\/strong><\/h2>\n<p><strong><a href=\"https:\/\/www.topohvar.at\/orte\/sa\/sa-ob-01-1\/\"><img loading=\"lazy\" decoding=\"async\" class=\"alignleft wp-image-74055\" src=\"https:\/\/www.topohvar.at\/wp-content\/uploads\/2026\/04\/sa-ob-01-0-300x147.jpg\" alt=\"\" width=\"114\" height=\"56\" srcset=\"https:\/\/www.topohvar.at\/wp-content\/uploads\/2026\/04\/sa-ob-01-0-300x147.jpg 300w, https:\/\/www.topohvar.at\/wp-content\/uploads\/2026\/04\/sa-ob-01-0-1024x503.jpg 1024w, https:\/\/www.topohvar.at\/wp-content\/uploads\/2026\/04\/sa-ob-01-0-768x377.jpg 768w, https:\/\/www.topohvar.at\/wp-content\/uploads\/2026\/04\/sa-ob-01-0.jpg 1080w\" sizes=\"auto, (max-width: 114px) 100vw, 114px\" \/><\/a>Objekt \u00bbMlin za masline\u00ab<br \/>\n<\/strong>SA-OB-01 \/ Selca, Selca 7<\/p>\n<hr \/>\n<p><strong><a href=\"https:\/\/www.topohvar.at\/orte\/sa\/sa-pu-01-1\/\"><img loading=\"lazy\" decoding=\"async\" class=\"alignleft wp-image-5794\" src=\"https:\/\/www.topohvar.at\/wp-content\/uploads\/2018\/08\/sa-pu-01-0-1024x503.jpg\" alt=\"\" width=\"114\" height=\"56\" srcset=\"https:\/\/www.topohvar.at\/wp-content\/uploads\/2018\/08\/sa-pu-01-0-1024x503.jpg 1024w, https:\/\/www.topohvar.at\/wp-content\/uploads\/2018\/08\/sa-pu-01-0-300x147.jpg 300w, https:\/\/www.topohvar.at\/wp-content\/uploads\/2018\/08\/sa-pu-01-0-768x377.jpg 768w, https:\/\/www.topohvar.at\/wp-content\/uploads\/2018\/08\/sa-pu-01-0.jpg 1080w\" sizes=\"auto, (max-width: 114px) 100vw, 114px\" \/><\/a>Objekt \u00bbStari put\u00a0s kaldrmom\u00ab<br \/>\n<\/strong>SA-PU-01 \/ Selca,\u00a0sjeverno od sela<\/p>\n<p><a href=\"https:\/\/www.topohvar.at\/orte\/sa\/sa-pu-02-1\/\"><img loading=\"lazy\" decoding=\"async\" class=\"wp-image-56489 alignleft\" src=\"https:\/\/www.topohvar.at\/wp-content\/uploads\/2022\/01\/biketrack-707.jpg\" alt=\"\" width=\"114\" height=\"56\" srcset=\"https:\/\/www.topohvar.at\/wp-content\/uploads\/2022\/01\/biketrack-707.jpg 640w, https:\/\/www.topohvar.at\/wp-content\/uploads\/2022\/01\/biketrack-707-300x147.jpg 300w\" sizes=\"auto, (max-width: 114px) 100vw, 114px\" \/><\/a><strong>Objekt \u00bbBiciklisti\u010dka ruta [707] Purkin Kuk\u00ab<br \/>\n<\/strong>SA-PU-02 \/ Selca, Vidikovac, Sv. Nikola, Dol, Stari Grad, Selca<\/p>\n<p><strong><a href=\"https:\/\/www.topohvar.at\/orte\/sa\/sa-pu-03-1\/\"><img loading=\"lazy\" decoding=\"async\" class=\"alignleft wp-image-56510\" src=\"https:\/\/www.topohvar.at\/wp-content\/uploads\/2022\/01\/biketrack-709.jpg\" alt=\"\" width=\"114\" height=\"56\" srcset=\"https:\/\/www.topohvar.at\/wp-content\/uploads\/2022\/01\/biketrack-709.jpg 640w, https:\/\/www.topohvar.at\/wp-content\/uploads\/2022\/01\/biketrack-709-300x147.jpg 300w\" sizes=\"auto, (max-width: 114px) 100vw, 114px\" \/><\/a>Objekt \u00bbBiciklisti\u010dka ruta [709] Dubova\u00ab<br \/>\n<\/strong>SA-PU-03 \/ Mo\u010da (Selca), Malo Grablje, Milna, Zara\u0107e, Dubovica, Mo\u010da (Selca)<\/p>\n<hr \/>\n<p><strong><a href=\"https:\/\/www.topohvar.at\/orte\/sa\/sa-og-01-1\/\"><img loading=\"lazy\" decoding=\"async\" class=\"alignleft wp-image-5792\" src=\"https:\/\/www.topohvar.at\/wp-content\/uploads\/2018\/08\/SA-OG-01-0-1024x503.jpg\" alt=\"\" width=\"114\" height=\"56\" srcset=\"https:\/\/www.topohvar.at\/wp-content\/uploads\/2018\/08\/SA-OG-01-0-1024x503.jpg 1024w, https:\/\/www.topohvar.at\/wp-content\/uploads\/2018\/08\/SA-OG-01-0-300x147.jpg 300w, https:\/\/www.topohvar.at\/wp-content\/uploads\/2018\/08\/SA-OG-01-0-768x377.jpg 768w, https:\/\/www.topohvar.at\/wp-content\/uploads\/2018\/08\/SA-OG-01-0.jpg 1080w\" sizes=\"auto, (max-width: 114px) 100vw, 114px\" \/><\/a>Objekt \u00bbGroblje\u00ab<br \/>\n<\/strong>SA-OG-01 \/ Selca, cesta 6252 Selca &#8211; Brusje, groblje<\/p>\n<hr \/>\n<p><strong><a href=\"https:\/\/www.topohvar.at\/orte\/sa\/sa-on-01-1\/\"><img loading=\"lazy\" decoding=\"async\" class=\"alignleft wp-image-74451\" src=\"https:\/\/www.topohvar.at\/wp-content\/uploads\/2026\/04\/sa-on-01-1-300x147.jpg\" alt=\"\" width=\"114\" height=\"56\" srcset=\"https:\/\/www.topohvar.at\/wp-content\/uploads\/2026\/04\/sa-on-01-1-300x147.jpg 300w, https:\/\/www.topohvar.at\/wp-content\/uploads\/2026\/04\/sa-on-01-1-1024x503.jpg 1024w, https:\/\/www.topohvar.at\/wp-content\/uploads\/2026\/04\/sa-on-01-1-768x377.jpg 768w, https:\/\/www.topohvar.at\/wp-content\/uploads\/2026\/04\/sa-on-01-1.jpg 1080w\" sizes=\"auto, (max-width: 114px) 100vw, 114px\" \/><\/a>Objekt \u00bbBalote Selca\u00ab<br \/>\n<\/strong>SA-ON-01 \/ Selca, ispred crkva<\/p>\n<p><a name=\"td\"><\/a><\/p>\n<p style=\"text-align: right;\"><span style=\"color: #3366ff;\"><a style=\"color: #3366ff;\" href=\"#seite_oben\">natrag na vrh \/ Seitenanfang<\/a><\/span><\/p>\n<hr \/>\n<h2><strong><span style=\"color: #ff0000;\">Utvrde \/ Festungen<\/span><\/strong><\/h2>\n<p>Prazan \/leer<a name=\"tg\"><\/a><\/p>\n<p style=\"text-align: right;\"><span style=\"color: #3366ff;\"><a style=\"color: #3366ff;\" href=\"#seite_oben\">natrag na vrh \/ Seitenanfang<\/a><\/span><\/p>\n<hr \/>\n<h2><strong><span style=\"color: #ff0000;\">Gra\u0111evine \/ Geb\u00e4ude<\/span><\/strong><\/h2>\n<p>Prazan \/leer<a name=\"op\"><\/a><\/p>\n<p style=\"text-align: right;\"><span style=\"color: #3366ff;\"><a style=\"color: #3366ff;\" href=\"#seite_oben\">natrag na vrh \/ Seitenanfang<\/a><\/span><\/p>\n<hr \/>\n<h2><strong><span style=\"color: #ff0000;\">Bunar i to\u010dka vode \/ Brunnen und Wasserstellen<\/span><\/strong><\/h2>\n<p><strong><a href=\"https:\/\/www.topohvar.at\/orte\/sa\/sa-op-00-1\/\"><img loading=\"lazy\" decoding=\"async\" class=\"alignleft wp-image-45793 size-full\" src=\"https:\/\/www.topohvar.at\/wp-content\/uploads\/2020\/11\/raster1.jpg\" alt=\"\" width=\"114\" height=\"56\" \/><\/a>Popis cisterni i bunara<br \/>\n<\/strong>Selca (kod Starog Grada)<\/p>\n<hr \/>\n<p><strong><a href=\"https:\/\/www.topohvar.at\/orte\/sa\/sa-op-00-0\/\"><img loading=\"lazy\" decoding=\"async\" class=\"alignleft wp-image-68688\" src=\"https:\/\/www.topohvar.at\/wp-content\/uploads\/2024\/06\/sa-op-00-2024-05-300x283.jpg\" alt=\"\" width=\"114\" height=\"108\" srcset=\"https:\/\/www.topohvar.at\/wp-content\/uploads\/2024\/06\/sa-op-00-2024-05-300x283.jpg 300w, https:\/\/www.topohvar.at\/wp-content\/uploads\/2024\/06\/sa-op-00-2024-05-1024x966.jpg 1024w, https:\/\/www.topohvar.at\/wp-content\/uploads\/2024\/06\/sa-op-00-2024-05-768x725.jpg 768w, https:\/\/www.topohvar.at\/wp-content\/uploads\/2024\/06\/sa-op-00-2024-05.jpg 1328w\" sizes=\"auto, (max-width: 114px) 100vw, 114px\" \/><\/a>Bunari, cisterne i to\u010dke za vodu \u2013 detaljno<br \/>\n<\/strong>SA-OP-01\/32 \/ Selca (kod Starog Grada)<\/p>\n<p style=\"text-align: right;\"><a name=\"tr\"><\/a><span style=\"color: #3366ff;\"><a style=\"color: #3366ff;\" href=\"#seite_oben\">atrag na vrh \/ Seitenanfang<\/a><\/span><\/p>\n<hr \/>\n<h2><strong><span style=\"color: #ff0000;\">Trimi \/ Trims<\/span><\/strong><\/h2>\n<p><strong><a href=\"https:\/\/www.topohvar.at\/orte\/sa\/sa-tr-00-1\/\"><img loading=\"lazy\" decoding=\"async\" class=\"alignleft wp-image-68396\" src=\"https:\/\/www.topohvar.at\/wp-content\/uploads\/2024\/06\/sa-tr-00-2024-05-300x293.jpg\" alt=\"\" width=\"114\" height=\"111\" srcset=\"https:\/\/www.topohvar.at\/wp-content\/uploads\/2024\/06\/sa-tr-00-2024-05-300x293.jpg 300w, https:\/\/www.topohvar.at\/wp-content\/uploads\/2024\/06\/sa-tr-00-2024-05-768x749.jpg 768w, https:\/\/www.topohvar.at\/wp-content\/uploads\/2024\/06\/sa-tr-00-2024-05.jpg 1016w\" sizes=\"auto, (max-width: 114px) 100vw, 114px\" \/><\/a>Pregled trima \/ \u00dcbersicht Trims<br \/>\n<\/strong>SA-TR-00 \/ Selca<strong><br \/>\n<\/strong><\/p>\n<hr \/>\n<p><strong><a href=\"https:\/\/www.topohvar.at\/orte\/sa\/sa-tr-01-1\/\"><img loading=\"lazy\" decoding=\"async\" class=\"alignleft wp-image-13155\" src=\"https:\/\/www.topohvar.at\/wp-content\/uploads\/2018\/12\/sa-tr-01-13-1024x503.jpg\" alt=\"\" width=\"114\" height=\"56\" srcset=\"https:\/\/www.topohvar.at\/wp-content\/uploads\/2018\/12\/sa-tr-01-13-1024x503.jpg 1024w, https:\/\/www.topohvar.at\/wp-content\/uploads\/2018\/12\/sa-tr-01-13-300x147.jpg 300w, https:\/\/www.topohvar.at\/wp-content\/uploads\/2018\/12\/sa-tr-01-13-768x377.jpg 768w, https:\/\/www.topohvar.at\/wp-content\/uploads\/2018\/12\/sa-tr-01-13.jpg 1080w\" sizes=\"auto, (max-width: 114px) 100vw, 114px\" \/><\/a>Trim \u00bbSA-TR-01\u00ab<br \/>\n<\/strong>SA-TR-01 \/ Selca, \u00a0cesta 6252 Stari Grad \u2013 Selca<\/p>\n<p><strong><a href=\"https:\/\/www.topohvar.at\/orte\/sa\/sa-tr-26-1\/\"><img loading=\"lazy\" decoding=\"async\" class=\"alignleft wp-image-49741\" src=\"https:\/\/www.topohvar.at\/wp-content\/uploads\/2021\/06\/sg-tr-f2-1.jpg\" alt=\"\" width=\"114\" height=\"56\" srcset=\"https:\/\/www.topohvar.at\/wp-content\/uploads\/2021\/06\/sg-tr-f2-1.jpg 1080w, https:\/\/www.topohvar.at\/wp-content\/uploads\/2021\/06\/sg-tr-f2-1-300x147.jpg 300w, https:\/\/www.topohvar.at\/wp-content\/uploads\/2021\/06\/sg-tr-f2-1-1024x503.jpg 1024w, https:\/\/www.topohvar.at\/wp-content\/uploads\/2021\/06\/sg-tr-f2-1-768x377.jpg 768w\" sizes=\"auto, (max-width: 114px) 100vw, 114px\" \/><\/a>Trim \u00bbSA-TR-26\u00ab<br \/>\n<\/strong>SA-TR-26 \/ Selca, ispod DC-116 do Hvara<\/p>\n<p><strong><a href=\"https:\/\/www.topohvar.at\/orte\/sa\/sa-tr-27-1\/\"><img loading=\"lazy\" decoding=\"async\" class=\"alignleft wp-image-68173\" src=\"https:\/\/www.topohvar.at\/wp-content\/uploads\/2024\/06\/sa-tr-27-1-300x147.jpg\" alt=\"\" width=\"114\" height=\"56\" srcset=\"https:\/\/www.topohvar.at\/wp-content\/uploads\/2024\/06\/sa-tr-27-1-300x147.jpg 300w, https:\/\/www.topohvar.at\/wp-content\/uploads\/2024\/06\/sa-tr-27-1-1024x503.jpg 1024w, https:\/\/www.topohvar.at\/wp-content\/uploads\/2024\/06\/sa-tr-27-1-768x377.jpg 768w, https:\/\/www.topohvar.at\/wp-content\/uploads\/2024\/06\/sa-tr-27-1.jpg 1080w\" sizes=\"auto, (max-width: 114px) 100vw, 114px\" \/><\/a>Trim \u00bbSA-TR-27\u00ab<br \/>\n<\/strong>SA-TR-27 \/ Selca, Maslinica<\/p>\n<p><strong><a href=\"https:\/\/www.topohvar.at\/orte\/sa\/sa-tr-08-1\/\"><img loading=\"lazy\" decoding=\"async\" class=\"alignleft wp-image-23029\" src=\"https:\/\/www.topohvar.at\/wp-content\/uploads\/2019\/05\/sa-tr-08-10-1024x503.jpg\" alt=\"\" width=\"114\" height=\"56\" srcset=\"https:\/\/www.topohvar.at\/wp-content\/uploads\/2019\/05\/sa-tr-08-10-1024x503.jpg 1024w, https:\/\/www.topohvar.at\/wp-content\/uploads\/2019\/05\/sa-tr-08-10-300x147.jpg 300w, https:\/\/www.topohvar.at\/wp-content\/uploads\/2019\/05\/sa-tr-08-10-768x377.jpg 768w, https:\/\/www.topohvar.at\/wp-content\/uploads\/2019\/05\/sa-tr-08-10.jpg 1080w\" sizes=\"auto, (max-width: 114px) 100vw, 114px\" \/><\/a>Trim \u00bbSA-TR-08\u00ab<br \/>\n<\/strong>SA-TR-08 \/ Selca,\u00a0\u00a0u blizini Napoleonska cesta<\/p>\n<p><strong><a href=\"https:\/\/www.topohvar.at\/orte\/sa\/sa-tr-14-1\/\"><img loading=\"lazy\" decoding=\"async\" class=\"alignleft wp-image-5810\" src=\"https:\/\/www.topohvar.at\/wp-content\/uploads\/2018\/08\/sa-tr-14-0-1024x503.jpg\" alt=\"\" width=\"114\" height=\"56\" srcset=\"https:\/\/www.topohvar.at\/wp-content\/uploads\/2018\/08\/sa-tr-14-0-1024x503.jpg 1024w, https:\/\/www.topohvar.at\/wp-content\/uploads\/2018\/08\/sa-tr-14-0-300x147.jpg 300w, https:\/\/www.topohvar.at\/wp-content\/uploads\/2018\/08\/sa-tr-14-0-768x377.jpg 768w, https:\/\/www.topohvar.at\/wp-content\/uploads\/2018\/08\/sa-tr-14-0.jpg 1080w\" sizes=\"auto, (max-width: 114px) 100vw, 114px\" \/><\/a>Trim \u00bbSA-TR-14\u00ab<br \/>\n<\/strong>SA-TR-14 \/ Selca,\u00a0\u00a0iznad sela<\/p>\n<p><strong><a href=\"https:\/\/www.topohvar.at\/orte\/sa\/sa-tr-06-1\/\"><img loading=\"lazy\" decoding=\"async\" class=\"alignleft wp-image-24255\" src=\"https:\/\/www.topohvar.at\/wp-content\/uploads\/2019\/10\/sa-tr-06-21-300x147.jpg\" alt=\"\" width=\"114\" height=\"56\" srcset=\"https:\/\/www.topohvar.at\/wp-content\/uploads\/2019\/10\/sa-tr-06-21-300x147.jpg 300w, https:\/\/www.topohvar.at\/wp-content\/uploads\/2019\/10\/sa-tr-06-21-768x377.jpg 768w, https:\/\/www.topohvar.at\/wp-content\/uploads\/2019\/10\/sa-tr-06-21-1024x503.jpg 1024w, https:\/\/www.topohvar.at\/wp-content\/uploads\/2019\/10\/sa-tr-06-21.jpg 1080w\" sizes=\"auto, (max-width: 114px) 100vw, 114px\" \/><\/a>Trim \u00bbSA-TR-06\u00ab<br \/>\n<\/strong>SA-TR-06 \/ Selca,\u00a0\u00a0put od Selca do planin<\/p>\n<p><strong><a href=\"https:\/\/www.topohvar.at\/orte\/sa\/sa-tr-09-1\/\"><img loading=\"lazy\" decoding=\"async\" class=\"alignleft wp-image-24268\" src=\"https:\/\/www.topohvar.at\/wp-content\/uploads\/2019\/10\/sa-tr-09-21-300x147.jpg\" alt=\"\" width=\"114\" height=\"56\" srcset=\"https:\/\/www.topohvar.at\/wp-content\/uploads\/2019\/10\/sa-tr-09-21-300x147.jpg 300w, https:\/\/www.topohvar.at\/wp-content\/uploads\/2019\/10\/sa-tr-09-21-768x377.jpg 768w, https:\/\/www.topohvar.at\/wp-content\/uploads\/2019\/10\/sa-tr-09-21-1024x503.jpg 1024w, https:\/\/www.topohvar.at\/wp-content\/uploads\/2019\/10\/sa-tr-09-21.jpg 1080w\" sizes=\"auto, (max-width: 114px) 100vw, 114px\" \/><\/a>Trim \u00bbSA-TR-09\u00ab<br \/>\n<\/strong>SA-TR-09 \/ Selca,\u00a0\u00a0put Selca &#8211; Purkin Kuk<\/p>\n<p><strong><a href=\"https:\/\/www.topohvar.at\/orte\/sa\/sa-tr-25-1\/\"><img loading=\"lazy\" decoding=\"async\" class=\"alignleft wp-image-24424\" src=\"https:\/\/www.topohvar.at\/wp-content\/uploads\/2019\/10\/sa-tr-25-2-300x147.jpg\" alt=\"\" width=\"114\" height=\"56\" srcset=\"https:\/\/www.topohvar.at\/wp-content\/uploads\/2019\/10\/sa-tr-25-2-300x147.jpg 300w, https:\/\/www.topohvar.at\/wp-content\/uploads\/2019\/10\/sa-tr-25-2-768x377.jpg 768w, https:\/\/www.topohvar.at\/wp-content\/uploads\/2019\/10\/sa-tr-25-2-1024x503.jpg 1024w, https:\/\/www.topohvar.at\/wp-content\/uploads\/2019\/10\/sa-tr-25-2.jpg 1080w\" sizes=\"auto, (max-width: 114px) 100vw, 114px\" \/><\/a>Trim \u00bbSA-TR-25\u00ab<br \/>\n<\/strong>SA-TR-25 \/ Selca,\u00a0\u00a0put Selca &#8211; Purkin Kuk<\/p>\n<p><strong><a href=\"https:\/\/www.topohvar.at\/orte\/sa\/sa-tr-24-1\/\"><img loading=\"lazy\" decoding=\"async\" class=\"alignleft wp-image-24416\" src=\"https:\/\/www.topohvar.at\/wp-content\/uploads\/2019\/10\/sa-tr-24-2-300x147.jpg\" alt=\"\" width=\"114\" height=\"56\" srcset=\"https:\/\/www.topohvar.at\/wp-content\/uploads\/2019\/10\/sa-tr-24-2-300x147.jpg 300w, https:\/\/www.topohvar.at\/wp-content\/uploads\/2019\/10\/sa-tr-24-2-768x377.jpg 768w, https:\/\/www.topohvar.at\/wp-content\/uploads\/2019\/10\/sa-tr-24-2-1024x503.jpg 1024w, https:\/\/www.topohvar.at\/wp-content\/uploads\/2019\/10\/sa-tr-24-2.jpg 1080w\" sizes=\"auto, (max-width: 114px) 100vw, 114px\" \/><\/a>Trim \u00bbSA-TR-24\u00ab<br \/>\n<\/strong>SA-TR-24 \/ Selca,\u00a0\u00a0put Selca &#8211; Purkin Kuk<\/p>\n<p><strong><a href=\"https:\/\/www.topohvar.at\/orte\/sa\/sa-tr-04-1\/\"><img loading=\"lazy\" decoding=\"async\" class=\"alignleft wp-image-24418\" src=\"https:\/\/www.topohvar.at\/wp-content\/uploads\/2019\/10\/sa-tr-04-22-300x147.jpg\" alt=\"\" width=\"114\" height=\"56\" srcset=\"https:\/\/www.topohvar.at\/wp-content\/uploads\/2019\/10\/sa-tr-04-22-300x147.jpg 300w, https:\/\/www.topohvar.at\/wp-content\/uploads\/2019\/10\/sa-tr-04-22-768x377.jpg 768w, https:\/\/www.topohvar.at\/wp-content\/uploads\/2019\/10\/sa-tr-04-22-1024x503.jpg 1024w, https:\/\/www.topohvar.at\/wp-content\/uploads\/2019\/10\/sa-tr-04-22.jpg 1080w\" sizes=\"auto, (max-width: 114px) 100vw, 114px\" \/><\/a>Trim \u00bbSA-TR-04\u00ab<br \/>\n<\/strong>SA-TR-04 \/ Selca,\u00a0 pod Borovik<\/p>\n<p><strong><a href=\"https:\/\/www.topohvar.at\/orte\/sa\/sa-tr-15-1\/\"><img loading=\"lazy\" decoding=\"async\" class=\"alignleft wp-image-24253\" src=\"https:\/\/www.topohvar.at\/wp-content\/uploads\/2019\/10\/sa-tr-15-22-300x147.jpg\" alt=\"\" width=\"114\" height=\"56\" srcset=\"https:\/\/www.topohvar.at\/wp-content\/uploads\/2019\/10\/sa-tr-15-22-300x147.jpg 300w, https:\/\/www.topohvar.at\/wp-content\/uploads\/2019\/10\/sa-tr-15-22-768x377.jpg 768w, https:\/\/www.topohvar.at\/wp-content\/uploads\/2019\/10\/sa-tr-15-22-1024x503.jpg 1024w, https:\/\/www.topohvar.at\/wp-content\/uploads\/2019\/10\/sa-tr-15-22.jpg 1080w\" sizes=\"auto, (max-width: 114px) 100vw, 114px\" \/><\/a>Trim \u00bbSA-TR-15\u00ab<br \/>\n<\/strong>SA-TR-15 \/ Selca, na putu Selca prema planine<\/p>\n<p><strong><a href=\"https:\/\/www.topohvar.at\/orte\/sa\/sa-tr-16-1\/\"><img loading=\"lazy\" decoding=\"async\" class=\"alignleft wp-image-24264\" src=\"https:\/\/www.topohvar.at\/wp-content\/uploads\/2019\/10\/sa-tr-16-8-300x147.jpg\" alt=\"\" width=\"114\" height=\"56\" srcset=\"https:\/\/www.topohvar.at\/wp-content\/uploads\/2019\/10\/sa-tr-16-8-300x147.jpg 300w, https:\/\/www.topohvar.at\/wp-content\/uploads\/2019\/10\/sa-tr-16-8-768x377.jpg 768w, https:\/\/www.topohvar.at\/wp-content\/uploads\/2019\/10\/sa-tr-16-8-1024x503.jpg 1024w, https:\/\/www.topohvar.at\/wp-content\/uploads\/2019\/10\/sa-tr-16-8.jpg 1080w\" sizes=\"auto, (max-width: 114px) 100vw, 114px\" \/><\/a>Trim \u00bbSA-TR-16\u00ab<br \/>\n<\/strong>SA-TR-16 \/ Selca, na putu Selca prema planine<\/p>\n<p><strong><a href=\"https:\/\/www.topohvar.at\/orte\/sa\/sa-tr-10-1\/\"><img loading=\"lazy\" decoding=\"async\" class=\"alignleft wp-image-24257\" src=\"https:\/\/www.topohvar.at\/wp-content\/uploads\/2019\/10\/sa-tr-10-21-300x147.jpg\" alt=\"\" width=\"114\" height=\"56\" srcset=\"https:\/\/www.topohvar.at\/wp-content\/uploads\/2019\/10\/sa-tr-10-21-300x147.jpg 300w, https:\/\/www.topohvar.at\/wp-content\/uploads\/2019\/10\/sa-tr-10-21-768x377.jpg 768w, https:\/\/www.topohvar.at\/wp-content\/uploads\/2019\/10\/sa-tr-10-21-1024x503.jpg 1024w, https:\/\/www.topohvar.at\/wp-content\/uploads\/2019\/10\/sa-tr-10-21.jpg 1080w\" sizes=\"auto, (max-width: 114px) 100vw, 114px\" \/><\/a>Trim \u00bbSA-TR-10\u00ab<br \/>\n<\/strong>SA-TR-10 \/ Selca,\u00a0\u00a0iznad sela<\/p>\n<p><strong><a href=\"https:\/\/www.topohvar.at\/orte\/sa\/sa-tr-07-1\/\"><img loading=\"lazy\" decoding=\"async\" class=\"alignleft wp-image-24318\" src=\"https:\/\/www.topohvar.at\/wp-content\/uploads\/2019\/10\/sa-tr-07-21-300x147.jpg\" alt=\"\" width=\"114\" height=\"56\" srcset=\"https:\/\/www.topohvar.at\/wp-content\/uploads\/2019\/10\/sa-tr-07-21-300x147.jpg 300w, https:\/\/www.topohvar.at\/wp-content\/uploads\/2019\/10\/sa-tr-07-21-768x377.jpg 768w, https:\/\/www.topohvar.at\/wp-content\/uploads\/2019\/10\/sa-tr-07-21-1024x503.jpg 1024w, https:\/\/www.topohvar.at\/wp-content\/uploads\/2019\/10\/sa-tr-07-21.jpg 1080w\" sizes=\"auto, (max-width: 114px) 100vw, 114px\" \/><\/a>Trim \u00bbSA-TR-07\u00ab<br \/>\n<\/strong>SA-TR-07 \/ Selca,\u00a0 na putu Selca prema planine<\/p>\n<p><strong><a href=\"https:\/\/www.topohvar.at\/orte\/sa\/sa-tr-11-1\/\"><img loading=\"lazy\" decoding=\"async\" class=\"alignleft wp-image-24316\" src=\"https:\/\/www.topohvar.at\/wp-content\/uploads\/2019\/10\/sa-tr-11-21-300x147.jpg\" alt=\"\" width=\"114\" height=\"56\" srcset=\"https:\/\/www.topohvar.at\/wp-content\/uploads\/2019\/10\/sa-tr-11-21-300x147.jpg 300w, https:\/\/www.topohvar.at\/wp-content\/uploads\/2019\/10\/sa-tr-11-21-768x377.jpg 768w, https:\/\/www.topohvar.at\/wp-content\/uploads\/2019\/10\/sa-tr-11-21-1024x503.jpg 1024w, https:\/\/www.topohvar.at\/wp-content\/uploads\/2019\/10\/sa-tr-11-21.jpg 1080w\" sizes=\"auto, (max-width: 114px) 100vw, 114px\" \/><\/a>Trim \u00bbSA-TR-11\u00ab<br \/>\n<\/strong>SA-TR-11 \/ Selca,\u00a0\u00a0put Dubovj Dol &#8211; Sv. Nikola<\/p>\n<p><strong><a href=\"https:\/\/www.topohvar.at\/orte\/sa\/sa-tr-02-1\/\"><img loading=\"lazy\" decoding=\"async\" class=\"alignleft wp-image-24312\" src=\"https:\/\/www.topohvar.at\/wp-content\/uploads\/2019\/10\/sa-tr-02-21-300x147.jpg\" alt=\"\" width=\"114\" height=\"56\" srcset=\"https:\/\/www.topohvar.at\/wp-content\/uploads\/2019\/10\/sa-tr-02-21-300x147.jpg 300w, https:\/\/www.topohvar.at\/wp-content\/uploads\/2019\/10\/sa-tr-02-21-768x377.jpg 768w, https:\/\/www.topohvar.at\/wp-content\/uploads\/2019\/10\/sa-tr-02-21-1024x503.jpg 1024w, https:\/\/www.topohvar.at\/wp-content\/uploads\/2019\/10\/sa-tr-02-21.jpg 1080w\" sizes=\"auto, (max-width: 114px) 100vw, 114px\" \/><\/a>Trim \u00bbSA-TR-02\u00ab<br \/>\n<\/strong>SA-TR-02 \/ Selca,\u00a0\u00a0put Selca &#8211; Sv. Nikola<\/p>\n<p><strong><a href=\"https:\/\/www.topohvar.at\/orte\/sa\/sa-tr-05-1\/\"><img loading=\"lazy\" decoding=\"async\" class=\"alignleft wp-image-24314\" src=\"https:\/\/www.topohvar.at\/wp-content\/uploads\/2019\/10\/sa-tr-05-21-300x147.jpg\" alt=\"\" width=\"114\" height=\"56\" srcset=\"https:\/\/www.topohvar.at\/wp-content\/uploads\/2019\/10\/sa-tr-05-21-300x147.jpg 300w, https:\/\/www.topohvar.at\/wp-content\/uploads\/2019\/10\/sa-tr-05-21-768x377.jpg 768w, https:\/\/www.topohvar.at\/wp-content\/uploads\/2019\/10\/sa-tr-05-21-1024x503.jpg 1024w, https:\/\/www.topohvar.at\/wp-content\/uploads\/2019\/10\/sa-tr-05-21.jpg 1080w\" sizes=\"auto, (max-width: 114px) 100vw, 114px\" \/><\/a>Trim \u00bbSA-TR-05\u00ab<br \/>\n<\/strong>SA-TR-05 \/ Selca,\u00a0\u00a0put Selca &#8211; Sv. Nikola<\/p>\n<p><strong><a href=\"https:\/\/www.topohvar.at\/orte\/sa\/sa-tr-17-1\/\"><img loading=\"lazy\" decoding=\"async\" class=\"alignleft wp-image-24309\" src=\"https:\/\/www.topohvar.at\/wp-content\/uploads\/2019\/10\/sa-tr-17-2-300x147.jpg\" alt=\"\" width=\"114\" height=\"56\" srcset=\"https:\/\/www.topohvar.at\/wp-content\/uploads\/2019\/10\/sa-tr-17-2-300x147.jpg 300w, https:\/\/www.topohvar.at\/wp-content\/uploads\/2019\/10\/sa-tr-17-2-768x377.jpg 768w, https:\/\/www.topohvar.at\/wp-content\/uploads\/2019\/10\/sa-tr-17-2-1024x503.jpg 1024w, https:\/\/www.topohvar.at\/wp-content\/uploads\/2019\/10\/sa-tr-17-2.jpg 1080w\" sizes=\"auto, (max-width: 114px) 100vw, 114px\" \/><\/a>Trim \u00bbSA-TR-17\u00ab<br \/>\n<\/strong>SA-TR-17 \/ Selca,\u00a0\u00a0put Selca &#8211; Sv. Nikola<\/p>\n<p><strong><a href=\"https:\/\/www.topohvar.at\/orte\/sa\/sa-tr-19-1\/\"><img loading=\"lazy\" decoding=\"async\" class=\"alignleft wp-image-24337\" src=\"https:\/\/www.topohvar.at\/wp-content\/uploads\/2019\/10\/sa-tr-19-2-300x147.jpg\" alt=\"\" width=\"114\" height=\"56\" srcset=\"https:\/\/www.topohvar.at\/wp-content\/uploads\/2019\/10\/sa-tr-19-2-300x147.jpg 300w, https:\/\/www.topohvar.at\/wp-content\/uploads\/2019\/10\/sa-tr-19-2-768x377.jpg 768w, https:\/\/www.topohvar.at\/wp-content\/uploads\/2019\/10\/sa-tr-19-2-1024x503.jpg 1024w, https:\/\/www.topohvar.at\/wp-content\/uploads\/2019\/10\/sa-tr-19-2.jpg 1080w\" sizes=\"auto, (max-width: 114px) 100vw, 114px\" \/><\/a>Trim \u00bbSA-TR-19\u00ab<br \/>\n<\/strong>SA-TR-19 \/ Selca,\u00a0\u00a0put Selca &#8211; Sv. Nikola<\/p>\n<p><strong><a href=\"https:\/\/www.topohvar.at\/orte\/sa\/sa-tr-20-1\/\"><img loading=\"lazy\" decoding=\"async\" class=\"alignleft wp-image-24331\" src=\"https:\/\/www.topohvar.at\/wp-content\/uploads\/2019\/10\/sa-tr-20-2-300x147.jpg\" alt=\"\" width=\"114\" height=\"56\" srcset=\"https:\/\/www.topohvar.at\/wp-content\/uploads\/2019\/10\/sa-tr-20-2-300x147.jpg 300w, https:\/\/www.topohvar.at\/wp-content\/uploads\/2019\/10\/sa-tr-20-2-768x377.jpg 768w, https:\/\/www.topohvar.at\/wp-content\/uploads\/2019\/10\/sa-tr-20-2-1024x503.jpg 1024w, https:\/\/www.topohvar.at\/wp-content\/uploads\/2019\/10\/sa-tr-20-2.jpg 1080w\" sizes=\"auto, (max-width: 114px) 100vw, 114px\" \/><\/a>Trim \u00bbSA-TR-20\u00ab<br \/>\n<\/strong>SA-TR-20 \/ Selca,\u00a0\u00a0put Selca &#8211; Sv. Nikola<\/p>\n<p><strong><a href=\"https:\/\/www.topohvar.at\/orte\/sa\/sa-tr-18-1\/\"><img loading=\"lazy\" decoding=\"async\" class=\"alignleft wp-image-24325\" src=\"https:\/\/www.topohvar.at\/wp-content\/uploads\/2019\/10\/sa-tr-18-2-300x147.jpg\" alt=\"\" width=\"114\" height=\"56\" srcset=\"https:\/\/www.topohvar.at\/wp-content\/uploads\/2019\/10\/sa-tr-18-2-300x147.jpg 300w, https:\/\/www.topohvar.at\/wp-content\/uploads\/2019\/10\/sa-tr-18-2-768x377.jpg 768w, https:\/\/www.topohvar.at\/wp-content\/uploads\/2019\/10\/sa-tr-18-2-1024x503.jpg 1024w, https:\/\/www.topohvar.at\/wp-content\/uploads\/2019\/10\/sa-tr-18-2.jpg 1080w\" sizes=\"auto, (max-width: 114px) 100vw, 114px\" \/><\/a>Trim \u00bbSA-TR-18\u00ab<br \/>\n<\/strong>SA-TR-18 \/ Selca,\u00a0\u00a0put Selca &#8211; Sv. Nikola<\/p>\n<p><strong><a href=\"https:\/\/www.topohvar.at\/orte\/sa\/sa-tr-03-1\/\"><img loading=\"lazy\" decoding=\"async\" class=\"alignleft wp-image-24339\" src=\"https:\/\/www.topohvar.at\/wp-content\/uploads\/2019\/10\/sa-tr-03-21-300x147.jpg\" alt=\"\" width=\"114\" height=\"56\" srcset=\"https:\/\/www.topohvar.at\/wp-content\/uploads\/2019\/10\/sa-tr-03-21-300x147.jpg 300w, https:\/\/www.topohvar.at\/wp-content\/uploads\/2019\/10\/sa-tr-03-21-768x377.jpg 768w, https:\/\/www.topohvar.at\/wp-content\/uploads\/2019\/10\/sa-tr-03-21-1024x503.jpg 1024w, https:\/\/www.topohvar.at\/wp-content\/uploads\/2019\/10\/sa-tr-03-21.jpg 1080w\" sizes=\"auto, (max-width: 114px) 100vw, 114px\" \/><\/a>Trim \u00bbSA-TR-03\u00ab<br \/>\n<\/strong>SA-TR-03 \/ Selca,\u00a0\u00a0put Selca &#8211; Sv. Nikola<\/p>\n<p><strong><a href=\"https:\/\/www.topohvar.at\/orte\/sa\/sa-tr-12-1\/\"><img loading=\"lazy\" decoding=\"async\" class=\"alignleft wp-image-24341\" src=\"https:\/\/www.topohvar.at\/wp-content\/uploads\/2019\/10\/sa-tr-12-22-300x147.jpg\" alt=\"\" width=\"114\" height=\"56\" srcset=\"https:\/\/www.topohvar.at\/wp-content\/uploads\/2019\/10\/sa-tr-12-22-300x147.jpg 300w, https:\/\/www.topohvar.at\/wp-content\/uploads\/2019\/10\/sa-tr-12-22-768x377.jpg 768w, https:\/\/www.topohvar.at\/wp-content\/uploads\/2019\/10\/sa-tr-12-22-1024x503.jpg 1024w, https:\/\/www.topohvar.at\/wp-content\/uploads\/2019\/10\/sa-tr-12-22.jpg 1080w\" sizes=\"auto, (max-width: 114px) 100vw, 114px\" \/><\/a>Trim \u00bbSA-TR-12\u00ab<br \/>\n<\/strong>SA-TR-12 \/ Selca,\u00a0\u00a0put Selca &#8211; Sv. Nikola<\/p>\n<p><strong><a href=\"https:\/\/www.topohvar.at\/orte\/sa\/sa-tr-22-1\/\"><img loading=\"lazy\" decoding=\"async\" class=\"alignleft wp-image-24357\" src=\"https:\/\/www.topohvar.at\/wp-content\/uploads\/2019\/10\/sa-tr-22-2-300x147.jpg\" alt=\"\" width=\"114\" height=\"56\" srcset=\"https:\/\/www.topohvar.at\/wp-content\/uploads\/2019\/10\/sa-tr-22-2-300x147.jpg 300w, https:\/\/www.topohvar.at\/wp-content\/uploads\/2019\/10\/sa-tr-22-2-768x377.jpg 768w, https:\/\/www.topohvar.at\/wp-content\/uploads\/2019\/10\/sa-tr-22-2-1024x503.jpg 1024w, https:\/\/www.topohvar.at\/wp-content\/uploads\/2019\/10\/sa-tr-22-2.jpg 1080w\" sizes=\"auto, (max-width: 114px) 100vw, 114px\" \/><\/a>Trim \u00bbSA-TR-22\u00ab<br \/>\n<\/strong>SA-TR-22 \/ Selca,\u00a0\u00a0Remik<\/p>\n<p><strong><a href=\"https:\/\/www.topohvar.at\/orte\/sa\/sa-tr-21-1\/\"><img loading=\"lazy\" decoding=\"async\" class=\"alignleft wp-image-24349\" src=\"https:\/\/www.topohvar.at\/wp-content\/uploads\/2019\/10\/sa-tr-21-2-300x147.jpg\" alt=\"\" width=\"114\" height=\"56\" srcset=\"https:\/\/www.topohvar.at\/wp-content\/uploads\/2019\/10\/sa-tr-21-2-300x147.jpg 300w, https:\/\/www.topohvar.at\/wp-content\/uploads\/2019\/10\/sa-tr-21-2-768x377.jpg 768w, https:\/\/www.topohvar.at\/wp-content\/uploads\/2019\/10\/sa-tr-21-2-1024x503.jpg 1024w, https:\/\/www.topohvar.at\/wp-content\/uploads\/2019\/10\/sa-tr-21-2.jpg 1080w\" sizes=\"auto, (max-width: 114px) 100vw, 114px\" \/><\/a>Trim \u00bbSA-TR-21\u00ab<br \/>\n<\/strong>SA-TR-21 \/ Selca,\u00a0\u00a0Remik<\/p>\n<p><strong><a href=\"https:\/\/www.topohvar.at\/orte\/sa\/sa-tr-23-1\/\"><img loading=\"lazy\" decoding=\"async\" class=\"alignleft wp-image-24367\" src=\"https:\/\/www.topohvar.at\/wp-content\/uploads\/2019\/10\/sa-tr-23-2-300x147.jpg\" alt=\"\" width=\"114\" height=\"56\" srcset=\"https:\/\/www.topohvar.at\/wp-content\/uploads\/2019\/10\/sa-tr-23-2-300x147.jpg 300w, https:\/\/www.topohvar.at\/wp-content\/uploads\/2019\/10\/sa-tr-23-2-768x377.jpg 768w, https:\/\/www.topohvar.at\/wp-content\/uploads\/2019\/10\/sa-tr-23-2-1024x503.jpg 1024w, https:\/\/www.topohvar.at\/wp-content\/uploads\/2019\/10\/sa-tr-23-2.jpg 1080w\" sizes=\"auto, (max-width: 114px) 100vw, 114px\" \/><\/a>Trim \u00bbSA-TR-23\u00ab<br \/>\n<\/strong>SA-TR-23 \/ Selca,\u00a0\u00a0Remik<\/p>\n<p><strong><a href=\"https:\/\/www.topohvar.at\/orte\/sa\/sa-tr-13-1\/\"><img loading=\"lazy\" decoding=\"async\" class=\"alignleft wp-image-24343\" src=\"https:\/\/www.topohvar.at\/wp-content\/uploads\/2019\/10\/sa-tr-13-21-300x147.jpg\" alt=\"\" width=\"114\" height=\"56\" srcset=\"https:\/\/www.topohvar.at\/wp-content\/uploads\/2019\/10\/sa-tr-13-21-300x147.jpg 300w, https:\/\/www.topohvar.at\/wp-content\/uploads\/2019\/10\/sa-tr-13-21-768x377.jpg 768w, https:\/\/www.topohvar.at\/wp-content\/uploads\/2019\/10\/sa-tr-13-21-1024x503.jpg 1024w, https:\/\/www.topohvar.at\/wp-content\/uploads\/2019\/10\/sa-tr-13-21.jpg 1080w\" sizes=\"auto, (max-width: 114px) 100vw, 114px\" \/><\/a>Trim \u00bbSA-TR-13\u00ab<br \/>\n<\/strong>SA-TR-13 \/ Selca,\u00a0\u00a0put Selca &#8211; Sv. Nikola<a name=\"po\"><\/a><\/p>\n<p style=\"text-align: right;\"><a href=\"#seite_oben\"><span style=\"color: #3366ff;\">natrag na vrh \/ Seitenanfan<\/span>g<\/a><\/p>\n<hr \/>\n<h2><strong><span style=\"color: #ff0000;\">Povijesne znamenitosti \/ historisches<\/span><\/strong><\/h2>\n<p><strong><a href=\"https:\/\/www.topohvar.at\/orte\/sa\/sa-po-01-1\/\"><img loading=\"lazy\" decoding=\"async\" class=\"alignleft wp-image-387 size-full\" src=\"https:\/\/www.topohvar.at\/wp-content\/uploads\/2018\/07\/00-00-00-1.jpg\" alt=\"\" width=\"114\" height=\"56\" \/><\/a>Ostaci arhitekture rimsko doba \u00bbDol\u010di\u0107i\u00ab<br \/>\n<\/strong>SA-PO-01 \/ Selca, Dol\u010di\u0107i<\/p>\n<p style=\"text-align: right;\"><span style=\"color: #3366ff;\"><a style=\"color: #3366ff;\" href=\"#seite_oben\">natrag na vrh \/ Seitenanfang<\/a><\/span><\/p>\n","protected":false},"excerpt":{"rendered":"<p>Odaberite kategoriju \/ W\u00e4hlen Sie eine Kategorie aus\u00a0 \u00a0 \u00a0 \u00a0 \u00a0 \u00a0 Naselja \/ Siedlungen \/\/ Crkve \/ Kirchen \/\/ Kapele \/Kapellen \/\/ Kapelice \/Bildst\u00f6cke \/\/ Kri\u017eevi \/ Kreuze \/\/ Natpisi \/ Inschriften \/\/ Plo\u010de \/ Tafeln \/\/ Reljefi\/ &hellip; <a href=\"https:\/\/www.topohvar.at\/topo\/orte\/sa\/\">Weiterlesen <span class=\"meta-nav\">&rarr;<\/span><\/a><\/p>\n","protected":false},"author":1,"featured_media":0,"parent":19357,"menu_order":0,"comment_status":"closed","ping_status":"closed","template":"","meta":{"footnotes":""},"class_list":["post-95","page","type-page","status-publish","hentry"],"_links":{"self":[{"href":"https:\/\/www.topohvar.at\/topo\/wp-json\/wp\/v2\/pages\/95","targetHints":{"allow":["GET"]}}],"collection":[{"href":"https:\/\/www.topohvar.at\/topo\/wp-json\/wp\/v2\/pages"}],"about":[{"href":"https:\/\/www.topohvar.at\/topo\/wp-json\/wp\/v2\/types\/page"}],"author":[{"embeddable":true,"href":"https:\/\/www.topohvar.at\/topo\/wp-json\/wp\/v2\/users\/1"}],"replies":[{"embeddable":true,"href":"https:\/\/www.topohvar.at\/topo\/wp-json\/wp\/v2\/comments?post=95"}],"version-history":[{"count":64,"href":"https:\/\/www.topohvar.at\/topo\/wp-json\/wp\/v2\/pages\/95\/revisions"}],"predecessor-version":[{"id":74455,"href":"https:\/\/www.topohvar.at\/topo\/wp-json\/wp\/v2\/pages\/95\/revisions\/74455"}],"up":[{"embeddable":true,"href":"https:\/\/www.topohvar.at\/topo\/wp-json\/wp\/v2\/pages\/19357"}],"wp:attachment":[{"href":"https:\/\/www.topohvar.at\/topo\/wp-json\/wp\/v2\/media?parent=95"}],"curies":[{"name":"wp","href":"https:\/\/api.w.org\/{rel}","templated":true}]}}