{"id":9758,"date":"2018-09-05T14:47:32","date_gmt":"2018-09-05T12:47:32","guid":{"rendered":"https:\/\/www.topohvar.at\/?page_id=9758"},"modified":"2020-12-17T08:42:33","modified_gmt":"2020-12-17T07:42:33","slug":"gv-cz-10-1","status":"publish","type":"page","link":"https:\/\/www.topohvar.at\/topo\/orte\/gv\/gv-cz-10-1\/","title":{"rendered":"VELO GRABLJE &#8211; Kri\u017e \u00bbRoko Petri\u0107 sin Luke\u00ab"},"content":{"rendered":"<p><strong><img loading=\"lazy\" decoding=\"async\" class=\"alignnone wp-image-9612 size-large\" src=\"https:\/\/www.topohvar.at\/wp-content\/uploads\/2018\/09\/GV-CZ-10-0-1024x503.jpg\" alt=\"\" width=\"640\" height=\"314\" srcset=\"https:\/\/www.topohvar.at\/wp-content\/uploads\/2018\/09\/GV-CZ-10-0-1024x503.jpg 1024w, https:\/\/www.topohvar.at\/wp-content\/uploads\/2018\/09\/GV-CZ-10-0-300x147.jpg 300w, https:\/\/www.topohvar.at\/wp-content\/uploads\/2018\/09\/GV-CZ-10-0-768x377.jpg 768w, https:\/\/www.topohvar.at\/wp-content\/uploads\/2018\/09\/GV-CZ-10-0.jpg 1080w\" sizes=\"auto, (max-width: 640px) 100vw, 640px\" \/><\/strong><\/p>\n<p><strong>Ime \/ Name<br \/>\n<\/strong>Kri\u017e \u00bbRoko Petri\u0107 sin Luke\u00ab \/ Kreuz des\u00a0Roko Petri\u0107\u00b4s Sohn Lukas<\/p>\n<p><strong>Code: <\/strong>GV-CZ-10\u00a0 \u00a0 \u00a0 \u00a0 \u00a0 \u00a0 \u00a0 \u00a0 \u00a0 \u00a0 \u00a0 \u00a0 \u00a0 \u00a0 \u00a0 \u00a0<strong><a href=\"https:\/\/www.topohvar.at\/orte\/gv\/gv-cz-09-1\/\"><img loading=\"lazy\" decoding=\"async\" class=\"alignnone wp-image-533 size-full\" src=\"https:\/\/www.topohvar.at\/wp-content\/uploads\/2018\/07\/push-l-30.jpg\" alt=\"\" width=\"61\" height=\"30\" \/><\/a> <a href=\"https:\/\/www.topohvar.at\/orte\/gv\/\"><img loading=\"lazy\" decoding=\"async\" class=\"alignnone wp-image-535 size-full\" src=\"https:\/\/www.topohvar.at\/wp-content\/uploads\/2018\/07\/push-o-30.jpg\" alt=\"\" width=\"61\" height=\"30\" \/><\/a> <a href=\"https:\/\/www.topohvar.at\/orte\/gv\/gv-cz-01-1\/\"><img loading=\"lazy\" decoding=\"async\" class=\"alignnone wp-image-536 size-full\" src=\"https:\/\/www.topohvar.at\/wp-content\/uploads\/2018\/07\/push-r-30.jpg\" alt=\"\" width=\"61\" height=\"30\" \/><\/a><\/strong><\/p>\n<hr \/>\n<p><strong>Adresa \/ Adresse<br \/>\n<\/strong>Velo Grablje, Uvala sv. Ante<\/p>\n<p><strong>Lokalna polo\u017eaj \/ Position<a href=\"https:\/\/goo.gl\/maps\/Txcm6wNNZTpRjvwGA\"><img loading=\"lazy\" decoding=\"async\" class=\"alignright wp-image-10058\" src=\"https:\/\/www.topohvar.at\/wp-content\/uploads\/2018\/09\/0159.jpg\" alt=\"\" width=\"134\" height=\"100\" \/><\/a><br \/>\n<\/strong><a href=\"https:\/\/goo.gl\/maps\/Txcm6wNNZTpRjvwGA\">Latitude: N 43,18425\u00b0\u00a0 \u00a0Longitude: E 16,54958\u00b0<\/a> <strong><br \/>\n<\/strong>Visina \/ H\u00f6he: 16 m<\/p>\n<p><strong>Zemlji\u0161te \/ Grundst\u00fccke<br \/>\n<\/strong>4874\/2\u00a0<div class='content-column one_half'><div style=\"padding-right:6px;\"><p><strong>Datum snimanja \/ Erfassungsdatum<br \/>\n<\/strong>13.10.2014 15:35:40<\/p>\n<hr \/>\n<p><strong>Informacije<\/strong><\/p>\n<p>Na po\u010detku zaseoka Sv. Ante na obali se nazali ovaj spomen.<\/p><\/div><\/div><div class='content-column one_half last_column'><div style=\"padding-right:0px;padding-left:6px;\"><p><strong>Za\u0161titni polo\u017eaj \/ Schutzstellung<br \/>\n<\/strong>&#8211;<\/p>\n<hr \/>\n<p><strong>Info<\/strong><\/p>\n<p>Am Ortsanfang des Weilers Sv. Ante an der K\u00fcste steht die Gedenkst\u00e4tte.<\/p><\/div><\/div><div class='clear_column'><\/div><div class='content-column one_half'><div style=\"padding-right:6px;\"><p>U vihoru drugog svjetskog rata, 15. rosinac 1943. g. Roko i Marinko, dvojica zaigranih dvojica dje\u010daka, stradali su u poku\u0161aju rastavljanja ru\u010dne bombe. Roko je na mjestu premunio, a Marinko je izgubio desno oko.<\/p><\/div><\/div><div class='content-column one_half last_column'><div style=\"padding-right:0px;padding-left:6px;\"><p>Mitten im Weltkrieg, am 15. Dezember 1943 wurden Roko und Marinko, zwei spielende Jungen, beim Versuch der Demontage von Handgranaten getroffen. Roko wurde auf der Stelle get\u00f6tet und Marinko verlor sein rechtes Auge.<\/p><\/div><\/div><div class='clear_column'><\/div><div class='content-column one_half'><div style=\"padding-right:6px;\"><p>Spomen plo\u010du postavlja Marinko Juri\u0107 pok. Kuzme (78. g.) u znak zahvalnosti Sv. Kri\u017eu i Sv. Antunu Padovanskom o 8. lipnja 2013. g.<\/p><\/div><\/div><div class='content-column one_half last_column'><div style=\"padding-right:0px;padding-left:6px;\"><p>In Erinnerung an dieses tragische Ereignis wurde diese Gedenktafel von Marinko Juri\u0107 pok. Kuzma (78 Jahre) in Dankbarkeit an das hl. Kreuz und den hl. Antonius von Padua am 8. Juni 2013 errichtet<\/p><\/div><\/div><div class='clear_column'><\/div><div class='content-column one_half'><div style=\"padding-right:6px;\"><p>Natpis:<\/p>\n<p style=\"text-align: center;\">ROKO PETRI\u0106<br \/>\nSIN LUKE<br \/>\n* 07. O\u017dUJKA 1932<br \/>\n+ 15. PROSINCA 1943<\/p><\/div><\/div><div class='content-column one_half last_column'><div style=\"padding-right:0px;padding-left:6px;\"><p>Inschrift:<\/p>\n<p style=\"text-align: center;\">Roko Petri\u0107<br \/>\nSohn des Luka<br \/>\ngeboren am 07. M\u00e4rz 1932<br \/>\ngestorben am 15. Dezember 1943<\/p><\/div><\/div><div class='clear_column'><\/div><\/p>\n<hr \/>\n<p><strong>Linkovi \/ Links<\/strong><\/p>\n<p><span style=\"color: #3366ff;\"><a style=\"color: #3366ff;\" href=\"https:\/\/www.topohvar.at\/orte\/gv\/gv-is-14-1\/\">Spomen plo\u010da \/ Gedenktafel<\/a><br \/>\n<a style=\"color: #3366ff;\" href=\"https:\/\/www.topohvar.at\/topo\/orte\/sg\/sg-is-30-2\/\">Stari Grad &#8211; Spomen plo\u010da \u00bbpod kri\u017eem\u00ab \/ Gedenktafel unter dem Kreuz (Marinko Juri\u0107)<\/a><\/span><\/p>\n","protected":false},"excerpt":{"rendered":"<p>Ime \/ Name Kri\u017e \u00bbRoko Petri\u0107 sin Luke\u00ab \/ Kreuz des\u00a0Roko Petri\u0107\u00b4s Sohn Lukas Code: GV-CZ-10\u00a0 \u00a0 \u00a0 \u00a0 \u00a0 \u00a0 \u00a0 \u00a0 \u00a0 \u00a0 \u00a0 \u00a0 \u00a0 \u00a0 \u00a0 \u00a0 Adresa \/ Adresse Velo Grablje, Uvala sv. Ante Lokalna &hellip; <a href=\"https:\/\/www.topohvar.at\/topo\/orte\/gv\/gv-cz-10-1\/\">Weiterlesen <span class=\"meta-nav\">&rarr;<\/span><\/a><\/p>\n","protected":false},"author":1,"featured_media":0,"parent":76,"menu_order":0,"comment_status":"closed","ping_status":"closed","template":"","meta":{"footnotes":""},"class_list":["post-9758","page","type-page","status-publish","hentry"],"_links":{"self":[{"href":"https:\/\/www.topohvar.at\/topo\/wp-json\/wp\/v2\/pages\/9758","targetHints":{"allow":["GET"]}}],"collection":[{"href":"https:\/\/www.topohvar.at\/topo\/wp-json\/wp\/v2\/pages"}],"about":[{"href":"https:\/\/www.topohvar.at\/topo\/wp-json\/wp\/v2\/types\/page"}],"author":[{"embeddable":true,"href":"https:\/\/www.topohvar.at\/topo\/wp-json\/wp\/v2\/users\/1"}],"replies":[{"embeddable":true,"href":"https:\/\/www.topohvar.at\/topo\/wp-json\/wp\/v2\/comments?post=9758"}],"version-history":[{"count":8,"href":"https:\/\/www.topohvar.at\/topo\/wp-json\/wp\/v2\/pages\/9758\/revisions"}],"predecessor-version":[{"id":46015,"href":"https:\/\/www.topohvar.at\/topo\/wp-json\/wp\/v2\/pages\/9758\/revisions\/46015"}],"up":[{"embeddable":true,"href":"https:\/\/www.topohvar.at\/topo\/wp-json\/wp\/v2\/pages\/76"}],"wp:attachment":[{"href":"https:\/\/www.topohvar.at\/topo\/wp-json\/wp\/v2\/media?parent=9758"}],"curies":[{"name":"wp","href":"https:\/\/api.w.org\/{rel}","templated":true}]}}