{"id":9795,"date":"2018-09-05T15:24:31","date_gmt":"2018-09-05T13:24:31","guid":{"rendered":"https:\/\/www.topohvar.at\/?page_id=9795"},"modified":"2021-06-04T10:34:46","modified_gmt":"2021-06-04T08:34:46","slug":"gv-is-14-1","status":"publish","type":"page","link":"https:\/\/www.topohvar.at\/topo\/orte\/gv\/gv-is-14-1\/","title":{"rendered":"VELO GRABLJE &#8211; Spomen plo\u010da \u00bbRoko i Marinko\u00ab"},"content":{"rendered":"<p><a name=\"seite_oben\"><\/a><br \/>\n<strong><img loading=\"lazy\" decoding=\"async\" class=\"alignnone wp-image-9631 size-large\" src=\"https:\/\/www.topohvar.at\/wp-content\/uploads\/2018\/09\/gv-is-14-0-1024x503.jpg\" alt=\"\" width=\"640\" height=\"314\" srcset=\"https:\/\/www.topohvar.at\/wp-content\/uploads\/2018\/09\/gv-is-14-0-1024x503.jpg 1024w, https:\/\/www.topohvar.at\/wp-content\/uploads\/2018\/09\/gv-is-14-0-300x147.jpg 300w, https:\/\/www.topohvar.at\/wp-content\/uploads\/2018\/09\/gv-is-14-0-768x377.jpg 768w, https:\/\/www.topohvar.at\/wp-content\/uploads\/2018\/09\/gv-is-14-0.jpg 1080w\" sizes=\"auto, (max-width: 640px) 100vw, 640px\" \/><\/strong><\/p>\n<p><strong>Ime \/ Name<br \/>\n<\/strong>Spomen plo\u010da \/ Gedenktafel \u00bbRoko i Marinko\u00ab<\/p>\n<p><strong>Code: <\/strong>GV-IS-14\u00a0 \u00a0 \u00a0 \u00a0 \u00a0 \u00a0 \u00a0 \u00a0 \u00a0 \u00a0 \u00a0 \u00a0 \u00a0 \u00a0 \u00a0 \u00a0 \u00a0 \u00a0<a href=\"https:\/\/www.topohvar.at\/orte\/gv\/gv-ip-01-1\/\"><img loading=\"lazy\" decoding=\"async\" class=\"alignnone wp-image-12300 size-full\" src=\"https:\/\/www.topohvar.at\/wp-content\/uploads\/2018\/09\/push-vor-30.jpg\" alt=\"\" width=\"61\" height=\"30\" \/><\/a>\u00a0<strong><a href=\"https:\/\/www.topohvar.at\/orte\/gv\/gv-is-13-1\/\"><img loading=\"lazy\" decoding=\"async\" class=\"alignnone wp-image-533 size-full\" src=\"https:\/\/www.topohvar.at\/wp-content\/uploads\/2018\/07\/push-l-30.jpg\" alt=\"\" width=\"61\" height=\"30\" \/><\/a> <a href=\"https:\/\/www.topohvar.at\/orte\/gv\/\"><img loading=\"lazy\" decoding=\"async\" class=\"alignnone wp-image-535 size-full\" src=\"https:\/\/www.topohvar.at\/wp-content\/uploads\/2018\/07\/push-o-30.jpg\" alt=\"\" width=\"61\" height=\"30\" \/><\/a> <a href=\"https:\/\/www.topohvar.at\/orte\/gv\/gv-is-01-1\/\"><img loading=\"lazy\" decoding=\"async\" class=\"alignnone wp-image-536 size-full\" src=\"https:\/\/www.topohvar.at\/wp-content\/uploads\/2018\/07\/push-r-30.jpg\" alt=\"\" width=\"61\" height=\"30\" \/><\/a><\/strong><\/p>\n<hr \/>\n<p><strong>Adresa \/ Adresse<br \/>\n<\/strong>Velo Grablje,\u00a0Uvala \/ Bucht Sv. Ante<\/p>\n<p><span style=\"color: #3366ff;\"><strong>Lokalna polo\u017eaj \/ Position<a style=\"color: #3366ff;\" href=\"https:\/\/goo.gl\/maps\/Txcm6wNNZTpRjvwGA\"><img loading=\"lazy\" decoding=\"async\" class=\"alignright wp-image-10058\" src=\"https:\/\/www.topohvar.at\/wp-content\/uploads\/2018\/09\/0159.jpg\" alt=\"\" width=\"134\" height=\"100\" \/><\/a><br \/>\n<\/strong><a style=\"color: #3366ff;\" href=\"https:\/\/goo.gl\/maps\/Txcm6wNNZTpRjvwGA\">Latitude: N 43,18425\u00b0\u00a0 \u00a0Longitude: E 16,54958\u00b0<\/a> <\/span><strong><br \/>\n<\/strong>Visina \/ H\u00f6he: 16 m<\/p>\n<p><strong>Zemlji\u0161te \/ Grundst\u00fccke<br \/>\n<\/strong>4874\/2\u00a0<div class='content-column one_half'><div style=\"padding-right:6px;\"><p><strong>Datum snimanja \/ Erfassungsdatum<br \/>\n<\/strong>13.10.2014 15:35:40<\/p>\n<hr \/>\n<p><strong>Informacije<\/strong><\/p>\n<p>Spomen plo\u010da nalazi na spomenik Roka i Marinka Juri\u0107a sa sljede\u0107im natpisom:<\/p><\/div><\/div><div class='content-column one_half last_column'><div style=\"padding-right:0px;padding-left:6px;\"><p><strong>Za\u0161titni polo\u017eaj \/ Schutzstellung<br \/>\n<\/strong>&#8211;<\/p>\n<hr \/>\n<p><strong>Info<\/strong><\/p>\n<p>Die Gedenktafel befindet sich beim Gedenkkreuz f\u00fcr Roko und Marinko Juri\u0107 mit folgender\u00a0Inschrift:<\/p><\/div><\/div><div class='clear_column'><\/div><div class='content-column one_half'><div style=\"padding-right:6px;\"><p style=\"text-align: center;\">OVO MJESTO \u010cUVA BOLNU USPOMENU NA RAZORNE<br \/>\nPOSLJEDICE LJUDSKOG RATOVANJA.<\/p>\n<p style=\"text-align: center;\">U VIHORU DRUGOG SVJETSKOG RATA,<br \/>\n15. PROSINAC 1943. GODINE.<br \/>\n<strong>ROKO I MARINKO,<\/strong><br \/>\nDVOJICA ZAIGRANIH DJE\u010cAKA,<br \/>\nSTRADALI SU U POKU\u0160AJU<br \/>\nRASTAVLJANJA RU\u010cNE BOMBE.<br \/>\nROKO JE NA MJESTU PREMUNIO,<br \/>\nA MARINKO JE IZGUBIO DESNO OKO.<\/p>\n<p style=\"text-align: center;\">NAMA U OVOM TRENUTKU NE PRIJETE SLI\u010cNE<br \/>\nOPASNOSTLALI BUDIMO SVJESNI POSLJEDICA<br \/>\nOVISNOSTI KOJE DILJEM SVIJETA IMAJU RAZORNI<br \/>\nU\u010cINAK NA \u017dIVOTE DJECE I MLADIH.<\/p>\n<p style=\"text-align: center;\">U ISKRENOJ \u017dELJI DA SE SLI\u010cNO VI\u0160E NIKADA NE<br \/>\nDOGODI, I KAO SPOMEN NA OVAJ TRAGI\u010cNI DOGADAJ.<br \/>\nSPOMEN-PLO\u010cU POSTAVLJA MARINKO JURI\u0106 POK.<br \/>\nKUZME (78.G.) U ZNAK ZAHVALNOSTI SV. KRI\u017dU I<br \/>\nSV. ANTUNU PADOVANSKOM.<\/p>\n<p style=\"text-align: right;\">MARINKO JURI\u0106 PERETOV<\/p>\n<p>TEXT: DON IVICA HULJEV<\/p><\/div><\/div><div class='content-column one_half last_column'><div style=\"padding-right:0px;padding-left:6px;\"><p style=\"text-align: center;\">Dieser Ort bewahrt schmerzhafte Erinnerungen<br \/>\nan den verheerenden Krieg.<\/p>\n<p style=\"text-align: center;\">Mitten im Weltkrieg,<br \/>\nam 15. Dezember 1943 wurden<br \/>\n<strong>Roko und Marinko<\/strong>,<br \/>\nzwei spielende Jungen,<br \/>\nbeim Versuch der Demontage<br \/>\nvon Handgranaten getroffen.<br \/>\nRoko wurde auf der Stelle get\u00f6tet<br \/>\nund Marinko verlor sein rechtes Auge.<\/p>\n<p style=\"text-align: center;\">Wir sind derzeit nicht mit \u00e4hnlichen Risiken\u00a0bedroht,<br \/>\naber seien wir uns der Folgen von\u00a0Abh\u00e4ngigkeiten<br \/>\nbewusst,\u00a0die verheerende\u00a0Auswirkungen auf das<br \/>\nLeben\u00a0von Kindern und Jugendlichen haben.<\/p>\n<p style=\"text-align: center;\">Mit dem Herzenswunsch, dass \u00e4hnliches nie wieder<br \/>\npassiert, und in Erinnerung an dieses tragische<br \/>\nEreignis wurde diese Gedenktafel von Marinko Juri\u0107<br \/>\npok. Kuzma (78 Jahre) in Dankbarkeit\u00a0 an das<br \/>\nhl. Kreuz und den hl. Antonius von Padua errichtet.<\/p>\n<p style=\"text-align: right;\">Marinko Juri\u0107 Peretov<\/p>\n<p>Text: Don Ivica Huljev<\/p><\/div><\/div><div class='clear_column'><\/div><\/p>\n<hr \/>\n<div class='content-column one_half'><div style=\"padding-right:6px;\"><p>Natpis na drugj plo\u010di:<\/p>\n<p>POSVE\u0106ENO O 8 LIPNJA 2013 GOD.<\/p><\/div><\/div><div class='content-column one_half last_column'><div style=\"padding-right:0px;padding-left:6px;\"><p>Inschrift auf einer zweiten\u00a0Tafel:<\/p>\n<p>Gewidmet am 8. Juni 2013<\/p><\/div><\/div><div class='clear_column'><\/div><\/p>\n<p style=\"text-align: right;\"><span style=\"color: #3366ff;\"><a style=\"color: #3366ff;\" href=\"#seite_oben\">natrag na vrh \/ Seitenanfang<\/a><\/span><\/p>\n<hr \/>\n<div class='content-column one_half'><div style=\"padding-right:6px;\"><p>Jo\u0161 jedna spomen plo\u010da obitelji Juri\u0107 (Marinko Juri\u0107) nalazi se u blizini crkve sv. Antonije (ovdje u uvali sv. Ante) i u Glavicu u Starom Gradu.<\/p><\/div><\/div><div class='content-column one_half last_column'><div style=\"padding-right:0px;padding-left:6px;\"><p>Eine weitere Gedenktafel der Familie Juri\u0107 (Marinko Juri\u0107) befindet sich bei der Kirche zum hl. Antonius (hier in der Bucht Sv. Ante) und am Glavica in Stari Grad.<\/p><\/div><\/div><div class='clear_column'><\/div><\/p>\n<p style=\"text-align: right;\"><span style=\"color: #3366ff;\"><a style=\"color: #3366ff;\" href=\"#seite_oben\">natrag na vrh \/ Seitenanfang<\/a><\/span><\/p>\n<hr \/>\n<p><strong>Linkovi \/ Links<\/strong><\/p>\n<p><span style=\"color: #3366ff;\"><a style=\"color: #3366ff;\" href=\"https:\/\/www.topohvar.at\/topo\/orte\/gv\/gv-is-15-1\/\">Spomen plo\u010da \/ Gedenktafel \u00bbMarinko Juri\u0107\u00ab<\/a><br \/>\n<a style=\"color: #3366ff;\" href=\"https:\/\/www.topohvar.at\/orte\/sg\/sg-is-30-2\/\">Spomen plo\u010da na Glavicu\u00ab \/ Gedenktafel am Glavica<\/a><br \/>\n<\/span><span style=\"color: #3366ff;\"><a style=\"color: #3366ff;\" href=\"https:\/\/www.topohvar.at\/orte\/gv\/gv-cz-10-1\/\">Kri\u017e \u00bbRoko Petri\u0107 sin Luke\u00ab \/ Kreuz des\u00a0Roko Petri\u0107\u00b4s Sohn Lukas<\/a><\/span><\/p>\n","protected":false},"excerpt":{"rendered":"<p>Ime \/ Name Spomen plo\u010da \/ Gedenktafel \u00bbRoko i Marinko\u00ab Code: GV-IS-14\u00a0 \u00a0 \u00a0 \u00a0 \u00a0 \u00a0 \u00a0 \u00a0 \u00a0 \u00a0 \u00a0 \u00a0 \u00a0 \u00a0 \u00a0 \u00a0 \u00a0 \u00a0\u00a0 Adresa \/ Adresse Velo Grablje,\u00a0Uvala \/ Bucht Sv. Ante Lokalna polo\u017eaj &hellip; <a href=\"https:\/\/www.topohvar.at\/topo\/orte\/gv\/gv-is-14-1\/\">Weiterlesen <span class=\"meta-nav\">&rarr;<\/span><\/a><\/p>\n","protected":false},"author":1,"featured_media":0,"parent":76,"menu_order":0,"comment_status":"closed","ping_status":"closed","template":"","meta":{"footnotes":""},"class_list":["post-9795","page","type-page","status-publish","hentry"],"_links":{"self":[{"href":"https:\/\/www.topohvar.at\/topo\/wp-json\/wp\/v2\/pages\/9795","targetHints":{"allow":["GET"]}}],"collection":[{"href":"https:\/\/www.topohvar.at\/topo\/wp-json\/wp\/v2\/pages"}],"about":[{"href":"https:\/\/www.topohvar.at\/topo\/wp-json\/wp\/v2\/types\/page"}],"author":[{"embeddable":true,"href":"https:\/\/www.topohvar.at\/topo\/wp-json\/wp\/v2\/users\/1"}],"replies":[{"embeddable":true,"href":"https:\/\/www.topohvar.at\/topo\/wp-json\/wp\/v2\/comments?post=9795"}],"version-history":[{"count":12,"href":"https:\/\/www.topohvar.at\/topo\/wp-json\/wp\/v2\/pages\/9795\/revisions"}],"predecessor-version":[{"id":49708,"href":"https:\/\/www.topohvar.at\/topo\/wp-json\/wp\/v2\/pages\/9795\/revisions\/49708"}],"up":[{"embeddable":true,"href":"https:\/\/www.topohvar.at\/topo\/wp-json\/wp\/v2\/pages\/76"}],"wp:attachment":[{"href":"https:\/\/www.topohvar.at\/topo\/wp-json\/wp\/v2\/media?parent=9795"}],"curies":[{"name":"wp","href":"https:\/\/api.w.org\/{rel}","templated":true}]}}