{"id":99,"date":"2018-07-22T11:12:51","date_gmt":"2018-07-22T09:12:51","guid":{"rendered":"https:\/\/www.topohvar.at\/?page_id=99"},"modified":"2026-04-30T19:13:21","modified_gmt":"2026-04-30T17:13:21","slug":"sg","status":"publish","type":"page","link":"https:\/\/www.topohvar.at\/topo\/orte\/sg\/","title":{"rendered":"Stari Grad"},"content":{"rendered":"<hr \/>\n<p><a name=\"seite_oben\"><\/a><\/p>\n<p><strong>Odaberite kategoriju \/ W\u00e4hlen Sie eine Kategorie aus\u00a0 \u00a0 \u00a0 \u00a0 \u00a0 \u00a0 <img loading=\"lazy\" decoding=\"async\" class=\"alignnone size-medium wp-image-252\" src=\"https:\/\/www.topohvar.at\/wp-content\/uploads\/2018\/07\/icon-sg-300x70.jpg\" alt=\"\" width=\"300\" height=\"70\" srcset=\"https:\/\/www.topohvar.at\/wp-content\/uploads\/2018\/07\/icon-sg-300x70.jpg 300w, https:\/\/www.topohvar.at\/wp-content\/uploads\/2018\/07\/icon-sg.jpg 600w\" sizes=\"auto, (max-width: 300px) 100vw, 300px\" \/><\/strong><\/p>\n<h4><span style=\"color: #0000ff;\"><a style=\"color: #0000ff;\" href=\"#aa\">Naselja \/ Siedlungen<\/a> \/\/ <a style=\"color: #0000ff;\" href=\"#ci\">Crkve \/ Kirchen<\/a> \/\/ <a style=\"color: #0000ff;\" href=\"#cp\">Kapele \/Kapellen<\/a> \/\/ <a style=\"color: #0000ff;\" href=\"#cs\">Kapelice \/Bildst\u00f6cke<\/a> \/\/ <a style=\"color: #0000ff;\" href=\"#cz\">Kri\u017eevi \/ Kreuze<\/a> \/\/ <a style=\"color: #0000ff;\" href=\"#in\">Natpisi \/ Inschriften<\/a> \/\/ <a style=\"color: #0000ff;\" href=\"#ip\">Plo\u010de \/ Tafeln<\/a> \/\/ <a style=\"color: #0000ff;\" href=\"#ir\">Reljefi\/ Reliefs<\/a> \/\/ <a style=\"color: #0000ff;\" href=\"#mo\">Skulpture \/ Skulpturen<\/a> \/\/ <a style=\"color: #0000ff;\" href=\"#ob\">Objekti \/ Objekte<\/a> \/\/ <a style=\"color: #0000ff;\" href=\"#td\">Utvrde\/ Festungen<\/a> \/\/ <a style=\"color: #0000ff;\" href=\"#tg\">Gra\u0111evine \/ Geb\u00e4ude<\/a> \/\/ <a style=\"color: #0000ff;\" href=\"#op\">Bunar i to\u010dka vode \/ Brunnen und Wasserstellen<\/a> \/\/\u00a0<a style=\"color: #0000ff;\" href=\"#tr\">Trimi \/ Trims<\/a> \/\/ <a style=\"color: #0000ff;\" href=\"#po\">Povijesne znamenitosti \/ historische Sehensw\u00fcrdigkeiten<\/a><\/span><\/h4>\n<p><a name=\"aa\"><\/a><\/p>\n<hr \/>\n<h2><strong><span style=\"color: #ff0000;\">Naselja, uvale \/ Siedlungen, Buchten<\/span><\/strong><\/h2>\n<p><strong style=\"font-size: 16px;\"><a href=\"https:\/\/www.topohvar.at\/orte\/sg\/sg-aa-00-1\/\"><img loading=\"lazy\" decoding=\"async\" class=\"alignleft wp-image-4208\" src=\"https:\/\/www.topohvar.at\/wp-content\/uploads\/2018\/08\/SG-TG-00-0-1024x503.jpg\" alt=\"\" width=\"114\" height=\"56\" srcset=\"https:\/\/www.topohvar.at\/wp-content\/uploads\/2018\/08\/SG-TG-00-0-1024x503.jpg 1024w, https:\/\/www.topohvar.at\/wp-content\/uploads\/2018\/08\/SG-TG-00-0-300x147.jpg 300w, https:\/\/www.topohvar.at\/wp-content\/uploads\/2018\/08\/SG-TG-00-0-768x377.jpg 768w, https:\/\/www.topohvar.at\/wp-content\/uploads\/2018\/08\/SG-TG-00-0.jpg 1080w\" sizes=\"auto, (max-width: 114px) 100vw, 114px\" \/><\/a><\/strong><strong>Grad \u00bbStari Grad\u00ab<br \/>\n<\/strong>SG-AA-00 \/ Stari Grad<\/p>\n<p><strong style=\"font-size: 16px;\"><a href=\"https:\/\/www.topohvar.at\/orte\/sg\/sg-ai-01-1\/\"><img loading=\"lazy\" decoding=\"async\" class=\"alignleft wp-image-46327\" src=\"https:\/\/www.topohvar.at\/wp-content\/uploads\/2021\/02\/sg-ai-01.jpg\" alt=\"\" width=\"114\" height=\"56\" srcset=\"https:\/\/www.topohvar.at\/wp-content\/uploads\/2021\/02\/sg-ai-01.jpg 1080w, https:\/\/www.topohvar.at\/wp-content\/uploads\/2021\/02\/sg-ai-01-300x147.jpg 300w, https:\/\/www.topohvar.at\/wp-content\/uploads\/2021\/02\/sg-ai-01-1024x503.jpg 1024w, https:\/\/www.topohvar.at\/wp-content\/uploads\/2021\/02\/sg-ai-01-768x377.jpg 768w\" sizes=\"auto, (max-width: 114px) 100vw, 114px\" \/><\/a><\/strong><strong>Stari Grad &#8211; Nazivi mjesta i podru\u010dja<br \/>\n<\/strong>SG-AI-01 \/ Stari Grad<\/p>\n<p><strong style=\"font-size: 16px;\"><a href=\"https:\/\/www.topohvar.at\/orte\/sg\/sg-am-01-1\/\"><img loading=\"lazy\" decoding=\"async\" class=\"alignleft wp-image-46090\" src=\"https:\/\/www.topohvar.at\/wp-content\/uploads\/2020\/12\/sg-am-01-2.jpg\" alt=\"\" width=\"114\" height=\"79\" srcset=\"https:\/\/www.topohvar.at\/wp-content\/uploads\/2020\/12\/sg-am-01-2.jpg 2274w, https:\/\/www.topohvar.at\/wp-content\/uploads\/2020\/12\/sg-am-01-2-300x207.jpg 300w, https:\/\/www.topohvar.at\/wp-content\/uploads\/2020\/12\/sg-am-01-2-1024x706.jpg 1024w, https:\/\/www.topohvar.at\/wp-content\/uploads\/2020\/12\/sg-am-01-2-768x530.jpg 768w, https:\/\/www.topohvar.at\/wp-content\/uploads\/2020\/12\/sg-am-01-2-1536x1059.jpg 1536w, https:\/\/www.topohvar.at\/wp-content\/uploads\/2020\/12\/sg-am-01-2-2048x1412.jpg 2048w\" sizes=\"auto, (max-width: 114px) 100vw, 114px\" \/><\/a><\/strong><strong>Mapa grada i katalog ulica<br \/>\n<\/strong>SG-AM-01 \/ Stari Grad<\/p>\n<hr \/>\n<p><strong style=\"font-size: 16px;\"><a href=\"https:\/\/www.topohvar.at\/orte\/sg\/sg-au-10-1\/\"><img loading=\"lazy\" decoding=\"async\" class=\"alignleft wp-image-35155\" src=\"https:\/\/www.topohvar.at\/wp-content\/uploads\/2020\/04\/sg-au-10-300x147.jpg\" alt=\"\" width=\"114\" height=\"56\" srcset=\"https:\/\/www.topohvar.at\/wp-content\/uploads\/2020\/04\/sg-au-10-300x147.jpg 300w, https:\/\/www.topohvar.at\/wp-content\/uploads\/2020\/04\/sg-au-10-1024x503.jpg 1024w, https:\/\/www.topohvar.at\/wp-content\/uploads\/2020\/04\/sg-au-10-768x377.jpg 768w, https:\/\/www.topohvar.at\/wp-content\/uploads\/2020\/04\/sg-au-10.jpg 1080w\" sizes=\"auto, (max-width: 114px) 100vw, 114px\" \/><\/a><\/strong><strong>Uvale \u00bbna sjevernoj strani otoka\u00ab<br \/>\n<\/strong>SG-AU-10\/15 \/ Stari Grad<\/p>\n<p><strong style=\"font-size: 16px;\"><a href=\"https:\/\/www.topohvar.at\/orte\/sg\/sg-au-20-1\/\"><img loading=\"lazy\" decoding=\"async\" class=\"alignleft wp-image-35141\" src=\"https:\/\/www.topohvar.at\/wp-content\/uploads\/2020\/04\/sg-au-20-300x147.jpg\" alt=\"\" width=\"114\" height=\"56\" srcset=\"https:\/\/www.topohvar.at\/wp-content\/uploads\/2020\/04\/sg-au-20-300x147.jpg 300w, https:\/\/www.topohvar.at\/wp-content\/uploads\/2020\/04\/sg-au-20-1024x503.jpg 1024w, https:\/\/www.topohvar.at\/wp-content\/uploads\/2020\/04\/sg-au-20-768x377.jpg 768w, https:\/\/www.topohvar.at\/wp-content\/uploads\/2020\/04\/sg-au-20.jpg 1080w\" sizes=\"auto, (max-width: 114px) 100vw, 114px\" \/><\/a><\/strong><strong>Uvale \u00bbu Starigradskom zaljevu<\/strong><strong>\u00ab<br \/>\n<\/strong>SG-AU-20\/33 \/ Stari Grad<\/p>\n<p><strong style=\"font-size: 16px;\"><a href=\"https:\/\/www.topohvar.at\/orte\/sg\/sg-ar-10-1\/\"><img loading=\"lazy\" decoding=\"async\" class=\"alignleft wp-image-35155\" src=\"https:\/\/www.topohvar.at\/wp-content\/uploads\/2020\/04\/sg-au-10-300x147.jpg\" alt=\"\" width=\"114\" height=\"56\" srcset=\"https:\/\/www.topohvar.at\/wp-content\/uploads\/2020\/04\/sg-au-10-300x147.jpg 300w, https:\/\/www.topohvar.at\/wp-content\/uploads\/2020\/04\/sg-au-10-1024x503.jpg 1024w, https:\/\/www.topohvar.at\/wp-content\/uploads\/2020\/04\/sg-au-10-768x377.jpg 768w, https:\/\/www.topohvar.at\/wp-content\/uploads\/2020\/04\/sg-au-10.jpg 1080w\" sizes=\"auto, (max-width: 114px) 100vw, 114px\" \/><\/a><\/strong><strong>Rtovi \u00bbna sjevernoj strani otoka\u00ab<br \/>\n<\/strong>SG-AR-10 \/ Stari Grad<\/p>\n<p><strong style=\"font-size: 16px;\"><a href=\"https:\/\/www.topohvar.at\/orte\/sg\/sg-ar-20-1\/\"><img loading=\"lazy\" decoding=\"async\" class=\"alignleft wp-image-35141\" src=\"https:\/\/www.topohvar.at\/wp-content\/uploads\/2020\/04\/sg-au-20-300x147.jpg\" alt=\"\" width=\"114\" height=\"56\" srcset=\"https:\/\/www.topohvar.at\/wp-content\/uploads\/2020\/04\/sg-au-20-300x147.jpg 300w, https:\/\/www.topohvar.at\/wp-content\/uploads\/2020\/04\/sg-au-20-1024x503.jpg 1024w, https:\/\/www.topohvar.at\/wp-content\/uploads\/2020\/04\/sg-au-20-768x377.jpg 768w, https:\/\/www.topohvar.at\/wp-content\/uploads\/2020\/04\/sg-au-20.jpg 1080w\" sizes=\"auto, (max-width: 114px) 100vw, 114px\" \/><\/a><\/strong><strong>Rtovi \u00bbu Starigradskom zaljevu<\/strong><strong>\u00ab<br \/>\n<\/strong>SG-AR-20\/21 \/ Stari Grad<\/p>\n<p style=\"text-align: right;\"><span style=\"color: #3366ff;\"><a style=\"color: #3366ff;\" href=\"#seite_oben\">natrag na vrh \/ Seitenanfang<\/a><\/span><\/p>\n<p><a name=\"ci\"><\/a><\/p>\n<hr \/>\n<h2><strong><span style=\"color: #ff0000;\">Crkve \/ Kirchen<\/span><\/strong><\/h2>\n<p><strong><a href=\"https:\/\/www.topohvar.at\/orte\/sg\/sg-ca-01-2\/\"><img loading=\"lazy\" decoding=\"async\" class=\"alignleft wp-image-2112\" src=\"https:\/\/www.topohvar.at\/wp-content\/uploads\/2018\/08\/sg-ca-01-1-1024x503.jpg\" alt=\"\" width=\"114\" height=\"56\" srcset=\"https:\/\/www.topohvar.at\/wp-content\/uploads\/2018\/08\/sg-ca-01-1-1024x503.jpg 1024w, https:\/\/www.topohvar.at\/wp-content\/uploads\/2018\/08\/sg-ca-01-1-300x147.jpg 300w, https:\/\/www.topohvar.at\/wp-content\/uploads\/2018\/08\/sg-ca-01-1-768x377.jpg 768w\" sizes=\"auto, (max-width: 114px) 100vw, 114px\" \/><\/a>Samostan \u00bbDominikanski samostan\u00ab<br \/>\n<\/strong>SG-CA-01 \/ Stari Grad, Kod sv. Petra 1<\/p>\n<p><strong><a href=\"https:\/\/www.topohvar.at\/orte\/sg\/sg-ca-02-2\/\"><img loading=\"lazy\" decoding=\"async\" class=\"alignleft wp-image-2113\" src=\"https:\/\/www.topohvar.at\/wp-content\/uploads\/2018\/08\/SG-CA-02-1-1024x503.jpg\" alt=\"\" width=\"114\" height=\"56\" srcset=\"https:\/\/www.topohvar.at\/wp-content\/uploads\/2018\/08\/SG-CA-02-1-1024x503.jpg 1024w, https:\/\/www.topohvar.at\/wp-content\/uploads\/2018\/08\/SG-CA-02-1-300x147.jpg 300w, https:\/\/www.topohvar.at\/wp-content\/uploads\/2018\/08\/SG-CA-02-1-768x377.jpg 768w\" sizes=\"auto, (max-width: 114px) 100vw, 114px\" \/><\/a>Samostan \u00bbBiv\u0161i Dominikanski samostan sv. Vicencu (Vinku)\u00ab<br \/>\n<\/strong>SG-CA-02 \/ Stari Grad, Vukovarska cesta<\/p>\n<hr \/>\n<p><strong><a href=\"https:\/\/www.topohvar.at\/orte\/sg\/sg-ci-01-2\/\"><img loading=\"lazy\" decoding=\"async\" class=\"alignleft wp-image-2114\" src=\"https:\/\/www.topohvar.at\/wp-content\/uploads\/2018\/08\/sg-ci-01-1-1024x503.jpg\" alt=\"\" width=\"114\" height=\"56\" srcset=\"https:\/\/www.topohvar.at\/wp-content\/uploads\/2018\/08\/sg-ci-01-1-1024x503.jpg 1024w, https:\/\/www.topohvar.at\/wp-content\/uploads\/2018\/08\/sg-ci-01-1-300x147.jpg 300w, https:\/\/www.topohvar.at\/wp-content\/uploads\/2018\/08\/sg-ci-01-1-768x377.jpg 768w\" sizes=\"auto, (max-width: 114px) 100vw, 114px\" \/><\/a>\u017dupna crkva \u00bbSv. Stjepan I. papostola i mu\u010denik\u00ab<br \/>\n<\/strong>SG-CI-01 \/ Stari Grad,\u00a0Trg Sv. Stjepana<\/p>\n<p><strong><a href=\"https:\/\/www.topohvar.at\/orte\/sg\/sg-ci-02-2\/\"><img loading=\"lazy\" decoding=\"async\" class=\"alignleft wp-image-2115\" src=\"https:\/\/www.topohvar.at\/wp-content\/uploads\/2018\/08\/SG-CI-02-1-1024x503.jpg\" alt=\"\" width=\"114\" height=\"56\" srcset=\"https:\/\/www.topohvar.at\/wp-content\/uploads\/2018\/08\/SG-CI-02-1-1024x503.jpg 1024w, https:\/\/www.topohvar.at\/wp-content\/uploads\/2018\/08\/SG-CI-02-1-300x147.jpg 300w, https:\/\/www.topohvar.at\/wp-content\/uploads\/2018\/08\/SG-CI-02-1-768x377.jpg 768w\" sizes=\"auto, (max-width: 114px) 100vw, 114px\" \/><\/a>Crkva \u00bbSv. Roka\u00ab<br \/>\n<\/strong>SG-CI-02 \/\u00a0Stari Grad, Kod sv. Roka<\/p>\n<p><strong><a href=\"https:\/\/www.topohvar.at\/orte\/sg\/sg-ci-03-2\/\"><img loading=\"lazy\" decoding=\"async\" class=\"alignleft wp-image-2116\" src=\"https:\/\/www.topohvar.at\/wp-content\/uploads\/2018\/08\/SG-CI-03-1-1024x503.jpg\" alt=\"\" width=\"114\" height=\"56\" srcset=\"https:\/\/www.topohvar.at\/wp-content\/uploads\/2018\/08\/SG-CI-03-1-1024x503.jpg 1024w, https:\/\/www.topohvar.at\/wp-content\/uploads\/2018\/08\/SG-CI-03-1-300x147.jpg 300w, https:\/\/www.topohvar.at\/wp-content\/uploads\/2018\/08\/SG-CI-03-1-768x377.jpg 768w\" sizes=\"auto, (max-width: 114px) 100vw, 114px\" \/><\/a>Crkva \u00bbSv. Petra Mu\u010denika\u00ab<br \/>\n<\/strong>SG-CI-03 \/\u00a0Stari Grad, Kod Sv. Petra 1<\/p>\n<p><strong><a href=\"https:\/\/www.topohvar.at\/orte\/sg\/sg-ci-04-2\/\"><img loading=\"lazy\" decoding=\"async\" class=\"alignleft wp-image-2117\" src=\"https:\/\/www.topohvar.at\/wp-content\/uploads\/2018\/08\/sg-ci-04-1-1024x503.jpg\" alt=\"\" width=\"114\" height=\"56\" srcset=\"https:\/\/www.topohvar.at\/wp-content\/uploads\/2018\/08\/sg-ci-04-1-1024x503.jpg 1024w, https:\/\/www.topohvar.at\/wp-content\/uploads\/2018\/08\/sg-ci-04-1-300x147.jpg 300w, https:\/\/www.topohvar.at\/wp-content\/uploads\/2018\/08\/sg-ci-04-1-768x377.jpg 768w\" sizes=\"auto, (max-width: 114px) 100vw, 114px\" \/><\/a>Crkva \u00bbSv. Lucija\u00ab<br \/>\n<\/strong>SG-CI-04 \/ Stari Grad,\u00a0Vukovarska cesta<\/p>\n<p><strong><a href=\"https:\/\/www.topohvar.at\/orte\/sg\/sg-ci-05-2\/\"><img loading=\"lazy\" decoding=\"async\" class=\"alignleft wp-image-2118\" src=\"https:\/\/www.topohvar.at\/wp-content\/uploads\/2018\/08\/sg-ci-05-1-1024x503.jpg\" alt=\"\" width=\"114\" height=\"56\" srcset=\"https:\/\/www.topohvar.at\/wp-content\/uploads\/2018\/08\/sg-ci-05-1-1024x503.jpg 1024w, https:\/\/www.topohvar.at\/wp-content\/uploads\/2018\/08\/sg-ci-05-1-300x147.jpg 300w, https:\/\/www.topohvar.at\/wp-content\/uploads\/2018\/08\/sg-ci-05-1-768x377.jpg 768w\" sizes=\"auto, (max-width: 114px) 100vw, 114px\" \/><\/a>Crkva \u00bbSv. Nikole\u00ab\u00ab<br \/>\n<\/strong>SG-CI-05 \/ Stari Grad,\u00a0Vukovarska cesta \/ Torjun<\/p>\n<p><strong><a href=\"https:\/\/www.topohvar.at\/orte\/sg\/sg-ci-06-2\/\"><img loading=\"lazy\" decoding=\"async\" class=\"alignleft wp-image-2119\" src=\"https:\/\/www.topohvar.at\/wp-content\/uploads\/2018\/08\/sg-ci-06-1-1024x503.jpg\" alt=\"\" width=\"114\" height=\"56\" srcset=\"https:\/\/www.topohvar.at\/wp-content\/uploads\/2018\/08\/sg-ci-06-1-1024x503.jpg 1024w, https:\/\/www.topohvar.at\/wp-content\/uploads\/2018\/08\/sg-ci-06-1-300x147.jpg 300w, https:\/\/www.topohvar.at\/wp-content\/uploads\/2018\/08\/sg-ci-06-1-768x377.jpg 768w\" sizes=\"auto, (max-width: 114px) 100vw, 114px\" \/><\/a>Crkva \u00bbSv. Ivana (ex Sv.Marije, sjeverna crkva)\u00ab<br \/>\n<\/strong>SG-CI-06 \/ Stari Grad, P. Ivana Pavla II. 5<\/p>\n<p><strong><a href=\"https:\/\/www.topohvar.at\/orte\/sg\/sg-ci-07-2\/\"><img loading=\"lazy\" decoding=\"async\" class=\"alignleft wp-image-2120\" src=\"https:\/\/www.topohvar.at\/wp-content\/uploads\/2018\/08\/SG-ci-07-1-1024x503.jpg\" alt=\"\" width=\"114\" height=\"56\" srcset=\"https:\/\/www.topohvar.at\/wp-content\/uploads\/2018\/08\/SG-ci-07-1-1024x503.jpg 1024w, https:\/\/www.topohvar.at\/wp-content\/uploads\/2018\/08\/SG-ci-07-1-300x147.jpg 300w, https:\/\/www.topohvar.at\/wp-content\/uploads\/2018\/08\/SG-ci-07-1-768x377.jpg 768w\" sizes=\"auto, (max-width: 114px) 100vw, 114px\" \/><\/a>Crkva \u00bbSv. Ivana (biv\u0161i ju\u017ena crkva)\u00ab<br \/>\n<\/strong>SG-CI-07 \/ Stari Grad, P. Ivana Pavla II. 5<\/p>\n<p><strong><a href=\"https:\/\/www.topohvar.at\/orte\/sg\/sg-ci-08-2\/\"><img loading=\"lazy\" decoding=\"async\" class=\"alignleft wp-image-2121\" src=\"https:\/\/www.topohvar.at\/wp-content\/uploads\/2018\/08\/SG-CI-08-1-1024x514.jpg\" alt=\"\" width=\"111\" height=\"56\" srcset=\"https:\/\/www.topohvar.at\/wp-content\/uploads\/2018\/08\/SG-CI-08-1-1024x514.jpg 1024w, https:\/\/www.topohvar.at\/wp-content\/uploads\/2018\/08\/SG-CI-08-1-300x151.jpg 300w, https:\/\/www.topohvar.at\/wp-content\/uploads\/2018\/08\/SG-CI-08-1-768x386.jpg 768w\" sizes=\"auto, (max-width: 111px) 100vw, 111px\" \/><\/a>Crkva \u00bbSv. Jerolima\u00ab<br \/>\n<\/strong>SG-CI-08 \/ Stari Grad,\u00a0Obala Hrvatskih Branitelja<\/p>\n<p><strong><a href=\"https:\/\/www.topohvar.at\/orte\/sg\/sg-ck-04-2\/\"><img loading=\"lazy\" decoding=\"async\" class=\"alignleft wp-image-2125\" src=\"https:\/\/www.topohvar.at\/wp-content\/uploads\/2018\/08\/SG-CK-04-1-1024x503.jpg\" alt=\"\" width=\"113\" height=\"55\" srcset=\"https:\/\/www.topohvar.at\/wp-content\/uploads\/2018\/08\/SG-CK-04-1-1024x503.jpg 1024w, https:\/\/www.topohvar.at\/wp-content\/uploads\/2018\/08\/SG-CK-04-1-300x147.jpg 300w, https:\/\/www.topohvar.at\/wp-content\/uploads\/2018\/08\/SG-CK-04-1-768x377.jpg 768w\" sizes=\"auto, (max-width: 113px) 100vw, 113px\" \/><\/a>Crkvica \u00bbSv. Marije na groblju\u00ab<br \/>\n<\/strong>SG-CK-04 \/\u00a0Stari Grad, Vukovarska cesta, gradsko groblje<\/p>\n<p><a href=\"https:\/\/www.topohvar.at\/orte\/sg\/sg-ck-02-2\/\"><img loading=\"lazy\" decoding=\"async\" class=\"alignleft wp-image-74000\" src=\"https:\/\/www.topohvar.at\/wp-content\/uploads\/2026\/03\/sg-ck-02-11-300x147.jpg\" alt=\"\" width=\"114\" height=\"56\" srcset=\"https:\/\/www.topohvar.at\/wp-content\/uploads\/2026\/03\/sg-ck-02-11-300x147.jpg 300w, https:\/\/www.topohvar.at\/wp-content\/uploads\/2026\/03\/sg-ck-02-11.jpg 768w\" sizes=\"auto, (max-width: 114px) 100vw, 114px\" \/><\/a><\/p>\n<p><strong>Crkvica \u00bbMauzolej Don \u0160ime Ljubi\u0107a\u00ab<br \/>\n<\/strong>SG-CK-02 \/\u00a0Stari Grad, \u0160etali\u0161te don \u0160ime Lubi\u0107a 8<\/p>\n<p style=\"text-align: right;\"><span style=\"color: #3366ff;\"><a style=\"color: #3366ff;\" href=\"#seite_oben\">natrag na vrh \/ Seitenanfang<\/a><\/span><\/p>\n<p><a name=\"cp\"><\/a><\/p>\n<hr \/>\n<h2><strong><span style=\"color: #ff0000;\">Kapele \/Kapellen<\/span><\/strong><\/h2>\n<p><strong><a href=\"https:\/\/www.topohvar.at\/orte\/sg\/sg-cp-01-2\/\"><img loading=\"lazy\" decoding=\"async\" class=\"alignleft wp-image-34584\" src=\"https:\/\/www.topohvar.at\/wp-content\/uploads\/2020\/04\/SG-CP-01-1-300x147.jpg\" alt=\"\" width=\"114\" height=\"56\" srcset=\"https:\/\/www.topohvar.at\/wp-content\/uploads\/2020\/04\/SG-CP-01-1-300x147.jpg 300w, https:\/\/www.topohvar.at\/wp-content\/uploads\/2020\/04\/SG-CP-01-1-1024x503.jpg 1024w, https:\/\/www.topohvar.at\/wp-content\/uploads\/2020\/04\/SG-CP-01-1-768x377.jpg 768w, https:\/\/www.topohvar.at\/wp-content\/uploads\/2020\/04\/SG-CP-01-1.jpg 1080w\" sizes=\"auto, (max-width: 114px) 100vw, 114px\" \/><\/a>Kapela \u00bbIsusa Kristu\u00ab<br \/>\n<\/strong>SG-CP-01\/ Stari Grad, Glavica<\/p>\n<p><strong><a href=\"https:\/\/www.topohvar.at\/orte\/sg\/sg-cp-02-2\/\"><img loading=\"lazy\" decoding=\"async\" class=\"alignleft wp-image-2225\" src=\"https:\/\/www.topohvar.at\/wp-content\/uploads\/2018\/08\/SG-CP-02-1-1024x503.jpg\" alt=\"\" width=\"114\" height=\"56\" srcset=\"https:\/\/www.topohvar.at\/wp-content\/uploads\/2018\/08\/SG-CP-02-1-1024x503.jpg 1024w, https:\/\/www.topohvar.at\/wp-content\/uploads\/2018\/08\/SG-CP-02-1-300x147.jpg 300w, https:\/\/www.topohvar.at\/wp-content\/uploads\/2018\/08\/SG-CP-02-1-768x377.jpg 768w\" sizes=\"auto, (max-width: 114px) 100vw, 114px\" \/><\/a>Kapela \u00bbSv. Alojzija\u00ab<br \/>\n<\/strong>SG-CP-02 \/ na putu od Starog Grada prema Rudine<\/p>\n<p><strong><a href=\"https:\/\/www.topohvar.at\/orte\/sg\/sg-cp-05-1\/\"><img loading=\"lazy\" decoding=\"async\" class=\"alignleft wp-image-38535\" src=\"https:\/\/www.topohvar.at\/wp-content\/uploads\/2020\/06\/sg-cp-05-3-300x147.jpg\" alt=\"\" width=\"114\" height=\"56\" srcset=\"https:\/\/www.topohvar.at\/wp-content\/uploads\/2020\/06\/sg-cp-05-3-300x147.jpg 300w, https:\/\/www.topohvar.at\/wp-content\/uploads\/2020\/06\/sg-cp-05-3-1024x503.jpg 1024w, https:\/\/www.topohvar.at\/wp-content\/uploads\/2020\/06\/sg-cp-05-3-768x377.jpg 768w, https:\/\/www.topohvar.at\/wp-content\/uploads\/2020\/06\/sg-cp-05-3.jpg 1080w\" sizes=\"auto, (max-width: 114px) 100vw, 114px\" \/><\/a>Kapela \u00bbSv. Marije\u00ab<br \/>\n<\/strong>SG-CP-05 \/ Stari Grad, Kotrolovica\/Garmica<\/p>\n<p><strong><a href=\"https:\/\/www.topohvar.at\/orte\/sg\/sg-ck-01-2\/\"><img loading=\"lazy\" decoding=\"async\" class=\"alignleft wp-image-2122\" src=\"https:\/\/www.topohvar.at\/wp-content\/uploads\/2018\/08\/SG-CK-01-1-1024x503.jpg\" alt=\"\" width=\"114\" height=\"56\" srcset=\"https:\/\/www.topohvar.at\/wp-content\/uploads\/2018\/08\/SG-CK-01-1-1024x503.jpg 1024w, https:\/\/www.topohvar.at\/wp-content\/uploads\/2018\/08\/SG-CK-01-1-300x147.jpg 300w, https:\/\/www.topohvar.at\/wp-content\/uploads\/2018\/08\/SG-CK-01-1-768x377.jpg 768w\" sizes=\"auto, (max-width: 114px) 100vw, 114px\" \/><\/a>Kapela \u00bbSv. Jelene\u00ab<br \/>\n<\/strong>SG-CK-01 \/ Stari Grad, Polje, put do Dol<\/p>\n<p><strong><a href=\"https:\/\/www.topohvar.at\/orte\/sg\/sg-ck-03-2\/\"><img loading=\"lazy\" decoding=\"async\" class=\"alignleft wp-image-2124\" src=\"https:\/\/www.topohvar.at\/wp-content\/uploads\/2018\/08\/sg-ck-03-1-1024x503.jpg\" alt=\"\" width=\"114\" height=\"56\" srcset=\"https:\/\/www.topohvar.at\/wp-content\/uploads\/2018\/08\/sg-ck-03-1-1024x503.jpg 1024w, https:\/\/www.topohvar.at\/wp-content\/uploads\/2018\/08\/sg-ck-03-1-300x147.jpg 300w, https:\/\/www.topohvar.at\/wp-content\/uploads\/2018\/08\/sg-ck-03-1-768x377.jpg 768w\" sizes=\"auto, (max-width: 114px) 100vw, 114px\" \/><\/a>Kapela \u00bbSv. Marije (Gospojica)\u00ab<br \/>\n<\/strong>SG-CK-03\/ Stari Grad, Polje, Put Gospojice<\/p>\n<p style=\"text-align: right;\"><span style=\"color: #3366ff;\"><a style=\"color: #3366ff;\" href=\"#seite_oben\">natrag na vrh \/ Seitenanfang<\/a><\/span><\/p>\n<p><a name=\"cs\"><\/a><\/p>\n<hr \/>\n<h2><strong><span style=\"color: #ff0000;\">Kapelice \/Bildst\u00f6cke<\/span><\/strong><\/h2>\n<p><strong><a href=\"https:\/\/www.topohvar.at\/orte\/sg\/sg-cs-01-2\/\"><img loading=\"lazy\" decoding=\"async\" class=\"alignleft wp-image-2251\" src=\"https:\/\/www.topohvar.at\/wp-content\/uploads\/2018\/08\/SG-CS-01-1-1024x503.jpg\" alt=\"\" width=\"114\" height=\"56\" srcset=\"https:\/\/www.topohvar.at\/wp-content\/uploads\/2018\/08\/SG-CS-01-1-1024x503.jpg 1024w, https:\/\/www.topohvar.at\/wp-content\/uploads\/2018\/08\/SG-CS-01-1-300x147.jpg 300w, https:\/\/www.topohvar.at\/wp-content\/uploads\/2018\/08\/SG-CS-01-1-768x377.jpg 768w\" sizes=\"auto, (max-width: 114px) 100vw, 114px\" \/><\/a>Kapelica \u00bbSv. Marije (Mandalina)\u00ab<br \/>\n<\/strong>SG-CS-01 \/ Stari Grad, Sv. Mandaline \/ Bra\u0107e Biankini<\/p>\n<p><strong><a href=\"https:\/\/www.topohvar.at\/orte\/sg\/sg-cs-02-2\/\"><img loading=\"lazy\" decoding=\"async\" class=\"alignleft wp-image-2252\" src=\"https:\/\/www.topohvar.at\/wp-content\/uploads\/2018\/08\/SG-CS-02-1-1024x503.jpg\" alt=\"\" width=\"114\" height=\"56\" srcset=\"https:\/\/www.topohvar.at\/wp-content\/uploads\/2018\/08\/SG-CS-02-1-1024x503.jpg 1024w, https:\/\/www.topohvar.at\/wp-content\/uploads\/2018\/08\/SG-CS-02-1-300x147.jpg 300w, https:\/\/www.topohvar.at\/wp-content\/uploads\/2018\/08\/SG-CS-02-1-768x377.jpg 768w\" sizes=\"auto, (max-width: 114px) 100vw, 114px\" \/><\/a>Kapelica \u00bbSv. Kri\u017ea\u00ab<br \/>\n<\/strong>SG-CS-02 \/\u00a0Stari Grad, Ulica Pere Ljubi\u0107a 5<\/p>\n<p><strong><a href=\"https:\/\/www.topohvar.at\/orte\/sg\/sg-cs-03-2\/\"><img loading=\"lazy\" decoding=\"async\" class=\"alignleft wp-image-2253\" src=\"https:\/\/www.topohvar.at\/wp-content\/uploads\/2018\/08\/SG-CS-03-1-1024x503.jpg\" alt=\"\" width=\"114\" height=\"56\" srcset=\"https:\/\/www.topohvar.at\/wp-content\/uploads\/2018\/08\/SG-CS-03-1-1024x503.jpg 1024w, https:\/\/www.topohvar.at\/wp-content\/uploads\/2018\/08\/SG-CS-03-1-300x147.jpg 300w, https:\/\/www.topohvar.at\/wp-content\/uploads\/2018\/08\/SG-CS-03-1-768x377.jpg 768w\" sizes=\"auto, (max-width: 114px) 100vw, 114px\" \/><\/a>Kapelica \u00bbSv. Marije (Gospe od \u0160iberije)\u00ab<br \/>\n<\/strong>SG-CS-03 \/ Stari Grad, \u0160iberija 20<\/p>\n<p><strong><a href=\"https:\/\/www.topohvar.at\/orte\/sg\/sg-cs-04-2\/\"><img loading=\"lazy\" decoding=\"async\" class=\"alignleft wp-image-2254\" src=\"https:\/\/www.topohvar.at\/wp-content\/uploads\/2018\/08\/sg-cs-04-1-1024x503.jpg\" alt=\"\" width=\"114\" height=\"56\" srcset=\"https:\/\/www.topohvar.at\/wp-content\/uploads\/2018\/08\/sg-cs-04-1-1024x503.jpg 1024w, https:\/\/www.topohvar.at\/wp-content\/uploads\/2018\/08\/sg-cs-04-1-300x147.jpg 300w, https:\/\/www.topohvar.at\/wp-content\/uploads\/2018\/08\/sg-cs-04-1-768x377.jpg 768w\" sizes=\"auto, (max-width: 114px) 100vw, 114px\" \/><\/a>Kapelica \u00bbDjevice Marije s Isusom\u00ab<br \/>\n<\/strong>SG-CS-04 \/\u00a0Stari Grad, Trg sv. Stjepana, crkva Sv. Stjepana<\/p>\n<p><strong><a href=\"https:\/\/www.topohvar.at\/orte\/sg\/sg-cs-05-2\/\"><img loading=\"lazy\" decoding=\"async\" class=\"alignleft wp-image-2255\" src=\"https:\/\/www.topohvar.at\/wp-content\/uploads\/2018\/08\/SG-CS-05-1-1024x503.jpg\" alt=\"\" width=\"114\" height=\"56\" srcset=\"https:\/\/www.topohvar.at\/wp-content\/uploads\/2018\/08\/SG-CS-05-1-1024x503.jpg 1024w, https:\/\/www.topohvar.at\/wp-content\/uploads\/2018\/08\/SG-CS-05-1-300x147.jpg 300w, https:\/\/www.topohvar.at\/wp-content\/uploads\/2018\/08\/SG-CS-05-1-768x377.jpg 768w\" sizes=\"auto, (max-width: 114px) 100vw, 114px\" \/><\/a>Kapelica \u00bbSv. Srca Isusova\u00ab<br \/>\n<\/strong>SG-CS-05 \/ Stari Grad, Duolnjo Kola 21<\/p>\n<p><strong><a href=\"https:\/\/www.topohvar.at\/orte\/sg\/sg-cs-06-2\/\"><img loading=\"lazy\" decoding=\"async\" class=\"alignleft wp-image-2256\" src=\"https:\/\/www.topohvar.at\/wp-content\/uploads\/2018\/08\/sg-cs-06-1-1024x503.jpg\" alt=\"\" width=\"114\" height=\"56\" srcset=\"https:\/\/www.topohvar.at\/wp-content\/uploads\/2018\/08\/sg-cs-06-1-1024x503.jpg 1024w, https:\/\/www.topohvar.at\/wp-content\/uploads\/2018\/08\/sg-cs-06-1-300x147.jpg 300w, https:\/\/www.topohvar.at\/wp-content\/uploads\/2018\/08\/sg-cs-06-1-768x377.jpg 768w\" sizes=\"auto, (max-width: 114px) 100vw, 114px\" \/><\/a>Kapelica \u00bbSv. Andrija\u00ab<br \/>\n<\/strong>SG-CS-06 \/ Stari Grad, Torjun<\/p>\n<p><strong><a href=\"https:\/\/www.topohvar.at\/orte\/sg\/sg-cs-07-2\/\"><img loading=\"lazy\" decoding=\"async\" class=\"alignleft wp-image-2257\" src=\"https:\/\/www.topohvar.at\/wp-content\/uploads\/2018\/08\/SG-CS-07-1-1024x503.jpg\" alt=\"\" width=\"114\" height=\"56\" srcset=\"https:\/\/www.topohvar.at\/wp-content\/uploads\/2018\/08\/SG-CS-07-1-1024x503.jpg 1024w, https:\/\/www.topohvar.at\/wp-content\/uploads\/2018\/08\/SG-CS-07-1-300x147.jpg 300w, https:\/\/www.topohvar.at\/wp-content\/uploads\/2018\/08\/SG-CS-07-1-768x377.jpg 768w\" sizes=\"auto, (max-width: 114px) 100vw, 114px\" \/><\/a>Kapelica \u00bbSv. Vinko Veronskog\u00ab<br \/>\n<\/strong>SG-CS-07 \/ Stari Grad, Ulica Ru\u0111era Bo\u0161kovi\u0107a, ku\u0107a Bervaldi-Luci\u0107<\/p>\n<p><strong><a href=\"https:\/\/www.topohvar.at\/orte\/sg\/sg-cs-10-2\/\"><img loading=\"lazy\" decoding=\"async\" class=\"alignleft wp-image-2260\" src=\"https:\/\/www.topohvar.at\/wp-content\/uploads\/2018\/08\/SG-CS-10-1-1024x503.jpg\" alt=\"\" width=\"114\" height=\"56\" srcset=\"https:\/\/www.topohvar.at\/wp-content\/uploads\/2018\/08\/SG-CS-10-1-1024x503.jpg 1024w, https:\/\/www.topohvar.at\/wp-content\/uploads\/2018\/08\/SG-CS-10-1-300x147.jpg 300w, https:\/\/www.topohvar.at\/wp-content\/uploads\/2018\/08\/SG-CS-10-1-768x377.jpg 768w\" sizes=\"auto, (max-width: 114px) 100vw, 114px\" \/><\/a>Kapelica \u00bbSv. Mihovil Arkan\u0111elo\u00ab<br \/>\n<\/strong>SG-CS-10 \/ Stari Grad, Ulica Papa Ivana Pavla II., parohij<\/p>\n<p><strong><a href=\"https:\/\/www.topohvar.at\/orte\/sg\/sg-cs-11-2\/\"><img loading=\"lazy\" decoding=\"async\" class=\"alignleft wp-image-2261\" src=\"https:\/\/www.topohvar.at\/wp-content\/uploads\/2018\/08\/SG-CS-11-1-1024x503.jpg\" alt=\"\" width=\"114\" height=\"56\" srcset=\"https:\/\/www.topohvar.at\/wp-content\/uploads\/2018\/08\/SG-CS-11-1-1024x503.jpg 1024w, https:\/\/www.topohvar.at\/wp-content\/uploads\/2018\/08\/SG-CS-11-1-300x147.jpg 300w, https:\/\/www.topohvar.at\/wp-content\/uploads\/2018\/08\/SG-CS-11-1-768x377.jpg 768w\" sizes=\"auto, (max-width: 114px) 100vw, 114px\" \/><\/a>Kapelica \u00bbSv. Marije\u00ab<br \/>\n<\/strong>SG-CS-11 \/ Stari Grad, Ulica Tonka Maroevi\u0107a<\/p>\n<p><strong><a href=\"https:\/\/www.topohvar.at\/orte\/sg\/sg-cs-08-2\/\"><img loading=\"lazy\" decoding=\"async\" class=\"alignleft wp-image-2258\" src=\"https:\/\/www.topohvar.at\/wp-content\/uploads\/2018\/08\/SG-CS-08-1-1024x503.jpg\" alt=\"\" width=\"114\" height=\"56\" srcset=\"https:\/\/www.topohvar.at\/wp-content\/uploads\/2018\/08\/SG-CS-08-1-1024x503.jpg 1024w, https:\/\/www.topohvar.at\/wp-content\/uploads\/2018\/08\/SG-CS-08-1-300x147.jpg 300w, https:\/\/www.topohvar.at\/wp-content\/uploads\/2018\/08\/SG-CS-08-1-768x377.jpg 768w\" sizes=\"auto, (max-width: 114px) 100vw, 114px\" \/><\/a>Kapelica \u00bbAntuna Posinkovi\u0107 (Sv. Ante)\u00ab<br \/>\n<\/strong>SG-CS-08 \/ Stari Grad, Polje<\/p>\n<p><strong><a href=\"https:\/\/www.topohvar.at\/orte\/sg\/sg-cs-12-1\/\"><img loading=\"lazy\" decoding=\"async\" class=\"alignleft wp-image-70457\" src=\"https:\/\/www.topohvar.at\/wp-content\/uploads\/2024\/11\/sg-cs-12-0-300x147.jpg\" alt=\"\" width=\"114\" height=\"56\" srcset=\"https:\/\/www.topohvar.at\/wp-content\/uploads\/2024\/11\/sg-cs-12-0-300x147.jpg 300w, https:\/\/www.topohvar.at\/wp-content\/uploads\/2024\/11\/sg-cs-12-0-1024x503.jpg 1024w, https:\/\/www.topohvar.at\/wp-content\/uploads\/2024\/11\/sg-cs-12-0-768x377.jpg 768w, https:\/\/www.topohvar.at\/wp-content\/uploads\/2024\/11\/sg-cs-12-0.jpg 1080w\" sizes=\"auto, (max-width: 114px) 100vw, 114px\" \/><\/a>Kapelica \u00bbSv. Ante\u00ab<br \/>\n<\/strong>SG-CS-12 \/ Stari Grad, Polje<\/p>\n<p><strong><a href=\"https:\/\/www.topohvar.at\/orte\/sg\/sg-cs-09-2\/\"><img loading=\"lazy\" decoding=\"async\" class=\"alignleft wp-image-2259\" src=\"https:\/\/www.topohvar.at\/wp-content\/uploads\/2018\/08\/SG-CS-09-1-1024x590.jpg\" alt=\"\" width=\"114\" height=\"56\" \/><\/a>Kapelica \u00bbAndtija Du\u0161evi\u0107\u00ab<br \/>\n<\/strong>SG-CS-09 \/ Stari Grad, u blizini Purkin Kuk<\/p>\n<p style=\"text-align: right;\"><a href=\"#seite_oben\"><span style=\"color: #3366ff;\">natrag na vrh \/ Seitenanfang<\/span><\/a><\/p>\n<p><a name=\"cz\"><\/a><\/p>\n<hr \/>\n<h2><strong><span style=\"color: #ff0000;\">Kri\u017eevi \/ Kreuze<\/span><\/strong><\/h2>\n<p><strong><a href=\"https:\/\/www.topohvar.at\/orte\/sg\/sg-cz-01-2\/\"><img loading=\"lazy\" decoding=\"async\" class=\"alignleft wp-image-2369\" src=\"https:\/\/www.topohvar.at\/wp-content\/uploads\/2018\/08\/SG-CZ-01-1-1024x503.jpg\" alt=\"\" width=\"114\" height=\"56\" srcset=\"https:\/\/www.topohvar.at\/wp-content\/uploads\/2018\/08\/SG-CZ-01-1-1024x503.jpg 1024w, https:\/\/www.topohvar.at\/wp-content\/uploads\/2018\/08\/SG-CZ-01-1-300x147.jpg 300w, https:\/\/www.topohvar.at\/wp-content\/uploads\/2018\/08\/SG-CZ-01-1-768x377.jpg 768w\" sizes=\"auto, (max-width: 114px) 100vw, 114px\" \/><\/a>Kri\u017e \u00bbna raskri\u017eju\u00ab<br \/>\n<\/strong>SG-CZ-01 \/ Stari Grad, Vukovarska cesta &#8211; Put Kri\u017ea<\/p>\n<p><strong><a href=\"https:\/\/www.topohvar.at\/orte\/sg\/sg-cz-02-2\/\"><img loading=\"lazy\" decoding=\"async\" class=\"alignleft wp-image-2370\" src=\"https:\/\/www.topohvar.at\/wp-content\/uploads\/2018\/08\/sg-cz-02-1-1024x503.jpg\" alt=\"\" width=\"114\" height=\"56\" srcset=\"https:\/\/www.topohvar.at\/wp-content\/uploads\/2018\/08\/sg-cz-02-1-1024x503.jpg 1024w, https:\/\/www.topohvar.at\/wp-content\/uploads\/2018\/08\/sg-cz-02-1-300x147.jpg 300w, https:\/\/www.topohvar.at\/wp-content\/uploads\/2018\/08\/sg-cz-02-1-768x377.jpg 768w\" sizes=\"auto, (max-width: 114px) 100vw, 114px\" \/><\/a>Kri\u017e \u00bbna obali\u00ab<br \/>\n<\/strong>SG-CZ-02 \/\u00a0Stari Grad, Naselje Helios<\/p>\n<p><strong><a href=\"https:\/\/www.topohvar.at\/orte\/sg\/sg-cz-04-2\/\"><img loading=\"lazy\" decoding=\"async\" class=\"alignleft wp-image-2372\" src=\"https:\/\/www.topohvar.at\/wp-content\/uploads\/2018\/08\/SG-CZ-04-1-1024x503.jpg\" alt=\"\" width=\"114\" height=\"56\" srcset=\"https:\/\/www.topohvar.at\/wp-content\/uploads\/2018\/08\/SG-CZ-04-1-1024x503.jpg 1024w, https:\/\/www.topohvar.at\/wp-content\/uploads\/2018\/08\/SG-CZ-04-1-300x147.jpg 300w, https:\/\/www.topohvar.at\/wp-content\/uploads\/2018\/08\/SG-CZ-04-1-768x377.jpg 768w\" sizes=\"auto, (max-width: 114px) 100vw, 114px\" \/><\/a>Kri\u017e \u00bbna Malog Sela\u00ab<br \/>\n<\/strong>SG-CZ-04 \/\u00a0Stari Grad, Malo Selo<\/p>\n<p><strong><a href=\"https:\/\/www.topohvar.at\/orte\/sg\/sg-cz-06-2\/\"><img loading=\"lazy\" decoding=\"async\" class=\"alignleft wp-image-2374\" src=\"https:\/\/www.topohvar.at\/wp-content\/uploads\/2018\/08\/SG-CZ-06-1-1024x503.jpg\" alt=\"\" width=\"114\" height=\"56\" srcset=\"https:\/\/www.topohvar.at\/wp-content\/uploads\/2018\/08\/SG-CZ-06-1-1024x503.jpg 1024w, https:\/\/www.topohvar.at\/wp-content\/uploads\/2018\/08\/SG-CZ-06-1-300x147.jpg 300w, https:\/\/www.topohvar.at\/wp-content\/uploads\/2018\/08\/SG-CZ-06-1-768x377.jpg 768w\" sizes=\"auto, (max-width: 114px) 100vw, 114px\" \/><\/a>Kri\u017e \u00bbMali kri\u017e kod zvonika\u00ab<br \/>\n<\/strong>SG-CZ-06 \/ Stari Grad, Trg sv. Stjepana<\/p>\n<p><strong><a href=\"https:\/\/www.topohvar.at\/orte\/sg\/sg-cz-08-2\/\"><img loading=\"lazy\" decoding=\"async\" class=\"alignleft wp-image-2376\" src=\"https:\/\/www.topohvar.at\/wp-content\/uploads\/2018\/08\/sg-cz-08-1-1024x503.jpg\" alt=\"\" width=\"114\" height=\"56\" srcset=\"https:\/\/www.topohvar.at\/wp-content\/uploads\/2018\/08\/sg-cz-08-1-1024x503.jpg 1024w, https:\/\/www.topohvar.at\/wp-content\/uploads\/2018\/08\/sg-cz-08-1-300x147.jpg 300w, https:\/\/www.topohvar.at\/wp-content\/uploads\/2018\/08\/sg-cz-08-1-768x377.jpg 768w\" sizes=\"auto, (max-width: 114px) 100vw, 114px\" \/><\/a>Kri\u017e \u00bbna okruglom tornju samostana\u00ab<br \/>\n<\/strong>SG-CZ-08 \/ Stari Grad, Kod Sv. Petra 1<\/p>\n<p><strong><a href=\"https:\/\/www.topohvar.at\/orte\/sg\/sg-cz-09-1\/\"><img loading=\"lazy\" decoding=\"async\" class=\"alignleft wp-image-67178\" src=\"https:\/\/www.topohvar.at\/wp-content\/uploads\/2024\/05\/sg-cz-09-1-1-300x147.jpg\" alt=\"\" width=\"114\" height=\"56\" srcset=\"https:\/\/www.topohvar.at\/wp-content\/uploads\/2024\/05\/sg-cz-09-1-1-300x147.jpg 300w, https:\/\/www.topohvar.at\/wp-content\/uploads\/2024\/05\/sg-cz-09-1-1-1024x503.jpg 1024w, https:\/\/www.topohvar.at\/wp-content\/uploads\/2024\/05\/sg-cz-09-1-1-768x377.jpg 768w, https:\/\/www.topohvar.at\/wp-content\/uploads\/2024\/05\/sg-cz-09-1-1.jpg 1080w\" sizes=\"auto, (max-width: 114px) 100vw, 114px\" \/><\/a>Kri\u017e \u00bbpreko ulaza u groblje\u00ab<br \/>\n<\/strong>SG-CZ-09 \/ Stari Grad, Gradsko groblje<\/p>\n<p><strong><a href=\"https:\/\/www.topohvar.at\/orte\/sg\/sg-cz-10-1\/\"><img loading=\"lazy\" decoding=\"async\" class=\"alignleft wp-image-67190\" src=\"https:\/\/www.topohvar.at\/wp-content\/uploads\/2024\/05\/sg-cz-10-1-300x147.jpg\" alt=\"\" width=\"114\" height=\"56\" srcset=\"https:\/\/www.topohvar.at\/wp-content\/uploads\/2024\/05\/sg-cz-10-1-300x147.jpg 300w, https:\/\/www.topohvar.at\/wp-content\/uploads\/2024\/05\/sg-cz-10-1-1024x503.jpg 1024w, https:\/\/www.topohvar.at\/wp-content\/uploads\/2024\/05\/sg-cz-10-1-768x377.jpg 768w, https:\/\/www.topohvar.at\/wp-content\/uploads\/2024\/05\/sg-cz-10-1.jpg 1080w\" sizes=\"auto, (max-width: 114px) 100vw, 114px\" \/><\/a>Kri\u017e \u00bbna groblju\u00ab<br \/>\n<\/strong>SG-CZ-10 \/ Stari Grad, Gradsko groblje<\/p>\n<p><strong><a href=\"https:\/\/www.topohvar.at\/orte\/sg\/sg-cz-03-2\/\"><img loading=\"lazy\" decoding=\"async\" class=\"alignleft wp-image-2371\" src=\"https:\/\/www.topohvar.at\/wp-content\/uploads\/2018\/08\/SG-CZ-03-1-1024x503.jpg\" alt=\"\" width=\"114\" height=\"56\" srcset=\"https:\/\/www.topohvar.at\/wp-content\/uploads\/2018\/08\/SG-CZ-03-1-1024x503.jpg 1024w, https:\/\/www.topohvar.at\/wp-content\/uploads\/2018\/08\/SG-CZ-03-1-300x147.jpg 300w, https:\/\/www.topohvar.at\/wp-content\/uploads\/2018\/08\/SG-CZ-03-1-768x377.jpg 768w\" sizes=\"auto, (max-width: 114px) 100vw, 114px\" \/><\/a>Kri\u017e \u00bbna Glavicu\u00ab<br \/>\n<\/strong>SG-CZ-03 \/ Stari Grad, Glavica<\/p>\n<p><strong><a href=\"https:\/\/www.topohvar.at\/orte\/sg\/sg-cz-05-2\/\"><img loading=\"lazy\" decoding=\"async\" class=\"alignleft wp-image-2373\" src=\"https:\/\/www.topohvar.at\/wp-content\/uploads\/2018\/08\/sg-cz-05-1-1024x503.jpg\" alt=\"\" width=\"114\" height=\"56\" srcset=\"https:\/\/www.topohvar.at\/wp-content\/uploads\/2018\/08\/sg-cz-05-1-1024x503.jpg 1024w, https:\/\/www.topohvar.at\/wp-content\/uploads\/2018\/08\/sg-cz-05-1-300x147.jpg 300w, https:\/\/www.topohvar.at\/wp-content\/uploads\/2018\/08\/sg-cz-05-1-768x377.jpg 768w\" sizes=\"auto, (max-width: 114px) 100vw, 114px\" \/><\/a>Kri\u017e \u00bb\u0160imun Pavlo\u00ab<br \/>\n<\/strong>SG-CZ-05 \/ Stari Grad, Put Gospojice<\/p>\n<p><strong><a href=\"https:\/\/www.topohvar.at\/topo\/orte\/sg\/sg-cz-11-1\/\"><img loading=\"lazy\" decoding=\"async\" class=\"alignleft wp-image-72029\" src=\"https:\/\/www.topohvar.at\/wp-content\/uploads\/2025\/05\/sg-cz-11-0-300x147.jpg\" alt=\"\" width=\"114\" height=\"56\" srcset=\"https:\/\/www.topohvar.at\/wp-content\/uploads\/2025\/05\/sg-cz-11-0-300x147.jpg 300w, https:\/\/www.topohvar.at\/wp-content\/uploads\/2025\/05\/sg-cz-11-0-1024x503.jpg 1024w, https:\/\/www.topohvar.at\/wp-content\/uploads\/2025\/05\/sg-cz-11-0-768x377.jpg 768w, https:\/\/www.topohvar.at\/wp-content\/uploads\/2025\/05\/sg-cz-11-0.jpg 1080w\" sizes=\"auto, (max-width: 114px) 100vw, 114px\" \/><\/a>Kri\u017e \u00bbMali kameni kri\u017e\u00ab<br \/>\n<\/strong>SG-CZ-11 \/ Stari Grad, Polje, Gornji Rugonji<\/p>\n<p><strong><a href=\"https:\/\/www.topohvar.at\/orte\/sg\/sg-cz-07-2\/\"><img loading=\"lazy\" decoding=\"async\" class=\"alignleft wp-image-2375\" src=\"https:\/\/www.topohvar.at\/wp-content\/uploads\/2018\/08\/SG-CZ-07-1-1024x503.jpg\" alt=\"\" width=\"114\" height=\"56\" srcset=\"https:\/\/www.topohvar.at\/wp-content\/uploads\/2018\/08\/SG-CZ-07-1-1024x503.jpg 1024w, https:\/\/www.topohvar.at\/wp-content\/uploads\/2018\/08\/SG-CZ-07-1-300x147.jpg 300w, https:\/\/www.topohvar.at\/wp-content\/uploads\/2018\/08\/SG-CZ-07-1-768x377.jpg 768w\" sizes=\"auto, (max-width: 114px) 100vw, 114px\" \/><\/a>Kri\u017e \u00bbMali Kri\u017e na putu\u00ab<br \/>\n<\/strong>SG-CZ-07 \/ Uz cestu od Starog Grada prema Dol<\/p>\n<p style=\"text-align: right;\"><a href=\"#seite_oben\"><span style=\"color: #3366ff;\">natrag na vrh \/ Seitenanfang<\/span><\/a><\/p>\n<p><a name=\"in\"><\/a><\/p>\n<hr \/>\n<h2><strong><span style=\"color: #ff0000;\">Natpisi\/ Inschriften<\/span><\/strong><\/h2>\n<p><strong><a href=\"https:\/\/www.topohvar.at\/orte\/sg\/sg-in-01-2\/\"><img loading=\"lazy\" decoding=\"async\" class=\"alignleft wp-image-2585\" src=\"https:\/\/www.topohvar.at\/wp-content\/uploads\/2018\/08\/sg-in-01-1-1024x503.jpg\" alt=\"\" width=\"114\" height=\"56\" srcset=\"https:\/\/www.topohvar.at\/wp-content\/uploads\/2018\/08\/sg-in-01-1-1024x503.jpg 1024w, https:\/\/www.topohvar.at\/wp-content\/uploads\/2018\/08\/sg-in-01-1-300x147.jpg 300w, https:\/\/www.topohvar.at\/wp-content\/uploads\/2018\/08\/sg-in-01-1-768x377.jpg 768w\" sizes=\"auto, (max-width: 114px) 100vw, 114px\" \/><\/a>Natpis \u00bbnatpis (1) na sjevernoj strani Tvrdalja\u00ab<br \/>\n<\/strong>SG-IN-01 \/Trg Tvrdalja 12, Tvrdalj Petra Hektorivica<\/p>\n<p><strong><a href=\"https:\/\/www.topohvar.at\/orte\/sg\/sg-in-02-2\/\"><img loading=\"lazy\" decoding=\"async\" class=\"alignleft wp-image-2586\" src=\"https:\/\/www.topohvar.at\/wp-content\/uploads\/2018\/08\/sg-in-02-1-1024x503.jpg\" alt=\"\" width=\"114\" height=\"56\" srcset=\"https:\/\/www.topohvar.at\/wp-content\/uploads\/2018\/08\/sg-in-02-1-1024x503.jpg 1024w, https:\/\/www.topohvar.at\/wp-content\/uploads\/2018\/08\/sg-in-02-1-300x147.jpg 300w, https:\/\/www.topohvar.at\/wp-content\/uploads\/2018\/08\/sg-in-02-1-768x377.jpg 768w\" sizes=\"auto, (max-width: 114px) 100vw, 114px\" \/><\/a>Natpis \u00bbnatpis (2) na sjevernoj strani Tvrdalja\u00ab<br \/>\n<\/strong>SG-IN-02 \/ Trg Tvrdalja 12, Tvrdalj Petra Hektorivica<\/p>\n<p><strong><a href=\"https:\/\/www.topohvar.at\/orte\/sg\/sg-in-03-2\/\"><img loading=\"lazy\" decoding=\"async\" class=\"alignleft wp-image-2587\" src=\"https:\/\/www.topohvar.at\/wp-content\/uploads\/2018\/08\/SG-IN-03-1-1024x503.jpg\" alt=\"\" width=\"114\" height=\"56\" srcset=\"https:\/\/www.topohvar.at\/wp-content\/uploads\/2018\/08\/SG-IN-03-1-1024x503.jpg 1024w, https:\/\/www.topohvar.at\/wp-content\/uploads\/2018\/08\/SG-IN-03-1-300x147.jpg 300w, https:\/\/www.topohvar.at\/wp-content\/uploads\/2018\/08\/SG-IN-03-1-768x377.jpg 768w\" sizes=\"auto, (max-width: 114px) 100vw, 114px\" \/><\/a>Natpis \u00bbnatpis (1) na isto\u010dnoj strani Tvrdalja\u00ab<br \/>\n<\/strong>SG-IN-03 \/ Stari Grad, Kod Sv. Roka, Tvrdalj Petra Hektorivica<\/p>\n<p><strong><a href=\"https:\/\/www.topohvar.at\/orte\/sg\/sg-in-04-2\/\"><img loading=\"lazy\" decoding=\"async\" class=\"alignleft wp-image-2588\" src=\"https:\/\/www.topohvar.at\/wp-content\/uploads\/2018\/08\/SG-IN-04-1-1024x503.jpg\" alt=\"\" width=\"114\" height=\"56\" srcset=\"https:\/\/www.topohvar.at\/wp-content\/uploads\/2018\/08\/SG-IN-04-1-1024x503.jpg 1024w, https:\/\/www.topohvar.at\/wp-content\/uploads\/2018\/08\/SG-IN-04-1-300x147.jpg 300w, https:\/\/www.topohvar.at\/wp-content\/uploads\/2018\/08\/SG-IN-04-1-768x377.jpg 768w\" sizes=\"auto, (max-width: 114px) 100vw, 114px\" \/><\/a>Natpis \u00bbnatpis (2) na isto\u010dnoj strani Tvrdalja\u00ab<br \/>\n<\/strong>SG-IN-04 \/ Stari Grad, Kod Sv. Roka, Tvrdalj Petra Hektorivica<\/p>\n<p><strong><a href=\"https:\/\/www.topohvar.at\/orte\/sg\/sg-in-05-2\/\"><img loading=\"lazy\" decoding=\"async\" class=\"alignleft wp-image-2589\" src=\"https:\/\/www.topohvar.at\/wp-content\/uploads\/2018\/08\/SG-IN-05-1-1024x503.jpg\" alt=\"\" width=\"114\" height=\"56\" srcset=\"https:\/\/www.topohvar.at\/wp-content\/uploads\/2018\/08\/SG-IN-05-1-1024x503.jpg 1024w, https:\/\/www.topohvar.at\/wp-content\/uploads\/2018\/08\/SG-IN-05-1-300x147.jpg 300w, https:\/\/www.topohvar.at\/wp-content\/uploads\/2018\/08\/SG-IN-05-1-768x377.jpg 768w\" sizes=\"auto, (max-width: 114px) 100vw, 114px\" \/><\/a>Natpis \u00bbnatpis (3) na isto\u010dnoj strani Tvrdalja\u00ab<br \/>\n<\/strong>SG-IN-05 \/\u00a0Stari Grad, Kod Sv. Roka, Tvrdalj Petra Hektorivica<\/p>\n<p><strong><a href=\"https:\/\/www.topohvar.at\/orte\/sg\/sg-in-06-2\/\"><img loading=\"lazy\" decoding=\"async\" class=\"alignleft wp-image-2589\" src=\"https:\/\/www.topohvar.at\/wp-content\/uploads\/2018\/08\/SG-IN-05-1-1024x503.jpg\" alt=\"\" width=\"114\" height=\"56\" srcset=\"https:\/\/www.topohvar.at\/wp-content\/uploads\/2018\/08\/SG-IN-05-1-1024x503.jpg 1024w, https:\/\/www.topohvar.at\/wp-content\/uploads\/2018\/08\/SG-IN-05-1-300x147.jpg 300w, https:\/\/www.topohvar.at\/wp-content\/uploads\/2018\/08\/SG-IN-05-1-768x377.jpg 768w\" sizes=\"auto, (max-width: 114px) 100vw, 114px\" \/><\/a>Natpis \u00bbnatpis (4) na isto\u010dnoj strani Tvrdalja\u00ab<br \/>\n<\/strong>SG-IN-06 \/\u00a0Stari Grad, Kod Sv. Roka, Tvrdalj Petra Hektorivica<\/p>\n<p><strong><a href=\"https:\/\/www.topohvar.at\/orte\/sg\/sg-in-07-2\/\"><img loading=\"lazy\" decoding=\"async\" class=\"alignleft wp-image-2591\" src=\"https:\/\/www.topohvar.at\/wp-content\/uploads\/2018\/08\/SG-IN-07-1-1024x503.jpg\" alt=\"\" width=\"114\" height=\"56\" srcset=\"https:\/\/www.topohvar.at\/wp-content\/uploads\/2018\/08\/SG-IN-07-1-1024x503.jpg 1024w, https:\/\/www.topohvar.at\/wp-content\/uploads\/2018\/08\/SG-IN-07-1-300x147.jpg 300w, https:\/\/www.topohvar.at\/wp-content\/uploads\/2018\/08\/SG-IN-07-1-768x377.jpg 768w\" sizes=\"auto, (max-width: 114px) 100vw, 114px\" \/><\/a>Natpis \u00bbna zapadnoj strani Tvrdalja\u00ab<br \/>\n<\/strong>SG-IN-07 \/ Stari Grad, Ullica Bra\u0107e Biankini 1, Tvrdalj Petra Hektorivica<\/p>\n<p><strong><a href=\"https:\/\/www.topohvar.at\/orte\/sg\/sg-in-08-2\/\"><img loading=\"lazy\" decoding=\"async\" class=\"alignleft wp-image-2592\" src=\"https:\/\/www.topohvar.at\/wp-content\/uploads\/2018\/08\/sg-in-08-1-1024x503.jpg\" alt=\"\" width=\"114\" height=\"56\" srcset=\"https:\/\/www.topohvar.at\/wp-content\/uploads\/2018\/08\/sg-in-08-1-1024x503.jpg 1024w, https:\/\/www.topohvar.at\/wp-content\/uploads\/2018\/08\/sg-in-08-1-300x147.jpg 300w, https:\/\/www.topohvar.at\/wp-content\/uploads\/2018\/08\/sg-in-08-1-768x377.jpg 768w\" sizes=\"auto, (max-width: 114px) 100vw, 114px\" \/><\/a>Natpis \u00bbu atriumu do glavnih ulaznih vrata Tvrdalja\u00ab<br \/>\n<\/strong>SG-IN-08 \/ Trg Tvrdalja 12, Tvrdalj Petra Hektorivica<\/p>\n<p><strong><a href=\"https:\/\/www.topohvar.at\/orte\/sg\/sg-in-09-2\/\"><img loading=\"lazy\" decoding=\"async\" class=\"alignleft wp-image-387 size-full\" src=\"https:\/\/www.topohvar.at\/wp-content\/uploads\/2018\/07\/00-00-00-1.jpg\" alt=\"\" width=\"114\" height=\"56\" \/><\/a>Natpis \u00bbna bunaru u vrtu Tvrdalja\u00ab<br \/>\n<\/strong>SG-IN-09 \/ Trg Tvrdalja 12, Tvrdalj Petra Hektorivica<\/p>\n<p><strong><a href=\"https:\/\/www.topohvar.at\/orte\/sg\/sg-in-09-2\/\"><img loading=\"lazy\" decoding=\"async\" class=\"alignleft wp-image-387 size-full\" src=\"https:\/\/www.topohvar.at\/wp-content\/uploads\/2018\/07\/00-00-00-1.jpg\" alt=\"\" width=\"114\" height=\"56\" \/><\/a>Natpis \u00bbna stolu u vrtu Tvrdalja\u00ab<br \/>\n<\/strong>SG-IN-36 \/ Trg Tvrdalja 12, Tvrdalj Petra Hektorivica<\/p>\n<p><strong><a href=\"https:\/\/www.topohvar.at\/orte\/sg\/sg-in-10-2\/\"><img loading=\"lazy\" decoding=\"async\" class=\"alignleft wp-image-2593\" src=\"https:\/\/www.topohvar.at\/wp-content\/uploads\/2018\/08\/sg-in-10-1-1024x503.jpg\" alt=\"\" width=\"114\" height=\"56\" srcset=\"https:\/\/www.topohvar.at\/wp-content\/uploads\/2018\/08\/sg-in-10-1-1024x503.jpg 1024w, https:\/\/www.topohvar.at\/wp-content\/uploads\/2018\/08\/sg-in-10-1-300x147.jpg 300w, https:\/\/www.topohvar.at\/wp-content\/uploads\/2018\/08\/sg-in-10-1-768x377.jpg 768w\" sizes=\"auto, (max-width: 114px) 100vw, 114px\" \/><\/a>Natpis \u00bbnatpis (1) na ribnjaku Tvrdalja\u00ab<br \/>\n<\/strong>SG-IN-10 \/ Trg Tvrdalja 12, Tvrdalj Petra Hektorivica<\/p>\n<p><strong><a href=\"https:\/\/www.topohvar.at\/orte\/sg\/sg-in-18-2\/\"><img loading=\"lazy\" decoding=\"async\" class=\"alignleft wp-image-2601\" src=\"https:\/\/www.topohvar.at\/wp-content\/uploads\/2018\/08\/sg-in-18-1-1024x503.jpg\" alt=\"\" width=\"114\" height=\"56\" srcset=\"https:\/\/www.topohvar.at\/wp-content\/uploads\/2018\/08\/sg-in-18-1-1024x503.jpg 1024w, https:\/\/www.topohvar.at\/wp-content\/uploads\/2018\/08\/sg-in-18-1-300x147.jpg 300w, https:\/\/www.topohvar.at\/wp-content\/uploads\/2018\/08\/sg-in-18-1-768x377.jpg 768w\" sizes=\"auto, (max-width: 114px) 100vw, 114px\" \/><\/a>Natpis \u00bbnatpis (2) na ribnjaku Tvrdalja\u00ab<br \/>\n<\/strong>SG-IN-18 \/ Trg Tvrdalja 12, Tvrdalj Petra Hektorivica<\/p>\n<p><strong><a href=\"https:\/\/www.topohvar.at\/orte\/sg\/sg-in-12-2\/\"><img loading=\"lazy\" decoding=\"async\" class=\"alignleft wp-image-2595\" src=\"https:\/\/www.topohvar.at\/wp-content\/uploads\/2018\/08\/SG-IN-12-1-1024x503.jpg\" alt=\"\" width=\"114\" height=\"56\" srcset=\"https:\/\/www.topohvar.at\/wp-content\/uploads\/2018\/08\/SG-IN-12-1-1024x503.jpg 1024w, https:\/\/www.topohvar.at\/wp-content\/uploads\/2018\/08\/SG-IN-12-1-300x147.jpg 300w, https:\/\/www.topohvar.at\/wp-content\/uploads\/2018\/08\/SG-IN-12-1-768x377.jpg 768w\" sizes=\"auto, (max-width: 114px) 100vw, 114px\" \/><\/a>Natpis \u00bbnatpis (3) na ribnjaku Tvrdalja\u00ab<br \/>\n<\/strong>SG-IN-12 \/ Trg Tvrdalja 12, Tvrdalj Petra Hektorivica<\/p>\n<p><strong><a href=\"https:\/\/www.topohvar.at\/orte\/sg\/sg-in-13-2\/\"><img loading=\"lazy\" decoding=\"async\" class=\"alignleft wp-image-2596\" src=\"https:\/\/www.topohvar.at\/wp-content\/uploads\/2018\/08\/sg-in-13-1-1024x503.jpg\" alt=\"\" width=\"114\" height=\"56\" srcset=\"https:\/\/www.topohvar.at\/wp-content\/uploads\/2018\/08\/sg-in-13-1-1024x503.jpg 1024w, https:\/\/www.topohvar.at\/wp-content\/uploads\/2018\/08\/sg-in-13-1-300x147.jpg 300w, https:\/\/www.topohvar.at\/wp-content\/uploads\/2018\/08\/sg-in-13-1-768x377.jpg 768w\" sizes=\"auto, (max-width: 114px) 100vw, 114px\" \/><\/a>Natpis \u00bbnatpis (4) na ribnjaku Tvrdalja\u00ab<br \/>\n<\/strong>SG-IN-13 \/ Trg Tvrdalja 12, Tvrdalj Petra Hektorivica<\/p>\n<p><strong><a href=\"https:\/\/www.topohvar.at\/orte\/sg\/sg-in-14-2\/\"><img loading=\"lazy\" decoding=\"async\" class=\"alignleft wp-image-2597\" src=\"https:\/\/www.topohvar.at\/wp-content\/uploads\/2018\/08\/sg-in-14-1-1024x503.jpg\" alt=\"\" width=\"114\" height=\"56\" srcset=\"https:\/\/www.topohvar.at\/wp-content\/uploads\/2018\/08\/sg-in-14-1-1024x503.jpg 1024w, https:\/\/www.topohvar.at\/wp-content\/uploads\/2018\/08\/sg-in-14-1-300x147.jpg 300w, https:\/\/www.topohvar.at\/wp-content\/uploads\/2018\/08\/sg-in-14-1-768x377.jpg 768w\" sizes=\"auto, (max-width: 114px) 100vw, 114px\" \/><\/a>Natpis \u00bbnatpis (5) na ribnjaku Tvrdalja\u00ab<br \/>\n<\/strong>SG-IN-14\/ Trg Tvrdalja 12, Tvrdalj Petra Hektorivica<\/p>\n<p><strong><a href=\"https:\/\/www.topohvar.at\/orte\/sg\/sg-in-15-2\/\"><img loading=\"lazy\" decoding=\"async\" class=\"alignleft wp-image-2598\" src=\"https:\/\/www.topohvar.at\/wp-content\/uploads\/2018\/08\/sg-in-15-1-1024x503.jpg\" alt=\"\" width=\"114\" height=\"56\" srcset=\"https:\/\/www.topohvar.at\/wp-content\/uploads\/2018\/08\/sg-in-15-1-1024x503.jpg 1024w, https:\/\/www.topohvar.at\/wp-content\/uploads\/2018\/08\/sg-in-15-1-300x147.jpg 300w, https:\/\/www.topohvar.at\/wp-content\/uploads\/2018\/08\/sg-in-15-1-768x377.jpg 768w\" sizes=\"auto, (max-width: 114px) 100vw, 114px\" \/><\/a>Natpis \u00bbnatpis (6) na ribnjaku Tvrdalja\u00ab<br \/>\n<\/strong>SG-IN-15 \/ Trg Tvrdalja 12, Tvrdalj Petra Hektorivica<\/p>\n<p><strong><a href=\"https:\/\/www.topohvar.at\/orte\/sg\/sg-in-16-2\/\"><img loading=\"lazy\" decoding=\"async\" class=\"alignleft wp-image-2599\" src=\"https:\/\/www.topohvar.at\/wp-content\/uploads\/2018\/08\/sg-in-16-1-1024x503.jpg\" alt=\"\" width=\"114\" height=\"56\" srcset=\"https:\/\/www.topohvar.at\/wp-content\/uploads\/2018\/08\/sg-in-16-1-1024x503.jpg 1024w, https:\/\/www.topohvar.at\/wp-content\/uploads\/2018\/08\/sg-in-16-1-300x147.jpg 300w, https:\/\/www.topohvar.at\/wp-content\/uploads\/2018\/08\/sg-in-16-1-768x377.jpg 768w\" sizes=\"auto, (max-width: 114px) 100vw, 114px\" \/><\/a>Natpis \u00bbnatpis (7) na ribnjaku Tvrdalja\u00ab<br \/>\n<\/strong>SG-IN-16 \/ Trg Tvrdalja 12, Trvdalj Petra Hektorivica<\/p>\n<p><strong><a href=\"https:\/\/www.topohvar.at\/orte\/sg\/sg-in-17-2\/\"><img loading=\"lazy\" decoding=\"async\" class=\"alignleft wp-image-2600\" src=\"https:\/\/www.topohvar.at\/wp-content\/uploads\/2018\/08\/sg-in-17-1-1024x503.jpg\" alt=\"\" width=\"114\" height=\"56\" srcset=\"https:\/\/www.topohvar.at\/wp-content\/uploads\/2018\/08\/sg-in-17-1-1024x503.jpg 1024w, https:\/\/www.topohvar.at\/wp-content\/uploads\/2018\/08\/sg-in-17-1-300x147.jpg 300w, https:\/\/www.topohvar.at\/wp-content\/uploads\/2018\/08\/sg-in-17-1-768x377.jpg 768w\" sizes=\"auto, (max-width: 114px) 100vw, 114px\" \/><\/a>Natpis \u00bbnatpis (8) na ribnjaku Tvrdalja\u00ab<br \/>\n<\/strong>SG-IN-17 \/ Trg Tvrdalja 12, Tvrdalj Petra Hektorivica<\/p>\n<p><strong><a href=\"https:\/\/www.topohvar.at\/orte\/sg\/sg-in-19-2\/\"><img loading=\"lazy\" decoding=\"async\" class=\"alignleft wp-image-387 size-full\" src=\"https:\/\/www.topohvar.at\/wp-content\/uploads\/2018\/07\/00-00-00-1.jpg\" alt=\"\" width=\"114\" height=\"56\" \/><\/a>Natpisi u susjednoj zgradi Tvrdalja<br \/>\n<\/strong>SG-IN-19 \/ Trg Tvrdalja 12, Tvrdalj Petra Hektorivica<\/p>\n<p><strong><a href=\"https:\/\/www.topohvar.at\/orte\/sg\/sg-in-32-1\/\"><img loading=\"lazy\" decoding=\"async\" class=\"alignleft wp-image-13061\" src=\"https:\/\/www.topohvar.at\/wp-content\/uploads\/2018\/10\/sg-in-32-0-1024x503.jpg\" alt=\"\" width=\"114\" height=\"56\" srcset=\"https:\/\/www.topohvar.at\/wp-content\/uploads\/2018\/10\/sg-in-32-0-1024x503.jpg 1024w, https:\/\/www.topohvar.at\/wp-content\/uploads\/2018\/10\/sg-in-32-0-300x147.jpg 300w, https:\/\/www.topohvar.at\/wp-content\/uploads\/2018\/10\/sg-in-32-0-768x377.jpg 768w, https:\/\/www.topohvar.at\/wp-content\/uploads\/2018\/10\/sg-in-32-0.jpg 1080w\" sizes=\"auto, (max-width: 114px) 100vw, 114px\" \/><\/a>Natpis \u00bbDraga Voda\u00ab<br \/>\n<\/strong>SG-IN-32 \/ Trg Tvrdalja 12, Tvrdalj Petra Hektorivica<\/p>\n<p><strong><a href=\"https:\/\/www.topohvar.at\/orte\/sg\/sg-in-20-2\/\"><img loading=\"lazy\" decoding=\"async\" class=\"alignleft wp-image-2602\" src=\"https:\/\/www.topohvar.at\/wp-content\/uploads\/2018\/08\/sg-in-20-1-1024x503.jpg\" alt=\"\" width=\"114\" height=\"56\" srcset=\"https:\/\/www.topohvar.at\/wp-content\/uploads\/2018\/08\/sg-in-20-1-1024x503.jpg 1024w, https:\/\/www.topohvar.at\/wp-content\/uploads\/2018\/08\/sg-in-20-1-300x147.jpg 300w, https:\/\/www.topohvar.at\/wp-content\/uploads\/2018\/08\/sg-in-20-1-768x377.jpg 768w\" sizes=\"auto, (max-width: 114px) 100vw, 114px\" \/><\/a>Natpis \u00bbkod Gradsko groblje\u00ab<br \/>\n<\/strong>SG-IN-20 \/\u00a0Stari Grad, Torjun<\/p>\n<p><strong><a href=\"https:\/\/www.topohvar.at\/orte\/sg\/sg-in-21-2\/\"><img loading=\"lazy\" decoding=\"async\" class=\"alignleft wp-image-387 size-full\" src=\"https:\/\/www.topohvar.at\/wp-content\/uploads\/2018\/07\/00-00-00-1.jpg\" alt=\"\" width=\"114\" height=\"56\" \/><\/a>Natpis \u00bbiznad portala crkve Sv. Petra Mu\u010denike\u00ab<br \/>\n<\/strong>SG-IN-21 \/ Kod sv. Petra 1, crkva Sv. Petra Mu\u010denika<\/p>\n<p><strong><a href=\"https:\/\/www.topohvar.at\/orte\/sg\/sg-in-22-2\/\"><img loading=\"lazy\" decoding=\"async\" class=\"alignleft wp-image-2603\" src=\"https:\/\/www.topohvar.at\/wp-content\/uploads\/2018\/08\/sg-in-22-1-1024x503.jpg\" alt=\"\" width=\"114\" height=\"56\" srcset=\"https:\/\/www.topohvar.at\/wp-content\/uploads\/2018\/08\/sg-in-22-1-1024x503.jpg 1024w, https:\/\/www.topohvar.at\/wp-content\/uploads\/2018\/08\/sg-in-22-1-300x147.jpg 300w, https:\/\/www.topohvar.at\/wp-content\/uploads\/2018\/08\/sg-in-22-1-768x377.jpg 768w\" sizes=\"auto, (max-width: 114px) 100vw, 114px\" \/><\/a>Natpis \u00bbna stepenicama crkve Sv. Roke\u00ab<br \/>\n<\/strong>SG-IN-22 \/ Stari Grad, Kod sv. Roka, crkva sv. Roka<\/p>\n<p><strong><a href=\"https:\/\/www.topohvar.at\/orte\/sg\/sg-in-23-2\/\"><img loading=\"lazy\" decoding=\"async\" class=\"alignleft wp-image-2604\" src=\"https:\/\/www.topohvar.at\/wp-content\/uploads\/2018\/08\/sg-in-23-1-1024x503.jpg\" alt=\"\" width=\"114\" height=\"56\" srcset=\"https:\/\/www.topohvar.at\/wp-content\/uploads\/2018\/08\/sg-in-23-1-1024x503.jpg 1024w, https:\/\/www.topohvar.at\/wp-content\/uploads\/2018\/08\/sg-in-23-1-300x147.jpg 300w, https:\/\/www.topohvar.at\/wp-content\/uploads\/2018\/08\/sg-in-23-1-768x377.jpg 768w\" sizes=\"auto, (max-width: 114px) 100vw, 114px\" \/><\/a>Natpis \u00bbu\u00a0pragu vratima crkva Sv. Roka\u00ab<br \/>\n<\/strong>SG-IN-23 \/ Stari Grad, Kod sv. Roka, crkva sv. Roka<\/p>\n<p><strong><a href=\"https:\/\/www.topohvar.at\/orte\/sg\/sg-in-24-2\/\"><img loading=\"lazy\" decoding=\"async\" class=\"alignleft wp-image-2605\" src=\"https:\/\/www.topohvar.at\/wp-content\/uploads\/2018\/08\/sg-in-24-1-1024x503.jpg\" alt=\"\" width=\"114\" height=\"56\" srcset=\"https:\/\/www.topohvar.at\/wp-content\/uploads\/2018\/08\/sg-in-24-1-1024x503.jpg 1024w, https:\/\/www.topohvar.at\/wp-content\/uploads\/2018\/08\/sg-in-24-1-300x147.jpg 300w, https:\/\/www.topohvar.at\/wp-content\/uploads\/2018\/08\/sg-in-24-1-768x377.jpg 768w\" sizes=\"auto, (max-width: 114px) 100vw, 114px\" \/><\/a>Natpis \u00bbu dvori\u0161tu dominikanskog samostana\u00ab<br \/>\n<\/strong>SG-IN-24 \/ Stari Grad, Kod sv. Petra 1, Dominikanski samostan<\/p>\n<p><strong><a href=\"https:\/\/www.topohvar.at\/orte\/sg\/sg-in-25-2\/\"><img loading=\"lazy\" decoding=\"async\" class=\"alignleft wp-image-2606\" src=\"https:\/\/www.topohvar.at\/wp-content\/uploads\/2018\/08\/SG-IN-25-1-1024x503.jpg\" alt=\"\" width=\"114\" height=\"56\" srcset=\"https:\/\/www.topohvar.at\/wp-content\/uploads\/2018\/08\/SG-IN-25-1-1024x503.jpg 1024w, https:\/\/www.topohvar.at\/wp-content\/uploads\/2018\/08\/SG-IN-25-1-300x147.jpg 300w, https:\/\/www.topohvar.at\/wp-content\/uploads\/2018\/08\/SG-IN-25-1-768x377.jpg 768w\" sizes=\"auto, (max-width: 114px) 100vw, 114px\" \/><\/a>Natpis \u00bbna nadvratniku zidane vratima\u00ab<br \/>\n<\/strong>SG-IN-25 \/ Stari Grad, Ulica Ljudevita Gaja 8<\/p>\n<p><strong><a href=\"https:\/\/www.topohvar.at\/orte\/sg\/sg-in-26-2\/\"><img loading=\"lazy\" decoding=\"async\" class=\"alignleft wp-image-2607\" src=\"https:\/\/www.topohvar.at\/wp-content\/uploads\/2018\/08\/sg-in-26-1-1024x503.jpg\" alt=\"\" width=\"114\" height=\"56\" srcset=\"https:\/\/www.topohvar.at\/wp-content\/uploads\/2018\/08\/sg-in-26-1-1024x503.jpg 1024w, https:\/\/www.topohvar.at\/wp-content\/uploads\/2018\/08\/sg-in-26-1-300x147.jpg 300w, https:\/\/www.topohvar.at\/wp-content\/uploads\/2018\/08\/sg-in-26-1-768x377.jpg 768w\" sizes=\"auto, (max-width: 114px) 100vw, 114px\" \/><\/a>Natpis \u00bbna rodna ku\u0107a Jurja \u0160karpe\u00ab<br \/>\n<\/strong>SG-IN-26 \/ Stari Grad, Trg Jurja \u0160karpe, rodna ku\u0107a Jurja \u0160karpe<\/p>\n<p><strong><a href=\"https:\/\/www.topohvar.at\/orte\/sg\/sg-in-27-2\/\"><img loading=\"lazy\" decoding=\"async\" class=\"alignleft wp-image-2608\" src=\"https:\/\/www.topohvar.at\/wp-content\/uploads\/2018\/08\/sg-in-27-1-1024x503.jpg\" alt=\"\" width=\"114\" height=\"56\" srcset=\"https:\/\/www.topohvar.at\/wp-content\/uploads\/2018\/08\/sg-in-27-1-1024x503.jpg 1024w, https:\/\/www.topohvar.at\/wp-content\/uploads\/2018\/08\/sg-in-27-1-300x147.jpg 300w, https:\/\/www.topohvar.at\/wp-content\/uploads\/2018\/08\/sg-in-27-1-768x377.jpg 768w\" sizes=\"auto, (max-width: 114px) 100vw, 114px\" \/><\/a>Natpis \u00bb1602 na nadvratniku\u00ab<br \/>\n<\/strong>SG-IN-27 \/ Stari Grad, Duolnjo Kola 34<\/p>\n<p><strong><a href=\"https:\/\/www.topohvar.at\/orte\/sg\/sg-in-31-1\/\"><img loading=\"lazy\" decoding=\"async\" class=\"alignleft wp-image-13044\" src=\"https:\/\/www.topohvar.at\/wp-content\/uploads\/2018\/10\/sg-in-31-0-1024x503.jpg\" alt=\"\" width=\"114\" height=\"56\" srcset=\"https:\/\/www.topohvar.at\/wp-content\/uploads\/2018\/10\/sg-in-31-0-1024x503.jpg 1024w, https:\/\/www.topohvar.at\/wp-content\/uploads\/2018\/10\/sg-in-31-0-300x147.jpg 300w, https:\/\/www.topohvar.at\/wp-content\/uploads\/2018\/10\/sg-in-31-0-768x377.jpg 768w, https:\/\/www.topohvar.at\/wp-content\/uploads\/2018\/10\/sg-in-31-0.jpg 1080w\" sizes=\"auto, (max-width: 114px) 100vw, 114px\" \/><\/a>Natpis \u00bbKod Sv. Stjepana\u00ab<br \/>\n<\/strong>SG-IN-31 \/ Stari Grad, Ulica Tonka Maroevi\u0107a<\/p>\n<p><strong><a href=\"https:\/\/www.topohvar.at\/orte\/sg\/sg-in-33-1\/\"><img loading=\"lazy\" decoding=\"async\" class=\"alignleft wp-image-22561\" src=\"https:\/\/www.topohvar.at\/wp-content\/uploads\/2019\/05\/sg-in-33-10-1024x503.jpg\" alt=\"\" width=\"114\" height=\"56\" srcset=\"https:\/\/www.topohvar.at\/wp-content\/uploads\/2019\/05\/sg-in-33-10-1024x503.jpg 1024w, https:\/\/www.topohvar.at\/wp-content\/uploads\/2019\/05\/sg-in-33-10-300x147.jpg 300w, https:\/\/www.topohvar.at\/wp-content\/uploads\/2019\/05\/sg-in-33-10-768x377.jpg 768w, https:\/\/www.topohvar.at\/wp-content\/uploads\/2019\/05\/sg-in-33-10.jpg 1080w\" sizes=\"auto, (max-width: 114px) 100vw, 114px\" \/><\/a>Natpis \u00bbIesvs Deus mevs\u00ab iznad vrata<br \/>\n<\/strong>SG-IN-33 \/ Stari Grad, Ulica Ante Star\u010devi\u0107a 12<\/p>\n<p><strong><a href=\"https:\/\/www.topohvar.at\/orte\/sg\/sg-in-28-2\/\"><img loading=\"lazy\" decoding=\"async\" class=\"alignleft wp-image-2609\" src=\"https:\/\/www.topohvar.at\/wp-content\/uploads\/2018\/08\/sg-in-28-1-1024x503.jpg\" alt=\"\" width=\"114\" height=\"56\" srcset=\"https:\/\/www.topohvar.at\/wp-content\/uploads\/2018\/08\/sg-in-28-1-1024x503.jpg 1024w, https:\/\/www.topohvar.at\/wp-content\/uploads\/2018\/08\/sg-in-28-1-300x147.jpg 300w, https:\/\/www.topohvar.at\/wp-content\/uploads\/2018\/08\/sg-in-28-1-768x377.jpg 768w\" sizes=\"auto, (max-width: 114px) 100vw, 114px\" \/><\/a>Natpis \u00bbRimski natpis zakrenuti za 90\u00b0\u00ab<br \/>\n<\/strong>SG-IN-28 \/\u00a0Stari Grad, Vagonj 31<\/p>\n<p><strong><a href=\"https:\/\/www.topohvar.at\/orte\/sg\/sg-in-11-2\/\"><img loading=\"lazy\" decoding=\"async\" class=\"alignleft wp-image-38166\" src=\"https:\/\/www.topohvar.at\/wp-content\/uploads\/2020\/06\/sg-in-11-1.jpg\" alt=\"\" width=\"114\" height=\"56\" srcset=\"https:\/\/www.topohvar.at\/wp-content\/uploads\/2020\/06\/sg-in-11-1.jpg 640w, https:\/\/www.topohvar.at\/wp-content\/uploads\/2020\/06\/sg-in-11-1-300x147.jpg 300w\" sizes=\"auto, (max-width: 114px) 100vw, 114px\" \/><\/a>Natpis \u00bbMAGNVS MVRVS\u00ab<br \/>\n<\/strong>SG-IN-11 \/ Stari Grad, Bori\u0107i<\/p>\n<p><strong><a href=\"https:\/\/www.topohvar.at\/orte\/sg\/sg-in-29-2\/\"><img loading=\"lazy\" decoding=\"async\" class=\"alignleft wp-image-2610\" src=\"https:\/\/www.topohvar.at\/wp-content\/uploads\/2018\/08\/sg-in-29-1-1024x503.jpg\" alt=\"\" width=\"114\" height=\"56\" srcset=\"https:\/\/www.topohvar.at\/wp-content\/uploads\/2018\/08\/sg-in-29-1-1024x503.jpg 1024w, https:\/\/www.topohvar.at\/wp-content\/uploads\/2018\/08\/sg-in-29-1-300x147.jpg 300w, https:\/\/www.topohvar.at\/wp-content\/uploads\/2018\/08\/sg-in-29-1-768x377.jpg 768w\" sizes=\"auto, (max-width: 114px) 100vw, 114px\" \/><\/a>Natpis \u00bbOzna\u010davanje poplave 1830\u00ab<br \/>\n<\/strong>SG-IN-29 \/ Stari Grad, Riva 16<\/p>\n<p><strong><a href=\"https:\/\/www.topohvar.at\/orte\/sg\/sg-in-42-1\/\"><img loading=\"lazy\" decoding=\"async\" class=\"alignleft wp-image-66177\" src=\"https:\/\/www.topohvar.at\/wp-content\/uploads\/2024\/04\/SG-IN-42-0-300x147.jpg\" alt=\"\" width=\"114\" height=\"56\" srcset=\"https:\/\/www.topohvar.at\/wp-content\/uploads\/2024\/04\/SG-IN-42-0-300x147.jpg 300w, https:\/\/www.topohvar.at\/wp-content\/uploads\/2024\/04\/SG-IN-42-0-1024x503.jpg 1024w, https:\/\/www.topohvar.at\/wp-content\/uploads\/2024\/04\/SG-IN-42-0-768x377.jpg 768w, https:\/\/www.topohvar.at\/wp-content\/uploads\/2024\/04\/SG-IN-42-0.jpg 1080w\" sizes=\"auto, (max-width: 114px) 100vw, 114px\" \/><\/a>Natpis \u00bbAD MCMXC\u00ab<br \/>\n<\/strong>SG-IN-42 \/ Stari Grad, \u0160iberija 31<\/p>\n<p><strong><a href=\"https:\/\/www.topohvar.at\/orte\/sg\/sg-in-43-1\/\"><img loading=\"lazy\" decoding=\"async\" class=\"alignleft wp-image-69793\" src=\"https:\/\/www.topohvar.at\/wp-content\/uploads\/2024\/11\/sg-in-43-0-300x147.jpg\" alt=\"\" width=\"114\" height=\"56\" srcset=\"https:\/\/www.topohvar.at\/wp-content\/uploads\/2024\/11\/sg-in-43-0-300x147.jpg 300w, https:\/\/www.topohvar.at\/wp-content\/uploads\/2024\/11\/sg-in-43-0-1024x503.jpg 1024w, https:\/\/www.topohvar.at\/wp-content\/uploads\/2024\/11\/sg-in-43-0-768x377.jpg 768w, https:\/\/www.topohvar.at\/wp-content\/uploads\/2024\/11\/sg-in-43-0.jpg 1080w\" sizes=\"auto, (max-width: 114px) 100vw, 114px\" \/><\/a>Natpis \u00bbAD MCMXC\u00ab<br \/>\n<\/strong>SG-IN-43 \/ Stari Grad, Ulica Matije Gupca \/ Prvi Donji dvor<\/p>\n<p><strong><a href=\"https:\/\/www.topohvar.at\/orte\/sg\/sg-in-35-2\/\"><img loading=\"lazy\" decoding=\"async\" class=\"alignleft wp-image-3455\" src=\"https:\/\/www.topohvar.at\/wp-content\/uploads\/2018\/08\/SG-Is-38-1-1024x503.jpg\" alt=\"\" width=\"114\" height=\"56\" srcset=\"https:\/\/www.topohvar.at\/wp-content\/uploads\/2018\/08\/SG-Is-38-1-1024x503.jpg 1024w, https:\/\/www.topohvar.at\/wp-content\/uploads\/2018\/08\/SG-Is-38-1-300x147.jpg 300w, https:\/\/www.topohvar.at\/wp-content\/uploads\/2018\/08\/SG-Is-38-1-768x377.jpg 768w\" sizes=\"auto, (max-width: 114px) 100vw, 114px\" \/><\/a>Natpis \u00bbHarna G.\u00ab<br \/>\n<\/strong>SG -IN-35 \/ Polje, put na Dol<\/p>\n<p><strong><a href=\"https:\/\/www.topohvar.at\/orte\/sg\/sg-in-44-1\/\"><img loading=\"lazy\" decoding=\"async\" class=\"alignleft wp-image-72018\" src=\"https:\/\/www.topohvar.at\/wp-content\/uploads\/2025\/05\/sg-in-44-0-300x147.jpg\" alt=\"\" width=\"114\" height=\"56\" srcset=\"https:\/\/www.topohvar.at\/wp-content\/uploads\/2025\/05\/sg-in-44-0-300x147.jpg 300w, https:\/\/www.topohvar.at\/wp-content\/uploads\/2025\/05\/sg-in-44-0-1024x503.jpg 1024w, https:\/\/www.topohvar.at\/wp-content\/uploads\/2025\/05\/sg-in-44-0-768x377.jpg 768w, https:\/\/www.topohvar.at\/wp-content\/uploads\/2025\/05\/sg-in-44-0.jpg 1080w\" sizes=\"auto, (max-width: 114px) 100vw, 114px\" \/><\/a>Natpis \u00bbKadnjok\u00ab<br \/>\n<\/strong>SG -IN-44 \/ Polje, Goba\u0161ko bardo, Komonov put<\/p>\n<p><strong><a href=\"https:\/\/www.topohvar.at\/topo\/orte\/sg\/sg-in-45-1\/\"><img loading=\"lazy\" decoding=\"async\" class=\"alignleft wp-image-72040\" src=\"https:\/\/www.topohvar.at\/wp-content\/uploads\/2025\/05\/sg-in-45-0-300x147.jpg\" alt=\"\" width=\"114\" height=\"56\" srcset=\"https:\/\/www.topohvar.at\/wp-content\/uploads\/2025\/05\/sg-in-45-0-300x147.jpg 300w, https:\/\/www.topohvar.at\/wp-content\/uploads\/2025\/05\/sg-in-45-0-1024x503.jpg 1024w, https:\/\/www.topohvar.at\/wp-content\/uploads\/2025\/05\/sg-in-45-0-768x377.jpg 768w, https:\/\/www.topohvar.at\/wp-content\/uploads\/2025\/05\/sg-in-45-0.jpg 1080w\" sizes=\"auto, (max-width: 114px) 100vw, 114px\" \/><\/a>Natpis \u00bbRP<sub>P<\/sub>D.\u00ab<br \/>\n<\/strong>SG -IN-45 \/ Polje, Gornji Rugonji<\/p>\n<p><strong><a href=\"https:\/\/www.topohvar.at\/topo\/orte\/sg\/sg-in-46-1\/\"><img loading=\"lazy\" decoding=\"async\" class=\"alignleft wp-image-72052\" src=\"https:\/\/www.topohvar.at\/wp-content\/uploads\/2025\/05\/sg-in-46-10-300x147.jpg\" alt=\"\" width=\"114\" height=\"56\" srcset=\"https:\/\/www.topohvar.at\/wp-content\/uploads\/2025\/05\/sg-in-46-10-300x147.jpg 300w, https:\/\/www.topohvar.at\/wp-content\/uploads\/2025\/05\/sg-in-46-10-1024x503.jpg 1024w, https:\/\/www.topohvar.at\/wp-content\/uploads\/2025\/05\/sg-in-46-10-768x377.jpg 768w, https:\/\/www.topohvar.at\/wp-content\/uploads\/2025\/05\/sg-in-46-10.jpg 1080w\" sizes=\"auto, (max-width: 114px) 100vw, 114px\" \/><\/a>Natpis \u00bb\u00bb2 natpisa u ku\u0107i\u00ab\u00ab<br \/>\n<\/strong>SG -IN-46 \/ Polje, Gornji Rugonji<\/p>\n<p><strong><a href=\"https:\/\/www.topohvar.at\/orte\/sg\/sg-in-38-1\/\"><img loading=\"lazy\" decoding=\"async\" class=\"alignleft wp-image-54919\" src=\"https:\/\/www.topohvar.at\/wp-content\/uploads\/2021\/12\/sg-in-38-1-300x147.jpg\" alt=\"\" width=\"114\" height=\"56\" srcset=\"https:\/\/www.topohvar.at\/wp-content\/uploads\/2021\/12\/sg-in-38-1-300x147.jpg 300w, https:\/\/www.topohvar.at\/wp-content\/uploads\/2021\/12\/sg-in-38-1-1024x503.jpg 1024w, https:\/\/www.topohvar.at\/wp-content\/uploads\/2021\/12\/sg-in-38-1-768x377.jpg 768w, https:\/\/www.topohvar.at\/wp-content\/uploads\/2021\/12\/sg-in-38-1.jpg 1080w\" sizes=\"auto, (max-width: 114px) 100vw, 114px\" \/><\/a>Zavjetni i spomen natpis \u00bbIHS \u2013 1851\u00ab<br \/>\n<\/strong>SG -IN-38 \/ Maslinica, ku\u0107a Ili\u0107<\/p>\n<p><strong><a href=\"https:\/\/www.topohvar.at\/orte\/sg\/sg-in-37-1\/\"><img loading=\"lazy\" decoding=\"async\" class=\"alignleft wp-image-37536\" src=\"https:\/\/www.topohvar.at\/wp-content\/uploads\/2020\/05\/sg-in-37-0-300x147.jpg\" alt=\"\" width=\"114\" height=\"56\" srcset=\"https:\/\/www.topohvar.at\/wp-content\/uploads\/2020\/05\/sg-in-37-0-300x147.jpg 300w, https:\/\/www.topohvar.at\/wp-content\/uploads\/2020\/05\/sg-in-37-0-1024x503.jpg 1024w, https:\/\/www.topohvar.at\/wp-content\/uploads\/2020\/05\/sg-in-37-0-768x377.jpg 768w, https:\/\/www.topohvar.at\/wp-content\/uploads\/2020\/05\/sg-in-37-0.jpg 1080w\" sizes=\"auto, (max-width: 114px) 100vw, 114px\" \/><\/a>Natpis \u00bbna oltaru na Glavici\u00ab<br \/>\n<\/strong>SG -IN-37 \/ Polje, Glavica<\/p>\n<p><strong><a href=\"https:\/\/www.topohvar.at\/orte\/sg\/sg-in-34-1\/\"><img loading=\"lazy\" decoding=\"async\" class=\"alignleft wp-image-22667\" src=\"https:\/\/www.topohvar.at\/wp-content\/uploads\/2019\/05\/sg-in-34-1.jpg\" alt=\"\" width=\"114\" height=\"56\" srcset=\"https:\/\/www.topohvar.at\/wp-content\/uploads\/2019\/05\/sg-in-34-1.jpg 910w, https:\/\/www.topohvar.at\/wp-content\/uploads\/2019\/05\/sg-in-34-1-300x147.jpg 300w, https:\/\/www.topohvar.at\/wp-content\/uploads\/2019\/05\/sg-in-34-1-768x376.jpg 768w\" sizes=\"auto, (max-width: 114px) 100vw, 114px\" \/><\/a>Natpis \u00bb1908\u00ab<br \/>\n<\/strong>SG-IN-34 \/ \u00a0Stari Grad, \u0160etali\u0161te slikara J. Plan\u010di\u0107a 7<\/p>\n<p><strong><a href=\"https:\/\/www.topohvar.at\/orte\/sg\/sg-in-39-1\/\"><img loading=\"lazy\" decoding=\"async\" class=\"alignleft wp-image-64602\" src=\"https:\/\/www.topohvar.at\/wp-content\/uploads\/2023\/11\/SG-IN-39-01-300x147.jpg\" alt=\"\" width=\"114\" height=\"56\" srcset=\"https:\/\/www.topohvar.at\/wp-content\/uploads\/2023\/11\/SG-IN-39-01-300x147.jpg 300w, https:\/\/www.topohvar.at\/wp-content\/uploads\/2023\/11\/SG-IN-39-01-1024x503.jpg 1024w, https:\/\/www.topohvar.at\/wp-content\/uploads\/2023\/11\/SG-IN-39-01-768x377.jpg 768w, https:\/\/www.topohvar.at\/wp-content\/uploads\/2023\/11\/SG-IN-39-01.jpg 1080w\" sizes=\"auto, (max-width: 114px) 100vw, 114px\" \/><\/a>Natpis \u00bb\u0160ITA\u00ab<br \/>\n<\/strong>SG-IN-39 \/ \u00a0Stari Grad, Put Od Lanterne<\/p>\n<p><strong><a href=\"https:\/\/www.topohvar.at\/orte\/sg\/sg-in-40-1\/\"><img loading=\"lazy\" decoding=\"async\" class=\"alignleft wp-image-64610\" src=\"https:\/\/www.topohvar.at\/wp-content\/uploads\/2023\/11\/SG-IN-40-1-300x147.jpg\" alt=\"\" width=\"114\" height=\"56\" srcset=\"https:\/\/www.topohvar.at\/wp-content\/uploads\/2023\/11\/SG-IN-40-1-300x147.jpg 300w, https:\/\/www.topohvar.at\/wp-content\/uploads\/2023\/11\/SG-IN-40-1-1024x503.jpg 1024w, https:\/\/www.topohvar.at\/wp-content\/uploads\/2023\/11\/SG-IN-40-1-768x377.jpg 768w, https:\/\/www.topohvar.at\/wp-content\/uploads\/2023\/11\/SG-IN-40-1.jpg 1080w\" sizes=\"auto, (max-width: 114px) 100vw, 114px\" \/><\/a>Natpis \u00bbSLAVE\u00ab<br \/>\n<\/strong>SG-IN-40 \/ \u00a0Stari Grad, Put Od Lanterne<\/p>\n<p><strong><a href=\"https:\/\/www.topohvar.at\/orte\/sg\/sg-in-41-1\/\"><img loading=\"lazy\" decoding=\"async\" class=\"alignleft wp-image-66162\" src=\"https:\/\/www.topohvar.at\/wp-content\/uploads\/2024\/04\/SG-IN-41-12-300x147.jpg\" alt=\"\" width=\"114\" height=\"56\" srcset=\"https:\/\/www.topohvar.at\/wp-content\/uploads\/2024\/04\/SG-IN-41-12-300x147.jpg 300w, https:\/\/www.topohvar.at\/wp-content\/uploads\/2024\/04\/SG-IN-41-12-1024x503.jpg 1024w, https:\/\/www.topohvar.at\/wp-content\/uploads\/2024\/04\/SG-IN-41-12-768x377.jpg 768w, https:\/\/www.topohvar.at\/wp-content\/uploads\/2024\/04\/SG-IN-41-12.jpg 1080w\" sizes=\"auto, (max-width: 114px) 100vw, 114px\" \/><\/a>Natpis \u00bb1929\u00ab<br \/>\n<\/strong>SG-IN-41 \/ \u00a0Stari Grad, Put Od Lanterne<\/p>\n<p><strong><a href=\"https:\/\/www.topohvar.at\/orte\/sg\/sg-in-30-2\/\"><img loading=\"lazy\" decoding=\"async\" class=\"alignleft wp-image-2999\" src=\"https:\/\/www.topohvar.at\/wp-content\/uploads\/2018\/08\/sg-ir-01-1-1024x503.jpg\" alt=\"\" width=\"114\" height=\"56\" srcset=\"https:\/\/www.topohvar.at\/wp-content\/uploads\/2018\/08\/sg-ir-01-1-1024x503.jpg 1024w, https:\/\/www.topohvar.at\/wp-content\/uploads\/2018\/08\/sg-ir-01-1-300x147.jpg 300w, https:\/\/www.topohvar.at\/wp-content\/uploads\/2018\/08\/sg-ir-01-1-768x377.jpg 768w\" sizes=\"auto, (max-width: 114px) 100vw, 114px\" \/><\/a>Natpis \u00bbiznad reljefa na pro\u010delju\u00ab\u00ab<br \/>\n<\/strong>SG-IN-30 \/ Stari Grad,\u00a0Obala Hrvatskih Branitelja, crkva Sv. Jerolima<\/p>\n<p style=\"text-align: right;\"><a href=\"#seite_oben\"><span style=\"color: #3366ff;\">natrag na vrh \/ Seitenanfang<\/span><\/a><\/p>\n<p><a name=\"ip\"><\/a><\/p>\n<hr \/>\n<h2><strong><span style=\"color: #ff0000;\">Plo\u010de \/ Tafeln<\/span><\/strong><\/h2>\n<p><strong><a href=\"https:\/\/www.topohvar.at\/orte\/sg\/sg-ip-01-2\/\"><img loading=\"lazy\" decoding=\"async\" class=\"alignleft wp-image-2855\" src=\"https:\/\/www.topohvar.at\/wp-content\/uploads\/2018\/08\/SG-IP-01-1-1024x503.jpg\" alt=\"\" width=\"114\" height=\"56\" srcset=\"https:\/\/www.topohvar.at\/wp-content\/uploads\/2018\/08\/SG-IP-01-1-1024x503.jpg 1024w, https:\/\/www.topohvar.at\/wp-content\/uploads\/2018\/08\/SG-IP-01-1-300x147.jpg 300w, https:\/\/www.topohvar.at\/wp-content\/uploads\/2018\/08\/SG-IP-01-1-768x377.jpg 768w\" sizes=\"auto, (max-width: 114px) 100vw, 114px\" \/><\/a>Informativna plo\u010da \u00bbpovijest polja\u00ab<br \/>\n<\/strong>SG-IP-01 \/ Stari Grad, Put Gospojice<\/p>\n<p><strong><a href=\"https:\/\/www.topohvar.at\/orte\/sg\/sg-ip-03-2\/\"><img loading=\"lazy\" decoding=\"async\" class=\"alignleft wp-image-2857\" src=\"https:\/\/www.topohvar.at\/wp-content\/uploads\/2018\/08\/SG-IP-03-1-2-1024x511.jpg\" alt=\"\" width=\"112\" height=\"56\" srcset=\"https:\/\/www.topohvar.at\/wp-content\/uploads\/2018\/08\/SG-IP-03-1-2-1024x511.jpg 1024w, https:\/\/www.topohvar.at\/wp-content\/uploads\/2018\/08\/SG-IP-03-1-2-300x150.jpg 300w, https:\/\/www.topohvar.at\/wp-content\/uploads\/2018\/08\/SG-IP-03-1-2-768x383.jpg 768w\" sizes=\"auto, (max-width: 112px) 100vw, 112px\" \/><\/a>Informativna plo\u010da \u00bbSelinin put\u00ab<br \/>\n<\/strong>SG-IP-03\/ Stari Grad, Put Gospojice<\/p>\n<p><strong><a href=\"https:\/\/www.topohvar.at\/orte\/sg\/sg-ip-04-2\/\"><img loading=\"lazy\" decoding=\"async\" class=\"alignleft wp-image-2858\" src=\"https:\/\/www.topohvar.at\/wp-content\/uploads\/2018\/08\/SG-IP-04-1-1024x503.jpg\" alt=\"\" width=\"114\" height=\"56\" srcset=\"https:\/\/www.topohvar.at\/wp-content\/uploads\/2018\/08\/SG-IP-04-1-1024x503.jpg 1024w, https:\/\/www.topohvar.at\/wp-content\/uploads\/2018\/08\/SG-IP-04-1-300x147.jpg 300w, https:\/\/www.topohvar.at\/wp-content\/uploads\/2018\/08\/SG-IP-04-1-768x377.jpg 768w\" sizes=\"auto, (max-width: 114px) 100vw, 114px\" \/><\/a>Informativna plo\u010da \u00bbput Demetrija Farskog\u00ab<br \/>\n<\/strong>SG-IP-04 \/ Stari Grad, Put Gospojice<\/p>\n<p><strong><a href=\"https:\/\/www.topohvar.at\/orte\/sg\/sg-ip-21-1\/\"><img loading=\"lazy\" decoding=\"async\" class=\"alignleft wp-image-71946\" src=\"https:\/\/www.topohvar.at\/wp-content\/uploads\/2025\/05\/sg-ip-22-0-300x147.jpg\" alt=\"\" width=\"114\" height=\"56\" srcset=\"https:\/\/www.topohvar.at\/wp-content\/uploads\/2025\/05\/sg-ip-22-0-300x147.jpg 300w, https:\/\/www.topohvar.at\/wp-content\/uploads\/2025\/05\/sg-ip-22-0-1024x503.jpg 1024w, https:\/\/www.topohvar.at\/wp-content\/uploads\/2025\/05\/sg-ip-22-0-768x377.jpg 768w, https:\/\/www.topohvar.at\/wp-content\/uploads\/2025\/05\/sg-ip-22-0.jpg 1080w\" sizes=\"auto, (max-width: 114px) 100vw, 114px\" \/><\/a>Informativna plo\u010da \u00bbDobrodo\u0161li 2\u00ab<br \/>\n<\/strong>SG-IP-22 \/ Stari Grad, Put Gospojice, trafostanica<\/p>\n<p><strong><a href=\"https:\/\/www.topohvar.at\/orte\/sg\/sg-ip-22-1\/\"><img loading=\"lazy\" decoding=\"async\" class=\"alignleft wp-image-71934\" src=\"https:\/\/www.topohvar.at\/wp-content\/uploads\/2025\/05\/sg-ip-21-0-300x147.jpg\" alt=\"\" width=\"114\" height=\"56\" srcset=\"https:\/\/www.topohvar.at\/wp-content\/uploads\/2025\/05\/sg-ip-21-0-300x147.jpg 300w, https:\/\/www.topohvar.at\/wp-content\/uploads\/2025\/05\/sg-ip-21-0-1024x503.jpg 1024w, https:\/\/www.topohvar.at\/wp-content\/uploads\/2025\/05\/sg-ip-21-0-768x377.jpg 768w, https:\/\/www.topohvar.at\/wp-content\/uploads\/2025\/05\/sg-ip-21-0.jpg 1080w\" sizes=\"auto, (max-width: 114px) 100vw, 114px\" \/><\/a>Informativna plo\u010da \u00bbKapela Gospojica\u00ab<br \/>\n<\/strong>SG-IP-21 \/ Stari Grad, Put Gospojice<\/p>\n<p><strong><a href=\"https:\/\/www.topohvar.at\/orte\/sg\/sg-ip-05-2\/\"><img loading=\"lazy\" decoding=\"async\" class=\"alignleft wp-image-2859\" src=\"https:\/\/www.topohvar.at\/wp-content\/uploads\/2018\/08\/SG-IP-05-1-1024x503.jpg\" alt=\"\" width=\"114\" height=\"56\" srcset=\"https:\/\/www.topohvar.at\/wp-content\/uploads\/2018\/08\/SG-IP-05-1-1024x503.jpg 1024w, https:\/\/www.topohvar.at\/wp-content\/uploads\/2018\/08\/SG-IP-05-1-300x147.jpg 300w, https:\/\/www.topohvar.at\/wp-content\/uploads\/2018\/08\/SG-IP-05-1-768x377.jpg 768w\" sizes=\"auto, (max-width: 114px) 100vw, 114px\" \/><\/a>Informativna plo\u010da \u00bbKomonov put\u00ab<br \/>\n<\/strong>SG-IP-05 \/ Stari Grad, Put Gospojice<\/p>\n<p><strong><a href=\"https:\/\/www.topohvar.at\/orte\/sg\/sg-ip-20-1\/\"><img loading=\"lazy\" decoding=\"async\" class=\"alignleft wp-image-71923\" src=\"https:\/\/www.topohvar.at\/wp-content\/uploads\/2025\/05\/sg-ip-20-0-300x147.jpg\" alt=\"\" width=\"114\" height=\"56\" srcset=\"https:\/\/www.topohvar.at\/wp-content\/uploads\/2025\/05\/sg-ip-20-0-300x147.jpg 300w, https:\/\/www.topohvar.at\/wp-content\/uploads\/2025\/05\/sg-ip-20-0-1024x503.jpg 1024w, https:\/\/www.topohvar.at\/wp-content\/uploads\/2025\/05\/sg-ip-20-0-768x377.jpg 768w, https:\/\/www.topohvar.at\/wp-content\/uploads\/2025\/05\/sg-ip-20-0.jpg 1080w\" sizes=\"auto, (max-width: 114px) 100vw, 114px\" \/><\/a>Informativna plo\u010da \u00bb\u017dive povijesti\u00ab<br \/>\n<\/strong>SG-IP-20 \/ Stari Grad, Polje, Slovci<\/p>\n<p><strong><a href=\"https:\/\/www.topohvar.at\/orte\/sg\/sg-ip-06-2\/\"><img loading=\"lazy\" decoding=\"async\" class=\"alignleft wp-image-2860\" src=\"https:\/\/www.topohvar.at\/wp-content\/uploads\/2018\/08\/SG-IP-06-1-1024x503.jpg\" alt=\"\" width=\"114\" height=\"56\" srcset=\"https:\/\/www.topohvar.at\/wp-content\/uploads\/2018\/08\/SG-IP-06-1-1024x503.jpg 1024w, https:\/\/www.topohvar.at\/wp-content\/uploads\/2018\/08\/SG-IP-06-1-300x147.jpg 300w, https:\/\/www.topohvar.at\/wp-content\/uploads\/2018\/08\/SG-IP-06-1-768x377.jpg 768w\" sizes=\"auto, (max-width: 114px) 100vw, 114px\" \/><\/a>Informativna plo\u010da \u00bbMatijev put\u00ab<br \/>\n<\/strong>SG-IP-06 \/ Stari Grad, Put Gospojice<\/p>\n<p><strong><a href=\"https:\/\/www.topohvar.at\/orte\/sg\/sg-ip-19-1\/\"><img loading=\"lazy\" decoding=\"async\" class=\"alignleft wp-image-71909\" src=\"https:\/\/www.topohvar.at\/wp-content\/uploads\/2025\/05\/sg-ip-19-0-300x147.jpg\" alt=\"\" width=\"114\" height=\"56\" srcset=\"https:\/\/www.topohvar.at\/wp-content\/uploads\/2025\/05\/sg-ip-19-0-300x147.jpg 300w, https:\/\/www.topohvar.at\/wp-content\/uploads\/2025\/05\/sg-ip-19-0-1024x503.jpg 1024w, https:\/\/www.topohvar.at\/wp-content\/uploads\/2025\/05\/sg-ip-19-0-768x377.jpg 768w, https:\/\/www.topohvar.at\/wp-content\/uploads\/2025\/05\/sg-ip-19-0.jpg 1080w\" sizes=\"auto, (max-width: 114px) 100vw, 114px\" \/><\/a>Inf. plo\u010da \u00bbOmfalos \u2013 srediste starogradskog polja\u00ab<br \/>\n<\/strong>SG-IP-19 \/ Stari Grad, Put Gospojice, zapadni kraj aerodroma<\/p>\n<p><strong><a href=\"https:\/\/www.topohvar.at\/orte\/sg\/sg-ip-07-2\/\"><img loading=\"lazy\" decoding=\"async\" class=\"alignleft wp-image-2861\" src=\"https:\/\/www.topohvar.at\/wp-content\/uploads\/2018\/08\/sg-ip-07-1-1024x503.jpg\" alt=\"\" width=\"114\" height=\"56\" srcset=\"https:\/\/www.topohvar.at\/wp-content\/uploads\/2018\/08\/sg-ip-07-1-1024x503.jpg 1024w, https:\/\/www.topohvar.at\/wp-content\/uploads\/2018\/08\/sg-ip-07-1-300x147.jpg 300w, https:\/\/www.topohvar.at\/wp-content\/uploads\/2018\/08\/sg-ip-07-1-768x377.jpg 768w\" sizes=\"auto, (max-width: 114px) 100vw, 114px\" \/><\/a>Informativna plo\u010da \u00bbput Farskog poslanstva\u00ab<br \/>\n<\/strong>SG-IP-07 \/ Stari Grad, Polje<\/p>\n<p><strong><a href=\"https:\/\/www.topohvar.at\/orte\/sg\/sg-ip-08-2\/\"><img loading=\"lazy\" decoding=\"async\" class=\"alignleft wp-image-2862\" src=\"https:\/\/www.topohvar.at\/wp-content\/uploads\/2018\/08\/SG-IP-08-1-1024x503.jpg\" alt=\"\" width=\"114\" height=\"56\" srcset=\"https:\/\/www.topohvar.at\/wp-content\/uploads\/2018\/08\/SG-IP-08-1-1024x503.jpg 1024w, https:\/\/www.topohvar.at\/wp-content\/uploads\/2018\/08\/SG-IP-08-1-300x147.jpg 300w, https:\/\/www.topohvar.at\/wp-content\/uploads\/2018\/08\/SG-IP-08-1-768x377.jpg 768w\" sizes=\"auto, (max-width: 114px) 100vw, 114px\" \/><\/a>Informativna plo\u010da \u00bbDemodokov put\u00ab<br \/>\n<\/strong>SG-IP-08 \/ Stari Grad, Polje<\/p>\n<p><strong><a href=\"https:\/\/www.topohvar.at\/orte\/sg\/sg-ip-09-2\/\"><img loading=\"lazy\" decoding=\"async\" class=\"alignleft wp-image-38792\" src=\"https:\/\/www.topohvar.at\/wp-content\/uploads\/2020\/06\/sg-ip-09-11.jpg\" alt=\"\" width=\"114\" height=\"56\" srcset=\"https:\/\/www.topohvar.at\/wp-content\/uploads\/2020\/06\/sg-ip-09-11.jpg 1080w, https:\/\/www.topohvar.at\/wp-content\/uploads\/2020\/06\/sg-ip-09-11-300x147.jpg 300w, https:\/\/www.topohvar.at\/wp-content\/uploads\/2020\/06\/sg-ip-09-11-1024x503.jpg 1024w, https:\/\/www.topohvar.at\/wp-content\/uploads\/2020\/06\/sg-ip-09-11-768x377.jpg 768w\" sizes=\"auto, (max-width: 114px) 100vw, 114px\" \/><\/a>Informativna plo\u010da \u00bbAger, Starogradsko polje\u00ab<br \/>\n<\/strong>SG-IP-09 \/ Stari Grad, Put Kri\u017ea 1<\/p>\n<p><strong><a href=\"https:\/\/www.topohvar.at\/orte\/sg\/sg-ip-14-1\/\"><img loading=\"lazy\" decoding=\"async\" class=\"alignleft wp-image-48363\" src=\"https:\/\/www.topohvar.at\/wp-content\/uploads\/2021\/04\/sg-ip14-2.jpg\" alt=\"\" width=\"114\" height=\"56\" srcset=\"https:\/\/www.topohvar.at\/wp-content\/uploads\/2021\/04\/sg-ip14-2.jpg 1080w, https:\/\/www.topohvar.at\/wp-content\/uploads\/2021\/04\/sg-ip14-2-300x147.jpg 300w, https:\/\/www.topohvar.at\/wp-content\/uploads\/2021\/04\/sg-ip14-2-1024x503.jpg 1024w, https:\/\/www.topohvar.at\/wp-content\/uploads\/2021\/04\/sg-ip14-2-768x377.jpg 768w\" sizes=\"auto, (max-width: 114px) 100vw, 114px\" \/><\/a>Informativna plo\u010da \u00bbDobrodo\u0161li \u2013 Starogradsko polje\u00ab<br \/>\n<\/strong>SG-IP-14 \/ Stari Grad, Put Gospojice<\/p>\n<p><strong><a href=\"https:\/\/www.topohvar.at\/orte\/sg\/sg-ip-23-1\/\"><img loading=\"lazy\" decoding=\"async\" class=\"alignleft wp-image-71959\" src=\"https:\/\/www.topohvar.at\/wp-content\/uploads\/2025\/05\/sg-ip-23-0-1-300x147.jpg\" alt=\"\" width=\"114\" height=\"56\" srcset=\"https:\/\/www.topohvar.at\/wp-content\/uploads\/2025\/05\/sg-ip-23-0-1-300x147.jpg 300w, https:\/\/www.topohvar.at\/wp-content\/uploads\/2025\/05\/sg-ip-23-0-1-1024x503.jpg 1024w, https:\/\/www.topohvar.at\/wp-content\/uploads\/2025\/05\/sg-ip-23-0-1-768x377.jpg 768w, https:\/\/www.topohvar.at\/wp-content\/uploads\/2025\/05\/sg-ip-23-0-1.jpg 1080w\" sizes=\"auto, (max-width: 114px) 100vw, 114px\" \/><\/a>Informativna plo\u010da \u00bbDobrodo\u0161li 1\u00ab<br \/>\n<\/strong>SG-IP-23 \/ Stari Grad, Vukovarska cesta \/ put Kri\u017e<\/p>\n<p><a href=\"https:\/\/www.topohvar.at\/orte\/sg\/sg-ip-10-2\/\"><img loading=\"lazy\" decoding=\"async\" class=\"alignleft wp-image-69243\" src=\"https:\/\/www.topohvar.at\/wp-content\/uploads\/2024\/07\/SG-IP-10-2-300x147.jpg\" alt=\"\" width=\"114\" height=\"56\" srcset=\"https:\/\/www.topohvar.at\/wp-content\/uploads\/2024\/07\/SG-IP-10-2-300x147.jpg 300w, https:\/\/www.topohvar.at\/wp-content\/uploads\/2024\/07\/SG-IP-10-2-1024x503.jpg 1024w, https:\/\/www.topohvar.at\/wp-content\/uploads\/2024\/07\/SG-IP-10-2-768x377.jpg 768w, https:\/\/www.topohvar.at\/wp-content\/uploads\/2024\/07\/SG-IP-10-2.jpg 1080w\" sizes=\"auto, (max-width: 114px) 100vw, 114px\" \/><\/a><\/p>\n<p><strong>Informativna plo\u010da \u00bbJadasinski put\u00ab<br \/>\n<\/strong>SG-IP-10 \/ Stari Grad, Polje<\/p>\n<p><strong><a href=\"https:\/\/www.topohvar.at\/topo\/orte\/sg\/sg-ip-15-1\/\"><img loading=\"lazy\" decoding=\"async\" class=\"alignleft wp-image-68195\" src=\"https:\/\/www.topohvar.at\/wp-content\/uploads\/2024\/06\/sg-ip-15-1-300x147.jpg\" alt=\"\" width=\"114\" height=\"56\" srcset=\"https:\/\/www.topohvar.at\/wp-content\/uploads\/2024\/06\/sg-ip-15-1-300x147.jpg 300w, https:\/\/www.topohvar.at\/wp-content\/uploads\/2024\/06\/sg-ip-15-1-1024x503.jpg 1024w, https:\/\/www.topohvar.at\/wp-content\/uploads\/2024\/06\/sg-ip-15-1-768x377.jpg 768w, https:\/\/www.topohvar.at\/wp-content\/uploads\/2024\/06\/sg-ip-15-1.jpg 1080w\" sizes=\"auto, (max-width: 114px) 100vw, 114px\" \/><\/a>Informativna plo\u010da \u00bbArcheological Site Faros\u00ab<br \/>\n<\/strong>SG-IP-15 \/ Stari Grad, Vukovarska Cesta 2<\/p>\n<p><strong><a href=\"https:\/\/www.topohvar.at\/topo\/orte\/sg\/sg-ip-16-1\/\"><img loading=\"lazy\" decoding=\"async\" class=\"alignleft wp-image-68204\" src=\"https:\/\/www.topohvar.at\/wp-content\/uploads\/2024\/06\/sg-ip-16-1-300x147.jpg\" alt=\"\" width=\"114\" height=\"56\" srcset=\"https:\/\/www.topohvar.at\/wp-content\/uploads\/2024\/06\/sg-ip-16-1-300x147.jpg 300w, https:\/\/www.topohvar.at\/wp-content\/uploads\/2024\/06\/sg-ip-16-1-1024x503.jpg 1024w, https:\/\/www.topohvar.at\/wp-content\/uploads\/2024\/06\/sg-ip-16-1-768x377.jpg 768w, https:\/\/www.topohvar.at\/wp-content\/uploads\/2024\/06\/sg-ip-16-1.jpg 1080w\" sizes=\"auto, (max-width: 114px) 100vw, 114px\" \/><\/a>Informativna plo\u010da \u00bbStarogradsko Polje\u00ab<br \/>\n<\/strong>SG-IP-16 \/ Stari Grad, Vukovarska Cesta 2<\/p>\n<p><strong><a href=\"https:\/\/www.topohvar.at\/topo\/orte\/sg\/sg-ip-25-1\/\"><img loading=\"lazy\" decoding=\"async\" class=\"alignleft wp-image-73066\" src=\"https:\/\/www.topohvar.at\/wp-content\/uploads\/2025\/10\/sg-ip-25-01-300x147.jpg\" alt=\"\" width=\"114\" height=\"56\" srcset=\"https:\/\/www.topohvar.at\/wp-content\/uploads\/2025\/10\/sg-ip-25-01-300x147.jpg 300w, https:\/\/www.topohvar.at\/wp-content\/uploads\/2025\/10\/sg-ip-25-01-1024x503.jpg 1024w, https:\/\/www.topohvar.at\/wp-content\/uploads\/2025\/10\/sg-ip-25-01-768x377.jpg 768w, https:\/\/www.topohvar.at\/wp-content\/uploads\/2025\/10\/sg-ip-25-01.jpg 1080w\" sizes=\"auto, (max-width: 114px) 100vw, 114px\" \/><\/a>Informativna plo\u010da \u00bbBedemi Farosa\u00ab<br \/>\n<\/strong>SG-IP-25 \/ Stari Grad, Vukovarska Cesta 2<\/p>\n<p><strong><a href=\"https:\/\/www.topohvar.at\/topo\/orte\/sg\/sg-ip-17-1\/\"><img loading=\"lazy\" decoding=\"async\" class=\"alignleft wp-image-69699\" src=\"https:\/\/www.topohvar.at\/wp-content\/uploads\/2024\/10\/sg-ip-17-01-300x147.jpg\" alt=\"\" width=\"114\" height=\"56\" srcset=\"https:\/\/www.topohvar.at\/wp-content\/uploads\/2024\/10\/sg-ip-17-01-300x147.jpg 300w, https:\/\/www.topohvar.at\/wp-content\/uploads\/2024\/10\/sg-ip-17-01-1024x503.jpg 1024w, https:\/\/www.topohvar.at\/wp-content\/uploads\/2024\/10\/sg-ip-17-01-768x377.jpg 768w, https:\/\/www.topohvar.at\/wp-content\/uploads\/2024\/10\/sg-ip-17-01.jpg 1080w\" sizes=\"auto, (max-width: 114px) 100vw, 114px\" \/><\/a>Informativna plo\u010da \/ karta \u00bbStari Grad\u00ab<br \/>\n<\/strong>SG-IP-17 \/ Stari Grad, Park Vorba<\/p>\n<p><strong><a href=\"https:\/\/www.topohvar.at\/topo\/orte\/sg\/sg-ip-18-1\/\"><img loading=\"lazy\" decoding=\"async\" class=\"alignleft wp-image-69710\" src=\"https:\/\/www.topohvar.at\/wp-content\/uploads\/2024\/10\/sg-ip-18-01-300x147.jpg\" alt=\"\" width=\"114\" height=\"56\" srcset=\"https:\/\/www.topohvar.at\/wp-content\/uploads\/2024\/10\/sg-ip-18-01-300x147.jpg 300w, https:\/\/www.topohvar.at\/wp-content\/uploads\/2024\/10\/sg-ip-18-01-1024x503.jpg 1024w, https:\/\/www.topohvar.at\/wp-content\/uploads\/2024\/10\/sg-ip-18-01-768x377.jpg 768w, https:\/\/www.topohvar.at\/wp-content\/uploads\/2024\/10\/sg-ip-18-01.jpg 1080w\" sizes=\"auto, (max-width: 114px) 100vw, 114px\" \/><\/a>Informativna plo\u010da \/ karta \u00bbStari Grad\u00ab<br \/>\n<\/strong>SG-IP-18 \/ Stari Grad, u luci, u Caf\u00e9 Casper<\/p>\n<p><strong><a href=\"https:\/\/www.topohvar.at\/orte\/sg\/sg-ip-13-2\/\"><img loading=\"lazy\" decoding=\"async\" class=\"alignleft wp-image-36806\" src=\"https:\/\/www.topohvar.at\/wp-content\/uploads\/2020\/05\/sg-ip-13-1-300x147.jpg\" alt=\"\" width=\"114\" height=\"56\" srcset=\"https:\/\/www.topohvar.at\/wp-content\/uploads\/2020\/05\/sg-ip-13-1-300x147.jpg 300w, https:\/\/www.topohvar.at\/wp-content\/uploads\/2020\/05\/sg-ip-13-1.jpg 640w\" sizes=\"auto, (max-width: 114px) 100vw, 114px\" \/><\/a>Informativna plo\u010da \u00bbUNESCO Starogradsko Polje\u00ab<br \/>\n<\/strong>SG-IP-13\/ Stari Grad, Park Vorba<\/p>\n<p><strong><a href=\"https:\/\/www.topohvar.at\/orte\/sg\/sg-ip-02-2\/\"><img loading=\"lazy\" decoding=\"async\" class=\"alignleft wp-image-2856\" src=\"https:\/\/www.topohvar.at\/wp-content\/uploads\/2018\/08\/SG-IP-02-1-1024x503.jpg\" alt=\"\" width=\"114\" height=\"56\" srcset=\"https:\/\/www.topohvar.at\/wp-content\/uploads\/2018\/08\/SG-IP-02-1-1024x503.jpg 1024w, https:\/\/www.topohvar.at\/wp-content\/uploads\/2018\/08\/SG-IP-02-1-300x147.jpg 300w, https:\/\/www.topohvar.at\/wp-content\/uploads\/2018\/08\/SG-IP-02-1-768x377.jpg 768w\" sizes=\"auto, (max-width: 114px) 100vw, 114px\" \/><\/a>Informativna plo\u010da \u00bbStari Grad \/ Povijest \/ Plan\u00ab<br \/>\n<\/strong>SG-IP-02\/\u00a0Stari Grad, Park Vorba<\/p>\n<p><strong><a href=\"https:\/\/www.topohvar.at\/orte\/sg\/sg-ip-11-2\/\"><img loading=\"lazy\" decoding=\"async\" class=\"alignleft wp-image-2865\" src=\"https:\/\/www.topohvar.at\/wp-content\/uploads\/2018\/08\/SG-IP-11-1-1024x503.jpg\" alt=\"\" width=\"114\" height=\"56\" srcset=\"https:\/\/www.topohvar.at\/wp-content\/uploads\/2018\/08\/SG-IP-11-1-1024x503.jpg 1024w, https:\/\/www.topohvar.at\/wp-content\/uploads\/2018\/08\/SG-IP-11-1-300x147.jpg 300w, https:\/\/www.topohvar.at\/wp-content\/uploads\/2018\/08\/SG-IP-11-1-768x377.jpg 768w\" sizes=\"auto, (max-width: 114px) 100vw, 114px\" \/><\/a>Informativna plo\u010da \u00bbStari Grad \/ Plan\u00ab<br \/>\n<\/strong>SG-IP-11 \/ Stari Grad, Novo Riva<\/p>\n<p><strong><a href=\"https:\/\/www.topohvar.at\/orte\/sg\/sg-ip-12-2\/\"><img loading=\"lazy\" decoding=\"async\" class=\"alignleft wp-image-2866\" src=\"https:\/\/www.topohvar.at\/wp-content\/uploads\/2018\/08\/SG-IP-12-1-1024x503.jpg\" alt=\"\" width=\"114\" height=\"56\" srcset=\"https:\/\/www.topohvar.at\/wp-content\/uploads\/2018\/08\/SG-IP-12-1-1024x503.jpg 1024w, https:\/\/www.topohvar.at\/wp-content\/uploads\/2018\/08\/SG-IP-12-1-300x147.jpg 300w, https:\/\/www.topohvar.at\/wp-content\/uploads\/2018\/08\/SG-IP-12-1-768x377.jpg 768w\" sizes=\"auto, (max-width: 114px) 100vw, 114px\" \/><\/a>Informativna plo\u010da \u00bb60. godine\u00ab<br \/>\n<\/strong>SG-IP-12 \/ Stari Grad, Glavica<\/p>\n<p><strong><a href=\"https:\/\/www.topohvar.at\/topo\/orte\/sg\/sg-ih-00-0\/\"><img loading=\"lazy\" decoding=\"async\" class=\"wp-image-71676 alignleft\" src=\"https:\/\/www.topohvar.at\/wp-content\/uploads\/2025\/05\/sg-ih-00-0-300x150.jpg\" alt=\"\" width=\"112\" height=\"56\" srcset=\"https:\/\/www.topohvar.at\/wp-content\/uploads\/2025\/05\/sg-ih-00-0-300x150.jpg 300w, https:\/\/www.topohvar.at\/wp-content\/uploads\/2025\/05\/sg-ih-00-0-1024x512.jpg 1024w, https:\/\/www.topohvar.at\/wp-content\/uploads\/2025\/05\/sg-ih-00-0-768x384.jpg 768w, https:\/\/www.topohvar.at\/wp-content\/uploads\/2025\/05\/sg-ih-00-0-1536x768.jpg 1536w, https:\/\/www.topohvar.at\/wp-content\/uploads\/2025\/05\/sg-ih-00-0-2048x1024.jpg 2048w\" sizes=\"auto, (max-width: 112px) 100vw, 112px\" \/><\/a>Starogradsko polje \u2013 17 informacijski stupovi<br \/>\n<\/strong>SG-IH-01\/17 \/ Stari Grad, polje<\/p>\n<hr \/>\n<p><strong><a href=\"https:\/\/www.topohvar.at\/orte\/sg\/sg-is-19-2\/\"><img loading=\"lazy\" decoding=\"async\" class=\"alignleft wp-image-3104\" src=\"https:\/\/www.topohvar.at\/wp-content\/uploads\/2018\/08\/SG-IS-19-1-1024x503.jpg\" alt=\"\" width=\"114\" height=\"56\" srcset=\"https:\/\/www.topohvar.at\/wp-content\/uploads\/2018\/08\/SG-IS-19-1-1024x503.jpg 1024w, https:\/\/www.topohvar.at\/wp-content\/uploads\/2018\/08\/SG-IS-19-1-300x147.jpg 300w, https:\/\/www.topohvar.at\/wp-content\/uploads\/2018\/08\/SG-IS-19-1-768x377.jpg 768w\" sizes=\"auto, (max-width: 114px) 100vw, 114px\" \/><\/a>Spomen plo\u010da \u00bbNarodna hrvatska \u010ditaonica Stari Grad\u00ab<br \/>\n<\/strong>SG-IS-19 \/\u00a0Stari Grad, Novo Riva 1,\u00a0gradska \u010ditaonica<\/p>\n<p><strong><a href=\"https:\/\/www.topohvar.at\/orte\/sg\/sg-is-08-2\/\"><img loading=\"lazy\" decoding=\"async\" class=\"alignleft wp-image-3094\" src=\"https:\/\/www.topohvar.at\/wp-content\/uploads\/2018\/08\/SG-IS-08-1-1024x503.jpg\" alt=\"\" width=\"114\" height=\"56\" srcset=\"https:\/\/www.topohvar.at\/wp-content\/uploads\/2018\/08\/SG-IS-08-1-1024x503.jpg 1024w, https:\/\/www.topohvar.at\/wp-content\/uploads\/2018\/08\/SG-IS-08-1-300x147.jpg 300w, https:\/\/www.topohvar.at\/wp-content\/uploads\/2018\/08\/SG-IS-08-1-768x377.jpg 768w\" sizes=\"auto, (max-width: 114px) 100vw, 114px\" \/><\/a>Spomen plo\u010da \u00bbMatij Ivani\u0107, napad 1510\u00ab<br \/>\n<\/strong>SG-IS-08 \/ Stari Grad, Novo Riva 1, gradska \u010ditaonica<\/p>\n<p><strong><a href=\"https:\/\/www.topohvar.at\/orte\/sg\/sg-is-23-2\/\"><img loading=\"lazy\" decoding=\"async\" class=\"alignleft wp-image-387 size-full\" src=\"https:\/\/www.topohvar.at\/wp-content\/uploads\/2018\/07\/00-00-00-1.jpg\" alt=\"\" width=\"114\" height=\"56\" \/><\/a>Spomen plo\u010da \u00bbOsnivanju VIII korpusa NOVJ\u00ab<br \/>\n<\/strong>SG-IS-23 \/ Stari Grad, Novo Riva 1, gradska \u010ditaonica<\/p>\n<p><strong><a href=\"https:\/\/www.topohvar.at\/orte\/sg\/sg-is-01-2\/\"><img loading=\"lazy\" decoding=\"async\" class=\"alignleft wp-image-3087\" src=\"https:\/\/www.topohvar.at\/wp-content\/uploads\/2018\/08\/SG-IS-01-1-1024x503.jpg\" alt=\"\" width=\"114\" height=\"56\" srcset=\"https:\/\/www.topohvar.at\/wp-content\/uploads\/2018\/08\/SG-IS-01-1-1024x503.jpg 1024w, https:\/\/www.topohvar.at\/wp-content\/uploads\/2018\/08\/SG-IS-01-1-300x147.jpg 300w, https:\/\/www.topohvar.at\/wp-content\/uploads\/2018\/08\/SG-IS-01-1-768x377.jpg 768w\" sizes=\"auto, (max-width: 114px) 100vw, 114px\" \/><\/a>Spomen plo\u010da \u00bbPetar Jelu\u0161i\u0107\u00ab<br \/>\n<\/strong>SG-IS-01 \/ Stari Grad, Novo Riva 3, gradska vije\u0107nica<\/p>\n<p><strong data-wp-editing=\"1\"><a href=\"https:\/\/www.topohvar.at\/topo\/orte\/sg\/sg-is-61-1\/\"><img loading=\"lazy\" decoding=\"async\" class=\"alignleft wp-image-74441\" src=\"https:\/\/www.topohvar.at\/wp-content\/uploads\/2026\/04\/SG-IS-61-1-300x147.jpg\" alt=\"\" width=\"114\" height=\"56\" srcset=\"https:\/\/www.topohvar.at\/wp-content\/uploads\/2026\/04\/SG-IS-61-1-300x147.jpg 300w, https:\/\/www.topohvar.at\/wp-content\/uploads\/2026\/04\/SG-IS-61-1-1024x503.jpg 1024w, https:\/\/www.topohvar.at\/wp-content\/uploads\/2026\/04\/SG-IS-61-1-768x377.jpg 768w, https:\/\/www.topohvar.at\/wp-content\/uploads\/2026\/04\/SG-IS-61-1.jpg 1080w\" sizes=\"auto, (max-width: 114px) 100vw, 114px\" \/><\/a>Spomen plo\u010da \u00bbiznad ulaza biv\u0161eg hotela Jadran\u00ab<br \/>\n<\/strong>SG-IS-61 \/ Stari Grad, Novo Riva 5<\/p>\n<p><strong><a href=\"https:\/\/www.topohvar.at\/orte\/sg\/sg-is-46-2\/\"><img loading=\"lazy\" decoding=\"async\" class=\"alignleft wp-image-3129\" src=\"https:\/\/www.topohvar.at\/wp-content\/uploads\/2018\/08\/SG-IS-46-1-1024x503.jpg\" alt=\"\" width=\"114\" height=\"56\" srcset=\"https:\/\/www.topohvar.at\/wp-content\/uploads\/2018\/08\/SG-IS-46-1-1024x503.jpg 1024w, https:\/\/www.topohvar.at\/wp-content\/uploads\/2018\/08\/SG-IS-46-1-300x147.jpg 300w, https:\/\/www.topohvar.at\/wp-content\/uploads\/2018\/08\/SG-IS-46-1-768x377.jpg 768w\" sizes=\"auto, (max-width: 114px) 100vw, 114px\" \/><\/a>Spomen plo\u010da \u00bbIdre idre brode\u00ab<br \/>\n<\/strong>SG-IS-46 \/ Stari Grad, \u0160etali\u0161te don \u0160ime Lubi\u0107a 4<\/p>\n<p><strong><a href=\"https:\/\/www.topohvar.at\/orte\/sg\/sg-is-36-2\/\"><img loading=\"lazy\" decoding=\"async\" class=\"alignleft wp-image-3120\" src=\"https:\/\/www.topohvar.at\/wp-content\/uploads\/2018\/08\/SG-IS-36-1-1024x503.jpg\" alt=\"\" width=\"114\" height=\"56\" srcset=\"https:\/\/www.topohvar.at\/wp-content\/uploads\/2018\/08\/SG-IS-36-1-1024x503.jpg 1024w, https:\/\/www.topohvar.at\/wp-content\/uploads\/2018\/08\/SG-IS-36-1-300x147.jpg 300w, https:\/\/www.topohvar.at\/wp-content\/uploads\/2018\/08\/SG-IS-36-1-768x377.jpg 768w\" sizes=\"auto, (max-width: 114px) 100vw, 114px\" \/><\/a>Spomen plo\u010da \u00bbDon \u0160ime Ljubi\u0107\u00ab<br \/>\n<\/strong>SG-IS-36\/\u00a0Stari Grad, \u0160etali\u0161te don \u0160ime Lubi\u0107a 8<\/p>\n<p><strong><a href=\"https:\/\/www.topohvar.at\/orte\/sg\/sg-is-37-2\/\"><img loading=\"lazy\" decoding=\"async\" class=\"alignleft wp-image-3121\" src=\"https:\/\/www.topohvar.at\/wp-content\/uploads\/2018\/08\/sg-is-37-1-1024x503.jpg\" alt=\"\" width=\"114\" height=\"56\" srcset=\"https:\/\/www.topohvar.at\/wp-content\/uploads\/2018\/08\/sg-is-37-1-1024x503.jpg 1024w, https:\/\/www.topohvar.at\/wp-content\/uploads\/2018\/08\/sg-is-37-1-300x147.jpg 300w, https:\/\/www.topohvar.at\/wp-content\/uploads\/2018\/08\/sg-is-37-1-768x377.jpg 768w\" sizes=\"auto, (max-width: 114px) 100vw, 114px\" \/><\/a>Spomen plo\u010da \u00bbrodna ku\u0107a slikara Jurja Plan\u010di\u0107a\u00ab<br \/>\n<\/strong>SG-IS-37 \/ Stari Grad, \u0160etali\u0161te slikara J. Plan\u010di\u0107a 1<\/p>\n<p><strong><a href=\"https:\/\/www.topohvar.at\/orte\/sg\/sg-is-55-1\/\"><img loading=\"lazy\" decoding=\"async\" class=\"alignleft wp-image-52925\" src=\"https:\/\/www.topohvar.at\/wp-content\/uploads\/2021\/10\/sg-is-55-1.jpg\" alt=\"\" width=\"114\" height=\"56\" srcset=\"https:\/\/www.topohvar.at\/wp-content\/uploads\/2021\/10\/sg-is-55-1.jpg 1080w, https:\/\/www.topohvar.at\/wp-content\/uploads\/2021\/10\/sg-is-55-1-300x147.jpg 300w, https:\/\/www.topohvar.at\/wp-content\/uploads\/2021\/10\/sg-is-55-1-1024x503.jpg 1024w, https:\/\/www.topohvar.at\/wp-content\/uploads\/2021\/10\/sg-is-55-1-768x377.jpg 768w\" sizes=\"auto, (max-width: 114px) 100vw, 114px\" \/><\/a>Spomen plo\u010da \u00bbIngrid Bali\u0107\u00ab<br \/>\n<\/strong>SG-IS-55 \/ Stari Grad, na putu do trajektne luke<\/p>\n<p><strong><a href=\"https:\/\/www.topohvar.at\/orte\/sg\/sg-is-17-2\/\"><img loading=\"lazy\" decoding=\"async\" class=\"alignleft wp-image-3103\" src=\"https:\/\/www.topohvar.at\/wp-content\/uploads\/2018\/08\/SG-IS-17-1-1024x503.jpg\" alt=\"\" width=\"114\" height=\"56\" srcset=\"https:\/\/www.topohvar.at\/wp-content\/uploads\/2018\/08\/SG-IS-17-1-1024x503.jpg 1024w, https:\/\/www.topohvar.at\/wp-content\/uploads\/2018\/08\/SG-IS-17-1-300x147.jpg 300w, https:\/\/www.topohvar.at\/wp-content\/uploads\/2018\/08\/SG-IS-17-1-768x377.jpg 768w\" sizes=\"auto, (max-width: 114px) 100vw, 114px\" \/><\/a>Spomen plo\u010da \u00bbPrve organizacije Komunisti\u010dke Partije\u00ab<br \/>\n<\/strong>SG-IS-17 \/ Stari Grad, Njiva 6<\/p>\n<p><strong><a href=\"https:\/\/www.topohvar.at\/orte\/sg\/sg-is-34-2\/\"><img loading=\"lazy\" decoding=\"async\" class=\"alignleft wp-image-3118\" src=\"https:\/\/www.topohvar.at\/wp-content\/uploads\/2018\/08\/sg-is-34-1-1024x503.jpg\" alt=\"\" width=\"114\" height=\"56\" srcset=\"https:\/\/www.topohvar.at\/wp-content\/uploads\/2018\/08\/sg-is-34-1-1024x503.jpg 1024w, https:\/\/www.topohvar.at\/wp-content\/uploads\/2018\/08\/sg-is-34-1-300x147.jpg 300w, https:\/\/www.topohvar.at\/wp-content\/uploads\/2018\/08\/sg-is-34-1-768x377.jpg 768w\" sizes=\"auto, (max-width: 114px) 100vw, 114px\" \/><\/a>Spomen plo\u010da \u00bbPetra Hektorovi\u0107a\u00ab<br \/>\n<\/strong>SG-IS-34 \/ Stari Grad, Trg Tvrdalja 12, Trvdalj Petra Hektorivi\u0107a<\/p>\n<p><strong><a href=\"https:\/\/www.topohvar.at\/orte\/sg\/sg-is-27-2\/\"><img loading=\"lazy\" decoding=\"async\" class=\"alignleft wp-image-3111\" src=\"https:\/\/www.topohvar.at\/wp-content\/uploads\/2018\/08\/sg-is-27-1-1024x503.jpg\" alt=\"\" width=\"114\" height=\"56\" srcset=\"https:\/\/www.topohvar.at\/wp-content\/uploads\/2018\/08\/sg-is-27-1-1024x503.jpg 1024w, https:\/\/www.topohvar.at\/wp-content\/uploads\/2018\/08\/sg-is-27-1-300x147.jpg 300w, https:\/\/www.topohvar.at\/wp-content\/uploads\/2018\/08\/sg-is-27-1-768x377.jpg 768w\" sizes=\"auto, (max-width: 114px) 100vw, 114px\" \/><\/a>Spomen plo\u010da \u00bbiznad vrata crkvu Sv. Roka\u00ab<br \/>\n<\/strong>SG-IS-27 \/ Stari Grad, Kod Sv. Roka, crkva Sv. Roka<\/p>\n<p><strong><a href=\"https:\/\/www.topohvar.at\/orte\/sg\/sg-is-28-2\/\"><img loading=\"lazy\" decoding=\"async\" class=\"alignleft wp-image-3112\" src=\"https:\/\/www.topohvar.at\/wp-content\/uploads\/2018\/08\/sg-is-28-1-1024x503.jpg\" alt=\"\" width=\"114\" height=\"56\" srcset=\"https:\/\/www.topohvar.at\/wp-content\/uploads\/2018\/08\/sg-is-28-1-1024x503.jpg 1024w, https:\/\/www.topohvar.at\/wp-content\/uploads\/2018\/08\/sg-is-28-1-300x147.jpg 300w, https:\/\/www.topohvar.at\/wp-content\/uploads\/2018\/08\/sg-is-28-1-768x377.jpg 768w\" sizes=\"auto, (max-width: 114px) 100vw, 114px\" \/><\/a>Spomen plo\u010da \u00bbna zabatu crkvu sv. Roka\u00ab<br \/>\n<\/strong>SG-IS-28\/ Stari Grad, Kod Sv. Roka, crkva Sv. Roka<\/p>\n<p><strong><a href=\"https:\/\/www.topohvar.at\/orte\/sg\/sg-is-11-2\/\"><img loading=\"lazy\" decoding=\"async\" class=\"alignleft wp-image-3097\" src=\"https:\/\/www.topohvar.at\/wp-content\/uploads\/2018\/08\/SG-IS-11-1-1024x503.jpg\" alt=\"\" width=\"114\" height=\"56\" srcset=\"https:\/\/www.topohvar.at\/wp-content\/uploads\/2018\/08\/SG-IS-11-1-1024x503.jpg 1024w, https:\/\/www.topohvar.at\/wp-content\/uploads\/2018\/08\/SG-IS-11-1-300x147.jpg 300w, https:\/\/www.topohvar.at\/wp-content\/uploads\/2018\/08\/SG-IS-11-1-768x377.jpg 768w\" sizes=\"auto, (max-width: 114px) 100vw, 114px\" \/><\/a>Spomen plo\u010da \u00bbPietro Scutteri\u00ab<br \/>\n<\/strong>SG-IS-11 \/ Stari Grad, Ulica Petra Scutteri 9<\/p>\n<p><strong><a href=\"https:\/\/www.topohvar.at\/orte\/sg\/sg-is-53-1\/\"><img loading=\"lazy\" decoding=\"async\" class=\"alignleft wp-image-25504\" src=\"https:\/\/www.topohvar.at\/wp-content\/uploads\/2019\/12\/sg-is-53-1.jpg\" alt=\"\" width=\"114\" height=\"56\" srcset=\"https:\/\/www.topohvar.at\/wp-content\/uploads\/2019\/12\/sg-is-53-1.jpg 640w, https:\/\/www.topohvar.at\/wp-content\/uploads\/2019\/12\/sg-is-53-1-300x147.jpg 300w\" sizes=\"auto, (max-width: 114px) 100vw, 114px\" \/><\/a>Spomen plo\u010da \u00bbOva skromna ku\u0107a\u00ab<br \/>\n<\/strong>SG-IS-53 \/ Stari Grad, Ulica Petra Nizitea 4<\/p>\n<p><strong><a href=\"https:\/\/www.topohvar.at\/orte\/sg\/sg-is-05-2\/\"><img loading=\"lazy\" decoding=\"async\" class=\"alignleft wp-image-3091\" src=\"https:\/\/www.topohvar.at\/wp-content\/uploads\/2018\/08\/SG-IS-05-1-1024x503.jpg\" alt=\"\" width=\"114\" height=\"56\" srcset=\"https:\/\/www.topohvar.at\/wp-content\/uploads\/2018\/08\/SG-IS-05-1-1024x503.jpg 1024w, https:\/\/www.topohvar.at\/wp-content\/uploads\/2018\/08\/SG-IS-05-1-300x147.jpg 300w, https:\/\/www.topohvar.at\/wp-content\/uploads\/2018\/08\/SG-IS-05-1-768x377.jpg 768w\" sizes=\"auto, (max-width: 114px) 100vw, 114px\" \/><\/a>Spomen plo\u010da \u00bbRodna ku\u0107a Jordan Mihovil Zaninovi\u0107\u00ab<br \/>\n<\/strong>SG-IS-05 \/\u00a0Stari Grad, Konvenat 3<\/p>\n<p><strong><a href=\"https:\/\/www.topohvar.at\/orte\/sg\/sg-is-04-2\/\"><img loading=\"lazy\" decoding=\"async\" class=\"alignleft wp-image-3090\" src=\"https:\/\/www.topohvar.at\/wp-content\/uploads\/2018\/08\/SG-IS-04-1-1024x503.jpg\" alt=\"\" width=\"114\" height=\"56\" srcset=\"https:\/\/www.topohvar.at\/wp-content\/uploads\/2018\/08\/SG-IS-04-1-1024x503.jpg 1024w, https:\/\/www.topohvar.at\/wp-content\/uploads\/2018\/08\/SG-IS-04-1-300x147.jpg 300w, https:\/\/www.topohvar.at\/wp-content\/uploads\/2018\/08\/SG-IS-04-1-768x377.jpg 768w\" sizes=\"auto, (max-width: 114px) 100vw, 114px\" \/><\/a>Spomen plo\u010da \u00bbRodna ku\u0107a Don \u0160ime Ljubi\u0107\u00ab<br \/>\n<\/strong>SG-IS-04 \/ Stari Grad, Srinjo Kola 3<\/p>\n<p><strong><a href=\"https:\/\/www.topohvar.at\/orte\/sg\/sg-is-39-2\/\"><img loading=\"lazy\" decoding=\"async\" class=\"alignleft wp-image-3122\" src=\"https:\/\/www.topohvar.at\/wp-content\/uploads\/2018\/08\/sg-is-39-1-1024x503.jpg\" alt=\"\" width=\"114\" height=\"56\" srcset=\"https:\/\/www.topohvar.at\/wp-content\/uploads\/2018\/08\/sg-is-39-1-1024x503.jpg 1024w, https:\/\/www.topohvar.at\/wp-content\/uploads\/2018\/08\/sg-is-39-1-300x147.jpg 300w, https:\/\/www.topohvar.at\/wp-content\/uploads\/2018\/08\/sg-is-39-1-768x377.jpg 768w\" sizes=\"auto, (max-width: 114px) 100vw, 114px\" \/><\/a>Spomen plo\u010da \u00bbJuraj Biankini\u00ab<br \/>\n<\/strong>SG -IS-39 \/ Stari Grad, Srinjo Kola 4<\/p>\n<p><strong><a href=\"https:\/\/www.topohvar.at\/orte\/sg\/sg-is-03-2\/\"><img loading=\"lazy\" decoding=\"async\" class=\"alignleft wp-image-3089\" src=\"https:\/\/www.topohvar.at\/wp-content\/uploads\/2018\/08\/SG-IS-03-1-1024x503.jpg\" alt=\"\" width=\"114\" height=\"56\" srcset=\"https:\/\/www.topohvar.at\/wp-content\/uploads\/2018\/08\/SG-IS-03-1-1024x503.jpg 1024w, https:\/\/www.topohvar.at\/wp-content\/uploads\/2018\/08\/SG-IS-03-1-300x147.jpg 300w, https:\/\/www.topohvar.at\/wp-content\/uploads\/2018\/08\/SG-IS-03-1-768x377.jpg 768w\" sizes=\"auto, (max-width: 114px) 100vw, 114px\" \/><\/a>Spomen plo\u010da \u00bbVicko \u0160oljan, Faros Maraton\u00ab<br \/>\n<\/strong>SG-IS-03 \/ Stari Grad, Srinjo Kola 14<\/p>\n<p><strong><a href=\"https:\/\/www.topohvar.at\/orte\/sg\/sg-is-02-2\/\"><img loading=\"lazy\" decoding=\"async\" class=\"alignleft wp-image-3088\" src=\"https:\/\/www.topohvar.at\/wp-content\/uploads\/2018\/08\/SG-IS-02-1-1024x503.jpg\" alt=\"\" width=\"114\" height=\"56\" srcset=\"https:\/\/www.topohvar.at\/wp-content\/uploads\/2018\/08\/SG-IS-02-1-1024x503.jpg 1024w, https:\/\/www.topohvar.at\/wp-content\/uploads\/2018\/08\/SG-IS-02-1-300x147.jpg 300w, https:\/\/www.topohvar.at\/wp-content\/uploads\/2018\/08\/SG-IS-02-1-768x377.jpg 768w\" sizes=\"auto, (max-width: 114px) 100vw, 114px\" \/><\/a>Spomen plo\u010da \u00bbNikola Dominik Budrovi\u0107\u00ab<br \/>\n<\/strong>SG-IS-02\/ Stari Grad, Srinjo Kola 27<\/p>\n<p><strong><a href=\"https:\/\/www.topohvar.at\/orte\/sg\/sg-is-10-2\/\"><img loading=\"lazy\" decoding=\"async\" class=\"alignleft wp-image-3096\" src=\"https:\/\/www.topohvar.at\/wp-content\/uploads\/2018\/08\/SG-IS-10-1-1024x503.jpg\" alt=\"\" width=\"114\" height=\"56\" srcset=\"https:\/\/www.topohvar.at\/wp-content\/uploads\/2018\/08\/SG-IS-10-1-1024x503.jpg 1024w, https:\/\/www.topohvar.at\/wp-content\/uploads\/2018\/08\/SG-IS-10-1-300x147.jpg 300w, https:\/\/www.topohvar.at\/wp-content\/uploads\/2018\/08\/SG-IS-10-1-768x377.jpg 768w\" sizes=\"auto, (max-width: 114px) 100vw, 114px\" \/><\/a>Spomen plo\u010da \u00bbIvan Bal\u010di\u0107\u00ab<br \/>\n<\/strong>SG-IS-10 \/ Stari Grad, Duolnjo Kola 1<\/p>\n<p><strong><a href=\"https:\/\/www.topohvar.at\/orte\/sg\/sg-is-58-1\/\"><img loading=\"lazy\" decoding=\"async\" class=\"alignleft wp-image-65716\" src=\"https:\/\/www.topohvar.at\/wp-content\/uploads\/2024\/03\/SG-IS-58-0-300x147.jpg\" alt=\"\" width=\"114\" height=\"56\" srcset=\"https:\/\/www.topohvar.at\/wp-content\/uploads\/2024\/03\/SG-IS-58-0-300x147.jpg 300w, https:\/\/www.topohvar.at\/wp-content\/uploads\/2024\/03\/SG-IS-58-0-1024x503.jpg 1024w, https:\/\/www.topohvar.at\/wp-content\/uploads\/2024\/03\/SG-IS-58-0-768x377.jpg 768w, https:\/\/www.topohvar.at\/wp-content\/uploads\/2024\/03\/SG-IS-58-0.jpg 1080w\" sizes=\"auto, (max-width: 114px) 100vw, 114px\" \/><\/a>Spomen plo\u010da \u00bbDje\u010dje Zabaviste 1922. g.\u00ab<br \/>\n<\/strong>SG-IS-58 \/ Stari Grad, Duolnjo Kola 9<\/p>\n<p><strong><a href=\"https:\/\/www.topohvar.at\/orte\/sg\/sg-is-09-2\/\"><img loading=\"lazy\" decoding=\"async\" class=\"alignleft wp-image-3095\" src=\"https:\/\/www.topohvar.at\/wp-content\/uploads\/2018\/08\/SG-IS-09-1-1024x503.jpg\" alt=\"\" width=\"114\" height=\"56\" srcset=\"https:\/\/www.topohvar.at\/wp-content\/uploads\/2018\/08\/SG-IS-09-1-1024x503.jpg 1024w, https:\/\/www.topohvar.at\/wp-content\/uploads\/2018\/08\/SG-IS-09-1-300x147.jpg 300w, https:\/\/www.topohvar.at\/wp-content\/uploads\/2018\/08\/SG-IS-09-1-768x377.jpg 768w\" sizes=\"auto, (max-width: 114px) 100vw, 114px\" \/><\/a>Spomen plo\u010da \u00bbCar Franjo Josip I.\u00ab<br \/>\n<\/strong>SG-IS-09 \/ Stari Grad, Trg Velo Podlo\u017ea, na rivi<\/p>\n<p><strong><a href=\"https:\/\/www.topohvar.at\/orte\/sg\/sg-is-16-2\/\"><img loading=\"lazy\" decoding=\"async\" class=\"alignleft wp-image-3102\" src=\"https:\/\/www.topohvar.at\/wp-content\/uploads\/2018\/08\/SG-IS-16-1-1024x503.jpg\" alt=\"\" width=\"114\" height=\"56\" srcset=\"https:\/\/www.topohvar.at\/wp-content\/uploads\/2018\/08\/SG-IS-16-1-1024x503.jpg 1024w, https:\/\/www.topohvar.at\/wp-content\/uploads\/2018\/08\/SG-IS-16-1-300x147.jpg 300w, https:\/\/www.topohvar.at\/wp-content\/uploads\/2018\/08\/SG-IS-16-1-768x377.jpg 768w\" sizes=\"auto, (max-width: 114px) 100vw, 114px\" \/><\/a>Spomen plo\u010da \u00bbDon Ante Politeo, radni\u010dki blagdan\u00ab<br \/>\n<\/strong>SG-IS-16 \/ Stari Grad, Trg Velo Podlo\u017ea 5<\/p>\n<p><strong><a href=\"https:\/\/www.topohvar.at\/orte\/sg\/sg-is-54-1\/\"><img loading=\"lazy\" decoding=\"async\" class=\"alignleft wp-image-53083\" src=\"https:\/\/www.topohvar.at\/wp-content\/uploads\/2021\/10\/sg-is-54-1.jpg\" alt=\"\" width=\"114\" height=\"56\" srcset=\"https:\/\/www.topohvar.at\/wp-content\/uploads\/2021\/10\/sg-is-54-1.jpg 1080w, https:\/\/www.topohvar.at\/wp-content\/uploads\/2021\/10\/sg-is-54-1-300x147.jpg 300w, https:\/\/www.topohvar.at\/wp-content\/uploads\/2021\/10\/sg-is-54-1-1024x503.jpg 1024w, https:\/\/www.topohvar.at\/wp-content\/uploads\/2021\/10\/sg-is-54-1-768x377.jpg 768w\" sizes=\"auto, (max-width: 114px) 100vw, 114px\" \/><\/a>Spomen plo\u010da \u00bbLewis Ponsford\u00ab<br \/>\n<\/strong>SG-IS-16 \/ Stari Grad, Riva 5<\/p>\n<p><strong><a href=\"https:\/\/www.topohvar.at\/orte\/sg\/sg-is-41-2\/\"><img loading=\"lazy\" decoding=\"async\" class=\"alignleft wp-image-3124\" src=\"https:\/\/www.topohvar.at\/wp-content\/uploads\/2018\/08\/sg-is-41-1-1024x503.jpg\" alt=\"\" width=\"114\" height=\"56\" srcset=\"https:\/\/www.topohvar.at\/wp-content\/uploads\/2018\/08\/sg-is-41-1-1024x503.jpg 1024w, https:\/\/www.topohvar.at\/wp-content\/uploads\/2018\/08\/sg-is-41-1-300x147.jpg 300w, https:\/\/www.topohvar.at\/wp-content\/uploads\/2018\/08\/sg-is-41-1-768x377.jpg 768w\" sizes=\"auto, (max-width: 114px) 100vw, 114px\" \/><\/a>Spomen plo\u010da \u00bbDalmata sum\u00ab<br \/>\n<\/strong>SG-IS-41\/ Stari Grad, Ulica Marka Maruli\u0107a 1<\/p>\n<p><strong><a href=\"https:\/\/www.topohvar.at\/orte\/sg\/sg-is-49-2\/\"><img loading=\"lazy\" decoding=\"async\" class=\"alignleft wp-image-3132\" src=\"https:\/\/www.topohvar.at\/wp-content\/uploads\/2018\/08\/sg-is-49-1-1024x503.jpg\" alt=\"\" width=\"114\" height=\"56\" srcset=\"https:\/\/www.topohvar.at\/wp-content\/uploads\/2018\/08\/sg-is-49-1-1024x503.jpg 1024w, https:\/\/www.topohvar.at\/wp-content\/uploads\/2018\/08\/sg-is-49-1-300x147.jpg 300w, https:\/\/www.topohvar.at\/wp-content\/uploads\/2018\/08\/sg-is-49-1-768x377.jpg 768w\" sizes=\"auto, (max-width: 114px) 100vw, 114px\" \/><\/a>Spomen plo\u010da \u00bbMala plo\u010da\u00ab<br \/>\n<\/strong>SG-IS-49\/\u00a0Stari Grad, Ulica Ivana Gundulica 6<\/p>\n<p><strong><a href=\"https:\/\/www.topohvar.at\/orte\/sg\/sg-is-25-2\/\"><img loading=\"lazy\" decoding=\"async\" class=\"alignleft wp-image-3109\" src=\"https:\/\/www.topohvar.at\/wp-content\/uploads\/2018\/08\/sg-is-25-1-1024x503.jpg\" alt=\"\" width=\"114\" height=\"56\" srcset=\"https:\/\/www.topohvar.at\/wp-content\/uploads\/2018\/08\/sg-is-25-1-1024x503.jpg 1024w, https:\/\/www.topohvar.at\/wp-content\/uploads\/2018\/08\/sg-is-25-1-300x147.jpg 300w, https:\/\/www.topohvar.at\/wp-content\/uploads\/2018\/08\/sg-is-25-1-768x377.jpg 768w\" sizes=\"auto, (max-width: 114px) 100vw, 114px\" \/><\/a>Spomen plo\u010da \u00bbDederunt huius\u00ab<br \/>\n<\/strong>SG-IS-25 \/ Stari Grad, Trg Sv. Stjepana, zvonik<\/p>\n<p><strong><a href=\"https:\/\/www.topohvar.at\/orte\/sg\/sg-is-26-2\/\"><img loading=\"lazy\" decoding=\"async\" class=\"alignleft wp-image-3110\" src=\"https:\/\/www.topohvar.at\/wp-content\/uploads\/2018\/08\/sg-is-26-1-1024x503.jpg\" alt=\"\" width=\"114\" height=\"56\" srcset=\"https:\/\/www.topohvar.at\/wp-content\/uploads\/2018\/08\/sg-is-26-1-1024x503.jpg 1024w, https:\/\/www.topohvar.at\/wp-content\/uploads\/2018\/08\/sg-is-26-1-300x147.jpg 300w, https:\/\/www.topohvar.at\/wp-content\/uploads\/2018\/08\/sg-is-26-1-768x377.jpg 768w\" sizes=\"auto, (max-width: 114px) 100vw, 114px\" \/><\/a>Spomen plo\u010da \u00bbMolem hanc\u00ab<br \/>\n<\/strong>SG -IS-26 \/ Stari Grad, Trg Sv. Stjepana, zvonik<\/p>\n<p><strong><a href=\"https:\/\/www.topohvar.at\/orte\/sg\/sg-is-43-2\/\"><img loading=\"lazy\" decoding=\"async\" class=\"alignleft wp-image-3126\" src=\"https:\/\/www.topohvar.at\/wp-content\/uploads\/2018\/08\/SG-IS-43-1-1024x503.jpg\" alt=\"\" width=\"114\" height=\"56\" srcset=\"https:\/\/www.topohvar.at\/wp-content\/uploads\/2018\/08\/SG-IS-43-1-1024x503.jpg 1024w, https:\/\/www.topohvar.at\/wp-content\/uploads\/2018\/08\/SG-IS-43-1-300x147.jpg 300w, https:\/\/www.topohvar.at\/wp-content\/uploads\/2018\/08\/SG-IS-43-1-768x377.jpg 768w\" sizes=\"auto, (max-width: 114px) 100vw, 114px\" \/><\/a>Spomen plo\u010da \u00bbDar Lucije Paku\u0161i\u0107\u00ab<br \/>\n<\/strong>SG-IS-43 \/ Stari Grad, Ulica Kod Sv. Stjepana 25<\/p>\n<p><strong><a href=\"https:\/\/www.topohvar.at\/orte\/sg\/sg-is-07-2\/\"><img loading=\"lazy\" decoding=\"async\" class=\"alignleft wp-image-3093\" src=\"https:\/\/www.topohvar.at\/wp-content\/uploads\/2018\/08\/SG-IS-07-1-1024x503.jpg\" alt=\"\" width=\"114\" height=\"56\" srcset=\"https:\/\/www.topohvar.at\/wp-content\/uploads\/2018\/08\/SG-IS-07-1-1024x503.jpg 1024w, https:\/\/www.topohvar.at\/wp-content\/uploads\/2018\/08\/SG-IS-07-1-300x147.jpg 300w, https:\/\/www.topohvar.at\/wp-content\/uploads\/2018\/08\/SG-IS-07-1-768x377.jpg 768w\" sizes=\"auto, (max-width: 114px) 100vw, 114px\" \/><\/a>Spomen plo\u010da \u00bbDruge Prekomorske Brigade\u00ab<br \/>\n<\/strong>SG-IS-07 \/ Stari Grad, Ulica Pape Ivana Pavla II. 3<\/p>\n<p><strong><a href=\"https:\/\/www.topohvar.at\/orte\/sg\/sg-is-06-2\/\"><img loading=\"lazy\" decoding=\"async\" class=\"alignleft wp-image-3092\" src=\"https:\/\/www.topohvar.at\/wp-content\/uploads\/2018\/08\/SG-IS-06-1-1024x503.jpg\" alt=\"\" width=\"114\" height=\"56\" srcset=\"https:\/\/www.topohvar.at\/wp-content\/uploads\/2018\/08\/SG-IS-06-1-1024x503.jpg 1024w, https:\/\/www.topohvar.at\/wp-content\/uploads\/2018\/08\/SG-IS-06-1-300x147.jpg 300w, https:\/\/www.topohvar.at\/wp-content\/uploads\/2018\/08\/SG-IS-06-1-768x377.jpg 768w\" sizes=\"auto, (max-width: 114px) 100vw, 114px\" \/><\/a>Spomen plo\u010da \u00bbMattheus Cancus Plan\u010di\u0107\u00ab<br \/>\n<\/strong>SG-IS-06 \/\u00a0Stari Grad, Ulica Pape Ivana Pavla II. 5<\/p>\n<p><strong><a href=\"https:\/\/www.topohvar.at\/orte\/sg\/sg-is-24-2\/\"><img loading=\"lazy\" decoding=\"async\" class=\"alignleft wp-image-3108\" src=\"https:\/\/www.topohvar.at\/wp-content\/uploads\/2018\/08\/SG-IS-24-1-1024x503.jpg\" alt=\"\" width=\"114\" height=\"56\" srcset=\"https:\/\/www.topohvar.at\/wp-content\/uploads\/2018\/08\/SG-IS-24-1-1024x503.jpg 1024w, https:\/\/www.topohvar.at\/wp-content\/uploads\/2018\/08\/SG-IS-24-1-300x147.jpg 300w, https:\/\/www.topohvar.at\/wp-content\/uploads\/2018\/08\/SG-IS-24-1-768x377.jpg 768w\" sizes=\"auto, (max-width: 114px) 100vw, 114px\" \/><\/a>Spomen plo\u010da \u00bbna crkvu Sv. Petra\u00ab<br \/>\n<\/strong>SG-IS-24 \/ Stari Grad, Kod sv. Petra 1, crkva Sv. Petra Mu\u010denika<\/p>\n<p><strong><a href=\"https:\/\/www.topohvar.at\/orte\/sg\/sg-is-13-2\/\"><img loading=\"lazy\" decoding=\"async\" class=\"alignleft wp-image-3099\" src=\"https:\/\/www.topohvar.at\/wp-content\/uploads\/2018\/08\/SG-IS-13-1-1024x503.jpg\" alt=\"\" width=\"114\" height=\"56\" srcset=\"https:\/\/www.topohvar.at\/wp-content\/uploads\/2018\/08\/SG-IS-13-1-1024x503.jpg 1024w, https:\/\/www.topohvar.at\/wp-content\/uploads\/2018\/08\/SG-IS-13-1-300x147.jpg 300w, https:\/\/www.topohvar.at\/wp-content\/uploads\/2018\/08\/SG-IS-13-1-768x377.jpg 768w\" sizes=\"auto, (max-width: 114px) 100vw, 114px\" \/><\/a>Spomen plo\u010da \u00bbPrvi Partizanski Logor 1941\u00ab<br \/>\n<\/strong>SG -IS-13 \/ Stari Grad, Traka, ju\u017eno od glavne ceste<\/p>\n<p><strong><a href=\"https:\/\/www.topohvar.at\/orte\/sg\/sg-is-57-1\/\"><img loading=\"lazy\" decoding=\"async\" class=\"alignleft wp-image-66151\" src=\"https:\/\/www.topohvar.at\/wp-content\/uploads\/2024\/04\/SG-IS-57-11-300x147.jpg\" alt=\"\" width=\"114\" height=\"56\" srcset=\"https:\/\/www.topohvar.at\/wp-content\/uploads\/2024\/04\/SG-IS-57-11-300x147.jpg 300w, https:\/\/www.topohvar.at\/wp-content\/uploads\/2024\/04\/SG-IS-57-11-1024x503.jpg 1024w, https:\/\/www.topohvar.at\/wp-content\/uploads\/2024\/04\/SG-IS-57-11-768x377.jpg 768w, https:\/\/www.topohvar.at\/wp-content\/uploads\/2024\/04\/SG-IS-57-11.jpg 1080w\" sizes=\"auto, (max-width: 114px) 100vw, 114px\" \/><\/a>Spomen plo\u010da \u00bbRenato Dedi\u0107\u00ab<br \/>\n<\/strong>SG -IS-57 \/ Stari Grad, DC-116<\/p>\n<p><strong><a href=\"https:\/\/www.topohvar.at\/orte\/sg\/sg-is-21-2\/\"><img loading=\"lazy\" decoding=\"async\" class=\"alignleft wp-image-3106\" src=\"https:\/\/www.topohvar.at\/wp-content\/uploads\/2018\/08\/SG-IS-21-1-1024x503.jpg\" alt=\"\" width=\"114\" height=\"56\" srcset=\"https:\/\/www.topohvar.at\/wp-content\/uploads\/2018\/08\/SG-IS-21-1-1024x503.jpg 1024w, https:\/\/www.topohvar.at\/wp-content\/uploads\/2018\/08\/SG-IS-21-1-300x147.jpg 300w, https:\/\/www.topohvar.at\/wp-content\/uploads\/2018\/08\/SG-IS-21-1-768x377.jpg 768w\" sizes=\"auto, (max-width: 114px) 100vw, 114px\" \/><\/a>Spomen plo\u010da \u00bbGradsko groblje\u00ab<br \/>\n<\/strong>SG-IS-21 \/ Stari Grad, Vukovarska cesta, gradsko groblje<\/p>\n<p><strong><a href=\"https:\/\/www.topohvar.at\/orte\/sg\/sg-is-29-2\/\"><img loading=\"lazy\" decoding=\"async\" class=\"alignleft wp-image-3113\" src=\"https:\/\/www.topohvar.at\/wp-content\/uploads\/2018\/08\/sg-is-29-1-1024x503.jpg\" alt=\"\" width=\"114\" height=\"56\" srcset=\"https:\/\/www.topohvar.at\/wp-content\/uploads\/2018\/08\/sg-is-29-1-1024x503.jpg 1024w, https:\/\/www.topohvar.at\/wp-content\/uploads\/2018\/08\/sg-is-29-1-300x147.jpg 300w, https:\/\/www.topohvar.at\/wp-content\/uploads\/2018\/08\/sg-is-29-1-768x377.jpg 768w\" sizes=\"auto, (max-width: 114px) 100vw, 114px\" \/><\/a>Spomen plo\u010da \u00bbiznad vrata crkvicu sv. Marije\u00ab<br \/>\n<\/strong>SG-IS-29 \/ Stari Grad, Vukovarska cesta, gradsko groblje<\/p>\n<p><strong><a href=\"https:\/\/www.topohvar.at\/orte\/sg\/sg-is-22-2\/\"><img loading=\"lazy\" decoding=\"async\" class=\"alignleft wp-image-3107\" src=\"https:\/\/www.topohvar.at\/wp-content\/uploads\/2018\/08\/SG-IS-22-1-1024x503.jpg\" alt=\"\" width=\"114\" height=\"56\" srcset=\"https:\/\/www.topohvar.at\/wp-content\/uploads\/2018\/08\/SG-IS-22-1-1024x503.jpg 1024w, https:\/\/www.topohvar.at\/wp-content\/uploads\/2018\/08\/SG-IS-22-1-300x147.jpg 300w, https:\/\/www.topohvar.at\/wp-content\/uploads\/2018\/08\/SG-IS-22-1-768x377.jpg 768w\" sizes=\"auto, (max-width: 114px) 100vw, 114px\" \/><\/a>Spomen plo\u010da \u00bbNikole Stan\u010di\u0107\u00ab<br \/>\n<\/strong>SG-IS-22 \/ Stari Grad, Vukovarska cesta, gradsko groblje, mrtva\u010dnica<\/p>\n<p><strong><a href=\"https:\/\/www.topohvar.at\/orte\/sg\/sg-is-51-2\/\"><img loading=\"lazy\" decoding=\"async\" class=\"alignleft wp-image-3134\" src=\"https:\/\/www.topohvar.at\/wp-content\/uploads\/2018\/08\/SG-IS-51-1-1024x503.jpg\" alt=\"\" width=\"114\" height=\"56\" srcset=\"https:\/\/www.topohvar.at\/wp-content\/uploads\/2018\/08\/SG-IS-51-1-1024x503.jpg 1024w, https:\/\/www.topohvar.at\/wp-content\/uploads\/2018\/08\/SG-IS-51-1-300x147.jpg 300w, https:\/\/www.topohvar.at\/wp-content\/uploads\/2018\/08\/SG-IS-51-1-768x377.jpg 768w\" sizes=\"auto, (max-width: 114px) 100vw, 114px\" \/><\/a>Spomen plo\u010da \u00bbBog je kultura\u00ab<br \/>\n<\/strong>SG-IS-51 \/ Stari Grad, Vukovarska cesta, uz gradskom groblju<\/p>\n<p><strong><a href=\"https:\/\/www.topohvar.at\/orte\/sg\/sg-is-14-2\/\"><img loading=\"lazy\" decoding=\"async\" class=\"alignleft wp-image-3136\" src=\"https:\/\/www.topohvar.at\/wp-content\/uploads\/2018\/08\/SG-IS-14-1-1024x503.jpg\" alt=\"\" width=\"114\" height=\"56\" srcset=\"https:\/\/www.topohvar.at\/wp-content\/uploads\/2018\/08\/SG-IS-14-1-1024x503.jpg 1024w, https:\/\/www.topohvar.at\/wp-content\/uploads\/2018\/08\/SG-IS-14-1-300x147.jpg 300w, https:\/\/www.topohvar.at\/wp-content\/uploads\/2018\/08\/SG-IS-14-1-768x377.jpg 768w\" sizes=\"auto, (max-width: 114px) 100vw, 114px\" \/><\/a>Spomen plo\u010da \u00bbNikole Franje Bojani\u0107\u00ab<br \/>\n<\/strong>SG-IS-14 \/ Stari Grad, Vukovarska cesta, Vukovarska cesta, u blizini crkve Sv. Nikole<\/p>\n<p><strong><a href=\"https:\/\/www.topohvar.at\/orte\/sg\/sg-is-50-2\/\"><img loading=\"lazy\" decoding=\"async\" class=\"alignleft wp-image-3133\" src=\"https:\/\/www.topohvar.at\/wp-content\/uploads\/2018\/08\/sg-is-50-1-1024x503.jpg\" alt=\"\" width=\"114\" height=\"56\" srcset=\"https:\/\/www.topohvar.at\/wp-content\/uploads\/2018\/08\/sg-is-50-1-1024x503.jpg 1024w, https:\/\/www.topohvar.at\/wp-content\/uploads\/2018\/08\/sg-is-50-1-300x147.jpg 300w, https:\/\/www.topohvar.at\/wp-content\/uploads\/2018\/08\/sg-is-50-1-768x377.jpg 768w\" sizes=\"auto, (max-width: 114px) 100vw, 114px\" \/><\/a>Spomen plo\u010da \u00bbOlive iz Parosa\u00ab<br \/>\n<\/strong>SG-IS-50 \/ Stari Grad, Vukovarska cesta, u blizini crkve Sv. Nikole<\/p>\n<p><strong><a href=\"https:\/\/www.topohvar.at\/orte\/sg\/sg-is-15-2\/\"><img loading=\"lazy\" decoding=\"async\" class=\"alignleft wp-image-3101\" src=\"https:\/\/www.topohvar.at\/wp-content\/uploads\/2018\/08\/SG-IS-15-1-1024x503.jpg\" alt=\"\" width=\"114\" height=\"56\" srcset=\"https:\/\/www.topohvar.at\/wp-content\/uploads\/2018\/08\/SG-IS-15-1-1024x503.jpg 1024w, https:\/\/www.topohvar.at\/wp-content\/uploads\/2018\/08\/SG-IS-15-1-300x147.jpg 300w, https:\/\/www.topohvar.at\/wp-content\/uploads\/2018\/08\/SG-IS-15-1-768x377.jpg 768w\" sizes=\"auto, (max-width: 114px) 100vw, 114px\" \/><\/a>Spomen plo\u010da \u00bbRodna ku\u0107a Ivan Lu\u010di\u0107-Lav\u010devi\u0107\u00ab<br \/>\n<\/strong>SG-IS-15\/ Stari Grad, \u0160iberija 19<\/p>\n<p><strong><a href=\"https:\/\/www.topohvar.at\/orte\/sg\/sg-is-42-2\/\"><img loading=\"lazy\" decoding=\"async\" class=\"alignleft wp-image-3125\" src=\"https:\/\/www.topohvar.at\/wp-content\/uploads\/2018\/08\/SG-IS-42-1-1024x503.jpg\" alt=\"\" width=\"114\" height=\"56\" srcset=\"https:\/\/www.topohvar.at\/wp-content\/uploads\/2018\/08\/SG-IS-42-1-1024x503.jpg 1024w, https:\/\/www.topohvar.at\/wp-content\/uploads\/2018\/08\/SG-IS-42-1-300x147.jpg 300w, https:\/\/www.topohvar.at\/wp-content\/uploads\/2018\/08\/SG-IS-42-1-768x377.jpg 768w\" sizes=\"auto, (max-width: 114px) 100vw, 114px\" \/><\/a>Spomen plo\u010da \u00bbPrvo sjedi\u0161te gradske glazbe\u00ab<br \/>\n<\/strong>SG-IS-42 \/ Stari Grad, Ulica Ru\u0111era Bo\u0161kovi\u0107a 5<\/p>\n<p><strong><a href=\"https:\/\/www.topohvar.at\/orte\/sg\/sg-is-52-2\/\"><img loading=\"lazy\" decoding=\"async\" class=\"alignleft wp-image-3135\" src=\"https:\/\/www.topohvar.at\/wp-content\/uploads\/2018\/08\/SG-IS-52-1-1024x503.jpg\" alt=\"\" width=\"114\" height=\"56\" srcset=\"https:\/\/www.topohvar.at\/wp-content\/uploads\/2018\/08\/SG-IS-52-1-1024x503.jpg 1024w, https:\/\/www.topohvar.at\/wp-content\/uploads\/2018\/08\/SG-IS-52-1-300x147.jpg 300w, https:\/\/www.topohvar.at\/wp-content\/uploads\/2018\/08\/SG-IS-52-1-768x377.jpg 768w\" sizes=\"auto, (max-width: 114px) 100vw, 114px\" \/><\/a>Spomen plo\u010da \u00bbVodovoda\u00ab<br \/>\n<\/strong>SG -IS-52 \/ Stari Grad, teren vodovoda<\/p>\n<p><strong><a href=\"https:\/\/www.topohvar.at\/orte\/sg\/sg-is-20-2\/\"><img loading=\"lazy\" decoding=\"async\" class=\"alignleft wp-image-3105\" src=\"https:\/\/www.topohvar.at\/wp-content\/uploads\/2018\/08\/SG-is-20-1-1024x503.jpg\" alt=\"\" width=\"114\" height=\"56\" srcset=\"https:\/\/www.topohvar.at\/wp-content\/uploads\/2018\/08\/SG-is-20-1-1024x503.jpg 1024w, https:\/\/www.topohvar.at\/wp-content\/uploads\/2018\/08\/SG-is-20-1-300x147.jpg 300w, https:\/\/www.topohvar.at\/wp-content\/uploads\/2018\/08\/SG-is-20-1-768x377.jpg 768w\" sizes=\"auto, (max-width: 114px) 100vw, 114px\" \/><\/a>Spomen plo\u010da \u00bbVinarija Ivan Lu\u010di\u0107-Lav\u010devi\u0107\u00ab<br \/>\n<\/strong>SG-IS-20 \/ Stari Grad, Put Kri\u017ea 1, vinarija<\/p>\n<p><strong><a href=\"https:\/\/www.topohvar.at\/orte\/sg\/sg-is-44-2\/\"><img loading=\"lazy\" decoding=\"async\" class=\"alignleft wp-image-3127\" src=\"https:\/\/www.topohvar.at\/wp-content\/uploads\/2018\/08\/sg-is-44-1-1024x503.jpg\" alt=\"\" width=\"114\" height=\"56\" srcset=\"https:\/\/www.topohvar.at\/wp-content\/uploads\/2018\/08\/sg-is-44-1-1024x503.jpg 1024w, https:\/\/www.topohvar.at\/wp-content\/uploads\/2018\/08\/sg-is-44-1-300x147.jpg 300w, https:\/\/www.topohvar.at\/wp-content\/uploads\/2018\/08\/sg-is-44-1-768x377.jpg 768w\" sizes=\"auto, (max-width: 114px) 100vw, 114px\" \/><\/a>Spomen plo\u010da \u00bbu Parku Vorba &#8211; Maslice\u00ab<br \/>\n<\/strong>SG-IS-44 \/\u00a0Stari Grad, Park Vorba<\/p>\n<p><strong><a href=\"https:\/\/www.topohvar.at\/orte\/sg\/sg-is-40-2\/\"><img loading=\"lazy\" decoding=\"async\" class=\"alignleft wp-image-3123\" src=\"https:\/\/www.topohvar.at\/wp-content\/uploads\/2018\/08\/SG-IS-40-1-1024x503.jpg\" alt=\"\" width=\"114\" height=\"56\" srcset=\"https:\/\/www.topohvar.at\/wp-content\/uploads\/2018\/08\/SG-IS-40-1-1024x503.jpg 1024w, https:\/\/www.topohvar.at\/wp-content\/uploads\/2018\/08\/SG-IS-40-1-300x147.jpg 300w, https:\/\/www.topohvar.at\/wp-content\/uploads\/2018\/08\/SG-IS-40-1-768x377.jpg 768w\" sizes=\"auto, (max-width: 114px) 100vw, 114px\" \/><\/a>Spomen plo\u010da \u00bb120. god. Zadruga\u00ab<br \/>\n<\/strong>SG-IS-40 \/ Stari Grad, Put Kardinal A. Stepinca 7<\/p>\n<p><strong><a href=\"https:\/\/www.topohvar.at\/orte\/sg\/sg-is-60-1\/\"><img loading=\"lazy\" decoding=\"async\" class=\"alignleft wp-image-69781\" src=\"https:\/\/www.topohvar.at\/wp-content\/uploads\/2024\/11\/sg-is-60-10-300x147.jpg\" alt=\"\" width=\"114\" height=\"56\" srcset=\"https:\/\/www.topohvar.at\/wp-content\/uploads\/2024\/11\/sg-is-60-10-300x147.jpg 300w, https:\/\/www.topohvar.at\/wp-content\/uploads\/2024\/11\/sg-is-60-10-1024x503.jpg 1024w, https:\/\/www.topohvar.at\/wp-content\/uploads\/2024\/11\/sg-is-60-10-768x377.jpg 768w, https:\/\/www.topohvar.at\/wp-content\/uploads\/2024\/11\/sg-is-60-10.jpg 1080w\" sizes=\"auto, (max-width: 114px) 100vw, 114px\" \/><\/a>Spomen plo\u010da \u00bbSinovi Ivan, Vicko, Paval\u00ab<br \/>\n<\/strong>SG-IS-60 \/ Stari Grad, Put Rudine 12 \/ Ulica Matije Gupca \/ Prvi Donji dvor<\/p>\n<p><strong><a href=\"https:\/\/www.topohvar.at\/orte\/sg\/sg-is-18-2\/\"><img loading=\"lazy\" decoding=\"async\" class=\"alignleft wp-image-387 size-full\" src=\"https:\/\/www.topohvar.at\/wp-content\/uploads\/2018\/07\/00-00-00-1.jpg\" alt=\"\" width=\"114\" height=\"56\" \/><\/a>Spomen plo\u010da \u00bbOdr\u017eavanju prvog sastanka SKOJ-a otoka Hvara\u00ab<br \/>\n<\/strong>SG-IS-18 \/\u00a0Stari Grad, Ulica Vijugasta<\/p>\n<p><strong><a href=\"https:\/\/www.topohvar.at\/orte\/sg\/sg-is-12-2\/\"><img loading=\"lazy\" decoding=\"async\" class=\"alignleft wp-image-38820\" src=\"https:\/\/www.topohvar.at\/wp-content\/uploads\/2020\/07\/sg-is-12-11.jpg\" alt=\"\" width=\"114\" height=\"56\" srcset=\"https:\/\/www.topohvar.at\/wp-content\/uploads\/2020\/07\/sg-is-12-11.jpg 1080w, https:\/\/www.topohvar.at\/wp-content\/uploads\/2020\/07\/sg-is-12-11-300x147.jpg 300w, https:\/\/www.topohvar.at\/wp-content\/uploads\/2020\/07\/sg-is-12-11-1024x503.jpg 1024w, https:\/\/www.topohvar.at\/wp-content\/uploads\/2020\/07\/sg-is-12-11-768x377.jpg 768w\" sizes=\"auto, (max-width: 114px) 100vw, 114px\" \/><\/a>Spomen plo\u010da \u00bbOsnutku prve partizanske grupe\u00ab<br \/>\n<\/strong>SG-IS-12 \/ Stari Grad, Petra Kre\u0161imira IV, ku\u0107a Mate Petri\u0107<\/p>\n<p><strong><a href=\"https:\/\/www.topohvar.at\/orte\/sg\/sg-is-56-1\/\"><img loading=\"lazy\" decoding=\"async\" class=\"alignleft wp-image-61805\" src=\"https:\/\/www.topohvar.at\/wp-content\/uploads\/2022\/11\/sg-is-56-10-300x147.jpg\" alt=\"\" width=\"114\" height=\"56\" srcset=\"https:\/\/www.topohvar.at\/wp-content\/uploads\/2022\/11\/sg-is-56-10-300x147.jpg 300w, https:\/\/www.topohvar.at\/wp-content\/uploads\/2022\/11\/sg-is-56-10-1024x503.jpg 1024w, https:\/\/www.topohvar.at\/wp-content\/uploads\/2022\/11\/sg-is-56-10-768x377.jpg 768w, https:\/\/www.topohvar.at\/wp-content\/uploads\/2022\/11\/sg-is-56-10.jpg 1080w\" sizes=\"auto, (max-width: 114px) 100vw, 114px\" \/><\/a>Plo\u010da \/ Tafel \u00bbTrbuhovi\u0107\u00ab<br \/>\n<\/strong>SG-IS-56 \/ Stari Grad, Ulica kralja Zvonimira 23, Vila Paulina<\/p>\n<p><strong><a href=\"https:\/\/www.topohvar.at\/orte\/sg\/sg-is-45-2\/\"><img loading=\"lazy\" decoding=\"async\" class=\"alignleft wp-image-3128\" src=\"https:\/\/www.topohvar.at\/wp-content\/uploads\/2018\/08\/SG-IS-45-1-1024x503.jpg\" alt=\"\" width=\"114\" height=\"56\" srcset=\"https:\/\/www.topohvar.at\/wp-content\/uploads\/2018\/08\/SG-IS-45-1-1024x503.jpg 1024w, https:\/\/www.topohvar.at\/wp-content\/uploads\/2018\/08\/SG-IS-45-1-300x147.jpg 300w, https:\/\/www.topohvar.at\/wp-content\/uploads\/2018\/08\/SG-IS-45-1-768x377.jpg 768w\" sizes=\"auto, (max-width: 114px) 100vw, 114px\" \/><\/a><\/strong><\/p>\n<p><strong>Spomen plo\u010da \u00bbna novoj obali\u00ab<br \/>\n<\/strong>SG-IS-45 \/ Stari Grad, Obala \u017drtava Rata<\/p>\n<p><strong><a href=\"https:\/\/www.topohvar.at\/orte\/sg\/sg-is-48-2\/\"><img loading=\"lazy\" decoding=\"async\" class=\"alignleft wp-image-3131\" src=\"https:\/\/www.topohvar.at\/wp-content\/uploads\/2018\/08\/sg-is-48-1-1024x503.jpg\" alt=\"\" width=\"114\" height=\"56\" srcset=\"https:\/\/www.topohvar.at\/wp-content\/uploads\/2018\/08\/sg-is-48-1-1024x503.jpg 1024w, https:\/\/www.topohvar.at\/wp-content\/uploads\/2018\/08\/sg-is-48-1-300x147.jpg 300w, https:\/\/www.topohvar.at\/wp-content\/uploads\/2018\/08\/sg-is-48-1-768x377.jpg 768w\" sizes=\"auto, (max-width: 114px) 100vw, 114px\" \/><\/a>Spomen plo\u010da \u00bb384. godine prije Krista\u00ab<br \/>\n<\/strong>SG-IS-48 \/ Stari Grad, Obala Dr. Franjo Tu\u0111mana<\/p>\n<p><strong><a href=\"https:\/\/www.topohvar.at\/orte\/sg\/sg-is-47-2\/\"><img loading=\"lazy\" decoding=\"async\" class=\"alignleft wp-image-3130\" src=\"https:\/\/www.topohvar.at\/wp-content\/uploads\/2018\/08\/sg-is-47-1-1024x503.jpg\" alt=\"\" width=\"114\" height=\"56\" srcset=\"https:\/\/www.topohvar.at\/wp-content\/uploads\/2018\/08\/sg-is-47-1-1024x503.jpg 1024w, https:\/\/www.topohvar.at\/wp-content\/uploads\/2018\/08\/sg-is-47-1-300x147.jpg 300w, https:\/\/www.topohvar.at\/wp-content\/uploads\/2018\/08\/sg-is-47-1-768x377.jpg 768w\" sizes=\"auto, (max-width: 114px) 100vw, 114px\" \/><\/a>Spomen plo\u010da \u00bbDom za starije i nemo\u0107ne osobe\u00ab<br \/>\n<\/strong>SG-IS-47 \/ Stari Grad, Ulica Zbora Narodne Garde 11<\/p>\n<p><strong><a href=\"https:\/\/www.topohvar.at\/orte\/sg\/sg-is-30-2\/\"><img loading=\"lazy\" decoding=\"async\" class=\"alignleft wp-image-3114\" src=\"https:\/\/www.topohvar.at\/wp-content\/uploads\/2018\/08\/SG-IS-30-1-1024x503.jpg\" alt=\"\" width=\"114\" height=\"56\" srcset=\"https:\/\/www.topohvar.at\/wp-content\/uploads\/2018\/08\/SG-IS-30-1-1024x503.jpg 1024w, https:\/\/www.topohvar.at\/wp-content\/uploads\/2018\/08\/SG-IS-30-1-300x147.jpg 300w, https:\/\/www.topohvar.at\/wp-content\/uploads\/2018\/08\/SG-IS-30-1-768x377.jpg 768w\" sizes=\"auto, (max-width: 114px) 100vw, 114px\" \/><\/a>Spomen plo\u010da \u00bbpod kri\u017eem &#8211; Hvala za sa\u010duvan \u017eivot\u00ab<br \/>\n<\/strong>SG-IS-30 \/ Stari Grad, Glavica<\/p>\n<p><strong><a href=\"https:\/\/www.topohvar.at\/orte\/sg\/sg-is-31-2\/\"><img loading=\"lazy\" decoding=\"async\" class=\"alignleft wp-image-3115\" src=\"https:\/\/www.topohvar.at\/wp-content\/uploads\/2018\/08\/SG-IS-31-1-1024x503.jpg\" alt=\"\" width=\"114\" height=\"56\" srcset=\"https:\/\/www.topohvar.at\/wp-content\/uploads\/2018\/08\/SG-IS-31-1-1024x503.jpg 1024w, https:\/\/www.topohvar.at\/wp-content\/uploads\/2018\/08\/SG-IS-31-1-300x147.jpg 300w, https:\/\/www.topohvar.at\/wp-content\/uploads\/2018\/08\/SG-IS-31-1-768x377.jpg 768w\" sizes=\"auto, (max-width: 114px) 100vw, 114px\" \/><\/a>Spomen plo\u010da \u00bbpod kri\u017eem &#8211; Onamo na bardo\u00ab<br \/>\n<\/strong>SG-IS-31 \/\u00a0Stari Grad, Glavica<\/p>\n<p><strong><a href=\"https:\/\/www.topohvar.at\/orte\/sg\/sg-is-32-2\/\"><img loading=\"lazy\" decoding=\"async\" class=\"alignleft wp-image-3116\" src=\"https:\/\/www.topohvar.at\/wp-content\/uploads\/2018\/08\/SG-is-32-1-1024x503.jpg\" alt=\"\" width=\"114\" height=\"56\" srcset=\"https:\/\/www.topohvar.at\/wp-content\/uploads\/2018\/08\/SG-is-32-1-1024x503.jpg 1024w, https:\/\/www.topohvar.at\/wp-content\/uploads\/2018\/08\/SG-is-32-1-300x147.jpg 300w, https:\/\/www.topohvar.at\/wp-content\/uploads\/2018\/08\/SG-is-32-1-768x377.jpg 768w\" sizes=\"auto, (max-width: 114px) 100vw, 114px\" \/><\/a>Spomen plo\u010da \u00bbna kapelu Isusa Kristu\u00ab<br \/>\n<\/strong>SG-IS-32 \/\u00a0Stari Grad, Glavica<\/p>\n<p><strong><a href=\"https:\/\/www.topohvar.at\/orte\/sg\/sg-is-33-2\/\"><img loading=\"lazy\" decoding=\"async\" class=\"alignleft wp-image-3117\" src=\"https:\/\/www.topohvar.at\/wp-content\/uploads\/2018\/08\/sg-is-33-1-1024x503.jpg\" alt=\"\" width=\"114\" height=\"56\" srcset=\"https:\/\/www.topohvar.at\/wp-content\/uploads\/2018\/08\/sg-is-33-1-1024x503.jpg 1024w, https:\/\/www.topohvar.at\/wp-content\/uploads\/2018\/08\/sg-is-33-1-300x147.jpg 300w, https:\/\/www.topohvar.at\/wp-content\/uploads\/2018\/08\/sg-is-33-1-768x377.jpg 768w\" sizes=\"auto, (max-width: 114px) 100vw, 114px\" \/><\/a>Spomen plo\u010da \u00bbna kapelu sv. Alojzije\u00ab<br \/>\n<\/strong>SG-IS-33 \/ Stari Grad, Put od Starog Grada do Rudina<\/p>\n<p><strong><a href=\"https:\/\/www.topohvar.at\/orte\/sg\/sg-is-35-2\/\"><img loading=\"lazy\" decoding=\"async\" class=\"alignleft wp-image-3119\" src=\"https:\/\/www.topohvar.at\/wp-content\/uploads\/2018\/08\/sg-is-35-1-1024x503.jpg\" alt=\"\" width=\"114\" height=\"56\" srcset=\"https:\/\/www.topohvar.at\/wp-content\/uploads\/2018\/08\/sg-is-35-1-1024x503.jpg 1024w, https:\/\/www.topohvar.at\/wp-content\/uploads\/2018\/08\/sg-is-35-1-300x147.jpg 300w, https:\/\/www.topohvar.at\/wp-content\/uploads\/2018\/08\/sg-is-35-1-768x377.jpg 768w\" sizes=\"auto, (max-width: 114px) 100vw, 114px\" \/><\/a>Spomen plo\u010da \u00bbU uvoj zgradi 22. 8. 1942\u00ab<br \/>\n<\/strong>SG-IS-35 \/ Stari Grad, Polje, Ku\u0107a Ra\u0161nik<\/p>\n<p style=\"text-align: right;\"><span style=\"color: #3366ff;\"><a style=\"color: #3366ff;\" href=\"#seite_oben\">natrag na vrh \/ Seitenanfang<\/a><\/span><\/p>\n<p><a name=\"ir\"><\/a><\/p>\n<hr \/>\n<h2><strong><span style=\"color: #ff0000;\">Reljefi \/ Reliefs<\/span><\/strong><\/h2>\n<p><strong><a href=\"https:\/\/www.topohvar.at\/orte\/sg\/sg-ig-01-2\/\"><img loading=\"lazy\" decoding=\"async\" class=\"alignleft wp-image-2444\" src=\"https:\/\/www.topohvar.at\/wp-content\/uploads\/2018\/08\/SG-IG-01-1-1024x503.jpg\" alt=\"\" width=\"114\" height=\"56\" srcset=\"https:\/\/www.topohvar.at\/wp-content\/uploads\/2018\/08\/SG-IG-01-1-1024x503.jpg 1024w, https:\/\/www.topohvar.at\/wp-content\/uploads\/2018\/08\/SG-IG-01-1-300x147.jpg 300w, https:\/\/www.topohvar.at\/wp-content\/uploads\/2018\/08\/SG-IG-01-1-768x377.jpg 768w\" sizes=\"auto, (max-width: 114px) 100vw, 114px\" \/><\/a>Grb \u00bbPetra Hektorovi\u0107a (1)\u00ab<br \/>\n<\/strong>SG-IG-01 \/ Stari Grad, Trg Sv. Stjepana 2<\/p>\n<p><strong><a href=\"https:\/\/www.topohvar.at\/orte\/sg\/sg-ig-11-2\/\"><img loading=\"lazy\" decoding=\"async\" class=\"alignleft wp-image-2454\" src=\"https:\/\/www.topohvar.at\/wp-content\/uploads\/2018\/08\/sg-ig-11-1-1024x503.jpg\" alt=\"\" width=\"114\" height=\"56\" srcset=\"https:\/\/www.topohvar.at\/wp-content\/uploads\/2018\/08\/sg-ig-11-1-1024x503.jpg 1024w, https:\/\/www.topohvar.at\/wp-content\/uploads\/2018\/08\/sg-ig-11-1-300x147.jpg 300w, https:\/\/www.topohvar.at\/wp-content\/uploads\/2018\/08\/sg-ig-11-1-768x377.jpg 768w\" sizes=\"auto, (max-width: 114px) 100vw, 114px\" \/><\/a>Grb \u00bbPetra Hektorovi\u0107a (2)\u00ab<br \/>\n<\/strong>SG-IG-11\/\u00a0Stari Grad, Ulica Petra Zorani\u0107a 4<\/p>\n<p><strong><a href=\"https:\/\/www.topohvar.at\/orte\/sg\/sg-ig-13-2\/\"><img loading=\"lazy\" decoding=\"async\" class=\"alignleft wp-image-2456\" src=\"https:\/\/www.topohvar.at\/wp-content\/uploads\/2018\/08\/sg-ig-13-1-1024x503.jpg\" alt=\"\" width=\"114\" height=\"56\" srcset=\"https:\/\/www.topohvar.at\/wp-content\/uploads\/2018\/08\/sg-ig-13-1-1024x503.jpg 1024w, https:\/\/www.topohvar.at\/wp-content\/uploads\/2018\/08\/sg-ig-13-1-300x147.jpg 300w, https:\/\/www.topohvar.at\/wp-content\/uploads\/2018\/08\/sg-ig-13-1-768x377.jpg 768w\" sizes=\"auto, (max-width: 114px) 100vw, 114px\" \/><\/a>Grb \u00bbPetra Hektorovi\u0107a (3)\u00ab<br \/>\n<\/strong>SG-IG-13\/ Stari Grad, Obala Dr. Franjo Tu\u0111mana<\/p>\n<p><strong><a href=\"https:\/\/www.topohvar.at\/orte\/sg\/sg-ig-16-2\/\"><img loading=\"lazy\" decoding=\"async\" class=\"alignleft wp-image-2594\" src=\"https:\/\/www.topohvar.at\/wp-content\/uploads\/2018\/08\/SG-IN-11-1-1024x503.jpg\" alt=\"\" width=\"114\" height=\"56\" srcset=\"https:\/\/www.topohvar.at\/wp-content\/uploads\/2018\/08\/SG-IN-11-1-1024x503.jpg 1024w, https:\/\/www.topohvar.at\/wp-content\/uploads\/2018\/08\/SG-IN-11-1-300x147.jpg 300w, https:\/\/www.topohvar.at\/wp-content\/uploads\/2018\/08\/SG-IN-11-1-768x377.jpg 768w\" sizes=\"auto, (max-width: 114px) 100vw, 114px\" \/><\/a>Grb i reljef plo\u010da \u00bbna ribnjaku Tvrdalja\u00ab<br \/>\n<\/strong>SG-IG-16 \/ Trg Tvrdalja 12, Tvrdalj Petra Hektorivica<\/p>\n<p><a href=\"https:\/\/www.topohvar.at\/orte\/sg\/sg-ig-14-2\/\"><img loading=\"lazy\" decoding=\"async\" class=\"alignleft wp-image-69308\" src=\"https:\/\/www.topohvar.at\/wp-content\/uploads\/2024\/07\/sg-ig-14-20-300x147.jpg\" alt=\"\" width=\"114\" height=\"56\" srcset=\"https:\/\/www.topohvar.at\/wp-content\/uploads\/2024\/07\/sg-ig-14-20-300x147.jpg 300w, https:\/\/www.topohvar.at\/wp-content\/uploads\/2024\/07\/sg-ig-14-20-768x377.jpg 768w, https:\/\/www.topohvar.at\/wp-content\/uploads\/2024\/07\/sg-ig-14-20.jpg 1024w\" sizes=\"auto, (max-width: 114px) 100vw, 114px\" \/><\/a><\/p>\n<p><strong>Grb \u00bbu ku\u0107i Srinjo Kola 16\u00ab<br \/>\n<\/strong>SG-IG-14 \/ Stari Grad, Srinjo Kola 16<\/p>\n<p><strong><a href=\"https:\/\/www.topohvar.at\/orte\/sg\/sg-ig-02-2\/\"><img loading=\"lazy\" decoding=\"async\" class=\"alignleft wp-image-24063\" src=\"https:\/\/www.topohvar.at\/wp-content\/uploads\/2019\/08\/sg-ig-02-10-1024x503.jpg\" alt=\"\" width=\"114\" height=\"56\" srcset=\"https:\/\/www.topohvar.at\/wp-content\/uploads\/2019\/08\/sg-ig-02-10.jpg 1024w, https:\/\/www.topohvar.at\/wp-content\/uploads\/2019\/08\/sg-ig-02-10-300x147.jpg 300w, https:\/\/www.topohvar.at\/wp-content\/uploads\/2019\/08\/sg-ig-02-10-768x377.jpg 768w\" sizes=\"auto, (max-width: 114px) 100vw, 114px\" \/><\/a>Grb \u00bbObitelj Gariboldi\u00ab<br \/>\n<\/strong>SG-IG-02 \/\u00a0Stari Grad, Srinjo Kola 18<\/p>\n<p><strong><a href=\"https:\/\/www.topohvar.at\/orte\/sg\/sg-ig-03-2\/\"><img loading=\"lazy\" decoding=\"async\" class=\"alignleft wp-image-2446\" src=\"https:\/\/www.topohvar.at\/wp-content\/uploads\/2018\/08\/SG-Ig-03-1-1024x503.jpg\" alt=\"\" width=\"114\" height=\"56\" srcset=\"https:\/\/www.topohvar.at\/wp-content\/uploads\/2018\/08\/SG-Ig-03-1-1024x503.jpg 1024w, https:\/\/www.topohvar.at\/wp-content\/uploads\/2018\/08\/SG-Ig-03-1-300x147.jpg 300w, https:\/\/www.topohvar.at\/wp-content\/uploads\/2018\/08\/SG-Ig-03-1-768x377.jpg 768w\" sizes=\"auto, (max-width: 114px) 100vw, 114px\" \/><\/a>Grb \u00bbObitelj Fazani\u0107a\u00ab<br \/>\n<\/strong>SG-IG-03 \/\u00a0Stari Grad, Ulica Petra Scutteri 5<\/p>\n<p><strong><a href=\"https:\/\/www.topohvar.at\/orte\/sg\/sg-ig-04-2\/\"><img loading=\"lazy\" decoding=\"async\" class=\"alignleft wp-image-2447\" src=\"https:\/\/www.topohvar.at\/wp-content\/uploads\/2018\/08\/SG-IG-04-1-1024x503.jpg\" alt=\"\" width=\"114\" height=\"56\" srcset=\"https:\/\/www.topohvar.at\/wp-content\/uploads\/2018\/08\/SG-IG-04-1-1024x503.jpg 1024w, https:\/\/www.topohvar.at\/wp-content\/uploads\/2018\/08\/SG-IG-04-1-300x147.jpg 300w, https:\/\/www.topohvar.at\/wp-content\/uploads\/2018\/08\/SG-IG-04-1-768x377.jpg 768w\" sizes=\"auto, (max-width: 114px) 100vw, 114px\" \/><\/a>Grb \u00bbMarina Stanojevi\u0107a\u00ab<br \/>\n<\/strong>SG-IG-04 \/ Stari Grad, Ulica Ivana Gunduli\u0107a 4<\/p>\n<p><strong><a href=\"https:\/\/www.topohvar.at\/orte\/sg\/sg-ig-05-2\/\"><img loading=\"lazy\" decoding=\"async\" class=\"alignleft wp-image-2448\" src=\"https:\/\/www.topohvar.at\/wp-content\/uploads\/2018\/08\/SG-IG-05-1-1024x503.jpg\" alt=\"\" width=\"114\" height=\"56\" srcset=\"https:\/\/www.topohvar.at\/wp-content\/uploads\/2018\/08\/SG-IG-05-1-1024x503.jpg 1024w, https:\/\/www.topohvar.at\/wp-content\/uploads\/2018\/08\/SG-IG-05-1-300x147.jpg 300w, https:\/\/www.topohvar.at\/wp-content\/uploads\/2018\/08\/SG-IG-05-1-768x377.jpg 768w\" sizes=\"auto, (max-width: 114px) 100vw, 114px\" \/><\/a>Grb \u00bbObitelj Bartu\u010devi\u0107a\u00ab<br \/>\n<\/strong>SG-IG-05 \/ Stari Grad, Ulica Marka Maruli\u0107a 7<\/p>\n<p><strong><a href=\"https:\/\/www.topohvar.at\/orte\/sg\/sg-ig-06-2\/\"><img loading=\"lazy\" decoding=\"async\" class=\"alignleft wp-image-2449\" src=\"https:\/\/www.topohvar.at\/wp-content\/uploads\/2018\/08\/SG-IG-06-1-1024x503.jpg\" alt=\"\" width=\"114\" height=\"56\" srcset=\"https:\/\/www.topohvar.at\/wp-content\/uploads\/2018\/08\/SG-IG-06-1-1024x503.jpg 1024w, https:\/\/www.topohvar.at\/wp-content\/uploads\/2018\/08\/SG-IG-06-1-300x147.jpg 300w, https:\/\/www.topohvar.at\/wp-content\/uploads\/2018\/08\/SG-IG-06-1-768x377.jpg 768w\" sizes=\"auto, (max-width: 114px) 100vw, 114px\" \/><\/a>Grb \u00bbu ku\u0107i Trg \u0160kor 5\u00ab<br \/>\n<\/strong>SG-IG-06 \/ Stari Grad, Trg \u0160kor 5<\/p>\n<p><strong><a href=\"https:\/\/www.topohvar.at\/orte\/sg\/sg-ig-07-2\/\"><img loading=\"lazy\" decoding=\"async\" class=\"alignleft wp-image-2450\" src=\"https:\/\/www.topohvar.at\/wp-content\/uploads\/2018\/08\/SG-IG-07-1-1024x503.jpg\" alt=\"\" width=\"114\" height=\"56\" srcset=\"https:\/\/www.topohvar.at\/wp-content\/uploads\/2018\/08\/SG-IG-07-1-1024x503.jpg 1024w, https:\/\/www.topohvar.at\/wp-content\/uploads\/2018\/08\/SG-IG-07-1-300x147.jpg 300w, https:\/\/www.topohvar.at\/wp-content\/uploads\/2018\/08\/SG-IG-07-1-768x377.jpg 768w\" sizes=\"auto, (max-width: 114px) 100vw, 114px\" \/><\/a>Grb \u00bbObitelj Zuviteo\u00ab<br \/>\n<\/strong>SG-IG-07 \/ Stari Grad, Duolnjo Kola 15A<\/p>\n<p><strong><a href=\"https:\/\/www.topohvar.at\/orte\/sg\/sg-ig-08-2\/\"><img loading=\"lazy\" decoding=\"async\" class=\"alignleft wp-image-2451\" src=\"https:\/\/www.topohvar.at\/wp-content\/uploads\/2018\/08\/SG-ig-08-1-1024x503.jpg\" alt=\"\" width=\"114\" height=\"56\" srcset=\"https:\/\/www.topohvar.at\/wp-content\/uploads\/2018\/08\/SG-ig-08-1-1024x503.jpg 1024w, https:\/\/www.topohvar.at\/wp-content\/uploads\/2018\/08\/SG-ig-08-1-300x147.jpg 300w, https:\/\/www.topohvar.at\/wp-content\/uploads\/2018\/08\/SG-ig-08-1-768x377.jpg 768w\" sizes=\"auto, (max-width: 114px) 100vw, 114px\" \/><\/a>Grb \u00bbStaroga Grada (1)\u00ab<br \/>\n<\/strong>SG-IG-08 \/ Stari Grad, \u0160etali\u0161te don \u0160ime Lubi\u0107a<\/p>\n<p><strong><a href=\"https:\/\/www.topohvar.at\/orte\/sg\/sg-ig-09-2\/\"><img loading=\"lazy\" decoding=\"async\" class=\"alignleft wp-image-2452\" src=\"https:\/\/www.topohvar.at\/wp-content\/uploads\/2018\/08\/sg-ig-09-1-1024x503.jpg\" alt=\"\" width=\"114\" height=\"56\" srcset=\"https:\/\/www.topohvar.at\/wp-content\/uploads\/2018\/08\/sg-ig-09-1-1024x503.jpg 1024w, https:\/\/www.topohvar.at\/wp-content\/uploads\/2018\/08\/sg-ig-09-1-300x147.jpg 300w, https:\/\/www.topohvar.at\/wp-content\/uploads\/2018\/08\/sg-ig-09-1-768x377.jpg 768w\" sizes=\"auto, (max-width: 114px) 100vw, 114px\" \/><\/a>Grb \u00bbStaroga Grada (2)\u00ab<br \/>\n<\/strong>SG-IG-09 \/ Stari Grad, Novo Riva 3,\u00a0gradska vije\u0107nica<\/p>\n<p><strong><a href=\"https:\/\/www.topohvar.at\/orte\/sg\/sg-ig-10-2\/\"><img loading=\"lazy\" decoding=\"async\" class=\"alignleft wp-image-2453\" src=\"https:\/\/www.topohvar.at\/wp-content\/uploads\/2018\/08\/sg-ig-10-1-1024x503.jpg\" alt=\"\" width=\"114\" height=\"56\" srcset=\"https:\/\/www.topohvar.at\/wp-content\/uploads\/2018\/08\/sg-ig-10-1-1024x503.jpg 1024w, https:\/\/www.topohvar.at\/wp-content\/uploads\/2018\/08\/sg-ig-10-1-300x147.jpg 300w, https:\/\/www.topohvar.at\/wp-content\/uploads\/2018\/08\/sg-ig-10-1-768x377.jpg 768w\" sizes=\"auto, (max-width: 114px) 100vw, 114px\" \/><\/a>Grb \u00bbu ku\u0107i ulica Cvjetka \u0160karpe 1\u00ab<br \/>\n<\/strong>SG-IG-10\/\u00a0Stari Grad, Ulica Cvjetka \u0160karpe 1<\/p>\n<p><strong><a href=\"https:\/\/www.topohvar.at\/orte\/sg\/sg-ig-12-2\/\"><img loading=\"lazy\" decoding=\"async\" class=\"alignleft wp-image-2455\" src=\"https:\/\/www.topohvar.at\/wp-content\/uploads\/2018\/08\/sg-ig-12-1-1024x503.jpg\" alt=\"\" width=\"114\" height=\"56\" srcset=\"https:\/\/www.topohvar.at\/wp-content\/uploads\/2018\/08\/sg-ig-12-1-1024x503.jpg 1024w, https:\/\/www.topohvar.at\/wp-content\/uploads\/2018\/08\/sg-ig-12-1-300x147.jpg 300w, https:\/\/www.topohvar.at\/wp-content\/uploads\/2018\/08\/sg-ig-12-1-768x377.jpg 768w\" sizes=\"auto, (max-width: 114px) 100vw, 114px\" \/><\/a>Grb \u00bbu ku\u0107i ulica kipara J. \u0160karpe 7\u00ab<br \/>\n<\/strong>SG-IG-12\/ Stari Grad, Trg sv. Stjepana<\/p>\n<p><strong><a href=\"https:\/\/www.topohvar.at\/orte\/sg\/sg-ig-15-2\/\"><img loading=\"lazy\" decoding=\"async\" class=\"alignleft wp-image-2458\" src=\"https:\/\/www.topohvar.at\/wp-content\/uploads\/2018\/08\/sg-iG-15-1-1024x503.jpg\" alt=\"\" width=\"114\" height=\"56\" srcset=\"https:\/\/www.topohvar.at\/wp-content\/uploads\/2018\/08\/sg-iG-15-1-1024x503.jpg 1024w, https:\/\/www.topohvar.at\/wp-content\/uploads\/2018\/08\/sg-iG-15-1-300x147.jpg 300w, https:\/\/www.topohvar.at\/wp-content\/uploads\/2018\/08\/sg-iG-15-1-768x377.jpg 768w\" sizes=\"auto, (max-width: 114px) 100vw, 114px\" \/><\/a>Grb \u00bbu ku\u0107i ulica Ante Star\u010devi\u0107a 3\u00ab<br \/>\n<\/strong>SG-IG-15 \/ Stari Grad,\u00a0Ulica Ante Star\u010devi\u0107a 3<\/p>\n<hr \/>\n<p><strong><a href=\"https:\/\/www.topohvar.at\/orte\/sg\/sg-ir-01-2\/\"><img loading=\"lazy\" decoding=\"async\" class=\"alignleft wp-image-2999\" src=\"https:\/\/www.topohvar.at\/wp-content\/uploads\/2018\/08\/sg-ir-01-1-1024x503.jpg\" alt=\"\" width=\"114\" height=\"56\" srcset=\"https:\/\/www.topohvar.at\/wp-content\/uploads\/2018\/08\/sg-ir-01-1-1024x503.jpg 1024w, https:\/\/www.topohvar.at\/wp-content\/uploads\/2018\/08\/sg-ir-01-1-300x147.jpg 300w, https:\/\/www.topohvar.at\/wp-content\/uploads\/2018\/08\/sg-ir-01-1-768x377.jpg 768w\" sizes=\"auto, (max-width: 114px) 100vw, 114px\" \/><\/a>Reljef \u00bbreljef plo\u010da iznad ulaza\u00ab<br \/>\n<\/strong>SG-IR-01 \/ Stari Grad, Obala Hrvatskih Branitelja, crkva Sv. Jerolim<\/p>\n<p><strong><a href=\"https:\/\/www.topohvar.at\/orte\/sg\/sg-ir-01-2\/\"><img loading=\"lazy\" decoding=\"async\" class=\"alignleft wp-image-65677\" src=\"https:\/\/www.topohvar.at\/wp-content\/uploads\/2024\/03\/sg-ir-14-0-300x147.jpg\" alt=\"\" width=\"114\" height=\"56\" srcset=\"https:\/\/www.topohvar.at\/wp-content\/uploads\/2024\/03\/sg-ir-14-0-300x147.jpg 300w, https:\/\/www.topohvar.at\/wp-content\/uploads\/2024\/03\/sg-ir-14-0-1024x503.jpg 1024w, https:\/\/www.topohvar.at\/wp-content\/uploads\/2024\/03\/sg-ir-14-0-768x377.jpg 768w, https:\/\/www.topohvar.at\/wp-content\/uploads\/2024\/03\/sg-ir-14-0.jpg 1080w\" sizes=\"auto, (max-width: 114px) 100vw, 114px\" \/><\/a>Reljef \u00bbIHS na sjevernoj strani crkve sv. Jerolima\u00ab<br \/>\n<\/strong>SG-IR-14 \/ Stari Grad, Obala Hrvatskih Branitelja, crkva Sv. Jerolim<\/p>\n<p><strong><a href=\"https:\/\/www.topohvar.at\/orte\/sg\/sg-ir-02-2\/\"><img loading=\"lazy\" decoding=\"async\" class=\"alignleft wp-image-3000\" src=\"https:\/\/www.topohvar.at\/wp-content\/uploads\/2018\/08\/SG-IR-02-1-1024x503.jpg\" alt=\"\" width=\"114\" height=\"56\" srcset=\"https:\/\/www.topohvar.at\/wp-content\/uploads\/2018\/08\/SG-IR-02-1-1024x503.jpg 1024w, https:\/\/www.topohvar.at\/wp-content\/uploads\/2018\/08\/SG-IR-02-1-300x147.jpg 300w, https:\/\/www.topohvar.at\/wp-content\/uploads\/2018\/08\/SG-IR-02-1-768x377.jpg 768w\" sizes=\"auto, (max-width: 114px) 100vw, 114px\" \/><\/a>Reljef \u00bbGospe od mora\u00ab<br \/>\n<\/strong>SG-IR-02\/\u00a0Stari Grad, Obala Hrvatskih Branitelja, crkva Sv. Jerolim<\/p>\n<p><strong><a href=\"https:\/\/www.topohvar.at\/orte\/sg\/sg-ir-03-2\/\"><img loading=\"lazy\" decoding=\"async\" class=\"alignleft wp-image-3001\" src=\"https:\/\/www.topohvar.at\/wp-content\/uploads\/2018\/08\/SG-IR-03-1-1024x503.jpg\" alt=\"\" width=\"114\" height=\"56\" srcset=\"https:\/\/www.topohvar.at\/wp-content\/uploads\/2018\/08\/SG-IR-03-1-1024x503.jpg 1024w, https:\/\/www.topohvar.at\/wp-content\/uploads\/2018\/08\/SG-IR-03-1-300x147.jpg 300w, https:\/\/www.topohvar.at\/wp-content\/uploads\/2018\/08\/SG-IR-03-1-768x377.jpg 768w\" sizes=\"auto, (max-width: 114px) 100vw, 114px\" \/><\/a>Reljef \u00bbtri plo\u010de na crkvicu sv. Jeline\u00ab<br \/>\n<\/strong>SG-IR-03\/ Stari Grad, Polje, kapela Sv. Jeline<\/p>\n<p><strong><a href=\"https:\/\/www.topohvar.at\/orte\/sg\/sg-ir-09-2\/\"><img loading=\"lazy\" decoding=\"async\" class=\"alignleft wp-image-38115\" src=\"https:\/\/www.topohvar.at\/wp-content\/uploads\/2020\/06\/sg-ir-09-2.jpg\" alt=\"\" width=\"114\" height=\"56\" srcset=\"https:\/\/www.topohvar.at\/wp-content\/uploads\/2020\/06\/sg-ir-09-2.jpg 640w, https:\/\/www.topohvar.at\/wp-content\/uploads\/2020\/06\/sg-ir-09-2-300x147.jpg 300w\" sizes=\"auto, (max-width: 114px) 100vw, 114px\" \/><\/a>Reljef \u00bbrimskog Silvanusa\u00ab<br \/>\n<\/strong>SG-IR-09\/ Stari Grad, ulica Marina Dr\u017ei\u0107a<\/p>\n<p><strong><a href=\"https:\/\/www.topohvar.at\/orte\/sg\/sg-ir-13-1\/\"><img loading=\"lazy\" decoding=\"async\" class=\"alignleft wp-image-38801\" src=\"https:\/\/www.topohvar.at\/wp-content\/uploads\/2020\/07\/sg-ir-13-1.jpg\" alt=\"\" width=\"114\" height=\"56\" srcset=\"https:\/\/www.topohvar.at\/wp-content\/uploads\/2020\/07\/sg-ir-13-1.jpg 1080w, https:\/\/www.topohvar.at\/wp-content\/uploads\/2020\/07\/sg-ir-13-1-300x147.jpg 300w, https:\/\/www.topohvar.at\/wp-content\/uploads\/2020\/07\/sg-ir-13-1-1024x503.jpg 1024w, https:\/\/www.topohvar.at\/wp-content\/uploads\/2020\/07\/sg-ir-13-1-768x377.jpg 768w\" sizes=\"auto, (max-width: 114px) 100vw, 114px\" \/><\/a>Reljef \u00bbIHS na navratniku\u00ab<br \/>\n<\/strong>SG-IR-13\/ Stari Grad, ulica Duolnja Kola 1<\/p>\n<p><strong><a href=\"https:\/\/www.topohvar.at\/orte\/sg\/sg-ir-04-2\/\"><img loading=\"lazy\" decoding=\"async\" class=\"alignleft wp-image-3002\" src=\"https:\/\/www.topohvar.at\/wp-content\/uploads\/2018\/08\/SG-IR-04-1-1024x503.jpg\" alt=\"\" width=\"114\" height=\"56\" srcset=\"https:\/\/www.topohvar.at\/wp-content\/uploads\/2018\/08\/SG-IR-04-1-1024x503.jpg 1024w, https:\/\/www.topohvar.at\/wp-content\/uploads\/2018\/08\/SG-IR-04-1-300x147.jpg 300w, https:\/\/www.topohvar.at\/wp-content\/uploads\/2018\/08\/SG-IR-04-1-768x377.jpg 768w\" sizes=\"auto, (max-width: 114px) 100vw, 114px\" \/><\/a>Reljef \u00bbSv. Stjepana I.\u00ab<br \/>\n<\/strong>SG-IR-04 \/ Stari Grad, Trg sv. Stjepana, crkva Sv. Stjepana<\/p>\n<p><strong><a href=\"https:\/\/www.topohvar.at\/orte\/sg\/sg-po-06-2\/\"><img loading=\"lazy\" decoding=\"async\" class=\"alignleft wp-image-4021\" src=\"https:\/\/www.topohvar.at\/wp-content\/uploads\/2018\/08\/SG-PO-06-1-1024x503.jpg\" alt=\"\" width=\"114\" height=\"56\" srcset=\"https:\/\/www.topohvar.at\/wp-content\/uploads\/2018\/08\/SG-PO-06-1-1024x503.jpg 1024w, https:\/\/www.topohvar.at\/wp-content\/uploads\/2018\/08\/SG-PO-06-1-300x147.jpg 300w, https:\/\/www.topohvar.at\/wp-content\/uploads\/2018\/08\/SG-PO-06-1-768x377.jpg 768w\" sizes=\"auto, (max-width: 114px) 100vw, 114px\" \/><\/a>Reljef \u00bbRimski reljef &#8211; Erot\u00ab<br \/>\n<\/strong>SG-PO-06 \/\u00a0Stari Grad, Trg Sv. Stjepana<\/p>\n<p><strong><a href=\"https:\/\/www.topohvar.at\/orte\/sg\/sg-ir-12-1\/\"><img loading=\"lazy\" decoding=\"async\" class=\"alignleft wp-image-48354\" src=\"https:\/\/www.topohvar.at\/wp-content\/uploads\/2021\/04\/sg-ir-12-1.jpg\" alt=\"\" width=\"114\" height=\"56\" srcset=\"https:\/\/www.topohvar.at\/wp-content\/uploads\/2021\/04\/sg-ir-12-1.jpg 1080w, https:\/\/www.topohvar.at\/wp-content\/uploads\/2021\/04\/sg-ir-12-1-300x147.jpg 300w, https:\/\/www.topohvar.at\/wp-content\/uploads\/2021\/04\/sg-ir-12-1-1024x503.jpg 1024w, https:\/\/www.topohvar.at\/wp-content\/uploads\/2021\/04\/sg-ir-12-1-768x377.jpg 768w\" sizes=\"auto, (max-width: 114px) 100vw, 114px\" \/><\/a>Reljef \u00bbLice na zidu ku\u0107e\u00ab<br \/>\n<\/strong>SG-IR-12 \/ Stari Grad, Ulica M. Drzi\u0107a 4<\/p>\n<p><strong><a href=\"https:\/\/www.topohvar.at\/orte\/sg\/sg-ir-05-2\/\"><img loading=\"lazy\" decoding=\"async\" class=\"alignleft wp-image-3003\" src=\"https:\/\/www.topohvar.at\/wp-content\/uploads\/2018\/08\/SG-IR-05-1-1024x503.jpg\" alt=\"\" width=\"114\" height=\"56\" srcset=\"https:\/\/www.topohvar.at\/wp-content\/uploads\/2018\/08\/SG-IR-05-1-1024x503.jpg 1024w, https:\/\/www.topohvar.at\/wp-content\/uploads\/2018\/08\/SG-IR-05-1-300x147.jpg 300w, https:\/\/www.topohvar.at\/wp-content\/uploads\/2018\/08\/SG-IR-05-1-768x377.jpg 768w\" sizes=\"auto, (max-width: 114px) 100vw, 114px\" \/><\/a>Reljef \u00bbna ulazu u Dominikanski samostansku\u00ab<br \/>\n<\/strong>SG-IR-05 \/ Stari Grad, Kod sv. Petra 1, Dominikanski samostan<\/p>\n<p><strong><a href=\"https:\/\/www.topohvar.at\/orte\/sg\/sg-ir-06-2\/\"><img loading=\"lazy\" decoding=\"async\" class=\"alignleft wp-image-3004\" src=\"https:\/\/www.topohvar.at\/wp-content\/uploads\/2018\/08\/SG-IR-06-1-1024x503.jpg\" alt=\"\" width=\"114\" height=\"56\" srcset=\"https:\/\/www.topohvar.at\/wp-content\/uploads\/2018\/08\/SG-IR-06-1-1024x503.jpg 1024w, https:\/\/www.topohvar.at\/wp-content\/uploads\/2018\/08\/SG-IR-06-1-300x147.jpg 300w, https:\/\/www.topohvar.at\/wp-content\/uploads\/2018\/08\/SG-IR-06-1-768x377.jpg 768w\" sizes=\"auto, (max-width: 114px) 100vw, 114px\" \/><\/a>Reljef \u00bbOkrugli reljef na nadvratnik\u00ab<br \/>\n<\/strong>SG-IR-06 \/\u00a0Stari Grad, Ulica Dr. Ante Star\u010devi\u0107a 12<\/p>\n<p><strong><a href=\"https:\/\/www.topohvar.at\/orte\/sg\/sg-ir-07-2\/\"><img loading=\"lazy\" decoding=\"async\" class=\"alignleft wp-image-3005\" src=\"https:\/\/www.topohvar.at\/wp-content\/uploads\/2018\/08\/SG-IR-07-1-1024x503.jpg\" alt=\"\" width=\"114\" height=\"56\" srcset=\"https:\/\/www.topohvar.at\/wp-content\/uploads\/2018\/08\/SG-IR-07-1-1024x503.jpg 1024w, https:\/\/www.topohvar.at\/wp-content\/uploads\/2018\/08\/SG-IR-07-1-300x147.jpg 300w, https:\/\/www.topohvar.at\/wp-content\/uploads\/2018\/08\/SG-IR-07-1-768x377.jpg 768w\" sizes=\"auto, (max-width: 114px) 100vw, 114px\" \/><\/a>Reljef \u00bbKri\u017e na nadvratnik Riva 17\u00ab<br \/>\n<\/strong>SG-IR-07 \/\u00a0Stari Grad, Obala Riva 17<\/p>\n<p><strong><a href=\"https:\/\/www.topohvar.at\/orte\/sg\/sg-ir-08-2\/\"><img loading=\"lazy\" decoding=\"async\" class=\"alignleft wp-image-3006\" src=\"https:\/\/www.topohvar.at\/wp-content\/uploads\/2018\/08\/sg-ir-08-1-1024x503.jpg\" alt=\"\" width=\"114\" height=\"56\" srcset=\"https:\/\/www.topohvar.at\/wp-content\/uploads\/2018\/08\/sg-ir-08-1-1024x503.jpg 1024w, https:\/\/www.topohvar.at\/wp-content\/uploads\/2018\/08\/sg-ir-08-1-300x147.jpg 300w, https:\/\/www.topohvar.at\/wp-content\/uploads\/2018\/08\/sg-ir-08-1-768x377.jpg 768w\" sizes=\"auto, (max-width: 114px) 100vw, 114px\" \/><\/a>Relief \u00bbna nadvratnik\u00ab<br \/>\n<\/strong>SG-IR-08 \/ Stari Grad, Ulica Pere Ljubi\u0107a<\/p>\n<p><strong><a href=\"https:\/\/www.topohvar.at\/orte\/sg\/sg-ir-10-2\/\"><img loading=\"lazy\" decoding=\"async\" class=\"alignleft wp-image-3007\" src=\"https:\/\/www.topohvar.at\/wp-content\/uploads\/2018\/08\/sg-ir-10-1-1024x503.jpg\" alt=\"\" width=\"114\" height=\"56\" srcset=\"https:\/\/www.topohvar.at\/wp-content\/uploads\/2018\/08\/sg-ir-10-1-1024x503.jpg 1024w, https:\/\/www.topohvar.at\/wp-content\/uploads\/2018\/08\/sg-ir-10-1-300x147.jpg 300w, https:\/\/www.topohvar.at\/wp-content\/uploads\/2018\/08\/sg-ir-10-1-768x377.jpg 768w\" sizes=\"auto, (max-width: 114px) 100vw, 114px\" \/><\/a>Reljef \u00bbna vinariju\u00ab<br \/>\n<\/strong>SG-IR-10\/ Stari Grad, Put Kri\u017ea 1, vinarija<\/p>\n<p><strong><a href=\"https:\/\/www.topohvar.at\/orte\/sg\/sg-ir-11-2\/\"><img loading=\"lazy\" decoding=\"async\" class=\"alignleft wp-image-387 size-full\" src=\"https:\/\/www.topohvar.at\/wp-content\/uploads\/2018\/07\/00-00-00-1.jpg\" alt=\"\" width=\"114\" height=\"56\" \/><\/a>Reljef \u00bbLav u dvori\u0161tu\u00ab<br \/>\n<\/strong>SG-IR-11 \/ Stari Grad, Ulica Marina Sabi\u0107a<\/p>\n<p><strong><a href=\"https:\/\/www.topohvar.at\/orte\/sg\/sg-ir-16-1\/\"><img loading=\"lazy\" decoding=\"async\" class=\"alignleft wp-image-74619\" src=\"https:\/\/www.topohvar.at\/wp-content\/uploads\/2026\/04\/sg-ir-16-1-300x147.jpg\" alt=\"\" width=\"114\" height=\"56\" srcset=\"https:\/\/www.topohvar.at\/wp-content\/uploads\/2026\/04\/sg-ir-16-1-300x147.jpg 300w, https:\/\/www.topohvar.at\/wp-content\/uploads\/2026\/04\/sg-ir-16-1-1024x503.jpg 1024w, https:\/\/www.topohvar.at\/wp-content\/uploads\/2026\/04\/sg-ir-16-1-768x377.jpg 768w, https:\/\/www.topohvar.at\/wp-content\/uploads\/2026\/04\/sg-ir-16-1.jpg 1080w\" sizes=\"auto, (max-width: 114px) 100vw, 114px\" \/><\/a>Reljef \u00bbRiba\u00ab<br \/>\n<\/strong>SG-IR-16 \/ Stari Grad, \u0160iberija 29 \/ Martinovica ul. 4<\/p>\n<p><strong><a href=\"https:\/\/www.topohvar.at\/orte\/sg\/sg-ir-15-1\/\"><img loading=\"lazy\" decoding=\"async\" class=\"alignleft wp-image-66180\" src=\"https:\/\/www.topohvar.at\/wp-content\/uploads\/2024\/04\/SG-IR-15-1-300x147.jpg\" alt=\"\" width=\"114\" height=\"56\" srcset=\"https:\/\/www.topohvar.at\/wp-content\/uploads\/2024\/04\/SG-IR-15-1-300x147.jpg 300w, https:\/\/www.topohvar.at\/wp-content\/uploads\/2024\/04\/SG-IR-15-1-1024x503.jpg 1024w, https:\/\/www.topohvar.at\/wp-content\/uploads\/2024\/04\/SG-IR-15-1-768x377.jpg 768w, https:\/\/www.topohvar.at\/wp-content\/uploads\/2024\/04\/SG-IR-15-1.jpg 1080w\" sizes=\"auto, (max-width: 114px) 100vw, 114px\" \/><\/a>Reljef \u00bbPHARION\u00ab<br \/>\n<\/strong>SG-IR-15 \/ Stari Grad, \u0160iberija 31<\/p>\n<p><strong><a href=\"https:\/\/www.topohvar.at\/orte\/sg\/sg-ir-19-2\/\"><img loading=\"lazy\" decoding=\"async\" class=\"alignleft wp-image-59051\" src=\"https:\/\/www.topohvar.at\/wp-content\/uploads\/2022\/05\/sg-ir-19-0-300x147.jpg\" alt=\"\" width=\"114\" height=\"56\" srcset=\"https:\/\/www.topohvar.at\/wp-content\/uploads\/2022\/05\/sg-ir-19-0-300x147.jpg 300w, https:\/\/www.topohvar.at\/wp-content\/uploads\/2022\/05\/sg-ir-19-0-1024x503.jpg 1024w, https:\/\/www.topohvar.at\/wp-content\/uploads\/2022\/05\/sg-ir-19-0-768x377.jpg 768w, https:\/\/www.topohvar.at\/wp-content\/uploads\/2022\/05\/sg-ir-19-0.jpg 1080w\" sizes=\"auto, (max-width: 114px) 100vw, 114px\" \/><\/a>Reljef \u00bbdvije spolije u vrtnom zidu\u00ab<br \/>\n<\/strong>SG-IR-19 \/\u00a0Stari Grad,\u00a0na putu prema Dolu<\/p>\n<p style=\"text-align: right;\"><span style=\"color: #3366ff;\"><a style=\"color: #3366ff;\" href=\"#seite_oben\">natrag na vrh \/ Seitenanfang<\/a><\/span><\/p>\n<p><a name=\"mo\"><\/a><\/p>\n<hr \/>\n<h2><strong><span style=\"color: #ff0000;\">S<\/span><\/strong><strong><span style=\"color: #ff0000;\">pomenici, skulpture \/ Monumente, Skulpturen<\/span><\/strong><\/h2>\n<p><strong><a href=\"https:\/\/www.topohvar.at\/orte\/sg\/sg-mo-01-2\/\"><img loading=\"lazy\" decoding=\"async\" class=\"alignleft wp-image-3558\" src=\"https:\/\/www.topohvar.at\/wp-content\/uploads\/2018\/08\/SG-MO-01-1-1024x503.jpg\" alt=\"\" width=\"114\" height=\"56\" srcset=\"https:\/\/www.topohvar.at\/wp-content\/uploads\/2018\/08\/SG-MO-01-1-1024x503.jpg 1024w, https:\/\/www.topohvar.at\/wp-content\/uploads\/2018\/08\/SG-MO-01-1-300x147.jpg 300w, https:\/\/www.topohvar.at\/wp-content\/uploads\/2018\/08\/SG-MO-01-1-768x377.jpg 768w\" sizes=\"auto, (max-width: 114px) 100vw, 114px\" \/><\/a>Spomenik palim borcima NOR-a<br \/>\n<\/strong>SG-MO-01 \/\u00a0Stari Grad, Obala Hrvatskih Branitelja<\/p>\n<p><strong><a href=\"https:\/\/www.topohvar.at\/orte\/sg\/sg-mo-02-2\/\"><img loading=\"lazy\" decoding=\"async\" class=\"alignleft wp-image-3559\" src=\"https:\/\/www.topohvar.at\/wp-content\/uploads\/2018\/08\/SG-MO-02-1-1024x503.jpg\" alt=\"\" width=\"114\" height=\"56\" srcset=\"https:\/\/www.topohvar.at\/wp-content\/uploads\/2018\/08\/SG-MO-02-1-1024x503.jpg 1024w, https:\/\/www.topohvar.at\/wp-content\/uploads\/2018\/08\/SG-MO-02-1-300x147.jpg 300w, https:\/\/www.topohvar.at\/wp-content\/uploads\/2018\/08\/SG-MO-02-1-768x377.jpg 768w\" sizes=\"auto, (max-width: 114px) 100vw, 114px\" \/><\/a>Spomen plo\u010da palim borcima NOR-a<br \/>\n<\/strong>SG-MO-02 \/ Stari Grad, Obala Hrvatskih Branitelja<\/p>\n<p><strong><a href=\"https:\/\/www.topohvar.at\/orte\/sg\/sg-mo-03-2\/\"><img loading=\"lazy\" decoding=\"async\" class=\"alignleft wp-image-3560\" src=\"https:\/\/www.topohvar.at\/wp-content\/uploads\/2018\/08\/SG-MO-03-1-1024x503.jpg\" alt=\"\" width=\"114\" height=\"56\" srcset=\"https:\/\/www.topohvar.at\/wp-content\/uploads\/2018\/08\/SG-MO-03-1-1024x503.jpg 1024w, https:\/\/www.topohvar.at\/wp-content\/uploads\/2018\/08\/SG-MO-03-1-300x147.jpg 300w, https:\/\/www.topohvar.at\/wp-content\/uploads\/2018\/08\/SG-MO-03-1-768x377.jpg 768w\" sizes=\"auto, (max-width: 114px) 100vw, 114px\" \/><\/a>Spomen kamen \u00bbpoginulim nogometa\u0161ima NK \u201eJadran\u201c\u00ab<br \/>\n<\/strong>SG-MO-03 \/\u00a0Stari Grad, nogometno igrali\u0161te<\/p>\n<p><strong><a href=\"https:\/\/www.topohvar.at\/orte\/sg\/sg-mo-17-2\/\"><img loading=\"lazy\" decoding=\"async\" class=\"alignleft wp-image-50375\" src=\"https:\/\/www.topohvar.at\/wp-content\/uploads\/2021\/06\/sg-mo-17-1.jpg\" alt=\"\" width=\"114\" height=\"56\" srcset=\"https:\/\/www.topohvar.at\/wp-content\/uploads\/2021\/06\/sg-mo-17-1.jpg 1080w, https:\/\/www.topohvar.at\/wp-content\/uploads\/2021\/06\/sg-mo-17-1-300x147.jpg 300w, https:\/\/www.topohvar.at\/wp-content\/uploads\/2021\/06\/sg-mo-17-1-1024x503.jpg 1024w, https:\/\/www.topohvar.at\/wp-content\/uploads\/2021\/06\/sg-mo-17-1-768x377.jpg 768w\" sizes=\"auto, (max-width: 114px) 100vw, 114px\" \/><\/a>Monument \u00bbLijepa nasa domovino\u00ab<br \/>\n<\/strong>SG-MO-17 \/ Stari Grad, Gradsko groblje<\/p>\n<p><strong><a href=\"https:\/\/www.topohvar.at\/orte\/sg\/sg-mo-19-1\/\"><img loading=\"lazy\" decoding=\"async\" class=\"alignleft wp-image-74561\" src=\"https:\/\/www.topohvar.at\/wp-content\/uploads\/2026\/04\/sg-mo-19-1-300x147.jpg\" alt=\"\" width=\"114\" height=\"56\" srcset=\"https:\/\/www.topohvar.at\/wp-content\/uploads\/2026\/04\/sg-mo-19-1-300x147.jpg 300w, https:\/\/www.topohvar.at\/wp-content\/uploads\/2026\/04\/sg-mo-19-1-1024x503.jpg 1024w, https:\/\/www.topohvar.at\/wp-content\/uploads\/2026\/04\/sg-mo-19-1-768x377.jpg 768w, https:\/\/www.topohvar.at\/wp-content\/uploads\/2026\/04\/sg-mo-19-1.jpg 1080w\" sizes=\"auto, (max-width: 114px) 100vw, 114px\" \/><\/a>Spomenik \u00bbpalim u Prvom svjetskom ratu\u00ab<br \/>\n<\/strong>SG-MO-19 \/ Stari Grad, Gradsko groblje<\/p>\n<p><strong><a href=\"https:\/\/www.topohvar.at\/orte\/sg\/sg-mo-15-2\/\"><img loading=\"lazy\" decoding=\"async\" class=\"alignleft wp-image-3572\" src=\"https:\/\/www.topohvar.at\/wp-content\/uploads\/2018\/08\/sg-mo-15-1-1024x503.jpg\" alt=\"\" width=\"114\" height=\"56\" srcset=\"https:\/\/www.topohvar.at\/wp-content\/uploads\/2018\/08\/sg-mo-15-1-1024x503.jpg 1024w, https:\/\/www.topohvar.at\/wp-content\/uploads\/2018\/08\/sg-mo-15-1-300x147.jpg 300w, https:\/\/www.topohvar.at\/wp-content\/uploads\/2018\/08\/sg-mo-15-1-768x377.jpg 768w\" sizes=\"auto, (max-width: 114px) 100vw, 114px\" \/><\/a>Spomenik \u00bbAerodrom\u00ab<br \/>\n<\/strong>SG-MO-15 \/ Stari Grad, Put Gospojice<\/p>\n<p><strong><a href=\"https:\/\/www.topohvar.at\/orte\/sg\/sg-mo-11-2\/\"><img loading=\"lazy\" decoding=\"async\" class=\"alignleft wp-image-3568\" src=\"https:\/\/www.topohvar.at\/wp-content\/uploads\/2018\/08\/sg-mo-11-1-1024x503.jpg\" alt=\"\" width=\"114\" height=\"56\" srcset=\"https:\/\/www.topohvar.at\/wp-content\/uploads\/2018\/08\/sg-mo-11-1-1024x503.jpg 1024w, https:\/\/www.topohvar.at\/wp-content\/uploads\/2018\/08\/sg-mo-11-1-300x147.jpg 300w, https:\/\/www.topohvar.at\/wp-content\/uploads\/2018\/08\/sg-mo-11-1-768x377.jpg 768w\" sizes=\"auto, (max-width: 114px) 100vw, 114px\" \/><\/a>Spomenik \u00bbStari Grad 2400 godina\u00ab<br \/>\n<\/strong>SG-MO-11\/ Stari Grad, Park Vorba<\/p>\n<p><strong><a href=\"https:\/\/www.topohvar.at\/orte\/sg\/sg-mo-04-2\/\"><img loading=\"lazy\" decoding=\"async\" class=\"alignleft wp-image-3561\" src=\"https:\/\/www.topohvar.at\/wp-content\/uploads\/2018\/08\/SG-MO-04-1-1024x503.jpg\" alt=\"\" width=\"114\" height=\"56\" srcset=\"https:\/\/www.topohvar.at\/wp-content\/uploads\/2018\/08\/SG-MO-04-1-1024x503.jpg 1024w, https:\/\/www.topohvar.at\/wp-content\/uploads\/2018\/08\/SG-MO-04-1-300x147.jpg 300w, https:\/\/www.topohvar.at\/wp-content\/uploads\/2018\/08\/SG-MO-04-1-768x377.jpg 768w\" sizes=\"auto, (max-width: 114px) 100vw, 114px\" \/><\/a>Bista \u00bbPetra Hektorovi\u0107a (1)\u00ab<br \/>\n<\/strong>SG-MO-04 \/ Stari Grad, Trg Trvdalja Petra Hektorovi\u0107a<\/p>\n<p><strong><a href=\"https:\/\/www.topohvar.at\/orte\/sg\/sg-mo-05-2\/\"><img loading=\"lazy\" decoding=\"async\" class=\"alignleft wp-image-3562\" src=\"https:\/\/www.topohvar.at\/wp-content\/uploads\/2018\/08\/SG-MO-05-1-1024x503.jpg\" alt=\"\" width=\"114\" height=\"56\" srcset=\"https:\/\/www.topohvar.at\/wp-content\/uploads\/2018\/08\/SG-MO-05-1-1024x503.jpg 1024w, https:\/\/www.topohvar.at\/wp-content\/uploads\/2018\/08\/SG-MO-05-1-300x147.jpg 300w, https:\/\/www.topohvar.at\/wp-content\/uploads\/2018\/08\/SG-MO-05-1-768x377.jpg 768w\" sizes=\"auto, (max-width: 114px) 100vw, 114px\" \/><\/a>Bista \u00bbPetra Hektorovi\u0107a (2)\u00ab<br \/>\n<\/strong>SG-MO-05 \/\u00a0Stari Grad, Obala Dr. Franjo Tu\u0111mana<\/p>\n<p><strong><a href=\"https:\/\/www.topohvar.at\/orte\/sg\/sg-mo-06-2\/\"><img loading=\"lazy\" decoding=\"async\" class=\"alignleft wp-image-3563\" src=\"https:\/\/www.topohvar.at\/wp-content\/uploads\/2018\/08\/SG-MO-06-1-1024x503.jpg\" alt=\"\" width=\"114\" height=\"56\" srcset=\"https:\/\/www.topohvar.at\/wp-content\/uploads\/2018\/08\/SG-MO-06-1-1024x503.jpg 1024w, https:\/\/www.topohvar.at\/wp-content\/uploads\/2018\/08\/SG-MO-06-1-300x147.jpg 300w, https:\/\/www.topohvar.at\/wp-content\/uploads\/2018\/08\/SG-MO-06-1-768x377.jpg 768w\" sizes=\"auto, (max-width: 114px) 100vw, 114px\" \/><\/a>Bista \u00bbIvana Lu\u010di\u0107-Lav\u010devi\u0107a\u00ab<br \/>\n<\/strong>SG-MO-06 \/ Stari Grad, Put Kri\u017ea 1<\/p>\n<p><strong><a href=\"https:\/\/www.topohvar.at\/orte\/sg\/sg-mo-07-2\/\"><img loading=\"lazy\" decoding=\"async\" class=\"alignleft wp-image-3564\" src=\"https:\/\/www.topohvar.at\/wp-content\/uploads\/2018\/08\/SG-MO-07-1-1024x503.jpg\" alt=\"\" width=\"114\" height=\"56\" srcset=\"https:\/\/www.topohvar.at\/wp-content\/uploads\/2018\/08\/SG-MO-07-1-1024x503.jpg 1024w, https:\/\/www.topohvar.at\/wp-content\/uploads\/2018\/08\/SG-MO-07-1-300x147.jpg 300w, https:\/\/www.topohvar.at\/wp-content\/uploads\/2018\/08\/SG-MO-07-1-768x377.jpg 768w\" sizes=\"auto, (max-width: 114px) 100vw, 114px\" \/><\/a>Bista \u00bbDon \u0160ime Ljubi\u0107a\u00ab<br \/>\n<\/strong>SG-MO-07 \/ Stari Grad, \u0160etali\u0161te don \u0160ime Lubi\u0107a 8<\/p>\n<p><strong><a href=\"https:\/\/www.topohvar.at\/orte\/sg\/sg-mo-08-2\/\"><img loading=\"lazy\" decoding=\"async\" class=\"alignleft wp-image-3565\" src=\"https:\/\/www.topohvar.at\/wp-content\/uploads\/2018\/08\/sg-mo-08-1-1024x503.jpg\" alt=\"\" width=\"114\" height=\"56\" srcset=\"https:\/\/www.topohvar.at\/wp-content\/uploads\/2018\/08\/sg-mo-08-1-1024x503.jpg 1024w, https:\/\/www.topohvar.at\/wp-content\/uploads\/2018\/08\/sg-mo-08-1-300x147.jpg 300w, https:\/\/www.topohvar.at\/wp-content\/uploads\/2018\/08\/sg-mo-08-1-768x377.jpg 768w\" sizes=\"auto, (max-width: 114px) 100vw, 114px\" \/><\/a>Skulptura \u00bbRanjena\u00ab<br \/>\n<\/strong>SG-MO-08 \/ Stari Grad, Trg Jurja \u0160karpe<\/p>\n<p><strong><a href=\"https:\/\/www.topohvar.at\/orte\/sg\/sg-mo-10-2\/\"><img loading=\"lazy\" decoding=\"async\" class=\"alignleft wp-image-3567\" src=\"https:\/\/www.topohvar.at\/wp-content\/uploads\/2018\/08\/sg-mo-10-1-1024x503.jpg\" alt=\"\" width=\"114\" height=\"56\" srcset=\"https:\/\/www.topohvar.at\/wp-content\/uploads\/2018\/08\/sg-mo-10-1-1024x503.jpg 1024w, https:\/\/www.topohvar.at\/wp-content\/uploads\/2018\/08\/sg-mo-10-1-300x147.jpg 300w, https:\/\/www.topohvar.at\/wp-content\/uploads\/2018\/08\/sg-mo-10-1-768x377.jpg 768w\" sizes=\"auto, (max-width: 114px) 100vw, 114px\" \/><\/a>Skulptura \u00bbiznad vrata\u00ab<br \/>\n<\/strong>SG-MO-10\/\u00a0Stari Grad, Ulica Pere Ljubi\u0107a<\/p>\n<p><strong><a href=\"https:\/\/www.topohvar.at\/orte\/sg\/sg-mo-16-1\/\"><img loading=\"lazy\" decoding=\"async\" class=\"alignleft wp-image-22435\" src=\"https:\/\/www.topohvar.at\/wp-content\/uploads\/2019\/05\/sg-mo-16-1-1024x503.jpg\" alt=\"\" width=\"114\" height=\"56\" srcset=\"https:\/\/www.topohvar.at\/wp-content\/uploads\/2019\/05\/sg-mo-16-1-1024x503.jpg 1024w, https:\/\/www.topohvar.at\/wp-content\/uploads\/2019\/05\/sg-mo-16-1-300x147.jpg 300w, https:\/\/www.topohvar.at\/wp-content\/uploads\/2019\/05\/sg-mo-16-1-768x377.jpg 768w, https:\/\/www.topohvar.at\/wp-content\/uploads\/2019\/05\/sg-mo-16-1.jpg 1080w\" sizes=\"auto, (max-width: 114px) 100vw, 114px\" \/><\/a>Bista \u00bbKameni Krst\u00ab<br \/>\n<\/strong>SG-MO-16\/\u00a0Stari Grad, Ulica Pere Ljubi\u0107a<\/p>\n<p><strong><a href=\"https:\/\/www.topohvar.at\/orte\/sg\/sg-mo-12-2\/\"><img loading=\"lazy\" decoding=\"async\" class=\"alignleft wp-image-24188\" src=\"https:\/\/www.topohvar.at\/wp-content\/uploads\/2019\/10\/sg-mo-12-02-300x147.jpg\" alt=\"\" width=\"114\" height=\"56\" srcset=\"https:\/\/www.topohvar.at\/wp-content\/uploads\/2019\/10\/sg-mo-12-02-300x147.jpg 300w, https:\/\/www.topohvar.at\/wp-content\/uploads\/2019\/10\/sg-mo-12-02.jpg 640w\" sizes=\"auto, (max-width: 114px) 100vw, 114px\" \/><\/a>\u010cetiri skulpture \u00bbu podru\u010dju krova biv\u0161e hotela\u00ab<br \/>\n<\/strong>SG-MO-12 \/ Novo Obala Riva 5<\/p>\n<p><strong><a href=\"https:\/\/www.topohvar.at\/orte\/sg\/sg-mo-13-2\/\"><img loading=\"lazy\" decoding=\"async\" class=\"alignleft wp-image-3570\" src=\"https:\/\/www.topohvar.at\/wp-content\/uploads\/2018\/08\/SG-MO-13-1-1024x503.jpg\" alt=\"\" width=\"114\" height=\"56\" srcset=\"https:\/\/www.topohvar.at\/wp-content\/uploads\/2018\/08\/SG-MO-13-1-1024x503.jpg 1024w, https:\/\/www.topohvar.at\/wp-content\/uploads\/2018\/08\/SG-MO-13-1-300x147.jpg 300w, https:\/\/www.topohvar.at\/wp-content\/uploads\/2018\/08\/SG-MO-13-1-768x377.jpg 768w\" sizes=\"auto, (max-width: 114px) 100vw, 114px\" \/><\/a>Pet skulpture \u00bbu podru\u010dju krova ku\u0107a \u0160ime Lubi\u0107a\u00ab<br \/>\n<\/strong>SG-MO-13 \/ \u0160etali\u0161te don \u0160ime Lubi\u0107a 7<\/p>\n<p><strong><a href=\"https:\/\/www.topohvar.at\/orte\/sg\/sg-mo-14-2\/\"><img loading=\"lazy\" decoding=\"async\" class=\"alignleft wp-image-3571\" src=\"https:\/\/www.topohvar.at\/wp-content\/uploads\/2018\/08\/sg-mo-14-1-1024x503.jpg\" alt=\"\" width=\"114\" height=\"56\" srcset=\"https:\/\/www.topohvar.at\/wp-content\/uploads\/2018\/08\/sg-mo-14-1-1024x503.jpg 1024w, https:\/\/www.topohvar.at\/wp-content\/uploads\/2018\/08\/sg-mo-14-1-300x147.jpg 300w, https:\/\/www.topohvar.at\/wp-content\/uploads\/2018\/08\/sg-mo-14-1-768x377.jpg 768w\" sizes=\"auto, (max-width: 114px) 100vw, 114px\" \/><\/a>Skulptura \u00bbSkulptura na zabatu sa satom\u00ab<br \/>\n<\/strong>SG-MO-14\/\u00a0Stari Grad, Novo Riva 3, gradska vije\u0107nica<\/p>\n<p><strong><a href=\"https:\/\/www.topohvar.at\/orte\/sg\/sg-mo-09-2\/\"><img loading=\"lazy\" decoding=\"async\" class=\"alignleft wp-image-3566\" src=\"https:\/\/www.topohvar.at\/wp-content\/uploads\/2018\/08\/SG-MO-09-1-1024x503.jpg\" alt=\"\" width=\"114\" height=\"56\" srcset=\"https:\/\/www.topohvar.at\/wp-content\/uploads\/2018\/08\/SG-MO-09-1-1024x503.jpg 1024w, https:\/\/www.topohvar.at\/wp-content\/uploads\/2018\/08\/SG-MO-09-1-300x147.jpg 300w, https:\/\/www.topohvar.at\/wp-content\/uploads\/2018\/08\/SG-MO-09-1-768x377.jpg 768w\" sizes=\"auto, (max-width: 114px) 100vw, 114px\" \/><\/a>Skulptura \u00bbDrvena skulptura (7) na DC-116\u00ab<br \/>\n<\/strong>SG-MO-09 \/ Stari Grad, Cesta DC-116<\/p>\n<p><strong><a href=\"https:\/\/www.topohvar.at\/orte\/sg\/sg-mo-18-1\/\"><img loading=\"lazy\" decoding=\"async\" class=\"alignleft wp-image-51268\" src=\"https:\/\/www.topohvar.at\/wp-content\/uploads\/2021\/08\/sg-mo-18-1.jpg\" alt=\"\" width=\"114\" height=\"56\" srcset=\"https:\/\/www.topohvar.at\/wp-content\/uploads\/2021\/08\/sg-mo-18-1.jpg 1080w, https:\/\/www.topohvar.at\/wp-content\/uploads\/2021\/08\/sg-mo-18-1-300x147.jpg 300w, https:\/\/www.topohvar.at\/wp-content\/uploads\/2021\/08\/sg-mo-18-1-1024x503.jpg 1024w, https:\/\/www.topohvar.at\/wp-content\/uploads\/2021\/08\/sg-mo-18-1-768x377.jpg 768w\" sizes=\"auto, (max-width: 114px) 100vw, 114px\" \/><\/a>Skulptura \u00bbDvije lavlje glave\u00ab<br \/>\n<\/strong>SG-MO-18 \/ Stari Grad<\/p>\n<p style=\"text-align: right;\"><a href=\"#seite_oben\"><span style=\"color: #3366ff;\">natrag na vrh \/ Seitenanfang<\/span><\/a><\/p>\n<p><a name=\"ob\"><\/a><\/p>\n<hr \/>\n<h2><strong><span style=\"color: #ff0000;\">Objekti \/ Objekte<\/span><\/strong><\/h2>\n<p><strong><a href=\"https:\/\/www.topohvar.at\/orte\/sg\/sg-ob-09-1\/\"><img loading=\"lazy\" decoding=\"async\" class=\"alignleft wp-image-48335\" src=\"https:\/\/www.topohvar.at\/wp-content\/uploads\/2021\/04\/sg-ob-09-13.jpg\" alt=\"\" width=\"114\" height=\"56\" srcset=\"https:\/\/www.topohvar.at\/wp-content\/uploads\/2021\/04\/sg-ob-09-13.jpg 1080w, https:\/\/www.topohvar.at\/wp-content\/uploads\/2021\/04\/sg-ob-09-13-300x147.jpg 300w, https:\/\/www.topohvar.at\/wp-content\/uploads\/2021\/04\/sg-ob-09-13-1024x503.jpg 1024w, https:\/\/www.topohvar.at\/wp-content\/uploads\/2021\/04\/sg-ob-09-13-768x377.jpg 768w\" sizes=\"auto, (max-width: 114px) 100vw, 114px\" \/><\/a>Objekt \u00bbSlatina (1)\u00ab<br \/>\n<\/strong>SG-OB-09 \/ Stari Grad, Put kardinala Alojzija Stepenica<\/p>\n<p><strong><a href=\"https:\/\/www.topohvar.at\/orte\/sg\/sg-ob-08-1\/\"><img loading=\"lazy\" decoding=\"async\" class=\"alignleft wp-image-48337\" src=\"https:\/\/www.topohvar.at\/wp-content\/uploads\/2021\/04\/sg-ob-08-11.jpg\" alt=\"\" width=\"114\" height=\"56\" srcset=\"https:\/\/www.topohvar.at\/wp-content\/uploads\/2021\/04\/sg-ob-08-11.jpg 1080w, https:\/\/www.topohvar.at\/wp-content\/uploads\/2021\/04\/sg-ob-08-11-300x147.jpg 300w, https:\/\/www.topohvar.at\/wp-content\/uploads\/2021\/04\/sg-ob-08-11-1024x503.jpg 1024w, https:\/\/www.topohvar.at\/wp-content\/uploads\/2021\/04\/sg-ob-08-11-768x377.jpg 768w\" sizes=\"auto, (max-width: 114px) 100vw, 114px\" \/><\/a>Objekt \u00bbSlatina (2)\u00ab<br \/>\n<\/strong>SG-OB-08 \/ Stari Grad, Martinovica \/ \u0160iberija<\/p>\n<p><strong><a href=\"https:\/\/www.topohvar.at\/orte\/sg\/sg-ob-10-1\/\"><img loading=\"lazy\" decoding=\"async\" class=\"alignleft wp-image-49795\" src=\"https:\/\/www.topohvar.at\/wp-content\/uploads\/2021\/06\/sg-ob-10-1.jpg\" alt=\"\" width=\"114\" height=\"56\" srcset=\"https:\/\/www.topohvar.at\/wp-content\/uploads\/2021\/06\/sg-ob-10-1.jpg 1080w, https:\/\/www.topohvar.at\/wp-content\/uploads\/2021\/06\/sg-ob-10-1-300x147.jpg 300w, https:\/\/www.topohvar.at\/wp-content\/uploads\/2021\/06\/sg-ob-10-1-1024x503.jpg 1024w, https:\/\/www.topohvar.at\/wp-content\/uploads\/2021\/06\/sg-ob-10-1-768x377.jpg 768w\" sizes=\"auto, (max-width: 114px) 100vw, 114px\" \/><\/a>Objekt \u00bbSlatina (3)\u00ab<br \/>\n<\/strong>SG-OB-10 \/ Stari Grad, Trg Tvrdalja 12<\/p>\n<p><strong><a href=\"https:\/\/www.topohvar.at\/orte\/sg\/sg-ob-01-2\/\"><img loading=\"lazy\" decoding=\"async\" class=\"alignleft wp-image-3788\" src=\"https:\/\/www.topohvar.at\/wp-content\/uploads\/2018\/08\/SG-OB-0-1-1024x503.jpg\" alt=\"\" width=\"114\" height=\"56\" srcset=\"https:\/\/www.topohvar.at\/wp-content\/uploads\/2018\/08\/SG-OB-0-1-1024x503.jpg 1024w, https:\/\/www.topohvar.at\/wp-content\/uploads\/2018\/08\/SG-OB-0-1-300x147.jpg 300w, https:\/\/www.topohvar.at\/wp-content\/uploads\/2018\/08\/SG-OB-0-1-768x377.jpg 768w\" sizes=\"auto, (max-width: 114px) 100vw, 114px\" \/><\/a>Objekt \u00bbSun\u010dani sat\u00ab<br \/>\n<\/strong>SG-OB-01 \/ Stari Grad, Trg sv. Stjepana 2<\/p>\n<p><strong><a href=\"https:\/\/www.topohvar.at\/orte\/sg\/sg-ob-07-2\/\"><img loading=\"lazy\" decoding=\"async\" class=\"alignleft wp-image-38825\" src=\"https:\/\/www.topohvar.at\/wp-content\/uploads\/2020\/07\/sg-ob-07-1.jpg\" alt=\"\" width=\"114\" height=\"56\" srcset=\"https:\/\/www.topohvar.at\/wp-content\/uploads\/2020\/07\/sg-ob-07-1.jpg 1080w, https:\/\/www.topohvar.at\/wp-content\/uploads\/2020\/07\/sg-ob-07-1-300x147.jpg 300w, https:\/\/www.topohvar.at\/wp-content\/uploads\/2020\/07\/sg-ob-07-1-1024x503.jpg 1024w, https:\/\/www.topohvar.at\/wp-content\/uploads\/2020\/07\/sg-ob-07-1-768x377.jpg 768w\" sizes=\"auto, (max-width: 114px) 100vw, 114px\" \/><\/a>Objekt \u00bbKameni turan\u00ab<br \/>\n<\/strong>SG-OB-07 \/ Stari Grad, Srinjo- \/ Duolnjo Kola<\/p>\n<p><strong><a href=\"https:\/\/www.topohvar.at\/orte\/sg\/sg-ob-16-1\/\"><img loading=\"lazy\" decoding=\"async\" class=\"alignleft wp-image-63471\" src=\"https:\/\/www.topohvar.at\/wp-content\/uploads\/2023\/06\/sg-ob-16-0-300x147.jpg\" alt=\"\" width=\"114\" height=\"56\" srcset=\"https:\/\/www.topohvar.at\/wp-content\/uploads\/2023\/06\/sg-ob-16-0-300x147.jpg 300w, https:\/\/www.topohvar.at\/wp-content\/uploads\/2023\/06\/sg-ob-16-0-1024x503.jpg 1024w, https:\/\/www.topohvar.at\/wp-content\/uploads\/2023\/06\/sg-ob-16-0-768x377.jpg 768w, https:\/\/www.topohvar.at\/wp-content\/uploads\/2023\/06\/sg-ob-16-0.jpg 1080w\" sizes=\"auto, (max-width: 114px) 100vw, 114px\" \/><\/a>Objekt \u00bbGumno\u00ab<br \/>\n<\/strong>SG-OB-16 \/ Stari Grad, Polje<\/p>\n<p><strong><a href=\"https:\/\/www.topohvar.at\/orte\/sg\/sg-ob-15-1\/\"><img loading=\"lazy\" decoding=\"async\" class=\"alignleft wp-image-63480\" src=\"https:\/\/www.topohvar.at\/wp-content\/uploads\/2023\/06\/SG-OB-15-0-300x147.jpg\" alt=\"\" width=\"114\" height=\"56\" srcset=\"https:\/\/www.topohvar.at\/wp-content\/uploads\/2023\/06\/SG-OB-15-0-300x147.jpg 300w, https:\/\/www.topohvar.at\/wp-content\/uploads\/2023\/06\/SG-OB-15-0-1024x503.jpg 1024w, https:\/\/www.topohvar.at\/wp-content\/uploads\/2023\/06\/SG-OB-15-0-768x377.jpg 768w, https:\/\/www.topohvar.at\/wp-content\/uploads\/2023\/06\/SG-OB-15-0.jpg 1080w\" sizes=\"auto, (max-width: 114px) 100vw, 114px\" \/><\/a>Objekt \u00bbKamen s okruglim rubom\u00ab<br \/>\n<\/strong>SG-OB-15 \/ Stari Grad, Polje<\/p>\n<p><strong><a href=\"https:\/\/www.topohvar.at\/orte\/sg\/sg-ob-06-2\/\"><img loading=\"lazy\" decoding=\"async\" class=\"alignleft wp-image-38823\" src=\"https:\/\/www.topohvar.at\/wp-content\/uploads\/2020\/07\/sg-ob-06-11.jpg\" alt=\"\" width=\"114\" height=\"56\" srcset=\"https:\/\/www.topohvar.at\/wp-content\/uploads\/2020\/07\/sg-ob-06-11.jpg 1080w, https:\/\/www.topohvar.at\/wp-content\/uploads\/2020\/07\/sg-ob-06-11-300x147.jpg 300w, https:\/\/www.topohvar.at\/wp-content\/uploads\/2020\/07\/sg-ob-06-11-1024x503.jpg 1024w, https:\/\/www.topohvar.at\/wp-content\/uploads\/2020\/07\/sg-ob-06-11-768x377.jpg 768w\" sizes=\"auto, (max-width: 114px) 100vw, 114px\" \/><\/a>Objekt \u00bbBrodski top\u00ab<br \/>\n<\/strong>SG-OB-06 \/ Stari Grad, Nova Riva<\/p>\n<p><strong><a href=\"https:\/\/www.topohvar.at\/topo\/orte\/sg\/sg-ob-12-2\/\"><img loading=\"lazy\" decoding=\"async\" class=\"wp-image-51845 alignleft\" src=\"https:\/\/www.topohvar.at\/wp-content\/uploads\/2021\/09\/sg-ob-12-1.jpg\" alt=\"\" width=\"114\" height=\"56\" srcset=\"https:\/\/www.topohvar.at\/wp-content\/uploads\/2021\/09\/sg-ob-12-1.jpg 1080w, https:\/\/www.topohvar.at\/wp-content\/uploads\/2021\/09\/sg-ob-12-1-300x147.jpg 300w, https:\/\/www.topohvar.at\/wp-content\/uploads\/2021\/09\/sg-ob-12-1-1024x503.jpg 1024w, https:\/\/www.topohvar.at\/wp-content\/uploads\/2021\/09\/sg-ob-12-1-768x377.jpg 768w\" sizes=\"auto, (max-width: 114px) 100vw, 114px\" \/><\/a>Objekt &#8211; rekonstruirana gajeta<br \/>\n<\/strong>SG-OB-12 \/ Stari Grad, Riva<\/p>\n<p><strong><a href=\"https:\/\/www.topohvar.at\/topo\/orte\/sg\/sg-oi-03-1\/\"><img loading=\"lazy\" decoding=\"async\" class=\"alignleft wp-image-62295\" src=\"https:\/\/www.topohvar.at\/wp-content\/uploads\/2022\/12\/sg-oi-03-1-300x147.jpg\" alt=\"\" width=\"114\" height=\"56\" srcset=\"https:\/\/www.topohvar.at\/wp-content\/uploads\/2022\/12\/sg-oi-03-1-300x147.jpg 300w, https:\/\/www.topohvar.at\/wp-content\/uploads\/2022\/12\/sg-oi-03-1-1024x503.jpg 1024w, https:\/\/www.topohvar.at\/wp-content\/uploads\/2022\/12\/sg-oi-03-1-768x377.jpg 768w, https:\/\/www.topohvar.at\/wp-content\/uploads\/2022\/12\/sg-oi-03-1.jpg 1080w\" sizes=\"auto, (max-width: 114px) 100vw, 114px\" \/><\/a>Objekt \u00bbBitve ispred Hotela Arkada\u00ab<br \/>\n<\/strong>SG-OI-31\/32 \/ Stari Grad, Hotel Arkada<\/p>\n<p><strong><a href=\"https:\/\/www.topohvar.at\/topo\/orte\/sg\/sg-oi-00-1\/\"><img loading=\"lazy\" decoding=\"async\" class=\"alignleft wp-image-55062\" src=\"https:\/\/www.topohvar.at\/wp-content\/uploads\/2021\/12\/sg-oi-00.jpg\" alt=\"\" width=\"114\" height=\"56\" srcset=\"https:\/\/www.topohvar.at\/wp-content\/uploads\/2021\/12\/sg-oi-00.jpg 1080w, https:\/\/www.topohvar.at\/wp-content\/uploads\/2021\/12\/sg-oi-00-300x147.jpg 300w, https:\/\/www.topohvar.at\/wp-content\/uploads\/2021\/12\/sg-oi-00-1024x503.jpg 1024w, https:\/\/www.topohvar.at\/wp-content\/uploads\/2021\/12\/sg-oi-00-768x377.jpg 768w\" sizes=\"auto, (max-width: 114px) 100vw, 114px\" \/><\/a>Objekt \u00bbBitve u starogradskoj luci\u00ab<br \/>\n<\/strong>SG-OI-01\/13 \/ Stari Grad, Luka<\/p>\n<p><strong><a href=\"https:\/\/www.topohvar.at\/topo\/orte\/sg\/sg-oi-00-1\/\"><img loading=\"lazy\" decoding=\"async\" class=\"alignleft wp-image-62303\" src=\"https:\/\/www.topohvar.at\/wp-content\/uploads\/2022\/12\/sg-oi-14-1-300x147.jpg\" alt=\"\" width=\"114\" height=\"56\" srcset=\"https:\/\/www.topohvar.at\/wp-content\/uploads\/2022\/12\/sg-oi-14-1-300x147.jpg 300w, https:\/\/www.topohvar.at\/wp-content\/uploads\/2022\/12\/sg-oi-14-1-1024x503.jpg 1024w, https:\/\/www.topohvar.at\/wp-content\/uploads\/2022\/12\/sg-oi-14-1-768x377.jpg 768w, https:\/\/www.topohvar.at\/wp-content\/uploads\/2022\/12\/sg-oi-14-1.jpg 1080w\" sizes=\"auto, (max-width: 114px) 100vw, 114px\" \/><\/a>Objekt \u00bbBitve na podru\u010dju Lu\u010dice\u00ab<br \/>\n<\/strong>SG-OI-14 \/ Stari Grad, Lu\u010dica<\/p>\n<p><a href=\"https:\/\/www.topohvar.at\/topo\/orte\/sg\/sg-oi-02-1\/\"><img loading=\"lazy\" decoding=\"async\" class=\"alignleft wp-image-62322\" src=\"https:\/\/www.topohvar.at\/wp-content\/uploads\/2022\/12\/sg-oi-20-300x148.jpg\" alt=\"\" width=\"111\" height=\"55\" srcset=\"https:\/\/www.topohvar.at\/wp-content\/uploads\/2022\/12\/sg-oi-20-300x148.jpg 300w, https:\/\/www.topohvar.at\/wp-content\/uploads\/2022\/12\/sg-oi-20-1024x505.jpg 1024w, https:\/\/www.topohvar.at\/wp-content\/uploads\/2022\/12\/sg-oi-20-768x379.jpg 768w, https:\/\/www.topohvar.at\/wp-content\/uploads\/2022\/12\/sg-oi-20.jpg 1080w\" sizes=\"auto, (max-width: 111px) 100vw, 111px\" \/><\/a><\/p>\n<p><strong>Objekt \u00bbBitve u trajektnoj luci\u00ab<br \/>\n<\/strong>SG-OI-21\/23 \/ Stari Grad, trajektna luka<\/p>\n<p><strong><a href=\"https:\/\/www.topohvar.at\/orte\/sg\/sg-ob-05-1\/\"><img loading=\"lazy\" decoding=\"async\" class=\"alignleft wp-image-38838\" src=\"https:\/\/www.topohvar.at\/wp-content\/uploads\/2020\/07\/sg-ob-05-1.jpg\" alt=\"\" width=\"114\" height=\"56\" srcset=\"https:\/\/www.topohvar.at\/wp-content\/uploads\/2020\/07\/sg-ob-05-1.jpg 1080w, https:\/\/www.topohvar.at\/wp-content\/uploads\/2020\/07\/sg-ob-05-1-300x147.jpg 300w, https:\/\/www.topohvar.at\/wp-content\/uploads\/2020\/07\/sg-ob-05-1-1024x503.jpg 1024w, https:\/\/www.topohvar.at\/wp-content\/uploads\/2020\/07\/sg-ob-05-1-768x377.jpg 768w\" sizes=\"auto, (max-width: 114px) 100vw, 114px\" \/><\/a>Objekt \u00bbObris leuta\u00ab<br \/>\n<\/strong>SG-OB-05 \/ Stari Grad, Nova Riva<\/p>\n<p><strong><a href=\"https:\/\/www.topohvar.at\/orte\/sg\/sg-ob-02-2\/\"><img loading=\"lazy\" decoding=\"async\" class=\"alignleft wp-image-3789\" src=\"https:\/\/www.topohvar.at\/wp-content\/uploads\/2018\/08\/SG-OB-02-1-1024x503.jpg\" alt=\"\" width=\"114\" height=\"56\" srcset=\"https:\/\/www.topohvar.at\/wp-content\/uploads\/2018\/08\/SG-OB-02-1-1024x503.jpg 1024w, https:\/\/www.topohvar.at\/wp-content\/uploads\/2018\/08\/SG-OB-02-1-300x147.jpg 300w, https:\/\/www.topohvar.at\/wp-content\/uploads\/2018\/08\/SG-OB-02-1-768x377.jpg 768w\" sizes=\"auto, (max-width: 114px) 100vw, 114px\" \/><\/a>Objekt \u00bbStupac \u0160tandarac\u00ab<br \/>\n<\/strong>SG-OB-02 \/ Stari Grad, \u0160etali\u0161te don \u0160ime Lubi\u0107a<\/p>\n<p><strong><a href=\"https:\/\/www.topohvar.at\/orte\/sg\/sg-ob-03-2\/\"><img loading=\"lazy\" decoding=\"async\" class=\"alignleft wp-image-3790\" src=\"https:\/\/www.topohvar.at\/wp-content\/uploads\/2018\/08\/sg-ob-03-1-1024x503.jpg\" alt=\"\" width=\"114\" height=\"56\" srcset=\"https:\/\/www.topohvar.at\/wp-content\/uploads\/2018\/08\/sg-ob-03-1-1024x503.jpg 1024w, https:\/\/www.topohvar.at\/wp-content\/uploads\/2018\/08\/sg-ob-03-1-300x147.jpg 300w, https:\/\/www.topohvar.at\/wp-content\/uploads\/2018\/08\/sg-ob-03-1-768x377.jpg 768w\" sizes=\"auto, (max-width: 114px) 100vw, 114px\" \/><\/a>Objekt \u00bbRu\u017ea vjetrova\u00ab<br \/>\n<\/strong>SG-OB-03 \/\u00a0Stari Grad, \u0160etali\u0161te don \u0160ime Lubi\u0107a<\/p>\n<p><strong><a href=\"https:\/\/www.topohvar.at\/orte\/sg\/sg-or-04-1\/\"><img loading=\"lazy\" decoding=\"async\" class=\"alignleft wp-image-49690\" src=\"https:\/\/www.topohvar.at\/wp-content\/uploads\/2021\/06\/sg-or-04-2.jpg\" alt=\"\" width=\"114\" height=\"56\" srcset=\"https:\/\/www.topohvar.at\/wp-content\/uploads\/2021\/06\/sg-or-04-2.jpg 1080w, https:\/\/www.topohvar.at\/wp-content\/uploads\/2021\/06\/sg-or-04-2-300x147.jpg 300w, https:\/\/www.topohvar.at\/wp-content\/uploads\/2021\/06\/sg-or-04-2-1024x503.jpg 1024w, https:\/\/www.topohvar.at\/wp-content\/uploads\/2021\/06\/sg-or-04-2-768x377.jpg 768w\" sizes=\"auto, (max-width: 114px) 100vw, 114px\" \/><\/a>Objekt \u00bbRadio jarbol (1)\u00ab<br \/>\n<\/strong>SG-OR-04 \/ Stari Grad<\/p>\n<p><strong><a href=\"https:\/\/www.topohvar.at\/orte\/sg\/sg-or-04-2\/\"><img loading=\"lazy\" decoding=\"async\" class=\"alignleft wp-image-36824\" src=\"https:\/\/www.topohvar.at\/wp-content\/uploads\/2020\/05\/sg-ob-04-1-300x147.jpg\" alt=\"\" width=\"114\" height=\"56\" srcset=\"https:\/\/www.topohvar.at\/wp-content\/uploads\/2020\/05\/sg-ob-04-1-300x147.jpg 300w, https:\/\/www.topohvar.at\/wp-content\/uploads\/2020\/05\/sg-ob-04-1.jpg 640w\" sizes=\"auto, (max-width: 114px) 100vw, 114px\" \/><\/a>Objekt \u00bbRadio jarbol (2)\u00ab<br \/>\n<\/strong>SG-OR-03 \/ Stari Grad, Vodovod<\/p>\n<p><strong><a href=\"https:\/\/www.topohvar.at\/orte\/sg\/sg-ob-04-1\/\"><img loading=\"lazy\" decoding=\"async\" class=\"alignleft wp-image-50022\" src=\"https:\/\/www.topohvar.at\/wp-content\/uploads\/2021\/06\/sg-ob-04-1.jpg\" alt=\"\" width=\"114\" height=\"56\" srcset=\"https:\/\/www.topohvar.at\/wp-content\/uploads\/2021\/06\/sg-ob-04-1.jpg 1080w, https:\/\/www.topohvar.at\/wp-content\/uploads\/2021\/06\/sg-ob-04-1-300x147.jpg 300w, https:\/\/www.topohvar.at\/wp-content\/uploads\/2021\/06\/sg-ob-04-1-1024x503.jpg 1024w, https:\/\/www.topohvar.at\/wp-content\/uploads\/2021\/06\/sg-ob-04-1-768x377.jpg 768w\" sizes=\"auto, (max-width: 114px) 100vw, 114px\" \/><\/a>Objekt \u00bbServis bicikla (1)\u00ab<br \/>\n<\/strong>SG-OB-04 \/ Stari Grad, Polje<\/p>\n<p><strong><a href=\"https:\/\/www.topohvar.at\/orte\/sg\/sg-ob-11-1\/\"><img loading=\"lazy\" decoding=\"async\" class=\"alignleft wp-image-51882\" src=\"https:\/\/www.topohvar.at\/wp-content\/uploads\/2021\/09\/sg-ob-11-1.jpg\" alt=\"\" width=\"114\" height=\"56\" srcset=\"https:\/\/www.topohvar.at\/wp-content\/uploads\/2021\/09\/sg-ob-11-1.jpg 1080w, https:\/\/www.topohvar.at\/wp-content\/uploads\/2021\/09\/sg-ob-11-1-300x147.jpg 300w, https:\/\/www.topohvar.at\/wp-content\/uploads\/2021\/09\/sg-ob-11-1-1024x503.jpg 1024w, https:\/\/www.topohvar.at\/wp-content\/uploads\/2021\/09\/sg-ob-11-1-768x377.jpg 768w\" sizes=\"auto, (max-width: 114px) 100vw, 114px\" \/><\/a>Objekt \u00bbServis bicikla (2)\u00ab<br \/>\n<\/strong>SG-OB-11 \/ Stari Grad, park Vorba<\/p>\n<p><strong><a href=\"https:\/\/www.topohvar.at\/orte\/sg\/sg-ob-13-1\/\"><img loading=\"lazy\" decoding=\"async\" class=\"alignleft wp-image-61732\" src=\"https:\/\/www.topohvar.at\/wp-content\/uploads\/2022\/11\/sg-ob-13-11-300x147.jpg\" alt=\"\" width=\"114\" height=\"56\" srcset=\"https:\/\/www.topohvar.at\/wp-content\/uploads\/2022\/11\/sg-ob-13-11-300x147.jpg 300w, https:\/\/www.topohvar.at\/wp-content\/uploads\/2022\/11\/sg-ob-13-11-1024x503.jpg 1024w, https:\/\/www.topohvar.at\/wp-content\/uploads\/2022\/11\/sg-ob-13-11-768x377.jpg 768w, https:\/\/www.topohvar.at\/wp-content\/uploads\/2022\/11\/sg-ob-13-11.jpg 1080w\" sizes=\"auto, (max-width: 114px) 100vw, 114px\" \/><\/a>Objekt \u00bbIznajmljivanje bicikala (1)\u00ab<br \/>\n<\/strong>SG-OB-13 \/ Stari Grad, Trajektno pristani\u0161te<\/p>\n<p><strong><a href=\"https:\/\/www.topohvar.at\/orte\/sg\/sg-ob-14-1\/\"><img loading=\"lazy\" decoding=\"async\" class=\"alignleft wp-image-61746\" src=\"https:\/\/www.topohvar.at\/wp-content\/uploads\/2022\/11\/sg-ob-14-11-300x147.jpg\" alt=\"\" width=\"114\" height=\"56\" srcset=\"https:\/\/www.topohvar.at\/wp-content\/uploads\/2022\/11\/sg-ob-14-11-300x147.jpg 300w, https:\/\/www.topohvar.at\/wp-content\/uploads\/2022\/11\/sg-ob-14-11-1024x503.jpg 1024w, https:\/\/www.topohvar.at\/wp-content\/uploads\/2022\/11\/sg-ob-14-11-768x377.jpg 768w, https:\/\/www.topohvar.at\/wp-content\/uploads\/2022\/11\/sg-ob-14-11.jpg 1080w\" sizes=\"auto, (max-width: 114px) 100vw, 114px\" \/><\/a>Objekt \u00bbIznajmljivanje bicikala (2), nextbike\u00ab<br \/>\n<\/strong>SG-OB-14 \/ Stari Grad, \u0160etali\u0161te don \u0160ime Lubi\u0107a<\/p>\n<p style=\"text-align: right;\"><span style=\"color: #3366ff;\"><a style=\"color: #3366ff;\" href=\"#seite_oben\">natrag na vrh \/ Seitenanfang<\/a><\/span><\/p>\n<hr \/>\n<p><strong><a href=\"https:\/\/www.topohvar.at\/orte\/sg\/sg-os-01-2\/\"><img loading=\"lazy\" decoding=\"async\" class=\"alignleft wp-image-3797\" src=\"https:\/\/www.topohvar.at\/wp-content\/uploads\/2018\/08\/sg-os-01-1-1024x503.jpg\" alt=\"\" width=\"114\" height=\"56\" srcset=\"https:\/\/www.topohvar.at\/wp-content\/uploads\/2018\/08\/sg-os-01-1-1024x503.jpg 1024w, https:\/\/www.topohvar.at\/wp-content\/uploads\/2018\/08\/sg-os-01-1-300x147.jpg 300w, https:\/\/www.topohvar.at\/wp-content\/uploads\/2018\/08\/sg-os-01-1-768x377.jpg 768w\" sizes=\"auto, (max-width: 114px) 100vw, 114px\" \/><\/a>Objekt \u00bbSvjetionik na Putu Lanterne\u00ab<br \/>\n<\/strong>SG-OS-01\/ Stari Grad, Put Lanterne<\/p>\n<p><strong><a href=\"https:\/\/www.topohvar.at\/orte\/sg\/sg-os-02-2\/\"><img loading=\"lazy\" decoding=\"async\" class=\"alignleft wp-image-3798\" src=\"https:\/\/www.topohvar.at\/wp-content\/uploads\/2018\/08\/sg-os-02-1-1024x503.jpg\" alt=\"\" width=\"114\" height=\"56\" srcset=\"https:\/\/www.topohvar.at\/wp-content\/uploads\/2018\/08\/sg-os-02-1-1024x503.jpg 1024w, https:\/\/www.topohvar.at\/wp-content\/uploads\/2018\/08\/sg-os-02-1-300x147.jpg 300w, https:\/\/www.topohvar.at\/wp-content\/uploads\/2018\/08\/sg-os-02-1-768x377.jpg 768w\" sizes=\"auto, (max-width: 114px) 100vw, 114px\" \/><\/a>Objekt \u00bbSvjetionik Zelenikovac Stari Grad &#8211; istok\u00ab<br \/>\n<\/strong>SG-OS-02 \/ Trajektno pristani\u0161te (istok)<\/p>\n<p><strong><a href=\"https:\/\/www.topohvar.at\/orte\/sg\/sg-os-03-2\/\"><img loading=\"lazy\" decoding=\"async\" class=\"alignleft wp-image-3799\" src=\"https:\/\/www.topohvar.at\/wp-content\/uploads\/2018\/08\/SG-Os-03-1-1024x503.jpg\" alt=\"\" width=\"114\" height=\"56\" srcset=\"https:\/\/www.topohvar.at\/wp-content\/uploads\/2018\/08\/SG-Os-03-1-1024x503.jpg 1024w, https:\/\/www.topohvar.at\/wp-content\/uploads\/2018\/08\/SG-Os-03-1-300x147.jpg 300w, https:\/\/www.topohvar.at\/wp-content\/uploads\/2018\/08\/SG-Os-03-1-768x377.jpg 768w\" sizes=\"auto, (max-width: 114px) 100vw, 114px\" \/><\/a>Objekt \u00bbSvjetionik Zelenikovac Stari Grad &#8211; zapad\u00ab<br \/>\n<\/strong>SG-OS-03 \/ Trajektno pristani\u0161te (zapad)<\/p>\n<p><strong><a href=\"https:\/\/www.topohvar.at\/orte\/sg\/sg-os-05-2\/\"><img loading=\"lazy\" decoding=\"async\" class=\"alignleft wp-image-38869\" src=\"https:\/\/www.topohvar.at\/wp-content\/uploads\/2020\/07\/sg-os-05-11.jpg\" alt=\"\" width=\"114\" height=\"56\" srcset=\"https:\/\/www.topohvar.at\/wp-content\/uploads\/2020\/07\/sg-os-05-11.jpg 1080w, https:\/\/www.topohvar.at\/wp-content\/uploads\/2020\/07\/sg-os-05-11-300x147.jpg 300w, https:\/\/www.topohvar.at\/wp-content\/uploads\/2020\/07\/sg-os-05-11-1024x503.jpg 1024w, https:\/\/www.topohvar.at\/wp-content\/uploads\/2020\/07\/sg-os-05-11-768x377.jpg 768w\" sizes=\"auto, (max-width: 114px) 100vw, 114px\" \/><\/a>Objekt \u00bbSvjetionik Stari Grad &#8211; Lu\u010dica\u00ab<br \/>\n<\/strong>SG-OS-05 \/ Stari Grad &#8211; \u0160etali\u0161te don \u0160ime Lubi\u0107a, Lu\u010dica<\/p>\n<p><strong><a href=\"https:\/\/www.topohvar.at\/orte\/sg\/sg-os-04-2\/\"><img loading=\"lazy\" decoding=\"async\" class=\"alignleft wp-image-3800\" src=\"https:\/\/www.topohvar.at\/wp-content\/uploads\/2018\/08\/sg-os-04-1-1024x503.jpg\" alt=\"\" width=\"114\" height=\"56\" srcset=\"https:\/\/www.topohvar.at\/wp-content\/uploads\/2018\/08\/sg-os-04-1-1024x503.jpg 1024w, https:\/\/www.topohvar.at\/wp-content\/uploads\/2018\/08\/sg-os-04-1-300x147.jpg 300w, https:\/\/www.topohvar.at\/wp-content\/uploads\/2018\/08\/sg-os-04-1-768x377.jpg 768w\" sizes=\"auto, (max-width: 114px) 100vw, 114px\" \/><\/a>Objekt \u00bbSvjetionik Stari Grad &#8211; luka\u00ab<br \/>\n<\/strong>SG-OS-04 \/ Stari Grad, Novo Riva<\/p>\n<p style=\"text-align: right;\"><a style=\"color: #3366ff;\" href=\"#seite_oben\">natrag na vrh \/ Seitenanfang<\/a><\/p>\n<hr \/>\n<p><strong><a href=\"https:\/\/www.topohvar.at\/orte\/sg\/sg-pu-09-1\/\"><img loading=\"lazy\" decoding=\"async\" class=\"alignleft wp-image-37572\" src=\"https:\/\/www.topohvar.at\/wp-content\/uploads\/2020\/05\/sg-pu-09-8.jpg\" alt=\"\" width=\"114\" height=\"56\" srcset=\"https:\/\/www.topohvar.at\/wp-content\/uploads\/2020\/05\/sg-pu-09-8.jpg 1080w, https:\/\/www.topohvar.at\/wp-content\/uploads\/2020\/05\/sg-pu-09-8-300x147.jpg 300w, https:\/\/www.topohvar.at\/wp-content\/uploads\/2020\/05\/sg-pu-09-8-1024x503.jpg 1024w, https:\/\/www.topohvar.at\/wp-content\/uploads\/2020\/05\/sg-pu-09-8-768x377.jpg 768w\" sizes=\"auto, (max-width: 114px) 100vw, 114px\" \/><\/a>Objekt \u00bbTrajektno pristani\u0161te\u00ab<br \/>\n<\/strong>SG-PU-09 \/ Stari Grad, Trajektno pristani\u0161te<\/p>\n<p><strong><a href=\"https:\/\/www.topohvar.at\/orte\/sg\/sg-pu-10-1\/\"><img loading=\"lazy\" decoding=\"async\" class=\"alignleft wp-image-28347\" src=\"https:\/\/www.topohvar.at\/wp-content\/uploads\/2020\/01\/sg-pu-10-1.jpg\" alt=\"\" width=\"114\" height=\"56\" srcset=\"https:\/\/www.topohvar.at\/wp-content\/uploads\/2020\/01\/sg-pu-10-1.jpg 800w, https:\/\/www.topohvar.at\/wp-content\/uploads\/2020\/01\/sg-pu-10-1-300x147.jpg 300w, https:\/\/www.topohvar.at\/wp-content\/uploads\/2020\/01\/sg-pu-10-1-768x377.jpg 768w\" sizes=\"auto, (max-width: 114px) 100vw, 114px\" \/><\/a>Objekt \u00bbNauti\u010dka Luka Stari Grad \u2013 Faros\u00ab<br \/>\n<\/strong>SG-PU-10 \/ Stari Grad, Luka<\/p>\n<p><strong><a href=\"https:\/\/www.topohvar.at\/orte\/sg\/sg-pu-01-2\/\"><img loading=\"lazy\" decoding=\"async\" class=\"alignleft wp-image-23409\" src=\"https:\/\/www.topohvar.at\/wp-content\/uploads\/2019\/07\/sg-pu-01-20-300x147.jpg\" alt=\"\" width=\"114\" height=\"56\" srcset=\"https:\/\/www.topohvar.at\/wp-content\/uploads\/2019\/07\/sg-pu-01-20-300x147.jpg 300w, https:\/\/www.topohvar.at\/wp-content\/uploads\/2019\/07\/sg-pu-01-20-768x377.jpg 768w, https:\/\/www.topohvar.at\/wp-content\/uploads\/2019\/07\/sg-pu-01-20-1024x503.jpg 1024w, https:\/\/www.topohvar.at\/wp-content\/uploads\/2019\/07\/sg-pu-01-20.jpg 1080w\" sizes=\"auto, (max-width: 114px) 100vw, 114px\" \/><\/a>Objekt \u00bbAustrijska cesta s po\u010detka 19. stolje\u0107a\u00ab<br \/>\n<\/strong>SG-PU-01 \/ Stari Grad, u blizini staze Put laterne<\/p>\n<p><strong><a href=\"https:\/\/www.topohvar.at\/orte\/sg\/sg-pu-15-1\/\"><img loading=\"lazy\" decoding=\"async\" class=\"alignleft wp-image-387 size-full\" src=\"https:\/\/www.topohvar.at\/wp-content\/uploads\/2018\/07\/00-00-00-1.jpg\" alt=\"\" width=\"114\" height=\"56\" \/><\/a>Objekt \u00bbTrg Stjepana Radi\u0107a\u00ab<br \/>\n<\/strong>SG-PU-15 \/ Stari Grad, Trg Stjepana Radi\u0107a<\/p>\n<p><strong><a href=\"https:\/\/www.topohvar.at\/orte\/sg\/sg-pu-02-2\/\"><img loading=\"lazy\" decoding=\"async\" class=\"alignleft wp-image-3946\" src=\"https:\/\/www.topohvar.at\/wp-content\/uploads\/2018\/08\/SG-PU-02-1-1024x503.jpg\" alt=\"\" width=\"114\" height=\"56\" srcset=\"https:\/\/www.topohvar.at\/wp-content\/uploads\/2018\/08\/SG-PU-02-1-1024x503.jpg 1024w, https:\/\/www.topohvar.at\/wp-content\/uploads\/2018\/08\/SG-PU-02-1-300x147.jpg 300w, https:\/\/www.topohvar.at\/wp-content\/uploads\/2018\/08\/SG-PU-02-1-768x377.jpg 768w\" sizes=\"auto, (max-width: 114px) 100vw, 114px\" \/><\/a>Objekt \u00bbTrg \u0160kor\u00ab<br \/>\n<\/strong>SG-PU-02 \/ Stari Grad, Trg \u0160kor<\/p>\n<p><strong><a href=\"https:\/\/www.topohvar.at\/orte\/sg\/sg-pu-03-2\/\"><img loading=\"lazy\" decoding=\"async\" class=\"alignleft wp-image-3954\" src=\"https:\/\/www.topohvar.at\/wp-content\/uploads\/2018\/08\/SG-PU-03-1-1024x503.jpg\" alt=\"\" width=\"114\" height=\"56\" srcset=\"https:\/\/www.topohvar.at\/wp-content\/uploads\/2018\/08\/SG-PU-03-1-1024x503.jpg 1024w, https:\/\/www.topohvar.at\/wp-content\/uploads\/2018\/08\/SG-PU-03-1-300x147.jpg 300w, https:\/\/www.topohvar.at\/wp-content\/uploads\/2018\/08\/SG-PU-03-1-768x377.jpg 768w\" sizes=\"auto, (max-width: 114px) 100vw, 114px\" \/><\/a>Objekt \u00bbTrg Jurja \u0160karpe\u00ab<br \/>\n<\/strong>SG-PU-03 \/\u00a0Stari Grad, Trg Jurja \u0160karpe<\/p>\n<p><strong><a href=\"https:\/\/www.topohvar.at\/orte\/sg\/sg-pu-04-2\/\"><img loading=\"lazy\" decoding=\"async\" class=\"alignleft wp-image-3948\" src=\"https:\/\/www.topohvar.at\/wp-content\/uploads\/2018\/08\/sg-pu-04-1-1024x503.jpg\" alt=\"\" width=\"114\" height=\"56\" srcset=\"https:\/\/www.topohvar.at\/wp-content\/uploads\/2018\/08\/sg-pu-04-1-1024x503.jpg 1024w, https:\/\/www.topohvar.at\/wp-content\/uploads\/2018\/08\/sg-pu-04-1-300x147.jpg 300w, https:\/\/www.topohvar.at\/wp-content\/uploads\/2018\/08\/sg-pu-04-1-768x377.jpg 768w\" sizes=\"auto, (max-width: 114px) 100vw, 114px\" \/><\/a>Objekt \u00bbTrg Sv. Stjepana\u00ab<br \/>\n<\/strong>SG-PU-04 \/ Stari Grad, Trg Sv. Stjepana<\/p>\n<p><strong><a href=\"https:\/\/www.topohvar.at\/orte\/sg\/sg-pu-05-2\/\"><img loading=\"lazy\" decoding=\"async\" class=\"alignleft wp-image-3949\" src=\"https:\/\/www.topohvar.at\/wp-content\/uploads\/2018\/08\/sg-pu-05-1-1024x503.jpg\" alt=\"\" width=\"114\" height=\"56\" srcset=\"https:\/\/www.topohvar.at\/wp-content\/uploads\/2018\/08\/sg-pu-05-1-1024x503.jpg 1024w, https:\/\/www.topohvar.at\/wp-content\/uploads\/2018\/08\/sg-pu-05-1-300x147.jpg 300w, https:\/\/www.topohvar.at\/wp-content\/uploads\/2018\/08\/sg-pu-05-1-768x377.jpg 768w\" sizes=\"auto, (max-width: 114px) 100vw, 114px\" \/><\/a>Objekt \u00bbSrinjo kola\u00ab<br \/>\n<\/strong>SG-PU-05 \/ Stari Grad, Srinjo kola<\/p>\n<p><strong><a href=\"https:\/\/www.topohvar.at\/orte\/sg\/sg-pu-06-2\/\"><img loading=\"lazy\" decoding=\"async\" class=\"alignleft wp-image-3950\" src=\"https:\/\/www.topohvar.at\/wp-content\/uploads\/2018\/08\/SG-PU-06-1-1024x503.jpg\" alt=\"\" width=\"114\" height=\"56\" srcset=\"https:\/\/www.topohvar.at\/wp-content\/uploads\/2018\/08\/SG-PU-06-1-1024x503.jpg 1024w, https:\/\/www.topohvar.at\/wp-content\/uploads\/2018\/08\/SG-PU-06-1-300x147.jpg 300w, https:\/\/www.topohvar.at\/wp-content\/uploads\/2018\/08\/SG-PU-06-1-768x377.jpg 768w\" sizes=\"auto, (max-width: 114px) 100vw, 114px\" \/><\/a>Objekt \u00bbDuolnjo kola\u00ab<br \/>\n<\/strong>SG-PU-06 \/ Stari Grad, Duolnjo Kola<\/p>\n<p><strong><a href=\"https:\/\/www.topohvar.at\/orte\/sg\/sg-pu-07-2\/\"><img loading=\"lazy\" decoding=\"async\" class=\"alignleft wp-image-3951\" src=\"https:\/\/www.topohvar.at\/wp-content\/uploads\/2018\/08\/sg-pu-07-1-1024x503.jpg\" alt=\"\" width=\"114\" height=\"56\" srcset=\"https:\/\/www.topohvar.at\/wp-content\/uploads\/2018\/08\/sg-pu-07-1-1024x503.jpg 1024w, https:\/\/www.topohvar.at\/wp-content\/uploads\/2018\/08\/sg-pu-07-1-300x147.jpg 300w, https:\/\/www.topohvar.at\/wp-content\/uploads\/2018\/08\/sg-pu-07-1-768x377.jpg 768w\" sizes=\"auto, (max-width: 114px) 100vw, 114px\" \/><\/a>Objekt \u00bbUlica otoka Parosa\u00ab<br \/>\n<\/strong>SG-PU-07 \/ Stari Grad, Ulica otoka Parosa<\/p>\n<p><strong><a href=\"https:\/\/www.topohvar.at\/orte\/sg\/sg-pu-08-2\/\"><img loading=\"lazy\" decoding=\"async\" class=\"alignleft wp-image-3952\" src=\"https:\/\/www.topohvar.at\/wp-content\/uploads\/2018\/08\/sg-pu-08-1-1024x503.jpg\" alt=\"\" width=\"114\" height=\"56\" srcset=\"https:\/\/www.topohvar.at\/wp-content\/uploads\/2018\/08\/sg-pu-08-1-1024x503.jpg 1024w, https:\/\/www.topohvar.at\/wp-content\/uploads\/2018\/08\/sg-pu-08-1-300x147.jpg 300w, https:\/\/www.topohvar.at\/wp-content\/uploads\/2018\/08\/sg-pu-08-1-768x377.jpg 768w\" sizes=\"auto, (max-width: 114px) 100vw, 114px\" \/><\/a>Objekt \u00bbObala hrvatskih branitelja\u00ab<br \/>\n<\/strong>SG-PU-08 \/ Stari Grad, Obala Hrvatskih Branitelja<\/p>\n<p><strong><a href=\"https:\/\/www.topohvar.at\/orte\/sg\/sg-pu-11-1\/\"><img loading=\"lazy\" decoding=\"async\" class=\"alignleft wp-image-36875\" src=\"https:\/\/www.topohvar.at\/wp-content\/uploads\/2020\/05\/sg-pu-11-1-300x147.jpg\" alt=\"\" width=\"114\" height=\"56\" srcset=\"https:\/\/www.topohvar.at\/wp-content\/uploads\/2020\/05\/sg-pu-11-1-300x147.jpg 300w, https:\/\/www.topohvar.at\/wp-content\/uploads\/2020\/05\/sg-pu-11-1-1024x503.jpg 1024w, https:\/\/www.topohvar.at\/wp-content\/uploads\/2020\/05\/sg-pu-11-1-768x377.jpg 768w, https:\/\/www.topohvar.at\/wp-content\/uploads\/2020\/05\/sg-pu-11-1.jpg 1080w\" sizes=\"auto, (max-width: 114px) 100vw, 114px\" \/><\/a>Objekt \u00bbHvar Airport\u00ab<br \/>\n<\/strong>SG-PU-11 \/ Stari Grad, Put Gospojice<\/p>\n<p><strong><a href=\"https:\/\/www.topohvar.at\/orte\/sg\/sg-pu-12-1\/\"><img loading=\"lazy\" decoding=\"async\" class=\"alignleft wp-image-56485\" src=\"https:\/\/www.topohvar.at\/wp-content\/uploads\/2022\/01\/biketrack-704.jpg\" alt=\"\" width=\"114\" height=\"56\" srcset=\"https:\/\/www.topohvar.at\/wp-content\/uploads\/2022\/01\/biketrack-704.jpg 640w, https:\/\/www.topohvar.at\/wp-content\/uploads\/2022\/01\/biketrack-704-300x147.jpg 300w\" sizes=\"auto, (max-width: 114px) 100vw, 114px\" \/><\/a>Objekt \u00bbBiciklisti\u010dka ruta [704] Ba\u0161tina\u00ab<br \/>\n<\/strong>SG-PU-12 \/ Stari Grad, Dol, Vrbanj, Jelsa, Vrboska, Starogradsko polje<\/p>\n<p><strong><a href=\"https:\/\/www.topohvar.at\/orte\/sg\/sg-pu-13-1\/\"><img loading=\"lazy\" decoding=\"async\" class=\"alignleft wp-image-56526\" src=\"https:\/\/www.topohvar.at\/wp-content\/uploads\/2022\/01\/biketrack-706.jpg\" alt=\"\" width=\"114\" height=\"56\" srcset=\"https:\/\/www.topohvar.at\/wp-content\/uploads\/2022\/01\/biketrack-706.jpg 640w, https:\/\/www.topohvar.at\/wp-content\/uploads\/2022\/01\/biketrack-706-300x147.jpg 300w\" sizes=\"auto, (max-width: 114px) 100vw, 114px\" \/><\/a>Objekt \u00bbBiciklisti\u010dka ruta [706] Kabal\u00ab<br \/>\n<\/strong>SG-PU-13 \/ Stari Grad, Rudine, Kabal, Arkada, Stari Grad<\/p>\n<p><strong><a href=\"https:\/\/www.topohvar.at\/orte\/sg\/sg-pu-14-1\/\"><img loading=\"lazy\" decoding=\"async\" class=\"alignleft wp-image-56489\" src=\"https:\/\/www.topohvar.at\/wp-content\/uploads\/2022\/01\/biketrack-707.jpg\" alt=\"\" width=\"114\" height=\"56\" srcset=\"https:\/\/www.topohvar.at\/wp-content\/uploads\/2022\/01\/biketrack-707.jpg 640w, https:\/\/www.topohvar.at\/wp-content\/uploads\/2022\/01\/biketrack-707-300x147.jpg 300w\" sizes=\"auto, (max-width: 114px) 100vw, 114px\" \/><\/a>Objekt \u00bbBiciklisti\u010dka ruta [707] Purkin Kuk\u00ab<br \/>\n<\/strong>SG-PU-14 \/ Stari Grad, Selca, Vidikovac, Sv. Nikola, Dol, Stari Grad<\/p>\n<p style=\"text-align: right;\"><a style=\"color: #3366ff;\" href=\"#seite_oben\">natrag na vrh \/ Seitenanfang<\/a><\/p>\n<hr \/>\n<p><strong><a href=\"https:\/\/www.topohvar.at\/orte\/sg\/sg-pk-06-2\/\"><img loading=\"lazy\" decoding=\"async\" class=\"alignleft wp-image-3802\" src=\"https:\/\/www.topohvar.at\/wp-content\/uploads\/2018\/08\/sg-pk-06-1-1024x503.jpg\" alt=\"\" width=\"114\" height=\"56\" srcset=\"https:\/\/www.topohvar.at\/wp-content\/uploads\/2018\/08\/sg-pk-06-1-1024x503.jpg 1024w, https:\/\/www.topohvar.at\/wp-content\/uploads\/2018\/08\/sg-pk-06-1-300x147.jpg 300w, https:\/\/www.topohvar.at\/wp-content\/uploads\/2018\/08\/sg-pk-06-1-768x377.jpg 768w\" sizes=\"auto, (max-width: 114px) 100vw, 114px\" \/><\/a>Objekt \u00bbmorsko podru\u010dje u uvali ispod hotela Helios\u00ab<br \/>\n<\/strong>SG-PK-06 \/ Stari Grad, Uvala ispod hotela Helios<\/p>\n<p><strong><a href=\"https:\/\/www.topohvar.at\/orte\/sg\/sg-ov-01-2\/\"><img loading=\"lazy\" decoding=\"async\" class=\"alignleft wp-image-3801\" src=\"https:\/\/www.topohvar.at\/wp-content\/uploads\/2018\/08\/sg-ov-01-1-1024x503.jpg\" alt=\"\" width=\"114\" height=\"56\" srcset=\"https:\/\/www.topohvar.at\/wp-content\/uploads\/2018\/08\/sg-ov-01-1-1024x503.jpg 1024w, https:\/\/www.topohvar.at\/wp-content\/uploads\/2018\/08\/sg-ov-01-1-300x147.jpg 300w, https:\/\/www.topohvar.at\/wp-content\/uploads\/2018\/08\/sg-ov-01-1-768x377.jpg 768w\" sizes=\"auto, (max-width: 114px) 100vw, 114px\" \/><\/a>Objekt \u00bbPark Vorba\u00ab<br \/>\n<\/strong>SG-OV-01 \/ Stari Grad, Park Vorba<\/p>\n<p><strong><a href=\"https:\/\/www.topohvar.at\/orte\/sg\/sg-ov-02-2\/\"><img loading=\"lazy\" decoding=\"async\" class=\"alignleft wp-image-38872\" src=\"https:\/\/www.topohvar.at\/wp-content\/uploads\/2020\/07\/sg-ov-02-11.jpg\" alt=\"\" width=\"114\" height=\"56\" srcset=\"https:\/\/www.topohvar.at\/wp-content\/uploads\/2020\/07\/sg-ov-02-11.jpg 1080w, https:\/\/www.topohvar.at\/wp-content\/uploads\/2020\/07\/sg-ov-02-11-300x147.jpg 300w, https:\/\/www.topohvar.at\/wp-content\/uploads\/2020\/07\/sg-ov-02-11-1024x503.jpg 1024w, https:\/\/www.topohvar.at\/wp-content\/uploads\/2020\/07\/sg-ov-02-11-768x377.jpg 768w\" sizes=\"auto, (max-width: 114px) 100vw, 114px\" \/><\/a>Objekt \u00bbMali park \u010cardin\u00ab<br \/>\n<\/strong>SG-OV-02 \/ Stari Grad, Riva<\/p>\n<p><strong><a href=\"https:\/\/www.topohvar.at\/orte\/sg\/sg-ov-03-2\/\"><img loading=\"lazy\" decoding=\"async\" class=\"alignleft wp-image-51880\" src=\"https:\/\/www.topohvar.at\/wp-content\/uploads\/2021\/09\/sg-ov-03-1.jpg\" alt=\"\" width=\"114\" height=\"56\" srcset=\"https:\/\/www.topohvar.at\/wp-content\/uploads\/2021\/09\/sg-ov-03-1.jpg 1080w, https:\/\/www.topohvar.at\/wp-content\/uploads\/2021\/09\/sg-ov-03-1-300x147.jpg 300w, https:\/\/www.topohvar.at\/wp-content\/uploads\/2021\/09\/sg-ov-03-1-1024x503.jpg 1024w, https:\/\/www.topohvar.at\/wp-content\/uploads\/2021\/09\/sg-ov-03-1-768x377.jpg 768w\" sizes=\"auto, (max-width: 114px) 100vw, 114px\" \/><\/a>Objekt \u00bbPark kod spomen palim borcima\u00ab<br \/>\n<\/strong>SG-OV-03 \/ Stari Grad, Obala Hrvatskih Branitelja<\/p>\n<p><strong><a href=\"https:\/\/www.topohvar.at\/orte\/sg\/sg-ok-01-1\/\"><img loading=\"lazy\" decoding=\"async\" class=\"alignleft wp-image-41488\" src=\"https:\/\/www.topohvar.at\/wp-content\/uploads\/2020\/09\/sg-ok-01-1.jpg\" alt=\"\" width=\"114\" height=\"56\" srcset=\"https:\/\/www.topohvar.at\/wp-content\/uploads\/2020\/09\/sg-ok-01-1.jpg 1080w, https:\/\/www.topohvar.at\/wp-content\/uploads\/2020\/09\/sg-ok-01-1-300x147.jpg 300w, https:\/\/www.topohvar.at\/wp-content\/uploads\/2020\/09\/sg-ok-01-1-1024x503.jpg 1024w, https:\/\/www.topohvar.at\/wp-content\/uploads\/2020\/09\/sg-ok-01-1-768x377.jpg 768w\" sizes=\"auto, (max-width: 114px) 100vw, 114px\" \/><\/a>Objekt \u00bbKamp Jurjevac\u00ab<br \/>\n<\/strong>SG-OK-01 \/ Stari Grad, Ul. Kod Svete Mandaline 9<\/p>\n<p><strong><a href=\"https:\/\/www.topohvar.at\/orte\/sg\/sg-on-01-1\/\"><img loading=\"lazy\" decoding=\"async\" class=\"alignleft wp-image-51878\" src=\"https:\/\/www.topohvar.at\/wp-content\/uploads\/2021\/09\/sg-on-01-1.jpg\" alt=\"\" width=\"114\" height=\"56\" srcset=\"https:\/\/www.topohvar.at\/wp-content\/uploads\/2021\/09\/sg-on-01-1.jpg 1080w, https:\/\/www.topohvar.at\/wp-content\/uploads\/2021\/09\/sg-on-01-1-300x147.jpg 300w, https:\/\/www.topohvar.at\/wp-content\/uploads\/2021\/09\/sg-on-01-1-1024x503.jpg 1024w, https:\/\/www.topohvar.at\/wp-content\/uploads\/2021\/09\/sg-on-01-1-768x377.jpg 768w\" sizes=\"auto, (max-width: 114px) 100vw, 114px\" \/><\/a>Objekt \u00bbNogometno igrali\u0161te Dolci\u00ab<br \/>\n<\/strong>SG-ON-01 \/ Duolci, Stari Grad, Ulica Petra Kre\u0161imira IV \/ Put Rudine<\/p>\n<p><strong><a href=\"https:\/\/www.topohvar.at\/orte\/sg\/sg-on-02-1\/\"><img loading=\"lazy\" decoding=\"async\" class=\"alignleft wp-image-46936\" src=\"https:\/\/www.topohvar.at\/wp-content\/uploads\/2021\/03\/sg-on-02-1.jpg\" alt=\"\" width=\"114\" height=\"56\" srcset=\"https:\/\/www.topohvar.at\/wp-content\/uploads\/2021\/03\/sg-on-02-1.jpg 1080w, https:\/\/www.topohvar.at\/wp-content\/uploads\/2021\/03\/sg-on-02-1-300x147.jpg 300w, https:\/\/www.topohvar.at\/wp-content\/uploads\/2021\/03\/sg-on-02-1-1024x503.jpg 1024w, https:\/\/www.topohvar.at\/wp-content\/uploads\/2021\/03\/sg-on-02-1-768x377.jpg 768w\" sizes=\"auto, (max-width: 114px) 100vw, 114px\" \/><\/a>Objekt \u00bbBalote Put Rudine\u00ab<br \/>\n<\/strong>SG-ON-02 \/ Duolci, Stari Grad \/ Put Rudine<\/p>\n<p><strong><a href=\"https:\/\/www.topohvar.at\/orte\/sg\/sg-on-03-1\/\"><img loading=\"lazy\" decoding=\"async\" class=\"alignleft wp-image-48349\" src=\"https:\/\/www.topohvar.at\/wp-content\/uploads\/2021\/04\/sg-on-03-11.jpg\" alt=\"\" width=\"114\" height=\"56\" srcset=\"https:\/\/www.topohvar.at\/wp-content\/uploads\/2021\/04\/sg-on-03-11.jpg 1080w, https:\/\/www.topohvar.at\/wp-content\/uploads\/2021\/04\/sg-on-03-11-300x147.jpg 300w, https:\/\/www.topohvar.at\/wp-content\/uploads\/2021\/04\/sg-on-03-11-1024x503.jpg 1024w, https:\/\/www.topohvar.at\/wp-content\/uploads\/2021\/04\/sg-on-03-11-768x377.jpg 768w\" sizes=\"auto, (max-width: 114px) 100vw, 114px\" \/><\/a>Objekt \u00bbBalote \u0160iberija\u00ab<br \/>\n<\/strong>SG-ON-03 \/ Stari Grad, Ulica \u0160iberija<\/p>\n<p><strong><a href=\"https:\/\/www.topohvar.at\/orte\/sg\/sg-on-04-1\/\"><img loading=\"lazy\" decoding=\"async\" class=\"alignleft wp-image-51861\" src=\"https:\/\/www.topohvar.at\/wp-content\/uploads\/2021\/09\/sg-on-04-1.jpg\" alt=\"\" width=\"114\" height=\"56\" srcset=\"https:\/\/www.topohvar.at\/wp-content\/uploads\/2021\/09\/sg-on-04-1.jpg 1080w, https:\/\/www.topohvar.at\/wp-content\/uploads\/2021\/09\/sg-on-04-1-300x147.jpg 300w, https:\/\/www.topohvar.at\/wp-content\/uploads\/2021\/09\/sg-on-04-1-1024x503.jpg 1024w, https:\/\/www.topohvar.at\/wp-content\/uploads\/2021\/09\/sg-on-04-1-768x377.jpg 768w\" sizes=\"auto, (max-width: 114px) 100vw, 114px\" \/><\/a>Objekt \u00bbDje\u010dje igrali\u0161te\u00ab<br \/>\n<\/strong>SG-ON-04 \/ Stari Grad, Park Vorba<\/p>\n<p><strong><a href=\"https:\/\/www.topohvar.at\/orte\/sg\/sg-on-05-1\/\"><img loading=\"lazy\" decoding=\"async\" class=\"alignleft wp-image-51864\" src=\"https:\/\/www.topohvar.at\/wp-content\/uploads\/2021\/09\/sg-on-05-1.jpg\" alt=\"\" width=\"114\" height=\"56\" srcset=\"https:\/\/www.topohvar.at\/wp-content\/uploads\/2021\/09\/sg-on-05-1.jpg 1080w, https:\/\/www.topohvar.at\/wp-content\/uploads\/2021\/09\/sg-on-05-1-300x147.jpg 300w, https:\/\/www.topohvar.at\/wp-content\/uploads\/2021\/09\/sg-on-05-1-1024x503.jpg 1024w, https:\/\/www.topohvar.at\/wp-content\/uploads\/2021\/09\/sg-on-05-1-768x377.jpg 768w\" sizes=\"auto, (max-width: 114px) 100vw, 114px\" \/><\/a>Objekt \u00bbOprema za fitnes\u00ab<br \/>\n<\/strong>SG-ON-05 \/ Stari Grad, Park Vorba<\/p>\n<hr \/>\n<p><strong><a href=\"https:\/\/www.topohvar.at\/orte\/sg\/sg-og-01-2\/\"><img loading=\"lazy\" decoding=\"async\" class=\"alignleft wp-image-3791\" src=\"https:\/\/www.topohvar.at\/wp-content\/uploads\/2018\/08\/sg-og-01-1-1024x503.jpg\" alt=\"\" width=\"114\" height=\"56\" srcset=\"https:\/\/www.topohvar.at\/wp-content\/uploads\/2018\/08\/sg-og-01-1-1024x503.jpg 1024w, https:\/\/www.topohvar.at\/wp-content\/uploads\/2018\/08\/sg-og-01-1-300x147.jpg 300w, https:\/\/www.topohvar.at\/wp-content\/uploads\/2018\/08\/sg-og-01-1-768x377.jpg 768w\" sizes=\"auto, (max-width: 114px) 100vw, 114px\" \/><\/a>Objekt \u00bbGradsko groblje\u00ab<br \/>\n<\/strong>SG-OG-01 \/ Stari Grad, Vukovarska cesta<\/p>\n<p style=\"text-align: right;\"><span style=\"color: #3366ff;\"><a style=\"color: #3366ff;\" href=\"#seite_oben\">natrag na vrh \/ Seitenanfang<\/a><\/span><\/p>\n<p><a name=\"td\"><\/a><\/p>\n<hr \/>\n<h2><strong><span style=\"color: #ff0000;\">Utvrde \/ Festungen<\/span><\/strong><\/h2>\n<p><strong><a href=\"https:\/\/www.topohvar.at\/orte\/sg\/sg-td-01-1\/\"><img loading=\"lazy\" decoding=\"async\" class=\"alignleft wp-image-4187\" src=\"https:\/\/www.topohvar.at\/wp-content\/uploads\/2018\/08\/SG-TD-01-0-1024x503.jpg\" alt=\"\" width=\"114\" height=\"56\" srcset=\"https:\/\/www.topohvar.at\/wp-content\/uploads\/2018\/08\/SG-TD-01-0-1024x503.jpg 1024w, https:\/\/www.topohvar.at\/wp-content\/uploads\/2018\/08\/SG-TD-01-0-300x147.jpg 300w, https:\/\/www.topohvar.at\/wp-content\/uploads\/2018\/08\/SG-TD-01-0-768x377.jpg 768w, https:\/\/www.topohvar.at\/wp-content\/uploads\/2018\/08\/SG-TD-01-0.jpg 1080w\" sizes=\"auto, (max-width: 114px) 100vw, 114px\" \/><\/a>Biv\u0161a tvr\u0111ava \u00bbTvrdalj Petra Hektorovi\u0107a\u00ab<br \/>\n<\/strong>SG-TD-01\/ Stari Grad, Trg Trvdalja Petra Hektorovi\u0107a 11-13<\/p>\n<p style=\"text-align: right;\"><a href=\"#seite_oben\"><span style=\"color: #3366ff;\">natrag na vrh \/ Seitenanfang<\/span><\/a><\/p>\n<p><a name=\"tg\"><\/a><\/p>\n<hr \/>\n<h2><strong><span style=\"color: #ff0000;\">Gra\u0111evine \/ Geb\u00e4ude<\/span><\/strong><\/h2>\n<p><strong><a href=\"https:\/\/www.topohvar.at\/orte\/sg\/sg-tg-26-1\/\"><img loading=\"lazy\" decoding=\"async\" class=\"alignleft wp-image-4233\" src=\"https:\/\/www.topohvar.at\/wp-content\/uploads\/2018\/08\/sg-tg-26-0-1024x503.jpg\" alt=\"\" width=\"114\" height=\"56\" srcset=\"https:\/\/www.topohvar.at\/wp-content\/uploads\/2018\/08\/sg-tg-26-0-1024x503.jpg 1024w, https:\/\/www.topohvar.at\/wp-content\/uploads\/2018\/08\/sg-tg-26-0-300x147.jpg 300w, https:\/\/www.topohvar.at\/wp-content\/uploads\/2018\/08\/sg-tg-26-0-768x377.jpg 768w, https:\/\/www.topohvar.at\/wp-content\/uploads\/2018\/08\/sg-tg-26-0.jpg 1080w\" sizes=\"auto, (max-width: 114px) 100vw, 114px\" \/><\/a>Javna zgrada \u00bbGradska vije\u0107nica\u00ab<br \/>\n<\/strong>SG-TG-26 \/ Stari Grad, Novo Riva 3<\/p>\n<p><strong><a href=\"https:\/\/www.topohvar.at\/orte\/sg\/sg-tg-36-1\/\"><img loading=\"lazy\" decoding=\"async\" class=\"alignleft wp-image-37520\" src=\"https:\/\/www.topohvar.at\/wp-content\/uploads\/2020\/05\/sg-tg-36-6-300x147.jpg\" alt=\"\" width=\"114\" height=\"56\" srcset=\"https:\/\/www.topohvar.at\/wp-content\/uploads\/2020\/05\/sg-tg-36-6-300x147.jpg 300w, https:\/\/www.topohvar.at\/wp-content\/uploads\/2020\/05\/sg-tg-36-6-1024x503.jpg 1024w, https:\/\/www.topohvar.at\/wp-content\/uploads\/2020\/05\/sg-tg-36-6-768x377.jpg 768w, https:\/\/www.topohvar.at\/wp-content\/uploads\/2020\/05\/sg-tg-36-6.jpg 1080w\" sizes=\"auto, (max-width: 114px) 100vw, 114px\" \/><\/a>Javna zgrada \u00bbGradska \u010ditaonica\u00ab<br \/>\n<\/strong>SG-TG-36 \/ Stari Grad, Novo Riva 2<\/p>\n<p><strong><a href=\"https:\/\/www.topohvar.at\/orte\/sg\/sg-tg-38-1\/\"><img loading=\"lazy\" decoding=\"async\" class=\"alignleft wp-image-38879\" src=\"https:\/\/www.topohvar.at\/wp-content\/uploads\/2020\/07\/sg-tg-38-1.jpg\" alt=\"\" width=\"114\" height=\"56\" srcset=\"https:\/\/www.topohvar.at\/wp-content\/uploads\/2020\/07\/sg-tg-38-1.jpg 1080w, https:\/\/www.topohvar.at\/wp-content\/uploads\/2020\/07\/sg-tg-38-1-300x147.jpg 300w, https:\/\/www.topohvar.at\/wp-content\/uploads\/2020\/07\/sg-tg-38-1-1024x503.jpg 1024w, https:\/\/www.topohvar.at\/wp-content\/uploads\/2020\/07\/sg-tg-38-1-768x377.jpg 768w\" sizes=\"auto, (max-width: 114px) 100vw, 114px\" \/><\/a>Javna zgrada \u00bbStarogradski dom\u00ab<br \/>\n<\/strong>SG-TG-38 \/ Stari Grad, Novo Riva 4<\/p>\n<p><strong><a href=\"https:\/\/www.topohvar.at\/orte\/sg\/sg-tg-44-1\/\"><img loading=\"lazy\" decoding=\"async\" class=\"alignleft wp-image-61764\" src=\"https:\/\/www.topohvar.at\/wp-content\/uploads\/2022\/11\/sg-tg-44-11-300x147.jpg\" alt=\"\" width=\"114\" height=\"56\" srcset=\"https:\/\/www.topohvar.at\/wp-content\/uploads\/2022\/11\/sg-tg-44-11-300x147.jpg 300w, https:\/\/www.topohvar.at\/wp-content\/uploads\/2022\/11\/sg-tg-44-11-1024x503.jpg 1024w, https:\/\/www.topohvar.at\/wp-content\/uploads\/2022\/11\/sg-tg-44-11-768x377.jpg 768w, https:\/\/www.topohvar.at\/wp-content\/uploads\/2022\/11\/sg-tg-44-11.jpg 1080w\" sizes=\"auto, (max-width: 114px) 100vw, 114px\" \/><\/a>Javna zgrada \u00bbLu\u010dka Kapetalija Split\u00ab<br \/>\n<\/strong>SG-TG-44 \/ Stari Grad, \u0160etali\u0161te slikara J. Plan\u010di\u0107a 1<\/p>\n<p><strong><a href=\"https:\/\/www.topohvar.at\/orte\/sg\/sg-tg-29-1\/\"><img loading=\"lazy\" decoding=\"async\" class=\"alignleft wp-image-4236\" src=\"https:\/\/www.topohvar.at\/wp-content\/uploads\/2018\/08\/sg-tg-29-0-1024x503.jpg\" alt=\"\" width=\"114\" height=\"56\" srcset=\"https:\/\/www.topohvar.at\/wp-content\/uploads\/2018\/08\/sg-tg-29-0-1024x503.jpg 1024w, https:\/\/www.topohvar.at\/wp-content\/uploads\/2018\/08\/sg-tg-29-0-300x147.jpg 300w, https:\/\/www.topohvar.at\/wp-content\/uploads\/2018\/08\/sg-tg-29-0-768x377.jpg 768w, https:\/\/www.topohvar.at\/wp-content\/uploads\/2018\/08\/sg-tg-29-0.jpg 1080w\" sizes=\"auto, (max-width: 114px) 100vw, 114px\" \/><\/a>Javna zgrada \u00bbOsnovna \u0161kola\u00ab<br \/>\n<\/strong>SG-TG-29 \/ Stari Grad, Obala Dr. Franjo Tu\u0111mana<\/p>\n<p><strong><a href=\"https:\/\/www.topohvar.at\/orte\/sg\/sg-tg-20-1\/\"><img loading=\"lazy\" decoding=\"async\" class=\"alignleft wp-image-28264\" src=\"https:\/\/www.topohvar.at\/wp-content\/uploads\/2020\/01\/sg-tg-20-1-1024x503.jpg\" alt=\"\" width=\"114\" height=\"56\" srcset=\"https:\/\/www.topohvar.at\/wp-content\/uploads\/2020\/01\/sg-tg-20-1-1024x503.jpg 1024w, https:\/\/www.topohvar.at\/wp-content\/uploads\/2020\/01\/sg-tg-20-1-300x147.jpg 300w, https:\/\/www.topohvar.at\/wp-content\/uploads\/2020\/01\/sg-tg-20-1-768x377.jpg 768w, https:\/\/www.topohvar.at\/wp-content\/uploads\/2020\/01\/sg-tg-20-1.jpg 1100w\" sizes=\"auto, (max-width: 114px) 100vw, 114px\" \/><\/a>Javna zgrada \u00bbbiv\u0161a \u0161kolska zgrada\u00ab<br \/>\n<\/strong>SG-TG-20 \/ Stari Grad, Ulica Pape Ivana Pavla II 3<\/p>\n<p><strong><a href=\"https:\/\/www.topohvar.at\/orte\/sg\/sg-tg-48-1\"><img loading=\"lazy\" decoding=\"async\" class=\"alignleft wp-image-68215\" src=\"https:\/\/www.topohvar.at\/wp-content\/uploads\/2024\/06\/sg-tg-48-1.jpg\" alt=\"\" width=\"114\" height=\"56\" srcset=\"https:\/\/www.topohvar.at\/wp-content\/uploads\/2024\/06\/sg-tg-48-1.jpg 1080w, https:\/\/www.topohvar.at\/wp-content\/uploads\/2024\/06\/sg-tg-48-1-300x147.jpg 300w, https:\/\/www.topohvar.at\/wp-content\/uploads\/2024\/06\/sg-tg-48-1-1024x503.jpg 1024w, https:\/\/www.topohvar.at\/wp-content\/uploads\/2024\/06\/sg-tg-48-1-768x377.jpg 768w\" sizes=\"auto, (max-width: 114px) 100vw, 114px\" \/><\/a>Zgrada \u00bbAGER \u2013 Agencija za upravljarje Starigradskim poljem\u00ab<\/strong><br \/>\nSG-TG-48 \/ Stari Grad, Vukovarska cesta 2<\/p>\n<p><strong><a href=\"https:\/\/www.topohvar.at\/orte\/sg\/sg-tg-34-1\/\"><img loading=\"lazy\" decoding=\"async\" class=\"alignleft wp-image-22442\" src=\"https:\/\/www.topohvar.at\/wp-content\/uploads\/2019\/05\/sg-tg-34-1-1024x503.jpg\" alt=\"\" width=\"114\" height=\"56\" srcset=\"https:\/\/www.topohvar.at\/wp-content\/uploads\/2019\/05\/sg-tg-34-1-1024x503.jpg 1024w, https:\/\/www.topohvar.at\/wp-content\/uploads\/2019\/05\/sg-tg-34-1-300x147.jpg 300w, https:\/\/www.topohvar.at\/wp-content\/uploads\/2019\/05\/sg-tg-34-1-768x377.jpg 768w, https:\/\/www.topohvar.at\/wp-content\/uploads\/2019\/05\/sg-tg-34-1.jpg 1080w\" sizes=\"auto, (max-width: 114px) 100vw, 114px\" \/><\/a>Javna zgrada \u00bbMrtva\u010dnica\u00ab<br \/>\n<\/strong>SG-TG-34 \/ Stari Grad, Vukovarska cesta, groblje<\/p>\n<hr \/>\n<p><strong><a href=\"https:\/\/www.topohvar.at\/orte\/sg\/sg-tg-07-1\/\"><img loading=\"lazy\" decoding=\"async\" class=\"alignleft wp-image-4215\" src=\"https:\/\/www.topohvar.at\/wp-content\/uploads\/2018\/08\/sg-tg-07-0-1024x503.jpg\" alt=\"\" width=\"114\" height=\"56\" srcset=\"https:\/\/www.topohvar.at\/wp-content\/uploads\/2018\/08\/sg-tg-07-0-1024x503.jpg 1024w, https:\/\/www.topohvar.at\/wp-content\/uploads\/2018\/08\/sg-tg-07-0-300x147.jpg 300w, https:\/\/www.topohvar.at\/wp-content\/uploads\/2018\/08\/sg-tg-07-0-768x377.jpg 768w, https:\/\/www.topohvar.at\/wp-content\/uploads\/2018\/08\/sg-tg-07-0.jpg 1080w\" sizes=\"auto, (max-width: 114px) 100vw, 114px\" \/><\/a>Zgrada gospodarske \u00bbBiv\u0161i Eremita\u017e\u00ab<br \/>\n<\/strong>SG-TG-07 \/ Stari Grad, Obala Hrvatskih branitelja 2<\/p>\n<p><strong><a href=\"https:\/\/www.topohvar.at\/orte\/sg\/sg-tg-45-1\/\"><img loading=\"lazy\" decoding=\"async\" class=\"alignleft wp-image-61790\" src=\"https:\/\/www.topohvar.at\/wp-content\/uploads\/2022\/11\/sg-tg-45-10-300x147.jpg\" alt=\"\" width=\"114\" height=\"56\" srcset=\"https:\/\/www.topohvar.at\/wp-content\/uploads\/2022\/11\/sg-tg-45-10-300x147.jpg 300w, https:\/\/www.topohvar.at\/wp-content\/uploads\/2022\/11\/sg-tg-45-10-1024x503.jpg 1024w, https:\/\/www.topohvar.at\/wp-content\/uploads\/2022\/11\/sg-tg-45-10-768x377.jpg 768w, https:\/\/www.topohvar.at\/wp-content\/uploads\/2022\/11\/sg-tg-45-10.jpg 1080w\" sizes=\"auto, (max-width: 114px) 100vw, 114px\" \/><\/a>Zgrada gospodarske \u00bbHotel Helios &#8211; biv\u0161i restoran\u00ab<br \/>\n<\/strong>SG-TG-45 \/ Stari Grad, Obala Hrvatskih branitelja 3<\/p>\n<p><strong><a href=\"https:\/\/www.topohvar.at\/orte\/sg\/sg-tg-41-1\/\"><img loading=\"lazy\" decoding=\"async\" class=\"alignleft wp-image-41256\" src=\"https:\/\/www.topohvar.at\/wp-content\/uploads\/2020\/09\/sg-tg-41-1.jpg\" alt=\"\" width=\"113\" height=\"56\" srcset=\"https:\/\/www.topohvar.at\/wp-content\/uploads\/2020\/09\/sg-tg-41-1.jpg 640w, https:\/\/www.topohvar.at\/wp-content\/uploads\/2020\/09\/sg-tg-41-1-300x148.jpg 300w\" sizes=\"auto, (max-width: 113px) 100vw, 113px\" \/><\/a>Zgrada gospodarske \u00bbArkada Sunny Hotel by Valamar\u00ab<br \/>\n<\/strong>SG-TG-41 \/ Stari Grad, Naselje Helios 5<\/p>\n<p><strong><a href=\"https:\/\/www.topohvar.at\/orte\/sg\/sg-tg-42-1\/\"><img loading=\"lazy\" decoding=\"async\" class=\"alignleft wp-image-41263\" src=\"https:\/\/www.topohvar.at\/wp-content\/uploads\/2020\/09\/sg-tg-42-1.jpg\" alt=\"\" width=\"114\" height=\"56\" srcset=\"https:\/\/www.topohvar.at\/wp-content\/uploads\/2020\/09\/sg-tg-42-1.jpg 1080w, https:\/\/www.topohvar.at\/wp-content\/uploads\/2020\/09\/sg-tg-42-1-300x147.jpg 300w, https:\/\/www.topohvar.at\/wp-content\/uploads\/2020\/09\/sg-tg-42-1-1024x503.jpg 1024w, https:\/\/www.topohvar.at\/wp-content\/uploads\/2020\/09\/sg-tg-42-1-768x377.jpg 768w\" sizes=\"auto, (max-width: 114px) 100vw, 114px\" \/><\/a>Zgrada gospodarske \u00bbHVAR [PLACESBEACH]\u00ab<br \/>\n<\/strong>SG-TG-42 \/ Stari Grad, Naselje Helios<\/p>\n<p><strong><a href=\"https:\/\/www.topohvar.at\/orte\/sg\/sg-tg-17-1\/\"><img loading=\"lazy\" decoding=\"async\" class=\"alignleft wp-image-4223\" src=\"https:\/\/www.topohvar.at\/wp-content\/uploads\/2018\/08\/sg-tg-17-0-1024x503.jpg\" alt=\"\" width=\"114\" height=\"56\" srcset=\"https:\/\/www.topohvar.at\/wp-content\/uploads\/2018\/08\/sg-tg-17-0-1024x503.jpg 1024w, https:\/\/www.topohvar.at\/wp-content\/uploads\/2018\/08\/sg-tg-17-0-300x147.jpg 300w, https:\/\/www.topohvar.at\/wp-content\/uploads\/2018\/08\/sg-tg-17-0-768x377.jpg 768w, https:\/\/www.topohvar.at\/wp-content\/uploads\/2018\/08\/sg-tg-17-0.jpg 1080w\" sizes=\"auto, (max-width: 114px) 100vw, 114px\" \/><\/a>Zgrada gospodarske \u00bbVinarija\u00ab<br \/>\n<\/strong>SG-TG-17 \/ Stari Grad, Put Kri\u017ea 1<\/p>\n<p><strong><a href=\"https:\/\/www.topohvar.at\/orte\/sg\/sg-tg-37-1\/\"><img loading=\"lazy\" decoding=\"async\" class=\"alignleft wp-image-38884\" src=\"https:\/\/www.topohvar.at\/wp-content\/uploads\/2020\/07\/sg-tg-37-11.jpg\" alt=\"\" width=\"114\" height=\"56\" srcset=\"https:\/\/www.topohvar.at\/wp-content\/uploads\/2020\/07\/sg-tg-37-11.jpg 1080w, https:\/\/www.topohvar.at\/wp-content\/uploads\/2020\/07\/sg-tg-37-11-300x147.jpg 300w, https:\/\/www.topohvar.at\/wp-content\/uploads\/2020\/07\/sg-tg-37-11-1024x503.jpg 1024w, https:\/\/www.topohvar.at\/wp-content\/uploads\/2020\/07\/sg-tg-37-11-768x377.jpg 768w\" sizes=\"auto, (max-width: 114px) 100vw, 114px\" \/><\/a>Zgrada gospodarske \u00bbVicka Ljubi\u0107a Tenjete\u00ab<br \/>\n<\/strong>SG-TG-37 \/ Stari Grad, \u00a0Novo Obala Riva 5<\/p>\n<p><strong><a href=\"https:\/\/www.topohvar.at\/orte\/sg\/sg-tg-10-1\/\"><img loading=\"lazy\" decoding=\"async\" class=\"alignleft wp-image-4218\" src=\"https:\/\/www.topohvar.at\/wp-content\/uploads\/2018\/08\/SG-TG-10-0-1024x503.jpg\" alt=\"\" width=\"114\" height=\"56\" srcset=\"https:\/\/www.topohvar.at\/wp-content\/uploads\/2018\/08\/SG-TG-10-0-1024x503.jpg 1024w, https:\/\/www.topohvar.at\/wp-content\/uploads\/2018\/08\/SG-TG-10-0-300x147.jpg 300w, https:\/\/www.topohvar.at\/wp-content\/uploads\/2018\/08\/SG-TG-10-0-768x377.jpg 768w, https:\/\/www.topohvar.at\/wp-content\/uploads\/2018\/08\/SG-TG-10-0.jpg 1080w\" sizes=\"auto, (max-width: 114px) 100vw, 114px\" \/><\/a>Zgrada gospodarske \u00bbVjetrenja\u010da-mlin\u00ab<br \/>\n<\/strong>SG-TG-10 \/\u00a0Stari Grad, \u0160etali\u0161te slikara J. Plan\u010di\u0107a 5<\/p>\n<p><strong><a href=\"https:\/\/www.topohvar.at\/orte\/sg\/sg-tg-40-1\/\"><img loading=\"lazy\" decoding=\"async\" class=\"alignleft wp-image-41253\" src=\"https:\/\/www.topohvar.at\/wp-content\/uploads\/2020\/09\/sg-tg-40-1.jpg\" alt=\"\" width=\"114\" height=\"56\" srcset=\"https:\/\/www.topohvar.at\/wp-content\/uploads\/2020\/09\/sg-tg-40-1.jpg 1080w, https:\/\/www.topohvar.at\/wp-content\/uploads\/2020\/09\/sg-tg-40-1-300x147.jpg 300w, https:\/\/www.topohvar.at\/wp-content\/uploads\/2020\/09\/sg-tg-40-1-1024x503.jpg 1024w, https:\/\/www.topohvar.at\/wp-content\/uploads\/2020\/09\/sg-tg-40-1-768x377.jpg 768w\" sizes=\"auto, (max-width: 114px) 100vw, 114px\" \/><\/a>Zgrada gospodarske \u00bbHotel\u00a0 Antica\u00ab<br \/>\n<\/strong>SG-TG-40 \/ Stari Grad, Trajektno pristani\u0161te 3<\/p>\n<p><strong><a href=\"https:\/\/www.topohvar.at\/orte\/sg\/sg-tg-43-1\/\"><img loading=\"lazy\" decoding=\"async\" class=\"alignleft wp-image-48373\" src=\"https:\/\/www.topohvar.at\/wp-content\/uploads\/2021\/04\/sg-tg-43-3.jpg\" alt=\"\" width=\"114\" height=\"56\" srcset=\"https:\/\/www.topohvar.at\/wp-content\/uploads\/2021\/04\/sg-tg-43-3.jpg 1080w, https:\/\/www.topohvar.at\/wp-content\/uploads\/2021\/04\/sg-tg-43-3-300x147.jpg 300w, https:\/\/www.topohvar.at\/wp-content\/uploads\/2021\/04\/sg-tg-43-3-1024x503.jpg 1024w, https:\/\/www.topohvar.at\/wp-content\/uploads\/2021\/04\/sg-tg-43-3-768x377.jpg 768w\" sizes=\"auto, (max-width: 114px) 100vw, 114px\" \/><\/a>Zgrada gospodarske \u00bbHotel\u00a0 Maslina (Maslina Resort)\u00ab<br \/>\n<\/strong>SG-TG-43 \/ Stari Grad, Maslenica<\/p>\n<p><strong><a href=\"https:\/\/www.topohvar.at\/orte\/sg\/sg-tg-23-1\/\"><img loading=\"lazy\" decoding=\"async\" class=\"alignleft wp-image-4229\" src=\"https:\/\/www.topohvar.at\/wp-content\/uploads\/2018\/08\/sg-tg-23-0-1024x503.jpg\" alt=\"\" width=\"114\" height=\"56\" srcset=\"https:\/\/www.topohvar.at\/wp-content\/uploads\/2018\/08\/sg-tg-23-0-1024x503.jpg 1024w, https:\/\/www.topohvar.at\/wp-content\/uploads\/2018\/08\/sg-tg-23-0-300x147.jpg 300w, https:\/\/www.topohvar.at\/wp-content\/uploads\/2018\/08\/sg-tg-23-0-768x377.jpg 768w, https:\/\/www.topohvar.at\/wp-content\/uploads\/2018\/08\/sg-tg-23-0.jpg 1080w\" sizes=\"auto, (max-width: 114px) 100vw, 114px\" \/><\/a>Zgrada gospodarske \u00bbRibarnica\u00ab<br \/>\n<\/strong>SG-TG-23 \/ Stari Grad, Trg Stjepana Radi\u0107a<\/p>\n<hr \/>\n<p><strong><a href=\"https:\/\/www.topohvar.at\/orte\/sg\/sg-tg-03-1\/\"><img loading=\"lazy\" decoding=\"async\" class=\"alignleft wp-image-4211\" src=\"https:\/\/www.topohvar.at\/wp-content\/uploads\/2018\/08\/SG-TG-03-0-1024x503.jpg\" alt=\"\" width=\"113\" height=\"55\" srcset=\"https:\/\/www.topohvar.at\/wp-content\/uploads\/2018\/08\/SG-TG-03-0-1024x503.jpg 1024w, https:\/\/www.topohvar.at\/wp-content\/uploads\/2018\/08\/SG-TG-03-0-300x147.jpg 300w, https:\/\/www.topohvar.at\/wp-content\/uploads\/2018\/08\/SG-TG-03-0-768x377.jpg 768w, https:\/\/www.topohvar.at\/wp-content\/uploads\/2018\/08\/SG-TG-03-0.jpg 1080w\" sizes=\"auto, (max-width: 113px) 100vw, 113px\" \/><\/a>Pala\u010da \u00bbBijankini\u00ab<br \/>\n<\/strong>SG-TG-03 \/\u00a0Stari Grad, Bra\u010de Biankini 2<\/p>\n<p><strong><a href=\"https:\/\/www.topohvar.at\/orte\/sg\/sg-tg-08-1\/\"><img loading=\"lazy\" decoding=\"async\" class=\"alignleft wp-image-4216\" src=\"https:\/\/www.topohvar.at\/wp-content\/uploads\/2018\/08\/sg-tg-08-0-1024x503.jpg\" alt=\"\" width=\"114\" height=\"56\" srcset=\"https:\/\/www.topohvar.at\/wp-content\/uploads\/2018\/08\/sg-tg-08-0-1024x503.jpg 1024w, https:\/\/www.topohvar.at\/wp-content\/uploads\/2018\/08\/sg-tg-08-0-300x147.jpg 300w, https:\/\/www.topohvar.at\/wp-content\/uploads\/2018\/08\/sg-tg-08-0-768x377.jpg 768w, https:\/\/www.topohvar.at\/wp-content\/uploads\/2018\/08\/sg-tg-08-0.jpg 1080w\" sizes=\"auto, (max-width: 114px) 100vw, 114px\" \/><\/a>Ku\u0107a \u00bbLjetnikovac Hanibal Lu\u010di\u0107a\u00ab<br \/>\n<\/strong>SG-TG-08 \/ Stari Grad, Biskupija 7<\/p>\n<p><strong><a href=\"https:\/\/www.topohvar.at\/orte\/sg\/sg-tg-19-1\/\"><img loading=\"lazy\" decoding=\"async\" class=\"alignleft wp-image-4225\" src=\"https:\/\/www.topohvar.at\/wp-content\/uploads\/2018\/08\/SG-TG-19-0-1024x503.jpg\" alt=\"\" width=\"114\" height=\"56\" srcset=\"https:\/\/www.topohvar.at\/wp-content\/uploads\/2018\/08\/SG-TG-19-0-1024x503.jpg 1024w, https:\/\/www.topohvar.at\/wp-content\/uploads\/2018\/08\/SG-TG-19-0-300x147.jpg 300w, https:\/\/www.topohvar.at\/wp-content\/uploads\/2018\/08\/SG-TG-19-0-768x377.jpg 768w, https:\/\/www.topohvar.at\/wp-content\/uploads\/2018\/08\/SG-TG-19-0.jpg 1080w\" sizes=\"auto, (max-width: 114px) 100vw, 114px\" \/><\/a>Ku\u0107a \u00bbRodna ku\u0107a Jordan Mihovil Zaninovi\u0107a\u00ab<br \/>\n<\/strong>SG-TG-19 \/ Stari Grad, Konvenat 3<\/p>\n<p><strong><a href=\"https:\/\/www.topohvar.at\/orte\/sg\/sg-tg-09-1\/\"><img loading=\"lazy\" decoding=\"async\" class=\"alignleft wp-image-4217\" src=\"https:\/\/www.topohvar.at\/wp-content\/uploads\/2018\/08\/sg-tg-09-0-1024x503.jpg\" alt=\"\" width=\"114\" height=\"56\" srcset=\"https:\/\/www.topohvar.at\/wp-content\/uploads\/2018\/08\/sg-tg-09-0-1024x503.jpg 1024w, https:\/\/www.topohvar.at\/wp-content\/uploads\/2018\/08\/sg-tg-09-0-300x147.jpg 300w, https:\/\/www.topohvar.at\/wp-content\/uploads\/2018\/08\/sg-tg-09-0-768x377.jpg 768w, https:\/\/www.topohvar.at\/wp-content\/uploads\/2018\/08\/sg-tg-09-0.jpg 1080w\" sizes=\"auto, (max-width: 114px) 100vw, 114px\" \/><\/a>Ku\u0107a \u00bbLikorova\u00ab<br \/>\n<\/strong>SG-TG-09 \/ Stari Grad, Na sjevernim padinama Purkin Kuka<\/p>\n<p><strong><a href=\"https:\/\/www.topohvar.at\/orte\/sg\/sg-tg-47-1\"><img loading=\"lazy\" decoding=\"async\" class=\"alignleft wp-image-68257\" src=\"https:\/\/www.topohvar.at\/wp-content\/uploads\/2024\/06\/sg-tg-47-1.jpg\" alt=\"\" width=\"114\" height=\"56\" srcset=\"https:\/\/www.topohvar.at\/wp-content\/uploads\/2024\/06\/sg-tg-47-1.jpg 1080w, https:\/\/www.topohvar.at\/wp-content\/uploads\/2024\/06\/sg-tg-47-1-300x147.jpg 300w, https:\/\/www.topohvar.at\/wp-content\/uploads\/2024\/06\/sg-tg-47-1-1024x503.jpg 1024w, https:\/\/www.topohvar.at\/wp-content\/uploads\/2024\/06\/sg-tg-47-1-768x377.jpg 768w\" sizes=\"auto, (max-width: 114px) 100vw, 114px\" \/><\/a>Ladanjska ku\u0107a \u00bbOstoji\u0107a\u00ab<\/strong><br \/>\nSG-TG-47 \/ Stari Grad, Torjun, ju\u017eno od crkve sv. Nikole<\/p>\n<p><strong><a href=\"https:\/\/www.topohvar.at\/orte\/sg\/sg-tg-01-1\/\"><img loading=\"lazy\" decoding=\"async\" class=\"alignleft wp-image-4209\" src=\"https:\/\/www.topohvar.at\/wp-content\/uploads\/2018\/08\/SG-TG-01-0-1024x503.jpg\" alt=\"\" width=\"114\" height=\"56\" srcset=\"https:\/\/www.topohvar.at\/wp-content\/uploads\/2018\/08\/SG-TG-01-0-1024x503.jpg 1024w, https:\/\/www.topohvar.at\/wp-content\/uploads\/2018\/08\/SG-TG-01-0-300x147.jpg 300w, https:\/\/www.topohvar.at\/wp-content\/uploads\/2018\/08\/SG-TG-01-0-768x377.jpg 768w, https:\/\/www.topohvar.at\/wp-content\/uploads\/2018\/08\/SG-TG-01-0.jpg 1080w\" sizes=\"auto, (max-width: 114px) 100vw, 114px\" \/><\/a>Ku\u0107a \u00bbMaslinovik\u00ab<br \/>\n<\/strong>SG-TG-01 \/ Stari Grad, Polje, Maslinovik<\/p>\n<p><strong><a href=\"https:\/\/www.topohvar.at\/orte\/sg\/sg-tg-02-1\/\"><img loading=\"lazy\" decoding=\"async\" class=\"alignleft wp-image-4210\" src=\"https:\/\/www.topohvar.at\/wp-content\/uploads\/2018\/08\/SG-TG-02-0-1024x503.jpg\" alt=\"\" width=\"114\" height=\"56\" srcset=\"https:\/\/www.topohvar.at\/wp-content\/uploads\/2018\/08\/SG-TG-02-0-1024x503.jpg 1024w, https:\/\/www.topohvar.at\/wp-content\/uploads\/2018\/08\/SG-TG-02-0-300x147.jpg 300w, https:\/\/www.topohvar.at\/wp-content\/uploads\/2018\/08\/SG-TG-02-0-768x377.jpg 768w, https:\/\/www.topohvar.at\/wp-content\/uploads\/2018\/08\/SG-TG-02-0.jpg 1080w\" sizes=\"auto, (max-width: 114px) 100vw, 114px\" \/><\/a>Ku\u0107a \u00bbDinko Pavi\u010di\u0107 (Ra\u0161nik)\u00ab<br \/>\n<\/strong>SG-TG-02 \/\u00a0Stari Grad, Polje, Ra\u0161nik<\/p>\n<p><strong><a href=\"https:\/\/www.topohvar.at\/orte\/sg\/sg-tg-04-1\/\"><img loading=\"lazy\" decoding=\"async\" class=\"alignleft wp-image-4212\" src=\"https:\/\/www.topohvar.at\/wp-content\/uploads\/2018\/08\/sg-tg-04-0-1024x503.jpg\" alt=\"\" width=\"114\" height=\"56\" srcset=\"https:\/\/www.topohvar.at\/wp-content\/uploads\/2018\/08\/sg-tg-04-0-1024x503.jpg 1024w, https:\/\/www.topohvar.at\/wp-content\/uploads\/2018\/08\/sg-tg-04-0-300x147.jpg 300w, https:\/\/www.topohvar.at\/wp-content\/uploads\/2018\/08\/sg-tg-04-0-768x377.jpg 768w, https:\/\/www.topohvar.at\/wp-content\/uploads\/2018\/08\/sg-tg-04-0.jpg 1080w\" sizes=\"auto, (max-width: 114px) 100vw, 114px\" \/><\/a>Ku\u0107a \u00bbDon \u0160ime Ljubi\u0107\u00ab<br \/>\n<\/strong>SG-TG-04 \/ Stari Grad, \u0160etali\u0161te don \u0160ime Lubi\u0107a 7<\/p>\n<p><strong><a href=\"https:\/\/www.topohvar.at\/orte\/sg\/sg-tg-05-1\/\"><img loading=\"lazy\" decoding=\"async\" class=\"alignleft wp-image-4213\" src=\"https:\/\/www.topohvar.at\/wp-content\/uploads\/2018\/08\/SG-TG-05-0-1024x503.jpg\" alt=\"\" width=\"114\" height=\"56\" srcset=\"https:\/\/www.topohvar.at\/wp-content\/uploads\/2018\/08\/SG-TG-05-0-1024x503.jpg 1024w, https:\/\/www.topohvar.at\/wp-content\/uploads\/2018\/08\/SG-TG-05-0-300x147.jpg 300w, https:\/\/www.topohvar.at\/wp-content\/uploads\/2018\/08\/SG-TG-05-0-768x377.jpg 768w, https:\/\/www.topohvar.at\/wp-content\/uploads\/2018\/08\/SG-TG-05-0.jpg 1080w\" sizes=\"auto, (max-width: 114px) 100vw, 114px\" \/><\/a>Ku\u0107a \u00bbRodna ku\u0107a Jurja Plan\u010di\u0107a\u00ab<br \/>\n<\/strong>SG-TG-05 \/ Stari Grad, \u0160etali\u0161te slikara J. Plan\u010di\u0107a 1<\/p>\n<p><strong><a href=\"https:\/\/www.topohvar.at\/orte\/sg\/sg-tg-46-1\/\"><img loading=\"lazy\" decoding=\"async\" class=\"alignleft wp-image-62880\" src=\"https:\/\/www.topohvar.at\/wp-content\/uploads\/2023\/06\/sg-tg-46-2.jpg\" alt=\"\" width=\"114\" height=\"56\" srcset=\"https:\/\/www.topohvar.at\/wp-content\/uploads\/2023\/06\/sg-tg-46-2.jpg 1080w, https:\/\/www.topohvar.at\/wp-content\/uploads\/2023\/06\/sg-tg-46-2-300x147.jpg 300w, https:\/\/www.topohvar.at\/wp-content\/uploads\/2023\/06\/sg-tg-46-2-1024x503.jpg 1024w, https:\/\/www.topohvar.at\/wp-content\/uploads\/2023\/06\/sg-tg-46-2-768x377.jpg 768w\" sizes=\"auto, (max-width: 114px) 100vw, 114px\" \/><\/a>Ku\u0107a \u00bbKu\u0107a iz 19. st.\u00ab<br \/>\n<\/strong>SG-TG-46 \/ Stari Grad, \u0160etali\u0161te slikara J. Plan\u010di\u0107a 3<\/p>\n<p><strong><a href=\"https:\/\/www.topohvar.at\/orte\/sg\/sg-tg-12-1\/\"><img loading=\"lazy\" decoding=\"async\" class=\"alignleft wp-image-4238\" src=\"https:\/\/www.topohvar.at\/wp-content\/uploads\/2018\/08\/SG-TG-12-0-1024x503.jpg\" alt=\"\" width=\"114\" height=\"56\" srcset=\"https:\/\/www.topohvar.at\/wp-content\/uploads\/2018\/08\/SG-TG-12-0-1024x503.jpg 1024w, https:\/\/www.topohvar.at\/wp-content\/uploads\/2018\/08\/SG-TG-12-0-300x147.jpg 300w, https:\/\/www.topohvar.at\/wp-content\/uploads\/2018\/08\/SG-TG-12-0-768x377.jpg 768w, https:\/\/www.topohvar.at\/wp-content\/uploads\/2018\/08\/SG-TG-12-0.jpg 1080w\" sizes=\"auto, (max-width: 114px) 100vw, 114px\" \/><\/a>Ku\u0107a \u00bbRodna ku\u0107a Ivana Lu\u010di\u0107 Lav\u010devi\u0107a\u00ab<br \/>\n<\/strong>SG-TG-12 \/ Stari Grad, \u0160iberija 19<\/p>\n<p><strong><img loading=\"lazy\" decoding=\"async\" class=\"alignleft wp-image-29132\" src=\"https:\/\/www.topohvar.at\/wp-content\/uploads\/2020\/01\/sg-tg-06-11-300x147.jpg\" alt=\"\" width=\"114\" height=\"56\" srcset=\"https:\/\/www.topohvar.at\/wp-content\/uploads\/2020\/01\/sg-tg-06-11-300x147.jpg 300w, https:\/\/www.topohvar.at\/wp-content\/uploads\/2020\/01\/sg-tg-06-11-768x377.jpg 768w, https:\/\/www.topohvar.at\/wp-content\/uploads\/2020\/01\/sg-tg-06-11-1024x503.jpg 1024w, https:\/\/www.topohvar.at\/wp-content\/uploads\/2020\/01\/sg-tg-06-11.jpg 1080w\" sizes=\"auto, (max-width: 114px) 100vw, 114px\" \/>Ku\u0107a \u00bbSklop ku\u0107a Bervaldi Gelineo\u00ab<br \/>\n<\/strong>SG-TG-06 \/ Stari Grad, Ulica Ru\u0111era Bo\u0161kovi\u0107a<\/p>\n<p><strong><a href=\"https:\/\/www.topohvar.at\/orte\/sg\/sg-tg-39-1\/\"><img loading=\"lazy\" decoding=\"async\" class=\"alignleft wp-image-38808\" src=\"https:\/\/www.topohvar.at\/wp-content\/uploads\/2020\/07\/sg-tg-39-1.jpg\" alt=\"\" width=\"114\" height=\"56\" srcset=\"https:\/\/www.topohvar.at\/wp-content\/uploads\/2020\/07\/sg-tg-39-1.jpg 1080w, https:\/\/www.topohvar.at\/wp-content\/uploads\/2020\/07\/sg-tg-39-1-300x147.jpg 300w, https:\/\/www.topohvar.at\/wp-content\/uploads\/2020\/07\/sg-tg-39-1-1024x503.jpg 1024w, https:\/\/www.topohvar.at\/wp-content\/uploads\/2020\/07\/sg-tg-39-1-768x377.jpg 768w\" sizes=\"auto, (max-width: 114px) 100vw, 114px\" \/><\/a>Ku\u0107a \u00bbDuolnjo Kola 1\u00ab<br \/>\n<\/strong>SG-TG-39 \/ Stari Grad, Duolnjo Kola 1<\/p>\n<p><strong><a href=\"https:\/\/www.topohvar.at\/orte\/sg\/sg-tg-18-1\/\"><img loading=\"lazy\" decoding=\"async\" class=\"alignleft wp-image-4224\" src=\"https:\/\/www.topohvar.at\/wp-content\/uploads\/2018\/08\/SG-TG-18-0-1024x503.jpg\" alt=\"\" width=\"114\" height=\"56\" srcset=\"https:\/\/www.topohvar.at\/wp-content\/uploads\/2018\/08\/SG-TG-18-0-1024x503.jpg 1024w, https:\/\/www.topohvar.at\/wp-content\/uploads\/2018\/08\/SG-TG-18-0-300x147.jpg 300w, https:\/\/www.topohvar.at\/wp-content\/uploads\/2018\/08\/SG-TG-18-0-768x377.jpg 768w, https:\/\/www.topohvar.at\/wp-content\/uploads\/2018\/08\/SG-TG-18-0.jpg 1080w\" sizes=\"auto, (max-width: 114px) 100vw, 114px\" \/><\/a>Ku\u0107a \u00bbRodna ku\u0107a \u0160ime Ljubi\u0107a\u00ab<br \/>\n<\/strong>SG-TG-18 \/ Stari Grad, Srinjo Kola 3<\/p>\n<p><strong><a href=\"https:\/\/www.topohvar.at\/orte\/sg\/sg-tg-15-1\/\"><img loading=\"lazy\" decoding=\"async\" class=\"alignleft wp-image-4221\" src=\"https:\/\/www.topohvar.at\/wp-content\/uploads\/2018\/08\/sg-tg-15-0-1024x503.jpg\" alt=\"\" width=\"114\" height=\"56\" srcset=\"https:\/\/www.topohvar.at\/wp-content\/uploads\/2018\/08\/sg-tg-15-0-1024x503.jpg 1024w, https:\/\/www.topohvar.at\/wp-content\/uploads\/2018\/08\/sg-tg-15-0-300x147.jpg 300w, https:\/\/www.topohvar.at\/wp-content\/uploads\/2018\/08\/sg-tg-15-0-768x377.jpg 768w, https:\/\/www.topohvar.at\/wp-content\/uploads\/2018\/08\/sg-tg-15-0.jpg 1080w\" sizes=\"auto, (max-width: 114px) 100vw, 114px\" \/><\/a>Ku\u0107a \u00bbLjetnikovac Gariboldi\u00ab<br \/>\n<\/strong>SG-TG-15 \/\u00a0Stari Grad, Srinjo Kola 18<\/p>\n<p><strong><a href=\"https:\/\/www.topohvar.at\/orte\/sg\/sg-tg-25-1\/\"><img loading=\"lazy\" decoding=\"async\" class=\"alignleft wp-image-4232\" src=\"https:\/\/www.topohvar.at\/wp-content\/uploads\/2018\/08\/SG-TG-25-0-1024x503.jpg\" alt=\"\" width=\"114\" height=\"56\" srcset=\"https:\/\/www.topohvar.at\/wp-content\/uploads\/2018\/08\/SG-TG-25-0-1024x503.jpg 1024w, https:\/\/www.topohvar.at\/wp-content\/uploads\/2018\/08\/SG-TG-25-0-300x147.jpg 300w, https:\/\/www.topohvar.at\/wp-content\/uploads\/2018\/08\/SG-TG-25-0-768x377.jpg 768w, https:\/\/www.topohvar.at\/wp-content\/uploads\/2018\/08\/SG-TG-25-0.jpg 1080w\" sizes=\"auto, (max-width: 114px) 100vw, 114px\" \/><\/a>Ku\u0107a \u00bbRanogoti\u010dka ku\u0107a\u00ab<br \/>\n<\/strong>SG-TG-25 \/ Stari Grad, Srinjo Kola 33<\/p>\n<p><strong><a href=\"https:\/\/www.topohvar.at\/orte\/sg\/sg-tg-27-1\/\"><img loading=\"lazy\" decoding=\"async\" class=\"alignleft wp-image-4234\" src=\"https:\/\/www.topohvar.at\/wp-content\/uploads\/2018\/08\/sg-tg-27-0-1024x503.jpg\" alt=\"\" width=\"114\" height=\"56\" srcset=\"https:\/\/www.topohvar.at\/wp-content\/uploads\/2018\/08\/sg-tg-27-0-1024x503.jpg 1024w, https:\/\/www.topohvar.at\/wp-content\/uploads\/2018\/08\/sg-tg-27-0-300x147.jpg 300w, https:\/\/www.topohvar.at\/wp-content\/uploads\/2018\/08\/sg-tg-27-0-768x377.jpg 768w, https:\/\/www.topohvar.at\/wp-content\/uploads\/2018\/08\/sg-tg-27-0.jpg 1080w\" sizes=\"auto, (max-width: 114px) 100vw, 114px\" \/><\/a>Ku\u0107a \u00bbCvjetka \u0160karpe 1\u00ab<br \/>\n<\/strong>SG-TG-27 \/\u00a0Stari Grad, Ulica Cvjetka \u0160karpe 1<\/p>\n<p><strong><a href=\"https:\/\/www.topohvar.at\/orte\/sg\/sg-tg-24-1\/\"><img loading=\"lazy\" decoding=\"async\" class=\"alignleft wp-image-4231\" src=\"https:\/\/www.topohvar.at\/wp-content\/uploads\/2018\/08\/sg-tg-24-0-1024x503.jpg\" alt=\"\" width=\"114\" height=\"56\" srcset=\"https:\/\/www.topohvar.at\/wp-content\/uploads\/2018\/08\/sg-tg-24-0-1024x503.jpg 1024w, https:\/\/www.topohvar.at\/wp-content\/uploads\/2018\/08\/sg-tg-24-0-300x147.jpg 300w, https:\/\/www.topohvar.at\/wp-content\/uploads\/2018\/08\/sg-tg-24-0-768x377.jpg 768w, https:\/\/www.topohvar.at\/wp-content\/uploads\/2018\/08\/sg-tg-24-0.jpg 1080w\" sizes=\"auto, (max-width: 114px) 100vw, 114px\" \/><\/a>Ku\u0107a \u00bbKanonika Plan\u010di\u0107\u00ab<br \/>\n<\/strong>SG -TG-24 \/ Stari Grad,\u00a0Ulica P. Ivana Pavla II. 5<\/p>\n<p><strong><a href=\"https:\/\/www.topohvar.at\/orte\/sg\/sg-tg-30-1\/\"><img loading=\"lazy\" decoding=\"async\" class=\"alignleft wp-image-4237\" src=\"https:\/\/www.topohvar.at\/wp-content\/uploads\/2018\/08\/sg-tg-30-0-1024x503.jpg\" alt=\"\" width=\"114\" height=\"56\" srcset=\"https:\/\/www.topohvar.at\/wp-content\/uploads\/2018\/08\/sg-tg-30-0-1024x503.jpg 1024w, https:\/\/www.topohvar.at\/wp-content\/uploads\/2018\/08\/sg-tg-30-0-300x147.jpg 300w, https:\/\/www.topohvar.at\/wp-content\/uploads\/2018\/08\/sg-tg-30-0-768x377.jpg 768w, https:\/\/www.topohvar.at\/wp-content\/uploads\/2018\/08\/sg-tg-30-0.jpg 1080w\" sizes=\"auto, (max-width: 114px) 100vw, 114px\" \/><\/a>Ku\u0107a \u00bbLjetnikovac Botteri\u00ab<br \/>\n<\/strong>SG-TG-30 \/ Stari Grad, Ulica Petra Kun\u010di\u0107a<\/p>\n<p><strong><a href=\"https:\/\/www.topohvar.at\/orte\/sg\/sg-tg-22-1\/\"><img loading=\"lazy\" decoding=\"async\" class=\"alignleft wp-image-4228\" src=\"https:\/\/www.topohvar.at\/wp-content\/uploads\/2018\/08\/SG-TG-22-0-1024x503.jpg\" alt=\"\" width=\"114\" height=\"56\" srcset=\"https:\/\/www.topohvar.at\/wp-content\/uploads\/2018\/08\/SG-TG-22-0-1024x503.jpg 1024w, https:\/\/www.topohvar.at\/wp-content\/uploads\/2018\/08\/SG-TG-22-0-300x147.jpg 300w, https:\/\/www.topohvar.at\/wp-content\/uploads\/2018\/08\/SG-TG-22-0-768x377.jpg 768w, https:\/\/www.topohvar.at\/wp-content\/uploads\/2018\/08\/SG-TG-22-0.jpg 1080w\" sizes=\"auto, (max-width: 114px) 100vw, 114px\" \/><\/a>Ku\u0107a \u00bbUlica Petra Nizitea 4\u00ab<br \/>\n<\/strong>SG-TG-22 \/\u00a0Stari Grad, Ulica Petra Nizitea 4<\/p>\n<p><strong><a href=\"https:\/\/www.topohvar.at\/orte\/sg\/sg-tg-16-1\/\"><img loading=\"lazy\" decoding=\"async\" class=\"alignleft wp-image-4222\" src=\"https:\/\/www.topohvar.at\/wp-content\/uploads\/2018\/08\/SG-TG-16-0-1024x503.jpg\" alt=\"\" width=\"114\" height=\"56\" srcset=\"https:\/\/www.topohvar.at\/wp-content\/uploads\/2018\/08\/SG-TG-16-0-1024x503.jpg 1024w, https:\/\/www.topohvar.at\/wp-content\/uploads\/2018\/08\/SG-TG-16-0-300x147.jpg 300w, https:\/\/www.topohvar.at\/wp-content\/uploads\/2018\/08\/SG-TG-16-0-768x377.jpg 768w, https:\/\/www.topohvar.at\/wp-content\/uploads\/2018\/08\/SG-TG-16-0.jpg 1080w\" sizes=\"auto, (max-width: 114px) 100vw, 114px\" \/><\/a>Ku\u0107a \u00bbLjetnikovac Ivani\u0107-Fazani\u0107\u00ab<br \/>\n<\/strong>SG-TG-16 \/ Stari Grad, Ulica Petra Scutteri 5<\/p>\n<p><strong><a href=\"https:\/\/www.topohvar.at\/orte\/sg\/sg-tg-14-1\/\"><img loading=\"lazy\" decoding=\"async\" class=\"alignleft wp-image-4220\" src=\"https:\/\/www.topohvar.at\/wp-content\/uploads\/2018\/08\/SG-TG-14-0-1024x503.jpg\" alt=\"\" width=\"114\" height=\"56\" srcset=\"https:\/\/www.topohvar.at\/wp-content\/uploads\/2018\/08\/SG-TG-14-0-1024x503.jpg 1024w, https:\/\/www.topohvar.at\/wp-content\/uploads\/2018\/08\/SG-TG-14-0-300x147.jpg 300w, https:\/\/www.topohvar.at\/wp-content\/uploads\/2018\/08\/SG-TG-14-0-768x377.jpg 768w, https:\/\/www.topohvar.at\/wp-content\/uploads\/2018\/08\/SG-TG-14-0.jpg 1080w\" sizes=\"auto, (max-width: 114px) 100vw, 114px\" \/><\/a>Ku\u010da \u00bbScutteri\u00ab<br \/>\n<\/strong>SG-TG-14 \/ Stari Grad, Ulica Petra Scutteri 9<\/p>\n<p><strong><a href=\"https:\/\/www.topohvar.at\/orte\/sg\/sg-tg-21-1\/\"><img loading=\"lazy\" decoding=\"async\" class=\"alignleft wp-image-4227\" src=\"https:\/\/www.topohvar.at\/wp-content\/uploads\/2018\/08\/SG-TG-21-0-1024x503.jpg\" alt=\"\" width=\"114\" height=\"56\" srcset=\"https:\/\/www.topohvar.at\/wp-content\/uploads\/2018\/08\/SG-TG-21-0-1024x503.jpg 1024w, https:\/\/www.topohvar.at\/wp-content\/uploads\/2018\/08\/SG-TG-21-0-300x147.jpg 300w, https:\/\/www.topohvar.at\/wp-content\/uploads\/2018\/08\/SG-TG-21-0-768x377.jpg 768w, https:\/\/www.topohvar.at\/wp-content\/uploads\/2018\/08\/SG-TG-21-0.jpg 1080w\" sizes=\"auto, (max-width: 114px) 100vw, 114px\" \/><\/a>Ku\u0107a \u00bbPrvi glazbena \u0161kola\u00ab<br \/>\n<\/strong>SG-TG-21 \/ Stari Grad, Ulica Ru\u0111era Bo\u0161kovi\u0107a 5<\/p>\n<p><strong><a href=\"https:\/\/www.topohvar.at\/orte\/sg\/sg-tg-13-1\/\"><img loading=\"lazy\" decoding=\"async\" class=\"alignleft wp-image-31620\" src=\"https:\/\/www.topohvar.at\/wp-content\/uploads\/2020\/02\/sg-tg-13-1.jpg\" alt=\"\" width=\"113\" height=\"56\" srcset=\"https:\/\/www.topohvar.at\/wp-content\/uploads\/2020\/02\/sg-tg-13-1.jpg 640w, https:\/\/www.topohvar.at\/wp-content\/uploads\/2020\/02\/sg-tg-13-1-300x148.jpg 300w\" sizes=\"auto, (max-width: 113px) 100vw, 113px\" \/><\/a>Ku\u0107a \u00bbKompleks Franetovi\u0107 (ranije Bu\u010di\u0107-Machiedo)\u00ab<br \/>\n<\/strong>SG-TG-13 \/\u00a0Stari Grad, Duolnjo Kola \/ Ulica Dinka Politea<\/p>\n<p><strong><a href=\"https:\/\/www.topohvar.at\/orte\/sg\/sg-tg-33-1\/\"><img loading=\"lazy\" decoding=\"async\" class=\"alignleft wp-image-387 size-full\" src=\"https:\/\/www.topohvar.at\/wp-content\/uploads\/2018\/07\/00-00-00-1.jpg\" alt=\"\" width=\"114\" height=\"56\" \/><\/a>Ku\u0107a \u00bbLjetnikovac \u017duveti\u0107\u00ab<br \/>\n<\/strong>SG-TG-33 \/ Stari Grad, &#8211;<\/p>\n<p><strong><a href=\"https:\/\/www.topohvar.at\/orte\/sg\/sg-tg-31-1\/\"><img loading=\"lazy\" decoding=\"async\" class=\"alignleft wp-image-387 size-full\" src=\"https:\/\/www.topohvar.at\/wp-content\/uploads\/2018\/07\/00-00-00-1.jpg\" alt=\"\" width=\"114\" height=\"56\" \/><\/a>Ku\u0107a \u00bbPoliteo\u00ab<br \/>\n<\/strong>SG-TG-31 \/\u00a0Stari Grad, &#8211;<\/p>\n<p><strong><a href=\"https:\/\/www.topohvar.at\/orte\/sg\/sg-tg-32-1\/\"><img loading=\"lazy\" decoding=\"async\" class=\"alignleft wp-image-387 size-full\" src=\"https:\/\/www.topohvar.at\/wp-content\/uploads\/2018\/07\/00-00-00-1.jpg\" alt=\"\" width=\"114\" height=\"56\" \/><\/a>Ku\u0107a \u00bbVrankovi\u0107-Cari\u0107\u00ab<br \/>\n<\/strong>SG-TG-32 \/ Stari Grad, Trg Stjepana Radi\u0107a \/\u00a0Trg \u0160kor<\/p>\n<p><strong><a href=\"https:\/\/www.topohvar.at\/orte\/sg\/sg-tg-35-1\/\"><img loading=\"lazy\" decoding=\"async\" class=\"alignleft wp-image-25238\" src=\"https:\/\/www.topohvar.at\/wp-content\/uploads\/2019\/12\/sg-tg-34-1-150x150.jpg\" alt=\"\" width=\"114\" height=\"58\" srcset=\"https:\/\/www.topohvar.at\/wp-content\/uploads\/2019\/12\/sg-tg-34-1-300x153.jpg 300w, https:\/\/www.topohvar.at\/wp-content\/uploads\/2019\/12\/sg-tg-34-1-768x393.jpg 768w, https:\/\/www.topohvar.at\/wp-content\/uploads\/2019\/12\/sg-tg-34-1-1024x524.jpg 1024w, https:\/\/www.topohvar.at\/wp-content\/uploads\/2019\/12\/sg-tg-34-1.jpg 1228w\" sizes=\"auto, (max-width: 114px) 100vw, 114px\" \/><\/a>Ku\u0107a \u00bbRodna ku\u0107a Jurja \u0160karpe\u00ab<br \/>\n<\/strong>SG-TG-35 \/ Stari Grad, Trg Jurja \u0160karpe<\/p>\n<p style=\"text-align: right;\"><span style=\"color: #3366ff;\"><a style=\"color: #3366ff;\" href=\"#seite_oben\">natrag na vrh \/ Seitenanfang<\/a><\/span><\/p>\n<p><a name=\"op\"><\/a><\/p>\n<hr \/>\n<h2><strong><span style=\"color: #ff0000;\">Bunar i to\u010dka vode \/ Brunnen und Wasserstellen<\/span><\/strong><\/h2>\n<p><strong><a href=\"https:\/\/www.topohvar.at\/orte\/sg\/sg-op-00-1\/\"><img loading=\"lazy\" decoding=\"async\" class=\"alignleft wp-image-45793 size-full\" src=\"https:\/\/www.topohvar.at\/wp-content\/uploads\/2020\/11\/raster1.jpg\" alt=\"\" width=\"114\" height=\"56\" \/><\/a>Popis cisterni i bunara<br \/>\n<\/strong>Stari Grad<\/p>\n<p><strong><a href=\"https:\/\/www.topohvar.at\/orte\/sg\/sg-op-00-0\/\"><img loading=\"lazy\" decoding=\"async\" class=\"alignleft wp-image-63217\" src=\"https:\/\/www.topohvar.at\/wp-content\/uploads\/2023\/06\/sg-op-00-a.jpg\" alt=\"\" width=\"114\" height=\"109\" \/><\/a>Bunari, cisterne i to\u010dke za vodu \u2013 detaljno<br \/>\n<\/strong>SG-OP-01 \/ SG-OP-NC, Stari Grad<\/p>\n<hr \/>\n<p><strong><a href=\"https:\/\/www.topohvar.at\/orte\/sg\/sg-op-01-2\/\"><img loading=\"lazy\" decoding=\"async\" class=\"alignleft wp-image-3792\" src=\"https:\/\/www.topohvar.at\/wp-content\/uploads\/2018\/08\/SG-OP-01-1-1024x503.jpg\" alt=\"\" width=\"114\" height=\"56\" srcset=\"https:\/\/www.topohvar.at\/wp-content\/uploads\/2018\/08\/SG-OP-01-1-1024x503.jpg 1024w, https:\/\/www.topohvar.at\/wp-content\/uploads\/2018\/08\/SG-OP-01-1-300x147.jpg 300w, https:\/\/www.topohvar.at\/wp-content\/uploads\/2018\/08\/SG-OP-01-1-768x377.jpg 768w\" sizes=\"auto, (max-width: 114px) 100vw, 114px\" \/><\/a>Objekt \u00bbBunar (01), Okov izvora\u00ab<br \/>\n<\/strong>SG-OP-01 \/ Stari Grad, Put Kri\u017ea 1<\/p>\n<p><strong><a href=\"https:\/\/www.topohvar.at\/orte\/sg\/sg-op-15-1\/\"><img loading=\"lazy\" decoding=\"async\" class=\"alignleft wp-image-38856\" src=\"https:\/\/www.topohvar.at\/wp-content\/uploads\/2020\/07\/sg-op-15-1.jpg\" alt=\"\" width=\"114\" height=\"56\" srcset=\"https:\/\/www.topohvar.at\/wp-content\/uploads\/2020\/07\/sg-op-15-1.jpg 1080w, https:\/\/www.topohvar.at\/wp-content\/uploads\/2020\/07\/sg-op-15-1-300x147.jpg 300w, https:\/\/www.topohvar.at\/wp-content\/uploads\/2020\/07\/sg-op-15-1-1024x503.jpg 1024w, https:\/\/www.topohvar.at\/wp-content\/uploads\/2020\/07\/sg-op-15-1-768x377.jpg 768w\" sizes=\"auto, (max-width: 114px) 100vw, 114px\" \/><\/a>Objekt \u00bbBunar (15), Gradska fontana\u00ab<br \/>\n<\/strong>SG-OP-15 \/ Stari Grad, Put Kri\u017ea 1<\/p>\n<p><strong><a href=\"https:\/\/www.topohvar.at\/orte\/sg\/sg-op-ja-1\/\"><img loading=\"lazy\" decoding=\"async\" class=\"alignleft wp-image-63114\" src=\"https:\/\/www.topohvar.at\/wp-content\/uploads\/2023\/06\/sg-op-ja-1-300x147.jpg\" alt=\"\" width=\"114\" height=\"56\" srcset=\"https:\/\/www.topohvar.at\/wp-content\/uploads\/2023\/06\/sg-op-ja-1-300x147.jpg 300w, https:\/\/www.topohvar.at\/wp-content\/uploads\/2023\/06\/sg-op-ja-1-1024x503.jpg 1024w, https:\/\/www.topohvar.at\/wp-content\/uploads\/2023\/06\/sg-op-ja-1-768x377.jpg 768w, https:\/\/www.topohvar.at\/wp-content\/uploads\/2023\/06\/sg-op-ja-1.jpg 1080w\" sizes=\"auto, (max-width: 114px) 100vw, 114px\" \/><\/a>Objekt \u00bbGustirna (JA)\u00ab<br \/>\n<\/strong>SG-OP-JA \/ Stari Grad, Vukovarska cesta<\/p>\n<p><strong><a href=\"https:\/\/www.topohvar.at\/orte\/sg\/sg-op-16-1\/\"><img loading=\"lazy\" decoding=\"async\" class=\"alignleft wp-image-38862\" src=\"https:\/\/www.topohvar.at\/wp-content\/uploads\/2020\/07\/sg-op-16-1.jpg\" alt=\"\" width=\"114\" height=\"56\" srcset=\"https:\/\/www.topohvar.at\/wp-content\/uploads\/2020\/07\/sg-op-16-1.jpg 1080w, https:\/\/www.topohvar.at\/wp-content\/uploads\/2020\/07\/sg-op-16-1-300x147.jpg 300w, https:\/\/www.topohvar.at\/wp-content\/uploads\/2020\/07\/sg-op-16-1-1024x503.jpg 1024w, https:\/\/www.topohvar.at\/wp-content\/uploads\/2020\/07\/sg-op-16-1-768x377.jpg 768w\" sizes=\"auto, (max-width: 114px) 100vw, 114px\" \/><\/a>Objekt \u00bbBunar (16), Gradska fontana\u00ab<br \/>\n<\/strong>SG-OP-16 \/ Stari Grad, Put bana Josipa Jela\u010di\u0107a<\/p>\n<p><strong><a href=\"https:\/\/www.topohvar.at\/orte\/sg\/sg-op-02-2\/\"><img loading=\"lazy\" decoding=\"async\" class=\"alignleft wp-image-3793\" src=\"https:\/\/www.topohvar.at\/wp-content\/uploads\/2018\/08\/sg-op-02-1-1024x503.jpg\" alt=\"\" width=\"114\" height=\"56\" srcset=\"https:\/\/www.topohvar.at\/wp-content\/uploads\/2018\/08\/sg-op-02-1-1024x503.jpg 1024w, https:\/\/www.topohvar.at\/wp-content\/uploads\/2018\/08\/sg-op-02-1-300x147.jpg 300w, https:\/\/www.topohvar.at\/wp-content\/uploads\/2018\/08\/sg-op-02-1-768x377.jpg 768w\" sizes=\"auto, (max-width: 114px) 100vw, 114px\" \/><\/a>Objekt \u00bbBunar (02), Kameni brod\u00ab<br \/>\n<\/strong>SG-OP-02 \/ Stari Grad, Torjun, \u017dardin<\/p>\n<p><strong><a href=\"https:\/\/www.topohvar.at\/topo\/orte\/sg\/sg-op-kh-1\/\"><img loading=\"lazy\" decoding=\"async\" class=\"alignleft wp-image-68270\" src=\"https:\/\/www.topohvar.at\/wp-content\/uploads\/2024\/06\/sg-op-1k-1-300x147.jpg\" alt=\"\" width=\"114\" height=\"56\" srcset=\"https:\/\/www.topohvar.at\/wp-content\/uploads\/2024\/06\/sg-op-1k-1-300x147.jpg 300w, https:\/\/www.topohvar.at\/wp-content\/uploads\/2024\/06\/sg-op-1k-1-1024x503.jpg 1024w, https:\/\/www.topohvar.at\/wp-content\/uploads\/2024\/06\/sg-op-1k-1-768x377.jpg 768w, https:\/\/www.topohvar.at\/wp-content\/uploads\/2024\/06\/sg-op-1k-1.jpg 1080w\" sizes=\"auto, (max-width: 114px) 100vw, 114px\" \/><\/a>Objekt \u00bbGustirna (KH)\u00ab<br \/>\n<\/strong>SG-OP-KH \/ Stari Grad, Torjun<\/p>\n<p><strong><a href=\"https:\/\/www.topohvar.at\/orte\/sg\/sg-op-03-2\/\"><img loading=\"lazy\" decoding=\"async\" class=\"alignleft wp-image-3794\" src=\"https:\/\/www.topohvar.at\/wp-content\/uploads\/2018\/08\/sg-op-03-1-1024x503.jpg\" alt=\"\" width=\"114\" height=\"56\" srcset=\"https:\/\/www.topohvar.at\/wp-content\/uploads\/2018\/08\/sg-op-03-1-1024x503.jpg 1024w, https:\/\/www.topohvar.at\/wp-content\/uploads\/2018\/08\/sg-op-03-1-300x147.jpg 300w, https:\/\/www.topohvar.at\/wp-content\/uploads\/2018\/08\/sg-op-03-1-768x377.jpg 768w\" sizes=\"auto, (max-width: 114px) 100vw, 114px\" \/><\/a>Objekt \u00bbBunar (03) Gr\u010dki bunar\u00ab<br \/>\n<\/strong>SG-OP-03 \/\u00a0Stari Grad, Ulica Pere Ljubi\u0107a<\/p>\n<p><strong><a href=\"https:\/\/www.topohvar.at\/orte\/sg\/sg-op-11-2\/\"><img loading=\"lazy\" decoding=\"async\" class=\"alignleft wp-image-38851\" src=\"https:\/\/www.topohvar.at\/wp-content\/uploads\/2020\/07\/sg-op-11-11.jpg\" alt=\"\" width=\"114\" height=\"56\" srcset=\"https:\/\/www.topohvar.at\/wp-content\/uploads\/2020\/07\/sg-op-11-11.jpg 1080w, https:\/\/www.topohvar.at\/wp-content\/uploads\/2020\/07\/sg-op-11-11-300x147.jpg 300w, https:\/\/www.topohvar.at\/wp-content\/uploads\/2020\/07\/sg-op-11-11-1024x503.jpg 1024w, https:\/\/www.topohvar.at\/wp-content\/uploads\/2020\/07\/sg-op-11-11-768x377.jpg 768w\" sizes=\"auto, (max-width: 114px) 100vw, 114px\" \/><\/a>Objekt \u00bbGustirna (11), Rekonstrukcija gustirne\u00ab<br \/>\n<\/strong>SG-OP-11 \/ Stari Grad, Molo Selo, ulica Mate Doman\u010di\u0107a<\/p>\n<p><strong><a href=\"https:\/\/www.topohvar.at\/orte\/sg\/sg-op-04-2\/\"><img loading=\"lazy\" decoding=\"async\" class=\"alignleft wp-image-3803\" src=\"https:\/\/www.topohvar.at\/wp-content\/uploads\/2018\/08\/sg-op-04-1-1024x503.jpg\" alt=\"\" width=\"114\" height=\"56\" srcset=\"https:\/\/www.topohvar.at\/wp-content\/uploads\/2018\/08\/sg-op-04-1-1024x503.jpg 1024w, https:\/\/www.topohvar.at\/wp-content\/uploads\/2018\/08\/sg-op-04-1-300x147.jpg 300w, https:\/\/www.topohvar.at\/wp-content\/uploads\/2018\/08\/sg-op-04-1-768x377.jpg 768w\" sizes=\"auto, (max-width: 114px) 100vw, 114px\" \/><\/a>Objekt \u00bbBunar (04) u vrtu Dominikanaca\u00ab<br \/>\n<\/strong>SG-OP-04 \/ Stari Grad,\u00a0Dominikanski samostan<\/p>\n<p><strong><a href=\"https:\/\/www.topohvar.at\/topo\/orte\/sg\/sg-op-ki-1\/\"><img loading=\"lazy\" decoding=\"async\" class=\"alignleft wp-image-68278\" src=\"https:\/\/www.topohvar.at\/wp-content\/uploads\/2024\/06\/sg-op-1l-1-300x147.jpg\" alt=\"\" width=\"114\" height=\"56\" srcset=\"https:\/\/www.topohvar.at\/wp-content\/uploads\/2024\/06\/sg-op-1l-1-300x147.jpg 300w, https:\/\/www.topohvar.at\/wp-content\/uploads\/2024\/06\/sg-op-1l-1-1024x503.jpg 1024w, https:\/\/www.topohvar.at\/wp-content\/uploads\/2024\/06\/sg-op-1l-1-768x377.jpg 768w, https:\/\/www.topohvar.at\/wp-content\/uploads\/2024\/06\/sg-op-1l-1.jpg 1080w\" sizes=\"auto, (max-width: 114px) 100vw, 114px\" \/><\/a>Objekt \u00bbGustirna (KI) na vrtu Tvrdalja\u00ab<br \/>\n<\/strong>SG-OP-KI \/ Stari Grad, Trg Tvrdalja Petra Hektorovi\u0107a<\/p>\n<p><strong><a href=\"https:\/\/www.topohvar.at\/orte\/sg\/sg-op-08-1\/\"><img loading=\"lazy\" decoding=\"async\" class=\"alignleft wp-image-18805\" src=\"https:\/\/www.topohvar.at\/wp-content\/uploads\/2019\/01\/sg-op-08-1-1024x503.jpg\" alt=\"\" width=\"114\" height=\"56\" srcset=\"https:\/\/www.topohvar.at\/wp-content\/uploads\/2019\/01\/sg-op-08-1-1024x503.jpg 1024w, https:\/\/www.topohvar.at\/wp-content\/uploads\/2019\/01\/sg-op-08-1-300x147.jpg 300w, https:\/\/www.topohvar.at\/wp-content\/uploads\/2019\/01\/sg-op-08-1-768x377.jpg 768w, https:\/\/www.topohvar.at\/wp-content\/uploads\/2019\/01\/sg-op-08-1.jpg 1080w\" sizes=\"auto, (max-width: 114px) 100vw, 114px\" \/><\/a>Objekt \u00bbBunar (08) u ljetnikovca Hanibal Lu\u010di\u0107a\u00ab<br \/>\n<\/strong>SG-OP-08 \/ Stari Grad,\u00a0Biskopija 7<\/p>\n<p><strong><a href=\"https:\/\/www.topohvar.at\/orte\/sg\/sg-op-05-2\/\"><img loading=\"lazy\" decoding=\"async\" class=\"alignleft wp-image-3796\" src=\"https:\/\/www.topohvar.at\/wp-content\/uploads\/2018\/08\/sg-op-05-1-1024x503.jpg\" alt=\"\" width=\"114\" height=\"56\" srcset=\"https:\/\/www.topohvar.at\/wp-content\/uploads\/2018\/08\/sg-op-05-1-1024x503.jpg 1024w, https:\/\/www.topohvar.at\/wp-content\/uploads\/2018\/08\/sg-op-05-1-300x147.jpg 300w, https:\/\/www.topohvar.at\/wp-content\/uploads\/2018\/08\/sg-op-05-1-768x377.jpg 768w\" sizes=\"auto, (max-width: 114px) 100vw, 114px\" \/><\/a>Objekt \u00bbBunar (05) na ribnjaku Tvrdalja\u00ab<br \/>\n<\/strong>SG-OP-05 \/ Stari Grad, Trg Tvrdalja Petra Hektorovi\u0107a<\/p>\n<p><strong><a href=\"https:\/\/www.topohvar.at\/orte\/sg\/sg-op-lf-1\/\"><img loading=\"lazy\" decoding=\"async\" class=\"alignleft wp-image-73250\" src=\"https:\/\/www.topohvar.at\/wp-content\/uploads\/2025\/11\/SG-OP-LF-01-300x147.jpg\" alt=\"\" width=\"114\" height=\"56\" srcset=\"https:\/\/www.topohvar.at\/wp-content\/uploads\/2025\/11\/SG-OP-LF-01-300x147.jpg 300w, https:\/\/www.topohvar.at\/wp-content\/uploads\/2025\/11\/SG-OP-LF-01-1024x503.jpg 1024w, https:\/\/www.topohvar.at\/wp-content\/uploads\/2025\/11\/SG-OP-LF-01-768x377.jpg 768w, https:\/\/www.topohvar.at\/wp-content\/uploads\/2025\/11\/SG-OP-LF-01.jpg 1080w\" sizes=\"auto, (max-width: 114px) 100vw, 114px\" \/><\/a>Objekt \u00bbCisterna (LF) u Tvrdalju\u00ab<br \/>\n<\/strong>SG-OP-LF \/ Stari Grad, Trg Tvrdalja Petra Hektorovi\u0107a<\/p>\n<p><strong data-wp-editing=\"1\"><a href=\"https:\/\/www.topohvar.at\/orte\/sg\/sg-op-lg-1\/\"><img loading=\"lazy\" decoding=\"async\" class=\"alignleft wp-image-73254\" src=\"https:\/\/www.topohvar.at\/wp-content\/uploads\/2025\/11\/SG-OP-LG-01-300x147.jpg\" alt=\"\" width=\"114\" height=\"56\" srcset=\"https:\/\/www.topohvar.at\/wp-content\/uploads\/2025\/11\/SG-OP-LG-01-300x147.jpg 300w, https:\/\/www.topohvar.at\/wp-content\/uploads\/2025\/11\/SG-OP-LG-01-1024x503.jpg 1024w, https:\/\/www.topohvar.at\/wp-content\/uploads\/2025\/11\/SG-OP-LG-01-768x377.jpg 768w, https:\/\/www.topohvar.at\/wp-content\/uploads\/2025\/11\/SG-OP-LG-01.jpg 1080w\" sizes=\"auto, (max-width: 114px) 100vw, 114px\" \/><\/a>Objekt \u00bbCisterna (LG) u Tvrdalju\u00ab<br \/>\n<\/strong>SG-OP-LG \/ Stari Grad, Trg Tvrdalja Petra Hektorovi\u0107a<\/p>\n<p><strong data-wp-editing=\"1\"><a href=\"https:\/\/www.topohvar.at\/orte\/sg\/sg-op-lh-1\/\"><img loading=\"lazy\" decoding=\"async\" class=\"alignleft wp-image-73259\" src=\"https:\/\/www.topohvar.at\/wp-content\/uploads\/2025\/11\/SG-OP-LH-01-300x147.jpg\" alt=\"\" width=\"114\" height=\"56\" srcset=\"https:\/\/www.topohvar.at\/wp-content\/uploads\/2025\/11\/SG-OP-LH-01-300x147.jpg 300w, https:\/\/www.topohvar.at\/wp-content\/uploads\/2025\/11\/SG-OP-LH-01-1024x503.jpg 1024w, https:\/\/www.topohvar.at\/wp-content\/uploads\/2025\/11\/SG-OP-LH-01-768x377.jpg 768w, https:\/\/www.topohvar.at\/wp-content\/uploads\/2025\/11\/SG-OP-LH-01.jpg 1080w\" sizes=\"auto, (max-width: 114px) 100vw, 114px\" \/><\/a>Objekt \u00bbCisterna (LH) u Tvrdalju\u00ab<br \/>\n<\/strong>SG-OP-LH \/ Stari Grad, Trg Tvrdalja Petra Hektorovi\u0107a<\/p>\n<p><strong><a href=\"https:\/\/www.topohvar.at\/orte\/sg\/sg-op-09-1\/\"><img loading=\"lazy\" decoding=\"async\" class=\"alignleft wp-image-24516\" src=\"https:\/\/www.topohvar.at\/wp-content\/uploads\/2019\/10\/sg-op-09-2-300x147.jpg\" alt=\"\" width=\"114\" height=\"56\" srcset=\"https:\/\/www.topohvar.at\/wp-content\/uploads\/2019\/10\/sg-op-09-2-300x147.jpg 300w, https:\/\/www.topohvar.at\/wp-content\/uploads\/2019\/10\/sg-op-09-2-768x377.jpg 768w, https:\/\/www.topohvar.at\/wp-content\/uploads\/2019\/10\/sg-op-09-2-1024x503.jpg 1024w, https:\/\/www.topohvar.at\/wp-content\/uploads\/2019\/10\/sg-op-09-2.jpg 1080w\" sizes=\"auto, (max-width: 114px) 100vw, 114px\" \/><\/a>Objekt \u00bbBunar (09) u vrtu Tvrdalja\u00ab<br \/>\n<\/strong>SG-OP-09 \/ Stari Grad, Trg Tvrdalja Petra Hektorovi\u0107a<\/p>\n<p><strong><a href=\"https:\/\/www.topohvar.at\/orte\/sg\/sg-op-07-1\/\"><img loading=\"lazy\" decoding=\"async\" class=\"alignleft wp-image-13061\" src=\"https:\/\/www.topohvar.at\/wp-content\/uploads\/2018\/10\/sg-in-32-0-1024x503.jpg\" alt=\"\" width=\"114\" height=\"56\" srcset=\"https:\/\/www.topohvar.at\/wp-content\/uploads\/2018\/10\/sg-in-32-0-1024x503.jpg 1024w, https:\/\/www.topohvar.at\/wp-content\/uploads\/2018\/10\/sg-in-32-0-300x147.jpg 300w, https:\/\/www.topohvar.at\/wp-content\/uploads\/2018\/10\/sg-in-32-0-768x377.jpg 768w, https:\/\/www.topohvar.at\/wp-content\/uploads\/2018\/10\/sg-in-32-0.jpg 1080w\" sizes=\"auto, (max-width: 114px) 100vw, 114px\" \/><\/a>Objekt \u00bbBunar (07) u Tvrdalju\u00ab<br \/>\n<\/strong>SG-OP-07 \/ Stari Grad, Trg Tvrdalja Petra Hektorovi\u0107a<\/p>\n<p><strong><a href=\"https:\/\/www.topohvar.at\/orte\/sg\/sg-op-a5-1\/\"><img loading=\"lazy\" decoding=\"async\" class=\"alignleft wp-image-55828\" src=\"https:\/\/www.topohvar.at\/wp-content\/uploads\/2022\/01\/sg-op-a5-1-300x147.jpg\" alt=\"\" width=\"114\" height=\"56\" srcset=\"https:\/\/www.topohvar.at\/wp-content\/uploads\/2022\/01\/sg-op-a5-1-300x147.jpg 300w, https:\/\/www.topohvar.at\/wp-content\/uploads\/2022\/01\/sg-op-a5-1-1024x503.jpg 1024w, https:\/\/www.topohvar.at\/wp-content\/uploads\/2022\/01\/sg-op-a5-1-768x377.jpg 768w, https:\/\/www.topohvar.at\/wp-content\/uploads\/2022\/01\/sg-op-a5-1.jpg 1080w\" sizes=\"auto, (max-width: 114px) 100vw, 114px\" \/><\/a>Objekt \u00bbBazen (A5) na Tvrdalju\u00ab<br \/>\n<\/strong>SG-OP-A5 \/ Stari Grad, Trg Tvrdalja Petra Hektorovi\u0107a<\/p>\n<p><strong><a href=\"https:\/\/www.topohvar.at\/orte\/sg\/sg-op-17-1\/\"><img loading=\"lazy\" decoding=\"async\" class=\"alignleft wp-image-38830\" src=\"https:\/\/www.topohvar.at\/wp-content\/uploads\/2020\/07\/sg-op-17-12.jpg\" alt=\"\" width=\"114\" height=\"56\" srcset=\"https:\/\/www.topohvar.at\/wp-content\/uploads\/2020\/07\/sg-op-17-12.jpg 1080w, https:\/\/www.topohvar.at\/wp-content\/uploads\/2020\/07\/sg-op-17-12-300x147.jpg 300w, https:\/\/www.topohvar.at\/wp-content\/uploads\/2020\/07\/sg-op-17-12-1024x503.jpg 1024w, https:\/\/www.topohvar.at\/wp-content\/uploads\/2020\/07\/sg-op-17-12-768x377.jpg 768w\" sizes=\"auto, (max-width: 114px) 100vw, 114px\" \/><\/a>Objekt \u00bbBunar (17), Kuglasti bunar\u00ab<br \/>\n<\/strong>SG-OP-17 \/ Stari Grad, \u0160etali\u0161te don \u0160ime Lubi\u0107a<\/p>\n<p><strong><a href=\"https:\/\/www.topohvar.at\/orte\/sg\/sg-op-a3-1\/\"><img loading=\"lazy\" decoding=\"async\" class=\"alignleft wp-image-50289\" src=\"https:\/\/www.topohvar.at\/wp-content\/uploads\/2021\/06\/sg-op-a3-1.jpg\" alt=\"\" width=\"114\" height=\"56\" srcset=\"https:\/\/www.topohvar.at\/wp-content\/uploads\/2021\/06\/sg-op-a3-1.jpg 1080w, https:\/\/www.topohvar.at\/wp-content\/uploads\/2021\/06\/sg-op-a3-1-300x147.jpg 300w, https:\/\/www.topohvar.at\/wp-content\/uploads\/2021\/06\/sg-op-a3-1-1024x503.jpg 1024w, https:\/\/www.topohvar.at\/wp-content\/uploads\/2021\/06\/sg-op-a3-1-768x377.jpg 768w\" sizes=\"auto, (max-width: 114px) 100vw, 114px\" \/><\/a>Objekt \u00bbGustirna (A3) kod kamene ku\u0107e\u00ab<br \/>\n<\/strong>SG-OP-A3 \/ Stari Grad, na putu prema U. Mandra\u0107<\/p>\n<p><strong><a href=\"https:\/\/www.topohvar.at\/orte\/sg\/sg-op-JB-1\/\"><img loading=\"lazy\" decoding=\"async\" class=\"alignleft wp-image-63244\" src=\"https:\/\/www.topohvar.at\/wp-content\/uploads\/2023\/06\/sg-op-jb-0-300x147.jpg\" alt=\"\" width=\"114\" height=\"56\" srcset=\"https:\/\/www.topohvar.at\/wp-content\/uploads\/2023\/06\/sg-op-jb-0-300x147.jpg 300w, https:\/\/www.topohvar.at\/wp-content\/uploads\/2023\/06\/sg-op-jb-0.jpg 640w\" sizes=\"auto, (max-width: 114px) 100vw, 114px\" \/><\/a>Objekt \u00bbGustirna (JB) uz trim SG-TR-H4\u00ab<br \/>\n<\/strong>SG-OP-JB \/ Stari Grad, Vrbanjske Rudine, Goba\u0161ko br.<\/p>\n<p><strong><a href=\"https:\/\/www.topohvar.at\/orte\/sg\/sg-op-jh-1\/\"><img loading=\"lazy\" decoding=\"async\" class=\"alignleft wp-image-63335\" src=\"https:\/\/www.topohvar.at\/wp-content\/uploads\/2023\/06\/SG-op-jh-0-300x147.jpg\" alt=\"\" width=\"114\" height=\"56\" srcset=\"https:\/\/www.topohvar.at\/wp-content\/uploads\/2023\/06\/SG-op-jh-0-300x147.jpg 300w, https:\/\/www.topohvar.at\/wp-content\/uploads\/2023\/06\/SG-op-jh-0.jpg 640w\" sizes=\"auto, (max-width: 114px) 100vw, 114px\" \/><\/a>Objekt \u00bbGustirna (JH) uz trim SG-TR-B2\u00ab<br \/>\n<\/strong>SG-OP-JH \/ Stari Grad, Vrbanjske Rudine, Goba\u0161ko br.<\/p>\n<p><strong><a href=\"https:\/\/www.topohvar.at\/orte\/sg\/sg-op-z5-1\/\"><img loading=\"lazy\" decoding=\"async\" class=\"alignleft wp-image-63342\" src=\"https:\/\/www.topohvar.at\/wp-content\/uploads\/2023\/06\/SG-OP-Z5-0-300x148.jpg\" alt=\"\" width=\"112\" height=\"55\" srcset=\"https:\/\/www.topohvar.at\/wp-content\/uploads\/2023\/06\/SG-OP-Z5-0-300x148.jpg 300w, https:\/\/www.topohvar.at\/wp-content\/uploads\/2023\/06\/SG-OP-Z5-0.jpg 640w\" sizes=\"auto, (max-width: 112px) 100vw, 112px\" \/><\/a>Objekt \u00bbGustirna (Z5)\u00ab<br \/>\n<\/strong>SG-OP-Z5 \/ Stari Grad, Polje, Dra\u010device<\/p>\n<p><strong><a href=\"https:\/\/www.topohvar.at\/orte\/sg\/sg-op-a0-1\/\"><img loading=\"lazy\" decoding=\"async\" class=\"alignleft wp-image-50294\" src=\"https:\/\/www.topohvar.at\/wp-content\/uploads\/2021\/06\/sg-op-a0-1.jpg\" alt=\"\" width=\"114\" height=\"56\" srcset=\"https:\/\/www.topohvar.at\/wp-content\/uploads\/2021\/06\/sg-op-a0-1.jpg 1080w, https:\/\/www.topohvar.at\/wp-content\/uploads\/2021\/06\/sg-op-a0-1-300x147.jpg 300w, https:\/\/www.topohvar.at\/wp-content\/uploads\/2021\/06\/sg-op-a0-1-1024x503.jpg 1024w, https:\/\/www.topohvar.at\/wp-content\/uploads\/2021\/06\/sg-op-a0-1-768x377.jpg 768w\" sizes=\"auto, (max-width: 114px) 100vw, 114px\" \/><\/a>Objekt \u00bbGustirna (A0) uz trim SG-TR-60\u00ab<br \/>\n<\/strong>SG-OP-A0 \/ Stari Grad, Vrbanjske Rudine, Goba\u0161ko br.<\/p>\n<p><strong><a href=\"https:\/\/www.topohvar.at\/orte\/sg\/sg-op-a1-1\/\"><img loading=\"lazy\" decoding=\"async\" class=\"alignleft wp-image-50304\" src=\"https:\/\/www.topohvar.at\/wp-content\/uploads\/2021\/06\/sg-op-a1-1.jpg\" alt=\"\" width=\"114\" height=\"56\" srcset=\"https:\/\/www.topohvar.at\/wp-content\/uploads\/2021\/06\/sg-op-a1-1.jpg 1080w, https:\/\/www.topohvar.at\/wp-content\/uploads\/2021\/06\/sg-op-a1-1-300x147.jpg 300w, https:\/\/www.topohvar.at\/wp-content\/uploads\/2021\/06\/sg-op-a1-1-1024x503.jpg 1024w, https:\/\/www.topohvar.at\/wp-content\/uploads\/2021\/06\/sg-op-a1-1-768x377.jpg 768w\" sizes=\"auto, (max-width: 114px) 100vw, 114px\" \/><\/a>Objekt \u00bbGustirna (A1) uz trim SG-TR-22\u00ab<br \/>\n<\/strong>SG-OP-A1 \/ Stari Grad, Vrbanjske Rudine, Goba\u0161ko br.<\/p>\n<p><strong><a href=\"https:\/\/www.topohvar.at\/orte\/sg\/sg-op-kc-1\/\"><img loading=\"lazy\" decoding=\"async\" class=\"alignleft wp-image-71982\" src=\"https:\/\/www.topohvar.at\/wp-content\/uploads\/2025\/05\/sg-op-kc-0-300x147.jpg\" alt=\"\" width=\"114\" height=\"56\" srcset=\"https:\/\/www.topohvar.at\/wp-content\/uploads\/2025\/05\/sg-op-kc-0-300x147.jpg 300w, https:\/\/www.topohvar.at\/wp-content\/uploads\/2025\/05\/sg-op-kc-0-1024x503.jpg 1024w, https:\/\/www.topohvar.at\/wp-content\/uploads\/2025\/05\/sg-op-kc-0-768x377.jpg 768w, https:\/\/www.topohvar.at\/wp-content\/uploads\/2025\/05\/sg-op-kc-0.jpg 1080w\" sizes=\"auto, (max-width: 114px) 100vw, 114px\" \/><\/a>Objekt \u00bbGustirna (KC)\u00ab<br \/>\n<\/strong>SG-OP-KC \/ Stari Grad, Vrbanjske Rudine, Goba\u0161ko br.<\/p>\n<p><strong><a href=\"https:\/\/www.topohvar.at\/orte\/sg\/sg-op-a2-1\/\"><img loading=\"lazy\" decoding=\"async\" class=\"alignleft wp-image-50312\" src=\"https:\/\/www.topohvar.at\/wp-content\/uploads\/2021\/06\/sg-op-a2-1.jpg\" alt=\"\" width=\"114\" height=\"56\" srcset=\"https:\/\/www.topohvar.at\/wp-content\/uploads\/2021\/06\/sg-op-a2-1.jpg 1080w, https:\/\/www.topohvar.at\/wp-content\/uploads\/2021\/06\/sg-op-a2-1-300x147.jpg 300w, https:\/\/www.topohvar.at\/wp-content\/uploads\/2021\/06\/sg-op-a2-1-1024x503.jpg 1024w, https:\/\/www.topohvar.at\/wp-content\/uploads\/2021\/06\/sg-op-a2-1-768x377.jpg 768w\" sizes=\"auto, (max-width: 114px) 100vw, 114px\" \/><\/a>Objekt \u00bbGustirna (A2) uz trim SG-TR-58\u00ab<br \/>\n<\/strong>SG-OP-A2 \/ Stari Grad, Vrbanjske Rudine, Goba\u0161ko br.<\/p>\n<p><strong><a href=\"https:\/\/www.topohvar.at\/orte\/sg\/sg-op-a4-1\/\"><img loading=\"lazy\" decoding=\"async\" class=\"alignleft wp-image-50317\" src=\"https:\/\/www.topohvar.at\/wp-content\/uploads\/2021\/06\/sg-op-a4-1.jpg\" alt=\"\" width=\"114\" height=\"56\" srcset=\"https:\/\/www.topohvar.at\/wp-content\/uploads\/2021\/06\/sg-op-a4-1.jpg 1080w, https:\/\/www.topohvar.at\/wp-content\/uploads\/2021\/06\/sg-op-a4-1-300x147.jpg 300w, https:\/\/www.topohvar.at\/wp-content\/uploads\/2021\/06\/sg-op-a4-1-1024x503.jpg 1024w, https:\/\/www.topohvar.at\/wp-content\/uploads\/2021\/06\/sg-op-a4-1-768x377.jpg 768w\" sizes=\"auto, (max-width: 114px) 100vw, 114px\" \/><\/a>Objekt \u00bbGustirna (A4) uz trim SG-TR-G1\u00ab<br \/>\n<\/strong>SG-OP-A4 \/ Stari Grad, Vrbanjske Rudine, Goba\u0161ko br.<\/p>\n<p><strong><a href=\"https:\/\/www.topohvar.at\/orte\/sg\/sg-op-55-1\/\"><img loading=\"lazy\" decoding=\"async\" class=\"alignleft wp-image-50553\" src=\"https:\/\/www.topohvar.at\/wp-content\/uploads\/2021\/07\/sg-op-55-1.jpg\" alt=\"\" width=\"114\" height=\"56\" srcset=\"https:\/\/www.topohvar.at\/wp-content\/uploads\/2021\/07\/sg-op-55-1.jpg 1080w, https:\/\/www.topohvar.at\/wp-content\/uploads\/2021\/07\/sg-op-55-1-300x147.jpg 300w, https:\/\/www.topohvar.at\/wp-content\/uploads\/2021\/07\/sg-op-55-1-1024x503.jpg 1024w, https:\/\/www.topohvar.at\/wp-content\/uploads\/2021\/07\/sg-op-55-1-768x377.jpg 768w\" sizes=\"auto, (max-width: 114px) 100vw, 114px\" \/><\/a>Objekt \u00bbGustirna (55) uz trim SG-TR-63\u00ab<br \/>\n<\/strong>SG-OP-55\/ Stari Grad, Polje, Dra\u010device<\/p>\n<p><strong><a href=\"https:\/\/www.topohvar.at\/orte\/sg\/sg-op-10-1\/\"><img loading=\"lazy\" decoding=\"async\" class=\"alignleft wp-image-33535\" src=\"https:\/\/www.topohvar.at\/wp-content\/uploads\/2020\/03\/sg-op-10-1-300x147.jpg\" alt=\"\" width=\"114\" height=\"56\" srcset=\"https:\/\/www.topohvar.at\/wp-content\/uploads\/2020\/03\/sg-op-10-1-300x147.jpg 300w, https:\/\/www.topohvar.at\/wp-content\/uploads\/2020\/03\/sg-op-10-1.jpg 640w\" sizes=\"auto, (max-width: 114px) 100vw, 114px\" \/><\/a>Objekt \u00bbVelika gustirna (10) na Maslinoviku\u00ab<br \/>\n<\/strong>SG-OP-10 \/ Stari Grad, Maslinovik<\/p>\n<p><strong><a href=\"https:\/\/www.topohvar.at\/orte\/sg\/sg-op-jd-1\/\"><img loading=\"lazy\" decoding=\"async\" class=\"alignleft wp-image-63262\" src=\"https:\/\/www.topohvar.at\/wp-content\/uploads\/2023\/06\/sg-op-jd-0-300x147.jpg\" alt=\"\" width=\"114\" height=\"56\" srcset=\"https:\/\/www.topohvar.at\/wp-content\/uploads\/2023\/06\/sg-op-jd-0-300x147.jpg 300w, https:\/\/www.topohvar.at\/wp-content\/uploads\/2023\/06\/sg-op-jd-0.jpg 640w\" sizes=\"auto, (max-width: 114px) 100vw, 114px\" \/><\/a>Objekt \u00bbGustirna (JD) uz trim SG-TR-H9\u00ab<br \/>\n<\/strong>SG-OP-JD \/ Stari Grad, Vrbanjske Rudine<\/p>\n<p><strong><a href=\"https:\/\/www.topohvar.at\/orte\/sg\/sg-op-je-1\/\"><img loading=\"lazy\" decoding=\"async\" class=\"alignleft wp-image-63270\" src=\"https:\/\/www.topohvar.at\/wp-content\/uploads\/2023\/06\/sg-op-je-0-300x147.jpg\" alt=\"\" width=\"114\" height=\"56\" srcset=\"https:\/\/www.topohvar.at\/wp-content\/uploads\/2023\/06\/sg-op-je-0-300x147.jpg 300w, https:\/\/www.topohvar.at\/wp-content\/uploads\/2023\/06\/sg-op-je-0.jpg 640w\" sizes=\"auto, (max-width: 114px) 100vw, 114px\" \/><\/a>Objekt \u00bbGustirna (JE) uz trim SG-TR-H9\u00ab<br \/>\n<\/strong>SG-OP-JE \/ Stari Grad, Vrbanjske Rudine<\/p>\n<p><strong><a href=\"https:\/\/www.topohvar.at\/orte\/sg\/sg-op-ii-1\/\"><img loading=\"lazy\" decoding=\"async\" class=\"alignleft wp-image-63280\" src=\"https:\/\/www.topohvar.at\/wp-content\/uploads\/2023\/06\/sg-op-ii-0-300x147.jpg\" alt=\"\" width=\"114\" height=\"56\" srcset=\"https:\/\/www.topohvar.at\/wp-content\/uploads\/2023\/06\/sg-op-ii-0-300x147.jpg 300w, https:\/\/www.topohvar.at\/wp-content\/uploads\/2023\/06\/sg-op-ii-0.jpg 640w\" sizes=\"auto, (max-width: 114px) 100vw, 114px\" \/><\/a>Objekt \u00bbGustirna (II) uz trim SG-TR-H7\u00ab<br \/>\n<\/strong>SG-OP-II \/ Stari Grad, Vrbanjske Rudine<\/p>\n<p><strong><a href=\"https:\/\/www.topohvar.at\/orte\/sg\/sg-op-20-1\/\"><img loading=\"lazy\" decoding=\"async\" class=\"alignleft wp-image-48560\" src=\"https:\/\/www.topohvar.at\/wp-content\/uploads\/2021\/05\/SG-OP-20-1.jpg\" alt=\"\" width=\"114\" height=\"56\" srcset=\"https:\/\/www.topohvar.at\/wp-content\/uploads\/2021\/05\/SG-OP-20-1.jpg 1080w, https:\/\/www.topohvar.at\/wp-content\/uploads\/2021\/05\/SG-OP-20-1-300x147.jpg 300w, https:\/\/www.topohvar.at\/wp-content\/uploads\/2021\/05\/SG-OP-20-1-1024x503.jpg 1024w, https:\/\/www.topohvar.at\/wp-content\/uploads\/2021\/05\/SG-OP-20-1-768x377.jpg 768w\" sizes=\"auto, (max-width: 114px) 100vw, 114px\" \/><\/a>Objekt \u00bbGustirna (20) na Putu Gospocije\u00ab<br \/>\n<\/strong>SG-OP-20 \/ Stari Grad, Put Gospojice<\/p>\n<p><strong><a href=\"https:\/\/www.topohvar.at\/orte\/sg\/sg-op-21-1\/\"><img loading=\"lazy\" decoding=\"async\" class=\"alignleft wp-image-48565\" src=\"https:\/\/www.topohvar.at\/wp-content\/uploads\/2021\/05\/SG-OP-21-1.jpg\" alt=\"\" width=\"114\" height=\"56\" srcset=\"https:\/\/www.topohvar.at\/wp-content\/uploads\/2021\/05\/SG-OP-21-1.jpg 1080w, https:\/\/www.topohvar.at\/wp-content\/uploads\/2021\/05\/SG-OP-21-1-300x147.jpg 300w, https:\/\/www.topohvar.at\/wp-content\/uploads\/2021\/05\/SG-OP-21-1-1024x503.jpg 1024w, https:\/\/www.topohvar.at\/wp-content\/uploads\/2021\/05\/SG-OP-21-1-768x377.jpg 768w\" sizes=\"auto, (max-width: 114px) 100vw, 114px\" \/><\/a>Objekt \u00bbGustirna (21) na Putu Gospocije\u00ab<br \/>\n<\/strong>SG-OP-21 \/ Stari Grad, Put Gospojice<\/p>\n<p><strong><a href=\"https:\/\/www.topohvar.at\/orte\/sg\/sg-op-22-1\/\"><img loading=\"lazy\" decoding=\"async\" class=\"alignleft wp-image-48574\" src=\"https:\/\/www.topohvar.at\/wp-content\/uploads\/2021\/05\/sg-op-22-1.jpg\" alt=\"\" width=\"114\" height=\"56\" srcset=\"https:\/\/www.topohvar.at\/wp-content\/uploads\/2021\/05\/sg-op-22-1.jpg 1080w, https:\/\/www.topohvar.at\/wp-content\/uploads\/2021\/05\/sg-op-22-1-300x147.jpg 300w, https:\/\/www.topohvar.at\/wp-content\/uploads\/2021\/05\/sg-op-22-1-1024x503.jpg 1024w, https:\/\/www.topohvar.at\/wp-content\/uploads\/2021\/05\/sg-op-22-1-768x377.jpg 768w\" sizes=\"auto, (max-width: 114px) 100vw, 114px\" \/><\/a>Objekt \u00bbGustirna (22) na Putu Gospocije\u00ab<br \/>\n<\/strong>SG-OP-22 \/ Stari Grad, Put Gospojice<\/p>\n<p><strong><a href=\"https:\/\/www.topohvar.at\/orte\/sg\/sg-op-23-1\/\"><img loading=\"lazy\" decoding=\"async\" class=\"alignleft wp-image-48579\" src=\"https:\/\/www.topohvar.at\/wp-content\/uploads\/2021\/05\/sg-op-23-1.jpg\" alt=\"\" width=\"114\" height=\"56\" srcset=\"https:\/\/www.topohvar.at\/wp-content\/uploads\/2021\/05\/sg-op-23-1.jpg 1080w, https:\/\/www.topohvar.at\/wp-content\/uploads\/2021\/05\/sg-op-23-1-300x147.jpg 300w, https:\/\/www.topohvar.at\/wp-content\/uploads\/2021\/05\/sg-op-23-1-1024x503.jpg 1024w, https:\/\/www.topohvar.at\/wp-content\/uploads\/2021\/05\/sg-op-23-1-768x377.jpg 768w\" sizes=\"auto, (max-width: 114px) 100vw, 114px\" \/><\/a>Objekt \u00bbGustirna (23) na Putu Gospocije\u00ab<br \/>\n<\/strong>SG-OP-23 \/ Stari Grad, Polje, Put Gospojice<\/p>\n<p><strong><a href=\"https:\/\/www.topohvar.at\/orte\/sg\/sg-op-24-1\/\"><img loading=\"lazy\" decoding=\"async\" class=\"alignleft wp-image-48585\" src=\"https:\/\/www.topohvar.at\/wp-content\/uploads\/2021\/05\/sg-op-24-1.jpg\" alt=\"\" width=\"114\" height=\"56\" srcset=\"https:\/\/www.topohvar.at\/wp-content\/uploads\/2021\/05\/sg-op-24-1.jpg 1080w, https:\/\/www.topohvar.at\/wp-content\/uploads\/2021\/05\/sg-op-24-1-300x147.jpg 300w, https:\/\/www.topohvar.at\/wp-content\/uploads\/2021\/05\/sg-op-24-1-1024x503.jpg 1024w, https:\/\/www.topohvar.at\/wp-content\/uploads\/2021\/05\/sg-op-24-1-768x377.jpg 768w\" sizes=\"auto, (max-width: 114px) 100vw, 114px\" \/><\/a>Objekt \u00bbGustirna (24) na Putu Gospocije\u00ab<br \/>\n<\/strong>SG-OP-24 \/ Stari Grad, Polje, Put Gospojice<\/p>\n<p><strong><a href=\"https:\/\/www.topohvar.at\/orte\/sg\/sg-op-25-1\/\"><img loading=\"lazy\" decoding=\"async\" class=\"alignleft wp-image-48592\" src=\"https:\/\/www.topohvar.at\/wp-content\/uploads\/2021\/05\/sg-op-25-1.jpg\" alt=\"\" width=\"114\" height=\"56\" srcset=\"https:\/\/www.topohvar.at\/wp-content\/uploads\/2021\/05\/sg-op-25-1.jpg 1080w, https:\/\/www.topohvar.at\/wp-content\/uploads\/2021\/05\/sg-op-25-1-300x147.jpg 300w, https:\/\/www.topohvar.at\/wp-content\/uploads\/2021\/05\/sg-op-25-1-1024x503.jpg 1024w, https:\/\/www.topohvar.at\/wp-content\/uploads\/2021\/05\/sg-op-25-1-768x377.jpg 768w\" sizes=\"auto, (max-width: 114px) 100vw, 114px\" \/><\/a>Objekt \u00bbGustirna (25) na Putu Gospocije\u00ab<br \/>\n<\/strong>SG-OP-25 \/ Stari Grad, Polje, Put Gospojice<\/p>\n<p><strong><a href=\"https:\/\/www.topohvar.at\/orte\/sg\/sg-op-26-1\/\"><img loading=\"lazy\" decoding=\"async\" class=\"alignleft wp-image-48599\" src=\"https:\/\/www.topohvar.at\/wp-content\/uploads\/2021\/05\/sg-op-26-1.jpg\" alt=\"\" width=\"114\" height=\"56\" srcset=\"https:\/\/www.topohvar.at\/wp-content\/uploads\/2021\/05\/sg-op-26-1.jpg 1080w, https:\/\/www.topohvar.at\/wp-content\/uploads\/2021\/05\/sg-op-26-1-300x147.jpg 300w, https:\/\/www.topohvar.at\/wp-content\/uploads\/2021\/05\/sg-op-26-1-1024x503.jpg 1024w, https:\/\/www.topohvar.at\/wp-content\/uploads\/2021\/05\/sg-op-26-1-768x377.jpg 768w\" sizes=\"auto, (max-width: 114px) 100vw, 114px\" \/><\/a>Objekt \u00bbGustirna (26) na Putu Gospocije\u00ab<br \/>\n<\/strong>SG-OP-26 \/ Stari Grad, Polje, Put Gospojice<\/p>\n<p><strong><a href=\"https:\/\/www.topohvar.at\/orte\/sg\/sg-op-27-1\/\"><img loading=\"lazy\" decoding=\"async\" class=\"alignleft wp-image-48605\" src=\"https:\/\/www.topohvar.at\/wp-content\/uploads\/2021\/05\/sg-op-27-1.jpg\" alt=\"\" width=\"114\" height=\"56\" srcset=\"https:\/\/www.topohvar.at\/wp-content\/uploads\/2021\/05\/sg-op-27-1.jpg 1080w, https:\/\/www.topohvar.at\/wp-content\/uploads\/2021\/05\/sg-op-27-1-300x147.jpg 300w, https:\/\/www.topohvar.at\/wp-content\/uploads\/2021\/05\/sg-op-27-1-1024x503.jpg 1024w, https:\/\/www.topohvar.at\/wp-content\/uploads\/2021\/05\/sg-op-27-1-768x377.jpg 768w\" sizes=\"auto, (max-width: 114px) 100vw, 114px\" \/><\/a>Objekt \u00bbGustirna (27) &#8211; Kne\u017eine\u00ab<br \/>\n<\/strong>SG-OP-27 \/ Stari Grad, Polje, Kne\u017eine<\/p>\n<p><strong><a href=\"https:\/\/www.topohvar.at\/orte\/sg\/sg-op-97-1\/\"><img loading=\"lazy\" decoding=\"async\" class=\"alignleft wp-image-50041\" src=\"https:\/\/www.topohvar.at\/wp-content\/uploads\/2021\/06\/sg-op-97-1.jpg\" alt=\"\" width=\"114\" height=\"56\" srcset=\"https:\/\/www.topohvar.at\/wp-content\/uploads\/2021\/06\/sg-op-97-1.jpg 1080w, https:\/\/www.topohvar.at\/wp-content\/uploads\/2021\/06\/sg-op-97-1-300x147.jpg 300w, https:\/\/www.topohvar.at\/wp-content\/uploads\/2021\/06\/sg-op-97-1-1024x503.jpg 1024w, https:\/\/www.topohvar.at\/wp-content\/uploads\/2021\/06\/sg-op-97-1-768x377.jpg 768w\" sizes=\"auto, (max-width: 114px) 100vw, 114px\" \/><\/a>Objekt \u00bbGustirna (97) &#8211; Kne\u017eine\u00ab<br \/>\n<\/strong>SG-OP-97 \/ Stari Grad, Polje, Kne\u017eine<\/p>\n<p><strong><a href=\"https:\/\/www.topohvar.at\/orte\/sg\/sg-op-98-1\/\"><img loading=\"lazy\" decoding=\"async\" class=\"alignleft wp-image-50048\" src=\"https:\/\/www.topohvar.at\/wp-content\/uploads\/2021\/06\/sg-op-98-1.jpg\" alt=\"\" width=\"114\" height=\"56\" srcset=\"https:\/\/www.topohvar.at\/wp-content\/uploads\/2021\/06\/sg-op-98-1.jpg 1080w, https:\/\/www.topohvar.at\/wp-content\/uploads\/2021\/06\/sg-op-98-1-300x147.jpg 300w, https:\/\/www.topohvar.at\/wp-content\/uploads\/2021\/06\/sg-op-98-1-1024x503.jpg 1024w, https:\/\/www.topohvar.at\/wp-content\/uploads\/2021\/06\/sg-op-98-1-768x377.jpg 768w\" sizes=\"auto, (max-width: 114px) 100vw, 114px\" \/><\/a>Objekt \u00bbGustirna (98) &#8211; Kne\u017eine\u00ab<br \/>\n<\/strong>SG-OP-98 \/ Stari Grad, Polje, Kne\u017eine<\/p>\n<p><strong><a href=\"https:\/\/www.topohvar.at\/orte\/sg\/sg-op-28-1\/\"><img loading=\"lazy\" decoding=\"async\" class=\"alignleft wp-image-48610\" src=\"https:\/\/www.topohvar.at\/wp-content\/uploads\/2021\/05\/sg-op-28-1.jpg\" alt=\"\" width=\"114\" height=\"56\" srcset=\"https:\/\/www.topohvar.at\/wp-content\/uploads\/2021\/05\/sg-op-28-1.jpg 1080w, https:\/\/www.topohvar.at\/wp-content\/uploads\/2021\/05\/sg-op-28-1-300x147.jpg 300w, https:\/\/www.topohvar.at\/wp-content\/uploads\/2021\/05\/sg-op-28-1-1024x503.jpg 1024w, https:\/\/www.topohvar.at\/wp-content\/uploads\/2021\/05\/sg-op-28-1-768x377.jpg 768w\" sizes=\"auto, (max-width: 114px) 100vw, 114px\" \/><\/a>Objekt \u00bbGustirna (28) na Putu Gospocije\u00ab<br \/>\n<\/strong>SG-OP-28 \/ Stari Grad, Polje, Put Gospojice<\/p>\n<p><strong><a href=\"https:\/\/www.topohvar.at\/orte\/sg\/sg-op-29-1\/\"><img loading=\"lazy\" decoding=\"async\" class=\"alignleft wp-image-48615\" src=\"https:\/\/www.topohvar.at\/wp-content\/uploads\/2021\/05\/sg-op-29-1.jpg\" alt=\"\" width=\"114\" height=\"56\" srcset=\"https:\/\/www.topohvar.at\/wp-content\/uploads\/2021\/05\/sg-op-29-1.jpg 1080w, https:\/\/www.topohvar.at\/wp-content\/uploads\/2021\/05\/sg-op-29-1-300x147.jpg 300w, https:\/\/www.topohvar.at\/wp-content\/uploads\/2021\/05\/sg-op-29-1-1024x503.jpg 1024w, https:\/\/www.topohvar.at\/wp-content\/uploads\/2021\/05\/sg-op-29-1-768x377.jpg 768w\" sizes=\"auto, (max-width: 114px) 100vw, 114px\" \/><\/a>Objekt \u00bbGustirna (29) na Putu Gospocije\u00ab<br \/>\n<\/strong>SG-OP-29 \/ Stari Grad, Polje, Put Gospojice<\/p>\n<p><strong><a href=\"https:\/\/www.topohvar.at\/orte\/sg\/sg-op-30-1\/\"><img loading=\"lazy\" decoding=\"async\" class=\"alignleft wp-image-48620\" src=\"https:\/\/www.topohvar.at\/wp-content\/uploads\/2021\/05\/sg-op-30-1.jpg\" alt=\"\" width=\"114\" height=\"56\" srcset=\"https:\/\/www.topohvar.at\/wp-content\/uploads\/2021\/05\/sg-op-30-1.jpg 1080w, https:\/\/www.topohvar.at\/wp-content\/uploads\/2021\/05\/sg-op-30-1-300x147.jpg 300w, https:\/\/www.topohvar.at\/wp-content\/uploads\/2021\/05\/sg-op-30-1-1024x503.jpg 1024w, https:\/\/www.topohvar.at\/wp-content\/uploads\/2021\/05\/sg-op-30-1-768x377.jpg 768w\" sizes=\"auto, (max-width: 114px) 100vw, 114px\" \/><\/a>Objekt \u00bbGustirna (30) na Putu Gospocije\u00ab<br \/>\n<\/strong>SG-OP-30 \/ Stari Grad, Polje, Put Gospojice<\/p>\n<p><strong><a href=\"https:\/\/www.topohvar.at\/orte\/sg\/sg-op-31-1\/\"><img loading=\"lazy\" decoding=\"async\" class=\"alignleft wp-image-48627\" src=\"https:\/\/www.topohvar.at\/wp-content\/uploads\/2021\/05\/sg-op-31-1.jpg\" alt=\"\" width=\"114\" height=\"56\" srcset=\"https:\/\/www.topohvar.at\/wp-content\/uploads\/2021\/05\/sg-op-31-1.jpg 1080w, https:\/\/www.topohvar.at\/wp-content\/uploads\/2021\/05\/sg-op-31-1-300x147.jpg 300w, https:\/\/www.topohvar.at\/wp-content\/uploads\/2021\/05\/sg-op-31-1-1024x503.jpg 1024w, https:\/\/www.topohvar.at\/wp-content\/uploads\/2021\/05\/sg-op-31-1-768x377.jpg 768w\" sizes=\"auto, (max-width: 114px) 100vw, 114px\" \/><\/a>Objekt \u00bbGustirna (31) na Putu Gospocije\u00ab<br \/>\n<\/strong>SG-OP-31 \/ Stari Grad, Polje, Put Gospojice<\/p>\n<p><strong><a href=\"https:\/\/www.topohvar.at\/orte\/sg\/sg-op-32-1\/\"><img loading=\"lazy\" decoding=\"async\" class=\"alignleft wp-image-48632\" src=\"https:\/\/www.topohvar.at\/wp-content\/uploads\/2021\/05\/sg-op-32-1.jpg\" alt=\"\" width=\"114\" height=\"56\" srcset=\"https:\/\/www.topohvar.at\/wp-content\/uploads\/2021\/05\/sg-op-32-1.jpg 1080w, https:\/\/www.topohvar.at\/wp-content\/uploads\/2021\/05\/sg-op-32-1-300x147.jpg 300w, https:\/\/www.topohvar.at\/wp-content\/uploads\/2021\/05\/sg-op-32-1-1024x503.jpg 1024w, https:\/\/www.topohvar.at\/wp-content\/uploads\/2021\/05\/sg-op-32-1-768x377.jpg 768w\" sizes=\"auto, (max-width: 114px) 100vw, 114px\" \/><\/a>Objekt \u00bbGustirna (32) na Putu Gospocije\u00ab<br \/>\n<\/strong>SG-OP-32 \/ Stari Grad, Polje, Put Gospojice<\/p>\n<p><strong><a href=\"https:\/\/www.topohvar.at\/orte\/sg\/sg-op-33-1\/\"><img loading=\"lazy\" decoding=\"async\" class=\"alignleft wp-image-48637\" src=\"https:\/\/www.topohvar.at\/wp-content\/uploads\/2021\/05\/sg-op-33-1.jpg\" alt=\"\" width=\"114\" height=\"56\" srcset=\"https:\/\/www.topohvar.at\/wp-content\/uploads\/2021\/05\/sg-op-33-1.jpg 1080w, https:\/\/www.topohvar.at\/wp-content\/uploads\/2021\/05\/sg-op-33-1-300x147.jpg 300w, https:\/\/www.topohvar.at\/wp-content\/uploads\/2021\/05\/sg-op-33-1-1024x503.jpg 1024w, https:\/\/www.topohvar.at\/wp-content\/uploads\/2021\/05\/sg-op-33-1-768x377.jpg 768w\" sizes=\"auto, (max-width: 114px) 100vw, 114px\" \/><\/a>Objekt \u00bbGustirna (33) na Putu Gospocije\u00ab<br \/>\n<\/strong>SG-OP-33 \/ Stari Grad, Polje, Put Gospojice<\/p>\n<p><strong><a href=\"https:\/\/www.topohvar.at\/orte\/sg\/sg-op-34-1\/\"><img loading=\"lazy\" decoding=\"async\" class=\"alignleft wp-image-48642\" src=\"https:\/\/www.topohvar.at\/wp-content\/uploads\/2021\/05\/sg-op-34-1.jpg\" alt=\"\" width=\"114\" height=\"56\" srcset=\"https:\/\/www.topohvar.at\/wp-content\/uploads\/2021\/05\/sg-op-34-1.jpg 1080w, https:\/\/www.topohvar.at\/wp-content\/uploads\/2021\/05\/sg-op-34-1-300x147.jpg 300w, https:\/\/www.topohvar.at\/wp-content\/uploads\/2021\/05\/sg-op-34-1-1024x503.jpg 1024w, https:\/\/www.topohvar.at\/wp-content\/uploads\/2021\/05\/sg-op-34-1-768x377.jpg 768w\" sizes=\"auto, (max-width: 114px) 100vw, 114px\" \/><\/a>Objekt \u00bbGustirna (34) na Putu Gospocije\u00ab<br \/>\n<\/strong>SG-OP-34 \/ Stari Grad, Polje, Put Gospojice<\/p>\n<p><strong><a href=\"https:\/\/www.topohvar.at\/orte\/sg\/sg-op-35-1\/\"><img loading=\"lazy\" decoding=\"async\" class=\"alignleft wp-image-48648\" src=\"https:\/\/www.topohvar.at\/wp-content\/uploads\/2021\/05\/sg-op-35-1.jpg\" alt=\"\" width=\"114\" height=\"56\" srcset=\"https:\/\/www.topohvar.at\/wp-content\/uploads\/2021\/05\/sg-op-35-1.jpg 1080w, https:\/\/www.topohvar.at\/wp-content\/uploads\/2021\/05\/sg-op-35-1-300x147.jpg 300w, https:\/\/www.topohvar.at\/wp-content\/uploads\/2021\/05\/sg-op-35-1-1024x503.jpg 1024w, https:\/\/www.topohvar.at\/wp-content\/uploads\/2021\/05\/sg-op-35-1-768x377.jpg 768w\" sizes=\"auto, (max-width: 114px) 100vw, 114px\" \/><\/a>Objekt \u00bbGustirna (35) na Putu Gospocije\u00ab<br \/>\n<\/strong>SG-OP-35 \/ Stari Grad, Polje, Put Gospojice<\/p>\n<p><strong><a href=\"https:\/\/www.topohvar.at\/orte\/sg\/sg-op-36-1\/\"><img loading=\"lazy\" decoding=\"async\" class=\"alignleft wp-image-48653\" src=\"https:\/\/www.topohvar.at\/wp-content\/uploads\/2021\/05\/sg-op-36-1.jpg\" alt=\"\" width=\"114\" height=\"56\" srcset=\"https:\/\/www.topohvar.at\/wp-content\/uploads\/2021\/05\/sg-op-36-1.jpg 1080w, https:\/\/www.topohvar.at\/wp-content\/uploads\/2021\/05\/sg-op-36-1-300x147.jpg 300w, https:\/\/www.topohvar.at\/wp-content\/uploads\/2021\/05\/sg-op-36-1-1024x503.jpg 1024w, https:\/\/www.topohvar.at\/wp-content\/uploads\/2021\/05\/sg-op-36-1-768x377.jpg 768w\" sizes=\"auto, (max-width: 114px) 100vw, 114px\" \/><\/a>Objekt \u00bbGustirna (36) na Putu Gospocije\u00ab<br \/>\n<\/strong>SG-OP-36 \/ Stari Grad, Polje, Put Gospojice<\/p>\n<p><strong><a href=\"https:\/\/www.topohvar.at\/orte\/sg\/sg-op-q4-1\/\"><img loading=\"lazy\" decoding=\"async\" class=\"alignleft wp-image-63289\" src=\"https:\/\/www.topohvar.at\/wp-content\/uploads\/2023\/06\/sg-op-Q4-0-300x148.jpg\" alt=\"\" width=\"112\" height=\"55\" srcset=\"https:\/\/www.topohvar.at\/wp-content\/uploads\/2023\/06\/sg-op-Q4-0-300x148.jpg 300w, https:\/\/www.topohvar.at\/wp-content\/uploads\/2023\/06\/sg-op-Q4-0.jpg 640w\" sizes=\"auto, (max-width: 112px) 100vw, 112px\" \/><\/a>Objekt \u00bbGustirna (Q4)\u00ab<br \/>\n<\/strong>SG-OP-Q4\/ Stari Grad, Polje<\/p>\n<p><strong><a href=\"https:\/\/www.topohvar.at\/orte\/sg\/sg-op-p9-1\/\"><img loading=\"lazy\" decoding=\"async\" class=\"alignleft wp-image-63293\" src=\"https:\/\/www.topohvar.at\/wp-content\/uploads\/2023\/06\/sg-op-p9-0.jpg\" alt=\"\" width=\"112\" height=\"55\" srcset=\"https:\/\/www.topohvar.at\/wp-content\/uploads\/2023\/06\/sg-op-p9-0.jpg 640w, https:\/\/www.topohvar.at\/wp-content\/uploads\/2023\/06\/sg-op-p9-0-300x148.jpg 300w\" sizes=\"auto, (max-width: 112px) 100vw, 112px\" \/><\/a>Objekt \u00bbGustirna (P9)\u00ab<br \/>\n<\/strong>SG-OP-P9\/ Stari Grad, Polje<\/p>\n<p><strong><a href=\"https:\/\/www.topohvar.at\/orte\/sg\/sg-op-q0-1\/\"><img loading=\"lazy\" decoding=\"async\" class=\"alignleft wp-image-63298\" src=\"https:\/\/www.topohvar.at\/wp-content\/uploads\/2023\/06\/sg-op-Q0-0-300x148.jpg\" alt=\"\" width=\"112\" height=\"55\" srcset=\"https:\/\/www.topohvar.at\/wp-content\/uploads\/2023\/06\/sg-op-Q0-0-300x148.jpg 300w, https:\/\/www.topohvar.at\/wp-content\/uploads\/2023\/06\/sg-op-Q0-0.jpg 640w\" sizes=\"auto, (max-width: 112px) 100vw, 112px\" \/><\/a>Objekt \u00bbGustirna (Q0)\u00ab<br \/>\n<\/strong>SG-OP-Q0\/ Stari Grad, Polje<\/p>\n<p><strong><a href=\"https:\/\/www.topohvar.at\/orte\/sg\/sg-op-q6-1\/\"><img loading=\"lazy\" decoding=\"async\" class=\"alignleft wp-image-63303\" src=\"https:\/\/www.topohvar.at\/wp-content\/uploads\/2023\/06\/sg-op-Q6-0-300x148.jpg\" alt=\"\" width=\"112\" height=\"55\" srcset=\"https:\/\/www.topohvar.at\/wp-content\/uploads\/2023\/06\/sg-op-Q6-0-300x148.jpg 300w, https:\/\/www.topohvar.at\/wp-content\/uploads\/2023\/06\/sg-op-Q6-0.jpg 640w\" sizes=\"auto, (max-width: 112px) 100vw, 112px\" \/><\/a>Objekt \u00bbGustirna (Q6)\u00ab<br \/>\n<\/strong>SG-OP-Q6\/ Stari Grad, Polje<\/p>\n<p><strong><a href=\"https:\/\/www.topohvar.at\/orte\/sg\/sg-op-37-1\/\"><img loading=\"lazy\" decoding=\"async\" class=\"alignleft wp-image-48658\" src=\"https:\/\/www.topohvar.at\/wp-content\/uploads\/2021\/05\/sg-op-37-1.jpg\" alt=\"\" width=\"114\" height=\"56\" srcset=\"https:\/\/www.topohvar.at\/wp-content\/uploads\/2021\/05\/sg-op-37-1.jpg 1080w, https:\/\/www.topohvar.at\/wp-content\/uploads\/2021\/05\/sg-op-37-1-300x147.jpg 300w, https:\/\/www.topohvar.at\/wp-content\/uploads\/2021\/05\/sg-op-37-1-1024x503.jpg 1024w, https:\/\/www.topohvar.at\/wp-content\/uploads\/2021\/05\/sg-op-37-1-768x377.jpg 768w\" sizes=\"auto, (max-width: 114px) 100vw, 114px\" \/><\/a>Objekt \u00bbGustirna (37) na Putu Gospocije\u00ab<br \/>\n<\/strong>SG-OP-37 \/ Stari Grad, Polje, Put Gospojice<\/p>\n<p><strong><a href=\"https:\/\/www.topohvar.at\/orte\/sg\/sg-op-38-1\/\"><img loading=\"lazy\" decoding=\"async\" class=\"alignleft wp-image-48664\" src=\"https:\/\/www.topohvar.at\/wp-content\/uploads\/2021\/05\/sg-op-38-1.jpg\" alt=\"\" width=\"114\" height=\"56\" srcset=\"https:\/\/www.topohvar.at\/wp-content\/uploads\/2021\/05\/sg-op-38-1.jpg 1080w, https:\/\/www.topohvar.at\/wp-content\/uploads\/2021\/05\/sg-op-38-1-300x147.jpg 300w, https:\/\/www.topohvar.at\/wp-content\/uploads\/2021\/05\/sg-op-38-1-1024x503.jpg 1024w, https:\/\/www.topohvar.at\/wp-content\/uploads\/2021\/05\/sg-op-38-1-768x377.jpg 768w\" sizes=\"auto, (max-width: 114px) 100vw, 114px\" \/><\/a>Objekt \u00bbGustirna (38) na Putu Gospocije\u00ab<br \/>\n<\/strong>SG-OP-38 \/ Stari Grad, Polje, Put Gospojice<\/p>\n<p><strong><a href=\"https:\/\/www.topohvar.at\/orte\/sg\/sg-op-39-1\/\"><img loading=\"lazy\" decoding=\"async\" class=\"alignleft wp-image-48669\" src=\"https:\/\/www.topohvar.at\/wp-content\/uploads\/2021\/05\/sg-op-39-1.jpg\" alt=\"\" width=\"114\" height=\"56\" srcset=\"https:\/\/www.topohvar.at\/wp-content\/uploads\/2021\/05\/sg-op-39-1.jpg 1080w, https:\/\/www.topohvar.at\/wp-content\/uploads\/2021\/05\/sg-op-39-1-300x147.jpg 300w, https:\/\/www.topohvar.at\/wp-content\/uploads\/2021\/05\/sg-op-39-1-1024x503.jpg 1024w, https:\/\/www.topohvar.at\/wp-content\/uploads\/2021\/05\/sg-op-39-1-768x377.jpg 768w\" sizes=\"auto, (max-width: 114px) 100vw, 114px\" \/><\/a>Objekt \u00bbGustirna (39) na Putu Gospocije\u00ab<br \/>\n<\/strong>SG-OP-39 \/ Stari Grad, Polje, Put Gospojice<\/p>\n<p><strong><a href=\"https:\/\/www.topohvar.at\/orte\/sg\/sg-op-40-1\/\"><img loading=\"lazy\" decoding=\"async\" class=\"alignleft wp-image-48674\" src=\"https:\/\/www.topohvar.at\/wp-content\/uploads\/2021\/05\/sg-op-40-1.jpg\" alt=\"\" width=\"114\" height=\"56\" srcset=\"https:\/\/www.topohvar.at\/wp-content\/uploads\/2021\/05\/sg-op-40-1.jpg 1080w, https:\/\/www.topohvar.at\/wp-content\/uploads\/2021\/05\/sg-op-40-1-300x147.jpg 300w, https:\/\/www.topohvar.at\/wp-content\/uploads\/2021\/05\/sg-op-40-1-1024x503.jpg 1024w, https:\/\/www.topohvar.at\/wp-content\/uploads\/2021\/05\/sg-op-40-1-768x377.jpg 768w\" sizes=\"auto, (max-width: 114px) 100vw, 114px\" \/><\/a>Objekt \u00bbGustirna (40) na Putu Gospocije\u00ab<br \/>\n<\/strong>SG-OP-40 \/ Stari Grad, Polje, Put Gospojice<\/p>\n<p><strong><a href=\"https:\/\/www.topohvar.at\/orte\/sg\/sg-op-18-1\/\"><img loading=\"lazy\" decoding=\"async\" class=\"alignleft wp-image-21838\" src=\"https:\/\/www.topohvar.at\/wp-content\/uploads\/2019\/04\/sg-tr-08-12.jpg\" alt=\"\" width=\"114\" height=\"56\" srcset=\"https:\/\/www.topohvar.at\/wp-content\/uploads\/2019\/04\/sg-tr-08-12.jpg 615w, https:\/\/www.topohvar.at\/wp-content\/uploads\/2019\/04\/sg-tr-08-12-300x146.jpg 300w\" sizes=\"auto, (max-width: 114px) 100vw, 114px\" \/><\/a>Objekt \u00bbGustirna (18) na Trim SG-TR-08\u00ab<br \/>\n<\/strong>SG-OP-18 \/ Stari Grad, Polje, Put Gospojice<\/p>\n<p><strong><a href=\"https:\/\/www.topohvar.at\/orte\/sg\/sg-op-41-1\/\"><img loading=\"lazy\" decoding=\"async\" class=\"alignleft wp-image-48688\" src=\"https:\/\/www.topohvar.at\/wp-content\/uploads\/2021\/05\/sg-op-41-1.jpg\" alt=\"\" width=\"114\" height=\"56\" srcset=\"https:\/\/www.topohvar.at\/wp-content\/uploads\/2021\/05\/sg-op-41-1.jpg 1080w, https:\/\/www.topohvar.at\/wp-content\/uploads\/2021\/05\/sg-op-41-1-300x147.jpg 300w, https:\/\/www.topohvar.at\/wp-content\/uploads\/2021\/05\/sg-op-41-1-1024x503.jpg 1024w, https:\/\/www.topohvar.at\/wp-content\/uploads\/2021\/05\/sg-op-41-1-768x377.jpg 768w\" sizes=\"auto, (max-width: 114px) 100vw, 114px\" \/><\/a>Objekt \u00bbGustirna (41) na Putu Gospocije\u00ab<br \/>\n<\/strong>SG-OP-41 \/ Stari Grad, Polje, Put Gospojice<\/p>\n<p><strong><a href=\"https:\/\/www.topohvar.at\/orte\/sg\/sg-op-42-1\/\"><img loading=\"lazy\" decoding=\"async\" class=\"alignleft wp-image-48694\" src=\"https:\/\/www.topohvar.at\/wp-content\/uploads\/2021\/05\/sg-op-42-1.jpg\" alt=\"\" width=\"114\" height=\"56\" srcset=\"https:\/\/www.topohvar.at\/wp-content\/uploads\/2021\/05\/sg-op-42-1.jpg 1080w, https:\/\/www.topohvar.at\/wp-content\/uploads\/2021\/05\/sg-op-42-1-300x147.jpg 300w, https:\/\/www.topohvar.at\/wp-content\/uploads\/2021\/05\/sg-op-42-1-1024x503.jpg 1024w, https:\/\/www.topohvar.at\/wp-content\/uploads\/2021\/05\/sg-op-42-1-768x377.jpg 768w\" sizes=\"auto, (max-width: 114px) 100vw, 114px\" \/><\/a>Objekt \u00bbGustirna (42) na Putu Gospocije\u00ab<br \/>\n<\/strong>SG-OP-42 \/ Stari Grad, Polje, Put Gospojice<\/p>\n<p><strong><a href=\"https:\/\/www.topohvar.at\/orte\/sg\/sg-op-43-1\/\"><img loading=\"lazy\" decoding=\"async\" class=\"alignleft wp-image-48701\" src=\"https:\/\/www.topohvar.at\/wp-content\/uploads\/2021\/05\/sg-op-43-1.jpg\" alt=\"\" width=\"114\" height=\"56\" srcset=\"https:\/\/www.topohvar.at\/wp-content\/uploads\/2021\/05\/sg-op-43-1.jpg 1080w, https:\/\/www.topohvar.at\/wp-content\/uploads\/2021\/05\/sg-op-43-1-300x147.jpg 300w, https:\/\/www.topohvar.at\/wp-content\/uploads\/2021\/05\/sg-op-43-1-1024x503.jpg 1024w, https:\/\/www.topohvar.at\/wp-content\/uploads\/2021\/05\/sg-op-43-1-768x377.jpg 768w\" sizes=\"auto, (max-width: 114px) 100vw, 114px\" \/><\/a>Objekt \u00bbGustirna (43) na Putu Gospocije\u00ab<br \/>\n<\/strong>SG-OP-43 \/ Stari Grad, Polje, Put Gospojice<\/p>\n<p><strong><a href=\"https:\/\/www.topohvar.at\/orte\/sg\/sg-op-44-1\/\"><img loading=\"lazy\" decoding=\"async\" class=\"alignleft wp-image-48708\" src=\"https:\/\/www.topohvar.at\/wp-content\/uploads\/2021\/05\/sg-op-44-1.jpg\" alt=\"\" width=\"114\" height=\"56\" srcset=\"https:\/\/www.topohvar.at\/wp-content\/uploads\/2021\/05\/sg-op-44-1.jpg 1080w, https:\/\/www.topohvar.at\/wp-content\/uploads\/2021\/05\/sg-op-44-1-300x147.jpg 300w, https:\/\/www.topohvar.at\/wp-content\/uploads\/2021\/05\/sg-op-44-1-1024x503.jpg 1024w, https:\/\/www.topohvar.at\/wp-content\/uploads\/2021\/05\/sg-op-44-1-768x377.jpg 768w\" sizes=\"auto, (max-width: 114px) 100vw, 114px\" \/><\/a>Objekt \u00bbGustirna (44) na Putu Gospocije\u00ab<br \/>\n<\/strong>SG-OP-44 \/ Stari Grad, Polje, Put Gospojice<\/p>\n<p><strong><a href=\"https:\/\/www.topohvar.at\/orte\/sg\/sg-op-45-1\/\"><img loading=\"lazy\" decoding=\"async\" class=\"alignleft wp-image-48714\" src=\"https:\/\/www.topohvar.at\/wp-content\/uploads\/2021\/05\/sg-op-45-1.jpg\" alt=\"\" width=\"114\" height=\"56\" srcset=\"https:\/\/www.topohvar.at\/wp-content\/uploads\/2021\/05\/sg-op-45-1.jpg 1080w, https:\/\/www.topohvar.at\/wp-content\/uploads\/2021\/05\/sg-op-45-1-300x147.jpg 300w, https:\/\/www.topohvar.at\/wp-content\/uploads\/2021\/05\/sg-op-45-1-1024x503.jpg 1024w, https:\/\/www.topohvar.at\/wp-content\/uploads\/2021\/05\/sg-op-45-1-768x377.jpg 768w\" sizes=\"auto, (max-width: 114px) 100vw, 114px\" \/><\/a>Objekt \u00bbGustirna (45) na Putu Gospocije\u00ab<br \/>\n<\/strong>SG-OP-45 \/ Stari Grad, Polje, Put Gospojice<\/p>\n<p><strong><a href=\"https:\/\/www.topohvar.at\/orte\/sg\/sg-op-46-1\/\"><img loading=\"lazy\" decoding=\"async\" class=\"alignleft wp-image-48719\" src=\"https:\/\/www.topohvar.at\/wp-content\/uploads\/2021\/05\/sg-op-46-1.jpg\" alt=\"\" width=\"114\" height=\"56\" srcset=\"https:\/\/www.topohvar.at\/wp-content\/uploads\/2021\/05\/sg-op-46-1.jpg 1080w, https:\/\/www.topohvar.at\/wp-content\/uploads\/2021\/05\/sg-op-46-1-300x147.jpg 300w, https:\/\/www.topohvar.at\/wp-content\/uploads\/2021\/05\/sg-op-46-1-1024x503.jpg 1024w, https:\/\/www.topohvar.at\/wp-content\/uploads\/2021\/05\/sg-op-46-1-768x377.jpg 768w\" sizes=\"auto, (max-width: 114px) 100vw, 114px\" \/><\/a>Objekt \u00bbGustirna (46) na Putu Gospocije\u00ab<br \/>\n<\/strong>SG-OP-46 \/ Stari Grad, Polje, Put Gospojice<\/p>\n<p><strong><a href=\"https:\/\/www.topohvar.at\/orte\/sg\/sg-op-47-1\/\"><img loading=\"lazy\" decoding=\"async\" class=\"alignleft wp-image-48725\" src=\"https:\/\/www.topohvar.at\/wp-content\/uploads\/2021\/05\/sg-op-47-1.jpg\" alt=\"\" width=\"114\" height=\"56\" srcset=\"https:\/\/www.topohvar.at\/wp-content\/uploads\/2021\/05\/sg-op-47-1.jpg 1080w, https:\/\/www.topohvar.at\/wp-content\/uploads\/2021\/05\/sg-op-47-1-300x147.jpg 300w, https:\/\/www.topohvar.at\/wp-content\/uploads\/2021\/05\/sg-op-47-1-1024x503.jpg 1024w, https:\/\/www.topohvar.at\/wp-content\/uploads\/2021\/05\/sg-op-47-1-768x377.jpg 768w\" sizes=\"auto, (max-width: 114px) 100vw, 114px\" \/><\/a>Objekt \u00bbGustirna (47) na Putu Gospocije\u00ab<br \/>\n<\/strong>SG-OP-47 \/ Stari Grad, Polje, Put Gospojice<\/p>\n<p><strong><a href=\"https:\/\/www.topohvar.at\/orte\/sg\/sg-op-48-1\/\"><img loading=\"lazy\" decoding=\"async\" class=\"alignleft wp-image-48730\" src=\"https:\/\/www.topohvar.at\/wp-content\/uploads\/2021\/05\/sg-op-48-1.jpg\" alt=\"\" width=\"114\" height=\"56\" srcset=\"https:\/\/www.topohvar.at\/wp-content\/uploads\/2021\/05\/sg-op-48-1.jpg 1080w, https:\/\/www.topohvar.at\/wp-content\/uploads\/2021\/05\/sg-op-48-1-300x147.jpg 300w, https:\/\/www.topohvar.at\/wp-content\/uploads\/2021\/05\/sg-op-48-1-1024x503.jpg 1024w, https:\/\/www.topohvar.at\/wp-content\/uploads\/2021\/05\/sg-op-48-1-768x377.jpg 768w\" sizes=\"auto, (max-width: 114px) 100vw, 114px\" \/><\/a>Objekt \u00bbGustirna (48) na Putu Gospocije\u00ab<br \/>\n<\/strong>SG-OP-48 \/ Stari Grad, Polje, Put Gospojice<\/p>\n<p><strong><a href=\"https:\/\/www.topohvar.at\/orte\/sg\/sg-op-49-1\/\"><img loading=\"lazy\" decoding=\"async\" class=\"alignleft wp-image-48736\" src=\"https:\/\/www.topohvar.at\/wp-content\/uploads\/2021\/05\/sg-op-49-1.jpg\" alt=\"\" width=\"114\" height=\"56\" srcset=\"https:\/\/www.topohvar.at\/wp-content\/uploads\/2021\/05\/sg-op-49-1.jpg 1080w, https:\/\/www.topohvar.at\/wp-content\/uploads\/2021\/05\/sg-op-49-1-300x147.jpg 300w, https:\/\/www.topohvar.at\/wp-content\/uploads\/2021\/05\/sg-op-49-1-1024x503.jpg 1024w, https:\/\/www.topohvar.at\/wp-content\/uploads\/2021\/05\/sg-op-49-1-768x377.jpg 768w\" sizes=\"auto, (max-width: 114px) 100vw, 114px\" \/><\/a>Objekt \u00bbGustirna (49) na Putu Gospocije\u00ab<br \/>\n<\/strong>SG-OP-49 \/ Stari Grad, Polje, Put Gospojice<\/p>\n<p><strong><a href=\"https:\/\/www.topohvar.at\/orte\/sg\/sg-op-50-1\/\"><img loading=\"lazy\" decoding=\"async\" class=\"alignleft wp-image-48742\" src=\"https:\/\/www.topohvar.at\/wp-content\/uploads\/2021\/05\/sg-op-50-1.jpg\" alt=\"\" width=\"114\" height=\"56\" srcset=\"https:\/\/www.topohvar.at\/wp-content\/uploads\/2021\/05\/sg-op-50-1.jpg 1080w, https:\/\/www.topohvar.at\/wp-content\/uploads\/2021\/05\/sg-op-50-1-300x147.jpg 300w, https:\/\/www.topohvar.at\/wp-content\/uploads\/2021\/05\/sg-op-50-1-1024x503.jpg 1024w, https:\/\/www.topohvar.at\/wp-content\/uploads\/2021\/05\/sg-op-50-1-768x377.jpg 768w\" sizes=\"auto, (max-width: 114px) 100vw, 114px\" \/><\/a>Objekt \u00bbGustirna (50) na Putu Gospocije\u00ab<br \/>\n<\/strong>SG-OP-50 \/ Stari Grad, Polje, Put Gospojice<\/p>\n<p><strong><a href=\"https:\/\/www.topohvar.at\/orte\/sg\/sg-op-78-1\/\"><img loading=\"lazy\" decoding=\"async\" class=\"alignleft wp-image-50056\" src=\"https:\/\/www.topohvar.at\/wp-content\/uploads\/2021\/06\/sg-op-78-1.jpg\" alt=\"\" width=\"114\" height=\"56\" srcset=\"https:\/\/www.topohvar.at\/wp-content\/uploads\/2021\/06\/sg-op-78-1.jpg 1080w, https:\/\/www.topohvar.at\/wp-content\/uploads\/2021\/06\/sg-op-78-1-300x147.jpg 300w, https:\/\/www.topohvar.at\/wp-content\/uploads\/2021\/06\/sg-op-78-1-1024x503.jpg 1024w, https:\/\/www.topohvar.at\/wp-content\/uploads\/2021\/06\/sg-op-78-1-768x377.jpg 768w\" sizes=\"auto, (max-width: 114px) 100vw, 114px\" \/><\/a>Objekt \u00bbGustirna (78) na Putu Gospocije\u00ab<br \/>\n<\/strong>SG-OP-78 \/ Stari Grad, Polje, Put Gospojice<\/p>\n<p><strong><a href=\"https:\/\/www.topohvar.at\/orte\/sg\/sg-op-76-1\/\"><img loading=\"lazy\" decoding=\"async\" class=\"alignleft wp-image-50061\" src=\"https:\/\/www.topohvar.at\/wp-content\/uploads\/2021\/06\/sg-op-76-1.jpg\" alt=\"\" width=\"114\" height=\"56\" srcset=\"https:\/\/www.topohvar.at\/wp-content\/uploads\/2021\/06\/sg-op-76-1.jpg 1080w, https:\/\/www.topohvar.at\/wp-content\/uploads\/2021\/06\/sg-op-76-1-300x147.jpg 300w, https:\/\/www.topohvar.at\/wp-content\/uploads\/2021\/06\/sg-op-76-1-1024x503.jpg 1024w, https:\/\/www.topohvar.at\/wp-content\/uploads\/2021\/06\/sg-op-76-1-768x377.jpg 768w\" sizes=\"auto, (max-width: 114px) 100vw, 114px\" \/><\/a>Objekt \u00bbGustirna (76) na Putu Gospocije\u00ab<br \/>\n<\/strong>SG-OP-76 \/ Stari Grad, Polje, Put Gospojice<\/p>\n<p><strong><a href=\"https:\/\/www.topohvar.at\/orte\/sg\/sg-op-77-1\/\"><img loading=\"lazy\" decoding=\"async\" class=\"alignleft wp-image-50067\" src=\"https:\/\/www.topohvar.at\/wp-content\/uploads\/2021\/06\/sg-op-77-1.jpg\" alt=\"\" width=\"114\" height=\"56\" srcset=\"https:\/\/www.topohvar.at\/wp-content\/uploads\/2021\/06\/sg-op-77-1.jpg 1080w, https:\/\/www.topohvar.at\/wp-content\/uploads\/2021\/06\/sg-op-77-1-300x147.jpg 300w, https:\/\/www.topohvar.at\/wp-content\/uploads\/2021\/06\/sg-op-77-1-1024x503.jpg 1024w, https:\/\/www.topohvar.at\/wp-content\/uploads\/2021\/06\/sg-op-77-1-768x377.jpg 768w\" sizes=\"auto, (max-width: 114px) 100vw, 114px\" \/><\/a>Objekt \u00bbGustirna (77) na Putu Gospocije\u00ab<br \/>\n<\/strong>SG-OP-77 \/ Stari Grad, Polje, Put Gospojice<\/p>\n<p><strong><a href=\"https:\/\/www.topohvar.at\/orte\/sg\/sg-op-79-1\/\"><img loading=\"lazy\" decoding=\"async\" class=\"alignleft wp-image-50073\" src=\"https:\/\/www.topohvar.at\/wp-content\/uploads\/2021\/06\/sg-op-79-1.jpg\" alt=\"\" width=\"114\" height=\"56\" srcset=\"https:\/\/www.topohvar.at\/wp-content\/uploads\/2021\/06\/sg-op-79-1.jpg 1080w, https:\/\/www.topohvar.at\/wp-content\/uploads\/2021\/06\/sg-op-79-1-300x147.jpg 300w, https:\/\/www.topohvar.at\/wp-content\/uploads\/2021\/06\/sg-op-79-1-1024x503.jpg 1024w, https:\/\/www.topohvar.at\/wp-content\/uploads\/2021\/06\/sg-op-79-1-768x377.jpg 768w\" sizes=\"auto, (max-width: 114px) 100vw, 114px\" \/><\/a>Objekt \u00bbGustirna (79) &#8211; Male Mo\u0107e\u00ab<br \/>\n<\/strong>SG-OP-79 \/ Stari Grad, Polje, Male Mo\u0107e<\/p>\n<p><strong><a href=\"https:\/\/www.topohvar.at\/orte\/sg\/sg-op-80-1\/\"><img loading=\"lazy\" decoding=\"async\" class=\"alignleft wp-image-50079\" src=\"https:\/\/www.topohvar.at\/wp-content\/uploads\/2021\/06\/sg-op-80-1.jpg\" alt=\"\" width=\"114\" height=\"56\" srcset=\"https:\/\/www.topohvar.at\/wp-content\/uploads\/2021\/06\/sg-op-80-1.jpg 1080w, https:\/\/www.topohvar.at\/wp-content\/uploads\/2021\/06\/sg-op-80-1-300x147.jpg 300w, https:\/\/www.topohvar.at\/wp-content\/uploads\/2021\/06\/sg-op-80-1-1024x503.jpg 1024w, https:\/\/www.topohvar.at\/wp-content\/uploads\/2021\/06\/sg-op-80-1-768x377.jpg 768w\" sizes=\"auto, (max-width: 114px) 100vw, 114px\" \/><\/a>Objekt \u00bbGustirna (80) &#8211; Male Mo\u0107e\u00ab<br \/>\n<\/strong>SG-OP-80 \/ Stari Grad, Polje, Male Mo\u0107e<\/p>\n<p><strong><a href=\"https:\/\/www.topohvar.at\/orte\/sg\/sg-op-81-1\/\"><img loading=\"lazy\" decoding=\"async\" class=\"alignleft wp-image-50086\" src=\"https:\/\/www.topohvar.at\/wp-content\/uploads\/2021\/06\/sg-op-81.jpg\" alt=\"\" width=\"114\" height=\"56\" srcset=\"https:\/\/www.topohvar.at\/wp-content\/uploads\/2021\/06\/sg-op-81.jpg 1080w, https:\/\/www.topohvar.at\/wp-content\/uploads\/2021\/06\/sg-op-81-300x147.jpg 300w, https:\/\/www.topohvar.at\/wp-content\/uploads\/2021\/06\/sg-op-81-1024x503.jpg 1024w, https:\/\/www.topohvar.at\/wp-content\/uploads\/2021\/06\/sg-op-81-768x377.jpg 768w\" sizes=\"auto, (max-width: 114px) 100vw, 114px\" \/><\/a>Objekt \u00bbGustirna (81) &#8211; Male Mo\u0107e\u00ab<br \/>\n<\/strong>SG-OP-81 \/ Stari Grad, Polje, Male Mo\u0107e<\/p>\n<p><strong><a href=\"https:\/\/www.topohvar.at\/orte\/sg\/sg-op-82-1\/\"><img loading=\"lazy\" decoding=\"async\" class=\"alignleft wp-image-50092\" src=\"https:\/\/www.topohvar.at\/wp-content\/uploads\/2021\/06\/sg-op-82-1.jpg\" alt=\"\" width=\"114\" height=\"56\" srcset=\"https:\/\/www.topohvar.at\/wp-content\/uploads\/2021\/06\/sg-op-82-1.jpg 1080w, https:\/\/www.topohvar.at\/wp-content\/uploads\/2021\/06\/sg-op-82-1-300x147.jpg 300w, https:\/\/www.topohvar.at\/wp-content\/uploads\/2021\/06\/sg-op-82-1-1024x503.jpg 1024w, https:\/\/www.topohvar.at\/wp-content\/uploads\/2021\/06\/sg-op-82-1-768x377.jpg 768w\" sizes=\"auto, (max-width: 114px) 100vw, 114px\" \/><\/a>Objekt \u00bbGustirna (82) &#8211; Male Mo\u0107e\u00ab<br \/>\n<\/strong>SG-OP-82 \/ Stari Grad, Polje, Male Mo\u0107e<\/p>\n<p><strong><a href=\"https:\/\/www.topohvar.at\/orte\/sg\/sg-op-51-1\/\"><img loading=\"lazy\" decoding=\"async\" class=\"alignleft wp-image-49273\" src=\"https:\/\/www.topohvar.at\/wp-content\/uploads\/2021\/05\/sg-tr-06-13.jpg\" alt=\"\" width=\"114\" height=\"56\" srcset=\"https:\/\/www.topohvar.at\/wp-content\/uploads\/2021\/05\/sg-tr-06-13.jpg 1080w, https:\/\/www.topohvar.at\/wp-content\/uploads\/2021\/05\/sg-tr-06-13-300x147.jpg 300w, https:\/\/www.topohvar.at\/wp-content\/uploads\/2021\/05\/sg-tr-06-13-1024x503.jpg 1024w, https:\/\/www.topohvar.at\/wp-content\/uploads\/2021\/05\/sg-tr-06-13-768x377.jpg 768w\" sizes=\"auto, (max-width: 114px) 100vw, 114px\" \/><\/a>Objekt \u00bbGustirna (51) uz trim SG-TR-06\u00ab<br \/>\n<\/strong>SG-OP-51 \/ Stari Grad, Polje, Male Mo\u0107e<\/p>\n<p><strong><a href=\"https:\/\/www.topohvar.at\/topo\/orte\/sg\/sg-op-la-1\/\"><img loading=\"lazy\" decoding=\"async\" class=\"alignleft wp-image-70094\" src=\"https:\/\/www.topohvar.at\/wp-content\/uploads\/2024\/11\/sg-op-la-0-300x147.jpg\" alt=\"\" width=\"114\" height=\"56\" srcset=\"https:\/\/www.topohvar.at\/wp-content\/uploads\/2024\/11\/sg-op-la-0-300x147.jpg 300w, https:\/\/www.topohvar.at\/wp-content\/uploads\/2024\/11\/sg-op-la-0-1024x503.jpg 1024w, https:\/\/www.topohvar.at\/wp-content\/uploads\/2024\/11\/sg-op-la-0-768x377.jpg 768w, https:\/\/www.topohvar.at\/wp-content\/uploads\/2024\/11\/sg-op-la-0.jpg 1080w\" sizes=\"auto, (max-width: 114px) 100vw, 114px\" \/><\/a>Objekt \u00bbGustirna (LA)\u00ab<br \/>\n<\/strong>SG-OP-LA \/ Stari Grad, Polje, Male Mo\u0107e<\/p>\n<p><strong><a href=\"https:\/\/www.topohvar.at\/topo\/orte\/sg\/sg-op-y2-1\/\"><img loading=\"lazy\" decoding=\"async\" class=\"alignleft wp-image-74285\" src=\"https:\/\/www.topohvar.at\/wp-content\/uploads\/2026\/04\/sg-op-y2-1-300x147.jpg\" alt=\"\" width=\"114\" height=\"56\" srcset=\"https:\/\/www.topohvar.at\/wp-content\/uploads\/2026\/04\/sg-op-y2-1-300x147.jpg 300w, https:\/\/www.topohvar.at\/wp-content\/uploads\/2026\/04\/sg-op-y2-1-1024x503.jpg 1024w, https:\/\/www.topohvar.at\/wp-content\/uploads\/2026\/04\/sg-op-y2-1-768x377.jpg 768w, https:\/\/www.topohvar.at\/wp-content\/uploads\/2026\/04\/sg-op-y2-1.jpg 1080w\" sizes=\"auto, (max-width: 114px) 100vw, 114px\" \/><\/a>Objekt \u00bbGustirna (Y2)\u00ab<br \/>\n<\/strong>SG-OP-Y2 \/ Stari Grad, Polje<\/p>\n<p><strong><a href=\"https:\/\/www.topohvar.at\/topo\/orte\/sg\/sg-op-x9-1\/\"><img loading=\"lazy\" decoding=\"async\" class=\"alignleft wp-image-74280\" src=\"https:\/\/www.topohvar.at\/wp-content\/uploads\/2026\/04\/sg-op-x9-1-300x147.jpg\" alt=\"\" width=\"114\" height=\"56\" srcset=\"https:\/\/www.topohvar.at\/wp-content\/uploads\/2026\/04\/sg-op-x9-1-300x147.jpg 300w, https:\/\/www.topohvar.at\/wp-content\/uploads\/2026\/04\/sg-op-x9-1-1024x503.jpg 1024w, https:\/\/www.topohvar.at\/wp-content\/uploads\/2026\/04\/sg-op-x9-1-768x377.jpg 768w, https:\/\/www.topohvar.at\/wp-content\/uploads\/2026\/04\/sg-op-x9-1.jpg 1080w\" sizes=\"auto, (max-width: 114px) 100vw, 114px\" \/><\/a>Objekt \u00bbGustirna (X9)\u00ab<br \/>\n<\/strong>SG-OP-X9 \/ Stari Grad, Polje<\/p>\n<p><strong><a href=\"https:\/\/www.topohvar.at\/topo\/orte\/sg\/sg-op-me-1\/\"><img loading=\"lazy\" decoding=\"async\" class=\"alignleft wp-image-74269\" src=\"https:\/\/www.topohvar.at\/wp-content\/uploads\/2026\/04\/sg-op-me-1-300x147.jpg\" alt=\"\" width=\"114\" height=\"56\" srcset=\"https:\/\/www.topohvar.at\/wp-content\/uploads\/2026\/04\/sg-op-me-1-300x147.jpg 300w, https:\/\/www.topohvar.at\/wp-content\/uploads\/2026\/04\/sg-op-me-1-1024x503.jpg 1024w, https:\/\/www.topohvar.at\/wp-content\/uploads\/2026\/04\/sg-op-me-1-768x377.jpg 768w, https:\/\/www.topohvar.at\/wp-content\/uploads\/2026\/04\/sg-op-me-1.jpg 1080w\" sizes=\"auto, (max-width: 114px) 100vw, 114px\" \/><\/a>Objekt \u00bbGustirna (ME)\u00ab<br \/>\n<\/strong>SG-OP-ME \/ Stari Grad, Polje<\/p>\n<p><strong><a href=\"https:\/\/www.topohvar.at\/topo\/orte\/sg\/sg-op-mf-1\/\"><img loading=\"lazy\" decoding=\"async\" class=\"alignleft wp-image-74275\" src=\"https:\/\/www.topohvar.at\/wp-content\/uploads\/2026\/04\/sg-op-mf-1-300x147.jpg\" alt=\"\" width=\"114\" height=\"56\" srcset=\"https:\/\/www.topohvar.at\/wp-content\/uploads\/2026\/04\/sg-op-mf-1-300x147.jpg 300w, https:\/\/www.topohvar.at\/wp-content\/uploads\/2026\/04\/sg-op-mf-1-1024x503.jpg 1024w, https:\/\/www.topohvar.at\/wp-content\/uploads\/2026\/04\/sg-op-mf-1-768x377.jpg 768w, https:\/\/www.topohvar.at\/wp-content\/uploads\/2026\/04\/sg-op-mf-1.jpg 1080w\" sizes=\"auto, (max-width: 114px) 100vw, 114px\" \/><\/a>Objekt \u00bbGustirna (MF)\u00ab<br \/>\n<\/strong>SG-OP-MF \/ Stari Grad, Polje<\/p>\n<p><strong><a href=\"https:\/\/www.topohvar.at\/topo\/orte\/sg\/sg-op-w7-1\/\"><img loading=\"lazy\" decoding=\"async\" class=\"alignleft wp-image-74290\" src=\"https:\/\/www.topohvar.at\/wp-content\/uploads\/2026\/04\/sg-op-w7-1-300x147.jpg\" alt=\"\" width=\"114\" height=\"56\" srcset=\"https:\/\/www.topohvar.at\/wp-content\/uploads\/2026\/04\/sg-op-w7-1-300x147.jpg 300w, https:\/\/www.topohvar.at\/wp-content\/uploads\/2026\/04\/sg-op-w7-1-1024x503.jpg 1024w, https:\/\/www.topohvar.at\/wp-content\/uploads\/2026\/04\/sg-op-w7-1-768x377.jpg 768w, https:\/\/www.topohvar.at\/wp-content\/uploads\/2026\/04\/sg-op-w7-1.jpg 1080w\" sizes=\"auto, (max-width: 114px) 100vw, 114px\" \/><\/a>Objekt \u00bbGustirna (W7)\u00ab<br \/>\n<\/strong>SG-OP-W7 \/ Stari Grad, Polje<\/p>\n<p><strong><a href=\"https:\/\/www.topohvar.at\/orte\/sg\/sg-op-y7-1\/\"><img loading=\"lazy\" decoding=\"async\" class=\"alignleft wp-image-70100\" src=\"https:\/\/www.topohvar.at\/wp-content\/uploads\/2024\/11\/sg-op-y7-0-300x147.jpg\" alt=\"\" width=\"114\" height=\"56\" srcset=\"https:\/\/www.topohvar.at\/wp-content\/uploads\/2024\/11\/sg-op-y7-0-300x147.jpg 300w, https:\/\/www.topohvar.at\/wp-content\/uploads\/2024\/11\/sg-op-y7-0-1024x503.jpg 1024w, https:\/\/www.topohvar.at\/wp-content\/uploads\/2024\/11\/sg-op-y7-0-768x377.jpg 768w, https:\/\/www.topohvar.at\/wp-content\/uploads\/2024\/11\/sg-op-y7-0.jpg 1080w\" sizes=\"auto, (max-width: 114px) 100vw, 114px\" \/><\/a>Objekt \u00bbGustirna (Y7)\u00ab<br \/>\n<\/strong>SG-OP-Y7 \/ Stari Grad, Polje, Male Mo\u0107e<\/p>\n<p><strong><a href=\"https:\/\/www.topohvar.at\/orte\/sg\/sg-op-z5-1\/\"><img loading=\"lazy\" decoding=\"async\" class=\"alignleft wp-image-63342\" src=\"https:\/\/www.topohvar.at\/wp-content\/uploads\/2023\/06\/SG-OP-Z5-0-300x148.jpg\" alt=\"\" width=\"113\" height=\"56\" srcset=\"https:\/\/www.topohvar.at\/wp-content\/uploads\/2023\/06\/SG-OP-Z5-0-300x148.jpg 300w, https:\/\/www.topohvar.at\/wp-content\/uploads\/2023\/06\/SG-OP-Z5-0.jpg 640w\" sizes=\"auto, (max-width: 113px) 100vw, 113px\" \/><\/a>Objekt \u00bbGustirna (Z5)\u00ab<br \/>\n<\/strong>SG-OP-Z5 \/ Stari Grad, Polje, Dra\u010device<\/p>\n<p><strong><a href=\"https:\/\/www.topohvar.at\/orte\/sg\/sg-op-lb-1\/\"><img loading=\"lazy\" decoding=\"async\" class=\"alignleft wp-image-70108\" src=\"https:\/\/www.topohvar.at\/wp-content\/uploads\/2024\/11\/sg-op-lb-0-300x147.jpg\" alt=\"\" width=\"114\" height=\"56\" srcset=\"https:\/\/www.topohvar.at\/wp-content\/uploads\/2024\/11\/sg-op-lb-0-300x147.jpg 300w, https:\/\/www.topohvar.at\/wp-content\/uploads\/2024\/11\/sg-op-lb-0-1024x503.jpg 1024w, https:\/\/www.topohvar.at\/wp-content\/uploads\/2024\/11\/sg-op-lb-0-768x377.jpg 768w, https:\/\/www.topohvar.at\/wp-content\/uploads\/2024\/11\/sg-op-lb-0.jpg 1080w\" sizes=\"auto, (max-width: 114px) 100vw, 114px\" \/><\/a>Objekt \u00bbGustirna (LB)\u00ab<br \/>\n<\/strong>SG-OP-LB \/ Stari Grad, Polje, Dra\u010device<\/p>\n<p><strong><a href=\"https:\/\/www.topohvar.at\/orte\/sg\/sg-op-54-1\/\"><img loading=\"lazy\" decoding=\"async\" class=\"alignleft wp-image-49293\" src=\"https:\/\/www.topohvar.at\/wp-content\/uploads\/2021\/05\/sg-tr-20-12.jpg\" alt=\"\" width=\"114\" height=\"56\" srcset=\"https:\/\/www.topohvar.at\/wp-content\/uploads\/2021\/05\/sg-tr-20-12.jpg 1080w, https:\/\/www.topohvar.at\/wp-content\/uploads\/2021\/05\/sg-tr-20-12-300x147.jpg 300w, https:\/\/www.topohvar.at\/wp-content\/uploads\/2021\/05\/sg-tr-20-12-1024x503.jpg 1024w, https:\/\/www.topohvar.at\/wp-content\/uploads\/2021\/05\/sg-tr-20-12-768x377.jpg 768w\" sizes=\"auto, (max-width: 114px) 100vw, 114px\" \/><\/a>Objekt \u00bbGustirna (54) uz trim SG-TR-20\u00ab<br \/>\n<\/strong>SG-OP-54 \/ Stari Grad, Polje, Male Mo\u0107e<\/p>\n<p><strong><a href=\"https:\/\/www.topohvar.at\/topo\/orte\/sg\/sg-op-lc-1\/\"><img loading=\"lazy\" decoding=\"async\" class=\"alignleft wp-image-70114\" src=\"https:\/\/www.topohvar.at\/wp-content\/uploads\/2024\/11\/sg-op-lc-0-300x147.jpg\" alt=\"\" width=\"114\" height=\"56\" srcset=\"https:\/\/www.topohvar.at\/wp-content\/uploads\/2024\/11\/sg-op-lc-0-300x147.jpg 300w, https:\/\/www.topohvar.at\/wp-content\/uploads\/2024\/11\/sg-op-lc-0-1024x503.jpg 1024w, https:\/\/www.topohvar.at\/wp-content\/uploads\/2024\/11\/sg-op-lc-0-768x377.jpg 768w, https:\/\/www.topohvar.at\/wp-content\/uploads\/2024\/11\/sg-op-lc-0.jpg 1080w\" sizes=\"auto, (max-width: 114px) 100vw, 114px\" \/><\/a>Objekt \u00bbGustirna (LC)\u00ab<br \/>\n<\/strong>SG-OP-LC \/ Stari Grad, Polje, Male Mo\u0107e<\/p>\n<p><strong><a href=\"https:\/\/www.topohvar.at\/orte\/sg\/sg-op-lj-1\/\"><img loading=\"lazy\" decoding=\"async\" class=\"alignleft wp-image-74758\" src=\"https:\/\/www.topohvar.at\/wp-content\/uploads\/2026\/04\/sg-op-ld-010-300x147.jpg\" alt=\"\" width=\"114\" height=\"56\" srcset=\"https:\/\/www.topohvar.at\/wp-content\/uploads\/2026\/04\/sg-op-ld-010-300x147.jpg 300w, https:\/\/www.topohvar.at\/wp-content\/uploads\/2026\/04\/sg-op-ld-010-1024x503.jpg 1024w, https:\/\/www.topohvar.at\/wp-content\/uploads\/2026\/04\/sg-op-ld-010-768x377.jpg 768w, https:\/\/www.topohvar.at\/wp-content\/uploads\/2026\/04\/sg-op-ld-010.jpg 1080w\" sizes=\"auto, (max-width: 114px) 100vw, 114px\" \/><\/a>Objekt \u00bbUpojna jama (LJ)\u00ab<br \/>\n<\/strong>SG-OP-LJ \/ Stari Grad, Polje, Lug<\/p>\n<p><strong><a href=\"https:\/\/www.topohvar.at\/orte\/sg\/sg-op-nd-1\/\"><img loading=\"lazy\" decoding=\"async\" class=\"alignleft wp-image-74767\" src=\"https:\/\/www.topohvar.at\/wp-content\/uploads\/2026\/04\/sg-op-nd-1-300x147.jpg\" alt=\"\" width=\"114\" height=\"56\" srcset=\"https:\/\/www.topohvar.at\/wp-content\/uploads\/2026\/04\/sg-op-nd-1-300x147.jpg 300w, https:\/\/www.topohvar.at\/wp-content\/uploads\/2026\/04\/sg-op-nd-1-1024x503.jpg 1024w, https:\/\/www.topohvar.at\/wp-content\/uploads\/2026\/04\/sg-op-nd-1-768x377.jpg 768w, https:\/\/www.topohvar.at\/wp-content\/uploads\/2026\/04\/sg-op-nd-1.jpg 1080w\" sizes=\"auto, (max-width: 114px) 100vw, 114px\" \/><\/a>Objekt \u00bbGustirna (ND)\u00ab<br \/>\n<\/strong>SG-OP-ND \/ Stari Grad, Polje, Lug<\/p>\n<p><strong><a href=\"https:\/\/www.topohvar.at\/orte\/sg\/sg-op-ne-1\/\"><img loading=\"lazy\" decoding=\"async\" class=\"alignleft wp-image-74752\" src=\"https:\/\/www.topohvar.at\/wp-content\/uploads\/2026\/04\/sg-op-ne-1-300x147.jpg\" alt=\"\" width=\"114\" height=\"56\" srcset=\"https:\/\/www.topohvar.at\/wp-content\/uploads\/2026\/04\/sg-op-ne-1-300x147.jpg 300w, https:\/\/www.topohvar.at\/wp-content\/uploads\/2026\/04\/sg-op-ne-1-1024x503.jpg 1024w, https:\/\/www.topohvar.at\/wp-content\/uploads\/2026\/04\/sg-op-ne-1-768x377.jpg 768w, https:\/\/www.topohvar.at\/wp-content\/uploads\/2026\/04\/sg-op-ne-1.jpg 1080w\" sizes=\"auto, (max-width: 114px) 100vw, 114px\" \/><\/a>Objekt \u00bbGustirna (NE)\u00ab<br \/>\n<\/strong>SG-OP-NE \/ Stari Grad, Polje, Lug<\/p>\n<p><strong><a href=\"https:\/\/www.topohvar.at\/orte\/sg\/sg-op-nf-1\/\"><img loading=\"lazy\" decoding=\"async\" class=\"alignleft wp-image-74747\" src=\"https:\/\/www.topohvar.at\/wp-content\/uploads\/2026\/04\/sg-op-nf-1-300x147.jpg\" alt=\"\" width=\"114\" height=\"56\" srcset=\"https:\/\/www.topohvar.at\/wp-content\/uploads\/2026\/04\/sg-op-nf-1-300x147.jpg 300w, https:\/\/www.topohvar.at\/wp-content\/uploads\/2026\/04\/sg-op-nf-1-1024x503.jpg 1024w, https:\/\/www.topohvar.at\/wp-content\/uploads\/2026\/04\/sg-op-nf-1-768x377.jpg 768w, https:\/\/www.topohvar.at\/wp-content\/uploads\/2026\/04\/sg-op-nf-1.jpg 1080w\" sizes=\"auto, (max-width: 114px) 100vw, 114px\" \/><\/a>Objekt \u00bbGustirna (NF)\u00ab<br \/>\n<\/strong>SG-OP-NF \/ Stari Grad, Polje, Lug<\/p>\n<p><strong><a href=\"https:\/\/www.topohvar.at\/orte\/sg\/sg-op-y6-1\/\"><img loading=\"lazy\" decoding=\"async\" class=\"alignleft wp-image-74740\" src=\"https:\/\/www.topohvar.at\/wp-content\/uploads\/2026\/04\/sg-op-y6-1-300x147.jpg\" alt=\"\" width=\"114\" height=\"56\" srcset=\"https:\/\/www.topohvar.at\/wp-content\/uploads\/2026\/04\/sg-op-y6-1-300x147.jpg 300w, https:\/\/www.topohvar.at\/wp-content\/uploads\/2026\/04\/sg-op-y6-1-1024x503.jpg 1024w, https:\/\/www.topohvar.at\/wp-content\/uploads\/2026\/04\/sg-op-y6-1-768x377.jpg 768w, https:\/\/www.topohvar.at\/wp-content\/uploads\/2026\/04\/sg-op-y6-1.jpg 1080w\" sizes=\"auto, (max-width: 114px) 100vw, 114px\" \/><\/a>Objekt \u00bbGustirna (Y6)\u00ab<br \/>\n<\/strong>SG-OP-Y6 \/ Stari Grad, Polje, Lug<\/p>\n<p><strong><a href=\"https:\/\/www.topohvar.at\/orte\/sg\/sg-op-y3-1\/\"><img loading=\"lazy\" decoding=\"async\" class=\"alignleft wp-image-74734\" src=\"https:\/\/www.topohvar.at\/wp-content\/uploads\/2026\/04\/sg-op-y3-1-300x147.jpg\" alt=\"\" width=\"114\" height=\"56\" srcset=\"https:\/\/www.topohvar.at\/wp-content\/uploads\/2026\/04\/sg-op-y3-1-300x147.jpg 300w, https:\/\/www.topohvar.at\/wp-content\/uploads\/2026\/04\/sg-op-y3-1-1024x503.jpg 1024w, https:\/\/www.topohvar.at\/wp-content\/uploads\/2026\/04\/sg-op-y3-1-768x377.jpg 768w, https:\/\/www.topohvar.at\/wp-content\/uploads\/2026\/04\/sg-op-y3-1.jpg 1080w\" sizes=\"auto, (max-width: 114px) 100vw, 114px\" \/><\/a>Objekt \u00bbGustirna (Y3)\u00ab<br \/>\n<\/strong>SG-OP-Y3 \/ Stari Grad, Polje, Male Mo\u0107e<\/p>\n<p><strong><a href=\"https:\/\/www.topohvar.at\/orte\/sg\/sg-op-56-1\/\"><img loading=\"lazy\" decoding=\"async\" class=\"alignleft wp-image-49307\" src=\"https:\/\/www.topohvar.at\/wp-content\/uploads\/2021\/05\/SG-TR-28-1.jpg\" alt=\"\" width=\"114\" height=\"56\" srcset=\"https:\/\/www.topohvar.at\/wp-content\/uploads\/2021\/05\/SG-TR-28-1.jpg 1080w, https:\/\/www.topohvar.at\/wp-content\/uploads\/2021\/05\/SG-TR-28-1-300x147.jpg 300w, https:\/\/www.topohvar.at\/wp-content\/uploads\/2021\/05\/SG-TR-28-1-1024x503.jpg 1024w, https:\/\/www.topohvar.at\/wp-content\/uploads\/2021\/05\/SG-TR-28-1-768x377.jpg 768w\" sizes=\"auto, (max-width: 114px) 100vw, 114px\" \/><\/a>Objekt \u00bbGustirna (56) uz trim SG-TR-28\u00ab<br \/>\n<\/strong>SG-OP-56 \/ Stari Grad, Polje, Male Mo\u0107e<\/p>\n<p><strong><a href=\"https:\/\/www.topohvar.at\/orte\/sg\/sg-op-jf-1\/\"><img loading=\"lazy\" decoding=\"async\" class=\"alignleft wp-image-63350\" src=\"https:\/\/www.topohvar.at\/wp-content\/uploads\/2023\/06\/SG-OP-JF-0-300x148.jpg\" alt=\"\" width=\"112\" height=\"55\" srcset=\"https:\/\/www.topohvar.at\/wp-content\/uploads\/2023\/06\/SG-OP-JF-0-300x148.jpg 300w, https:\/\/www.topohvar.at\/wp-content\/uploads\/2023\/06\/SG-OP-JF-0.jpg 640w\" sizes=\"auto, (max-width: 112px) 100vw, 112px\" \/><\/a>Objekt \u00bbGustirna (JF)\u00ab<br \/>\n<\/strong>SG-OP-JF \/ Stari Grad, Polje, Male Mo\u0107e<\/p>\n<p><strong><a href=\"https:\/\/www.topohvar.at\/orte\/sg\/sg-op-ma-1\/\"><img loading=\"lazy\" decoding=\"async\" class=\"alignleft wp-image-74153\" src=\"https:\/\/www.topohvar.at\/wp-content\/uploads\/2026\/04\/sg-op-ma-1-300x147.jpg\" alt=\"\" width=\"114\" height=\"56\" srcset=\"https:\/\/www.topohvar.at\/wp-content\/uploads\/2026\/04\/sg-op-ma-1-300x147.jpg 300w, https:\/\/www.topohvar.at\/wp-content\/uploads\/2026\/04\/sg-op-ma-1-1024x503.jpg 1024w, https:\/\/www.topohvar.at\/wp-content\/uploads\/2026\/04\/sg-op-ma-1-768x377.jpg 768w, https:\/\/www.topohvar.at\/wp-content\/uploads\/2026\/04\/sg-op-ma-1.jpg 1080w\" sizes=\"auto, (max-width: 114px) 100vw, 114px\" \/><\/a>Objekt \u00bbGustirna (MA)\u00ab<br \/>\n<\/strong>SG-OP-MA \/ Stari Grad, Polje, Male Mo\u0107e<\/p>\n<p><strong data-wp-editing=\"1\"><a href=\"https:\/\/www.topohvar.at\/orte\/sg\/sg-op-le-1\/\"><img loading=\"lazy\" decoding=\"async\" class=\"alignleft wp-image-72555\" src=\"https:\/\/www.topohvar.at\/wp-content\/uploads\/2025\/05\/sg-tr-i1-51-300x147.jpg\" alt=\"\" width=\"114\" height=\"56\" srcset=\"https:\/\/www.topohvar.at\/wp-content\/uploads\/2025\/05\/sg-tr-i1-51-300x147.jpg 300w, https:\/\/www.topohvar.at\/wp-content\/uploads\/2025\/05\/sg-tr-i1-51-1024x503.jpg 1024w, https:\/\/www.topohvar.at\/wp-content\/uploads\/2025\/05\/sg-tr-i1-51-768x377.jpg 768w, https:\/\/www.topohvar.at\/wp-content\/uploads\/2025\/05\/sg-tr-i1-51.jpg 1080w\" sizes=\"auto, (max-width: 114px) 100vw, 114px\" \/><\/a>Objekt \u00bbGustirna (LE) uz\u00a0trim SG-TR-I1\u00ab<br \/>\n<\/strong>SG-OP-LE \/ Stari Grad, Vrbanjske Rudine, Goba\u0161ko bardo<\/p>\n<p><strong><a href=\"https:\/\/www.topohvar.at\/orte\/sg\/sg-op-74-1\/\"><img loading=\"lazy\" decoding=\"async\" class=\"alignleft wp-image-49402\" src=\"https:\/\/www.topohvar.at\/wp-content\/uploads\/2021\/05\/sg-tr-e3-1.jpg\" alt=\"\" width=\"114\" height=\"56\" srcset=\"https:\/\/www.topohvar.at\/wp-content\/uploads\/2021\/05\/sg-tr-e3-1.jpg 1080w, https:\/\/www.topohvar.at\/wp-content\/uploads\/2021\/05\/sg-tr-e3-1-300x147.jpg 300w, https:\/\/www.topohvar.at\/wp-content\/uploads\/2021\/05\/sg-tr-e3-1-1024x503.jpg 1024w, https:\/\/www.topohvar.at\/wp-content\/uploads\/2021\/05\/sg-tr-e3-1-768x377.jpg 768w\" sizes=\"auto, (max-width: 114px) 100vw, 114px\" \/><\/a>Objekt \u00bbGustirna (74) uz trim SG-TR-E3\u00ab<br \/>\n<\/strong>SG-OP-74 \/ Stari Grad, Polje, Male Mo\u0107e<\/p>\n<p><strong><a href=\"https:\/\/www.topohvar.at\/orte\/sg\/sg-op-72-1\/\"><img loading=\"lazy\" decoding=\"async\" class=\"alignleft wp-image-49391\" src=\"https:\/\/www.topohvar.at\/wp-content\/uploads\/2021\/05\/sg-tr-c5-12.jpg\" alt=\"\" width=\"114\" height=\"56\" srcset=\"https:\/\/www.topohvar.at\/wp-content\/uploads\/2021\/05\/sg-tr-c5-12.jpg 1080w, https:\/\/www.topohvar.at\/wp-content\/uploads\/2021\/05\/sg-tr-c5-12-300x147.jpg 300w, https:\/\/www.topohvar.at\/wp-content\/uploads\/2021\/05\/sg-tr-c5-12-1024x503.jpg 1024w, https:\/\/www.topohvar.at\/wp-content\/uploads\/2021\/05\/sg-tr-c5-12-768x377.jpg 768w\" sizes=\"auto, (max-width: 114px) 100vw, 114px\" \/><\/a>Objekt \u00bbGustirna (72) uz trim SG-TR-C5\u00ab<br \/>\n<\/strong>SG-OP-72\/ Stari Grad, Polje, Ori\u0161ac, na glavnoj cesti DC-116<\/p>\n<p><strong><a href=\"https:\/\/www.topohvar.at\/orte\/sg\/sg-op-61-1\/\"><img loading=\"lazy\" decoding=\"async\" class=\"alignleft wp-image-49332\" src=\"https:\/\/www.topohvar.at\/wp-content\/uploads\/2021\/05\/sg-tr-44-11.jpg\" alt=\"\" width=\"114\" height=\"56\" srcset=\"https:\/\/www.topohvar.at\/wp-content\/uploads\/2021\/05\/sg-tr-44-11.jpg 1080w, https:\/\/www.topohvar.at\/wp-content\/uploads\/2021\/05\/sg-tr-44-11-300x147.jpg 300w, https:\/\/www.topohvar.at\/wp-content\/uploads\/2021\/05\/sg-tr-44-11-1024x503.jpg 1024w, https:\/\/www.topohvar.at\/wp-content\/uploads\/2021\/05\/sg-tr-44-11-768x377.jpg 768w\" sizes=\"auto, (max-width: 114px) 100vw, 114px\" \/><\/a>Objekt \u00bbGustirna (61) uz trim SG-TR-44\u00ab<br \/>\n<\/strong>SG-OP-61 \/ Stari Grad, Polje, Ori\u0161ac, na glavnoj cesti DC-116<\/p>\n<p><strong><a href=\"https:\/\/www.topohvar.at\/orte\/sg\/sg-op-LD-1\/\"><img loading=\"lazy\" decoding=\"async\" class=\"alignleft wp-image-72065\" src=\"https:\/\/www.topohvar.at\/wp-content\/uploads\/2025\/05\/sg-op-ld-0-300x147.jpg\" alt=\"\" width=\"114\" height=\"56\" srcset=\"https:\/\/www.topohvar.at\/wp-content\/uploads\/2025\/05\/sg-op-ld-0-300x147.jpg 300w, https:\/\/www.topohvar.at\/wp-content\/uploads\/2025\/05\/sg-op-ld-0-1024x503.jpg 1024w, https:\/\/www.topohvar.at\/wp-content\/uploads\/2025\/05\/sg-op-ld-0-768x377.jpg 768w, https:\/\/www.topohvar.at\/wp-content\/uploads\/2025\/05\/sg-op-ld-0.jpg 1080w\" sizes=\"auto, (max-width: 114px) 100vw, 114px\" \/><\/a>Objekt \u00bbGustirna (LD) kod ku\u0107e\u00ab<br \/>\n<\/strong>SG-OP-LD \/ Stari Grad, Polje, Gornji Rugonji<\/p>\n<p><strong><a href=\"https:\/\/www.topohvar.at\/orte\/sg\/sg-op-89-1\/\"><img loading=\"lazy\" decoding=\"async\" class=\"alignleft wp-image-50152\" src=\"https:\/\/www.topohvar.at\/wp-content\/uploads\/2021\/06\/sg-op-89-1.jpg\" alt=\"\" width=\"114\" height=\"56\" srcset=\"https:\/\/www.topohvar.at\/wp-content\/uploads\/2021\/06\/sg-op-89-1.jpg 1080w, https:\/\/www.topohvar.at\/wp-content\/uploads\/2021\/06\/sg-op-89-1-300x147.jpg 300w, https:\/\/www.topohvar.at\/wp-content\/uploads\/2021\/06\/sg-op-89-1-1024x503.jpg 1024w, https:\/\/www.topohvar.at\/wp-content\/uploads\/2021\/06\/sg-op-89-1-768x377.jpg 768w\" sizes=\"auto, (max-width: 114px) 100vw, 114px\" \/><\/a>Objekt \u00bbGustirna (89) &#8211; Ori\u0161ac\u00ab<br \/>\n<\/strong>SG-OP-89 \/ Stari Grad, Polje, Ori\u0161ac, na glavnoj cesti DC-116<\/p>\n<p><strong><a href=\"https:\/\/www.topohvar.at\/orte\/sg\/sg-op-90-1\/\"><img loading=\"lazy\" decoding=\"async\" class=\"alignleft wp-image-50158\" src=\"https:\/\/www.topohvar.at\/wp-content\/uploads\/2021\/06\/sg-op-90-1.jpg\" alt=\"\" width=\"114\" height=\"56\" srcset=\"https:\/\/www.topohvar.at\/wp-content\/uploads\/2021\/06\/sg-op-90-1.jpg 1080w, https:\/\/www.topohvar.at\/wp-content\/uploads\/2021\/06\/sg-op-90-1-300x147.jpg 300w, https:\/\/www.topohvar.at\/wp-content\/uploads\/2021\/06\/sg-op-90-1-1024x503.jpg 1024w, https:\/\/www.topohvar.at\/wp-content\/uploads\/2021\/06\/sg-op-90-1-768x377.jpg 768w\" sizes=\"auto, (max-width: 114px) 100vw, 114px\" \/><\/a>Objekt \u00bbGustirna (90) &#8211; Ori\u0161ac\u00ab<br \/>\n<\/strong>SG-OP-90 \/ Stari Grad, Polje, Ori\u0161ac, na glavnoj cesti DC-116<\/p>\n<p><strong><a href=\"https:\/\/www.topohvar.at\/orte\/sg\/sg-op-91-1\/\"><img loading=\"lazy\" decoding=\"async\" class=\"alignleft wp-image-50164\" src=\"https:\/\/www.topohvar.at\/wp-content\/uploads\/2021\/06\/sg-op-91-1.jpg\" alt=\"\" width=\"114\" height=\"56\" srcset=\"https:\/\/www.topohvar.at\/wp-content\/uploads\/2021\/06\/sg-op-91-1.jpg 1080w, https:\/\/www.topohvar.at\/wp-content\/uploads\/2021\/06\/sg-op-91-1-300x147.jpg 300w, https:\/\/www.topohvar.at\/wp-content\/uploads\/2021\/06\/sg-op-91-1-1024x503.jpg 1024w, https:\/\/www.topohvar.at\/wp-content\/uploads\/2021\/06\/sg-op-91-1-768x377.jpg 768w\" sizes=\"auto, (max-width: 114px) 100vw, 114px\" \/><\/a>Objekt \u00bbGustirna (91) &#8211; Ori\u0161ac\u00ab<br \/>\n<\/strong>SG-OP-91 \/ Stari Grad, Polje, Ori\u0161ac, na glavnoj cesti DC-116<\/p>\n<p><strong><a href=\"https:\/\/www.topohvar.at\/orte\/sg\/sg-op-92-1\/\"><img loading=\"lazy\" decoding=\"async\" class=\"alignleft wp-image-50170\" src=\"https:\/\/www.topohvar.at\/wp-content\/uploads\/2021\/06\/sg-op-92-1.jpg\" alt=\"\" width=\"114\" height=\"56\" srcset=\"https:\/\/www.topohvar.at\/wp-content\/uploads\/2021\/06\/sg-op-92-1.jpg 1080w, https:\/\/www.topohvar.at\/wp-content\/uploads\/2021\/06\/sg-op-92-1-300x147.jpg 300w, https:\/\/www.topohvar.at\/wp-content\/uploads\/2021\/06\/sg-op-92-1-1024x503.jpg 1024w, https:\/\/www.topohvar.at\/wp-content\/uploads\/2021\/06\/sg-op-92-1-768x377.jpg 768w\" sizes=\"auto, (max-width: 114px) 100vw, 114px\" \/><\/a>Objekt \u00bbGustirna (92) &#8211; Ori\u0161ac\u00ab<br \/>\n<\/strong>SG-OP-92 \/ Stari Grad, Polje, Ori\u0161ac, na glavnoj cesti DC-116<\/p>\n<p><strong><a href=\"https:\/\/www.topohvar.at\/orte\/sg\/sg-op-93-1\/\"><img loading=\"lazy\" decoding=\"async\" class=\"alignleft wp-image-50177\" src=\"https:\/\/www.topohvar.at\/wp-content\/uploads\/2021\/06\/sg-op-93-1.jpg\" alt=\"\" width=\"114\" height=\"56\" srcset=\"https:\/\/www.topohvar.at\/wp-content\/uploads\/2021\/06\/sg-op-93-1.jpg 1080w, https:\/\/www.topohvar.at\/wp-content\/uploads\/2021\/06\/sg-op-93-1-300x147.jpg 300w, https:\/\/www.topohvar.at\/wp-content\/uploads\/2021\/06\/sg-op-93-1-1024x503.jpg 1024w, https:\/\/www.topohvar.at\/wp-content\/uploads\/2021\/06\/sg-op-93-1-768x377.jpg 768w\" sizes=\"auto, (max-width: 114px) 100vw, 114px\" \/><\/a>Objekt \u00bbGustirna (93) &#8211; Ori\u0161ac\u00ab<br \/>\n<\/strong>SG-OP-93 \/ Stari Grad, Polje, Ori\u0161ac, na glavnoj cesti DC-116<\/p>\n<p><strong><a href=\"https:\/\/www.topohvar.at\/orte\/sg\/sg-op-94-1\/\"><img loading=\"lazy\" decoding=\"async\" class=\"alignleft wp-image-50184\" src=\"https:\/\/www.topohvar.at\/wp-content\/uploads\/2021\/06\/sg-op-94-1.jpg\" alt=\"\" width=\"114\" height=\"56\" srcset=\"https:\/\/www.topohvar.at\/wp-content\/uploads\/2021\/06\/sg-op-94-1.jpg 1080w, https:\/\/www.topohvar.at\/wp-content\/uploads\/2021\/06\/sg-op-94-1-300x147.jpg 300w, https:\/\/www.topohvar.at\/wp-content\/uploads\/2021\/06\/sg-op-94-1-1024x503.jpg 1024w, https:\/\/www.topohvar.at\/wp-content\/uploads\/2021\/06\/sg-op-94-1-768x377.jpg 768w\" sizes=\"auto, (max-width: 114px) 100vw, 114px\" \/><\/a>Objekt \u00bbGustirna (94) &#8211; Ori\u0161ac\u00ab<br \/>\n<\/strong>SG-OP-94 \/ Stari Grad, Polje, Ori\u0161ac, na glavnoj cesti DC-116<\/p>\n<p><strong><a href=\"https:\/\/www.topohvar.at\/topo\/orte\/sg\/sg-op-ka-1\/\"><img loading=\"lazy\" decoding=\"async\" class=\"alignleft wp-image-67104\" src=\"https:\/\/www.topohvar.at\/wp-content\/uploads\/2024\/05\/sg-op-1d-1-300x147.jpg\" alt=\"\" width=\"114\" height=\"56\" srcset=\"https:\/\/www.topohvar.at\/wp-content\/uploads\/2024\/05\/sg-op-1d-1-300x147.jpg 300w, https:\/\/www.topohvar.at\/wp-content\/uploads\/2024\/05\/sg-op-1d-1-1024x503.jpg 1024w, https:\/\/www.topohvar.at\/wp-content\/uploads\/2024\/05\/sg-op-1d-1-768x377.jpg 768w, https:\/\/www.topohvar.at\/wp-content\/uploads\/2024\/05\/sg-op-1d-1.jpg 1080w\" sizes=\"auto, (max-width: 114px) 100vw, 114px\" \/><\/a>Objekt \u00bbGustirna (KA)\u00ab<br \/>\n<\/strong>SG-OP-KA \/ Stari Grad, Vukovarska Cesta<\/p>\n<p><strong><a href=\"https:\/\/www.topohvar.at\/topo\/orte\/sg\/sg-op-jj-1\/\"><img loading=\"lazy\" decoding=\"async\" class=\"alignleft wp-image-67110\" src=\"https:\/\/www.topohvar.at\/wp-content\/uploads\/2024\/05\/sg-op-1c-1-300x147.jpg\" alt=\"\" width=\"114\" height=\"56\" srcset=\"https:\/\/www.topohvar.at\/wp-content\/uploads\/2024\/05\/sg-op-1c-1-300x147.jpg 300w, https:\/\/www.topohvar.at\/wp-content\/uploads\/2024\/05\/sg-op-1c-1-1024x503.jpg 1024w, https:\/\/www.topohvar.at\/wp-content\/uploads\/2024\/05\/sg-op-1c-1-768x377.jpg 768w, https:\/\/www.topohvar.at\/wp-content\/uploads\/2024\/05\/sg-op-1c-1.jpg 1080w\" sizes=\"auto, (max-width: 114px) 100vw, 114px\" \/><\/a>Objekt \u00bbGustirna (JJ)\u00ab<br \/>\n<\/strong>SG-OP-JJ \/ Stari Grad, Vukovarska Cesta<\/p>\n<p><strong><a href=\"https:\/\/www.topohvar.at\/topo\/orte\/sg\/sg-op-kb-1\/\"><img loading=\"lazy\" decoding=\"async\" class=\"alignleft wp-image-67118\" src=\"https:\/\/www.topohvar.at\/wp-content\/uploads\/2024\/05\/sg-op-1e-1-300x147.jpg\" alt=\"\" width=\"114\" height=\"56\" srcset=\"https:\/\/www.topohvar.at\/wp-content\/uploads\/2024\/05\/sg-op-1e-1-300x147.jpg 300w, https:\/\/www.topohvar.at\/wp-content\/uploads\/2024\/05\/sg-op-1e-1-1024x503.jpg 1024w, https:\/\/www.topohvar.at\/wp-content\/uploads\/2024\/05\/sg-op-1e-1-768x377.jpg 768w, https:\/\/www.topohvar.at\/wp-content\/uploads\/2024\/05\/sg-op-1e-1.jpg 1080w\" sizes=\"auto, (max-width: 114px) 100vw, 114px\" \/><\/a>Objekt \u00bbGustirna (KB)\u00ab<br \/>\n<\/strong>SG-OP-KB \/ Stari Grad, Vukovarska Cesta<\/p>\n<p><strong><a href=\"https:\/\/www.topohvar.at\/topo\/orte\/sg\/sg-op-c7-1\/\"><img loading=\"lazy\" decoding=\"async\" class=\"alignleft wp-image-67124\" src=\"https:\/\/www.topohvar.at\/wp-content\/uploads\/2024\/05\/sg-op-c7-1-300x147.jpg\" alt=\"\" width=\"114\" height=\"56\" srcset=\"https:\/\/www.topohvar.at\/wp-content\/uploads\/2024\/05\/sg-op-c7-1-300x147.jpg 300w, https:\/\/www.topohvar.at\/wp-content\/uploads\/2024\/05\/sg-op-c7-1-1024x503.jpg 1024w, https:\/\/www.topohvar.at\/wp-content\/uploads\/2024\/05\/sg-op-c7-1-768x377.jpg 768w, https:\/\/www.topohvar.at\/wp-content\/uploads\/2024\/05\/sg-op-c7-1.jpg 1080w\" sizes=\"auto, (max-width: 114px) 100vw, 114px\" \/><\/a>Objekt \u00bbGustirna (C7)\u00ab<br \/>\n<\/strong>SG-OP-C7 \/ Stari Grad, Vukovarska Cesta<\/p>\n<p><strong><a href=\"https:\/\/www.topohvar.at\/topo\/orte\/sg\/sg-op-kd-1\/\"><img loading=\"lazy\" decoding=\"async\" class=\"alignleft wp-image-67130\" src=\"https:\/\/www.topohvar.at\/wp-content\/uploads\/2024\/05\/sg-op-1g-1-300x147.jpg\" alt=\"\" width=\"114\" height=\"56\" srcset=\"https:\/\/www.topohvar.at\/wp-content\/uploads\/2024\/05\/sg-op-1g-1-300x147.jpg 300w, https:\/\/www.topohvar.at\/wp-content\/uploads\/2024\/05\/sg-op-1g-1-1024x503.jpg 1024w, https:\/\/www.topohvar.at\/wp-content\/uploads\/2024\/05\/sg-op-1g-1-768x377.jpg 768w, https:\/\/www.topohvar.at\/wp-content\/uploads\/2024\/05\/sg-op-1g-1.jpg 1080w\" sizes=\"auto, (max-width: 114px) 100vw, 114px\" \/><\/a>Objekt \u00bbGustirna (KD)\u00ab<br \/>\n<\/strong>SG-OP-KD \/ Stari Grad, jugoisto\u010dno od grada<\/p>\n<p><strong><a href=\"https:\/\/www.topohvar.at\/topo\/orte\/sg\/sg-op-ke-1\/\"><img loading=\"lazy\" decoding=\"async\" class=\"alignleft wp-image-67139\" src=\"https:\/\/www.topohvar.at\/wp-content\/uploads\/2024\/05\/sg-op-1h-1-300x147.jpg\" alt=\"\" width=\"114\" height=\"56\" srcset=\"https:\/\/www.topohvar.at\/wp-content\/uploads\/2024\/05\/sg-op-1h-1-300x147.jpg 300w, https:\/\/www.topohvar.at\/wp-content\/uploads\/2024\/05\/sg-op-1h-1-1024x503.jpg 1024w, https:\/\/www.topohvar.at\/wp-content\/uploads\/2024\/05\/sg-op-1h-1-768x377.jpg 768w, https:\/\/www.topohvar.at\/wp-content\/uploads\/2024\/05\/sg-op-1h-1.jpg 1080w\" sizes=\"auto, (max-width: 114px) 100vw, 114px\" \/><\/a>Objekt \u00bbGustirna (KE)\u00ab<br \/>\n<\/strong>SG-OP-KE \/ Stari Grad, jugoisto\u010dno od grada<\/p>\n<p><strong><a href=\"https:\/\/www.topohvar.at\/topo\/orte\/sg\/sg-op-kf-1\/\"><img loading=\"lazy\" decoding=\"async\" class=\"alignleft wp-image-67147\" src=\"https:\/\/www.topohvar.at\/wp-content\/uploads\/2024\/05\/sg-op-1i-1-300x147.jpg\" alt=\"\" width=\"114\" height=\"56\" srcset=\"https:\/\/www.topohvar.at\/wp-content\/uploads\/2024\/05\/sg-op-1i-1-300x147.jpg 300w, https:\/\/www.topohvar.at\/wp-content\/uploads\/2024\/05\/sg-op-1i-1-1024x503.jpg 1024w, https:\/\/www.topohvar.at\/wp-content\/uploads\/2024\/05\/sg-op-1i-1-768x377.jpg 768w, https:\/\/www.topohvar.at\/wp-content\/uploads\/2024\/05\/sg-op-1i-1.jpg 1080w\" sizes=\"auto, (max-width: 114px) 100vw, 114px\" \/><\/a>Objekt \u00bbGustirna (KF)\u00ab<br \/>\n<\/strong>SG-OP-KF \/ Stari Grad, glavna cesta DC-116<\/p>\n<p><strong><a href=\"https:\/\/www.topohvar.at\/topo\/orte\/sg\/sg-op-kg-1\/\"><img loading=\"lazy\" decoding=\"async\" class=\"alignleft wp-image-67169\" src=\"https:\/\/www.topohvar.at\/wp-content\/uploads\/2024\/05\/sg-op-1j-1-300x147.jpg\" alt=\"\" width=\"114\" height=\"56\" srcset=\"https:\/\/www.topohvar.at\/wp-content\/uploads\/2024\/05\/sg-op-1j-1-300x147.jpg 300w, https:\/\/www.topohvar.at\/wp-content\/uploads\/2024\/05\/sg-op-1j-1-1024x503.jpg 1024w, https:\/\/www.topohvar.at\/wp-content\/uploads\/2024\/05\/sg-op-1j-1-768x377.jpg 768w, https:\/\/www.topohvar.at\/wp-content\/uploads\/2024\/05\/sg-op-1j-1.jpg 1080w\" sizes=\"auto, (max-width: 114px) 100vw, 114px\" \/><\/a>Objekt \u00bbGustirna (KG)\u00ab<br \/>\n<\/strong>SG-OP-KG \/ Stari Grad, jugoisto\u010dno od grada<\/p>\n<p><strong><a href=\"https:\/\/www.topohvar.at\/orte\/sg\/sg-op-52-1\/\"><img loading=\"lazy\" decoding=\"async\" class=\"alignleft wp-image-50556\" src=\"https:\/\/www.topohvar.at\/wp-content\/uploads\/2021\/07\/sg-op-52-1.jpg\" alt=\"\" width=\"114\" height=\"56\" srcset=\"https:\/\/www.topohvar.at\/wp-content\/uploads\/2021\/07\/sg-op-52-1.jpg 1080w, https:\/\/www.topohvar.at\/wp-content\/uploads\/2021\/07\/sg-op-52-1-300x147.jpg 300w, https:\/\/www.topohvar.at\/wp-content\/uploads\/2021\/07\/sg-op-52-1-1024x503.jpg 1024w, https:\/\/www.topohvar.at\/wp-content\/uploads\/2021\/07\/sg-op-52-1-768x377.jpg 768w\" sizes=\"auto, (max-width: 114px) 100vw, 114px\" \/><\/a>Objekt \u00bbGustirna (52) uz trim SG-TR-11\u00ab<br \/>\n<\/strong>SG-OP-52 \/ Stari Grad, Polje, Ori\u0161ac, na glavnoj cesti DC-116<\/p>\n<p><strong><a href=\"https:\/\/www.topohvar.at\/orte\/sg\/sg-op-85-1\/\"><img loading=\"lazy\" decoding=\"async\" class=\"alignleft wp-image-50114\" src=\"https:\/\/www.topohvar.at\/wp-content\/uploads\/2021\/06\/sg-op-85-1.jpg\" alt=\"\" width=\"114\" height=\"56\" srcset=\"https:\/\/www.topohvar.at\/wp-content\/uploads\/2021\/06\/sg-op-85-1.jpg 1080w, https:\/\/www.topohvar.at\/wp-content\/uploads\/2021\/06\/sg-op-85-1-300x147.jpg 300w, https:\/\/www.topohvar.at\/wp-content\/uploads\/2021\/06\/sg-op-85-1-1024x503.jpg 1024w, https:\/\/www.topohvar.at\/wp-content\/uploads\/2021\/06\/sg-op-85-1-768x377.jpg 768w\" sizes=\"auto, (max-width: 114px) 100vw, 114px\" \/><\/a>Objekt \u00bbGustirna (85)\u00ab<br \/>\n<\/strong>SG-OP-85\/ Stari Grad, Polje, Ori\u0161ac<\/p>\n<p><strong><a href=\"https:\/\/www.topohvar.at\/orte\/sg\/sg-op-86-1\/\"><img loading=\"lazy\" decoding=\"async\" class=\"alignleft wp-image-50120\" src=\"https:\/\/www.topohvar.at\/wp-content\/uploads\/2021\/06\/sg-op-86-1.jpg\" alt=\"\" width=\"114\" height=\"56\" srcset=\"https:\/\/www.topohvar.at\/wp-content\/uploads\/2021\/06\/sg-op-86-1.jpg 1080w, https:\/\/www.topohvar.at\/wp-content\/uploads\/2021\/06\/sg-op-86-1-300x147.jpg 300w, https:\/\/www.topohvar.at\/wp-content\/uploads\/2021\/06\/sg-op-86-1-1024x503.jpg 1024w, https:\/\/www.topohvar.at\/wp-content\/uploads\/2021\/06\/sg-op-86-1-768x377.jpg 768w\" sizes=\"auto, (max-width: 114px) 100vw, 114px\" \/><\/a>Objekt \u00bbGustirna (86)\u00ab<br \/>\n<\/strong>SG-OP-86\/ Stari Grad, Polje, Ori\u0161ac<\/p>\n<p><strong><a href=\"https:\/\/www.topohvar.at\/orte\/sg\/sg-op-87-1\/\"><img loading=\"lazy\" decoding=\"async\" class=\"alignleft wp-image-50126\" src=\"https:\/\/www.topohvar.at\/wp-content\/uploads\/2021\/06\/sg-op-87-1.jpg\" alt=\"\" width=\"114\" height=\"56\" srcset=\"https:\/\/www.topohvar.at\/wp-content\/uploads\/2021\/06\/sg-op-87-1.jpg 1080w, https:\/\/www.topohvar.at\/wp-content\/uploads\/2021\/06\/sg-op-87-1-300x147.jpg 300w, https:\/\/www.topohvar.at\/wp-content\/uploads\/2021\/06\/sg-op-87-1-1024x503.jpg 1024w, https:\/\/www.topohvar.at\/wp-content\/uploads\/2021\/06\/sg-op-87-1-768x377.jpg 768w\" sizes=\"auto, (max-width: 114px) 100vw, 114px\" \/><\/a>Objekt \u00bbGustirna (87)\u00ab<br \/>\n<\/strong>SG-OP-87\/ Stari Grad, Polje, Ori\u0161ac<\/p>\n<p><strong><a href=\"https:\/\/www.topohvar.at\/orte\/sg\/sg-op-88-1\/\"><img loading=\"lazy\" decoding=\"async\" class=\"alignleft wp-image-50132\" src=\"https:\/\/www.topohvar.at\/wp-content\/uploads\/2021\/06\/sg-op-88-1.jpg\" alt=\"\" width=\"114\" height=\"56\" srcset=\"https:\/\/www.topohvar.at\/wp-content\/uploads\/2021\/06\/sg-op-88-1.jpg 1080w, https:\/\/www.topohvar.at\/wp-content\/uploads\/2021\/06\/sg-op-88-1-300x147.jpg 300w, https:\/\/www.topohvar.at\/wp-content\/uploads\/2021\/06\/sg-op-88-1-1024x503.jpg 1024w, https:\/\/www.topohvar.at\/wp-content\/uploads\/2021\/06\/sg-op-88-1-768x377.jpg 768w\" sizes=\"auto, (max-width: 114px) 100vw, 114px\" \/><\/a>Objekt \u00bbGustirna (88)\u00ab<br \/>\n<\/strong>SG-OP-88\/ Stari Grad, Polje, Ori\u0161ac<\/p>\n<p><strong><a href=\"https:\/\/www.topohvar.at\/orte\/sg\/sg-op-95-1\/\"><img loading=\"lazy\" decoding=\"async\" class=\"alignleft wp-image-50138\" src=\"https:\/\/www.topohvar.at\/wp-content\/uploads\/2021\/06\/sg-op-95-1.jpg\" alt=\"\" width=\"114\" height=\"56\" srcset=\"https:\/\/www.topohvar.at\/wp-content\/uploads\/2021\/06\/sg-op-95-1.jpg 1080w, https:\/\/www.topohvar.at\/wp-content\/uploads\/2021\/06\/sg-op-95-1-300x147.jpg 300w, https:\/\/www.topohvar.at\/wp-content\/uploads\/2021\/06\/sg-op-95-1-1024x503.jpg 1024w, https:\/\/www.topohvar.at\/wp-content\/uploads\/2021\/06\/sg-op-95-1-768x377.jpg 768w\" sizes=\"auto, (max-width: 114px) 100vw, 114px\" \/><\/a>Objekt \u00bbGustirna (95)\u00ab<br \/>\n<\/strong>SG-OP-95\/ Stari Grad, Polje, Ori\u0161ac<\/p>\n<p><strong><a href=\"https:\/\/www.topohvar.at\/orte\/sg\/sg-op-96-1\/\"><img loading=\"lazy\" decoding=\"async\" class=\"alignleft wp-image-50143\" src=\"https:\/\/www.topohvar.at\/wp-content\/uploads\/2021\/06\/sg-op-96-1.jpg\" alt=\"\" width=\"114\" height=\"56\" srcset=\"https:\/\/www.topohvar.at\/wp-content\/uploads\/2021\/06\/sg-op-96-1.jpg 1080w, https:\/\/www.topohvar.at\/wp-content\/uploads\/2021\/06\/sg-op-96-1-300x147.jpg 300w, https:\/\/www.topohvar.at\/wp-content\/uploads\/2021\/06\/sg-op-96-1-1024x503.jpg 1024w, https:\/\/www.topohvar.at\/wp-content\/uploads\/2021\/06\/sg-op-96-1-768x377.jpg 768w\" sizes=\"auto, (max-width: 114px) 100vw, 114px\" \/><\/a>Objekt \u00bbGustirna (96)\u00ab<br \/>\n<\/strong>SG-OP-96 \/ Stari Grad, Polje, Ori\u0161ac<\/p>\n<p><strong><a href=\"https:\/\/www.topohvar.at\/orte\/sg\/sg-op-mc-1\/\"><img loading=\"lazy\" decoding=\"async\" class=\"alignleft wp-image-74256\" src=\"https:\/\/www.topohvar.at\/wp-content\/uploads\/2026\/04\/sg-op-mc-1-300x147.jpg\" alt=\"\" width=\"114\" height=\"56\" srcset=\"https:\/\/www.topohvar.at\/wp-content\/uploads\/2026\/04\/sg-op-mc-1-300x147.jpg 300w, https:\/\/www.topohvar.at\/wp-content\/uploads\/2026\/04\/sg-op-mc-1-1024x503.jpg 1024w, https:\/\/www.topohvar.at\/wp-content\/uploads\/2026\/04\/sg-op-mc-1-768x377.jpg 768w, https:\/\/www.topohvar.at\/wp-content\/uploads\/2026\/04\/sg-op-mc-1.jpg 1080w\" sizes=\"auto, (max-width: 114px) 100vw, 114px\" \/><\/a>Objekt \u00bbGustirna (MC)\u00ab<br \/>\n<\/strong>SG-OP-MC \/ Stari Grad, Polje, Ori\u0161ac<\/p>\n<p><strong><a href=\"https:\/\/www.topohvar.at\/orte\/sg\/sg-op-md-1\/\"><img loading=\"lazy\" decoding=\"async\" class=\"alignleft wp-image-74241\" src=\"https:\/\/www.topohvar.at\/wp-content\/uploads\/2026\/04\/sg-op-md-1-300x147.jpg\" alt=\"\" width=\"114\" height=\"56\" srcset=\"https:\/\/www.topohvar.at\/wp-content\/uploads\/2026\/04\/sg-op-md-1-300x147.jpg 300w, https:\/\/www.topohvar.at\/wp-content\/uploads\/2026\/04\/sg-op-md-1-1024x503.jpg 1024w, https:\/\/www.topohvar.at\/wp-content\/uploads\/2026\/04\/sg-op-md-1-768x377.jpg 768w, https:\/\/www.topohvar.at\/wp-content\/uploads\/2026\/04\/sg-op-md-1.jpg 1080w\" sizes=\"auto, (max-width: 114px) 100vw, 114px\" \/><\/a>Objekt \u00bbGustirna (MD) uz trim SG-TR-J3\u00ab<br \/>\n<\/strong>SG-OP-MD \/ Stari Grad, Polje, Ori\u0161ac<\/p>\n<p><strong><a href=\"https:\/\/www.topohvar.at\/orte\/sg\/sg-op-12-2\/\"><img loading=\"lazy\" decoding=\"async\" class=\"alignleft wp-image-387 size-full\" src=\"https:\/\/www.topohvar.at\/wp-content\/uploads\/2018\/07\/00-00-00-1.jpg\" alt=\"\" width=\"114\" height=\"56\" \/><\/a>Objekt\u00a0 Gustirna &#8211; pjover (12) 1922\u00ab<br \/>\n<\/strong>SG-OP-12 \/ Stari Grad, Polje<\/p>\n<p><strong><a href=\"https:\/\/www.topohvar.at\/orte\/sg\/sg-op-13-2\/\"><img loading=\"lazy\" decoding=\"async\" class=\"alignleft wp-image-38520\" src=\"https:\/\/www.topohvar.at\/wp-content\/uploads\/2020\/06\/sg-op-13-1-300x147.jpg\" alt=\"\" width=\"114\" height=\"56\" srcset=\"https:\/\/www.topohvar.at\/wp-content\/uploads\/2020\/06\/sg-op-13-1-300x147.jpg 300w, https:\/\/www.topohvar.at\/wp-content\/uploads\/2020\/06\/sg-op-13-1-1024x503.jpg 1024w, https:\/\/www.topohvar.at\/wp-content\/uploads\/2020\/06\/sg-op-13-1-768x377.jpg 768w, https:\/\/www.topohvar.at\/wp-content\/uploads\/2020\/06\/sg-op-13-1.jpg 1080w\" sizes=\"auto, (max-width: 114px) 100vw, 114px\" \/><\/a>Objekt \u00bbGustirna &#8211; pjover (13)\u00ab<br \/>\n<\/strong>SG-OP-13 \/ Stari Grad, Polje<\/p>\n<p><strong><a href=\"https:\/\/www.topohvar.at\/orte\/sg\/sg-op-14-2\/\"><img loading=\"lazy\" decoding=\"async\" class=\"alignleft wp-image-38526\" src=\"https:\/\/www.topohvar.at\/wp-content\/uploads\/2020\/06\/sg-op-14-2-300x147.jpg\" alt=\"\" width=\"114\" height=\"56\" srcset=\"https:\/\/www.topohvar.at\/wp-content\/uploads\/2020\/06\/sg-op-14-2-300x147.jpg 300w, https:\/\/www.topohvar.at\/wp-content\/uploads\/2020\/06\/sg-op-14-2-1024x503.jpg 1024w, https:\/\/www.topohvar.at\/wp-content\/uploads\/2020\/06\/sg-op-14-2-768x377.jpg 768w, https:\/\/www.topohvar.at\/wp-content\/uploads\/2020\/06\/sg-op-14-2.jpg 1080w\" sizes=\"auto, (max-width: 114px) 100vw, 114px\" \/><\/a>Objekt \u00bbGustirna &#8211; pjover (14)\u00ab<br \/>\n<\/strong>SG-OP-14 \/ Stari Grad, Polje<\/p>\n<p><strong><a href=\"https:\/\/www.topohvar.at\/orte\/sg\/sg-op-mb-1\/\"><img loading=\"lazy\" decoding=\"async\" class=\"alignleft wp-image-74235\" src=\"https:\/\/www.topohvar.at\/wp-content\/uploads\/2026\/04\/sg-op-mb-1-300x147.jpg\" alt=\"\" width=\"114\" height=\"56\" srcset=\"https:\/\/www.topohvar.at\/wp-content\/uploads\/2026\/04\/sg-op-mb-1-300x147.jpg 300w, https:\/\/www.topohvar.at\/wp-content\/uploads\/2026\/04\/sg-op-mb-1-1024x503.jpg 1024w, https:\/\/www.topohvar.at\/wp-content\/uploads\/2026\/04\/sg-op-mb-1-768x377.jpg 768w, https:\/\/www.topohvar.at\/wp-content\/uploads\/2026\/04\/sg-op-mb-1.jpg 1080w\" sizes=\"auto, (max-width: 114px) 100vw, 114px\" \/><\/a>Objekt \u00bbGustirna &#8211; pjover (MB)\u00ab<br \/>\n<\/strong>SG-OP-MB \/ Stari Grad, Strone<\/p>\n<p><strong><a href=\"https:\/\/www.topohvar.at\/orte\/sg\/sg-op-06-2\/\"><img loading=\"lazy\" decoding=\"async\" class=\"alignleft wp-image-18796\" src=\"https:\/\/www.topohvar.at\/wp-content\/uploads\/2019\/01\/sg-op-06-1-1024x503.jpg\" alt=\"\" width=\"114\" height=\"56\" srcset=\"https:\/\/www.topohvar.at\/wp-content\/uploads\/2019\/01\/sg-op-06-1-1024x503.jpg 1024w, https:\/\/www.topohvar.at\/wp-content\/uploads\/2019\/01\/sg-op-06-1-300x147.jpg 300w, https:\/\/www.topohvar.at\/wp-content\/uploads\/2019\/01\/sg-op-06-1-768x377.jpg 768w, https:\/\/www.topohvar.at\/wp-content\/uploads\/2019\/01\/sg-op-06-1.jpg 1080w\" sizes=\"auto, (max-width: 114px) 100vw, 114px\" \/><\/a>Objekt \u00bbGustirna &#8211; pjover (06)\u00ab<br \/>\n<\/strong>SG-OP-06 \/ Stari Grad, Polje<\/p>\n<p><strong><a href=\"https:\/\/www.topohvar.at\/orte\/sg\/sg-op-53-1\/\"><img loading=\"lazy\" decoding=\"async\" class=\"alignleft wp-image-49288\" src=\"https:\/\/www.topohvar.at\/wp-content\/uploads\/2021\/05\/SG-TR-17-1.jpg\" alt=\"\" width=\"114\" height=\"56\" srcset=\"https:\/\/www.topohvar.at\/wp-content\/uploads\/2021\/05\/SG-TR-17-1.jpg 1080w, https:\/\/www.topohvar.at\/wp-content\/uploads\/2021\/05\/SG-TR-17-1-300x147.jpg 300w, https:\/\/www.topohvar.at\/wp-content\/uploads\/2021\/05\/SG-TR-17-1-1024x503.jpg 1024w, https:\/\/www.topohvar.at\/wp-content\/uploads\/2021\/05\/SG-TR-17-1-768x377.jpg 768w\" sizes=\"auto, (max-width: 114px) 100vw, 114px\" \/><\/a>Objekt \u00bbGustirna (53) uz trim SG-TR-17\u00ab<br \/>\n<\/strong>SG-OP-53 \/ Stari Grad, Polje<\/p>\n<p><strong><a href=\"https:\/\/www.topohvar.at\/orte\/sg\/sg-op-75-1\/\"><img loading=\"lazy\" decoding=\"async\" class=\"alignleft wp-image-49386\" src=\"https:\/\/www.topohvar.at\/wp-content\/uploads\/2021\/05\/sg-tr-d9-12.jpg\" alt=\"\" width=\"114\" height=\"56\" srcset=\"https:\/\/www.topohvar.at\/wp-content\/uploads\/2021\/05\/sg-tr-d9-12.jpg 1080w, https:\/\/www.topohvar.at\/wp-content\/uploads\/2021\/05\/sg-tr-d9-12-300x147.jpg 300w, https:\/\/www.topohvar.at\/wp-content\/uploads\/2021\/05\/sg-tr-d9-12-1024x503.jpg 1024w, https:\/\/www.topohvar.at\/wp-content\/uploads\/2021\/05\/sg-tr-d9-12-768x377.jpg 768w\" sizes=\"auto, (max-width: 114px) 100vw, 114px\" \/><\/a>Objekt \u00bbGustirna (75) uz trim SG-TR-D9\u00ab<br \/>\n<\/strong>SG-OP-75 \/ Stari Grad, Polje<\/p>\n<p><strong><a href=\"https:\/\/www.topohvar.at\/orte\/sg\/sg-op-62-1\/\"><img loading=\"lazy\" decoding=\"async\" class=\"alignleft wp-image-49338\" src=\"https:\/\/www.topohvar.at\/wp-content\/uploads\/2021\/05\/sg-tr-50-15.jpg\" alt=\"\" width=\"114\" height=\"56\" srcset=\"https:\/\/www.topohvar.at\/wp-content\/uploads\/2021\/05\/sg-tr-50-15.jpg 1080w, https:\/\/www.topohvar.at\/wp-content\/uploads\/2021\/05\/sg-tr-50-15-300x147.jpg 300w, https:\/\/www.topohvar.at\/wp-content\/uploads\/2021\/05\/sg-tr-50-15-1024x503.jpg 1024w, https:\/\/www.topohvar.at\/wp-content\/uploads\/2021\/05\/sg-tr-50-15-768x377.jpg 768w\" sizes=\"auto, (max-width: 114px) 100vw, 114px\" \/><\/a>Objekt \u00bbGustirna (62) uz trim SG-TR-50\u00ab<br \/>\n<\/strong>SG-OP-62 \/ Stari Grad, Polje<\/p>\n<p><strong><a href=\"https:\/\/www.topohvar.at\/orte\/sg\/sg-op-v8-1\/\"><img loading=\"lazy\" decoding=\"async\" class=\"alignleft wp-image-63359\" src=\"https:\/\/www.topohvar.at\/wp-content\/uploads\/2023\/06\/sg-op-v8-0-300x148.jpg\" alt=\"\" width=\"112\" height=\"55\" srcset=\"https:\/\/www.topohvar.at\/wp-content\/uploads\/2023\/06\/sg-op-v8-0-300x148.jpg 300w, https:\/\/www.topohvar.at\/wp-content\/uploads\/2023\/06\/sg-op-v8-0.jpg 640w\" sizes=\"auto, (max-width: 112px) 100vw, 112px\" \/><\/a>Objekt \u00bbGustirna (V8)\u00ab<br \/>\n<\/strong>SG-OP-V8\/ Stari Grad, Polje<\/p>\n<p><strong><a href=\"https:\/\/www.topohvar.at\/orte\/sg\/sg-op-w4-1\/\"><img loading=\"lazy\" decoding=\"async\" class=\"alignleft wp-image-63366\" src=\"https:\/\/www.topohvar.at\/wp-content\/uploads\/2023\/06\/sg-op-w4-0-300x148.jpg\" alt=\"\" width=\"112\" height=\"55\" srcset=\"https:\/\/www.topohvar.at\/wp-content\/uploads\/2023\/06\/sg-op-w4-0-300x148.jpg 300w, https:\/\/www.topohvar.at\/wp-content\/uploads\/2023\/06\/sg-op-w4-0.jpg 640w\" sizes=\"auto, (max-width: 112px) 100vw, 112px\" \/><\/a>Objekt \u00bbGustirna (W4)\u00ab<br \/>\n<\/strong>SG-OP-W4\/ Stari Grad, Polje<\/p>\n<p><strong><a href=\"https:\/\/www.topohvar.at\/orte\/sg\/sg-op-v9-1\/\"><img loading=\"lazy\" decoding=\"async\" class=\"alignleft wp-image-63372\" src=\"https:\/\/www.topohvar.at\/wp-content\/uploads\/2023\/06\/sg-op-v9-0-300x148.jpg\" alt=\"\" width=\"112\" height=\"55\" srcset=\"https:\/\/www.topohvar.at\/wp-content\/uploads\/2023\/06\/sg-op-v9-0-300x148.jpg 300w, https:\/\/www.topohvar.at\/wp-content\/uploads\/2023\/06\/sg-op-v9-0.jpg 640w\" sizes=\"auto, (max-width: 112px) 100vw, 112px\" \/><\/a>Objekt \u00bbGustirna (V9) uz trim SG-TR-G8\u00ab<br \/>\n<\/strong>SG-OP-V9\/ Stari Grad, Polje<\/p>\n<p><strong><a href=\"https:\/\/www.topohvar.at\/orte\/sg\/sg-op-63-1\/\"><img loading=\"lazy\" decoding=\"async\" class=\"alignleft wp-image-49344\" src=\"https:\/\/www.topohvar.at\/wp-content\/uploads\/2021\/05\/sg-tr-54-14.jpg\" alt=\"\" width=\"114\" height=\"56\" srcset=\"https:\/\/www.topohvar.at\/wp-content\/uploads\/2021\/05\/sg-tr-54-14.jpg 1080w, https:\/\/www.topohvar.at\/wp-content\/uploads\/2021\/05\/sg-tr-54-14-300x147.jpg 300w, https:\/\/www.topohvar.at\/wp-content\/uploads\/2021\/05\/sg-tr-54-14-1024x503.jpg 1024w, https:\/\/www.topohvar.at\/wp-content\/uploads\/2021\/05\/sg-tr-54-14-768x377.jpg 768w\" sizes=\"auto, (max-width: 114px) 100vw, 114px\" \/><\/a>Objekt \u00bbGustirna (63) uz trim SG-TR-54\u00ab<br \/>\n<\/strong>SG-OP-63 \/ Stari Grad, Polje, Kaladi\u0107<\/p>\n<p><strong><a href=\"https:\/\/www.topohvar.at\/orte\/sg\/sg-op-jc-1\/\"><img loading=\"lazy\" decoding=\"async\" class=\"alignleft wp-image-63236\" src=\"https:\/\/www.topohvar.at\/wp-content\/uploads\/2023\/06\/sg-op-63-0-300x147.jpg\" alt=\"\" width=\"114\" height=\"56\" srcset=\"https:\/\/www.topohvar.at\/wp-content\/uploads\/2023\/06\/sg-op-63-0-300x147.jpg 300w, https:\/\/www.topohvar.at\/wp-content\/uploads\/2023\/06\/sg-op-63-0.jpg 640w\" sizes=\"auto, (max-width: 114px) 100vw, 114px\" \/><\/a>Objekt \u00bbGustirna (JC)\u00ab<br \/>\n<\/strong>SG-OP-JC \/ Stari Grad, Polje, Kaladi\u0107<\/p>\n<p><strong><a href=\"https:\/\/www.topohvar.at\/orte\/sg\/sg-op-65-1\/\"><img loading=\"lazy\" decoding=\"async\" class=\"alignleft wp-image-49349\" src=\"https:\/\/www.topohvar.at\/wp-content\/uploads\/2021\/05\/sg-tr-82-13.jpg\" alt=\"\" width=\"114\" height=\"56\" srcset=\"https:\/\/www.topohvar.at\/wp-content\/uploads\/2021\/05\/sg-tr-82-13.jpg 1080w, https:\/\/www.topohvar.at\/wp-content\/uploads\/2021\/05\/sg-tr-82-13-300x147.jpg 300w, https:\/\/www.topohvar.at\/wp-content\/uploads\/2021\/05\/sg-tr-82-13-1024x503.jpg 1024w, https:\/\/www.topohvar.at\/wp-content\/uploads\/2021\/05\/sg-tr-82-13-768x377.jpg 768w\" sizes=\"auto, (max-width: 114px) 100vw, 114px\" \/><\/a>Objekt \u00bbGustirna (65) uz trim SG-TR-82\u00ab<br \/>\n<\/strong>SG-OP-65 \/ Stari Grad, Polje, sjeverno od aerodroma<\/p>\n<p><strong><a href=\"https:\/\/www.topohvar.at\/orte\/sg\/sg-op-58-1\/\"><img loading=\"lazy\" decoding=\"async\" class=\"alignleft wp-image-49317\" src=\"https:\/\/www.topohvar.at\/wp-content\/uploads\/2021\/05\/sg-tr-36-14.jpg\" alt=\"\" width=\"114\" height=\"56\" srcset=\"https:\/\/www.topohvar.at\/wp-content\/uploads\/2021\/05\/sg-tr-36-14.jpg 1080w, https:\/\/www.topohvar.at\/wp-content\/uploads\/2021\/05\/sg-tr-36-14-300x147.jpg 300w, https:\/\/www.topohvar.at\/wp-content\/uploads\/2021\/05\/sg-tr-36-14-1024x503.jpg 1024w, https:\/\/www.topohvar.at\/wp-content\/uploads\/2021\/05\/sg-tr-36-14-768x377.jpg 768w\" sizes=\"auto, (max-width: 114px) 100vw, 114px\" \/><\/a>Objekt \u00bbGustirna (58) uz trim SG-TR-36\u00ab<br \/>\n<\/strong>SG-OP-58 \/ Stari Grad, Polje, Pre\u0161ice<\/p>\n<p><strong><a href=\"https:\/\/www.topohvar.at\/topo\/orte\/sg\/sg-op-z3-1\/\"><img loading=\"lazy\" decoding=\"async\" class=\"alignleft wp-image-70120\" src=\"https:\/\/www.topohvar.at\/wp-content\/uploads\/2024\/11\/sg-op-z3-0-300x147.jpg\" alt=\"\" width=\"114\" height=\"56\" srcset=\"https:\/\/www.topohvar.at\/wp-content\/uploads\/2024\/11\/sg-op-z3-0-300x147.jpg 300w, https:\/\/www.topohvar.at\/wp-content\/uploads\/2024\/11\/sg-op-z3-0-1024x503.jpg 1024w, https:\/\/www.topohvar.at\/wp-content\/uploads\/2024\/11\/sg-op-z3-0-768x377.jpg 768w, https:\/\/www.topohvar.at\/wp-content\/uploads\/2024\/11\/sg-op-z3-0.jpg 1080w\" sizes=\"auto, (max-width: 114px) 100vw, 114px\" \/><\/a>Objekt \u00bbGustirna (Z3)\u00ab<br \/>\n<\/strong>SG-OP-Z3 \/ Stari Grad, Polje, Pre\u0161ice<\/p>\n<p><strong><a href=\"https:\/\/www.topohvar.at\/topo\/orte\/sg\/sg-op-z8-1\/\"><img loading=\"lazy\" decoding=\"async\" class=\"alignleft wp-image-74729\" src=\"https:\/\/www.topohvar.at\/wp-content\/uploads\/2026\/04\/sg-op-z8-2-300x147.jpg\" alt=\"\" width=\"114\" height=\"56\" srcset=\"https:\/\/www.topohvar.at\/wp-content\/uploads\/2026\/04\/sg-op-z8-2-300x147.jpg 300w, https:\/\/www.topohvar.at\/wp-content\/uploads\/2026\/04\/sg-op-z8-2-1024x503.jpg 1024w, https:\/\/www.topohvar.at\/wp-content\/uploads\/2026\/04\/sg-op-z8-2-768x377.jpg 768w, https:\/\/www.topohvar.at\/wp-content\/uploads\/2026\/04\/sg-op-z8-2.jpg 1080w\" sizes=\"auto, (max-width: 114px) 100vw, 114px\" \/><\/a>Objekt \u00bbGustirna (Z8)\u00ab<br \/>\n<\/strong>SG-OP-Z8 \/ Stari Grad, Polje, zapadno od Ra\u0161nik<\/p>\n<p><strong><a href=\"https:\/\/www.topohvar.at\/topo\/orte\/sg\/sg-op-ng-1\/\"><img loading=\"lazy\" decoding=\"async\" class=\"alignleft wp-image-74725\" src=\"https:\/\/www.topohvar.at\/wp-content\/uploads\/2026\/04\/sg-op-ng-1-300x147.jpg\" alt=\"\" width=\"114\" height=\"56\" srcset=\"https:\/\/www.topohvar.at\/wp-content\/uploads\/2026\/04\/sg-op-ng-1-300x147.jpg 300w, https:\/\/www.topohvar.at\/wp-content\/uploads\/2026\/04\/sg-op-ng-1-1024x503.jpg 1024w, https:\/\/www.topohvar.at\/wp-content\/uploads\/2026\/04\/sg-op-ng-1-768x377.jpg 768w, https:\/\/www.topohvar.at\/wp-content\/uploads\/2026\/04\/sg-op-ng-1.jpg 1080w\" sizes=\"auto, (max-width: 114px) 100vw, 114px\" \/><\/a>Objekt \u00bbGustirna (NG)\u00ab<br \/>\n<\/strong>SG-OP-NG \/ Stari Grad, Polje, zapadno od Ra\u0161nik<\/p>\n<p><strong><a href=\"https:\/\/www.topohvar.at\/topo\/orte\/sg\/sg-op-nh-1\/\"><img loading=\"lazy\" decoding=\"async\" class=\"alignleft wp-image-74717\" src=\"https:\/\/www.topohvar.at\/wp-content\/uploads\/2026\/04\/sg-op-nh-1-300x147.jpg\" alt=\"\" width=\"114\" height=\"56\" srcset=\"https:\/\/www.topohvar.at\/wp-content\/uploads\/2026\/04\/sg-op-nh-1-300x147.jpg 300w, https:\/\/www.topohvar.at\/wp-content\/uploads\/2026\/04\/sg-op-nh-1-1024x503.jpg 1024w, https:\/\/www.topohvar.at\/wp-content\/uploads\/2026\/04\/sg-op-nh-1-768x377.jpg 768w, https:\/\/www.topohvar.at\/wp-content\/uploads\/2026\/04\/sg-op-nh-1.jpg 1080w\" sizes=\"auto, (max-width: 114px) 100vw, 114px\" \/><\/a>Objekt \u00bbGustirna (NH)\u00ab<br \/>\n<\/strong>SG-OP-NH \/ Stari Grad, Polje, zapadno od Ra\u0161nik<\/p>\n<p><strong><a href=\"https:\/\/www.topohvar.at\/topo\/orte\/sg\/sg-op-ni-1\/\"><img loading=\"lazy\" decoding=\"async\" class=\"alignleft wp-image-74711\" src=\"https:\/\/www.topohvar.at\/wp-content\/uploads\/2026\/04\/sg-op-ni-1-300x147.jpg\" alt=\"\" width=\"114\" height=\"56\" srcset=\"https:\/\/www.topohvar.at\/wp-content\/uploads\/2026\/04\/sg-op-ni-1-300x147.jpg 300w, https:\/\/www.topohvar.at\/wp-content\/uploads\/2026\/04\/sg-op-ni-1-1024x503.jpg 1024w, https:\/\/www.topohvar.at\/wp-content\/uploads\/2026\/04\/sg-op-ni-1-768x377.jpg 768w, https:\/\/www.topohvar.at\/wp-content\/uploads\/2026\/04\/sg-op-ni-1.jpg 1080w\" sizes=\"auto, (max-width: 114px) 100vw, 114px\" \/><\/a>Objekt \u00bbGustirna (NI)\u00ab<br \/>\n<\/strong>SG-OP-NI \/ Stari Grad, Polje, zapadno od Ra\u0161nik<\/p>\n<p><strong data-wp-editing=\"1\"><a href=\"https:\/\/www.topohvar.at\/topo\/orte\/sg\/sg-op-nj-1\/\"><img loading=\"lazy\" decoding=\"async\" class=\"alignleft wp-image-74703\" src=\"https:\/\/www.topohvar.at\/wp-content\/uploads\/2026\/04\/sg-tr-65-5-300x147.jpg\" alt=\"\" width=\"114\" height=\"56\" srcset=\"https:\/\/www.topohvar.at\/wp-content\/uploads\/2026\/04\/sg-tr-65-5-300x147.jpg 300w, https:\/\/www.topohvar.at\/wp-content\/uploads\/2026\/04\/sg-tr-65-5-1024x503.jpg 1024w, https:\/\/www.topohvar.at\/wp-content\/uploads\/2026\/04\/sg-tr-65-5-768x377.jpg 768w, https:\/\/www.topohvar.at\/wp-content\/uploads\/2026\/04\/sg-tr-65-5.jpg 1080w\" sizes=\"auto, (max-width: 114px) 100vw, 114px\" \/><\/a>Objekt \u00bbGustirna (NJ) uz trim SG-TR-65\u00ab<br \/>\n<\/strong>SG-OP-NJ \/ Stari Grad, Polje, zapadno od Ra\u0161nik<\/p>\n<p><strong><a href=\"https:\/\/www.topohvar.at\/orte\/sg\/sg-op-69-1\/\"><img loading=\"lazy\" decoding=\"async\" class=\"alignleft wp-image-49370\" src=\"https:\/\/www.topohvar.at\/wp-content\/uploads\/2021\/05\/sg-tr-a5-14.jpg\" alt=\"\" width=\"114\" height=\"56\" srcset=\"https:\/\/www.topohvar.at\/wp-content\/uploads\/2021\/05\/sg-tr-a5-14.jpg 1080w, https:\/\/www.topohvar.at\/wp-content\/uploads\/2021\/05\/sg-tr-a5-14-300x147.jpg 300w, https:\/\/www.topohvar.at\/wp-content\/uploads\/2021\/05\/sg-tr-a5-14-1024x503.jpg 1024w, https:\/\/www.topohvar.at\/wp-content\/uploads\/2021\/05\/sg-tr-a5-14-768x377.jpg 768w\" sizes=\"auto, (max-width: 114px) 100vw, 114px\" \/><\/a>Objekt \u00bbGustirna (69) uz trim SG-TR-A5\u00ab<br \/>\n<\/strong>SG-OP-69 \/ Stari Grad, Polje, Pre\u0161ice<\/p>\n<p><strong><a href=\"https:\/\/www.topohvar.at\/orte\/sg\/sg-op-59-1\/\"><img loading=\"lazy\" decoding=\"async\" class=\"alignleft wp-image-49322\" src=\"https:\/\/www.topohvar.at\/wp-content\/uploads\/2021\/05\/sg-tr-38-14.jpg\" alt=\"\" width=\"114\" height=\"56\" srcset=\"https:\/\/www.topohvar.at\/wp-content\/uploads\/2021\/05\/sg-tr-38-14.jpg 1080w, https:\/\/www.topohvar.at\/wp-content\/uploads\/2021\/05\/sg-tr-38-14-300x147.jpg 300w, https:\/\/www.topohvar.at\/wp-content\/uploads\/2021\/05\/sg-tr-38-14-1024x503.jpg 1024w, https:\/\/www.topohvar.at\/wp-content\/uploads\/2021\/05\/sg-tr-38-14-768x377.jpg 768w\" sizes=\"auto, (max-width: 114px) 100vw, 114px\" \/><\/a>Objekt \u00bbGustirna (59) uz trim SG-TR-38\u00ab<br \/>\n<\/strong>SG-OP-59 \/ Stari Grad, Polje, Slanci<\/p>\n<p><strong><a href=\"https:\/\/www.topohvar.at\/orte\/sg\/sg-op-83-1\/\"><img loading=\"lazy\" decoding=\"async\" class=\"alignleft wp-image-50100\" src=\"https:\/\/www.topohvar.at\/wp-content\/uploads\/2021\/06\/sg-op-83-1.jpg\" alt=\"\" width=\"114\" height=\"56\" srcset=\"https:\/\/www.topohvar.at\/wp-content\/uploads\/2021\/06\/sg-op-83-1.jpg 1080w, https:\/\/www.topohvar.at\/wp-content\/uploads\/2021\/06\/sg-op-83-1-300x147.jpg 300w, https:\/\/www.topohvar.at\/wp-content\/uploads\/2021\/06\/sg-op-83-1-1024x503.jpg 1024w, https:\/\/www.topohvar.at\/wp-content\/uploads\/2021\/06\/sg-op-83-1-768x377.jpg 768w\" sizes=\"auto, (max-width: 114px) 100vw, 114px\" \/><\/a>Objekt \u00bbGustirna (83) &#8211; Slanci\u00ab<br \/>\n<\/strong>SG-OP-83 \/ Stari Grad, Polje, Slanci<\/p>\n<p><strong><a href=\"https:\/\/www.topohvar.at\/orte\/sg\/sg-op-84-1\/\"><img loading=\"lazy\" decoding=\"async\" class=\"alignleft wp-image-50106\" src=\"https:\/\/www.topohvar.at\/wp-content\/uploads\/2021\/06\/sg-op-84-1.jpg\" alt=\"\" width=\"114\" height=\"56\" srcset=\"https:\/\/www.topohvar.at\/wp-content\/uploads\/2021\/06\/sg-op-84-1.jpg 1080w, https:\/\/www.topohvar.at\/wp-content\/uploads\/2021\/06\/sg-op-84-1-300x147.jpg 300w, https:\/\/www.topohvar.at\/wp-content\/uploads\/2021\/06\/sg-op-84-1-1024x503.jpg 1024w, https:\/\/www.topohvar.at\/wp-content\/uploads\/2021\/06\/sg-op-84-1-768x377.jpg 768w\" sizes=\"auto, (max-width: 114px) 100vw, 114px\" \/><\/a>Objekt \u00bbGustirna (84) &#8211; Slanci\u00ab<br \/>\n<\/strong>SG-OP-84 \/ Stari Grad, Polje, Slanci<\/p>\n<p><strong><a href=\"https:\/\/www.topohvar.at\/orte\/sg\/sg-op-60-1\/\"><img loading=\"lazy\" decoding=\"async\" class=\"alignleft wp-image-49409\" src=\"https:\/\/www.topohvar.at\/wp-content\/uploads\/2021\/05\/SG-TR-42-17.jpg\" alt=\"\" width=\"114\" height=\"56\" srcset=\"https:\/\/www.topohvar.at\/wp-content\/uploads\/2021\/05\/SG-TR-42-17.jpg 1080w, https:\/\/www.topohvar.at\/wp-content\/uploads\/2021\/05\/SG-TR-42-17-300x147.jpg 300w, https:\/\/www.topohvar.at\/wp-content\/uploads\/2021\/05\/SG-TR-42-17-1024x503.jpg 1024w, https:\/\/www.topohvar.at\/wp-content\/uploads\/2021\/05\/SG-TR-42-17-768x377.jpg 768w\" sizes=\"auto, (max-width: 114px) 100vw, 114px\" \/><\/a>Objekt \u00bbGustirna (60) uz trim SG-TR-42\u00ab<br \/>\n<\/strong>SG-OP-60 \/ Stari Grad, Polje, ju\u017eno od aerodroma<\/p>\n<p><strong><a href=\"https:\/\/www.topohvar.at\/orte\/sg\/sg-op-57-1\/\"><img loading=\"lazy\" decoding=\"async\" class=\"alignleft wp-image-49312\" src=\"https:\/\/www.topohvar.at\/wp-content\/uploads\/2021\/05\/sg-tr-31-12.jpg\" alt=\"\" width=\"114\" height=\"56\" srcset=\"https:\/\/www.topohvar.at\/wp-content\/uploads\/2021\/05\/sg-tr-31-12.jpg 1080w, https:\/\/www.topohvar.at\/wp-content\/uploads\/2021\/05\/sg-tr-31-12-300x147.jpg 300w, https:\/\/www.topohvar.at\/wp-content\/uploads\/2021\/05\/sg-tr-31-12-1024x503.jpg 1024w, https:\/\/www.topohvar.at\/wp-content\/uploads\/2021\/05\/sg-tr-31-12-768x377.jpg 768w\" sizes=\"auto, (max-width: 114px) 100vw, 114px\" \/><\/a>Objekt \u00bbGustirna (57) uz trim SG-TR-31\u00ab<br \/>\n<\/strong>SG-OP-57 \/ Stari Grad,\u00a0cesta Stari Grad \u2013 Rudine<\/p>\n<p><strong><a href=\"https:\/\/www.topohvar.at\/orte\/sg\/sg-op-66-1\/\"><img loading=\"lazy\" decoding=\"async\" class=\"alignleft wp-image-49354\" src=\"https:\/\/www.topohvar.at\/wp-content\/uploads\/2021\/05\/sg-tr-91-14.jpg\" alt=\"\" width=\"114\" height=\"56\" srcset=\"https:\/\/www.topohvar.at\/wp-content\/uploads\/2021\/05\/sg-tr-91-14.jpg 1080w, https:\/\/www.topohvar.at\/wp-content\/uploads\/2021\/05\/sg-tr-91-14-300x147.jpg 300w, https:\/\/www.topohvar.at\/wp-content\/uploads\/2021\/05\/sg-tr-91-14-1024x503.jpg 1024w, https:\/\/www.topohvar.at\/wp-content\/uploads\/2021\/05\/sg-tr-91-14-768x377.jpg 768w\" sizes=\"auto, (max-width: 114px) 100vw, 114px\" \/><\/a>Objekt \u00bbGustirna (66) uz trim SG-TR-91\u00ab<br \/>\n<\/strong>SG-OP-66 \/ Stari Grad, Malo Selo, Stara\u010d<\/p>\n<p><strong><a href=\"https:\/\/www.topohvar.at\/orte\/sg\/sg-op-li-1\/\"><img loading=\"lazy\" decoding=\"async\" class=\"alignleft wp-image-73345\" src=\"https:\/\/www.topohvar.at\/wp-content\/uploads\/2025\/11\/sg-op-li-01-300x147.jpg\" alt=\"\" width=\"114\" height=\"56\" srcset=\"https:\/\/www.topohvar.at\/wp-content\/uploads\/2025\/11\/sg-op-li-01-300x147.jpg 300w, https:\/\/www.topohvar.at\/wp-content\/uploads\/2025\/11\/sg-op-li-01-1024x503.jpg 1024w, https:\/\/www.topohvar.at\/wp-content\/uploads\/2025\/11\/sg-op-li-01-768x377.jpg 768w, https:\/\/www.topohvar.at\/wp-content\/uploads\/2025\/11\/sg-op-li-01.jpg 1080w\" sizes=\"auto, (max-width: 114px) 100vw, 114px\" \/><\/a>Objekt \u00bbGustirna (LI) uz trim SG-TR-88\u00ab<br \/>\n<\/strong>SG-OP-LI \/ Stari Grad, Duge Njivce<\/p>\n<p><strong><a href=\"https:\/\/www.topohvar.at\/orte\/sg\/sg-op-67-1\/\"><img loading=\"lazy\" decoding=\"async\" class=\"alignleft wp-image-49360\" src=\"https:\/\/www.topohvar.at\/wp-content\/uploads\/2021\/05\/sg-tr-97-12-300x147.jpg\" alt=\"\" width=\"114\" height=\"56\" srcset=\"https:\/\/www.topohvar.at\/wp-content\/uploads\/2021\/05\/sg-tr-97-12-300x147.jpg 300w, https:\/\/www.topohvar.at\/wp-content\/uploads\/2021\/05\/sg-tr-97-12-1024x503.jpg 1024w, https:\/\/www.topohvar.at\/wp-content\/uploads\/2021\/05\/sg-tr-97-12-768x377.jpg 768w, https:\/\/www.topohvar.at\/wp-content\/uploads\/2021\/05\/sg-tr-97-12.jpg 1080w\" sizes=\"auto, (max-width: 114px) 100vw, 114px\" \/><\/a>Objekt \u00bbGustirna (67) uz trim SG-TR-97\u00ab<br \/>\n<\/strong>SG-OP-67 \/ Stari Grad, Malo Selo<\/p>\n<p><strong><a href=\"https:\/\/www.topohvar.at\/orte\/sg\/sg-op-jg-1\/\"><img loading=\"lazy\" decoding=\"async\" class=\"alignleft wp-image-63326\" src=\"https:\/\/www.topohvar.at\/wp-content\/uploads\/2023\/06\/sg-op-JG-0-300x148.jpg\" alt=\"\" width=\"112\" height=\"55\" srcset=\"https:\/\/www.topohvar.at\/wp-content\/uploads\/2023\/06\/sg-op-JG-0-300x148.jpg 300w, https:\/\/www.topohvar.at\/wp-content\/uploads\/2023\/06\/sg-op-JG-0.jpg 640w\" sizes=\"auto, (max-width: 112px) 100vw, 112px\" \/><\/a>Objekt \u00bbGustirna (JG) uz trim SG-TR-G7\u00ab<br \/>\n<\/strong>SG-OP-JG\/ Stari Grad, V. Stara\u010d<\/p>\n<p><strong><a href=\"https:\/\/www.topohvar.at\/orte\/sg\/sg-op-s6-1\/\"><img loading=\"lazy\" decoding=\"async\" class=\"alignleft wp-image-63311\" src=\"https:\/\/www.topohvar.at\/wp-content\/uploads\/2023\/06\/sg-op-s6-0-300x148.jpg\" alt=\"\" width=\"112\" height=\"55\" srcset=\"https:\/\/www.topohvar.at\/wp-content\/uploads\/2023\/06\/sg-op-s6-0-300x148.jpg 300w, https:\/\/www.topohvar.at\/wp-content\/uploads\/2023\/06\/sg-op-s6-0.jpg 640w\" sizes=\"auto, (max-width: 112px) 100vw, 112px\" \/><\/a>Objekt \u00bbGustirna (S6)\u00ab<br \/>\n<\/strong>SG-OP-S6 \/ Stari Grad, Polje<\/p>\n<p><strong><a href=\"https:\/\/www.topohvar.at\/orte\/sg\/sg-op-t4-1\/\"><img loading=\"lazy\" decoding=\"async\" class=\"alignleft wp-image-63318\" src=\"https:\/\/www.topohvar.at\/wp-content\/uploads\/2023\/06\/sg-op-t4-0-300x148.jpg\" alt=\"\" width=\"112\" height=\"55\" srcset=\"https:\/\/www.topohvar.at\/wp-content\/uploads\/2023\/06\/sg-op-t4-0-300x148.jpg 300w, https:\/\/www.topohvar.at\/wp-content\/uploads\/2023\/06\/sg-op-t4-0.jpg 640w\" sizes=\"auto, (max-width: 112px) 100vw, 112px\" \/><\/a>Objekt \u00bbGustirna (T4) uz trim SG-TR-G4\u00ab<br \/>\n<\/strong>SG-OP-T4 \/ Stari Grad, Polje<\/p>\n<p><strong><a href=\"https:\/\/www.topohvar.at\/orte\/sg\/sg-op-68-1\/\"><img loading=\"lazy\" decoding=\"async\" class=\"alignleft wp-image-49365\" src=\"https:\/\/www.topohvar.at\/wp-content\/uploads\/2021\/05\/sg-tr-99-14.jpg\" alt=\"\" width=\"114\" height=\"56\" srcset=\"https:\/\/www.topohvar.at\/wp-content\/uploads\/2021\/05\/sg-tr-99-14.jpg 1080w, https:\/\/www.topohvar.at\/wp-content\/uploads\/2021\/05\/sg-tr-99-14-300x147.jpg 300w, https:\/\/www.topohvar.at\/wp-content\/uploads\/2021\/05\/sg-tr-99-14-1024x503.jpg 1024w, https:\/\/www.topohvar.at\/wp-content\/uploads\/2021\/05\/sg-tr-99-14-768x377.jpg 768w\" sizes=\"auto, (max-width: 114px) 100vw, 114px\" \/><\/a>Objekt \u00bbGustirna (68) uz trim SG-TR-99\u00ab<br \/>\n<\/strong>SG-OP-68 \/ Stari Grad, Malo Selo<\/p>\n<p><strong><a href=\"https:\/\/www.topohvar.at\/orte\/sg\/sg-op-71-1\/\"><img loading=\"lazy\" decoding=\"async\" class=\"alignleft wp-image-49381\" src=\"https:\/\/www.topohvar.at\/wp-content\/uploads\/2021\/05\/sg-tr-b8-13.jpg\" alt=\"\" width=\"114\" height=\"56\" srcset=\"https:\/\/www.topohvar.at\/wp-content\/uploads\/2021\/05\/sg-tr-b8-13.jpg 1080w, https:\/\/www.topohvar.at\/wp-content\/uploads\/2021\/05\/sg-tr-b8-13-300x147.jpg 300w, https:\/\/www.topohvar.at\/wp-content\/uploads\/2021\/05\/sg-tr-b8-13-1024x503.jpg 1024w, https:\/\/www.topohvar.at\/wp-content\/uploads\/2021\/05\/sg-tr-b8-13-768x377.jpg 768w\" sizes=\"auto, (max-width: 114px) 100vw, 114px\" \/><\/a>Objekt \u00bbGustirna (71) uz trim SG-TR-B8\u00ab<br \/>\n<\/strong>SG-OP-71\/ Stari Grad, cesta Stari Grad \u2013 Dol<\/p>\n<p><strong><a href=\"https:\/\/www.topohvar.at\/orte\/sg\/sg-op-73-1\/\"><img loading=\"lazy\" decoding=\"async\" class=\"alignleft wp-image-49396\" src=\"https:\/\/www.topohvar.at\/wp-content\/uploads\/2021\/05\/sg-tr-d6-15.jpg\" alt=\"\" width=\"114\" height=\"56\" srcset=\"https:\/\/www.topohvar.at\/wp-content\/uploads\/2021\/05\/sg-tr-d6-15.jpg 1080w, https:\/\/www.topohvar.at\/wp-content\/uploads\/2021\/05\/sg-tr-d6-15-300x147.jpg 300w, https:\/\/www.topohvar.at\/wp-content\/uploads\/2021\/05\/sg-tr-d6-15-1024x503.jpg 1024w, https:\/\/www.topohvar.at\/wp-content\/uploads\/2021\/05\/sg-tr-d6-15-768x377.jpg 768w\" sizes=\"auto, (max-width: 114px) 100vw, 114px\" \/><\/a>Objekt \u00bbGustirna (73) uz trim SG-TR-D6\u00ab<br \/>\n<\/strong>SG-OP-73 \/\u00a0Stari Grad, ju\u017eno od glavna cesta DC-116<\/p>\n<p><strong><a href=\"https:\/\/www.topohvar.at\/orte\/sg\/sg-op-ji-1\/\"><img loading=\"lazy\" decoding=\"async\" class=\"alignleft wp-image-65552\" src=\"https:\/\/www.topohvar.at\/wp-content\/uploads\/2024\/03\/SG-OP-1B-1-300x147.jpg\" alt=\"\" width=\"114\" height=\"56\" srcset=\"https:\/\/www.topohvar.at\/wp-content\/uploads\/2024\/03\/SG-OP-1B-1-300x147.jpg 300w, https:\/\/www.topohvar.at\/wp-content\/uploads\/2024\/03\/SG-OP-1B-1-1024x503.jpg 1024w, https:\/\/www.topohvar.at\/wp-content\/uploads\/2024\/03\/SG-OP-1B-1-768x377.jpg 768w, https:\/\/www.topohvar.at\/wp-content\/uploads\/2024\/03\/SG-OP-1B-1.jpg 1080w\" sizes=\"auto, (max-width: 114px) 100vw, 114px\" \/><\/a>Objekt \u00bbGustirna (JI) \u00ab<br \/>\n<\/strong>SG-OP-JI \/ Stari Grad, Duboka, ju\u017eno od glavna cesta DC-116<\/p>\n<p><strong><a href=\"https:\/\/www.topohvar.at\/orte\/sg\/sg-op-kj-1\/\"><img loading=\"lazy\" decoding=\"async\" class=\"alignleft wp-image-65557\" src=\"https:\/\/www.topohvar.at\/wp-content\/uploads\/2024\/03\/SG-OP-1A-1-300x147.jpg\" alt=\"\" width=\"114\" height=\"56\" srcset=\"https:\/\/www.topohvar.at\/wp-content\/uploads\/2024\/03\/SG-OP-1A-1-300x147.jpg 300w, https:\/\/www.topohvar.at\/wp-content\/uploads\/2024\/03\/SG-OP-1A-1-1024x503.jpg 1024w, https:\/\/www.topohvar.at\/wp-content\/uploads\/2024\/03\/SG-OP-1A-1-768x377.jpg 768w, https:\/\/www.topohvar.at\/wp-content\/uploads\/2024\/03\/SG-OP-1A-1.jpg 1080w\" sizes=\"auto, (max-width: 114px) 100vw, 114px\" \/><\/a>Objekt \u00bbGustirna (KJ) \u00ab<br \/>\n<\/strong>SG-OP-KJ \/ Stari Grad, Duboka, ju\u017eno od glavna cesta DC-116<\/p>\n<p style=\"text-align: right;\"><span style=\"color: #3366ff;\"><a style=\"color: #3366ff;\" href=\"#seite_oben\">natrag na vrh \/ Seitenanfang<\/a><\/span><\/p>\n<p><a name=\"tr\"><\/a><\/p>\n<hr \/>\n<h2><strong><span style=\"color: #ff0000;\">Trimi \/ Trims<\/span><\/strong><\/h2>\n<p><strong><a href=\"https:\/\/www.topohvar.at\/orte\/sg\/sg-tr-00-1\/\"><img loading=\"lazy\" decoding=\"async\" class=\"alignleft wp-image-73802\" src=\"https:\/\/www.topohvar.at\/wp-content\/uploads\/2025\/12\/sg-tr-00-2025-11-1-300x265.jpg\" alt=\"\" width=\"114\" height=\"101\" srcset=\"https:\/\/www.topohvar.at\/wp-content\/uploads\/2025\/12\/sg-tr-00-2025-11-1-300x265.jpg 300w, https:\/\/www.topohvar.at\/wp-content\/uploads\/2025\/12\/sg-tr-00-2025-11-1-1024x905.jpg 1024w, https:\/\/www.topohvar.at\/wp-content\/uploads\/2025\/12\/sg-tr-00-2025-11-1-768x678.jpg 768w, https:\/\/www.topohvar.at\/wp-content\/uploads\/2025\/12\/sg-tr-00-2025-11-1-1536x1357.jpg 1536w, https:\/\/www.topohvar.at\/wp-content\/uploads\/2025\/12\/sg-tr-00-2025-11-1-2048x1809.jpg 2048w\" sizes=\"auto, (max-width: 114px) 100vw, 114px\" \/><\/a>Pregled trima \/ \u00dcbersicht Trims<br \/>\n<\/strong>SG-TR-01\/I6 \/ Stari Grad<strong><br \/>\n<\/strong><\/p>\n<hr \/>\n<p><strong><a href=\"https:\/\/www.topohvar.at\/orte\/sg\/sg-tr-32-1\/\"><img loading=\"lazy\" decoding=\"async\" class=\"alignleft wp-image-13732\" src=\"https:\/\/www.topohvar.at\/wp-content\/uploads\/2018\/12\/sg-tr-32-11-1024x503.jpg\" alt=\"\" width=\"114\" height=\"56\" srcset=\"https:\/\/www.topohvar.at\/wp-content\/uploads\/2018\/12\/sg-tr-32-11-1024x503.jpg 1024w, https:\/\/www.topohvar.at\/wp-content\/uploads\/2018\/12\/sg-tr-32-11-300x147.jpg 300w, https:\/\/www.topohvar.at\/wp-content\/uploads\/2018\/12\/sg-tr-32-11-768x377.jpg 768w, https:\/\/www.topohvar.at\/wp-content\/uploads\/2018\/12\/sg-tr-32-11.jpg 1080w\" sizes=\"auto, (max-width: 114px) 100vw, 114px\" \/><\/a>Trim \u00bbSG-TR-32\u00ab<br \/>\n<\/strong>SG-TR-32 \/ Stari Grad, Brostavi\u010de<\/p>\n<p><strong><a href=\"https:\/\/www.topohvar.at\/orte\/sg\/sg-tr-b8-1\/\"><img loading=\"lazy\" decoding=\"async\" class=\"alignleft wp-image-4595\" src=\"https:\/\/www.topohvar.at\/wp-content\/uploads\/2018\/08\/sg-tr-b8-0-1024x503.jpg\" alt=\"\" width=\"114\" height=\"56\" srcset=\"https:\/\/www.topohvar.at\/wp-content\/uploads\/2018\/08\/sg-tr-b8-0-1024x503.jpg 1024w, https:\/\/www.topohvar.at\/wp-content\/uploads\/2018\/08\/sg-tr-b8-0-300x147.jpg 300w, https:\/\/www.topohvar.at\/wp-content\/uploads\/2018\/08\/sg-tr-b8-0-768x377.jpg 768w, https:\/\/www.topohvar.at\/wp-content\/uploads\/2018\/08\/sg-tr-b8-0.jpg 1080w\" sizes=\"auto, (max-width: 114px) 100vw, 114px\" \/><\/a>Trim \u00bbSG-TR-B8\u00ab<br \/>\n<\/strong>SG-TR-B8 \/ Stari Grad, cesta Stari Grad &#8211; Dol (u blizini)<\/p>\n<p><strong><a href=\"https:\/\/www.topohvar.at\/orte\/sg\/sg-tr-92-1\/\"><img loading=\"lazy\" decoding=\"async\" class=\"alignleft wp-image-4570\" src=\"https:\/\/www.topohvar.at\/wp-content\/uploads\/2018\/08\/sg-tr-92-0-1024x503.jpg\" alt=\"\" width=\"114\" height=\"56\" srcset=\"https:\/\/www.topohvar.at\/wp-content\/uploads\/2018\/08\/sg-tr-92-0-1024x503.jpg 1024w, https:\/\/www.topohvar.at\/wp-content\/uploads\/2018\/08\/sg-tr-92-0-300x147.jpg 300w, https:\/\/www.topohvar.at\/wp-content\/uploads\/2018\/08\/sg-tr-92-0-768x377.jpg 768w, https:\/\/www.topohvar.at\/wp-content\/uploads\/2018\/08\/sg-tr-92-0.jpg 1080w\" sizes=\"auto, (max-width: 114px) 100vw, 114px\" \/><\/a>Trim \u00bbSG-TR-92\u00ab<br \/>\n<\/strong>SG-TR-92 \/ Stari Grad, cesta Stari Grad &#8211; Rudine<\/p>\n<p><strong><a href=\"https:\/\/www.topohvar.at\/orte\/sg\/sg-tr-j5-1\/\"><img loading=\"lazy\" decoding=\"async\" class=\"alignleft wp-image-74529\" src=\"https:\/\/www.topohvar.at\/wp-content\/uploads\/2026\/04\/sg-tr-j5-3-300x147.jpg\" alt=\"\" width=\"114\" height=\"56\" srcset=\"https:\/\/www.topohvar.at\/wp-content\/uploads\/2026\/04\/sg-tr-j5-3-300x147.jpg 300w, https:\/\/www.topohvar.at\/wp-content\/uploads\/2026\/04\/sg-tr-j5-3-1024x503.jpg 1024w, https:\/\/www.topohvar.at\/wp-content\/uploads\/2026\/04\/sg-tr-j5-3-768x377.jpg 768w, https:\/\/www.topohvar.at\/wp-content\/uploads\/2026\/04\/sg-tr-j5-3.jpg 1080w\" sizes=\"auto, (max-width: 114px) 100vw, 114px\" \/><\/a>Trim \u00bbSG-TR-J5\u00ab<br \/>\n<\/strong>SG-TR-J5 \/ Stari Grad, sjeverno od Glavice<\/p>\n<p><strong><a href=\"https:\/\/www.topohvar.at\/orte\/sg\/sg-tr-d4-1\/\"><img loading=\"lazy\" decoding=\"async\" class=\"alignleft wp-image-4660\" src=\"https:\/\/www.topohvar.at\/wp-content\/uploads\/2018\/08\/sg-tr-d4-0-1024x503.jpg\" alt=\"\" width=\"114\" height=\"56\" srcset=\"https:\/\/www.topohvar.at\/wp-content\/uploads\/2018\/08\/sg-tr-d4-0-1024x503.jpg 1024w, https:\/\/www.topohvar.at\/wp-content\/uploads\/2018\/08\/sg-tr-d4-0-300x147.jpg 300w, https:\/\/www.topohvar.at\/wp-content\/uploads\/2018\/08\/sg-tr-d4-0-768x377.jpg 768w, https:\/\/www.topohvar.at\/wp-content\/uploads\/2018\/08\/sg-tr-d4-0.jpg 1080w\" sizes=\"auto, (max-width: 114px) 100vw, 114px\" \/><\/a>Trim \u00bbSG-TR-D4\u00ab<br \/>\n<\/strong>SG-TR-D4 \/ Stari Grad, cesta Stari Grad &#8211; Rudine (u blizini)<\/p>\n<p><strong><a href=\"https:\/\/www.topohvar.at\/orte\/sg\/sg-tr-31-1\/\"><img loading=\"lazy\" decoding=\"async\" class=\"alignleft wp-image-13747\" src=\"https:\/\/www.topohvar.at\/wp-content\/uploads\/2018\/12\/sg-tr-31-11-1024x503.jpg\" alt=\"\" width=\"114\" height=\"56\" srcset=\"https:\/\/www.topohvar.at\/wp-content\/uploads\/2018\/12\/sg-tr-31-11-1024x503.jpg 1024w, https:\/\/www.topohvar.at\/wp-content\/uploads\/2018\/12\/sg-tr-31-11-300x147.jpg 300w, https:\/\/www.topohvar.at\/wp-content\/uploads\/2018\/12\/sg-tr-31-11-768x377.jpg 768w, https:\/\/www.topohvar.at\/wp-content\/uploads\/2018\/12\/sg-tr-31-11.jpg 1080w\" sizes=\"auto, (max-width: 114px) 100vw, 114px\" \/><\/a>Trim \u00bbSG-TR-31\u00ab<br \/>\n<\/strong>SG-TR-31 \/ Stari Grad, cesta Stari Grad &#8211; Rudine (u blizini), na padini Glavicu<\/p>\n<p><strong><a href=\"https:\/\/www.topohvar.at\/orte\/sg\/sg-tr-c9-1\/\"><img loading=\"lazy\" decoding=\"async\" class=\"alignleft wp-image-4655\" src=\"https:\/\/www.topohvar.at\/wp-content\/uploads\/2018\/08\/SG-TR-C9-0-1024x503.jpg\" alt=\"\" width=\"114\" height=\"56\" srcset=\"https:\/\/www.topohvar.at\/wp-content\/uploads\/2018\/08\/SG-TR-C9-0-1024x503.jpg 1024w, https:\/\/www.topohvar.at\/wp-content\/uploads\/2018\/08\/SG-TR-C9-0-300x147.jpg 300w, https:\/\/www.topohvar.at\/wp-content\/uploads\/2018\/08\/SG-TR-C9-0-768x377.jpg 768w, https:\/\/www.topohvar.at\/wp-content\/uploads\/2018\/08\/SG-TR-C9-0.jpg 1080w\" sizes=\"auto, (max-width: 114px) 100vw, 114px\" \/><\/a>Trim \u00bbSG-TR-C9\u00ab<br \/>\n<\/strong>SG -TR-C9 \/ Stari Grad, cesta 6252 Stari Grad &#8211; Selca,<\/p>\n<p><strong><a href=\"https:\/\/www.topohvar.at\/orte\/sg\/sg-tr-35-1\/\"><img loading=\"lazy\" decoding=\"async\" class=\"alignleft wp-image-13756\" src=\"https:\/\/www.topohvar.at\/wp-content\/uploads\/2018\/12\/sg-tr-35-12-1024x503.jpg\" alt=\"\" width=\"114\" height=\"56\" srcset=\"https:\/\/www.topohvar.at\/wp-content\/uploads\/2018\/12\/sg-tr-35-12-1024x503.jpg 1024w, https:\/\/www.topohvar.at\/wp-content\/uploads\/2018\/12\/sg-tr-35-12-300x147.jpg 300w, https:\/\/www.topohvar.at\/wp-content\/uploads\/2018\/12\/sg-tr-35-12-768x377.jpg 768w, https:\/\/www.topohvar.at\/wp-content\/uploads\/2018\/12\/sg-tr-35-12.jpg 1080w\" sizes=\"auto, (max-width: 114px) 100vw, 114px\" \/><\/a>Trim \u00bbSG-TR-35\u00ab<br \/>\n<\/strong>SG-TR-35 \/ Stari Grad, cesta 6252 Stari Grad &#8211; Selca,\u00a0 Potok Zelenikovac<\/p>\n<p><strong><a href=\"https:\/\/www.topohvar.at\/orte\/sg\/sg-tr-33-1\/\"><img loading=\"lazy\" decoding=\"async\" class=\"alignleft wp-image-13762\" src=\"https:\/\/www.topohvar.at\/wp-content\/uploads\/2018\/12\/sg-tr-33-15-1024x503.jpg\" alt=\"\" width=\"114\" height=\"56\" srcset=\"https:\/\/www.topohvar.at\/wp-content\/uploads\/2018\/12\/sg-tr-33-15-1024x503.jpg 1024w, https:\/\/www.topohvar.at\/wp-content\/uploads\/2018\/12\/sg-tr-33-15-300x147.jpg 300w, https:\/\/www.topohvar.at\/wp-content\/uploads\/2018\/12\/sg-tr-33-15-768x377.jpg 768w, https:\/\/www.topohvar.at\/wp-content\/uploads\/2018\/12\/sg-tr-33-15.jpg 1080w\" sizes=\"auto, (max-width: 114px) 100vw, 114px\" \/><\/a>Trim \u00bbSG-TR-33\u00ab<br \/>\n<\/strong>SG-TR-33 \/ Stari Grad, cesta 6252 Stari Grad &#8211; Selca,\u00a0Tusto brdo<\/p>\n<p><strong><a href=\"https:\/\/www.topohvar.at\/orte\/sg\/sg-tr-f1-1\/\"><img loading=\"lazy\" decoding=\"async\" class=\"alignleft wp-image-49745\" src=\"https:\/\/www.topohvar.at\/wp-content\/uploads\/2021\/06\/sg-tr-f1-1.jpg\" alt=\"\" width=\"114\" height=\"56\" srcset=\"https:\/\/www.topohvar.at\/wp-content\/uploads\/2021\/06\/sg-tr-f1-1.jpg 1080w, https:\/\/www.topohvar.at\/wp-content\/uploads\/2021\/06\/sg-tr-f1-1-300x147.jpg 300w, https:\/\/www.topohvar.at\/wp-content\/uploads\/2021\/06\/sg-tr-f1-1-1024x503.jpg 1024w, https:\/\/www.topohvar.at\/wp-content\/uploads\/2021\/06\/sg-tr-f1-1-768x377.jpg 768w\" sizes=\"auto, (max-width: 114px) 100vw, 114px\" \/><\/a>Trim \u00bbSG-TR-F1\u00ab<br \/>\n<\/strong>SG-TR-F1 \/ Stari Grad, cesta 6252 Stari Grad &#8211; Selca<\/p>\n<p><strong><a href=\"https:\/\/www.topohvar.at\/orte\/sg\/sg-tr-d6-1\/\"><img loading=\"lazy\" decoding=\"async\" class=\"alignleft wp-image-13768\" src=\"https:\/\/www.topohvar.at\/wp-content\/uploads\/2018\/12\/sg-tr-d6-12-1024x503.jpg\" alt=\"\" width=\"114\" height=\"56\" srcset=\"https:\/\/www.topohvar.at\/wp-content\/uploads\/2018\/12\/sg-tr-d6-12-1024x503.jpg 1024w, https:\/\/www.topohvar.at\/wp-content\/uploads\/2018\/12\/sg-tr-d6-12-300x147.jpg 300w, https:\/\/www.topohvar.at\/wp-content\/uploads\/2018\/12\/sg-tr-d6-12-768x377.jpg 768w, https:\/\/www.topohvar.at\/wp-content\/uploads\/2018\/12\/sg-tr-d6-12.jpg 1080w\" sizes=\"auto, (max-width: 114px) 100vw, 114px\" \/><\/a>Trim \u00bbSG-TR-D6\u00ab<br \/>\n<\/strong>SG-TR-D6 \/\u00a0Stari Grad, glavna cesta, ju\u017eno od raskri\u017eja prema Starom Gradu<\/p>\n<p><strong><a href=\"https:\/\/www.topohvar.at\/orte\/sg\/sg-tr-a1-1\/\"><img loading=\"lazy\" decoding=\"async\" class=\"alignleft wp-image-13774\" src=\"https:\/\/www.topohvar.at\/wp-content\/uploads\/2018\/12\/sg-tr-a1-01-1024x503.jpg\" alt=\"\" width=\"114\" height=\"56\" srcset=\"https:\/\/www.topohvar.at\/wp-content\/uploads\/2018\/12\/sg-tr-a1-01-1024x503.jpg 1024w, https:\/\/www.topohvar.at\/wp-content\/uploads\/2018\/12\/sg-tr-a1-01-300x147.jpg 300w, https:\/\/www.topohvar.at\/wp-content\/uploads\/2018\/12\/sg-tr-a1-01-768x377.jpg 768w, https:\/\/www.topohvar.at\/wp-content\/uploads\/2018\/12\/sg-tr-a1-01.jpg 1080w\" sizes=\"auto, (max-width: 114px) 100vw, 114px\" \/><\/a>Trim \u00bbSG-TR-A1\u00ab<br \/>\n<\/strong>SG-TR-A1 \/ Stari Grad, Kova\u010dev Dolaz<\/p>\n<p><strong><a href=\"https:\/\/www.topohvar.at\/orte\/sg\/sg-tr-a3-1\/\"><img loading=\"lazy\" decoding=\"async\" class=\"alignleft wp-image-21547\" src=\"https:\/\/www.topohvar.at\/wp-content\/uploads\/2019\/04\/SG-TR-A3-1-1024x503.jpg\" alt=\"\" width=\"114\" height=\"56\" srcset=\"https:\/\/www.topohvar.at\/wp-content\/uploads\/2019\/04\/SG-TR-A3-1-1024x503.jpg 1024w, https:\/\/www.topohvar.at\/wp-content\/uploads\/2019\/04\/SG-TR-A3-1-300x147.jpg 300w, https:\/\/www.topohvar.at\/wp-content\/uploads\/2019\/04\/SG-TR-A3-1-768x377.jpg 768w, https:\/\/www.topohvar.at\/wp-content\/uploads\/2019\/04\/SG-TR-A3-1.jpg 1080w\" sizes=\"auto, (max-width: 114px) 100vw, 114px\" \/><\/a>Trim \u00bbSG-TR-A3\u00ab<br \/>\n<\/strong>SG-TR-A3 \/ Stari Grad, Kova\u010dev Dolaz<\/p>\n<p><strong><a href=\"https:\/\/www.topohvar.at\/orte\/sg\/sg-tr-a4-1\/\"><img loading=\"lazy\" decoding=\"async\" class=\"alignleft wp-image-4581\" src=\"https:\/\/www.topohvar.at\/wp-content\/uploads\/2018\/08\/sg-tr-a4-0-1024x503.jpg\" alt=\"\" width=\"114\" height=\"56\" srcset=\"https:\/\/www.topohvar.at\/wp-content\/uploads\/2018\/08\/sg-tr-a4-0-1024x503.jpg 1024w, https:\/\/www.topohvar.at\/wp-content\/uploads\/2018\/08\/sg-tr-a4-0-300x147.jpg 300w, https:\/\/www.topohvar.at\/wp-content\/uploads\/2018\/08\/sg-tr-a4-0-768x377.jpg 768w, https:\/\/www.topohvar.at\/wp-content\/uploads\/2018\/08\/sg-tr-a4-0.jpg 1080w\" sizes=\"auto, (max-width: 114px) 100vw, 114px\" \/><\/a>Trim \u00bbSG-TR-A4\u00ab<br \/>\n<\/strong>SG-TR-A4 \/ Stari Grad, Kova\u010dev Dolaz<\/p>\n<p><strong><a href=\"https:\/\/www.topohvar.at\/orte\/sg\/sg-tr-a2-1\/\"><img loading=\"lazy\" decoding=\"async\" class=\"alignleft wp-image-4643\" src=\"https:\/\/www.topohvar.at\/wp-content\/uploads\/2018\/08\/sg-tr-a2-0-1024x503.jpg\" alt=\"\" width=\"114\" height=\"56\" srcset=\"https:\/\/www.topohvar.at\/wp-content\/uploads\/2018\/08\/sg-tr-a2-0-1024x503.jpg 1024w, https:\/\/www.topohvar.at\/wp-content\/uploads\/2018\/08\/sg-tr-a2-0-300x147.jpg 300w, https:\/\/www.topohvar.at\/wp-content\/uploads\/2018\/08\/sg-tr-a2-0-768x377.jpg 768w, https:\/\/www.topohvar.at\/wp-content\/uploads\/2018\/08\/sg-tr-a2-0.jpg 1080w\" sizes=\"auto, (max-width: 114px) 100vw, 114px\" \/><\/a>Trim \u00bbSG-TR-A2\u00ab<br \/>\n<\/strong>SG-TR-A2 \/ Stari Grad, Kova\u010dev Dolaz, put na Kabal<\/p>\n<p><strong><a href=\"https:\/\/www.topohvar.at\/orte\/sg\/sg-tr-d2-1\/\"><img loading=\"lazy\" decoding=\"async\" class=\"alignleft wp-image-4658\" src=\"https:\/\/www.topohvar.at\/wp-content\/uploads\/2018\/08\/sg-tr-d2-0-1024x503.jpg\" alt=\"\" width=\"114\" height=\"56\" srcset=\"https:\/\/www.topohvar.at\/wp-content\/uploads\/2018\/08\/sg-tr-d2-0-1024x503.jpg 1024w, https:\/\/www.topohvar.at\/wp-content\/uploads\/2018\/08\/sg-tr-d2-0-300x147.jpg 300w, https:\/\/www.topohvar.at\/wp-content\/uploads\/2018\/08\/sg-tr-d2-0-768x377.jpg 768w, https:\/\/www.topohvar.at\/wp-content\/uploads\/2018\/08\/sg-tr-d2-0.jpg 1080w\" sizes=\"auto, (max-width: 114px) 100vw, 114px\" \/><\/a>Trim \u00bbSG-TR-D2\u00ab<br \/>\n<\/strong>SG-TR-D2 \/ Stari Grad, Kova\u010dev Dolaz, put na Kabal<\/p>\n<p><strong><a href=\"https:\/\/www.topohvar.at\/orte\/sg\/sg-tr-89-1\/\"><img loading=\"lazy\" decoding=\"async\" class=\"alignleft wp-image-4567\" src=\"https:\/\/www.topohvar.at\/wp-content\/uploads\/2018\/08\/sg-tr-89-0-1024x503.jpg\" alt=\"\" width=\"114\" height=\"56\" srcset=\"https:\/\/www.topohvar.at\/wp-content\/uploads\/2018\/08\/sg-tr-89-0-1024x503.jpg 1024w, https:\/\/www.topohvar.at\/wp-content\/uploads\/2018\/08\/sg-tr-89-0-300x147.jpg 300w, https:\/\/www.topohvar.at\/wp-content\/uploads\/2018\/08\/sg-tr-89-0-768x377.jpg 768w, https:\/\/www.topohvar.at\/wp-content\/uploads\/2018\/08\/sg-tr-89-0.jpg 1080w\" sizes=\"auto, (max-width: 114px) 100vw, 114px\" \/><\/a>Trim \u00bbSG-TR-89\u00ab<br \/>\n<\/strong>SG-TR-89 \/ Stari Grad, Malo Selo, Brigi<\/p>\n<p><strong><a href=\"https:\/\/www.topohvar.at\/orte\/sg\/sg-tr-90-1\/\"><img loading=\"lazy\" decoding=\"async\" class=\"alignleft wp-image-13795\" src=\"https:\/\/www.topohvar.at\/wp-content\/uploads\/2018\/12\/sg-tr-90-12-1024x503.jpg\" alt=\"\" width=\"114\" height=\"56\" srcset=\"https:\/\/www.topohvar.at\/wp-content\/uploads\/2018\/12\/sg-tr-90-12-1024x503.jpg 1024w, https:\/\/www.topohvar.at\/wp-content\/uploads\/2018\/12\/sg-tr-90-12-300x147.jpg 300w, https:\/\/www.topohvar.at\/wp-content\/uploads\/2018\/12\/sg-tr-90-12-768x377.jpg 768w, https:\/\/www.topohvar.at\/wp-content\/uploads\/2018\/12\/sg-tr-90-12.jpg 1080w\" sizes=\"auto, (max-width: 114px) 100vw, 114px\" \/><\/a>Trim \u00bbSG-TR-90\u00ab<br \/>\n<\/strong>SG-TR-90 \/\u00a0Stari Grad, Malo Selo, Brigi<\/p>\n<p><strong><a href=\"https:\/\/www.topohvar.at\/orte\/sg\/sg-tr-83-1\/\"><img loading=\"lazy\" decoding=\"async\" class=\"alignleft wp-image-13802\" src=\"https:\/\/www.topohvar.at\/wp-content\/uploads\/2018\/12\/sg-tr-83-13-1024x503.jpg\" alt=\"\" width=\"114\" height=\"56\" srcset=\"https:\/\/www.topohvar.at\/wp-content\/uploads\/2018\/12\/sg-tr-83-13-1024x503.jpg 1024w, https:\/\/www.topohvar.at\/wp-content\/uploads\/2018\/12\/sg-tr-83-13-300x147.jpg 300w, https:\/\/www.topohvar.at\/wp-content\/uploads\/2018\/12\/sg-tr-83-13-768x377.jpg 768w, https:\/\/www.topohvar.at\/wp-content\/uploads\/2018\/12\/sg-tr-83-13.jpg 1080w\" sizes=\"auto, (max-width: 114px) 100vw, 114px\" \/><\/a>Trim \u00bbSG-TR-83\u00ab<br \/>\n<\/strong>SG-TR-83 \/ Stari Grad, Malo Selo, Pra\u0161ike<\/p>\n<p><strong><a href=\"https:\/\/www.topohvar.at\/orte\/sg\/sg-tr-e1-1\/\"><img loading=\"lazy\" decoding=\"async\" class=\"alignleft wp-image-13811\" src=\"https:\/\/www.topohvar.at\/wp-content\/uploads\/2018\/12\/sg-tr-e1-1-1024x503.jpg\" alt=\"\" width=\"114\" height=\"56\" srcset=\"https:\/\/www.topohvar.at\/wp-content\/uploads\/2018\/12\/sg-tr-e1-1-1024x503.jpg 1024w, https:\/\/www.topohvar.at\/wp-content\/uploads\/2018\/12\/sg-tr-e1-1-300x147.jpg 300w, https:\/\/www.topohvar.at\/wp-content\/uploads\/2018\/12\/sg-tr-e1-1-768x377.jpg 768w, https:\/\/www.topohvar.at\/wp-content\/uploads\/2018\/12\/sg-tr-e1-1.jpg 1080w\" sizes=\"auto, (max-width: 114px) 100vw, 114px\" \/><\/a>Dvojni trim \u00bbSG-TR-E1\u00ab<br \/>\n<\/strong>SG-TR-E1\/ Stari Grad, V. Stara\u010d<\/p>\n<p><strong><a href=\"https:\/\/www.topohvar.at\/orte\/sg\/sg-tr-e2-1\/\"><img loading=\"lazy\" decoding=\"async\" class=\"alignleft wp-image-30994\" src=\"https:\/\/www.topohvar.at\/wp-content\/uploads\/2020\/02\/sg-tr-e2-4-300x147.jpg\" alt=\"\" width=\"114\" height=\"56\" srcset=\"https:\/\/www.topohvar.at\/wp-content\/uploads\/2020\/02\/sg-tr-e2-4-300x147.jpg 300w, https:\/\/www.topohvar.at\/wp-content\/uploads\/2020\/02\/sg-tr-e2-4.jpg 640w\" sizes=\"auto, (max-width: 114px) 100vw, 114px\" \/><\/a>Trim \u00bbSG-TR-E2\u00ab<br \/>\n<\/strong>SG-TR-E2\/ Stari Grad, V. Stara\u010d<\/p>\n<p><strong><a href=\"https:\/\/www.topohvar.at\/orte\/sg\/sg-tr-91-1\/\"><img loading=\"lazy\" decoding=\"async\" class=\"alignleft wp-image-13822\" src=\"https:\/\/www.topohvar.at\/wp-content\/uploads\/2018\/12\/sg-tr-91-11-1024x503.jpg\" alt=\"\" width=\"114\" height=\"56\" srcset=\"https:\/\/www.topohvar.at\/wp-content\/uploads\/2018\/12\/sg-tr-91-11-1024x503.jpg 1024w, https:\/\/www.topohvar.at\/wp-content\/uploads\/2018\/12\/sg-tr-91-11-300x147.jpg 300w, https:\/\/www.topohvar.at\/wp-content\/uploads\/2018\/12\/sg-tr-91-11-768x377.jpg 768w, https:\/\/www.topohvar.at\/wp-content\/uploads\/2018\/12\/sg-tr-91-11.jpg 1080w\" sizes=\"auto, (max-width: 114px) 100vw, 114px\" \/><\/a>Trim \u00bbSG-TR-91\u00ab<br \/>\n<\/strong>SG-TR-91 \/ Stari Grad, V. Stara\u010d<\/p>\n<p><strong><a href=\"https:\/\/www.topohvar.at\/orte\/sg\/sg-tr-62-1\/\"><img loading=\"lazy\" decoding=\"async\" class=\"alignleft wp-image-13830\" src=\"https:\/\/www.topohvar.at\/wp-content\/uploads\/2018\/12\/sg-tr-62-16-1024x503.jpg\" alt=\"\" width=\"114\" height=\"56\" srcset=\"https:\/\/www.topohvar.at\/wp-content\/uploads\/2018\/12\/sg-tr-62-16-1024x503.jpg 1024w, https:\/\/www.topohvar.at\/wp-content\/uploads\/2018\/12\/sg-tr-62-16-300x147.jpg 300w, https:\/\/www.topohvar.at\/wp-content\/uploads\/2018\/12\/sg-tr-62-16-768x377.jpg 768w, https:\/\/www.topohvar.at\/wp-content\/uploads\/2018\/12\/sg-tr-62-16.jpg 1080w\" sizes=\"auto, (max-width: 114px) 100vw, 114px\" \/><\/a>Dvojni trim \u00bbSG-TR-62\u00ab<br \/>\n<\/strong>SG-TR-62 \/ Stari Grad, Maslinovik<\/p>\n<p><strong><a href=\"https:\/\/www.topohvar.at\/orte\/sg\/sg-tr-61-1\/\"><img loading=\"lazy\" decoding=\"async\" class=\"alignleft wp-image-13839\" src=\"https:\/\/www.topohvar.at\/wp-content\/uploads\/2018\/12\/sg-tr-61-12-1024x503.jpg\" alt=\"\" width=\"114\" height=\"56\" srcset=\"https:\/\/www.topohvar.at\/wp-content\/uploads\/2018\/12\/sg-tr-61-12-1024x503.jpg 1024w, https:\/\/www.topohvar.at\/wp-content\/uploads\/2018\/12\/sg-tr-61-12-300x147.jpg 300w, https:\/\/www.topohvar.at\/wp-content\/uploads\/2018\/12\/sg-tr-61-12-768x377.jpg 768w, https:\/\/www.topohvar.at\/wp-content\/uploads\/2018\/12\/sg-tr-61-12.jpg 1080w\" sizes=\"auto, (max-width: 114px) 100vw, 114px\" \/><\/a>Trim \u00bbSG-TR-61\u00ab<br \/>\n<\/strong>SG-TR-61 \/ Stari Grad, Maslinovik (u\u00a0blizini)<\/p>\n<p><strong><a href=\"https:\/\/www.topohvar.at\/orte\/sg\/sg-tr-78-1\/\"><img loading=\"lazy\" decoding=\"async\" class=\"alignleft wp-image-4556\" src=\"https:\/\/www.topohvar.at\/wp-content\/uploads\/2018\/08\/sg-tr-78-0-1024x503.jpg\" alt=\"\" width=\"114\" height=\"56\" srcset=\"https:\/\/www.topohvar.at\/wp-content\/uploads\/2018\/08\/sg-tr-78-0-1024x503.jpg 1024w, https:\/\/www.topohvar.at\/wp-content\/uploads\/2018\/08\/sg-tr-78-0-300x147.jpg 300w, https:\/\/www.topohvar.at\/wp-content\/uploads\/2018\/08\/sg-tr-78-0-768x377.jpg 768w, https:\/\/www.topohvar.at\/wp-content\/uploads\/2018\/08\/sg-tr-78-0.jpg 1080w\" sizes=\"auto, (max-width: 114px) 100vw, 114px\" \/><\/a>Trim \u00bbSG-TR-78\u00ab<br \/>\n<\/strong>SG-TR-78 \/\u00a0Stari Grad, Maslinovik (zapadno)<\/p>\n<p><strong><a href=\"https:\/\/www.topohvar.at\/orte\/sg\/sg-tr-c0-1\/\"><img loading=\"lazy\" decoding=\"async\" class=\"alignleft wp-image-4646\" src=\"https:\/\/www.topohvar.at\/wp-content\/uploads\/2018\/08\/SG-TR-C0-0-1024x503.jpg\" alt=\"\" width=\"114\" height=\"56\" srcset=\"https:\/\/www.topohvar.at\/wp-content\/uploads\/2018\/08\/SG-TR-C0-0-1024x503.jpg 1024w, https:\/\/www.topohvar.at\/wp-content\/uploads\/2018\/08\/SG-TR-C0-0-300x147.jpg 300w, https:\/\/www.topohvar.at\/wp-content\/uploads\/2018\/08\/SG-TR-C0-0-768x377.jpg 768w, https:\/\/www.topohvar.at\/wp-content\/uploads\/2018\/08\/SG-TR-C0-0.jpg 1080w\" sizes=\"auto, (max-width: 114px) 100vw, 114px\" \/><\/a>Trim \u00bbSG-TR-C0\u00ab<br \/>\n<\/strong>SG-TR-C0 \/\u00a0Stari Grad,\u00a0na putu prema Maslinicu<\/p>\n<p><strong><a href=\"https:\/\/www.topohvar.at\/orte\/sg\/sg-tr-c1-1\/\"><img loading=\"lazy\" decoding=\"async\" class=\"alignleft wp-image-4647\" src=\"https:\/\/www.topohvar.at\/wp-content\/uploads\/2018\/08\/SG-TR-C1-0-1024x503.jpg\" alt=\"\" width=\"114\" height=\"56\" srcset=\"https:\/\/www.topohvar.at\/wp-content\/uploads\/2018\/08\/SG-TR-C1-0-1024x503.jpg 1024w, https:\/\/www.topohvar.at\/wp-content\/uploads\/2018\/08\/SG-TR-C1-0-300x147.jpg 300w, https:\/\/www.topohvar.at\/wp-content\/uploads\/2018\/08\/SG-TR-C1-0-768x377.jpg 768w, https:\/\/www.topohvar.at\/wp-content\/uploads\/2018\/08\/SG-TR-C1-0.jpg 1080w\" sizes=\"auto, (max-width: 114px) 100vw, 114px\" \/><\/a>Trim \u00bbSG-TR-C1\u00ab<br \/>\n<\/strong>SG-TR-C1 \/ Stari Grad,\u00a0na putu prema Maslinicu<\/p>\n<p><strong><a href=\"https:\/\/www.topohvar.at\/orte\/sg\/sg-tr-f5-1\/\"><img loading=\"lazy\" decoding=\"async\" class=\"alignleft wp-image-48289\" src=\"https:\/\/www.topohvar.at\/wp-content\/uploads\/2021\/04\/sg-tr-f5-0.jpg\" alt=\"\" width=\"114\" height=\"56\" srcset=\"https:\/\/www.topohvar.at\/wp-content\/uploads\/2021\/04\/sg-tr-f5-0.jpg 1080w, https:\/\/www.topohvar.at\/wp-content\/uploads\/2021\/04\/sg-tr-f5-0-300x147.jpg 300w, https:\/\/www.topohvar.at\/wp-content\/uploads\/2021\/04\/sg-tr-f5-0-1024x503.jpg 1024w, https:\/\/www.topohvar.at\/wp-content\/uploads\/2021\/04\/sg-tr-f5-0-768x377.jpg 768w\" sizes=\"auto, (max-width: 114px) 100vw, 114px\" \/><\/a>Trim \u00bbSG-TR-F5 (uklonjen)\u00ab<br \/>\n<\/strong>SG-TR-F5 \/ Stari Grad, na biv\u0161oj benzinskoj pumpi<\/p>\n<p><strong><a href=\"https:\/\/www.topohvar.at\/orte\/sg\/sg-tr-b4-1\/\"><img loading=\"lazy\" decoding=\"async\" class=\"alignleft wp-image-22191\" src=\"https:\/\/www.topohvar.at\/wp-content\/uploads\/2019\/04\/sg-tr-b4-12-1024x503.jpg\" alt=\"\" width=\"114\" height=\"56\" srcset=\"https:\/\/www.topohvar.at\/wp-content\/uploads\/2019\/04\/sg-tr-b4-12-1024x503.jpg 1024w, https:\/\/www.topohvar.at\/wp-content\/uploads\/2019\/04\/sg-tr-b4-12-300x147.jpg 300w, https:\/\/www.topohvar.at\/wp-content\/uploads\/2019\/04\/sg-tr-b4-12-768x377.jpg 768w, https:\/\/www.topohvar.at\/wp-content\/uploads\/2019\/04\/sg-tr-b4-12.jpg 1080w\" sizes=\"auto, (max-width: 114px) 100vw, 114px\" \/><\/a>Trim \u00bbSG-TR-B4\u00ab<br \/>\n<\/strong>SG-TR-B4 \/ Stari Grad, na sjevernoj padini Purkin Kuka<\/p>\n<p><strong><a href=\"https:\/\/www.topohvar.at\/orte\/sg\/sg-tr-b5-1\/\"><img loading=\"lazy\" decoding=\"async\" class=\"alignleft wp-image-13861\" src=\"https:\/\/www.topohvar.at\/wp-content\/uploads\/2018\/12\/sg-tr-b5-12-1024x503.jpg\" alt=\"\" width=\"114\" height=\"56\" srcset=\"https:\/\/www.topohvar.at\/wp-content\/uploads\/2018\/12\/sg-tr-b5-12-1024x503.jpg 1024w, https:\/\/www.topohvar.at\/wp-content\/uploads\/2018\/12\/sg-tr-b5-12-300x147.jpg 300w, https:\/\/www.topohvar.at\/wp-content\/uploads\/2018\/12\/sg-tr-b5-12-768x377.jpg 768w, https:\/\/www.topohvar.at\/wp-content\/uploads\/2018\/12\/sg-tr-b5-12.jpg 1080w\" sizes=\"auto, (max-width: 114px) 100vw, 114px\" \/><\/a>Trim \u00bbSG-TR-B5\u00ab<br \/>\n<\/strong>SG-TR-B5 \/ Stari Grad, na sjevernoj padini Purkin Kuka<\/p>\n<p><strong><a href=\"https:\/\/www.topohvar.at\/orte\/sg\/sg-tr-j1-1\/\"><img loading=\"lazy\" decoding=\"async\" class=\"alignleft wp-image-74196\" src=\"https:\/\/www.topohvar.at\/wp-content\/uploads\/2026\/04\/sg-tr-j1-2-300x147.jpg\" alt=\"\" width=\"114\" height=\"56\" srcset=\"https:\/\/www.topohvar.at\/wp-content\/uploads\/2026\/04\/sg-tr-j1-2-300x147.jpg 300w, https:\/\/www.topohvar.at\/wp-content\/uploads\/2026\/04\/sg-tr-j1-2-1024x503.jpg 1024w, https:\/\/www.topohvar.at\/wp-content\/uploads\/2026\/04\/sg-tr-j1-2-768x377.jpg 768w, https:\/\/www.topohvar.at\/wp-content\/uploads\/2026\/04\/sg-tr-j1-2.jpg 1080w\" sizes=\"auto, (max-width: 114px) 100vw, 114px\" \/><\/a>Trim \u00bbSG-TR-J1\u00ab<br \/>\n<\/strong>SG-TR-J1 \/ Stari Grad, Strone<\/p>\n<p><strong><a href=\"https:\/\/www.topohvar.at\/orte\/sg\/sg-tr-b7-1\/\"><img loading=\"lazy\" decoding=\"async\" class=\"alignleft wp-image-13867\" src=\"https:\/\/www.topohvar.at\/wp-content\/uploads\/2018\/12\/sg-tr-b7-12-1024x503.jpg\" alt=\"\" width=\"114\" height=\"56\" srcset=\"https:\/\/www.topohvar.at\/wp-content\/uploads\/2018\/12\/sg-tr-b7-12-1024x503.jpg 1024w, https:\/\/www.topohvar.at\/wp-content\/uploads\/2018\/12\/sg-tr-b7-12-300x147.jpg 300w, https:\/\/www.topohvar.at\/wp-content\/uploads\/2018\/12\/sg-tr-b7-12-768x377.jpg 768w, https:\/\/www.topohvar.at\/wp-content\/uploads\/2018\/12\/sg-tr-b7-12.jpg 1080w\" sizes=\"auto, (max-width: 114px) 100vw, 114px\" \/><\/a>Trim \u00bbSG-TR-B7\u00ab<br \/>\n<\/strong>SG-TR-B7 \/ Stari Grad, Strone<\/p>\n<p><strong data-wp-editing=\"1\"><a href=\"https:\/\/www.topohvar.at\/orte\/sg\/sg-tr-j0-1\/\"><img loading=\"lazy\" decoding=\"async\" class=\"alignleft wp-image-74190\" src=\"https:\/\/www.topohvar.at\/wp-content\/uploads\/2026\/04\/sg-tr-j0-2-300x147.jpg\" alt=\"\" width=\"114\" height=\"56\" srcset=\"https:\/\/www.topohvar.at\/wp-content\/uploads\/2026\/04\/sg-tr-j0-2-300x147.jpg 300w, https:\/\/www.topohvar.at\/wp-content\/uploads\/2026\/04\/sg-tr-j0-2-1024x503.jpg 1024w, https:\/\/www.topohvar.at\/wp-content\/uploads\/2026\/04\/sg-tr-j0-2-768x377.jpg 768w, https:\/\/www.topohvar.at\/wp-content\/uploads\/2026\/04\/sg-tr-j0-2.jpg 1080w\" sizes=\"auto, (max-width: 114px) 100vw, 114px\" \/><\/a>Trim \u00bbSG-TR-J0\u00ab<br \/>\n<\/strong>SG-TR-J0 \/ Stari Grad, Strone<\/p>\n<p><strong><a href=\"https:\/\/www.topohvar.at\/orte\/sg\/sg-tr-d7-1\/\"><img loading=\"lazy\" decoding=\"async\" class=\"alignleft wp-image-4663\" src=\"https:\/\/www.topohvar.at\/wp-content\/uploads\/2018\/08\/SG-TR-D7-0-1024x503.jpg\" alt=\"\" width=\"114\" height=\"56\" srcset=\"https:\/\/www.topohvar.at\/wp-content\/uploads\/2018\/08\/SG-TR-D7-0-1024x503.jpg 1024w, https:\/\/www.topohvar.at\/wp-content\/uploads\/2018\/08\/SG-TR-D7-0-300x147.jpg 300w, https:\/\/www.topohvar.at\/wp-content\/uploads\/2018\/08\/SG-TR-D7-0-768x377.jpg 768w, https:\/\/www.topohvar.at\/wp-content\/uploads\/2018\/08\/SG-TR-D7-0.jpg 1080w\" sizes=\"auto, (max-width: 114px) 100vw, 114px\" \/><\/a>Trim \u00bbSG-TR-D7\u00ab<br \/>\n<\/strong>SG-TR-D7 \/ Stari Grad, na sjevernoj padini Purkin Kuka<\/p>\n<p><strong><a href=\"https:\/\/www.topohvar.at\/orte\/sg\/sg-tr-01-1\/\"><img loading=\"lazy\" decoding=\"async\" class=\"alignleft wp-image-4633\" src=\"https:\/\/www.topohvar.at\/wp-content\/uploads\/2018\/08\/SG-TR-01-0-1024x503.jpg\" alt=\"\" width=\"114\" height=\"56\" srcset=\"https:\/\/www.topohvar.at\/wp-content\/uploads\/2018\/08\/SG-TR-01-0-1024x503.jpg 1024w, https:\/\/www.topohvar.at\/wp-content\/uploads\/2018\/08\/SG-TR-01-0-300x147.jpg 300w, https:\/\/www.topohvar.at\/wp-content\/uploads\/2018\/08\/SG-TR-01-0-768x377.jpg 768w, https:\/\/www.topohvar.at\/wp-content\/uploads\/2018\/08\/SG-TR-01-0.jpg 1080w\" sizes=\"auto, (max-width: 114px) 100vw, 114px\" \/><\/a>Trim \u00bbSG-TR-01\u00ab<br \/>\n<\/strong>SG-TR-01 \/ Stari Grad, Naselje Helios<\/p>\n<p><strong><a href=\"https:\/\/www.topohvar.at\/orte\/sg\/sg-tr-g3-1\/\"><img loading=\"lazy\" decoding=\"async\" class=\"alignleft wp-image-62738\" src=\"https:\/\/www.topohvar.at\/wp-content\/uploads\/2023\/06\/sg-tr-g3-0-300x147.jpg\" alt=\"\" width=\"114\" height=\"56\" srcset=\"https:\/\/www.topohvar.at\/wp-content\/uploads\/2023\/06\/sg-tr-g3-0-300x147.jpg 300w, https:\/\/www.topohvar.at\/wp-content\/uploads\/2023\/06\/sg-tr-g3-0-1024x503.jpg 1024w, https:\/\/www.topohvar.at\/wp-content\/uploads\/2023\/06\/sg-tr-g3-0-768x377.jpg 768w, https:\/\/www.topohvar.at\/wp-content\/uploads\/2023\/06\/sg-tr-g3-0.jpg 1080w\" sizes=\"auto, (max-width: 114px) 100vw, 114px\" \/><\/a>Trim \u00bbSG-TR-G3\u00ab<br \/>\n<\/strong>SG-TR-G3 \/ Stari Grad, Glavica<\/p>\n<p><strong><a href=\"https:\/\/www.topohvar.at\/orte\/sg\/sg-tr-05-1\/\"><img loading=\"lazy\" decoding=\"async\" class=\"alignleft wp-image-13876\" src=\"https:\/\/www.topohvar.at\/wp-content\/uploads\/2018\/12\/sg-tr-05-11-1024x503.jpg\" alt=\"\" width=\"114\" height=\"56\" srcset=\"https:\/\/www.topohvar.at\/wp-content\/uploads\/2018\/12\/sg-tr-05-11-1024x503.jpg 1024w, https:\/\/www.topohvar.at\/wp-content\/uploads\/2018\/12\/sg-tr-05-11-300x147.jpg 300w, https:\/\/www.topohvar.at\/wp-content\/uploads\/2018\/12\/sg-tr-05-11-768x377.jpg 768w, https:\/\/www.topohvar.at\/wp-content\/uploads\/2018\/12\/sg-tr-05-11.jpg 1080w\" sizes=\"auto, (max-width: 114px) 100vw, 114px\" \/><\/a>Trim \u00bbSG-TR-05\u00ab<br \/>\n<\/strong>SG-TR-05 \/ Stari Grad, Polje<\/p>\n<p><strong><a href=\"https:\/\/www.topohvar.at\/orte\/sg\/sg-tr-07-1\/\"><img loading=\"lazy\" decoding=\"async\" class=\"alignleft wp-image-4486\" src=\"https:\/\/www.topohvar.at\/wp-content\/uploads\/2018\/08\/sg-tr-07-0-1024x503.jpg\" alt=\"\" width=\"114\" height=\"56\" srcset=\"https:\/\/www.topohvar.at\/wp-content\/uploads\/2018\/08\/sg-tr-07-0-1024x503.jpg 1024w, https:\/\/www.topohvar.at\/wp-content\/uploads\/2018\/08\/sg-tr-07-0-300x147.jpg 300w, https:\/\/www.topohvar.at\/wp-content\/uploads\/2018\/08\/sg-tr-07-0-768x377.jpg 768w, https:\/\/www.topohvar.at\/wp-content\/uploads\/2018\/08\/sg-tr-07-0.jpg 1080w\" sizes=\"auto, (max-width: 114px) 100vw, 114px\" \/><\/a>Trim \u00bbSG-TR-07\u00ab<br \/>\n<\/strong>SG-TR-07 \/ Stari Grad, Polje<\/p>\n<p><strong><a href=\"https:\/\/www.topohvar.at\/orte\/sg\/sg-tr-j3-1\/\"><img loading=\"lazy\" decoding=\"async\" class=\"alignleft wp-image-74218\" src=\"https:\/\/www.topohvar.at\/wp-content\/uploads\/2026\/04\/sg-tr-j3-3-300x147.jpg\" alt=\"\" width=\"114\" height=\"56\" srcset=\"https:\/\/www.topohvar.at\/wp-content\/uploads\/2026\/04\/sg-tr-j3-3-300x147.jpg 300w, https:\/\/www.topohvar.at\/wp-content\/uploads\/2026\/04\/sg-tr-j3-3-1024x503.jpg 1024w, https:\/\/www.topohvar.at\/wp-content\/uploads\/2026\/04\/sg-tr-j3-3-768x377.jpg 768w, https:\/\/www.topohvar.at\/wp-content\/uploads\/2026\/04\/sg-tr-j3-3.jpg 1080w\" sizes=\"auto, (max-width: 114px) 100vw, 114px\" \/><\/a>Trim \u00bbSG-TR-J3\u00ab<br \/>\n<\/strong>SG-TR-J3 \/ Stari Grad, Polje, Ori\u0161ac<\/p>\n<p><strong><a href=\"https:\/\/www.topohvar.at\/orte\/sg\/sg-tr-j4-1\/\"><img loading=\"lazy\" decoding=\"async\" class=\"alignleft wp-image-74223\" src=\"https:\/\/www.topohvar.at\/wp-content\/uploads\/2026\/04\/sg-tr-j4-1-300x147.jpg\" alt=\"\" width=\"114\" height=\"56\" srcset=\"https:\/\/www.topohvar.at\/wp-content\/uploads\/2026\/04\/sg-tr-j4-1-300x147.jpg 300w, https:\/\/www.topohvar.at\/wp-content\/uploads\/2026\/04\/sg-tr-j4-1-1024x503.jpg 1024w, https:\/\/www.topohvar.at\/wp-content\/uploads\/2026\/04\/sg-tr-j4-1-768x377.jpg 768w, https:\/\/www.topohvar.at\/wp-content\/uploads\/2026\/04\/sg-tr-j4-1.jpg 1080w\" sizes=\"auto, (max-width: 114px) 100vw, 114px\" \/><\/a>Trim \u00bbSG-TR-J4\u00ab<br \/>\n<\/strong>SG-TR-J4 \/ Stari Grad, Polje, Ori\u0161ac<\/p>\n<p><strong><a href=\"https:\/\/www.topohvar.at\/orte\/sg\/sg-tr-j2-1\/\"><img loading=\"lazy\" decoding=\"async\" class=\"alignleft wp-image-74213\" src=\"https:\/\/www.topohvar.at\/wp-content\/uploads\/2026\/04\/sg-tr-j2-2-300x147.jpg\" alt=\"\" width=\"114\" height=\"56\" srcset=\"https:\/\/www.topohvar.at\/wp-content\/uploads\/2026\/04\/sg-tr-j2-2-300x147.jpg 300w, https:\/\/www.topohvar.at\/wp-content\/uploads\/2026\/04\/sg-tr-j2-2-1024x503.jpg 1024w, https:\/\/www.topohvar.at\/wp-content\/uploads\/2026\/04\/sg-tr-j2-2-768x377.jpg 768w, https:\/\/www.topohvar.at\/wp-content\/uploads\/2026\/04\/sg-tr-j2-2.jpg 1080w\" sizes=\"auto, (max-width: 114px) 100vw, 114px\" \/><\/a>Trim \u00bbSG-TR-J2\u00ab<br \/>\n<\/strong>SG-TR-J2 \/ Stari Grad, Polje, Ori\u0161ac<\/p>\n<p><strong><a href=\"https:\/\/www.topohvar.at\/orte\/sg\/sg-tr-j7-1\/\"><img loading=\"lazy\" decoding=\"async\" class=\"alignleft wp-image-74499\" src=\"https:\/\/www.topohvar.at\/wp-content\/uploads\/2026\/04\/sg-tr-j7-2-300x147.jpg\" alt=\"\" width=\"114\" height=\"56\" srcset=\"https:\/\/www.topohvar.at\/wp-content\/uploads\/2026\/04\/sg-tr-j7-2-300x147.jpg 300w, https:\/\/www.topohvar.at\/wp-content\/uploads\/2026\/04\/sg-tr-j7-2-1024x503.jpg 1024w, https:\/\/www.topohvar.at\/wp-content\/uploads\/2026\/04\/sg-tr-j7-2-768x377.jpg 768w, https:\/\/www.topohvar.at\/wp-content\/uploads\/2026\/04\/sg-tr-j7-2.jpg 1080w\" sizes=\"auto, (max-width: 114px) 100vw, 114px\" \/><\/a>Trim \u00bbSG-TR-J7\u00ab<br \/>\n<\/strong>SG-TR-J7 \/ Stari Grad, Polje, Ori\u0161ac<\/p>\n<p><strong><a href=\"https:\/\/www.topohvar.at\/orte\/sg\/sg-tr-j8-1\/\"><img loading=\"lazy\" decoding=\"async\" class=\"alignleft wp-image-74512\" src=\"https:\/\/www.topohvar.at\/wp-content\/uploads\/2026\/04\/sg-tr-j8-2-300x147.jpg\" alt=\"\" width=\"114\" height=\"56\" srcset=\"https:\/\/www.topohvar.at\/wp-content\/uploads\/2026\/04\/sg-tr-j8-2-300x147.jpg 300w, https:\/\/www.topohvar.at\/wp-content\/uploads\/2026\/04\/sg-tr-j8-2-1024x503.jpg 1024w, https:\/\/www.topohvar.at\/wp-content\/uploads\/2026\/04\/sg-tr-j8-2-768x377.jpg 768w, https:\/\/www.topohvar.at\/wp-content\/uploads\/2026\/04\/sg-tr-j8-2.jpg 1080w\" sizes=\"auto, (max-width: 114px) 100vw, 114px\" \/><\/a>Trim \u00bbSG-TR-J8\u00ab<br \/>\n<\/strong>SG-TR-J8 \/ Stari Grad, Polje, Ori\u0161ac<\/p>\n<p><strong><a href=\"https:\/\/www.topohvar.at\/orte\/sg\/sg-tr-08-1\/\"><img loading=\"lazy\" decoding=\"async\" class=\"alignleft wp-image-13885\" src=\"https:\/\/www.topohvar.at\/wp-content\/uploads\/2018\/12\/sg-tr-08-11-1024x503.jpg\" alt=\"\" width=\"114\" height=\"56\" srcset=\"https:\/\/www.topohvar.at\/wp-content\/uploads\/2018\/12\/sg-tr-08-11-1024x503.jpg 1024w, https:\/\/www.topohvar.at\/wp-content\/uploads\/2018\/12\/sg-tr-08-11-300x147.jpg 300w, https:\/\/www.topohvar.at\/wp-content\/uploads\/2018\/12\/sg-tr-08-11-768x377.jpg 768w, https:\/\/www.topohvar.at\/wp-content\/uploads\/2018\/12\/sg-tr-08-11.jpg 1080w\" sizes=\"auto, (max-width: 114px) 100vw, 114px\" \/><\/a>Trim \u00bbSG-TR-08\u00ab<br \/>\n<\/strong>SG-TR-08 \/ Stari Grad, Polje<\/p>\n<p><strong><a href=\"https:\/\/www.topohvar.at\/orte\/sg\/sg-tr-09-1\/\"><img loading=\"lazy\" decoding=\"async\" class=\"alignleft wp-image-4488\" src=\"https:\/\/www.topohvar.at\/wp-content\/uploads\/2018\/08\/sg-tr-09-0-1024x503.jpg\" alt=\"\" width=\"114\" height=\"56\" srcset=\"https:\/\/www.topohvar.at\/wp-content\/uploads\/2018\/08\/sg-tr-09-0-1024x503.jpg 1024w, https:\/\/www.topohvar.at\/wp-content\/uploads\/2018\/08\/sg-tr-09-0-300x147.jpg 300w, https:\/\/www.topohvar.at\/wp-content\/uploads\/2018\/08\/sg-tr-09-0-768x377.jpg 768w, https:\/\/www.topohvar.at\/wp-content\/uploads\/2018\/08\/sg-tr-09-0.jpg 1080w\" sizes=\"auto, (max-width: 114px) 100vw, 114px\" \/><\/a>Trim \u00bbSG-TR-09\u00ab<br \/>\n<\/strong>SG-TR-09 \/ Stari Grad, Polje<\/p>\n<p><strong><a href=\"https:\/\/www.topohvar.at\/orte\/sg\/sg-tr-f6-1\/\"><img loading=\"lazy\" decoding=\"async\" class=\"alignleft wp-image-49878\" src=\"https:\/\/www.topohvar.at\/wp-content\/uploads\/2021\/06\/sg-tr-f6-1.jpg\" alt=\"\" width=\"114\" height=\"56\" srcset=\"https:\/\/www.topohvar.at\/wp-content\/uploads\/2021\/06\/sg-tr-f6-1.jpg 1080w, https:\/\/www.topohvar.at\/wp-content\/uploads\/2021\/06\/sg-tr-f6-1-300x147.jpg 300w, https:\/\/www.topohvar.at\/wp-content\/uploads\/2021\/06\/sg-tr-f6-1-1024x503.jpg 1024w, https:\/\/www.topohvar.at\/wp-content\/uploads\/2021\/06\/sg-tr-f6-1-768x377.jpg 768w\" sizes=\"auto, (max-width: 114px) 100vw, 114px\" \/><\/a>Trim \u00bbSG-TR-F6\u00ab<br \/>\n<\/strong>SG-TR-F6 \/ Stari Grad, Polje<\/p>\n<p><strong><a href=\"https:\/\/www.topohvar.at\/orte\/sg\/sg-tr-f7-1\/\"><img loading=\"lazy\" decoding=\"async\" class=\"alignleft wp-image-48308\" src=\"https:\/\/www.topohvar.at\/wp-content\/uploads\/2021\/04\/sg-tr-f7-0.jpg\" alt=\"\" width=\"114\" height=\"56\" srcset=\"https:\/\/www.topohvar.at\/wp-content\/uploads\/2021\/04\/sg-tr-f7-0.jpg 1080w, https:\/\/www.topohvar.at\/wp-content\/uploads\/2021\/04\/sg-tr-f7-0-300x147.jpg 300w, https:\/\/www.topohvar.at\/wp-content\/uploads\/2021\/04\/sg-tr-f7-0-1024x503.jpg 1024w, https:\/\/www.topohvar.at\/wp-content\/uploads\/2021\/04\/sg-tr-f7-0-768x377.jpg 768w\" sizes=\"auto, (max-width: 114px) 100vw, 114px\" \/><\/a>Trim \u00bbSG-TR-F7\u00ab<br \/>\n<\/strong>SG-TR-F7 \/ Stari Grad, Polje<\/p>\n<p><strong><a href=\"https:\/\/www.topohvar.at\/orte\/sg\/sg-tr-13-1\/\"><img loading=\"lazy\" decoding=\"async\" class=\"alignleft wp-image-13894\" src=\"https:\/\/www.topohvar.at\/wp-content\/uploads\/2018\/12\/sg-tr-13-11-1024x503.jpg\" alt=\"\" width=\"114\" height=\"56\" srcset=\"https:\/\/www.topohvar.at\/wp-content\/uploads\/2018\/12\/sg-tr-13-11-1024x503.jpg 1024w, https:\/\/www.topohvar.at\/wp-content\/uploads\/2018\/12\/sg-tr-13-11-300x147.jpg 300w, https:\/\/www.topohvar.at\/wp-content\/uploads\/2018\/12\/sg-tr-13-11-768x377.jpg 768w, https:\/\/www.topohvar.at\/wp-content\/uploads\/2018\/12\/sg-tr-13-11.jpg 1080w\" sizes=\"auto, (max-width: 114px) 100vw, 114px\" \/><\/a>Trim \u00bbSG-TR-13\u00ab<br \/>\n<\/strong>SG-TR-13 \/ Stari Grad, Polje<\/p>\n<p><strong><a href=\"https:\/\/www.topohvar.at\/orte\/sg\/sg-tr-13-1\/\"><img loading=\"lazy\" decoding=\"async\" class=\"alignleft wp-image-71770\" src=\"https:\/\/www.topohvar.at\/wp-content\/uploads\/2025\/05\/sg-tr-i3-1-300x147.jpg\" alt=\"\" width=\"114\" height=\"56\" srcset=\"https:\/\/www.topohvar.at\/wp-content\/uploads\/2025\/05\/sg-tr-i3-1-300x147.jpg 300w, https:\/\/www.topohvar.at\/wp-content\/uploads\/2025\/05\/sg-tr-i3-1-1024x503.jpg 1024w, https:\/\/www.topohvar.at\/wp-content\/uploads\/2025\/05\/sg-tr-i3-1-768x377.jpg 768w, https:\/\/www.topohvar.at\/wp-content\/uploads\/2025\/05\/sg-tr-i3-1.jpg 1080w\" sizes=\"auto, (max-width: 114px) 100vw, 114px\" \/><\/a>Trim \u00bbSG-TR-I3\u00ab<br \/>\n<\/strong>SG-TR-I3 \/ Stari Grad, Polje<\/p>\n<p><strong><a href=\"https:\/\/www.topohvar.at\/orte\/sg\/sg-tr-17-1\/\"><img loading=\"lazy\" decoding=\"async\" class=\"alignleft wp-image-4496\" src=\"https:\/\/www.topohvar.at\/wp-content\/uploads\/2018\/08\/sg-tr-17-0-1024x503.jpg\" alt=\"\" width=\"114\" height=\"56\" srcset=\"https:\/\/www.topohvar.at\/wp-content\/uploads\/2018\/08\/sg-tr-17-0-1024x503.jpg 1024w, https:\/\/www.topohvar.at\/wp-content\/uploads\/2018\/08\/sg-tr-17-0-300x147.jpg 300w, https:\/\/www.topohvar.at\/wp-content\/uploads\/2018\/08\/sg-tr-17-0-768x377.jpg 768w, https:\/\/www.topohvar.at\/wp-content\/uploads\/2018\/08\/sg-tr-17-0.jpg 1080w\" sizes=\"auto, (max-width: 114px) 100vw, 114px\" \/><\/a>Trim \u00bbSG-TR-17\u00ab<br \/>\n<\/strong>SG-TR-17 \/ Stari Grad, Polje<\/p>\n<p><strong><a href=\"https:\/\/www.topohvar.at\/orte\/sg\/sg-tr-19-1\/\"><img loading=\"lazy\" decoding=\"async\" class=\"alignleft wp-image-13902\" src=\"https:\/\/www.topohvar.at\/wp-content\/uploads\/2018\/12\/sg-tr-19-11-1024x503.jpg\" alt=\"\" width=\"114\" height=\"56\" srcset=\"https:\/\/www.topohvar.at\/wp-content\/uploads\/2018\/12\/sg-tr-19-11-1024x503.jpg 1024w, https:\/\/www.topohvar.at\/wp-content\/uploads\/2018\/12\/sg-tr-19-11-300x147.jpg 300w, https:\/\/www.topohvar.at\/wp-content\/uploads\/2018\/12\/sg-tr-19-11-768x377.jpg 768w, https:\/\/www.topohvar.at\/wp-content\/uploads\/2018\/12\/sg-tr-19-11.jpg 1080w\" sizes=\"auto, (max-width: 114px) 100vw, 114px\" \/><\/a>Trim \u00bbSG-TR-19\u00ab<br \/>\n<\/strong>SG -TR-19 \/ Stari Grad, Polje<\/p>\n<p><strong><a href=\"https:\/\/www.topohvar.at\/orte\/sg\/sg-tr-25-1\/\"><img loading=\"lazy\" decoding=\"async\" class=\"alignleft wp-image-13909\" src=\"https:\/\/www.topohvar.at\/wp-content\/uploads\/2018\/12\/sg-tr-25-13-1024x503.jpg\" alt=\"\" width=\"114\" height=\"56\" srcset=\"https:\/\/www.topohvar.at\/wp-content\/uploads\/2018\/12\/sg-tr-25-13-1024x503.jpg 1024w, https:\/\/www.topohvar.at\/wp-content\/uploads\/2018\/12\/sg-tr-25-13-300x147.jpg 300w, https:\/\/www.topohvar.at\/wp-content\/uploads\/2018\/12\/sg-tr-25-13-768x377.jpg 768w, https:\/\/www.topohvar.at\/wp-content\/uploads\/2018\/12\/sg-tr-25-13.jpg 1080w\" sizes=\"auto, (max-width: 114px) 100vw, 114px\" \/><\/a>Trim \u00bbSG-TR-25\u00ab<br \/>\n<\/strong>SG-TR-25\/ Stari Grad, Polje<\/p>\n<p><strong><a href=\"https:\/\/www.topohvar.at\/orte\/sg\/sg-tr-26-1\/\"><img loading=\"lazy\" decoding=\"async\" class=\"alignleft wp-image-4505\" src=\"https:\/\/www.topohvar.at\/wp-content\/uploads\/2018\/08\/sg-tr-26-0-1024x503.jpg\" alt=\"\" width=\"114\" height=\"56\" srcset=\"https:\/\/www.topohvar.at\/wp-content\/uploads\/2018\/08\/sg-tr-26-0-1024x503.jpg 1024w, https:\/\/www.topohvar.at\/wp-content\/uploads\/2018\/08\/sg-tr-26-0-300x147.jpg 300w, https:\/\/www.topohvar.at\/wp-content\/uploads\/2018\/08\/sg-tr-26-0-768x377.jpg 768w, https:\/\/www.topohvar.at\/wp-content\/uploads\/2018\/08\/sg-tr-26-0.jpg 1080w\" sizes=\"auto, (max-width: 114px) 100vw, 114px\" \/><\/a>Trim iznad gustirne \u00bbSG-TR-26\u00ab<br \/>\n<\/strong>SG-TR-26 \/\u00a0Stari Grad, Polje<\/p>\n<p><strong><a href=\"https:\/\/www.topohvar.at\/orte\/sg\/sg-tr-50-1\/\"><img loading=\"lazy\" decoding=\"async\" class=\"alignleft wp-image-4640\" src=\"https:\/\/www.topohvar.at\/wp-content\/uploads\/2018\/08\/SG-TR-50-0-1024x503.jpg\" alt=\"\" width=\"114\" height=\"56\" srcset=\"https:\/\/www.topohvar.at\/wp-content\/uploads\/2018\/08\/SG-TR-50-0-1024x503.jpg 1024w, https:\/\/www.topohvar.at\/wp-content\/uploads\/2018\/08\/SG-TR-50-0-300x147.jpg 300w, https:\/\/www.topohvar.at\/wp-content\/uploads\/2018\/08\/SG-TR-50-0-768x377.jpg 768w, https:\/\/www.topohvar.at\/wp-content\/uploads\/2018\/08\/SG-TR-50-0.jpg 1080w\" sizes=\"auto, (max-width: 114px) 100vw, 114px\" \/><\/a>Trim \u00bbSG-TR-50\u00ab<br \/>\n<\/strong>SG-TR-50 \/ Stari Grad, Polje<\/p>\n<p><strong><a href=\"https:\/\/www.topohvar.at\/orte\/sg\/sg-tr-h7-1\/\"><img loading=\"lazy\" decoding=\"async\" class=\"alignleft wp-image-69033\" src=\"https:\/\/www.topohvar.at\/wp-content\/uploads\/2024\/07\/sg-tr-h7-300x147.jpg\" alt=\"\" width=\"114\" height=\"56\" srcset=\"https:\/\/www.topohvar.at\/wp-content\/uploads\/2024\/07\/sg-tr-h7-300x147.jpg 300w, https:\/\/www.topohvar.at\/wp-content\/uploads\/2024\/07\/sg-tr-h7-1024x503.jpg 1024w, https:\/\/www.topohvar.at\/wp-content\/uploads\/2024\/07\/sg-tr-h7-768x377.jpg 768w, https:\/\/www.topohvar.at\/wp-content\/uploads\/2024\/07\/sg-tr-h7.jpg 1080w\" sizes=\"auto, (max-width: 114px) 100vw, 114px\" \/><\/a>Trim \u00bbSG-TR-H7\u00ab<br \/>\n<\/strong>SG-TR-H7 \/ Stari Grad, Dra\u010device<\/p>\n<p><strong><a href=\"https:\/\/www.topohvar.at\/orte\/sg\/sg-tr-d9-1\/\"><img loading=\"lazy\" decoding=\"async\" class=\"alignleft wp-image-4665\" src=\"https:\/\/www.topohvar.at\/wp-content\/uploads\/2018\/08\/sg-tr-d9-0-1024x503.jpg\" alt=\"\" width=\"114\" height=\"56\" srcset=\"https:\/\/www.topohvar.at\/wp-content\/uploads\/2018\/08\/sg-tr-d9-0-1024x503.jpg 1024w, https:\/\/www.topohvar.at\/wp-content\/uploads\/2018\/08\/sg-tr-d9-0-300x147.jpg 300w, https:\/\/www.topohvar.at\/wp-content\/uploads\/2018\/08\/sg-tr-d9-0-768x377.jpg 768w, https:\/\/www.topohvar.at\/wp-content\/uploads\/2018\/08\/sg-tr-d9-0.jpg 1080w\" sizes=\"auto, (max-width: 114px) 100vw, 114px\" \/><\/a>Trim \u00bbSG-TR-D9\u00ab<br \/>\n<\/strong>SG-TR-D9 \/ Stari Grad, Polje<\/p>\n<p><strong><a href=\"https:\/\/www.topohvar.at\/orte\/sg\/sg-tr-16-1\/\"><img loading=\"lazy\" decoding=\"async\" class=\"alignleft wp-image-4495\" src=\"https:\/\/www.topohvar.at\/wp-content\/uploads\/2018\/08\/sg-tr-16-0-1024x503.jpg\" alt=\"\" width=\"114\" height=\"56\" srcset=\"https:\/\/www.topohvar.at\/wp-content\/uploads\/2018\/08\/sg-tr-16-0-1024x503.jpg 1024w, https:\/\/www.topohvar.at\/wp-content\/uploads\/2018\/08\/sg-tr-16-0-300x147.jpg 300w, https:\/\/www.topohvar.at\/wp-content\/uploads\/2018\/08\/sg-tr-16-0-768x377.jpg 768w, https:\/\/www.topohvar.at\/wp-content\/uploads\/2018\/08\/sg-tr-16-0.jpg 1080w\" sizes=\"auto, (max-width: 114px) 100vw, 114px\" \/><\/a>Trim \u00bbSG-TR-16\u00ab<br \/>\n<\/strong>SG-TR-16 \/\u00a0Stari Grad, Polje, Aerodrom (ju\u017eno)<\/p>\n<p><strong><a href=\"https:\/\/www.topohvar.at\/orte\/sg\/sg-tr-30-1\/\"><img loading=\"lazy\" decoding=\"async\" class=\"alignleft wp-image-4509\" src=\"https:\/\/www.topohvar.at\/wp-content\/uploads\/2018\/08\/sg-tr-30-0-1024x503.jpg\" alt=\"\" width=\"114\" height=\"56\" srcset=\"https:\/\/www.topohvar.at\/wp-content\/uploads\/2018\/08\/sg-tr-30-0-1024x503.jpg 1024w, https:\/\/www.topohvar.at\/wp-content\/uploads\/2018\/08\/sg-tr-30-0-300x147.jpg 300w, https:\/\/www.topohvar.at\/wp-content\/uploads\/2018\/08\/sg-tr-30-0-768x377.jpg 768w, https:\/\/www.topohvar.at\/wp-content\/uploads\/2018\/08\/sg-tr-30-0.jpg 1080w\" sizes=\"auto, (max-width: 114px) 100vw, 114px\" \/><\/a>Trim \u00bbSG-TR-30\u00ab<br \/>\n<\/strong>SG-TR-30 \/\u00a0Stari Grad, Polje, Aerodrom (ju\u017eno)<\/p>\n<p><strong><a href=\"https:\/\/www.topohvar.at\/orte\/sg\/sg-tr-42-1\/\"><img loading=\"lazy\" decoding=\"async\" class=\"alignleft wp-image-13930\" src=\"https:\/\/www.topohvar.at\/wp-content\/uploads\/2018\/12\/sg-tr-42-12-1024x503.jpg\" alt=\"\" width=\"114\" height=\"56\" srcset=\"https:\/\/www.topohvar.at\/wp-content\/uploads\/2018\/12\/sg-tr-42-12-1024x503.jpg 1024w, https:\/\/www.topohvar.at\/wp-content\/uploads\/2018\/12\/sg-tr-42-12-300x147.jpg 300w, https:\/\/www.topohvar.at\/wp-content\/uploads\/2018\/12\/sg-tr-42-12-768x377.jpg 768w, https:\/\/www.topohvar.at\/wp-content\/uploads\/2018\/12\/sg-tr-42-12.jpg 1080w\" sizes=\"auto, (max-width: 114px) 100vw, 114px\" \/><\/a>Trim \u00bbSG-TR-42\u00ab<br \/>\n<\/strong>SG-TR-42 \/ Stari Grad, Polje, Aerodrom (ju\u017eno)<\/p>\n<p><strong><a href=\"https:\/\/www.topohvar.at\/orte\/sg\/sg-tr-c3-1\/\"><img loading=\"lazy\" decoding=\"async\" class=\"alignleft wp-image-4649\" src=\"https:\/\/www.topohvar.at\/wp-content\/uploads\/2018\/08\/SG-TR-C3-0-1024x503.jpg\" alt=\"\" width=\"114\" height=\"56\" srcset=\"https:\/\/www.topohvar.at\/wp-content\/uploads\/2018\/08\/SG-TR-C3-0-1024x503.jpg 1024w, https:\/\/www.topohvar.at\/wp-content\/uploads\/2018\/08\/SG-TR-C3-0-300x147.jpg 300w, https:\/\/www.topohvar.at\/wp-content\/uploads\/2018\/08\/SG-TR-C3-0-768x377.jpg 768w, https:\/\/www.topohvar.at\/wp-content\/uploads\/2018\/08\/SG-TR-C3-0.jpg 1080w\" sizes=\"auto, (max-width: 114px) 100vw, 114px\" \/><\/a>Trim \u00bbSG-TR-C3\u00ab<br \/>\n<\/strong>SG-TR-C3 \/ Stari Grad, Polje, Aerodrom (ju\u017eno)<\/p>\n<p><strong><a href=\"https:\/\/www.topohvar.at\/orte\/sg\/sg-tr-c4-1\/\"><img loading=\"lazy\" decoding=\"async\" class=\"alignleft wp-image-31031\" src=\"https:\/\/www.topohvar.at\/wp-content\/uploads\/2020\/02\/sg-tr-c4-13-300x147.jpg\" alt=\"\" width=\"114\" height=\"56\" srcset=\"https:\/\/www.topohvar.at\/wp-content\/uploads\/2020\/02\/sg-tr-c4-13-300x147.jpg 300w, https:\/\/www.topohvar.at\/wp-content\/uploads\/2020\/02\/sg-tr-c4-13-768x377.jpg 768w, https:\/\/www.topohvar.at\/wp-content\/uploads\/2020\/02\/sg-tr-c4-13-1024x503.jpg 1024w, https:\/\/www.topohvar.at\/wp-content\/uploads\/2020\/02\/sg-tr-c4-13.jpg 1080w\" sizes=\"auto, (max-width: 114px) 100vw, 114px\" \/><\/a>Trim \u00bbSG-TR-C4\u00ab<br \/>\n<\/strong>SG-TR-C4 \/ Stari Grad, Polje, Aerodrom (ju\u017eno)<\/p>\n<p><strong><a href=\"https:\/\/www.topohvar.at\/orte\/sg\/sg-tr-e7-1\/\"><img loading=\"lazy\" decoding=\"async\" class=\"alignleft wp-image-13942\" src=\"https:\/\/www.topohvar.at\/wp-content\/uploads\/2018\/12\/sg-tr-e7-1-1024x503.jpg\" alt=\"\" width=\"114\" height=\"56\" srcset=\"https:\/\/www.topohvar.at\/wp-content\/uploads\/2018\/12\/sg-tr-e7-1-1024x503.jpg 1024w, https:\/\/www.topohvar.at\/wp-content\/uploads\/2018\/12\/sg-tr-e7-1-300x147.jpg 300w, https:\/\/www.topohvar.at\/wp-content\/uploads\/2018\/12\/sg-tr-e7-1-768x377.jpg 768w, https:\/\/www.topohvar.at\/wp-content\/uploads\/2018\/12\/sg-tr-e7-1.jpg 1080w\" sizes=\"auto, (max-width: 114px) 100vw, 114px\" \/><\/a>Trim \u00bbSG-TR-E7\u00ab<br \/>\n<\/strong>SG-TR-E7\/ Stari Grad, Polje, Aerodrom (ju\u017eno)<\/p>\n<p><strong><a href=\"https:\/\/www.topohvar.at\/orte\/sg\/sg-tr-c6-1\/\"><img loading=\"lazy\" decoding=\"async\" class=\"alignleft wp-image-4652\" src=\"https:\/\/www.topohvar.at\/wp-content\/uploads\/2018\/08\/SG-TR-C6-0-1024x503.jpg\" alt=\"\" width=\"114\" height=\"56\" srcset=\"https:\/\/www.topohvar.at\/wp-content\/uploads\/2018\/08\/SG-TR-C6-0-1024x503.jpg 1024w, https:\/\/www.topohvar.at\/wp-content\/uploads\/2018\/08\/SG-TR-C6-0-300x147.jpg 300w, https:\/\/www.topohvar.at\/wp-content\/uploads\/2018\/08\/SG-TR-C6-0-768x377.jpg 768w, https:\/\/www.topohvar.at\/wp-content\/uploads\/2018\/08\/SG-TR-C6-0.jpg 1080w\" sizes=\"auto, (max-width: 114px) 100vw, 114px\" \/><\/a>Trim \u00bbSG-TR-C6\u00ab<br \/>\n<\/strong>SG-TR-C6 \/\u00a0Stari Grad, Polje, Aerodrom (ju\u017eno)<\/p>\n<p><strong><a href=\"https:\/\/www.topohvar.at\/orte\/sg\/sg-tr-c7-1\/\"><img loading=\"lazy\" decoding=\"async\" class=\"alignleft wp-image-13951\" src=\"https:\/\/www.topohvar.at\/wp-content\/uploads\/2018\/12\/sg-tr-c7-12-1024x503.jpg\" alt=\"\" width=\"114\" height=\"56\" srcset=\"https:\/\/www.topohvar.at\/wp-content\/uploads\/2018\/12\/sg-tr-c7-12-1024x503.jpg 1024w, https:\/\/www.topohvar.at\/wp-content\/uploads\/2018\/12\/sg-tr-c7-12-300x147.jpg 300w, https:\/\/www.topohvar.at\/wp-content\/uploads\/2018\/12\/sg-tr-c7-12-768x377.jpg 768w, https:\/\/www.topohvar.at\/wp-content\/uploads\/2018\/12\/sg-tr-c7-12.jpg 1080w\" sizes=\"auto, (max-width: 114px) 100vw, 114px\" \/><\/a>Trim \u00bbSG-TR-C7\u00ab<br \/>\n<\/strong>SG-TR-C7 \/ Stari Grad, Polje, Aerodrom (ju\u017eno)<\/p>\n<p><strong><a href=\"https:\/\/www.topohvar.at\/orte\/sg\/sg-tr-c8-1\/\"><img loading=\"lazy\" decoding=\"async\" class=\"alignleft wp-image-4654\" src=\"https:\/\/www.topohvar.at\/wp-content\/uploads\/2018\/08\/SG-TR-C8-0-1024x503.jpg\" alt=\"\" width=\"114\" height=\"56\" srcset=\"https:\/\/www.topohvar.at\/wp-content\/uploads\/2018\/08\/SG-TR-C8-0-1024x503.jpg 1024w, https:\/\/www.topohvar.at\/wp-content\/uploads\/2018\/08\/SG-TR-C8-0-300x147.jpg 300w, https:\/\/www.topohvar.at\/wp-content\/uploads\/2018\/08\/SG-TR-C8-0-768x377.jpg 768w, https:\/\/www.topohvar.at\/wp-content\/uploads\/2018\/08\/SG-TR-C8-0.jpg 1080w\" sizes=\"auto, (max-width: 114px) 100vw, 114px\" \/><\/a>Trim \u00bbSG-TR-C8\u00ab<br \/>\n<\/strong>SG-TR-C8 \/\u00a0Stari Grad, Polje, Aerodrom (ju\u017eno)<\/p>\n<p><strong><a href=\"https:\/\/www.topohvar.at\/orte\/sg\/sg-tr-03-1\/\"><img loading=\"lazy\" decoding=\"async\" class=\"alignleft wp-image-13286\" src=\"https:\/\/www.topohvar.at\/wp-content\/uploads\/2018\/12\/sg-tr-03-11-1024x503.jpg\" alt=\"\" width=\"114\" height=\"56\" srcset=\"https:\/\/www.topohvar.at\/wp-content\/uploads\/2018\/12\/sg-tr-03-11-1024x503.jpg 1024w, https:\/\/www.topohvar.at\/wp-content\/uploads\/2018\/12\/sg-tr-03-11-300x147.jpg 300w, https:\/\/www.topohvar.at\/wp-content\/uploads\/2018\/12\/sg-tr-03-11-768x377.jpg 768w, https:\/\/www.topohvar.at\/wp-content\/uploads\/2018\/12\/sg-tr-03-11.jpg 1080w\" sizes=\"auto, (max-width: 114px) 100vw, 114px\" \/><\/a>Trim \u00bbSG-TR-03\u00ab<br \/>\n<\/strong>SG-TR-03 \/ Stari Grad, Polje, Aerodrom (sjeverno)<\/p>\n<p><strong><a href=\"https:\/\/www.topohvar.at\/orte\/sg\/sg-tr-82-1\/\"><img loading=\"lazy\" decoding=\"async\" class=\"alignleft wp-image-4560\" src=\"https:\/\/www.topohvar.at\/wp-content\/uploads\/2018\/08\/sg-tr-82-0-1024x503.jpg\" alt=\"\" width=\"114\" height=\"56\" srcset=\"https:\/\/www.topohvar.at\/wp-content\/uploads\/2018\/08\/sg-tr-82-0-1024x503.jpg 1024w, https:\/\/www.topohvar.at\/wp-content\/uploads\/2018\/08\/sg-tr-82-0-300x147.jpg 300w, https:\/\/www.topohvar.at\/wp-content\/uploads\/2018\/08\/sg-tr-82-0-768x377.jpg 768w, https:\/\/www.topohvar.at\/wp-content\/uploads\/2018\/08\/sg-tr-82-0.jpg 1080w\" sizes=\"auto, (max-width: 114px) 100vw, 114px\" \/><\/a>Trim \u00bbSG-TR-82\u00ab<br \/>\n<\/strong>SG-TR-82 \/ Stari Grad, Polje, Aerodrom (sjeverno)<\/p>\n<p><strong><a href=\"https:\/\/www.topohvar.at\/orte\/sg\/sg-tr-46-1\/\"><img loading=\"lazy\" decoding=\"async\" class=\"alignleft wp-image-13294\" src=\"https:\/\/www.topohvar.at\/wp-content\/uploads\/2018\/12\/sg-tr-46-11-1024x503.jpg\" alt=\"\" width=\"114\" height=\"56\" srcset=\"https:\/\/www.topohvar.at\/wp-content\/uploads\/2018\/12\/sg-tr-46-11-1024x503.jpg 1024w, https:\/\/www.topohvar.at\/wp-content\/uploads\/2018\/12\/sg-tr-46-11-300x147.jpg 300w, https:\/\/www.topohvar.at\/wp-content\/uploads\/2018\/12\/sg-tr-46-11-768x377.jpg 768w, https:\/\/www.topohvar.at\/wp-content\/uploads\/2018\/12\/sg-tr-46-11.jpg 1080w\" sizes=\"auto, (max-width: 114px) 100vw, 114px\" \/><\/a>Trim \u00bbSG-TR-46\u00ab<br \/>\n<\/strong>SG-TR-46 \/\u00a0Stari Grad, Polje, Brige<\/p>\n<p><strong><a href=\"https:\/\/www.topohvar.at\/orte\/sg\/sg-tr-47-1\/\"><img loading=\"lazy\" decoding=\"async\" class=\"alignleft wp-image-4526\" src=\"https:\/\/www.topohvar.at\/wp-content\/uploads\/2018\/08\/sg-tr-47-0-1024x503.jpg\" alt=\"\" width=\"114\" height=\"56\" srcset=\"https:\/\/www.topohvar.at\/wp-content\/uploads\/2018\/08\/sg-tr-47-0-1024x503.jpg 1024w, https:\/\/www.topohvar.at\/wp-content\/uploads\/2018\/08\/sg-tr-47-0-300x147.jpg 300w, https:\/\/www.topohvar.at\/wp-content\/uploads\/2018\/08\/sg-tr-47-0-768x377.jpg 768w, https:\/\/www.topohvar.at\/wp-content\/uploads\/2018\/08\/sg-tr-47-0.jpg 1080w\" sizes=\"auto, (max-width: 114px) 100vw, 114px\" \/><\/a>Trim \u00bbSG-TR-47\u00ab<br \/>\n<\/strong>SG-TR-47 \/ Stari Grad, Polje, Brige<\/p>\n<p><strong><a href=\"https:\/\/www.topohvar.at\/orte\/sg\/sg-tr-48-1\/\"><img loading=\"lazy\" decoding=\"async\" class=\"alignleft wp-image-13303\" src=\"https:\/\/www.topohvar.at\/wp-content\/uploads\/2018\/12\/sg-tr-48-12-1024x503.jpg\" alt=\"\" width=\"114\" height=\"56\" srcset=\"https:\/\/www.topohvar.at\/wp-content\/uploads\/2018\/12\/sg-tr-48-12-1024x503.jpg 1024w, https:\/\/www.topohvar.at\/wp-content\/uploads\/2018\/12\/sg-tr-48-12-300x147.jpg 300w, https:\/\/www.topohvar.at\/wp-content\/uploads\/2018\/12\/sg-tr-48-12-768x377.jpg 768w, https:\/\/www.topohvar.at\/wp-content\/uploads\/2018\/12\/sg-tr-48-12.jpg 1080w\" sizes=\"auto, (max-width: 114px) 100vw, 114px\" \/><\/a>Trim \u00bbSG-TR-48\u00ab<br \/>\n<\/strong>SG-TR-48 \/\u00a0Stari Grad, Polje, Brige<\/p>\n<p><strong><a href=\"https:\/\/www.topohvar.at\/orte\/sg\/sg-tr-63-1\/\"><img loading=\"lazy\" decoding=\"async\" class=\"alignleft wp-image-4542\" src=\"https:\/\/www.topohvar.at\/wp-content\/uploads\/2018\/08\/sg-tr-63-0-1024x503.jpg\" alt=\"\" width=\"114\" height=\"56\" srcset=\"https:\/\/www.topohvar.at\/wp-content\/uploads\/2018\/08\/sg-tr-63-0-1024x503.jpg 1024w, https:\/\/www.topohvar.at\/wp-content\/uploads\/2018\/08\/sg-tr-63-0-300x147.jpg 300w, https:\/\/www.topohvar.at\/wp-content\/uploads\/2018\/08\/sg-tr-63-0-768x377.jpg 768w, https:\/\/www.topohvar.at\/wp-content\/uploads\/2018\/08\/sg-tr-63-0.jpg 1080w\" sizes=\"auto, (max-width: 114px) 100vw, 114px\" \/><\/a>Trim \u00bbSG-TR-63\u00ab<br \/>\n<\/strong>SG-TR-63 \/ Stari Grad, Polje, Dra\u010device<\/p>\n<p><strong><a href=\"https:\/\/www.topohvar.at\/orte\/sg\/sg-tr-64-1\/\"><img loading=\"lazy\" decoding=\"async\" class=\"alignleft wp-image-13313\" src=\"https:\/\/www.topohvar.at\/wp-content\/uploads\/2018\/12\/sg-tr-64-11-1024x503.jpg\" alt=\"\" width=\"114\" height=\"56\" srcset=\"https:\/\/www.topohvar.at\/wp-content\/uploads\/2018\/12\/sg-tr-64-11-1024x503.jpg 1024w, https:\/\/www.topohvar.at\/wp-content\/uploads\/2018\/12\/sg-tr-64-11-300x147.jpg 300w, https:\/\/www.topohvar.at\/wp-content\/uploads\/2018\/12\/sg-tr-64-11-768x377.jpg 768w, https:\/\/www.topohvar.at\/wp-content\/uploads\/2018\/12\/sg-tr-64-11.jpg 1080w\" sizes=\"auto, (max-width: 114px) 100vw, 114px\" \/><\/a>Trim \u00bbSG-TR-64\u00ab<br \/>\n<\/strong>SG-TR-64 \/\u00a0Stari Grad, Polje, Dra\u010device<\/p>\n<p><strong><a href=\"https:\/\/www.topohvar.at\/orte\/sg\/sg-tr-70-1\/\"><img loading=\"lazy\" decoding=\"async\" class=\"alignleft wp-image-4548\" src=\"https:\/\/www.topohvar.at\/wp-content\/uploads\/2018\/08\/sg-tr-70-0-1024x503.jpg\" alt=\"\" width=\"114\" height=\"56\" srcset=\"https:\/\/www.topohvar.at\/wp-content\/uploads\/2018\/08\/sg-tr-70-0-1024x503.jpg 1024w, https:\/\/www.topohvar.at\/wp-content\/uploads\/2018\/08\/sg-tr-70-0-300x147.jpg 300w, https:\/\/www.topohvar.at\/wp-content\/uploads\/2018\/08\/sg-tr-70-0-768x377.jpg 768w, https:\/\/www.topohvar.at\/wp-content\/uploads\/2018\/08\/sg-tr-70-0.jpg 1080w\" sizes=\"auto, (max-width: 114px) 100vw, 114px\" \/><\/a>Dvojni trim \u00bbSG-TR-70\u00ab<br \/>\n<\/strong>SG-TR-70 \/\u00a0Stari Grad, Polje, Dra\u010device<\/p>\n<p><strong><a href=\"https:\/\/www.topohvar.at\/orte\/sg\/sg-tr-71-1\/\"><img loading=\"lazy\" decoding=\"async\" class=\"alignleft wp-image-13324\" src=\"https:\/\/www.topohvar.at\/wp-content\/uploads\/2018\/12\/sg-tr-71-11-1024x503.jpg\" alt=\"\" width=\"114\" height=\"56\" srcset=\"https:\/\/www.topohvar.at\/wp-content\/uploads\/2018\/12\/sg-tr-71-11-1024x503.jpg 1024w, https:\/\/www.topohvar.at\/wp-content\/uploads\/2018\/12\/sg-tr-71-11-300x147.jpg 300w, https:\/\/www.topohvar.at\/wp-content\/uploads\/2018\/12\/sg-tr-71-11-768x377.jpg 768w, https:\/\/www.topohvar.at\/wp-content\/uploads\/2018\/12\/sg-tr-71-11.jpg 1080w\" sizes=\"auto, (max-width: 114px) 100vw, 114px\" \/><\/a>Trim \u00bbSG-TR-71\u00ab<br \/>\n<\/strong>SG-TR-71 \/ Stari Grad, Polje, Dra\u010device<\/p>\n<p><strong><a href=\"https:\/\/www.topohvar.at\/orte\/sg\/sg-tr-37-1\/\"><img loading=\"lazy\" decoding=\"async\" class=\"alignleft wp-image-13330\" src=\"https:\/\/www.topohvar.at\/wp-content\/uploads\/2018\/12\/sg-tr-37-15-1024x503.jpg\" alt=\"\" width=\"114\" height=\"56\" srcset=\"https:\/\/www.topohvar.at\/wp-content\/uploads\/2018\/12\/sg-tr-37-15-1024x503.jpg 1024w, https:\/\/www.topohvar.at\/wp-content\/uploads\/2018\/12\/sg-tr-37-15-300x147.jpg 300w, https:\/\/www.topohvar.at\/wp-content\/uploads\/2018\/12\/sg-tr-37-15-768x377.jpg 768w, https:\/\/www.topohvar.at\/wp-content\/uploads\/2018\/12\/sg-tr-37-15.jpg 1080w\" sizes=\"auto, (max-width: 114px) 100vw, 114px\" \/><\/a>Trim \u00bbSG-TR-37\u00ab<br \/>\n<\/strong>SG-TR-37 \/ Stari Grad, Polje, Gjurkovice<\/p>\n<p><strong><a href=\"https:\/\/www.topohvar.at\/orte\/sg\/sg-tr-j6-1\/\"><img loading=\"lazy\" decoding=\"async\" class=\"alignleft wp-image-74519\" src=\"https:\/\/www.topohvar.at\/wp-content\/uploads\/2026\/04\/sg-tr-j6-8-300x147.jpg\" alt=\"\" width=\"114\" height=\"56\" srcset=\"https:\/\/www.topohvar.at\/wp-content\/uploads\/2026\/04\/sg-tr-j6-8-300x147.jpg 300w, https:\/\/www.topohvar.at\/wp-content\/uploads\/2026\/04\/sg-tr-j6-8-1024x503.jpg 1024w, https:\/\/www.topohvar.at\/wp-content\/uploads\/2026\/04\/sg-tr-j6-8-768x377.jpg 768w, https:\/\/www.topohvar.at\/wp-content\/uploads\/2026\/04\/sg-tr-j6-8.jpg 1080w\" sizes=\"auto, (max-width: 114px) 100vw, 114px\" \/><\/a>Trim \u00bbSG-TR-J6\u00ab<br \/>\n<\/strong>SG-TR-J6 \/ Stari Grad, Polje, Gjurkovice<\/p>\n<p><strong><a href=\"https:\/\/www.topohvar.at\/orte\/sg\/sg-tr-51-1\/\"><img loading=\"lazy\" decoding=\"async\" class=\"alignleft wp-image-13336\" src=\"https:\/\/www.topohvar.at\/wp-content\/uploads\/2018\/12\/sg-tr-51-13-1024x503.jpg\" alt=\"\" width=\"114\" height=\"56\" srcset=\"https:\/\/www.topohvar.at\/wp-content\/uploads\/2018\/12\/sg-tr-51-13-1024x503.jpg 1024w, https:\/\/www.topohvar.at\/wp-content\/uploads\/2018\/12\/sg-tr-51-13-300x147.jpg 300w, https:\/\/www.topohvar.at\/wp-content\/uploads\/2018\/12\/sg-tr-51-13-768x377.jpg 768w, https:\/\/www.topohvar.at\/wp-content\/uploads\/2018\/12\/sg-tr-51-13.jpg 1080w\" sizes=\"auto, (max-width: 114px) 100vw, 114px\" \/><\/a>Trim \u00bbSG-TR-51\u00ab<br \/>\n<\/strong>SG-TR-51 \/\u00a0Stari Grad, Polje, Kaladi\u0107<\/p>\n<p><strong><a href=\"https:\/\/www.topohvar.at\/orte\/sg\/sg-tr-52-1\/\"><img loading=\"lazy\" decoding=\"async\" class=\"alignleft wp-image-4531\" src=\"https:\/\/www.topohvar.at\/wp-content\/uploads\/2018\/08\/sg-tr-52-0-1024x503.jpg\" alt=\"\" width=\"114\" height=\"56\" srcset=\"https:\/\/www.topohvar.at\/wp-content\/uploads\/2018\/08\/sg-tr-52-0-1024x503.jpg 1024w, https:\/\/www.topohvar.at\/wp-content\/uploads\/2018\/08\/sg-tr-52-0-300x147.jpg 300w, https:\/\/www.topohvar.at\/wp-content\/uploads\/2018\/08\/sg-tr-52-0-768x377.jpg 768w, https:\/\/www.topohvar.at\/wp-content\/uploads\/2018\/08\/sg-tr-52-0.jpg 1080w\" sizes=\"auto, (max-width: 114px) 100vw, 114px\" \/><\/a>Trim \u00bbSG-TR-52\u00ab<br \/>\n<\/strong>SG-TR-52 \/ Stari Grad, Polje, Kaladi\u0107<\/p>\n<p><strong><a href=\"https:\/\/www.topohvar.at\/orte\/sg\/sg-tr-a6-1\/\"><img loading=\"lazy\" decoding=\"async\" class=\"alignleft wp-image-13344\" src=\"https:\/\/www.topohvar.at\/wp-content\/uploads\/2018\/12\/sg-tr-a6-2-1024x503.jpg\" alt=\"\" width=\"114\" height=\"56\" srcset=\"https:\/\/www.topohvar.at\/wp-content\/uploads\/2018\/12\/sg-tr-a6-2-1024x503.jpg 1024w, https:\/\/www.topohvar.at\/wp-content\/uploads\/2018\/12\/sg-tr-a6-2-300x147.jpg 300w, https:\/\/www.topohvar.at\/wp-content\/uploads\/2018\/12\/sg-tr-a6-2-768x377.jpg 768w, https:\/\/www.topohvar.at\/wp-content\/uploads\/2018\/12\/sg-tr-a6-2.jpg 1080w\" sizes=\"auto, (max-width: 114px) 100vw, 114px\" \/><\/a>Trim \u00bbSG-TR-A6\u00ab<br \/>\n<\/strong>SG-TR-A6 \/\u00a0Stari Grad, Polje, Kaladi\u0107<\/p>\n<p><strong><a href=\"https:\/\/www.topohvar.at\/orte\/sg\/sg-tr-e4-1\/\"><img loading=\"lazy\" decoding=\"async\" class=\"alignleft wp-image-13350\" src=\"https:\/\/www.topohvar.at\/wp-content\/uploads\/2018\/12\/sg-tr-e4-1-1024x503.jpg\" alt=\"\" width=\"114\" height=\"56\" srcset=\"https:\/\/www.topohvar.at\/wp-content\/uploads\/2018\/12\/sg-tr-e4-1-1024x503.jpg 1024w, https:\/\/www.topohvar.at\/wp-content\/uploads\/2018\/12\/sg-tr-e4-1-300x147.jpg 300w, https:\/\/www.topohvar.at\/wp-content\/uploads\/2018\/12\/sg-tr-e4-1-768x377.jpg 768w, https:\/\/www.topohvar.at\/wp-content\/uploads\/2018\/12\/sg-tr-e4-1.jpg 1080w\" sizes=\"auto, (max-width: 114px) 100vw, 114px\" \/><\/a>Trim \u00bbSG-TR-E4\u00ab<br \/>\n<\/strong>SG-TR-E4 \/\u00a0Stari Grad, Polje, Kaladi\u0107<\/p>\n<p><strong><a href=\"https:\/\/www.topohvar.at\/orte\/sg\/sg-tr-e5-1\/\"><img loading=\"lazy\" decoding=\"async\" class=\"alignleft wp-image-13356\" src=\"https:\/\/www.topohvar.at\/wp-content\/uploads\/2018\/12\/sg-tr-e5-1-1024x503.jpg\" alt=\"\" width=\"114\" height=\"56\" srcset=\"https:\/\/www.topohvar.at\/wp-content\/uploads\/2018\/12\/sg-tr-e5-1-1024x503.jpg 1024w, https:\/\/www.topohvar.at\/wp-content\/uploads\/2018\/12\/sg-tr-e5-1-300x147.jpg 300w, https:\/\/www.topohvar.at\/wp-content\/uploads\/2018\/12\/sg-tr-e5-1-768x377.jpg 768w, https:\/\/www.topohvar.at\/wp-content\/uploads\/2018\/12\/sg-tr-e5-1.jpg 1080w\" sizes=\"auto, (max-width: 114px) 100vw, 114px\" \/><\/a>Trim \u00bbSG-TR-E5\u00ab<br \/>\n<\/strong>SG-TR-E5 \/\u00a0Stari Grad, Polje, Kaladi\u0107<\/p>\n<p><strong><a href=\"https:\/\/www.topohvar.at\/orte\/sg\/sg-tr-23-1\/\"><img loading=\"lazy\" decoding=\"async\" class=\"alignleft wp-image-13364\" src=\"https:\/\/www.topohvar.at\/wp-content\/uploads\/2018\/12\/sg-tr-23-12-1024x503.jpg\" alt=\"\" width=\"114\" height=\"56\" srcset=\"https:\/\/www.topohvar.at\/wp-content\/uploads\/2018\/12\/sg-tr-23-12-1024x503.jpg 1024w, https:\/\/www.topohvar.at\/wp-content\/uploads\/2018\/12\/sg-tr-23-12-300x147.jpg 300w, https:\/\/www.topohvar.at\/wp-content\/uploads\/2018\/12\/sg-tr-23-12-768x377.jpg 768w, https:\/\/www.topohvar.at\/wp-content\/uploads\/2018\/12\/sg-tr-23-12.jpg 1080w\" sizes=\"auto, (max-width: 114px) 100vw, 114px\" \/><\/a>Trim \u00bbSG-TR-23, Bakalorov trim\u00ab<\/strong><br \/>\nSG-TR-23 \/ Stari Grad, Polje,\u00a0Kaladi\u0107<\/p>\n<p><strong><a href=\"https:\/\/www.topohvar.at\/orte\/sg\/sg-tr-g5-1\/\"><img loading=\"lazy\" decoding=\"async\" class=\"alignleft wp-image-62760\" src=\"https:\/\/www.topohvar.at\/wp-content\/uploads\/2023\/06\/sg-tr-g5-0-300x147.jpg\" alt=\"\" width=\"114\" height=\"56\" srcset=\"https:\/\/www.topohvar.at\/wp-content\/uploads\/2023\/06\/sg-tr-g5-0-300x147.jpg 300w, https:\/\/www.topohvar.at\/wp-content\/uploads\/2023\/06\/sg-tr-g5-0-1024x503.jpg 1024w, https:\/\/www.topohvar.at\/wp-content\/uploads\/2023\/06\/sg-tr-g5-0-768x377.jpg 768w, https:\/\/www.topohvar.at\/wp-content\/uploads\/2023\/06\/sg-tr-g5-0.jpg 1080w\" sizes=\"auto, (max-width: 114px) 100vw, 114px\" \/><\/a>Trim \u00bbSG-TR-G5\u00ab<\/strong><br \/>\nSG-TR-G5 \/ Stari Grad, Polje<\/p>\n<p><strong><a href=\"https:\/\/www.topohvar.at\/orte\/sg\/sg-tr-g8-1\/\"><img loading=\"lazy\" decoding=\"async\" class=\"alignleft wp-image-62763\" src=\"https:\/\/www.topohvar.at\/wp-content\/uploads\/2023\/06\/sg-tr-g8-0-300x147.jpg\" alt=\"\" width=\"114\" height=\"56\" srcset=\"https:\/\/www.topohvar.at\/wp-content\/uploads\/2023\/06\/sg-tr-g8-0-300x147.jpg 300w, https:\/\/www.topohvar.at\/wp-content\/uploads\/2023\/06\/sg-tr-g8-0-1024x503.jpg 1024w, https:\/\/www.topohvar.at\/wp-content\/uploads\/2023\/06\/sg-tr-g8-0-768x377.jpg 768w, https:\/\/www.topohvar.at\/wp-content\/uploads\/2023\/06\/sg-tr-g8-0.jpg 1080w\" sizes=\"auto, (max-width: 114px) 100vw, 114px\" \/><\/a>Trim \u00bbSG-TR-G8\u00ab<\/strong><br \/>\nSG-TR-G8 \/ Stari Grad, Polje<\/p>\n<p><strong><a href=\"https:\/\/www.topohvar.at\/orte\/sg\/sg-tr-53-1\/\"><img loading=\"lazy\" decoding=\"async\" class=\"alignleft wp-image-13369\" src=\"https:\/\/www.topohvar.at\/wp-content\/uploads\/2018\/12\/sg-tr-53-11-1024x503.jpg\" alt=\"\" width=\"114\" height=\"56\" srcset=\"https:\/\/www.topohvar.at\/wp-content\/uploads\/2018\/12\/sg-tr-53-11-1024x503.jpg 1024w, https:\/\/www.topohvar.at\/wp-content\/uploads\/2018\/12\/sg-tr-53-11-300x147.jpg 300w, https:\/\/www.topohvar.at\/wp-content\/uploads\/2018\/12\/sg-tr-53-11-768x377.jpg 768w, https:\/\/www.topohvar.at\/wp-content\/uploads\/2018\/12\/sg-tr-53-11.jpg 1080w\" sizes=\"auto, (max-width: 114px) 100vw, 114px\" \/><\/a>Trim \u00bbSG-TR-53\u00ab<br \/>\n<\/strong>SG-TR-53 \/ Stari Grad, Polje, Kaladi\u0107<\/p>\n<p><strong><a href=\"https:\/\/www.topohvar.at\/orte\/sg\/sg-tr-54-1\/\"><img loading=\"lazy\" decoding=\"async\" class=\"alignleft wp-image-13374\" src=\"https:\/\/www.topohvar.at\/wp-content\/uploads\/2018\/12\/sg-tr-54-13-1024x503.jpg\" alt=\"\" width=\"114\" height=\"56\" srcset=\"https:\/\/www.topohvar.at\/wp-content\/uploads\/2018\/12\/sg-tr-54-13-1024x503.jpg 1024w, https:\/\/www.topohvar.at\/wp-content\/uploads\/2018\/12\/sg-tr-54-13-300x147.jpg 300w, https:\/\/www.topohvar.at\/wp-content\/uploads\/2018\/12\/sg-tr-54-13-768x377.jpg 768w, https:\/\/www.topohvar.at\/wp-content\/uploads\/2018\/12\/sg-tr-54-13.jpg 1080w\" sizes=\"auto, (max-width: 114px) 100vw, 114px\" \/><\/a>Trim \u00bbSG-TR-54\u00ab<br \/>\n<\/strong>SG-TR-54 \/ Stari Grad, Polje, Kaladi\u0107<\/p>\n<p><strong><a href=\"https:\/\/www.topohvar.at\/orte\/sg\/sg-tr-55-1\/\"><img loading=\"lazy\" decoding=\"async\" class=\"alignleft wp-image-13381\" src=\"https:\/\/www.topohvar.at\/wp-content\/uploads\/2018\/12\/sg-tr-55-11-1024x503.jpg\" alt=\"\" width=\"114\" height=\"56\" srcset=\"https:\/\/www.topohvar.at\/wp-content\/uploads\/2018\/12\/sg-tr-55-11-1024x503.jpg 1024w, https:\/\/www.topohvar.at\/wp-content\/uploads\/2018\/12\/sg-tr-55-11-300x147.jpg 300w, https:\/\/www.topohvar.at\/wp-content\/uploads\/2018\/12\/sg-tr-55-11-768x377.jpg 768w, https:\/\/www.topohvar.at\/wp-content\/uploads\/2018\/12\/sg-tr-55-11.jpg 1080w\" sizes=\"auto, (max-width: 114px) 100vw, 114px\" \/><\/a>Trim \u00bbSG-TR-55\u00ab<br \/>\n<\/strong>SG-TR-55\/ Stari Grad, Polje, Kaladi\u0107<\/p>\n<p><strong><a href=\"https:\/\/www.topohvar.at\/orte\/sg\/sg-tr-h0-1\/\"><img loading=\"lazy\" decoding=\"async\" class=\"alignleft wp-image-62708\" src=\"https:\/\/www.topohvar.at\/wp-content\/uploads\/2023\/06\/sg-tr-h0-0-300x147.jpg\" alt=\"\" width=\"114\" height=\"56\" srcset=\"https:\/\/www.topohvar.at\/wp-content\/uploads\/2023\/06\/sg-tr-h0-0-300x147.jpg 300w, https:\/\/www.topohvar.at\/wp-content\/uploads\/2023\/06\/sg-tr-h0-0-1024x503.jpg 1024w, https:\/\/www.topohvar.at\/wp-content\/uploads\/2023\/06\/sg-tr-h0-0-768x377.jpg 768w, https:\/\/www.topohvar.at\/wp-content\/uploads\/2023\/06\/sg-tr-h0-0.jpg 1080w\" sizes=\"auto, (max-width: 114px) 100vw, 114px\" \/><\/a>Dvojni Trim \u00bbSG-TR-H0\u00ab<br \/>\n<\/strong>SG-TR-H0\/ Stari Grad, Vrbanjske Rudine, Goba\u0161ko bardo<\/p>\n<p><strong><a href=\"https:\/\/www.topohvar.at\/orte\/sg\/sg-tr-h1-1\/\"><img loading=\"lazy\" decoding=\"async\" class=\"alignleft wp-image-62716\" src=\"https:\/\/www.topohvar.at\/wp-content\/uploads\/2023\/06\/sg-tr-h1-0-300x147.jpg\" alt=\"\" width=\"114\" height=\"56\" srcset=\"https:\/\/www.topohvar.at\/wp-content\/uploads\/2023\/06\/sg-tr-h1-0-300x147.jpg 300w, https:\/\/www.topohvar.at\/wp-content\/uploads\/2023\/06\/sg-tr-h1-0-1024x503.jpg 1024w, https:\/\/www.topohvar.at\/wp-content\/uploads\/2023\/06\/sg-tr-h1-0-768x377.jpg 768w, https:\/\/www.topohvar.at\/wp-content\/uploads\/2023\/06\/sg-tr-h1-0.jpg 1080w\" sizes=\"auto, (max-width: 114px) 100vw, 114px\" \/><\/a>Trim \u00bbSG-TR-H1\u00ab<br \/>\n<\/strong>SG-TR-I0\/ Stari Grad, Vrbanjske Rudine, Goba\u0161ko bardo<\/p>\n<p><strong><a href=\"https:\/\/www.topohvar.at\/orte\/sg\/sg-tr-56-1\/\"><img loading=\"lazy\" decoding=\"async\" class=\"alignleft wp-image-13386\" src=\"https:\/\/www.topohvar.at\/wp-content\/uploads\/2018\/12\/sg-tr-56-12-1024x503.jpg\" alt=\"\" width=\"114\" height=\"56\" srcset=\"https:\/\/www.topohvar.at\/wp-content\/uploads\/2018\/12\/sg-tr-56-12-1024x503.jpg 1024w, https:\/\/www.topohvar.at\/wp-content\/uploads\/2018\/12\/sg-tr-56-12-300x147.jpg 300w, https:\/\/www.topohvar.at\/wp-content\/uploads\/2018\/12\/sg-tr-56-12-768x377.jpg 768w, https:\/\/www.topohvar.at\/wp-content\/uploads\/2018\/12\/sg-tr-56-12.jpg 1080w\" sizes=\"auto, (max-width: 114px) 100vw, 114px\" \/><\/a>Sklop trima \u00bbSG-TR-56\u00ab<br \/>\n<\/strong>SG-TR-56 \/ Stari Grad, Vrbanjske Rudine, Goba\u0161ko bardo<\/p>\n<p><strong><a href=\"https:\/\/www.topohvar.at\/orte\/sg\/sg-tr-b1-1\/\"><img loading=\"lazy\" decoding=\"async\" class=\"alignleft wp-image-62677\" src=\"https:\/\/www.topohvar.at\/wp-content\/uploads\/2023\/05\/sg-tr-d2-0-300x147.jpg\" alt=\"\" width=\"114\" height=\"56\" srcset=\"https:\/\/www.topohvar.at\/wp-content\/uploads\/2023\/05\/sg-tr-d2-0-300x147.jpg 300w, https:\/\/www.topohvar.at\/wp-content\/uploads\/2023\/05\/sg-tr-d2-0-1024x503.jpg 1024w, https:\/\/www.topohvar.at\/wp-content\/uploads\/2023\/05\/sg-tr-d2-0-768x377.jpg 768w, https:\/\/www.topohvar.at\/wp-content\/uploads\/2023\/05\/sg-tr-d2-0.jpg 1080w\" sizes=\"auto, (max-width: 114px) 100vw, 114px\" \/><\/a>Sklop trima \u00bbSG-TR-B1\u00ab<br \/>\n<\/strong>SG-TR-B1 \/ Stari Grad, Vrbanjske Rudine, Goba\u0161ko bardo<\/p>\n<p><strong><a href=\"https:\/\/www.topohvar.at\/orte\/sg\/sg-tr-f2-1\/\"><img loading=\"lazy\" decoding=\"async\" class=\"alignleft wp-image-49741\" src=\"https:\/\/www.topohvar.at\/wp-content\/uploads\/2021\/06\/sg-tr-f2-1-300x147.jpg\" alt=\"\" width=\"114\" height=\"56\" srcset=\"https:\/\/www.topohvar.at\/wp-content\/uploads\/2021\/06\/sg-tr-f2-1-300x147.jpg 300w, https:\/\/www.topohvar.at\/wp-content\/uploads\/2021\/06\/sg-tr-f2-1-1024x503.jpg 1024w, https:\/\/www.topohvar.at\/wp-content\/uploads\/2021\/06\/sg-tr-f2-1-768x377.jpg 768w, https:\/\/www.topohvar.at\/wp-content\/uploads\/2021\/06\/sg-tr-f2-1.jpg 1080w\" sizes=\"auto, (max-width: 114px) 100vw, 114px\" \/><\/a>Trim \u00bbSG-TR-F2\u00ab<br \/>\n<\/strong>SG-TR-F2 \/ Stari Grad, Vrbanjske Rudine, Goba\u0161ko bardo<\/p>\n<p><strong><a href=\"https:\/\/www.topohvar.at\/orte\/sg\/sg-tr-57-1\/\"><img loading=\"lazy\" decoding=\"async\" class=\"alignleft wp-image-13391\" src=\"https:\/\/www.topohvar.at\/wp-content\/uploads\/2018\/12\/sg-tr-57-11-1024x503.jpg\" alt=\"\" width=\"114\" height=\"56\" srcset=\"https:\/\/www.topohvar.at\/wp-content\/uploads\/2018\/12\/sg-tr-57-11-1024x503.jpg 1024w, https:\/\/www.topohvar.at\/wp-content\/uploads\/2018\/12\/sg-tr-57-11-300x147.jpg 300w, https:\/\/www.topohvar.at\/wp-content\/uploads\/2018\/12\/sg-tr-57-11-768x377.jpg 768w, https:\/\/www.topohvar.at\/wp-content\/uploads\/2018\/12\/sg-tr-57-11.jpg 1080w\" sizes=\"auto, (max-width: 114px) 100vw, 114px\" \/><\/a>Dvojni trim \u00bbSG-TR-57\u00ab<br \/>\n<\/strong>SG-TR-57 \/ Stari Grad, Vrbanjske Rudine, Goba\u0161ko bardo<\/p>\n<p><strong><a href=\"https:\/\/www.topohvar.at\/orte\/sg\/sg-tr-g0-1\/\"><img loading=\"lazy\" decoding=\"async\" class=\"alignleft wp-image-49758\" src=\"https:\/\/www.topohvar.at\/wp-content\/uploads\/2021\/06\/sg-tr-g0-1.jpg\" alt=\"\" width=\"114\" height=\"56\" srcset=\"https:\/\/www.topohvar.at\/wp-content\/uploads\/2021\/06\/sg-tr-g0-1.jpg 1080w, https:\/\/www.topohvar.at\/wp-content\/uploads\/2021\/06\/sg-tr-g0-1-300x147.jpg 300w, https:\/\/www.topohvar.at\/wp-content\/uploads\/2021\/06\/sg-tr-g0-1-1024x503.jpg 1024w, https:\/\/www.topohvar.at\/wp-content\/uploads\/2021\/06\/sg-tr-g0-1-768x377.jpg 768w\" sizes=\"auto, (max-width: 114px) 100vw, 114px\" \/><\/a>Trim \u00bbSG-TR-G0\u00ab<br \/>\n<\/strong>SG-TR-G0 \/ Stari Grad, Vrbanjske Rudine, Goba\u0161ko bardo<\/p>\n<p><strong><a href=\"https:\/\/www.topohvar.at\/orte\/sg\/sg-tr-g1-1\/\"><img loading=\"lazy\" decoding=\"async\" class=\"alignleft wp-image-49765\" src=\"https:\/\/www.topohvar.at\/wp-content\/uploads\/2021\/06\/sg-tr-g1-1.jpg\" alt=\"\" width=\"114\" height=\"56\" srcset=\"https:\/\/www.topohvar.at\/wp-content\/uploads\/2021\/06\/sg-tr-g1-1.jpg 1080w, https:\/\/www.topohvar.at\/wp-content\/uploads\/2021\/06\/sg-tr-g1-1-300x147.jpg 300w, https:\/\/www.topohvar.at\/wp-content\/uploads\/2021\/06\/sg-tr-g1-1-1024x503.jpg 1024w, https:\/\/www.topohvar.at\/wp-content\/uploads\/2021\/06\/sg-tr-g1-1-768x377.jpg 768w\" sizes=\"auto, (max-width: 114px) 100vw, 114px\" \/><\/a>Trim \u00bbSG-TR-G1\u00ab<br \/>\n<\/strong>SG-TR-G1 \/ Stari Grad, Vrbanjske Rudine, Goba\u0161ko bardo<\/p>\n<p><strong><a href=\"https:\/\/www.topohvar.at\/orte\/sg\/sg-tr-h4-1\/\"><img loading=\"lazy\" decoding=\"async\" class=\"alignleft wp-image-62670\" src=\"https:\/\/www.topohvar.at\/wp-content\/uploads\/2023\/05\/sg-tr-h4-0-300x147.jpg\" alt=\"\" width=\"114\" height=\"56\" srcset=\"https:\/\/www.topohvar.at\/wp-content\/uploads\/2023\/05\/sg-tr-h4-0-300x147.jpg 300w, https:\/\/www.topohvar.at\/wp-content\/uploads\/2023\/05\/sg-tr-h4-0-1024x503.jpg 1024w, https:\/\/www.topohvar.at\/wp-content\/uploads\/2023\/05\/sg-tr-h4-0-768x377.jpg 768w, https:\/\/www.topohvar.at\/wp-content\/uploads\/2023\/05\/sg-tr-h4-0.jpg 1080w\" sizes=\"auto, (max-width: 114px) 100vw, 114px\" \/><\/a>Trim \u00bbSG-TR-H4\u00ab<br \/>\n<\/strong>SG-TR-H4 \/ Stari Grad, Vrbanjske Rudine, Goba\u0161ko bardo<\/p>\n<p><strong><a href=\"https:\/\/www.topohvar.at\/orte\/sg\/sg-tr-h5-1\/\"><img loading=\"lazy\" decoding=\"async\" class=\"alignleft wp-image-62661\" src=\"https:\/\/www.topohvar.at\/wp-content\/uploads\/2023\/05\/sg-tr-h5-0-300x147.jpg\" alt=\"\" width=\"114\" height=\"56\" srcset=\"https:\/\/www.topohvar.at\/wp-content\/uploads\/2023\/05\/sg-tr-h5-0-300x147.jpg 300w, https:\/\/www.topohvar.at\/wp-content\/uploads\/2023\/05\/sg-tr-h5-0-1024x503.jpg 1024w, https:\/\/www.topohvar.at\/wp-content\/uploads\/2023\/05\/sg-tr-h5-0-768x377.jpg 768w, https:\/\/www.topohvar.at\/wp-content\/uploads\/2023\/05\/sg-tr-h5-0.jpg 1080w\" sizes=\"auto, (max-width: 114px) 100vw, 114px\" \/><\/a>Trim \u00bbSG-TR-H5\u00ab<br \/>\n<\/strong>SG-TR-H5 \/ Stari Grad, Vrbanjske Rudine, Goba\u0161ko bardo<\/p>\n<p><strong><a href=\"https:\/\/www.topohvar.at\/orte\/sg\/sg-tr-b2-1\/\"><img loading=\"lazy\" decoding=\"async\" class=\"alignleft wp-image-62665\" src=\"https:\/\/www.topohvar.at\/wp-content\/uploads\/2023\/05\/sg-tr-b2-0-300x147.jpg\" alt=\"\" width=\"114\" height=\"56\" srcset=\"https:\/\/www.topohvar.at\/wp-content\/uploads\/2023\/05\/sg-tr-b2-0-300x147.jpg 300w, https:\/\/www.topohvar.at\/wp-content\/uploads\/2023\/05\/sg-tr-b2-0-1024x503.jpg 1024w, https:\/\/www.topohvar.at\/wp-content\/uploads\/2023\/05\/sg-tr-b2-0-768x377.jpg 768w, https:\/\/www.topohvar.at\/wp-content\/uploads\/2023\/05\/sg-tr-b2-0.jpg 1080w\" sizes=\"auto, (max-width: 114px) 100vw, 114px\" \/><\/a>Trim \u00bbSG-TR-B2\u00ab<br \/>\n<\/strong>SG-TR-B2 \/ Stari Grad, Vrbanjske Rudine, Goba\u0161ko bardo<\/p>\n<p><strong><a href=\"https:\/\/www.topohvar.at\/orte\/sg\/sg-tr-22-1\/\"><img loading=\"lazy\" decoding=\"async\" class=\"alignleft wp-image-13398\" src=\"https:\/\/www.topohvar.at\/wp-content\/uploads\/2018\/12\/sg-tr-22-11-1024x503.jpg\" alt=\"\" width=\"114\" height=\"56\" srcset=\"https:\/\/www.topohvar.at\/wp-content\/uploads\/2018\/12\/sg-tr-22-11-1024x503.jpg 1024w, https:\/\/www.topohvar.at\/wp-content\/uploads\/2018\/12\/sg-tr-22-11-300x147.jpg 300w, https:\/\/www.topohvar.at\/wp-content\/uploads\/2018\/12\/sg-tr-22-11-768x377.jpg 768w, https:\/\/www.topohvar.at\/wp-content\/uploads\/2018\/12\/sg-tr-22-11.jpg 1080w\" sizes=\"auto, (max-width: 114px) 100vw, 114px\" \/><\/a>Trim \u00bbSG-TR-22\u00ab<br \/>\n<\/strong>SG-TR-22 \/ Stari Grad, Maslinovik<\/p>\n<p><strong><a href=\"https:\/\/www.topohvar.at\/orte\/sg\/sg-tr-79-1\/\"><img loading=\"lazy\" decoding=\"async\" class=\"alignleft wp-image-13405\" src=\"https:\/\/www.topohvar.at\/wp-content\/uploads\/2018\/12\/sg-tr-79-13-1024x503.jpg\" alt=\"\" width=\"114\" height=\"56\" srcset=\"https:\/\/www.topohvar.at\/wp-content\/uploads\/2018\/12\/sg-tr-79-13-1024x503.jpg 1024w, https:\/\/www.topohvar.at\/wp-content\/uploads\/2018\/12\/sg-tr-79-13-300x147.jpg 300w, https:\/\/www.topohvar.at\/wp-content\/uploads\/2018\/12\/sg-tr-79-13-768x377.jpg 768w, https:\/\/www.topohvar.at\/wp-content\/uploads\/2018\/12\/sg-tr-79-13.jpg 1080w\" sizes=\"auto, (max-width: 114px) 100vw, 114px\" \/><\/a>Trim \u00bbSG-TR-79\u00ab<br \/>\n<\/strong>SG -TR-79 \/ Stari Grad, Vrbanjske Rudine, Gornji Maslinovci<\/p>\n<p><strong><a href=\"https:\/\/www.topohvar.at\/orte\/sg\/sg-tr-i2-1\/\"><img loading=\"lazy\" decoding=\"async\" class=\"alignleft wp-image-71764\" src=\"https:\/\/www.topohvar.at\/wp-content\/uploads\/2025\/05\/sg-tr-i2-1-300x147.jpg\" alt=\"\" width=\"114\" height=\"56\" srcset=\"https:\/\/www.topohvar.at\/wp-content\/uploads\/2025\/05\/sg-tr-i2-1-300x147.jpg 300w, https:\/\/www.topohvar.at\/wp-content\/uploads\/2025\/05\/sg-tr-i2-1-1024x503.jpg 1024w, https:\/\/www.topohvar.at\/wp-content\/uploads\/2025\/05\/sg-tr-i2-1-768x377.jpg 768w, https:\/\/www.topohvar.at\/wp-content\/uploads\/2025\/05\/sg-tr-i2-1.jpg 1080w\" sizes=\"auto, (max-width: 114px) 100vw, 114px\" \/><\/a>Trim \u00bbSG-TR-I2\u00ab<br \/>\n<\/strong>SG -TR-I2 \/ Stari Grad, Vrbanjske Rudine, Goba\u0161ko bardo<\/p>\n<p><strong><a href=\"https:\/\/www.topohvar.at\/orte\/sg\/sg-tr-60-1\/\"><img loading=\"lazy\" decoding=\"async\" class=\"alignleft wp-image-13412\" src=\"https:\/\/www.topohvar.at\/wp-content\/uploads\/2018\/12\/sg-tr-60-12-1024x503.jpg\" alt=\"\" width=\"114\" height=\"56\" srcset=\"https:\/\/www.topohvar.at\/wp-content\/uploads\/2018\/12\/sg-tr-60-12-1024x503.jpg 1024w, https:\/\/www.topohvar.at\/wp-content\/uploads\/2018\/12\/sg-tr-60-12-300x147.jpg 300w, https:\/\/www.topohvar.at\/wp-content\/uploads\/2018\/12\/sg-tr-60-12-768x377.jpg 768w, https:\/\/www.topohvar.at\/wp-content\/uploads\/2018\/12\/sg-tr-60-12.jpg 1080w\" sizes=\"auto, (max-width: 114px) 100vw, 114px\" \/><\/a>Trim \u00bbSG-TR-60\u00ab<br \/>\n<\/strong>SG-TR-60 \/ Stari Grad, Vrbanjske Rudine, Goba\u0161ko bardo<\/p>\n<p><strong><a href=\"https:\/\/www.topohvar.at\/orte\/sg\/sg-tr-58-1\/\"><img loading=\"lazy\" decoding=\"async\" class=\"alignleft wp-image-13417\" src=\"https:\/\/www.topohvar.at\/wp-content\/uploads\/2018\/12\/sg-tr-58-11-1024x503.jpg\" alt=\"\" width=\"114\" height=\"56\" srcset=\"https:\/\/www.topohvar.at\/wp-content\/uploads\/2018\/12\/sg-tr-58-11-1024x503.jpg 1024w, https:\/\/www.topohvar.at\/wp-content\/uploads\/2018\/12\/sg-tr-58-11-300x147.jpg 300w, https:\/\/www.topohvar.at\/wp-content\/uploads\/2018\/12\/sg-tr-58-11-768x377.jpg 768w, https:\/\/www.topohvar.at\/wp-content\/uploads\/2018\/12\/sg-tr-58-11.jpg 1080w\" sizes=\"auto, (max-width: 114px) 100vw, 114px\" \/><\/a>Trim \u00bbSG-TR-58\u00ab<br \/>\n<\/strong>SG-TR-58 \/ Stari Grad, Vrbanjske Rudine, Goba\u0161ko bardo<\/p>\n<p><strong><a href=\"https:\/\/www.topohvar.at\/orte\/sg\/sg-tr-g9-1\/\"><img loading=\"lazy\" decoding=\"async\" class=\"alignleft wp-image-62731\" src=\"https:\/\/www.topohvar.at\/wp-content\/uploads\/2023\/06\/sg-tr-g9-0-300x147.jpg\" alt=\"\" width=\"114\" height=\"56\" srcset=\"https:\/\/www.topohvar.at\/wp-content\/uploads\/2023\/06\/sg-tr-g9-0-300x147.jpg 300w, https:\/\/www.topohvar.at\/wp-content\/uploads\/2023\/06\/sg-tr-g9-0-1024x503.jpg 1024w, https:\/\/www.topohvar.at\/wp-content\/uploads\/2023\/06\/sg-tr-g9-0-768x377.jpg 768w, https:\/\/www.topohvar.at\/wp-content\/uploads\/2023\/06\/sg-tr-g9-0.jpg 1080w\" sizes=\"auto, (max-width: 114px) 100vw, 114px\" \/><\/a>Trim \u00bbSG-TR-G9\u00ab<br \/>\n<\/strong>SG-TR-G9 \/ Stari Grad, Vrbanjske Rudine<\/p>\n<p><strong><a href=\"https:\/\/www.topohvar.at\/orte\/sg\/sg-tr-h6-1\/\"><img loading=\"lazy\" decoding=\"async\" class=\"alignleft wp-image-62723\" src=\"https:\/\/www.topohvar.at\/wp-content\/uploads\/2023\/06\/sg-tr-h6-0-300x147.jpg\" alt=\"\" width=\"114\" height=\"56\" srcset=\"https:\/\/www.topohvar.at\/wp-content\/uploads\/2023\/06\/sg-tr-h6-0-300x147.jpg 300w, https:\/\/www.topohvar.at\/wp-content\/uploads\/2023\/06\/sg-tr-h6-0-1024x503.jpg 1024w, https:\/\/www.topohvar.at\/wp-content\/uploads\/2023\/06\/sg-tr-h6-0-768x377.jpg 768w, https:\/\/www.topohvar.at\/wp-content\/uploads\/2023\/06\/sg-tr-h6-0.jpg 1080w\" sizes=\"auto, (max-width: 114px) 100vw, 114px\" \/><\/a>Trim \u00bbSG-TR-H6\u00ab<br \/>\n<\/strong>SG-TR-H6 \/ Stari Grad, Vrbanjske Rudine<\/p>\n<p><strong><a href=\"https:\/\/www.topohvar.at\/orte\/sg\/sg-tr-h3-1\/\"><img loading=\"lazy\" decoding=\"async\" class=\"alignleft wp-image-62704\" src=\"https:\/\/www.topohvar.at\/wp-content\/uploads\/2023\/06\/sg-tr-h3-0-300x147.jpg\" alt=\"\" width=\"114\" height=\"56\" srcset=\"https:\/\/www.topohvar.at\/wp-content\/uploads\/2023\/06\/sg-tr-h3-0-300x147.jpg 300w, https:\/\/www.topohvar.at\/wp-content\/uploads\/2023\/06\/sg-tr-h3-0-1024x503.jpg 1024w, https:\/\/www.topohvar.at\/wp-content\/uploads\/2023\/06\/sg-tr-h3-0-768x377.jpg 768w, https:\/\/www.topohvar.at\/wp-content\/uploads\/2023\/06\/sg-tr-h3-0.jpg 1080w\" sizes=\"auto, (max-width: 114px) 100vw, 114px\" \/><\/a>Trim \u00bbSG-TR-H3\u00ab<br \/>\n<\/strong>SG-TR-H3 \/ Stari Grad, Vrbanjske Rudine, Goba\u0161ko bardo<\/p>\n<p><strong><a href=\"https:\/\/www.topohvar.at\/orte\/sg\/sg-tr-h2-1\/\"><img loading=\"lazy\" decoding=\"async\" class=\"alignleft wp-image-62700\" src=\"https:\/\/www.topohvar.at\/wp-content\/uploads\/2023\/06\/sg-tr-h2-0-300x147.jpg\" alt=\"\" width=\"114\" height=\"56\" srcset=\"https:\/\/www.topohvar.at\/wp-content\/uploads\/2023\/06\/sg-tr-h2-0-300x147.jpg 300w, https:\/\/www.topohvar.at\/wp-content\/uploads\/2023\/06\/sg-tr-h2-0-1024x503.jpg 1024w, https:\/\/www.topohvar.at\/wp-content\/uploads\/2023\/06\/sg-tr-h2-0-768x377.jpg 768w, https:\/\/www.topohvar.at\/wp-content\/uploads\/2023\/06\/sg-tr-h2-0.jpg 1080w\" sizes=\"auto, (max-width: 114px) 100vw, 114px\" \/><\/a>Trim \u00bbSG-TR-H2\u00ab<br \/>\n<\/strong>SG-TR-H2 \/ Stari Grad, Vrbanjske Rudine, Goba\u0161ko bardo<\/p>\n<p><strong><a href=\"https:\/\/www.topohvar.at\/orte\/sg\/sg-tr-59-1\/\"><img loading=\"lazy\" decoding=\"async\" class=\"alignleft wp-image-13423\" src=\"https:\/\/www.topohvar.at\/wp-content\/uploads\/2018\/12\/sg-tr-59-2-1024x503.jpg\" alt=\"\" width=\"114\" height=\"56\" srcset=\"https:\/\/www.topohvar.at\/wp-content\/uploads\/2018\/12\/sg-tr-59-2-1024x503.jpg 1024w, https:\/\/www.topohvar.at\/wp-content\/uploads\/2018\/12\/sg-tr-59-2-300x147.jpg 300w, https:\/\/www.topohvar.at\/wp-content\/uploads\/2018\/12\/sg-tr-59-2-768x377.jpg 768w, https:\/\/www.topohvar.at\/wp-content\/uploads\/2018\/12\/sg-tr-59-2.jpg 1080w\" sizes=\"auto, (max-width: 114px) 100vw, 114px\" \/><\/a>Trim \u00bbSG-TR-59\u00ab<br \/>\n<\/strong>SG-TR-59 \/ Stari Grad, Vrbanjske Rudine, Goba\u0161ko bardo<\/p>\n<p><strong><a href=\"https:\/\/www.topohvar.at\/orte\/sg\/sg-tr-h9-1\/\"><img loading=\"lazy\" decoding=\"async\" class=\"alignleft wp-image-71165\" src=\"https:\/\/www.topohvar.at\/wp-content\/uploads\/2025\/03\/sg-tr-h9-1-300x147.jpg\" alt=\"\" width=\"114\" height=\"56\" srcset=\"https:\/\/www.topohvar.at\/wp-content\/uploads\/2025\/03\/sg-tr-h9-1-300x147.jpg 300w, https:\/\/www.topohvar.at\/wp-content\/uploads\/2025\/03\/sg-tr-h9-1-1024x503.jpg 1024w, https:\/\/www.topohvar.at\/wp-content\/uploads\/2025\/03\/sg-tr-h9-1-768x377.jpg 768w, https:\/\/www.topohvar.at\/wp-content\/uploads\/2025\/03\/sg-tr-h9-1.jpg 1080w\" sizes=\"auto, (max-width: 114px) 100vw, 114px\" \/><\/a>Trim \u00bbSG-TR-H9\u00ab<br \/>\n<\/strong>SG-TR-H9 \/ Stari Grad, Vrbanjske Rudine, Goba\u0161ko bardo<\/p>\n<p><strong><a href=\"https:\/\/www.topohvar.at\/orte\/sg\/sg-tr-e6-1\/\"><img loading=\"lazy\" decoding=\"async\" class=\"alignleft wp-image-13430\" src=\"https:\/\/www.topohvar.at\/wp-content\/uploads\/2018\/12\/sg-tr-e6-3-1024x503.jpg\" alt=\"\" width=\"114\" height=\"56\" srcset=\"https:\/\/www.topohvar.at\/wp-content\/uploads\/2018\/12\/sg-tr-e6-3-1024x503.jpg 1024w, https:\/\/www.topohvar.at\/wp-content\/uploads\/2018\/12\/sg-tr-e6-3-300x147.jpg 300w, https:\/\/www.topohvar.at\/wp-content\/uploads\/2018\/12\/sg-tr-e6-3-768x377.jpg 768w, https:\/\/www.topohvar.at\/wp-content\/uploads\/2018\/12\/sg-tr-e6-3.jpg 1080w\" sizes=\"auto, (max-width: 114px) 100vw, 114px\" \/><\/a>Trim \u00bbSG-TR-E6\u00ab<br \/>\n<\/strong>SG-TR-E6 \/ Stari Grad, Vrbanjske Rudine, Goba\u0161ko bardo<\/p>\n<p><strong><a href=\"https:\/\/www.topohvar.at\/orte\/sg\/sg-tr-21-1\/\"><img loading=\"lazy\" decoding=\"async\" class=\"alignleft wp-image-12670\" src=\"https:\/\/www.topohvar.at\/wp-content\/uploads\/2018\/10\/sg-tr-21-0-1024x503.jpg\" alt=\"\" width=\"114\" height=\"56\" srcset=\"https:\/\/www.topohvar.at\/wp-content\/uploads\/2018\/10\/sg-tr-21-0-1024x503.jpg 1024w, https:\/\/www.topohvar.at\/wp-content\/uploads\/2018\/10\/sg-tr-21-0-300x147.jpg 300w, https:\/\/www.topohvar.at\/wp-content\/uploads\/2018\/10\/sg-tr-21-0-768x377.jpg 768w, https:\/\/www.topohvar.at\/wp-content\/uploads\/2018\/10\/sg-tr-21-0.jpg 1080w\" sizes=\"auto, (max-width: 114px) 100vw, 114px\" \/><\/a>Trim \u00bbSG-TR-21\u00ab<br \/>\n<\/strong>SG-TR-21 \/ Stari Grad, Vrbanjske Rudine, Goba\u0161ko bardo<\/p>\n<p><strong><a href=\"https:\/\/www.topohvar.at\/orte\/sg\/sg-tr-f4-1\/\"><img loading=\"lazy\" decoding=\"async\" class=\"alignleft wp-image-49749\" src=\"https:\/\/www.topohvar.at\/wp-content\/uploads\/2021\/06\/sg-tr-f4-1.jpg\" alt=\"\" width=\"114\" height=\"56\" srcset=\"https:\/\/www.topohvar.at\/wp-content\/uploads\/2021\/06\/sg-tr-f4-1.jpg 1080w, https:\/\/www.topohvar.at\/wp-content\/uploads\/2021\/06\/sg-tr-f4-1-300x147.jpg 300w, https:\/\/www.topohvar.at\/wp-content\/uploads\/2021\/06\/sg-tr-f4-1-1024x503.jpg 1024w, https:\/\/www.topohvar.at\/wp-content\/uploads\/2021\/06\/sg-tr-f4-1-768x377.jpg 768w\" sizes=\"auto, (max-width: 114px) 100vw, 114px\" \/><\/a>Trim \u00bbSG-TR-F4\u00ab<br \/>\n<\/strong>SG-TR-F4 \/ Stari Grad, Vrbanjske Rudine<\/p>\n<p><strong><a href=\"https:\/\/www.topohvar.at\/orte\/sg\/sg-tr-f3-1\/\"><img loading=\"lazy\" decoding=\"async\" class=\"alignleft wp-image-49751\" src=\"https:\/\/www.topohvar.at\/wp-content\/uploads\/2021\/06\/sg-tr-f3-1.jpg\" alt=\"\" width=\"114\" height=\"56\" srcset=\"https:\/\/www.topohvar.at\/wp-content\/uploads\/2021\/06\/sg-tr-f3-1.jpg 1080w, https:\/\/www.topohvar.at\/wp-content\/uploads\/2021\/06\/sg-tr-f3-1-300x147.jpg 300w, https:\/\/www.topohvar.at\/wp-content\/uploads\/2021\/06\/sg-tr-f3-1-1024x503.jpg 1024w, https:\/\/www.topohvar.at\/wp-content\/uploads\/2021\/06\/sg-tr-f3-1-768x377.jpg 768w\" sizes=\"auto, (max-width: 114px) 100vw, 114px\" \/><\/a>Trim \u00bbSG-TR-F3\u00ab<br \/>\n<\/strong>SG-TR-F3 \/ Stari Grad, Vrbanjske Rudine<\/p>\n<p><strong><a href=\"https:\/\/www.topohvar.at\/orte\/sg\/sg-tr-e9-1\/\"><img loading=\"lazy\" decoding=\"async\" class=\"alignleft wp-image-33551\" src=\"https:\/\/www.topohvar.at\/wp-content\/uploads\/2020\/03\/sg-tr-e9-1-300x147.jpg\" alt=\"\" width=\"114\" height=\"56\" srcset=\"https:\/\/www.topohvar.at\/wp-content\/uploads\/2020\/03\/sg-tr-e9-1-300x147.jpg 300w, https:\/\/www.topohvar.at\/wp-content\/uploads\/2020\/03\/sg-tr-e9-1.jpg 640w\" sizes=\"auto, (max-width: 114px) 100vw, 114px\" \/><\/a>Trim \u00bbSG-TR-E9 (1888)\u00ab<br \/>\n<\/strong>SG-TR-E9 \/ Stari Grad, Vrbanjske Rudine, Goba\u0161ko bardo<\/p>\n<p><strong><a href=\"https:\/\/www.topohvar.at\/orte\/sg\/sg-tr-f0-1\/\"><img loading=\"lazy\" decoding=\"async\" class=\"alignleft wp-image-33562\" src=\"https:\/\/www.topohvar.at\/wp-content\/uploads\/2020\/03\/sg-tr-f0-1-300x147.jpg\" alt=\"\" width=\"114\" height=\"56\" srcset=\"https:\/\/www.topohvar.at\/wp-content\/uploads\/2020\/03\/sg-tr-f0-1-300x147.jpg 300w, https:\/\/www.topohvar.at\/wp-content\/uploads\/2020\/03\/sg-tr-f0-1.jpg 640w\" sizes=\"auto, (max-width: 114px) 100vw, 114px\" \/><\/a>Trim \u00bbSG-TR-F0\u00ab<br \/>\n<\/strong>SG-TR-F0 \/ Stari Grad, Vrbanjske Rudine, Goba\u0161ko bardo<\/p>\n<p><strong><a href=\"https:\/\/www.topohvar.at\/orte\/sg\/sg-tr-02-1\/\"><img loading=\"lazy\" decoding=\"async\" class=\"alignleft wp-image-21843\" src=\"https:\/\/www.topohvar.at\/wp-content\/uploads\/2019\/04\/sg-tr-02-11-1024x503.jpg\" alt=\"\" width=\"114\" height=\"56\" srcset=\"https:\/\/www.topohvar.at\/wp-content\/uploads\/2019\/04\/sg-tr-02-11-1024x503.jpg 1024w, https:\/\/www.topohvar.at\/wp-content\/uploads\/2019\/04\/sg-tr-02-11-300x147.jpg 300w, https:\/\/www.topohvar.at\/wp-content\/uploads\/2019\/04\/sg-tr-02-11-768x377.jpg 768w, https:\/\/www.topohvar.at\/wp-content\/uploads\/2019\/04\/sg-tr-02-11.jpg 1080w\" sizes=\"auto, (max-width: 114px) 100vw, 114px\" \/><\/a>Trim \u00bbSG-TR-02, Veli trim hora\u00ab<br \/>\n<\/strong>SG-TR-02 \/ Stari Grad, Polje, Male Mo\u0107e<\/p>\n<p><strong><a href=\"https:\/\/www.topohvar.at\/orte\/sg\/sg-tr-e3-1\/\"><img loading=\"lazy\" decoding=\"async\" class=\"alignleft wp-image-13438\" src=\"https:\/\/www.topohvar.at\/wp-content\/uploads\/2018\/12\/sg-tr-e3-2-1024x503.jpg\" alt=\"\" width=\"114\" height=\"56\" srcset=\"https:\/\/www.topohvar.at\/wp-content\/uploads\/2018\/12\/sg-tr-e3-2-1024x503.jpg 1024w, https:\/\/www.topohvar.at\/wp-content\/uploads\/2018\/12\/sg-tr-e3-2-300x147.jpg 300w, https:\/\/www.topohvar.at\/wp-content\/uploads\/2018\/12\/sg-tr-e3-2-768x377.jpg 768w, https:\/\/www.topohvar.at\/wp-content\/uploads\/2018\/12\/sg-tr-e3-2.jpg 1080w\" sizes=\"auto, (max-width: 114px) 100vw, 114px\" \/><\/a>Trim iznad gustirne \u00bbSG-TR-E3\u00ab<br \/>\n<\/strong>SG-TR-E2 \/ Stari Grad, Polje, Male Mo\u0107e, Veli trim Hora<\/p>\n<p><strong><a href=\"https:\/\/www.topohvar.at\/orte\/sg\/sg-tr-06-1\/\"><img loading=\"lazy\" decoding=\"async\" class=\"alignleft wp-image-13444\" src=\"https:\/\/www.topohvar.at\/wp-content\/uploads\/2018\/12\/sg-tr-06-12-1024x503.jpg\" alt=\"\" width=\"114\" height=\"56\" srcset=\"https:\/\/www.topohvar.at\/wp-content\/uploads\/2018\/12\/sg-tr-06-12-1024x503.jpg 1024w, https:\/\/www.topohvar.at\/wp-content\/uploads\/2018\/12\/sg-tr-06-12-300x147.jpg 300w, https:\/\/www.topohvar.at\/wp-content\/uploads\/2018\/12\/sg-tr-06-12-768x377.jpg 768w, https:\/\/www.topohvar.at\/wp-content\/uploads\/2018\/12\/sg-tr-06-12.jpg 1080w\" sizes=\"auto, (max-width: 114px) 100vw, 114px\" \/><\/a>Trim \u00bbSG-TR-06\u00ab<br \/>\n<\/strong>SG-TR-06 \/ Stari Grad, Polje, Male Mo\u0107e<\/p>\n<p><strong><a href=\"https:\/\/www.topohvar.at\/orte\/sg\/sg-tr-10-1\/\"><img loading=\"lazy\" decoding=\"async\" class=\"alignleft wp-image-4489\" src=\"https:\/\/www.topohvar.at\/wp-content\/uploads\/2018\/08\/sg-tr-10-0-1024x503.jpg\" alt=\"\" width=\"114\" height=\"56\" srcset=\"https:\/\/www.topohvar.at\/wp-content\/uploads\/2018\/08\/sg-tr-10-0-1024x503.jpg 1024w, https:\/\/www.topohvar.at\/wp-content\/uploads\/2018\/08\/sg-tr-10-0-300x147.jpg 300w, https:\/\/www.topohvar.at\/wp-content\/uploads\/2018\/08\/sg-tr-10-0-768x377.jpg 768w, https:\/\/www.topohvar.at\/wp-content\/uploads\/2018\/08\/sg-tr-10-0.jpg 1080w\" sizes=\"auto, (max-width: 114px) 100vw, 114px\" \/><\/a>Trim \u00bbSG-TR-10\u00ab<br \/>\n<\/strong>SG-TR-10 \/\u00a0Stari Grad, Polje, Male Mo\u0107e<\/p>\n<p><strong><a href=\"https:\/\/www.topohvar.at\/orte\/sg\/sg-tr-20-1\/\"><img loading=\"lazy\" decoding=\"async\" class=\"alignleft wp-image-13454\" src=\"https:\/\/www.topohvar.at\/wp-content\/uploads\/2018\/12\/sg-tr-20-12-1024x503.jpg\" alt=\"\" width=\"114\" height=\"56\" srcset=\"https:\/\/www.topohvar.at\/wp-content\/uploads\/2018\/12\/sg-tr-20-12-1024x503.jpg 1024w, https:\/\/www.topohvar.at\/wp-content\/uploads\/2018\/12\/sg-tr-20-12-300x147.jpg 300w, https:\/\/www.topohvar.at\/wp-content\/uploads\/2018\/12\/sg-tr-20-12-768x377.jpg 768w, https:\/\/www.topohvar.at\/wp-content\/uploads\/2018\/12\/sg-tr-20-12.jpg 1080w\" sizes=\"auto, (max-width: 114px) 100vw, 114px\" \/><\/a>Trim \u00bbSG-TR-20\u00ab<br \/>\n<\/strong>SG-TR-20 \/ Stari Grad, Polje, Male Mo\u0107e<\/p>\n<p><strong><a href=\"https:\/\/www.topohvar.at\/orte\/sg\/sg-tr-j9-1\/\"><img loading=\"lazy\" decoding=\"async\" class=\"alignleft wp-image-74643\" src=\"https:\/\/www.topohvar.at\/wp-content\/uploads\/2026\/04\/sg-tr-j9-7-300x147.jpg\" alt=\"\" width=\"114\" height=\"56\" srcset=\"https:\/\/www.topohvar.at\/wp-content\/uploads\/2026\/04\/sg-tr-j9-7-300x147.jpg 300w, https:\/\/www.topohvar.at\/wp-content\/uploads\/2026\/04\/sg-tr-j9-7-1024x503.jpg 1024w, https:\/\/www.topohvar.at\/wp-content\/uploads\/2026\/04\/sg-tr-j9-7-768x377.jpg 768w, https:\/\/www.topohvar.at\/wp-content\/uploads\/2026\/04\/sg-tr-j9-7.jpg 1080w\" sizes=\"auto, (max-width: 114px) 100vw, 114px\" \/><\/a>Trim \u00bbSG-TR-J9\u00ab<br \/>\n<\/strong>SG-TR-J9 \/ Stari Grad, Polje, Male Mo\u0107e<\/p>\n<p><strong><a href=\"https:\/\/www.topohvar.at\/orte\/sg\/sg-tr-28-1\/\"><img loading=\"lazy\" decoding=\"async\" class=\"alignleft wp-image-4507\" src=\"https:\/\/www.topohvar.at\/wp-content\/uploads\/2018\/08\/sg-tr-28-0-1024x503.jpg\" alt=\"\" width=\"114\" height=\"56\" srcset=\"https:\/\/www.topohvar.at\/wp-content\/uploads\/2018\/08\/sg-tr-28-0-1024x503.jpg 1024w, https:\/\/www.topohvar.at\/wp-content\/uploads\/2018\/08\/sg-tr-28-0-300x147.jpg 300w, https:\/\/www.topohvar.at\/wp-content\/uploads\/2018\/08\/sg-tr-28-0-768x377.jpg 768w, https:\/\/www.topohvar.at\/wp-content\/uploads\/2018\/08\/sg-tr-28-0.jpg 1080w\" sizes=\"auto, (max-width: 114px) 100vw, 114px\" \/><\/a>Trim \u00bbSG-TR-28\u00ab<br \/>\n<\/strong>SG-TR-28 \/\u00a0Stari Grad, Polje, Male Mo\u0107e<\/p>\n<p><strong><a href=\"https:\/\/www.topohvar.at\/orte\/sg\/sg-tr-29-1\/\"><img loading=\"lazy\" decoding=\"async\" class=\"alignleft wp-image-13463\" src=\"https:\/\/www.topohvar.at\/wp-content\/uploads\/2018\/12\/sg-tr-29-11-1024x503.jpg\" alt=\"\" width=\"114\" height=\"56\" srcset=\"https:\/\/www.topohvar.at\/wp-content\/uploads\/2018\/12\/sg-tr-29-11-1024x503.jpg 1024w, https:\/\/www.topohvar.at\/wp-content\/uploads\/2018\/12\/sg-tr-29-11-300x147.jpg 300w, https:\/\/www.topohvar.at\/wp-content\/uploads\/2018\/12\/sg-tr-29-11-768x377.jpg 768w, https:\/\/www.topohvar.at\/wp-content\/uploads\/2018\/12\/sg-tr-29-11.jpg 1080w\" sizes=\"auto, (max-width: 114px) 100vw, 114px\" \/><\/a>Trim \u00bbSG-TR-29\u00ab<br \/>\n<\/strong>SG-TR-29\/ Stari Grad, Polje, Male Mo\u0107e<\/p>\n<p><strong><a href=\"https:\/\/www.topohvar.at\/orte\/sg\/sg-tr-49-1\/\"><img loading=\"lazy\" decoding=\"async\" class=\"alignleft wp-image-13469\" src=\"https:\/\/www.topohvar.at\/wp-content\/uploads\/2018\/12\/sg-tr-49-11-1024x503.jpg\" alt=\"\" width=\"114\" height=\"56\" srcset=\"https:\/\/www.topohvar.at\/wp-content\/uploads\/2018\/12\/sg-tr-49-11-1024x503.jpg 1024w, https:\/\/www.topohvar.at\/wp-content\/uploads\/2018\/12\/sg-tr-49-11-300x147.jpg 300w, https:\/\/www.topohvar.at\/wp-content\/uploads\/2018\/12\/sg-tr-49-11-768x377.jpg 768w, https:\/\/www.topohvar.at\/wp-content\/uploads\/2018\/12\/sg-tr-49-11.jpg 1080w\" sizes=\"auto, (max-width: 114px) 100vw, 114px\" \/><\/a>Trim \u00bbSG-TR-49\u00ab<br \/>\n<\/strong>SG -TR-49 \/ Stari Grad, Polje, Male Mo\u0107e<\/p>\n<p><strong><a href=\"https:\/\/www.topohvar.at\/orte\/sg\/sg-tr-74-1\/\"><img loading=\"lazy\" decoding=\"async\" class=\"alignleft wp-image-4552\" src=\"https:\/\/www.topohvar.at\/wp-content\/uploads\/2018\/08\/sg-tr-74-0-1024x503.jpg\" alt=\"\" width=\"114\" height=\"56\" srcset=\"https:\/\/www.topohvar.at\/wp-content\/uploads\/2018\/08\/sg-tr-74-0-1024x503.jpg 1024w, https:\/\/www.topohvar.at\/wp-content\/uploads\/2018\/08\/sg-tr-74-0-300x147.jpg 300w, https:\/\/www.topohvar.at\/wp-content\/uploads\/2018\/08\/sg-tr-74-0-768x377.jpg 768w, https:\/\/www.topohvar.at\/wp-content\/uploads\/2018\/08\/sg-tr-74-0.jpg 1080w\" sizes=\"auto, (max-width: 114px) 100vw, 114px\" \/><\/a>Trim \u00bbSG-TR-74\u00ab<br \/>\n<\/strong>SG-TR-74 \/ Stari Grad, Polje, Male Mo\u0107e<\/p>\n<p><strong><a href=\"https:\/\/www.topohvar.at\/orte\/sg\/sg-tr-81-1\/\"><img loading=\"lazy\" decoding=\"async\" class=\"alignleft wp-image-13479\" src=\"https:\/\/www.topohvar.at\/wp-content\/uploads\/2018\/12\/sg-tr-81-12-1024x503.jpg\" alt=\"\" width=\"114\" height=\"56\" srcset=\"https:\/\/www.topohvar.at\/wp-content\/uploads\/2018\/12\/sg-tr-81-12-1024x503.jpg 1024w, https:\/\/www.topohvar.at\/wp-content\/uploads\/2018\/12\/sg-tr-81-12-300x147.jpg 300w, https:\/\/www.topohvar.at\/wp-content\/uploads\/2018\/12\/sg-tr-81-12-768x377.jpg 768w, https:\/\/www.topohvar.at\/wp-content\/uploads\/2018\/12\/sg-tr-81-12.jpg 1080w\" sizes=\"auto, (max-width: 114px) 100vw, 114px\" \/><\/a>Trim \u00bbSG-TR-81\u00ab<br \/>\n<\/strong>SG-TR-81 \/\u00a0Stari Grad, Polje, Male Mo\u0107e<\/p>\n<p><strong><a href=\"https:\/\/www.topohvar.at\/orte\/sg\/sg-tr-98-1\/\"><img loading=\"lazy\" decoding=\"async\" class=\"alignleft wp-image-13485\" src=\"https:\/\/www.topohvar.at\/wp-content\/uploads\/2018\/12\/sg-tr-98-11-1024x503.jpg\" alt=\"\" width=\"114\" height=\"56\" srcset=\"https:\/\/www.topohvar.at\/wp-content\/uploads\/2018\/12\/sg-tr-98-11-1024x503.jpg 1024w, https:\/\/www.topohvar.at\/wp-content\/uploads\/2018\/12\/sg-tr-98-11-300x147.jpg 300w, https:\/\/www.topohvar.at\/wp-content\/uploads\/2018\/12\/sg-tr-98-11-768x377.jpg 768w, https:\/\/www.topohvar.at\/wp-content\/uploads\/2018\/12\/sg-tr-98-11.jpg 1080w\" sizes=\"auto, (max-width: 114px) 100vw, 114px\" \/><\/a>Dvojni trim \u00bbSG-TR-98\u00ab<br \/>\n<\/strong>SG-TR-98 \/ Stari Grad, Polje, Male Mo\u0107e<\/p>\n<p><strong><a href=\"https:\/\/www.topohvar.at\/orte\/sg\/sg-tr-k0-1\/\"><img loading=\"lazy\" decoding=\"async\" class=\"alignleft wp-image-74686\" src=\"https:\/\/www.topohvar.at\/wp-content\/uploads\/2026\/04\/sg-tr-k0-2-300x147.jpg\" alt=\"\" width=\"114\" height=\"56\" srcset=\"https:\/\/www.topohvar.at\/wp-content\/uploads\/2026\/04\/sg-tr-k0-2-300x147.jpg 300w, https:\/\/www.topohvar.at\/wp-content\/uploads\/2026\/04\/sg-tr-k0-2-1024x503.jpg 1024w, https:\/\/www.topohvar.at\/wp-content\/uploads\/2026\/04\/sg-tr-k0-2-768x377.jpg 768w, https:\/\/www.topohvar.at\/wp-content\/uploads\/2026\/04\/sg-tr-k0-2.jpg 1080w\" sizes=\"auto, (max-width: 114px) 100vw, 114px\" \/><\/a>Trim \u00bbSG-TR-K0\u00ab<br \/>\n<\/strong>SG-TR-K0 \/ Stari Grad, Polje, Male Mo\u0107e<\/p>\n<p><strong><a href=\"https:\/\/www.topohvar.at\/orte\/sg\/sg-tr-a7-1\/\"><img loading=\"lazy\" decoding=\"async\" class=\"alignleft wp-image-21872\" src=\"https:\/\/www.topohvar.at\/wp-content\/uploads\/2019\/04\/SG-TR-A7-1-1024x503.jpg\" alt=\"\" width=\"114\" height=\"56\" srcset=\"https:\/\/www.topohvar.at\/wp-content\/uploads\/2019\/04\/SG-TR-A7-1-1024x503.jpg 1024w, https:\/\/www.topohvar.at\/wp-content\/uploads\/2019\/04\/SG-TR-A7-1-300x147.jpg 300w, https:\/\/www.topohvar.at\/wp-content\/uploads\/2019\/04\/SG-TR-A7-1-768x377.jpg 768w, https:\/\/www.topohvar.at\/wp-content\/uploads\/2019\/04\/SG-TR-A7-1.jpg 1080w\" sizes=\"auto, (max-width: 114px) 100vw, 114px\" \/><\/a>Trim \u00bbSG-TR-A7\u00ab<br \/>\n<\/strong>SG-TR-A7 \/ Stari Grad, Polje, Male Mo\u0107e<\/p>\n<p><strong><a href=\"https:\/\/www.topohvar.at\/orte\/sg\/sg-tr-a8-1\/\"><img loading=\"lazy\" decoding=\"async\" class=\"alignleft wp-image-4585\" src=\"https:\/\/www.topohvar.at\/wp-content\/uploads\/2018\/08\/sg-tr-a8-0-1024x503.jpg\" alt=\"\" width=\"114\" height=\"56\" srcset=\"https:\/\/www.topohvar.at\/wp-content\/uploads\/2018\/08\/sg-tr-a8-0-1024x503.jpg 1024w, https:\/\/www.topohvar.at\/wp-content\/uploads\/2018\/08\/sg-tr-a8-0-300x147.jpg 300w, https:\/\/www.topohvar.at\/wp-content\/uploads\/2018\/08\/sg-tr-a8-0-768x377.jpg 768w, https:\/\/www.topohvar.at\/wp-content\/uploads\/2018\/08\/sg-tr-a8-0.jpg 1080w\" sizes=\"auto, (max-width: 114px) 100vw, 114px\" \/><\/a>Trim \u00bbSG-TR-A8\u00ab<br \/>\n<\/strong>SG-TR-A8 \/\u00a0Stari Grad, Polje, Male Mo\u0107e<\/p>\n<p><strong><a href=\"https:\/\/www.topohvar.at\/orte\/sg\/sg-tr-f8-1\/\"><img loading=\"lazy\" decoding=\"async\" class=\"wp-image-49729 alignleft\" src=\"https:\/\/www.topohvar.at\/wp-content\/uploads\/2021\/06\/sg-tr-f8-1.jpg\" alt=\"\" width=\"114\" height=\"56\" srcset=\"https:\/\/www.topohvar.at\/wp-content\/uploads\/2021\/06\/sg-tr-f8-1.jpg 1080w, https:\/\/www.topohvar.at\/wp-content\/uploads\/2021\/06\/sg-tr-f8-1-300x147.jpg 300w, https:\/\/www.topohvar.at\/wp-content\/uploads\/2021\/06\/sg-tr-f8-1-1024x503.jpg 1024w, https:\/\/www.topohvar.at\/wp-content\/uploads\/2021\/06\/sg-tr-f8-1-768x377.jpg 768w\" sizes=\"auto, (max-width: 114px) 100vw, 114px\" \/><\/a>Trim \u00bbSG-TR-F8\u00ab<br \/>\n<\/strong>SG-TR-F8 \/ Stari Grad, Polje, Male Mo\u0107e<\/p>\n<p><strong><a href=\"https:\/\/www.topohvar.at\/orte\/sg\/sg-tr-a9-1\/\"><img loading=\"lazy\" decoding=\"async\" class=\"alignleft wp-image-13502\" src=\"https:\/\/www.topohvar.at\/wp-content\/uploads\/2018\/12\/sg-tr-a9-12-1024x503.jpg\" alt=\"\" width=\"114\" height=\"56\" srcset=\"https:\/\/www.topohvar.at\/wp-content\/uploads\/2018\/12\/sg-tr-a9-12-1024x503.jpg 1024w, https:\/\/www.topohvar.at\/wp-content\/uploads\/2018\/12\/sg-tr-a9-12-300x147.jpg 300w, https:\/\/www.topohvar.at\/wp-content\/uploads\/2018\/12\/sg-tr-a9-12-768x377.jpg 768w, https:\/\/www.topohvar.at\/wp-content\/uploads\/2018\/12\/sg-tr-a9-12.jpg 1080w\" sizes=\"auto, (max-width: 114px) 100vw, 114px\" \/><\/a>Trim \u00bbSG-TR-A9\u00ab<br \/>\n<\/strong>SG -TR-A9 \/ Stari Grad, Polje, Male Mo\u0107e<\/p>\n<p><strong><a href=\"https:\/\/www.topohvar.at\/orte\/sg\/sg-tr-b0-1\/\"><img loading=\"lazy\" decoding=\"async\" class=\"alignleft wp-image-13508\" src=\"https:\/\/www.topohvar.at\/wp-content\/uploads\/2018\/12\/sg-tr-b0-13-1024x503.jpg\" alt=\"\" width=\"114\" height=\"56\" srcset=\"https:\/\/www.topohvar.at\/wp-content\/uploads\/2018\/12\/sg-tr-b0-13-1024x503.jpg 1024w, https:\/\/www.topohvar.at\/wp-content\/uploads\/2018\/12\/sg-tr-b0-13-300x147.jpg 300w, https:\/\/www.topohvar.at\/wp-content\/uploads\/2018\/12\/sg-tr-b0-13-768x377.jpg 768w, https:\/\/www.topohvar.at\/wp-content\/uploads\/2018\/12\/sg-tr-b0-13.jpg 1080w\" sizes=\"auto, (max-width: 114px) 100vw, 114px\" \/><\/a>Trim \u00bbSG-TR-B0\u00ab<br \/>\n<\/strong>SG-TR-B0 \/ Stari Grad, Polje, Male Mo\u0107e<\/p>\n<p><strong><a href=\"https:\/\/www.topohvar.at\/orte\/sg\/sg-tr-b3-1\/\"><img loading=\"lazy\" decoding=\"async\" class=\"alignleft wp-image-13513\" src=\"https:\/\/www.topohvar.at\/wp-content\/uploads\/2018\/12\/sg-tr-b3-11-1024x503.jpg\" alt=\"\" width=\"114\" height=\"56\" srcset=\"https:\/\/www.topohvar.at\/wp-content\/uploads\/2018\/12\/sg-tr-b3-11-1024x503.jpg 1024w, https:\/\/www.topohvar.at\/wp-content\/uploads\/2018\/12\/sg-tr-b3-11-300x147.jpg 300w, https:\/\/www.topohvar.at\/wp-content\/uploads\/2018\/12\/sg-tr-b3-11-768x377.jpg 768w, https:\/\/www.topohvar.at\/wp-content\/uploads\/2018\/12\/sg-tr-b3-11.jpg 1080w\" sizes=\"auto, (max-width: 114px) 100vw, 114px\" \/><\/a>Trim \u00bbSG-TR-B3\u00ab<br \/>\n<\/strong>SG-TR-B3 \/ Stari Grad, Polje, Male Mo\u0107e<\/p>\n<p><strong><a href=\"https:\/\/www.topohvar.at\/orte\/sg\/sg-tr-76-1\/\"><img loading=\"lazy\" decoding=\"async\" class=\"alignleft wp-image-13521\" src=\"https:\/\/www.topohvar.at\/wp-content\/uploads\/2018\/12\/sg-tr-76-11-1024x503.jpg\" alt=\"\" width=\"114\" height=\"56\" srcset=\"https:\/\/www.topohvar.at\/wp-content\/uploads\/2018\/12\/sg-tr-76-11-1024x503.jpg 1024w, https:\/\/www.topohvar.at\/wp-content\/uploads\/2018\/12\/sg-tr-76-11-300x147.jpg 300w, https:\/\/www.topohvar.at\/wp-content\/uploads\/2018\/12\/sg-tr-76-11-768x377.jpg 768w, https:\/\/www.topohvar.at\/wp-content\/uploads\/2018\/12\/sg-tr-76-11.jpg 1080w\" sizes=\"auto, (max-width: 114px) 100vw, 114px\" \/><\/a>Trim \u00bbSG-TR-76\u00ab<br \/>\n<\/strong>SG-TR-76 \/\u00a0Stari Grad, Polje,\u00a0Malo Selo<\/p>\n<p><strong><a href=\"https:\/\/www.topohvar.at\/orte\/sg\/sg-tr-e0-1\/\"><img loading=\"lazy\" decoding=\"async\" class=\"alignleft wp-image-13526\" src=\"https:\/\/www.topohvar.at\/wp-content\/uploads\/2018\/12\/sg-tr-e0-1-1024x503.jpg\" alt=\"\" width=\"114\" height=\"56\" srcset=\"https:\/\/www.topohvar.at\/wp-content\/uploads\/2018\/12\/sg-tr-e0-1-1024x503.jpg 1024w, https:\/\/www.topohvar.at\/wp-content\/uploads\/2018\/12\/sg-tr-e0-1-300x147.jpg 300w, https:\/\/www.topohvar.at\/wp-content\/uploads\/2018\/12\/sg-tr-e0-1-768x377.jpg 768w, https:\/\/www.topohvar.at\/wp-content\/uploads\/2018\/12\/sg-tr-e0-1.jpg 1080w\" sizes=\"auto, (max-width: 114px) 100vw, 114px\" \/><\/a>Trim \u00bbSG-TR-E0\u00ab<br \/>\n<\/strong>SG-TR-E0\/\u00a0Stari Grad, Polje, Malo Selo<\/p>\n<p><strong><a href=\"https:\/\/www.topohvar.at\/orte\/sg\/sg-tr-86-1\/\"><img loading=\"lazy\" decoding=\"async\" class=\"alignleft wp-image-13531\" src=\"https:\/\/www.topohvar.at\/wp-content\/uploads\/2018\/12\/sg-tr-86-11-1024x503.jpg\" alt=\"\" width=\"114\" height=\"56\" srcset=\"https:\/\/www.topohvar.at\/wp-content\/uploads\/2018\/12\/sg-tr-86-11-1024x503.jpg 1024w, https:\/\/www.topohvar.at\/wp-content\/uploads\/2018\/12\/sg-tr-86-11-300x147.jpg 300w, https:\/\/www.topohvar.at\/wp-content\/uploads\/2018\/12\/sg-tr-86-11-768x377.jpg 768w, https:\/\/www.topohvar.at\/wp-content\/uploads\/2018\/12\/sg-tr-86-11.jpg 1080w\" sizes=\"auto, (max-width: 114px) 100vw, 114px\" \/><\/a>Trim \u00bbSG-TR-86\u00ab<br \/>\n<\/strong>SG-TR-86\/ Stari Grad, Polje, Duge Njive<\/p>\n<p><strong><a href=\"https:\/\/www.topohvar.at\/orte\/sg\/sg-tr-87-1\/\"><img loading=\"lazy\" decoding=\"async\" class=\"alignleft wp-image-4565\" src=\"https:\/\/www.topohvar.at\/wp-content\/uploads\/2018\/08\/sg-tr-87-0-1024x503.jpg\" alt=\"\" width=\"114\" height=\"56\" srcset=\"https:\/\/www.topohvar.at\/wp-content\/uploads\/2018\/08\/sg-tr-87-0-1024x503.jpg 1024w, https:\/\/www.topohvar.at\/wp-content\/uploads\/2018\/08\/sg-tr-87-0-300x147.jpg 300w, https:\/\/www.topohvar.at\/wp-content\/uploads\/2018\/08\/sg-tr-87-0-768x377.jpg 768w, https:\/\/www.topohvar.at\/wp-content\/uploads\/2018\/08\/sg-tr-87-0.jpg 1080w\" sizes=\"auto, (max-width: 114px) 100vw, 114px\" \/><\/a>Trim \u00bbSG-TR-87\u00ab<br \/>\n<\/strong>SG-TR-87 \/ Stari Grad, Polje, Duge Njive<\/p>\n<p><strong><a href=\"https:\/\/www.topohvar.at\/orte\/sg\/sg-tr-i6-1\/\"><img loading=\"lazy\" decoding=\"async\" class=\"alignleft wp-image-73291\" src=\"https:\/\/www.topohvar.at\/wp-content\/uploads\/2025\/11\/sg-tr-i6-01-300x147.jpg\" alt=\"\" width=\"114\" height=\"56\" srcset=\"https:\/\/www.topohvar.at\/wp-content\/uploads\/2025\/11\/sg-tr-i6-01-300x147.jpg 300w, https:\/\/www.topohvar.at\/wp-content\/uploads\/2025\/11\/sg-tr-i6-01-1024x503.jpg 1024w, https:\/\/www.topohvar.at\/wp-content\/uploads\/2025\/11\/sg-tr-i6-01-768x377.jpg 768w, https:\/\/www.topohvar.at\/wp-content\/uploads\/2025\/11\/sg-tr-i6-01.jpg 1080w\" sizes=\"auto, (max-width: 114px) 100vw, 114px\" \/><\/a>Trim \u00bbSG-TR-I6\u00ab<br \/>\n<\/strong>SG-TR-I6 \/ Stari Grad, Polje, Duge Njive<\/p>\n<p><strong><a href=\"https:\/\/www.topohvar.at\/orte\/sg\/sg-tr-88-1\/\"><img loading=\"lazy\" decoding=\"async\" class=\"alignleft wp-image-4566\" src=\"https:\/\/www.topohvar.at\/wp-content\/uploads\/2018\/08\/sg-tr-88-0-1024x503.jpg\" alt=\"\" width=\"114\" height=\"56\" srcset=\"https:\/\/www.topohvar.at\/wp-content\/uploads\/2018\/08\/sg-tr-88-0-1024x503.jpg 1024w, https:\/\/www.topohvar.at\/wp-content\/uploads\/2018\/08\/sg-tr-88-0-300x147.jpg 300w, https:\/\/www.topohvar.at\/wp-content\/uploads\/2018\/08\/sg-tr-88-0-768x377.jpg 768w, https:\/\/www.topohvar.at\/wp-content\/uploads\/2018\/08\/sg-tr-88-0.jpg 1080w\" sizes=\"auto, (max-width: 114px) 100vw, 114px\" \/><\/a>Trim \u00bbSG-TR-88\u00ab<br \/>\n<\/strong>SG-TR-88 \/ Stari Grad, Polje, Duge Njive<\/p>\n<p><strong><a href=\"https:\/\/www.topohvar.at\/orte\/sg\/sg-tr-g2-1\/\"><img loading=\"lazy\" decoding=\"async\" class=\"alignleft wp-image-62773\" src=\"https:\/\/www.topohvar.at\/wp-content\/uploads\/2023\/06\/sg-tr-g2-0-300x147.jpg\" alt=\"\" width=\"114\" height=\"56\" srcset=\"https:\/\/www.topohvar.at\/wp-content\/uploads\/2023\/06\/sg-tr-g2-0-300x147.jpg 300w, https:\/\/www.topohvar.at\/wp-content\/uploads\/2023\/06\/sg-tr-g2-0-1024x503.jpg 1024w, https:\/\/www.topohvar.at\/wp-content\/uploads\/2023\/06\/sg-tr-g2-0-768x377.jpg 768w, https:\/\/www.topohvar.at\/wp-content\/uploads\/2023\/06\/sg-tr-g2-0.jpg 1080w\" sizes=\"auto, (max-width: 114px) 100vw, 114px\" \/><\/a>Trim \u00bbSG-TR-G2\u00ab<br \/>\n<\/strong>SG-TR-G2 \/ Stari Grad, Polje, Malo Selo<\/p>\n<p><strong><a href=\"https:\/\/www.topohvar.at\/orte\/sg\/sg-tr-97-1\/\"><img loading=\"lazy\" decoding=\"async\" class=\"alignleft wp-image-13543\" src=\"https:\/\/www.topohvar.at\/wp-content\/uploads\/2018\/12\/sg-tr-97-11-1024x503.jpg\" alt=\"\" width=\"114\" height=\"56\" srcset=\"https:\/\/www.topohvar.at\/wp-content\/uploads\/2018\/12\/sg-tr-97-11-1024x503.jpg 1024w, https:\/\/www.topohvar.at\/wp-content\/uploads\/2018\/12\/sg-tr-97-11-300x147.jpg 300w, https:\/\/www.topohvar.at\/wp-content\/uploads\/2018\/12\/sg-tr-97-11-768x377.jpg 768w, https:\/\/www.topohvar.at\/wp-content\/uploads\/2018\/12\/sg-tr-97-11.jpg 1080w\" sizes=\"auto, (max-width: 114px) 100vw, 114px\" \/><\/a>Trim \u00bbSG-TR-97\u00ab<br \/>\n<\/strong>SG-TR-97 \/ Stari Grad, Polje, Malo Selo<\/p>\n<p><strong><a href=\"https:\/\/www.topohvar.at\/orte\/sg\/sg-tr-99-1\/\"><img loading=\"lazy\" decoding=\"async\" class=\"alignleft wp-image-13965\" src=\"https:\/\/www.topohvar.at\/wp-content\/uploads\/2018\/12\/sg-tr-99-11-1024x503.jpg\" alt=\"\" width=\"114\" height=\"56\" srcset=\"https:\/\/www.topohvar.at\/wp-content\/uploads\/2018\/12\/sg-tr-99-11-1024x503.jpg 1024w, https:\/\/www.topohvar.at\/wp-content\/uploads\/2018\/12\/sg-tr-99-11-300x147.jpg 300w, https:\/\/www.topohvar.at\/wp-content\/uploads\/2018\/12\/sg-tr-99-11-768x377.jpg 768w, https:\/\/www.topohvar.at\/wp-content\/uploads\/2018\/12\/sg-tr-99-11.jpg 1080w\" sizes=\"auto, (max-width: 114px) 100vw, 114px\" \/><\/a>Trim \u00bbSG-TR-99\u00ab<br \/>\n<\/strong>SG-TR-99 \/ Stari Grad, Polje, Malo Selo<\/p>\n<p><strong><a href=\"https:\/\/www.topohvar.at\/orte\/sg\/sg-tr-a0-1\/\"><img loading=\"lazy\" decoding=\"async\" class=\"alignleft wp-image-13549\" src=\"https:\/\/www.topohvar.at\/wp-content\/uploads\/2018\/12\/sg-tr-a0-11-1024x503.jpg\" alt=\"\" width=\"114\" height=\"56\" srcset=\"https:\/\/www.topohvar.at\/wp-content\/uploads\/2018\/12\/sg-tr-a0-11-1024x503.jpg 1024w, https:\/\/www.topohvar.at\/wp-content\/uploads\/2018\/12\/sg-tr-a0-11-300x147.jpg 300w, https:\/\/www.topohvar.at\/wp-content\/uploads\/2018\/12\/sg-tr-a0-11-768x377.jpg 768w, https:\/\/www.topohvar.at\/wp-content\/uploads\/2018\/12\/sg-tr-a0-11.jpg 1080w\" sizes=\"auto, (max-width: 114px) 100vw, 114px\" \/><\/a>Trim \u00bbSG-TR-A0\u00ab<br \/>\n<\/strong>SG-TR-A0 \/\u00a0Stari Grad, Polje, Malo Selo<\/p>\n<p><strong><a href=\"https:\/\/www.topohvar.at\/orte\/sg\/sg-tr-g4-1\/\"><img loading=\"lazy\" decoding=\"async\" class=\"alignleft wp-image-62745\" src=\"https:\/\/www.topohvar.at\/wp-content\/uploads\/2023\/06\/sg-tr-g4-0-300x147.jpg\" alt=\"\" width=\"114\" height=\"56\" srcset=\"https:\/\/www.topohvar.at\/wp-content\/uploads\/2023\/06\/sg-tr-g4-0-300x147.jpg 300w, https:\/\/www.topohvar.at\/wp-content\/uploads\/2023\/06\/sg-tr-g4-0-1024x503.jpg 1024w, https:\/\/www.topohvar.at\/wp-content\/uploads\/2023\/06\/sg-tr-g4-0-768x377.jpg 768w, https:\/\/www.topohvar.at\/wp-content\/uploads\/2023\/06\/sg-tr-g4-0.jpg 1080w\" sizes=\"auto, (max-width: 114px) 100vw, 114px\" \/><\/a>Trim \u00bbSG-TR-G4\u00ab<br \/>\n<\/strong>SG-TR-G4 \/ Stari Grad, Polje, Malo Selo<\/p>\n<p><strong><a href=\"https:\/\/www.topohvar.at\/orte\/sg\/sg-tr-c2-1\/\"><img loading=\"lazy\" decoding=\"async\" class=\"alignleft wp-image-4648\" src=\"https:\/\/www.topohvar.at\/wp-content\/uploads\/2018\/08\/sg-tr-c2-0-1024x503.jpg\" alt=\"\" width=\"114\" height=\"56\" srcset=\"https:\/\/www.topohvar.at\/wp-content\/uploads\/2018\/08\/sg-tr-c2-0-1024x503.jpg 1024w, https:\/\/www.topohvar.at\/wp-content\/uploads\/2018\/08\/sg-tr-c2-0-300x147.jpg 300w, https:\/\/www.topohvar.at\/wp-content\/uploads\/2018\/08\/sg-tr-c2-0-768x377.jpg 768w, https:\/\/www.topohvar.at\/wp-content\/uploads\/2018\/08\/sg-tr-c2-0.jpg 1080w\" sizes=\"auto, (max-width: 114px) 100vw, 114px\" \/><\/a>Trim \u00bbSG-TR-C2\u00ab<br \/>\n<\/strong>SG-TR-C2 \/ Stari Grad, Polje, Ori\u0161ac<\/p>\n<p><strong><a href=\"https:\/\/www.topohvar.at\/orte\/sg\/sg-tr-11-1\/\"><img loading=\"lazy\" decoding=\"async\" class=\"alignleft wp-image-13558\" src=\"https:\/\/www.topohvar.at\/wp-content\/uploads\/2018\/12\/sg-tr-11-12-1024x503.jpg\" alt=\"\" width=\"114\" height=\"56\" srcset=\"https:\/\/www.topohvar.at\/wp-content\/uploads\/2018\/12\/sg-tr-11-12-1024x503.jpg 1024w, https:\/\/www.topohvar.at\/wp-content\/uploads\/2018\/12\/sg-tr-11-12-300x147.jpg 300w, https:\/\/www.topohvar.at\/wp-content\/uploads\/2018\/12\/sg-tr-11-12-768x377.jpg 768w, https:\/\/www.topohvar.at\/wp-content\/uploads\/2018\/12\/sg-tr-11-12.jpg 1080w\" sizes=\"auto, (max-width: 114px) 100vw, 114px\" \/><\/a>Trim \u00bbSG-TR-11\u00ab<br \/>\n<\/strong>SG-TR-11 \/ Stari Grad,\u00a0Polje, Ori\u0161ac, na glavnoj cesti<\/p>\n<p><strong><a href=\"https:\/\/www.topohvar.at\/orte\/sg\/sg-tr-14-1\/\"><img loading=\"lazy\" decoding=\"async\" class=\"alignleft wp-image-4493\" src=\"https:\/\/www.topohvar.at\/wp-content\/uploads\/2018\/08\/sg-tr-14-0-1024x503.jpg\" alt=\"\" width=\"114\" height=\"56\" srcset=\"https:\/\/www.topohvar.at\/wp-content\/uploads\/2018\/08\/sg-tr-14-0-1024x503.jpg 1024w, https:\/\/www.topohvar.at\/wp-content\/uploads\/2018\/08\/sg-tr-14-0-300x147.jpg 300w, https:\/\/www.topohvar.at\/wp-content\/uploads\/2018\/08\/sg-tr-14-0-768x377.jpg 768w, https:\/\/www.topohvar.at\/wp-content\/uploads\/2018\/08\/sg-tr-14-0.jpg 1080w\" sizes=\"auto, (max-width: 114px) 100vw, 114px\" \/><\/a>Trim \u00bbSG-TR-14\u00ab<br \/>\n<\/strong>SG-TR-14 \/ Stari Grad, Polje, Ori\u0161ac, na glavnoj cesti<\/p>\n<p><strong><a href=\"https:\/\/www.topohvar.at\/orte\/sg\/sg-tr-i5-1\/\"><img loading=\"lazy\" decoding=\"async\" class=\"alignleft wp-image-71805\" src=\"https:\/\/www.topohvar.at\/wp-content\/uploads\/2025\/05\/sg-tr-i5-1-300x147.jpg\" alt=\"\" width=\"114\" height=\"56\" srcset=\"https:\/\/www.topohvar.at\/wp-content\/uploads\/2025\/05\/sg-tr-i5-1-300x147.jpg 300w, https:\/\/www.topohvar.at\/wp-content\/uploads\/2025\/05\/sg-tr-i5-1-1024x503.jpg 1024w, https:\/\/www.topohvar.at\/wp-content\/uploads\/2025\/05\/sg-tr-i5-1-768x377.jpg 768w, https:\/\/www.topohvar.at\/wp-content\/uploads\/2025\/05\/sg-tr-i5-1.jpg 1080w\" sizes=\"auto, (max-width: 114px) 100vw, 114px\" \/><\/a>Trim \u00bbSG-TR-I5\u00ab<br \/>\n<\/strong>SG-TR-I5 \/ Stari Grad, Polje, Ori\u0161ac, na glavnoj cesti<\/p>\n<p><strong><a href=\"https:\/\/www.topohvar.at\/orte\/sg\/sg-tr-12-1\/\"><img loading=\"lazy\" decoding=\"async\" class=\"alignleft wp-image-4636\" src=\"https:\/\/www.topohvar.at\/wp-content\/uploads\/2018\/08\/SG-TR-12-0-1024x503.jpg\" alt=\"\" width=\"114\" height=\"56\" srcset=\"https:\/\/www.topohvar.at\/wp-content\/uploads\/2018\/08\/SG-TR-12-0-1024x503.jpg 1024w, https:\/\/www.topohvar.at\/wp-content\/uploads\/2018\/08\/SG-TR-12-0-300x147.jpg 300w, https:\/\/www.topohvar.at\/wp-content\/uploads\/2018\/08\/SG-TR-12-0-768x377.jpg 768w, https:\/\/www.topohvar.at\/wp-content\/uploads\/2018\/08\/SG-TR-12-0.jpg 1080w\" sizes=\"auto, (max-width: 114px) 100vw, 114px\" \/><\/a>Trim \u00bbSG-TR-12, Luke Posinkovi\u0107a na Jurkovici\u00ab<br \/>\n<\/strong>SG-TR-12 \/ Stari Grad, Polje<\/p>\n<p><strong><a href=\"https:\/\/www.topohvar.at\/orte\/sg\/sg-tr-c5-1\/\"><img loading=\"lazy\" decoding=\"async\" class=\"alignleft wp-image-13570\" src=\"https:\/\/www.topohvar.at\/wp-content\/uploads\/2018\/12\/sg-tr-c5-15-1024x503.jpg\" alt=\"\" width=\"114\" height=\"56\" srcset=\"https:\/\/www.topohvar.at\/wp-content\/uploads\/2018\/12\/sg-tr-c5-15-1024x503.jpg 1024w, https:\/\/www.topohvar.at\/wp-content\/uploads\/2018\/12\/sg-tr-c5-15-300x147.jpg 300w, https:\/\/www.topohvar.at\/wp-content\/uploads\/2018\/12\/sg-tr-c5-15-768x377.jpg 768w, https:\/\/www.topohvar.at\/wp-content\/uploads\/2018\/12\/sg-tr-c5-15.jpg 1080w\" sizes=\"auto, (max-width: 114px) 100vw, 114px\" \/><\/a>Trim \u00bbSG-TR-C5\u00ab<br \/>\n<\/strong>SG-TR-C5\/\u00a0Stari Grad, Polje, Ori\u0161ac, na glavnoj cesti<\/p>\n<p><strong><a href=\"https:\/\/www.topohvar.at\/orte\/sg\/sg-tr-40-1\/\"><img loading=\"lazy\" decoding=\"async\" class=\"alignleft wp-image-13576\" src=\"https:\/\/www.topohvar.at\/wp-content\/uploads\/2018\/12\/sg-tr-40-11-1024x503.jpg\" alt=\"\" width=\"114\" height=\"56\" srcset=\"https:\/\/www.topohvar.at\/wp-content\/uploads\/2018\/12\/sg-tr-40-11-1024x503.jpg 1024w, https:\/\/www.topohvar.at\/wp-content\/uploads\/2018\/12\/sg-tr-40-11-300x147.jpg 300w, https:\/\/www.topohvar.at\/wp-content\/uploads\/2018\/12\/sg-tr-40-11-768x377.jpg 768w, https:\/\/www.topohvar.at\/wp-content\/uploads\/2018\/12\/sg-tr-40-11.jpg 1080w\" sizes=\"auto, (max-width: 114px) 100vw, 114px\" \/><\/a>Trim \u00bbSG-TR-40\u00ab<br \/>\n<\/strong>SG-TR-40 \/\u00a0Stari Grad, Polje, Ori\u0161ac, na glavnoj cesti<\/p>\n<p><strong><a href=\"https:\/\/www.topohvar.at\/orte\/sg\/sg-tr-41-1\/\"><img loading=\"lazy\" decoding=\"async\" class=\"alignleft wp-image-4520\" src=\"https:\/\/www.topohvar.at\/wp-content\/uploads\/2018\/08\/sg-tr-41-0-1024x503.jpg\" alt=\"\" width=\"114\" height=\"56\" srcset=\"https:\/\/www.topohvar.at\/wp-content\/uploads\/2018\/08\/sg-tr-41-0-1024x503.jpg 1024w, https:\/\/www.topohvar.at\/wp-content\/uploads\/2018\/08\/sg-tr-41-0-300x147.jpg 300w, https:\/\/www.topohvar.at\/wp-content\/uploads\/2018\/08\/sg-tr-41-0-768x377.jpg 768w, https:\/\/www.topohvar.at\/wp-content\/uploads\/2018\/08\/sg-tr-41-0.jpg 1080w\" sizes=\"auto, (max-width: 114px) 100vw, 114px\" \/><\/a>Trim \u00bbSG-TR-41, trim Ivana Vrankovi\u0107a na Munja\u010di\u00ab<br \/>\n<\/strong>SG-TR-41 \/ Stari Grad, Polje, Ori\u0161ac, na glavnoj cesti<\/p>\n<p><strong><a href=\"https:\/\/www.topohvar.at\/orte\/sg\/sg-tr-43-1\/\"><img loading=\"lazy\" decoding=\"async\" class=\"alignleft wp-image-22148\" src=\"https:\/\/www.topohvar.at\/wp-content\/uploads\/2019\/04\/sg-tr-43-14-1024x503.jpg\" alt=\"\" width=\"114\" height=\"56\" srcset=\"https:\/\/www.topohvar.at\/wp-content\/uploads\/2019\/04\/sg-tr-43-14-1024x503.jpg 1024w, https:\/\/www.topohvar.at\/wp-content\/uploads\/2019\/04\/sg-tr-43-14-300x147.jpg 300w, https:\/\/www.topohvar.at\/wp-content\/uploads\/2019\/04\/sg-tr-43-14-768x377.jpg 768w, https:\/\/www.topohvar.at\/wp-content\/uploads\/2019\/04\/sg-tr-43-14.jpg 1080w\" sizes=\"auto, (max-width: 114px) 100vw, 114px\" \/><\/a>Trim \u00bbSG-TR-43\u00ab<br \/>\n<\/strong>SG-TR-43 \/ Stari Grad, Polje, Ori\u0161ac, na glavnoj cesti<\/p>\n<p><strong><a href=\"https:\/\/www.topohvar.at\/orte\/sg\/sg-tr-44-1\/\"><img loading=\"lazy\" decoding=\"async\" class=\"alignleft wp-image-13591\" src=\"https:\/\/www.topohvar.at\/wp-content\/uploads\/2018\/12\/sg-tr-44-11-1024x503.jpg\" alt=\"\" width=\"114\" height=\"56\" srcset=\"https:\/\/www.topohvar.at\/wp-content\/uploads\/2018\/12\/sg-tr-44-11-1024x503.jpg 1024w, https:\/\/www.topohvar.at\/wp-content\/uploads\/2018\/12\/sg-tr-44-11-300x147.jpg 300w, https:\/\/www.topohvar.at\/wp-content\/uploads\/2018\/12\/sg-tr-44-11-768x377.jpg 768w, https:\/\/www.topohvar.at\/wp-content\/uploads\/2018\/12\/sg-tr-44-11.jpg 1080w\" sizes=\"auto, (max-width: 114px) 100vw, 114px\" \/><\/a>Trim \u00bbSG-TR-44\u00ab<br \/>\n<\/strong>SG-TR-44 \/ Stari Grad, Polje, Ori\u0161ac, na glavnoj cesti<\/p>\n<p><strong><a href=\"https:\/\/www.topohvar.at\/orte\/sg\/sg-tr-i4-1\/\"><img loading=\"lazy\" decoding=\"async\" class=\"alignleft wp-image-71778\" src=\"https:\/\/www.topohvar.at\/wp-content\/uploads\/2025\/05\/sg-tr-i4-1-300x147.jpg\" alt=\"\" width=\"114\" height=\"56\" srcset=\"https:\/\/www.topohvar.at\/wp-content\/uploads\/2025\/05\/sg-tr-i4-1-300x147.jpg 300w, https:\/\/www.topohvar.at\/wp-content\/uploads\/2025\/05\/sg-tr-i4-1-1024x503.jpg 1024w, https:\/\/www.topohvar.at\/wp-content\/uploads\/2025\/05\/sg-tr-i4-1-768x377.jpg 768w, https:\/\/www.topohvar.at\/wp-content\/uploads\/2025\/05\/sg-tr-i4-1.jpg 1080w\" sizes=\"auto, (max-width: 114px) 100vw, 114px\" \/><\/a>Trim \u00bbSG-TR-I4\u00ab<br \/>\n<\/strong>SG-TR-I4 \/ Stari Grad, Polje, Ori\u0161ac, na glavnoj cesti<\/p>\n<p><strong><a href=\"https:\/\/www.topohvar.at\/orte\/sg\/sg-tr-45-1\/\"><img loading=\"lazy\" decoding=\"async\" class=\"alignleft wp-image-4639\" src=\"https:\/\/www.topohvar.at\/wp-content\/uploads\/2018\/08\/SG-TR-45-0-1024x503.jpg\" alt=\"\" width=\"114\" height=\"56\" srcset=\"https:\/\/www.topohvar.at\/wp-content\/uploads\/2018\/08\/SG-TR-45-0-1024x503.jpg 1024w, https:\/\/www.topohvar.at\/wp-content\/uploads\/2018\/08\/SG-TR-45-0-300x147.jpg 300w, https:\/\/www.topohvar.at\/wp-content\/uploads\/2018\/08\/SG-TR-45-0-768x377.jpg 768w, https:\/\/www.topohvar.at\/wp-content\/uploads\/2018\/08\/SG-TR-45-0.jpg 1080w\" sizes=\"auto, (max-width: 114px) 100vw, 114px\" \/><\/a>Trim \u00bbSG-TR-45\u00ab<br \/>\n<\/strong>SG-TR-45 \/ Stari Grad, Polje, Ori\u0161ac, na glavnoj cesti<\/p>\n<p><strong><a href=\"https:\/\/www.topohvar.at\/orte\/sg\/sg-tr-80-1\/\"><img loading=\"lazy\" decoding=\"async\" class=\"alignleft wp-image-13601\" src=\"https:\/\/www.topohvar.at\/wp-content\/uploads\/2018\/12\/sg-tr-80-12-1024x503.jpg\" alt=\"\" width=\"114\" height=\"56\" srcset=\"https:\/\/www.topohvar.at\/wp-content\/uploads\/2018\/12\/sg-tr-80-12-1024x503.jpg 1024w, https:\/\/www.topohvar.at\/wp-content\/uploads\/2018\/12\/sg-tr-80-12-300x147.jpg 300w, https:\/\/www.topohvar.at\/wp-content\/uploads\/2018\/12\/sg-tr-80-12-768x377.jpg 768w, https:\/\/www.topohvar.at\/wp-content\/uploads\/2018\/12\/sg-tr-80-12.jpg 1080w\" sizes=\"auto, (max-width: 114px) 100vw, 114px\" \/><\/a>Trim \u00bbSG-TR-80\u00ab<br \/>\n<\/strong>SG-TR-80 \/ Stari Grad, Polje, Ori\u0161ac, na glavnoj cesti<\/p>\n<p><strong><a href=\"https:\/\/www.topohvar.at\/orte\/sg\/sg-tr-18-1\/\"><img loading=\"lazy\" decoding=\"async\" class=\"alignleft wp-image-4621\" src=\"https:\/\/www.topohvar.at\/wp-content\/uploads\/2018\/08\/SG-TR-18-0-1024x503.jpg\" alt=\"\" width=\"114\" height=\"56\" srcset=\"https:\/\/www.topohvar.at\/wp-content\/uploads\/2018\/08\/SG-TR-18-0-1024x503.jpg 1024w, https:\/\/www.topohvar.at\/wp-content\/uploads\/2018\/08\/SG-TR-18-0-300x147.jpg 300w, https:\/\/www.topohvar.at\/wp-content\/uploads\/2018\/08\/SG-TR-18-0-768x377.jpg 768w, https:\/\/www.topohvar.at\/wp-content\/uploads\/2018\/08\/SG-TR-18-0.jpg 1080w\" sizes=\"auto, (max-width: 114px) 100vw, 114px\" \/><\/a>Trim \u00bbSG-TR-18\u00ab<br \/>\n<\/strong>SG-TR-18 \/\u00a0Stari Grad, Polje, Pre\u0161ice<\/p>\n<p><strong><a href=\"https:\/\/www.topohvar.at\/orte\/sg\/sg-tr-36-1\/\"><img loading=\"lazy\" decoding=\"async\" class=\"alignleft wp-image-13614\" src=\"https:\/\/www.topohvar.at\/wp-content\/uploads\/2018\/12\/sg-tr-36-11-1024x503.jpg\" alt=\"\" width=\"114\" height=\"56\" srcset=\"https:\/\/www.topohvar.at\/wp-content\/uploads\/2018\/12\/sg-tr-36-11-1024x503.jpg 1024w, https:\/\/www.topohvar.at\/wp-content\/uploads\/2018\/12\/sg-tr-36-11-300x147.jpg 300w, https:\/\/www.topohvar.at\/wp-content\/uploads\/2018\/12\/sg-tr-36-11-768x377.jpg 768w, https:\/\/www.topohvar.at\/wp-content\/uploads\/2018\/12\/sg-tr-36-11.jpg 1080w\" sizes=\"auto, (max-width: 114px) 100vw, 114px\" \/><\/a>Trim \u00bbSG-TR-36\u00ab<br \/>\n<\/strong>SG-TR-36 \/ Stari Grad, Polje, Pre\u0161ice<\/p>\n<p><strong><a href=\"https:\/\/www.topohvar.at\/orte\/sg\/sg-tr-67-1\/\"><img loading=\"lazy\" decoding=\"async\" class=\"alignleft wp-image-13619\" src=\"https:\/\/www.topohvar.at\/wp-content\/uploads\/2018\/12\/sg-tr-67-11-1024x503.jpg\" alt=\"\" width=\"114\" height=\"56\" srcset=\"https:\/\/www.topohvar.at\/wp-content\/uploads\/2018\/12\/sg-tr-67-11-1024x503.jpg 1024w, https:\/\/www.topohvar.at\/wp-content\/uploads\/2018\/12\/sg-tr-67-11-300x147.jpg 300w, https:\/\/www.topohvar.at\/wp-content\/uploads\/2018\/12\/sg-tr-67-11-768x377.jpg 768w, https:\/\/www.topohvar.at\/wp-content\/uploads\/2018\/12\/sg-tr-67-11.jpg 1080w\" sizes=\"auto, (max-width: 114px) 100vw, 114px\" \/><\/a>Trim \u00bbSG-TR-67\u00ab<br \/>\n<\/strong>SG-TR-67 \/ Stari Grad, Polje, Pre\u0161ice<\/p>\n<p><strong><a href=\"https:\/\/www.topohvar.at\/orte\/sg\/sg-tr-68-1\/\"><img loading=\"lazy\" decoding=\"async\" class=\"alignleft wp-image-4546\" src=\"https:\/\/www.topohvar.at\/wp-content\/uploads\/2018\/08\/sg-tr-68-0-1024x503.jpg\" alt=\"\" width=\"114\" height=\"56\" srcset=\"https:\/\/www.topohvar.at\/wp-content\/uploads\/2018\/08\/sg-tr-68-0-1024x503.jpg 1024w, https:\/\/www.topohvar.at\/wp-content\/uploads\/2018\/08\/sg-tr-68-0-300x147.jpg 300w, https:\/\/www.topohvar.at\/wp-content\/uploads\/2018\/08\/sg-tr-68-0-768x377.jpg 768w, https:\/\/www.topohvar.at\/wp-content\/uploads\/2018\/08\/sg-tr-68-0.jpg 1080w\" sizes=\"auto, (max-width: 114px) 100vw, 114px\" \/><\/a>Trim \u00bbSG-TR-68 (Toji\u0107ev trim)\u00ab<br \/>\n<\/strong>SG-TR-68 \/ Stari Grad, Polje, Pre\u0161ice<\/p>\n<p><strong><a href=\"https:\/\/www.topohvar.at\/orte\/sg\/sg-tr-69-1\/\"><img loading=\"lazy\" decoding=\"async\" class=\"alignleft wp-image-4547\" src=\"https:\/\/www.topohvar.at\/wp-content\/uploads\/2018\/08\/sg-tr-69-0-1024x503.jpg\" alt=\"\" width=\"114\" height=\"56\" srcset=\"https:\/\/www.topohvar.at\/wp-content\/uploads\/2018\/08\/sg-tr-69-0-1024x503.jpg 1024w, https:\/\/www.topohvar.at\/wp-content\/uploads\/2018\/08\/sg-tr-69-0-300x147.jpg 300w, https:\/\/www.topohvar.at\/wp-content\/uploads\/2018\/08\/sg-tr-69-0-768x377.jpg 768w, https:\/\/www.topohvar.at\/wp-content\/uploads\/2018\/08\/sg-tr-69-0.jpg 1080w\" sizes=\"auto, (max-width: 114px) 100vw, 114px\" \/><\/a>Trim \u00bbSG-TR-69\u00ab<br \/>\n<\/strong>SG-TR-69 \/ Stari Grad, Polje, Pre\u0161ice<\/p>\n<p><strong><a href=\"https:\/\/www.topohvar.at\/orte\/sg\/sg-tr-77-1\/\"><img loading=\"lazy\" decoding=\"async\" class=\"alignleft wp-image-4555\" src=\"https:\/\/www.topohvar.at\/wp-content\/uploads\/2018\/08\/sg-tr-77-0-1024x503.jpg\" alt=\"\" width=\"114\" height=\"56\" srcset=\"https:\/\/www.topohvar.at\/wp-content\/uploads\/2018\/08\/sg-tr-77-0-1024x503.jpg 1024w, https:\/\/www.topohvar.at\/wp-content\/uploads\/2018\/08\/sg-tr-77-0-300x147.jpg 300w, https:\/\/www.topohvar.at\/wp-content\/uploads\/2018\/08\/sg-tr-77-0-768x377.jpg 768w, https:\/\/www.topohvar.at\/wp-content\/uploads\/2018\/08\/sg-tr-77-0.jpg 1080w\" sizes=\"auto, (max-width: 114px) 100vw, 114px\" \/><\/a>Trim \u00bbSG-TR-77\u00ab<br \/>\n<\/strong>SG-TR-77 \/ Stari Grad, Polje, Pre\u0161ice<\/p>\n<p><strong><a href=\"https:\/\/www.topohvar.at\/orte\/sg\/sg-tr-a5-1\/\"><img loading=\"lazy\" decoding=\"async\" class=\"alignleft wp-image-4644\" src=\"https:\/\/www.topohvar.at\/wp-content\/uploads\/2018\/08\/SG-TR-A5-0-1024x503.jpg\" alt=\"\" width=\"114\" height=\"56\" srcset=\"https:\/\/www.topohvar.at\/wp-content\/uploads\/2018\/08\/SG-TR-A5-0-1024x503.jpg 1024w, https:\/\/www.topohvar.at\/wp-content\/uploads\/2018\/08\/SG-TR-A5-0-300x147.jpg 300w, https:\/\/www.topohvar.at\/wp-content\/uploads\/2018\/08\/SG-TR-A5-0-768x377.jpg 768w, https:\/\/www.topohvar.at\/wp-content\/uploads\/2018\/08\/SG-TR-A5-0.jpg 1080w\" sizes=\"auto, (max-width: 114px) 100vw, 114px\" \/><\/a>Trim \u00bbSG-TR-A5\u00ab<br \/>\n<\/strong>SG-TR-A5 \/ Stari Grad, Polje, Pre\u0161ice<\/p>\n<p><strong><a href=\"https:\/\/www.topohvar.at\/orte\/sg\/sg-tr-65-1\/\"><img loading=\"lazy\" decoding=\"async\" class=\"alignleft wp-image-74680\" src=\"https:\/\/www.topohvar.at\/wp-content\/uploads\/2026\/04\/sg-tr-65-9-300x147.jpg\" alt=\"\" width=\"114\" height=\"56\" srcset=\"https:\/\/www.topohvar.at\/wp-content\/uploads\/2026\/04\/sg-tr-65-9-300x147.jpg 300w, https:\/\/www.topohvar.at\/wp-content\/uploads\/2026\/04\/sg-tr-65-9-1024x503.jpg 1024w, https:\/\/www.topohvar.at\/wp-content\/uploads\/2026\/04\/sg-tr-65-9-768x377.jpg 768w, https:\/\/www.topohvar.at\/wp-content\/uploads\/2026\/04\/sg-tr-65-9.jpg 1080w\" sizes=\"auto, (max-width: 114px) 100vw, 114px\" \/><\/a>Trim \u00bbSG-TR-65\u00ab<br \/>\n<\/strong>SG-TR-65 \/ Stari Grad, Polje,\u00a0Ra\u0161nik<\/p>\n<p><strong><a href=\"https:\/\/www.topohvar.at\/orte\/sg\/sg-tr-66-1\/\"><img loading=\"lazy\" decoding=\"async\" class=\"alignleft wp-image-13631\" src=\"https:\/\/www.topohvar.at\/wp-content\/uploads\/2018\/12\/sg-tr-66-11-1024x503.jpg\" alt=\"\" width=\"114\" height=\"56\" srcset=\"https:\/\/www.topohvar.at\/wp-content\/uploads\/2018\/12\/sg-tr-66-11-1024x503.jpg 1024w, https:\/\/www.topohvar.at\/wp-content\/uploads\/2018\/12\/sg-tr-66-11-300x147.jpg 300w, https:\/\/www.topohvar.at\/wp-content\/uploads\/2018\/12\/sg-tr-66-11-768x377.jpg 768w, https:\/\/www.topohvar.at\/wp-content\/uploads\/2018\/12\/sg-tr-66-11.jpg 1080w\" sizes=\"auto, (max-width: 114px) 100vw, 114px\" \/><\/a>Trim \u00bbSG-TR-66\u00ab<br \/>\n<\/strong>SG-TR-66 \/ Stari Grad, Polje, Ra\u0161nik<\/p>\n<p><strong><a href=\"https:\/\/www.topohvar.at\/orte\/sg\/sg-tr-72-1\/\"><img loading=\"lazy\" decoding=\"async\" class=\"alignleft wp-image-4550\" src=\"https:\/\/www.topohvar.at\/wp-content\/uploads\/2018\/08\/sg-tr-72-0-1024x503.jpg\" alt=\"\" width=\"114\" height=\"56\" srcset=\"https:\/\/www.topohvar.at\/wp-content\/uploads\/2018\/08\/sg-tr-72-0-1024x503.jpg 1024w, https:\/\/www.topohvar.at\/wp-content\/uploads\/2018\/08\/sg-tr-72-0-300x147.jpg 300w, https:\/\/www.topohvar.at\/wp-content\/uploads\/2018\/08\/sg-tr-72-0-768x377.jpg 768w, https:\/\/www.topohvar.at\/wp-content\/uploads\/2018\/08\/sg-tr-72-0.jpg 1080w\" sizes=\"auto, (max-width: 114px) 100vw, 114px\" \/><\/a>Trim \u00bbSG-TR-72\u00ab<br \/>\n<\/strong>SG-TR-72 \/ Stari Grad, Polje, Ra\u0161nik<\/p>\n<p><strong><a href=\"https:\/\/www.topohvar.at\/orte\/sg\/sg-tr-75-1\/\"><img loading=\"lazy\" decoding=\"async\" class=\"alignleft wp-image-13640\" src=\"https:\/\/www.topohvar.at\/wp-content\/uploads\/2018\/12\/sg-tr-75-11-1024x503.jpg\" alt=\"\" width=\"114\" height=\"56\" srcset=\"https:\/\/www.topohvar.at\/wp-content\/uploads\/2018\/12\/sg-tr-75-11-1024x503.jpg 1024w, https:\/\/www.topohvar.at\/wp-content\/uploads\/2018\/12\/sg-tr-75-11-300x147.jpg 300w, https:\/\/www.topohvar.at\/wp-content\/uploads\/2018\/12\/sg-tr-75-11-768x377.jpg 768w, https:\/\/www.topohvar.at\/wp-content\/uploads\/2018\/12\/sg-tr-75-11.jpg 1080w\" sizes=\"auto, (max-width: 114px) 100vw, 114px\" \/><\/a>Trim \u00bbSG-TR-75\u00ab<br \/>\n<\/strong>SG-TR-75 \/ Stari Grad, Polje, Ra\u0161nik<\/p>\n<p><strong><a href=\"https:\/\/www.topohvar.at\/orte\/sg\/sg-tr-38-1\/\"><img loading=\"lazy\" decoding=\"async\" class=\"alignleft wp-image-4517\" src=\"https:\/\/www.topohvar.at\/wp-content\/uploads\/2018\/08\/sg-tr-38-0-1024x503.jpg\" alt=\"\" width=\"114\" height=\"56\" srcset=\"https:\/\/www.topohvar.at\/wp-content\/uploads\/2018\/08\/sg-tr-38-0-1024x503.jpg 1024w, https:\/\/www.topohvar.at\/wp-content\/uploads\/2018\/08\/sg-tr-38-0-300x147.jpg 300w, https:\/\/www.topohvar.at\/wp-content\/uploads\/2018\/08\/sg-tr-38-0-768x377.jpg 768w, https:\/\/www.topohvar.at\/wp-content\/uploads\/2018\/08\/sg-tr-38-0.jpg 1080w\" sizes=\"auto, (max-width: 114px) 100vw, 114px\" \/><\/a>Trim \u00bbSG-TR-38\u00ab<br \/>\n<\/strong>SG-TR-38 \/ Stari Grad, Polje, Slanci<\/p>\n<p><strong><a href=\"https:\/\/www.topohvar.at\/orte\/sg\/sg-tr-39-1\/\"><img loading=\"lazy\" decoding=\"async\" class=\"alignleft wp-image-13649\" src=\"https:\/\/www.topohvar.at\/wp-content\/uploads\/2018\/12\/sg-tr-39-12-1024x503.jpg\" alt=\"\" width=\"114\" height=\"56\" srcset=\"https:\/\/www.topohvar.at\/wp-content\/uploads\/2018\/12\/sg-tr-39-12-1024x503.jpg 1024w, https:\/\/www.topohvar.at\/wp-content\/uploads\/2018\/12\/sg-tr-39-12-300x147.jpg 300w, https:\/\/www.topohvar.at\/wp-content\/uploads\/2018\/12\/sg-tr-39-12-768x377.jpg 768w, https:\/\/www.topohvar.at\/wp-content\/uploads\/2018\/12\/sg-tr-39-12.jpg 1080w\" sizes=\"auto, (max-width: 114px) 100vw, 114px\" \/><\/a>Trim \u00bbSG-TR-39\u00ab<br \/>\n<\/strong>SG-TR-39 \/ Stari Grad, Polje, Slanci<\/p>\n<p><strong><a href=\"https:\/\/www.topohvar.at\/orte\/sg\/sg-tr-d8-1\/\"><img loading=\"lazy\" decoding=\"async\" class=\"alignleft wp-image-4664\" src=\"https:\/\/www.topohvar.at\/wp-content\/uploads\/2018\/08\/sg-tr-d8-0-1024x503.jpg\" alt=\"\" width=\"114\" height=\"56\" srcset=\"https:\/\/www.topohvar.at\/wp-content\/uploads\/2018\/08\/sg-tr-d8-0-1024x503.jpg 1024w, https:\/\/www.topohvar.at\/wp-content\/uploads\/2018\/08\/sg-tr-d8-0-300x147.jpg 300w, https:\/\/www.topohvar.at\/wp-content\/uploads\/2018\/08\/sg-tr-d8-0-768x377.jpg 768w, https:\/\/www.topohvar.at\/wp-content\/uploads\/2018\/08\/sg-tr-d8-0.jpg 1080w\" sizes=\"auto, (max-width: 114px) 100vw, 114px\" \/><\/a>Trim \u00bbSG-TR-D8\u00ab<br \/>\n<\/strong>SG-TR-D8 \/\u00a0Stari Grad, Polje, u blizini trafostanice<\/p>\n<p><strong><a href=\"https:\/\/www.topohvar.at\/topo\/orte\/sg\/sg-tr-b6-1\/\"><img loading=\"lazy\" decoding=\"async\" class=\"alignleft wp-image-22349\" src=\"https:\/\/www.topohvar.at\/wp-content\/uploads\/2019\/05\/sg-tr-b6-12-1024x503.jpg\" alt=\"\" width=\"114\" height=\"56\" srcset=\"https:\/\/www.topohvar.at\/wp-content\/uploads\/2019\/05\/sg-tr-b6-12-1024x503.jpg 1024w, https:\/\/www.topohvar.at\/wp-content\/uploads\/2019\/05\/sg-tr-b6-12-300x147.jpg 300w, https:\/\/www.topohvar.at\/wp-content\/uploads\/2019\/05\/sg-tr-b6-12-768x377.jpg 768w, https:\/\/www.topohvar.at\/wp-content\/uploads\/2019\/05\/sg-tr-b6-12.jpg 1080w\" sizes=\"auto, (max-width: 114px) 100vw, 114px\" \/><\/a>Trim \u00bbSG-TR-B6\u00ab<br \/>\n<\/strong>SG-TR-B6 \/\u00a0Stari Grad, Polje, zapadno od Purkin Kuk<\/p>\n<p><strong><a href=\"https:\/\/www.topohvar.at\/orte\/sg\/sg-tr-d1-1\/\"><img loading=\"lazy\" decoding=\"async\" class=\"alignleft wp-image-4657\" src=\"https:\/\/www.topohvar.at\/wp-content\/uploads\/2018\/08\/sg-tr-d1-0-1024x503.jpg\" alt=\"\" width=\"114\" height=\"56\" srcset=\"https:\/\/www.topohvar.at\/wp-content\/uploads\/2018\/08\/sg-tr-d1-0-1024x503.jpg 1024w, https:\/\/www.topohvar.at\/wp-content\/uploads\/2018\/08\/sg-tr-d1-0-300x147.jpg 300w, https:\/\/www.topohvar.at\/wp-content\/uploads\/2018\/08\/sg-tr-d1-0-768x377.jpg 768w, https:\/\/www.topohvar.at\/wp-content\/uploads\/2018\/08\/sg-tr-d1-0.jpg 1080w\" sizes=\"auto, (max-width: 114px) 100vw, 114px\" \/><\/a>Trim \u00bbSG-TR-D1\u00ab<br \/>\n<\/strong>SG-TR-D1 \/ Stari Grad, put na Kablu<\/p>\n<p><strong><a href=\"https:\/\/www.topohvar.at\/orte\/sg\/sg-tr-d3-1\/\"><img loading=\"lazy\" decoding=\"async\" class=\"alignleft wp-image-4659\" src=\"https:\/\/www.topohvar.at\/wp-content\/uploads\/2018\/08\/sg-tr-d3-0-1024x503.jpg\" alt=\"\" width=\"114\" height=\"56\" srcset=\"https:\/\/www.topohvar.at\/wp-content\/uploads\/2018\/08\/sg-tr-d3-0-1024x503.jpg 1024w, https:\/\/www.topohvar.at\/wp-content\/uploads\/2018\/08\/sg-tr-d3-0-300x147.jpg 300w, https:\/\/www.topohvar.at\/wp-content\/uploads\/2018\/08\/sg-tr-d3-0-768x377.jpg 768w, https:\/\/www.topohvar.at\/wp-content\/uploads\/2018\/08\/sg-tr-d3-0.jpg 1080w\" sizes=\"auto, (max-width: 114px) 100vw, 114px\" \/><\/a>Trim \u00bbSG-TR-D3\u00ab<br \/>\n<\/strong>SG-TR-D3 \/ Stari Grad, put na Kablu<\/p>\n<p><strong><a href=\"https:\/\/www.topohvar.at\/orte\/sg\/sg-tr-f9-1\/\"><img loading=\"lazy\" decoding=\"async\" class=\"alignleft wp-image-49673\" src=\"https:\/\/www.topohvar.at\/wp-content\/uploads\/2021\/06\/sg-tr-f9-1.jpg\" alt=\"\" width=\"114\" height=\"56\" srcset=\"https:\/\/www.topohvar.at\/wp-content\/uploads\/2021\/06\/sg-tr-f9-1.jpg 1080w, https:\/\/www.topohvar.at\/wp-content\/uploads\/2021\/06\/sg-tr-f9-1-300x147.jpg 300w, https:\/\/www.topohvar.at\/wp-content\/uploads\/2021\/06\/sg-tr-f9-1-1024x503.jpg 1024w, https:\/\/www.topohvar.at\/wp-content\/uploads\/2021\/06\/sg-tr-f9-1-768x377.jpg 768w\" sizes=\"auto, (max-width: 114px) 100vw, 114px\" \/><\/a>Trim \u00bbSG-TR-F9 (Minjin trim)\u00ab<br \/>\n<\/strong>SG-TR-F9 \/ Stari Grad, stari put na Kablju<\/p>\n<p><strong><a href=\"https:\/\/www.topohvar.at\/orte\/sg\/sg-tr-h8-1\/\"><img loading=\"lazy\" decoding=\"async\" class=\"alignleft wp-image-71787\" src=\"https:\/\/www.topohvar.at\/wp-content\/uploads\/2025\/05\/sg-tr-h8-01-300x147.jpg\" alt=\"\" width=\"114\" height=\"56\" srcset=\"https:\/\/www.topohvar.at\/wp-content\/uploads\/2025\/05\/sg-tr-h8-01-300x147.jpg 300w, https:\/\/www.topohvar.at\/wp-content\/uploads\/2025\/05\/sg-tr-h8-01-1024x503.jpg 1024w, https:\/\/www.topohvar.at\/wp-content\/uploads\/2025\/05\/sg-tr-h8-01-768x377.jpg 768w, https:\/\/www.topohvar.at\/wp-content\/uploads\/2025\/05\/sg-tr-h8-01.jpg 1080w\" sizes=\"auto, (max-width: 114px) 100vw, 114px\" \/><\/a>Trim \u00bbSG-TR-H8 (Helenin trim)\u00ab<br \/>\n<\/strong>SG-TR-H8 \/ Stari Grad, stari put na Kablju<\/p>\n<p><strong><a href=\"https:\/\/www.topohvar.at\/orte\/sg\/sg-tr-d0-1\/\"><img loading=\"lazy\" decoding=\"async\" class=\"alignleft wp-image-4656\" src=\"https:\/\/www.topohvar.at\/wp-content\/uploads\/2018\/08\/sg-tr-d0-0-1024x503.jpg\" alt=\"\" width=\"114\" height=\"56\" srcset=\"https:\/\/www.topohvar.at\/wp-content\/uploads\/2018\/08\/sg-tr-d0-0-1024x503.jpg 1024w, https:\/\/www.topohvar.at\/wp-content\/uploads\/2018\/08\/sg-tr-d0-0-300x147.jpg 300w, https:\/\/www.topohvar.at\/wp-content\/uploads\/2018\/08\/sg-tr-d0-0-768x377.jpg 768w, https:\/\/www.topohvar.at\/wp-content\/uploads\/2018\/08\/sg-tr-d0-0.jpg 1080w\" sizes=\"auto, (max-width: 114px) 100vw, 114px\" \/><\/a>Trim \u00bbSG-TR-D0\u00ab<br \/>\n<\/strong>SG-TR-D0 \/ Stari Grad, Uvala Brezenica<\/p>\n<p><strong><a href=\"https:\/\/www.topohvar.at\/orte\/sg\/sg-tr-d5-1\/\"><img loading=\"lazy\" decoding=\"async\" class=\"alignleft wp-image-4661\" src=\"https:\/\/www.topohvar.at\/wp-content\/uploads\/2018\/08\/SG-TR-D5-0-1024x503.jpg\" alt=\"\" width=\"114\" height=\"56\" srcset=\"https:\/\/www.topohvar.at\/wp-content\/uploads\/2018\/08\/SG-TR-D5-0-1024x503.jpg 1024w, https:\/\/www.topohvar.at\/wp-content\/uploads\/2018\/08\/SG-TR-D5-0-300x147.jpg 300w, https:\/\/www.topohvar.at\/wp-content\/uploads\/2018\/08\/SG-TR-D5-0-768x377.jpg 768w, https:\/\/www.topohvar.at\/wp-content\/uploads\/2018\/08\/SG-TR-D5-0.jpg 1080w\" sizes=\"auto, (max-width: 114px) 100vw, 114px\" \/><\/a>Trim \u00bbSG-TR-D5\u00ab<br \/>\n<\/strong>SG-TR-D5 \/ Stari Grad, Vodovoda<\/p>\n<p><strong><a href=\"https:\/\/www.topohvar.at\/orte\/sg\/sg-tr-15-1\/\"><img loading=\"lazy\" decoding=\"async\" class=\"alignleft wp-image-13674\" src=\"https:\/\/www.topohvar.at\/wp-content\/uploads\/2018\/12\/sg-tr-15-11-1024x503.jpg\" alt=\"\" width=\"114\" height=\"56\" srcset=\"https:\/\/www.topohvar.at\/wp-content\/uploads\/2018\/12\/sg-tr-15-11-1024x503.jpg 1024w, https:\/\/www.topohvar.at\/wp-content\/uploads\/2018\/12\/sg-tr-15-11-300x147.jpg 300w, https:\/\/www.topohvar.at\/wp-content\/uploads\/2018\/12\/sg-tr-15-11-768x377.jpg 768w, https:\/\/www.topohvar.at\/wp-content\/uploads\/2018\/12\/sg-tr-15-11.jpg 1080w\" sizes=\"auto, (max-width: 114px) 100vw, 114px\" \/><\/a>Trim \u00bbSG-TR-15\u00ab<br \/>\n<\/strong>SG-TR-15 \/ Stari Grad, Vrbanjske Rudine<\/p>\n<p><strong><a href=\"https:\/\/www.topohvar.at\/orte\/sg\/sg-tr-g6-1\/\"><img loading=\"lazy\" decoding=\"async\" class=\"alignleft wp-image-62780\" src=\"https:\/\/www.topohvar.at\/wp-content\/uploads\/2023\/06\/sg-tr-g6-0-300x147.jpg\" alt=\"\" width=\"114\" height=\"56\" srcset=\"https:\/\/www.topohvar.at\/wp-content\/uploads\/2023\/06\/sg-tr-g6-0-300x147.jpg 300w, https:\/\/www.topohvar.at\/wp-content\/uploads\/2023\/06\/sg-tr-g6-0-1024x503.jpg 1024w, https:\/\/www.topohvar.at\/wp-content\/uploads\/2023\/06\/sg-tr-g6-0-768x377.jpg 768w, https:\/\/www.topohvar.at\/wp-content\/uploads\/2023\/06\/sg-tr-g6-0.jpg 1080w\" sizes=\"auto, (max-width: 114px) 100vw, 114px\" \/><\/a>Trim \u00bbSG-TR-G6\u00ab<br \/>\n<\/strong>SG-TR-G6 \/ Stari Grad, V. Stara\u010d<\/p>\n<p><strong><a href=\"https:\/\/www.topohvar.at\/orte\/sg\/sg-tr-g7-1\/\"><img loading=\"lazy\" decoding=\"async\" class=\"alignleft wp-image-62785\" src=\"https:\/\/www.topohvar.at\/wp-content\/uploads\/2023\/06\/sg-tr-g7-0-300x147.jpg\" alt=\"\" width=\"114\" height=\"56\" srcset=\"https:\/\/www.topohvar.at\/wp-content\/uploads\/2023\/06\/sg-tr-g7-0-300x147.jpg 300w, https:\/\/www.topohvar.at\/wp-content\/uploads\/2023\/06\/sg-tr-g7-0-1024x503.jpg 1024w, https:\/\/www.topohvar.at\/wp-content\/uploads\/2023\/06\/sg-tr-g7-0-768x377.jpg 768w, https:\/\/www.topohvar.at\/wp-content\/uploads\/2023\/06\/sg-tr-g7-0.jpg 1080w\" sizes=\"auto, (max-width: 114px) 100vw, 114px\" \/><\/a>Trim \u00bbSG-TR-G7\u00ab<br \/>\n<\/strong>SG-TR-G7 \/ Stari Grad, V. Stara\u010d<\/p>\n<p><strong><a href=\"https:\/\/www.topohvar.at\/orte\/sg\/sg-tr-24-1\/\"><img loading=\"lazy\" decoding=\"async\" class=\"alignleft wp-image-4503\" src=\"https:\/\/www.topohvar.at\/wp-content\/uploads\/2018\/08\/sg-tr-24-0-1024x503.jpg\" alt=\"\" width=\"114\" height=\"56\" srcset=\"https:\/\/www.topohvar.at\/wp-content\/uploads\/2018\/08\/sg-tr-24-0-1024x503.jpg 1024w, https:\/\/www.topohvar.at\/wp-content\/uploads\/2018\/08\/sg-tr-24-0-300x147.jpg 300w, https:\/\/www.topohvar.at\/wp-content\/uploads\/2018\/08\/sg-tr-24-0-768x377.jpg 768w, https:\/\/www.topohvar.at\/wp-content\/uploads\/2018\/08\/sg-tr-24-0.jpg 1080w\" sizes=\"auto, (max-width: 114px) 100vw, 114px\" \/><\/a>Trim \u00bbSG-TR-24\u00ab<br \/>\n<\/strong>SG-TR-24 \/ Stari Grad, Vrbanjske Rudine<\/p>\n<p><strong><a href=\"https:\/\/www.topohvar.at\/orte\/sg\/sg-tr-27-1\/\"><img loading=\"lazy\" decoding=\"async\" class=\"alignleft wp-image-13683\" src=\"https:\/\/www.topohvar.at\/wp-content\/uploads\/2018\/12\/sg-tr-27-11-1024x503.jpg\" alt=\"\" width=\"114\" height=\"56\" srcset=\"https:\/\/www.topohvar.at\/wp-content\/uploads\/2018\/12\/sg-tr-27-11-1024x503.jpg 1024w, https:\/\/www.topohvar.at\/wp-content\/uploads\/2018\/12\/sg-tr-27-11-300x147.jpg 300w, https:\/\/www.topohvar.at\/wp-content\/uploads\/2018\/12\/sg-tr-27-11-768x377.jpg 768w, https:\/\/www.topohvar.at\/wp-content\/uploads\/2018\/12\/sg-tr-27-11.jpg 1080w\" sizes=\"auto, (max-width: 114px) 100vw, 114px\" \/><\/a>Trim \u00bbSG-TR-27\u00ab<br \/>\n<\/strong>SG-TR-27 \/ Stari Grad, Vrbanjske Rudine<\/p>\n<p><strong><a href=\"https:\/\/www.topohvar.at\/topo\/orte\/sg\/sg-tr-i0-1\/\"><img loading=\"lazy\" decoding=\"async\" class=\"wp-image-71791 alignleft\" src=\"https:\/\/www.topohvar.at\/wp-content\/uploads\/2025\/05\/sg-tr-i0-01.jpg\" alt=\"\" width=\"114\" height=\"56\" srcset=\"https:\/\/www.topohvar.at\/wp-content\/uploads\/2025\/05\/sg-tr-i0-01.jpg 1080w, https:\/\/www.topohvar.at\/wp-content\/uploads\/2025\/05\/sg-tr-i0-01-300x147.jpg 300w, https:\/\/www.topohvar.at\/wp-content\/uploads\/2025\/05\/sg-tr-i0-01-1024x503.jpg 1024w, https:\/\/www.topohvar.at\/wp-content\/uploads\/2025\/05\/sg-tr-i0-01-768x377.jpg 768w\" sizes=\"auto, (max-width: 114px) 100vw, 114px\" \/><\/a>Trim \u00bbSG-TR-I0\u00ab<br \/>\n<\/strong>SG-TR-I0 \/ Stari Grad, Vrbanjske Rudine<\/p>\n<p><strong><a href=\"https:\/\/www.topohvar.at\/orte\/sg\/sg-tr-i1-1\/\"><img loading=\"lazy\" decoding=\"async\" class=\"alignleft wp-image-71797\" src=\"https:\/\/www.topohvar.at\/wp-content\/uploads\/2025\/05\/sg-tr-i1-01-300x147.jpg\" alt=\"\" width=\"114\" height=\"56\" srcset=\"https:\/\/www.topohvar.at\/wp-content\/uploads\/2025\/05\/sg-tr-i1-01-300x147.jpg 300w, https:\/\/www.topohvar.at\/wp-content\/uploads\/2025\/05\/sg-tr-i1-01-1024x503.jpg 1024w, https:\/\/www.topohvar.at\/wp-content\/uploads\/2025\/05\/sg-tr-i1-01-768x377.jpg 768w, https:\/\/www.topohvar.at\/wp-content\/uploads\/2025\/05\/sg-tr-i1-01.jpg 1080w\" sizes=\"auto, (max-width: 114px) 100vw, 114px\" \/><\/a>Trim \u00bbSG-TR-I1\u00ab<br \/>\n<\/strong>SG-TR-I1 \/ Stari Grad, Vrbanjske Rudine, Goba\u0161ko bardo<\/p>\n<p><strong><a href=\"https:\/\/www.topohvar.at\/orte\/sg\/sg-tr-i7-1\/\"><img loading=\"lazy\" decoding=\"async\" class=\"alignleft wp-image-74118\" src=\"https:\/\/www.topohvar.at\/wp-content\/uploads\/2026\/04\/sg-tr-i7-1-300x147.jpg\" alt=\"\" width=\"114\" height=\"56\" srcset=\"https:\/\/www.topohvar.at\/wp-content\/uploads\/2026\/04\/sg-tr-i7-1-300x147.jpg 300w, https:\/\/www.topohvar.at\/wp-content\/uploads\/2026\/04\/sg-tr-i7-1-1024x503.jpg 1024w, https:\/\/www.topohvar.at\/wp-content\/uploads\/2026\/04\/sg-tr-i7-1-768x377.jpg 768w, https:\/\/www.topohvar.at\/wp-content\/uploads\/2026\/04\/sg-tr-i7-1.jpg 1080w\" sizes=\"auto, (max-width: 114px) 100vw, 114px\" \/><\/a>Trim \u00bbSG-TR-I7\u00ab<br \/>\n<\/strong>SG-TR-I7 \/ Stari Grad, Vrbanjske Rudine, Goba\u0161ko bardo<\/p>\n<p><strong><a href=\"https:\/\/www.topohvar.at\/orte\/sg\/sg-tr-i8-1\/\"><img loading=\"lazy\" decoding=\"async\" class=\"alignleft wp-image-74179\" src=\"https:\/\/www.topohvar.at\/wp-content\/uploads\/2026\/04\/sg-tr-i8-7-300x147.jpg\" alt=\"\" width=\"114\" height=\"56\" srcset=\"https:\/\/www.topohvar.at\/wp-content\/uploads\/2026\/04\/sg-tr-i8-7-300x147.jpg 300w, https:\/\/www.topohvar.at\/wp-content\/uploads\/2026\/04\/sg-tr-i8-7-1024x503.jpg 1024w, https:\/\/www.topohvar.at\/wp-content\/uploads\/2026\/04\/sg-tr-i8-7-768x377.jpg 768w, https:\/\/www.topohvar.at\/wp-content\/uploads\/2026\/04\/sg-tr-i8-7.jpg 1080w\" sizes=\"auto, (max-width: 114px) 100vw, 114px\" \/><\/a>Trim \u00bbSG-TR-I8\u00ab<br \/>\n<\/strong>SG-TR-I8 \/ Stari Grad, Vrbanjske Rudine, Goba\u0161ko bardo<\/p>\n<p><strong data-wp-editing=\"1\"><a href=\"https:\/\/www.topohvar.at\/orte\/sg\/sg-tr-i9-1\/\"><img loading=\"lazy\" decoding=\"async\" class=\"alignleft wp-image-74126\" src=\"https:\/\/www.topohvar.at\/wp-content\/uploads\/2026\/04\/sg-tr-i9-1-300x147.jpg\" alt=\"\" width=\"114\" height=\"56\" srcset=\"https:\/\/www.topohvar.at\/wp-content\/uploads\/2026\/04\/sg-tr-i9-1-300x147.jpg 300w, https:\/\/www.topohvar.at\/wp-content\/uploads\/2026\/04\/sg-tr-i9-1-1024x503.jpg 1024w, https:\/\/www.topohvar.at\/wp-content\/uploads\/2026\/04\/sg-tr-i9-1-768x377.jpg 768w, https:\/\/www.topohvar.at\/wp-content\/uploads\/2026\/04\/sg-tr-i9-1.jpg 1080w\" sizes=\"auto, (max-width: 114px) 100vw, 114px\" \/><\/a>Trim \u00bbSG-TR-I9\u00ab<br \/>\n<\/strong>SG-TR-I9 \/ Stari Grad, Vrbanjske Rudine, Goba\u0161ko bardo<\/p>\n<p><strong><a href=\"https:\/\/www.topohvar.at\/orte\/sg\/sg-tr-73-1\/\"><img loading=\"lazy\" decoding=\"async\" class=\"alignleft wp-image-13690\" src=\"https:\/\/www.topohvar.at\/wp-content\/uploads\/2018\/12\/sg-tr-73-13-1024x503.jpg\" alt=\"\" width=\"114\" height=\"56\" srcset=\"https:\/\/www.topohvar.at\/wp-content\/uploads\/2018\/12\/sg-tr-73-13-1024x503.jpg 1024w, https:\/\/www.topohvar.at\/wp-content\/uploads\/2018\/12\/sg-tr-73-13-300x147.jpg 300w, https:\/\/www.topohvar.at\/wp-content\/uploads\/2018\/12\/sg-tr-73-13-768x377.jpg 768w, https:\/\/www.topohvar.at\/wp-content\/uploads\/2018\/12\/sg-tr-73-13.jpg 1080w\" sizes=\"auto, (max-width: 114px) 100vw, 114px\" \/><\/a>Trim \u00bbSG-TR-73\u00ab<br \/>\n<\/strong>SG-TR-73 \/ Stari Grad, Vrbanjske Rudine<\/p>\n<p><strong><a href=\"https:\/\/www.topohvar.at\/orte\/sg\/sg-tr-84-1\/\"><img loading=\"lazy\" decoding=\"async\" class=\"alignleft wp-image-13696\" src=\"https:\/\/www.topohvar.at\/wp-content\/uploads\/2018\/12\/sg-tr-84-08-1024x503.jpg\" alt=\"\" width=\"114\" height=\"56\" srcset=\"https:\/\/www.topohvar.at\/wp-content\/uploads\/2018\/12\/sg-tr-84-08-1024x503.jpg 1024w, https:\/\/www.topohvar.at\/wp-content\/uploads\/2018\/12\/sg-tr-84-08-300x147.jpg 300w, https:\/\/www.topohvar.at\/wp-content\/uploads\/2018\/12\/sg-tr-84-08-768x377.jpg 768w, https:\/\/www.topohvar.at\/wp-content\/uploads\/2018\/12\/sg-tr-84-08.jpg 1080w\" sizes=\"auto, (max-width: 114px) 100vw, 114px\" \/><\/a>Dva trima \u00bbSG-TR-84\u00ab<br \/>\n<\/strong>SG-TR-84 \/ Stari Grad, Vrbanjske Rudine, Borova<\/p>\n<p><strong><a href=\"https:\/\/www.topohvar.at\/orte\/sg\/sg-tr-85-1\/\"><img loading=\"lazy\" decoding=\"async\" class=\"alignleft wp-image-13702\" src=\"https:\/\/www.topohvar.at\/wp-content\/uploads\/2018\/12\/sg-tr-85-12-1024x503.jpg\" alt=\"\" width=\"114\" height=\"56\" srcset=\"https:\/\/www.topohvar.at\/wp-content\/uploads\/2018\/12\/sg-tr-85-12-1024x503.jpg 1024w, https:\/\/www.topohvar.at\/wp-content\/uploads\/2018\/12\/sg-tr-85-12-300x147.jpg 300w, https:\/\/www.topohvar.at\/wp-content\/uploads\/2018\/12\/sg-tr-85-12-768x377.jpg 768w, https:\/\/www.topohvar.at\/wp-content\/uploads\/2018\/12\/sg-tr-85-12.jpg 1080w\" sizes=\"auto, (max-width: 114px) 100vw, 114px\" \/><\/a>Dva trima \u00bbSG-TR-85\u00ab<br \/>\n<\/strong>SG-TR-85 \/ Stari Grad, Vrbanjske Rudine, Borova<\/p>\n<p><strong><a href=\"https:\/\/www.topohvar.at\/orte\/sg\/sg-tr-96-1\/\"><img loading=\"lazy\" decoding=\"async\" class=\"alignleft wp-image-13708\" src=\"https:\/\/www.topohvar.at\/wp-content\/uploads\/2018\/12\/sg-tr-96-11-1024x503.jpg\" alt=\"\" width=\"114\" height=\"56\" srcset=\"https:\/\/www.topohvar.at\/wp-content\/uploads\/2018\/12\/sg-tr-96-11-1024x503.jpg 1024w, https:\/\/www.topohvar.at\/wp-content\/uploads\/2018\/12\/sg-tr-96-11-300x147.jpg 300w, https:\/\/www.topohvar.at\/wp-content\/uploads\/2018\/12\/sg-tr-96-11-768x377.jpg 768w, https:\/\/www.topohvar.at\/wp-content\/uploads\/2018\/12\/sg-tr-96-11.jpg 1080w\" sizes=\"auto, (max-width: 114px) 100vw, 114px\" \/><\/a>Trim \u00bbSG-TR-96\u00ab<br \/>\n<\/strong>SG-TR-96 \/ Stari Grad, Vrbanjske Rudine, Brostaice<\/p>\n<p><strong><a href=\"https:\/\/www.topohvar.at\/orte\/sg\/sg-tr-93-1\/\"><img loading=\"lazy\" decoding=\"async\" class=\"alignleft wp-image-13714\" src=\"https:\/\/www.topohvar.at\/wp-content\/uploads\/2018\/12\/sg-tr-93-11-1024x503.jpg\" alt=\"\" width=\"114\" height=\"56\" srcset=\"https:\/\/www.topohvar.at\/wp-content\/uploads\/2018\/12\/sg-tr-93-11-1024x503.jpg 1024w, https:\/\/www.topohvar.at\/wp-content\/uploads\/2018\/12\/sg-tr-93-11-300x147.jpg 300w, https:\/\/www.topohvar.at\/wp-content\/uploads\/2018\/12\/sg-tr-93-11-768x377.jpg 768w, https:\/\/www.topohvar.at\/wp-content\/uploads\/2018\/12\/sg-tr-93-11.jpg 1080w\" sizes=\"auto, (max-width: 114px) 100vw, 114px\" \/><\/a>Trim \u00bbSG-TR-93\u00ab<br \/>\n<\/strong>SG-TR-93 \/ Stari Grad, Vrbanjske Rudine, Starci<\/p>\n<p><strong><a href=\"https:\/\/www.topohvar.at\/orte\/sg\/sg-tr-94-1\/\"><img loading=\"lazy\" decoding=\"async\" class=\"alignleft wp-image-13720\" src=\"https:\/\/www.topohvar.at\/wp-content\/uploads\/2018\/12\/sg-tr-94-11-1024x503.jpg\" alt=\"\" width=\"114\" height=\"56\" srcset=\"https:\/\/www.topohvar.at\/wp-content\/uploads\/2018\/12\/sg-tr-94-11-1024x503.jpg 1024w, https:\/\/www.topohvar.at\/wp-content\/uploads\/2018\/12\/sg-tr-94-11-300x147.jpg 300w, https:\/\/www.topohvar.at\/wp-content\/uploads\/2018\/12\/sg-tr-94-11-768x377.jpg 768w, https:\/\/www.topohvar.at\/wp-content\/uploads\/2018\/12\/sg-tr-94-11.jpg 1080w\" sizes=\"auto, (max-width: 114px) 100vw, 114px\" \/><\/a>Trim \u00bbSG-TR-94\u00ab<br \/>\n<\/strong>SG-TR-94 \/\u00a0Stari Grad, Vrbanjske Rudine, Starci<\/p>\n<p><strong><a href=\"https:\/\/www.topohvar.at\/orte\/sg\/sg-tr-95-1\/\"><img loading=\"lazy\" decoding=\"async\" class=\"alignleft wp-image-13726\" src=\"https:\/\/www.topohvar.at\/wp-content\/uploads\/2018\/12\/sg-tr-95-11-1024x503.jpg\" alt=\"\" width=\"114\" height=\"56\" srcset=\"https:\/\/www.topohvar.at\/wp-content\/uploads\/2018\/12\/sg-tr-95-11-1024x503.jpg 1024w, https:\/\/www.topohvar.at\/wp-content\/uploads\/2018\/12\/sg-tr-95-11-300x147.jpg 300w, https:\/\/www.topohvar.at\/wp-content\/uploads\/2018\/12\/sg-tr-95-11-768x377.jpg 768w, https:\/\/www.topohvar.at\/wp-content\/uploads\/2018\/12\/sg-tr-95-11.jpg 1080w\" sizes=\"auto, (max-width: 114px) 100vw, 114px\" \/><\/a>Trim \u00bbSG-TR 95\u00ab<br \/>\n<\/strong>SG-TR-95 \/ Stari Grad, Vrbanjske Rudine, Starci<\/p>\n<p><strong><a href=\"https:\/\/www.topohvar.at\/orte\/sg\/sg-tr-34-1\/\"><img loading=\"lazy\" decoding=\"async\" class=\"alignleft wp-image-24426\" src=\"https:\/\/www.topohvar.at\/wp-content\/uploads\/2019\/10\/sg-tr-34-21-300x147.jpg\" alt=\"\" width=\"114\" height=\"56\" srcset=\"https:\/\/www.topohvar.at\/wp-content\/uploads\/2019\/10\/sg-tr-34-21-300x147.jpg 300w, https:\/\/www.topohvar.at\/wp-content\/uploads\/2019\/10\/sg-tr-34-21-768x377.jpg 768w, https:\/\/www.topohvar.at\/wp-content\/uploads\/2019\/10\/sg-tr-34-21-1024x503.jpg 1024w, https:\/\/www.topohvar.at\/wp-content\/uploads\/2019\/10\/sg-tr-34-21.jpg 1080w\" sizes=\"auto, (max-width: 114px) 100vw, 114px\" \/><\/a>Trim \u00bbSG-TR-34\u00ab<br \/>\n<\/strong>SG-TR-34 \/\u00a0Stari Grad, Vrh, put Purkin Kuk &#8211; Selca<\/p>\n<p><strong><a href=\"https:\/\/www.topohvar.at\/orte\/sg\/sg-tr-b9-1\/\"><img loading=\"lazy\" decoding=\"async\" class=\"alignleft wp-image-4645\" src=\"https:\/\/www.topohvar.at\/wp-content\/uploads\/2018\/08\/SG-TR-B9-0-1024x503.jpg\" alt=\"\" width=\"114\" height=\"56\" srcset=\"https:\/\/www.topohvar.at\/wp-content\/uploads\/2018\/08\/SG-TR-B9-0-1024x503.jpg 1024w, https:\/\/www.topohvar.at\/wp-content\/uploads\/2018\/08\/SG-TR-B9-0-300x147.jpg 300w, https:\/\/www.topohvar.at\/wp-content\/uploads\/2018\/08\/SG-TR-B9-0-768x377.jpg 768w, https:\/\/www.topohvar.at\/wp-content\/uploads\/2018\/08\/SG-TR-B9-0.jpg 1080w\" sizes=\"auto, (max-width: 114px) 100vw, 114px\" \/><\/a>Trim \u00bbSG-TR-B9\u00ab<br \/>\n<\/strong>SG-TR-B9 \/ Stari Grad, Vukovarska cesta<\/p>\n<p><strong><a href=\"https:\/\/www.topohvar.at\/orte\/sg\/sg-tr-04-1\/\"><img loading=\"lazy\" decoding=\"async\" class=\"alignleft wp-image-30997\" src=\"https:\/\/www.topohvar.at\/wp-content\/uploads\/2020\/02\/sg-tr-04-1-300x147.jpg\" alt=\"\" width=\"114\" height=\"56\" srcset=\"https:\/\/www.topohvar.at\/wp-content\/uploads\/2020\/02\/sg-tr-04-1-300x147.jpg 300w, https:\/\/www.topohvar.at\/wp-content\/uploads\/2020\/02\/sg-tr-04-1-768x377.jpg 768w, https:\/\/www.topohvar.at\/wp-content\/uploads\/2020\/02\/sg-tr-04-1-1024x503.jpg 1024w, https:\/\/www.topohvar.at\/wp-content\/uploads\/2020\/02\/sg-tr-04-1.jpg 1080w\" sizes=\"auto, (max-width: 114px) 100vw, 114px\" \/><\/a>Trim \u00bbSG-TR 04\u00ab<br \/>\n<\/strong>SG-TR-04 \/ Stari Grad, ?<\/p>\n<p><strong><a href=\"https:\/\/www.topohvar.at\/orte\/sg\/sg-tr-e8-1\/\"><img loading=\"lazy\" decoding=\"async\" class=\"alignleft wp-image-31008\" src=\"https:\/\/www.topohvar.at\/wp-content\/uploads\/2020\/02\/sg-tr-e8-1-300x147.jpg\" alt=\"\" width=\"114\" height=\"56\" srcset=\"https:\/\/www.topohvar.at\/wp-content\/uploads\/2020\/02\/sg-tr-e8-1-300x147.jpg 300w, https:\/\/www.topohvar.at\/wp-content\/uploads\/2020\/02\/sg-tr-e8-1-768x377.jpg 768w, https:\/\/www.topohvar.at\/wp-content\/uploads\/2020\/02\/sg-tr-e8-1-1024x503.jpg 1024w, https:\/\/www.topohvar.at\/wp-content\/uploads\/2020\/02\/sg-tr-e8-1.jpg 1080w\" sizes=\"auto, (max-width: 114px) 100vw, 114px\" \/><\/a>Trim \u00bbSG-TR-E8\u00ab<br \/>\n<\/strong>SG-TR-E8 \/ Stari Grad, ?<\/p>\n<p style=\"text-align: right;\"><span style=\"color: #3366ff;\"><a style=\"color: #3366ff;\" href=\"#seite_oben\">natrag na vrh \/ Seitenanfang<\/a><\/span><\/p>\n<p><a name=\"po\"><\/a><\/p>\n<hr \/>\n<h2><strong><span style=\"color: #ff0000;\">Povijesne znamenitosti \/ historisches<\/span><\/strong><\/h2>\n<p><strong><a href=\"https:\/\/www.topohvar.at\/orte\/sg\/sg-po-00-1\/\"><img loading=\"lazy\" decoding=\"async\" class=\"alignleft wp-image-387 size-full\" src=\"https:\/\/www.topohvar.at\/wp-content\/uploads\/2018\/07\/00-00-00-1.jpg\" alt=\"\" width=\"114\" height=\"56\" \/><\/a>Popis arheolo\u0161ka nalazi\u0161ta<br \/>\n<\/strong>SG-PO-00 \/ Stari Grad<\/p>\n<p><strong><a href=\"https:\/\/www.topohvar.at\/orte\/sg\/sg-pg-00-1\/\"><img loading=\"lazy\" decoding=\"async\" class=\"alignleft wp-image-57269\" src=\"https:\/\/www.topohvar.at\/wp-content\/uploads\/2022\/02\/sg-pg-00-2-300x147.jpg\" alt=\"\" width=\"114\" height=\"56\" srcset=\"https:\/\/www.topohvar.at\/wp-content\/uploads\/2022\/02\/sg-pg-00-2-300x147.jpg 300w, https:\/\/www.topohvar.at\/wp-content\/uploads\/2022\/02\/sg-pg-00-2-1024x503.jpg 1024w, https:\/\/www.topohvar.at\/wp-content\/uploads\/2022\/02\/sg-pg-00-2-768x377.jpg 768w, https:\/\/www.topohvar.at\/wp-content\/uploads\/2022\/02\/sg-pg-00-2.jpg 1080w\" sizes=\"auto, (max-width: 114px) 100vw, 114px\" \/><\/a>Pretpovijesne gomile<br \/>\n<\/strong>SG-PG-00 \/ Stari Grad<\/p>\n<p><strong><a href=\"https:\/\/www.topohvar.at\/orte\/sg\/sg-po-09-2\/\"><img loading=\"lazy\" decoding=\"async\" class=\"alignleft wp-image-4099\" src=\"https:\/\/www.topohvar.at\/wp-content\/uploads\/2018\/08\/sg-po-09-2-1024x503.jpg\" alt=\"\" width=\"114\" height=\"56\" srcset=\"https:\/\/www.topohvar.at\/wp-content\/uploads\/2018\/08\/sg-po-09-2-1024x503.jpg 1024w, https:\/\/www.topohvar.at\/wp-content\/uploads\/2018\/08\/sg-po-09-2-300x147.jpg 300w, https:\/\/www.topohvar.at\/wp-content\/uploads\/2018\/08\/sg-po-09-2-768x377.jpg 768w\" sizes=\"auto, (max-width: 114px) 100vw, 114px\" \/><\/a>Arheolo\u0161ka zona \u00bbStarogradsko polje\u00ab (\u00abAger\u00ab)<br \/>\n<\/strong>SG-PO-09 \/\u00a0Stari Grad, Polje<\/p>\n<p><strong><a href=\"https:\/\/www.topohvar.at\/orte\/sg\/sg-po-19-1\/\"><img loading=\"lazy\" decoding=\"async\" class=\"alignleft wp-image-387 size-full\" src=\"https:\/\/www.topohvar.at\/wp-content\/uploads\/2018\/07\/00-00-00-1.jpg\" alt=\"\" width=\"114\" height=\"56\" \/><\/a>Povijesni lokalitet \u00bbMunja\u010de\u00ab<br \/>\n<\/strong>SG-PO-19 \/Stari Grad, Polje, Munja\u010de<\/p>\n<p><strong><a href=\"https:\/\/www.topohvar.at\/orte\/sg\/sg-po-24-1\/\"><img loading=\"lazy\" decoding=\"async\" class=\"alignleft wp-image-387 size-full\" src=\"https:\/\/www.topohvar.at\/wp-content\/uploads\/2018\/07\/00-00-00-1.jpg\" alt=\"\" width=\"114\" height=\"56\" \/><\/a>Povijesni lokalitet \u00bbIvon\u010deve njive\u00ab<br \/>\n<\/strong>SG-PO-24 \/ Stari Grad, Polje, Ivon\u010deve njive<\/p>\n<p><strong><a href=\"https:\/\/www.topohvar.at\/orte\/sg\/sg-po-02-2\/\"><img loading=\"lazy\" decoding=\"async\" class=\"alignleft wp-image-4018\" src=\"https:\/\/www.topohvar.at\/wp-content\/uploads\/2018\/08\/SG-PO-02-1-1024x503.jpg\" alt=\"\" width=\"114\" height=\"56\" srcset=\"https:\/\/www.topohvar.at\/wp-content\/uploads\/2018\/08\/SG-PO-02-1-1024x503.jpg 1024w, https:\/\/www.topohvar.at\/wp-content\/uploads\/2018\/08\/SG-PO-02-1-300x147.jpg 300w, https:\/\/www.topohvar.at\/wp-content\/uploads\/2018\/08\/SG-PO-02-1-768x377.jpg 768w\" sizes=\"auto, (max-width: 114px) 100vw, 114px\" \/><\/a>Povijesni lokalitet \u00bbDra\u010devica\u00ab<br \/>\n<\/strong>SG-PO-02 \/ Stari Grad, Polje, Dra\u010devica<\/p>\n<p><strong><a href=\"https:\/\/www.topohvar.at\/orte\/sg\/sg-po-22-1\/\"><img loading=\"lazy\" decoding=\"async\" class=\"alignleft wp-image-70738\" src=\"https:\/\/www.topohvar.at\/wp-content\/uploads\/2024\/12\/sg-po-22-1-300x147.jpg\" alt=\"\" width=\"114\" height=\"56\" srcset=\"https:\/\/www.topohvar.at\/wp-content\/uploads\/2024\/12\/sg-po-22-1-300x147.jpg 300w, https:\/\/www.topohvar.at\/wp-content\/uploads\/2024\/12\/sg-po-22-1-1024x503.jpg 1024w, https:\/\/www.topohvar.at\/wp-content\/uploads\/2024\/12\/sg-po-22-1-768x377.jpg 768w, https:\/\/www.topohvar.at\/wp-content\/uploads\/2024\/12\/sg-po-22-1.jpg 1080w\" sizes=\"auto, (max-width: 114px) 100vw, 114px\" \/><\/a>Povijesni lokalitet \u00bbStagnjica\u00ab<br \/>\n<\/strong>SG-PO-22 \/ Stari Grad, Polje, Dra\u010devica<\/p>\n<p><strong><a href=\"https:\/\/www.topohvar.at\/orte\/sg\/sg-po-23-1\/\"><img loading=\"lazy\" decoding=\"async\" class=\"alignleft wp-image-387 size-full\" src=\"https:\/\/www.topohvar.at\/wp-content\/uploads\/2018\/07\/00-00-00-1.jpg\" alt=\"\" width=\"114\" height=\"56\" \/><\/a>Povijesni lokalitet \u00bbStara\u010d\u00ab<br \/>\n<\/strong>SG-PO-23 \/ Stari Grad, Polje, Stara\u010d<\/p>\n<p><strong><a href=\"https:\/\/www.topohvar.at\/orte\/sg\/sg-po-17-2\/\"><img loading=\"lazy\" decoding=\"async\" class=\"alignleft wp-image-4035\" src=\"https:\/\/www.topohvar.at\/wp-content\/uploads\/2018\/08\/sg-po-17-1-1024x503.jpg\" alt=\"\" width=\"114\" height=\"56\" srcset=\"https:\/\/www.topohvar.at\/wp-content\/uploads\/2018\/08\/sg-po-17-1-1024x503.jpg 1024w, https:\/\/www.topohvar.at\/wp-content\/uploads\/2018\/08\/sg-po-17-1-300x147.jpg 300w, https:\/\/www.topohvar.at\/wp-content\/uploads\/2018\/08\/sg-po-17-1-768x377.jpg 768w\" sizes=\"auto, (max-width: 114px) 100vw, 114px\" \/><\/a>Povijesni lokalitet \u00bbStara\u010d\u00ab<br \/>\n<\/strong>SG-PO-17 \/ Stari Grad, Stara\u010d<\/p>\n<p><strong><a href=\"https:\/\/www.topohvar.at\/orte\/sg\/sg-po-03-2\/\"><img loading=\"lazy\" decoding=\"async\" class=\"alignleft wp-image-4019\" src=\"https:\/\/www.topohvar.at\/wp-content\/uploads\/2018\/08\/SG-PO-03-1-1024x503.jpg\" alt=\"\" width=\"114\" height=\"56\" srcset=\"https:\/\/www.topohvar.at\/wp-content\/uploads\/2018\/08\/SG-PO-03-1-1024x503.jpg 1024w, https:\/\/www.topohvar.at\/wp-content\/uploads\/2018\/08\/SG-PO-03-1-300x147.jpg 300w, https:\/\/www.topohvar.at\/wp-content\/uploads\/2018\/08\/SG-PO-03-1-768x377.jpg 768w\" sizes=\"auto, (max-width: 114px) 100vw, 114px\" \/><\/a>Povijesni lokalitet \u00bbgr\u010dka kula Maslinovik\u00ab<br \/>\n<\/strong>SG-PO-03 \/\u00a0Stari Grad, Polje, Maslinovik<\/p>\n<p><strong><a href=\"https:\/\/www.topohvar.at\/orte\/sg\/sg-po-01-2\/\"><img loading=\"lazy\" decoding=\"async\" class=\"alignleft wp-image-4017\" src=\"https:\/\/www.topohvar.at\/wp-content\/uploads\/2018\/08\/SG-PO-01-1-1024x503.jpg\" alt=\"\" width=\"114\" height=\"56\" srcset=\"https:\/\/www.topohvar.at\/wp-content\/uploads\/2018\/08\/SG-PO-01-1-1024x503.jpg 1024w, https:\/\/www.topohvar.at\/wp-content\/uploads\/2018\/08\/SG-PO-01-1-300x147.jpg 300w, https:\/\/www.topohvar.at\/wp-content\/uploads\/2018\/08\/SG-PO-01-1-768x377.jpg 768w\" sizes=\"auto, (max-width: 114px) 100vw, 114px\" \/><\/a>Povijesni lokalitet \u00bbGlavica\u00ab<br \/>\n<\/strong>SG-PO-01 \/ Stari Grad, Glavica<\/p>\n<p><strong><a href=\"https:\/\/www.topohvar.at\/orte\/sg\/sg-po-05-2\/\"><img loading=\"lazy\" decoding=\"async\" class=\"alignleft wp-image-4020\" src=\"https:\/\/www.topohvar.at\/wp-content\/uploads\/2018\/08\/SG-PO-05-1-1024x503.jpg\" alt=\"\" width=\"114\" height=\"56\" srcset=\"https:\/\/www.topohvar.at\/wp-content\/uploads\/2018\/08\/SG-PO-05-1-1024x503.jpg 1024w, https:\/\/www.topohvar.at\/wp-content\/uploads\/2018\/08\/SG-PO-05-1-300x147.jpg 300w, https:\/\/www.topohvar.at\/wp-content\/uploads\/2018\/08\/SG-PO-05-1-768x377.jpg 768w\" sizes=\"auto, (max-width: 114px) 100vw, 114px\" \/><\/a>Prapovijesna lokalitet \u00bbPurkin Kuk\u00ab<br \/>\n<\/strong>SG-PO-05 \/ Stari Grad, Purkin Kuk<\/p>\n<p><strong><a href=\"https:\/\/www.topohvar.at\/orte\/sg\/sg-po-07-2\/\"><img loading=\"lazy\" decoding=\"async\" class=\"alignleft wp-image-4022\" src=\"https:\/\/www.topohvar.at\/wp-content\/uploads\/2018\/08\/SG-PO-07-1-1024x503.jpg\" alt=\"\" width=\"114\" height=\"56\" srcset=\"https:\/\/www.topohvar.at\/wp-content\/uploads\/2018\/08\/SG-PO-07-1-1024x503.jpg 1024w, https:\/\/www.topohvar.at\/wp-content\/uploads\/2018\/08\/SG-PO-07-1-300x147.jpg 300w, https:\/\/www.topohvar.at\/wp-content\/uploads\/2018\/08\/SG-PO-07-1-768x377.jpg 768w\" sizes=\"auto, (max-width: 114px) 100vw, 114px\" \/><\/a>Povijesni lokalitet \u00bbRemetin vrt\u00ab<br \/>\n<\/strong>SG-PO-07 \/ Stari Grad, Vukovarska cesta 2<\/p>\n<p><strong><a href=\"https:\/\/www.topohvar.at\/orte\/sg\/sg-po-08-2\/\"><img loading=\"lazy\" decoding=\"async\" class=\"alignleft wp-image-31591\" src=\"https:\/\/www.topohvar.at\/wp-content\/uploads\/2020\/02\/sg-po-08-1.jpg\" alt=\"\" width=\"113\" height=\"56\" srcset=\"https:\/\/www.topohvar.at\/wp-content\/uploads\/2020\/02\/sg-po-08-1.jpg 640w, https:\/\/www.topohvar.at\/wp-content\/uploads\/2020\/02\/sg-po-08-1-300x148.jpg 300w\" sizes=\"auto, (max-width: 113px) 100vw, 113px\" \/><\/a>Povijesni lokalitet \u00bbOstaci villae rusticae Smir\u010di\u0107\u00ab<br \/>\n<\/strong>SG-PO-08 \/ Stari Grad, Polje,\u00a0Smir\u010di\u0107<\/p>\n<p><strong><a href=\"https:\/\/www.topohvar.at\/orte\/sg\/sg-po-25-1\/\"><img loading=\"lazy\" decoding=\"async\" class=\"alignleft wp-image-71524\" src=\"https:\/\/www.topohvar.at\/wp-content\/uploads\/2025\/04\/sg-po-25-10-300x147.jpg\" alt=\"\" width=\"114\" height=\"56\" srcset=\"https:\/\/www.topohvar.at\/wp-content\/uploads\/2025\/04\/sg-po-25-10-300x147.jpg 300w, https:\/\/www.topohvar.at\/wp-content\/uploads\/2025\/04\/sg-po-25-10-1024x503.jpg 1024w, https:\/\/www.topohvar.at\/wp-content\/uploads\/2025\/04\/sg-po-25-10-768x377.jpg 768w, https:\/\/www.topohvar.at\/wp-content\/uploads\/2025\/04\/sg-po-25-10.jpg 1080w\" sizes=\"auto, (max-width: 114px) 100vw, 114px\" \/><\/a>Anti\u010dko nazali\u0161te \u00bbVila rustika &#8211; Mirak\u00ab<br \/>\n<\/strong>SG-PO-25 \/ Stari Grad, Polje, Mirak<\/p>\n<p><strong><a href=\"https:\/\/www.topohvar.at\/orte\/sg\/sg-po-10-2\/\"><img loading=\"lazy\" decoding=\"async\" class=\"alignleft wp-image-4034\" src=\"https:\/\/www.topohvar.at\/wp-content\/uploads\/2018\/08\/sg-po-10-1-1024x503.jpg\" alt=\"\" width=\"114\" height=\"56\" srcset=\"https:\/\/www.topohvar.at\/wp-content\/uploads\/2018\/08\/sg-po-10-1-1024x503.jpg 1024w, https:\/\/www.topohvar.at\/wp-content\/uploads\/2018\/08\/sg-po-10-1-300x147.jpg 300w, https:\/\/www.topohvar.at\/wp-content\/uploads\/2018\/08\/sg-po-10-1-768x377.jpg 768w\" sizes=\"auto, (max-width: 114px) 100vw, 114px\" \/><\/a>Povijesni lokalitet \u00bbGradina na brdu Brigi\u00ab<br \/>\n<\/strong>SG-PO-10 \/ Na brdu Brigi<\/p>\n<p><strong><a href=\"https:\/\/www.topohvar.at\/orte\/sg\/sg-po-11-2\/\"><img loading=\"lazy\" decoding=\"async\" class=\"alignleft wp-image-4024\" src=\"https:\/\/www.topohvar.at\/wp-content\/uploads\/2018\/08\/SG-PO-11-1-1024x503.jpg\" alt=\"\" width=\"114\" height=\"56\" srcset=\"https:\/\/www.topohvar.at\/wp-content\/uploads\/2018\/08\/SG-PO-11-1-1024x503.jpg 1024w, https:\/\/www.topohvar.at\/wp-content\/uploads\/2018\/08\/SG-PO-11-1-300x147.jpg 300w, https:\/\/www.topohvar.at\/wp-content\/uploads\/2018\/08\/SG-PO-11-1-768x377.jpg 768w\" sizes=\"auto, (max-width: 114px) 100vw, 114px\" \/><\/a>Povijesni objekt\u00a0\u00bbRimski mozaik (1)\u00ab<br \/>\n<\/strong>SG-PO-11 \/ Stari Grad,\u00a0Srinjo Kola 8<\/p>\n<p><strong><a href=\"https:\/\/www.topohvar.at\/orte\/sg\/sg-po-12-2\/\"><img loading=\"lazy\" decoding=\"async\" class=\"alignleft wp-image-4025\" src=\"https:\/\/www.topohvar.at\/wp-content\/uploads\/2018\/08\/sg-po-12-1-1024x503.jpg\" alt=\"\" width=\"114\" height=\"56\" srcset=\"https:\/\/www.topohvar.at\/wp-content\/uploads\/2018\/08\/sg-po-12-1-1024x503.jpg 1024w, https:\/\/www.topohvar.at\/wp-content\/uploads\/2018\/08\/sg-po-12-1-300x147.jpg 300w, https:\/\/www.topohvar.at\/wp-content\/uploads\/2018\/08\/sg-po-12-1-768x377.jpg 768w\" sizes=\"auto, (max-width: 114px) 100vw, 114px\" \/><\/a>Povijesni objekt\u00a0\u00bbRimski mozaik (2)\u00ab<br \/>\n<\/strong>SG-PO-12\/ Stari Grad, Srinjo Kola<\/p>\n<p><strong><a href=\"https:\/\/www.topohvar.at\/orte\/sg\/sg-po-04-2\/\"><img loading=\"lazy\" decoding=\"async\" class=\"alignleft wp-image-387 size-full\" src=\"https:\/\/www.topohvar.at\/wp-content\/uploads\/2018\/07\/00-00-00-1.jpg\" alt=\"\" width=\"114\" height=\"56\" \/><\/a>Povijesni objekt \u00bbRimski mozaik (3)\u00ab<br \/>\n<\/strong>SG-PO-04 \/ Stari Grad, Duolnja Kola<\/p>\n<p><strong><a href=\"https:\/\/www.topohvar.at\/orte\/sg\/sg-po-15-3\/\"><img loading=\"lazy\" decoding=\"async\" class=\"alignleft wp-image-4170\" src=\"https:\/\/www.topohvar.at\/wp-content\/uploads\/2018\/08\/sg-po-15-2-1-1024x503.jpg\" alt=\"\" width=\"114\" height=\"56\" srcset=\"https:\/\/www.topohvar.at\/wp-content\/uploads\/2018\/08\/sg-po-15-2-1-1024x503.jpg 1024w, https:\/\/www.topohvar.at\/wp-content\/uploads\/2018\/08\/sg-po-15-2-1-300x147.jpg 300w, https:\/\/www.topohvar.at\/wp-content\/uploads\/2018\/08\/sg-po-15-2-1-768x377.jpg 768w\" sizes=\"auto, (max-width: 114px) 100vw, 114px\" \/><\/a>Povijesni objekt \u00bbOstaci gr\u010dkih gradskih zidina\u00ab<br \/>\n<\/strong>SG-PO-15 \/\u00a0Stari Grad,\u00a0Vukovarska cesta<\/p>\n<p><strong><a href=\"https:\/\/www.topohvar.at\/orte\/sg\/sg-po-16-2\/\"><img loading=\"lazy\" decoding=\"async\" class=\"alignleft wp-image-4030\" src=\"https:\/\/www.topohvar.at\/wp-content\/uploads\/2018\/08\/sg-po-16-1-1024x503.jpg\" alt=\"\" width=\"114\" height=\"56\" srcset=\"https:\/\/www.topohvar.at\/wp-content\/uploads\/2018\/08\/sg-po-16-1-1024x503.jpg 1024w, https:\/\/www.topohvar.at\/wp-content\/uploads\/2018\/08\/sg-po-16-1-300x147.jpg 300w, https:\/\/www.topohvar.at\/wp-content\/uploads\/2018\/08\/sg-po-16-1-768x377.jpg 768w\" sizes=\"auto, (max-width: 114px) 100vw, 114px\" \/><\/a>Povijesni objekt \u00bbBedem Pharie\u00ab<br \/>\n<\/strong>SG-PO-16 \/ Stari Grad, Konvenat 7<\/p>\n<p><a href=\"https:\/\/www.topohvar.at\/topo\/orte\/sg\/sg-po-20-1\/\"><img loading=\"lazy\" decoding=\"async\" class=\"alignleft wp-image-69303\" src=\"https:\/\/www.topohvar.at\/wp-content\/uploads\/2024\/07\/sg.po-20-10-300x147.jpg\" alt=\"\" width=\"114\" height=\"56\" srcset=\"https:\/\/www.topohvar.at\/wp-content\/uploads\/2024\/07\/sg.po-20-10-300x147.jpg 300w, https:\/\/www.topohvar.at\/wp-content\/uploads\/2024\/07\/sg.po-20-10-1024x503.jpg 1024w, https:\/\/www.topohvar.at\/wp-content\/uploads\/2024\/07\/sg.po-20-10-768x377.jpg 768w, https:\/\/www.topohvar.at\/wp-content\/uploads\/2024\/07\/sg.po-20-10.jpg 1080w\" sizes=\"auto, (max-width: 114px) 100vw, 114px\" \/><\/a><strong>Povijesni objekt \u00bbkula (1) gr\u010dkog Pharosa\u00ab<\/strong><br \/>\nSG-PO-20 \/ Stari Grad, isto\u010dno od crkve sv. Nikole<\/p>\n<p><a href=\"https:\/\/www.topohvar.at\/topo\/orte\/sg\/sg-po-21-1\/\"><img loading=\"lazy\" decoding=\"async\" class=\"alignleft wp-image-68238\" src=\"https:\/\/www.topohvar.at\/wp-content\/uploads\/2024\/06\/sg-po-21-1.jpg\" alt=\"\" width=\"114\" height=\"56\" srcset=\"https:\/\/www.topohvar.at\/wp-content\/uploads\/2024\/06\/sg-po-21-1.jpg 1080w, https:\/\/www.topohvar.at\/wp-content\/uploads\/2024\/06\/sg-po-21-1-300x147.jpg 300w, https:\/\/www.topohvar.at\/wp-content\/uploads\/2024\/06\/sg-po-21-1-1024x503.jpg 1024w, https:\/\/www.topohvar.at\/wp-content\/uploads\/2024\/06\/sg-po-21-1-768x377.jpg 768w\" sizes=\"auto, (max-width: 114px) 100vw, 114px\" \/><\/a><strong>Povijesni objekt \u00bbkula (2) gr\u010dkog Pharosa\u00ab<\/strong><br \/>\nSG-PO-21 \/ Stari Grad, u vrtu Petra Hektorovi\u0107a<\/p>\n<p><strong><a href=\"https:\/\/www.topohvar.at\/orte\/sg\/sg-po-18-2\/\"><img loading=\"lazy\" decoding=\"async\" class=\"alignleft wp-image-4032\" src=\"https:\/\/www.topohvar.at\/wp-content\/uploads\/2018\/08\/sg-po-18-1-1024x503.jpg\" alt=\"\" width=\"114\" height=\"56\" srcset=\"https:\/\/www.topohvar.at\/wp-content\/uploads\/2018\/08\/sg-po-18-1-1024x503.jpg 1024w, https:\/\/www.topohvar.at\/wp-content\/uploads\/2018\/08\/sg-po-18-1-300x147.jpg 300w, https:\/\/www.topohvar.at\/wp-content\/uploads\/2018\/08\/sg-po-18-1-768x377.jpg 768w\" sizes=\"auto, (max-width: 114px) 100vw, 114px\" \/><\/a>Povijesni objekt \u00bbPoklopac sarkofaga\u00ab<br \/>\n<\/strong>SG-PO-18 \/\u00a0Stari Grad, Kod Sv. Petra<\/p>\n<p style=\"text-align: right;\"><span style=\"color: #3366ff;\"><a style=\"color: #3366ff;\" href=\"#seite_oben\">natrag na vrh \/ Seitenanfang<\/a><\/span><\/p>\n","protected":false},"excerpt":{"rendered":"<p>Odaberite kategoriju \/ W\u00e4hlen Sie eine Kategorie aus\u00a0 \u00a0 \u00a0 \u00a0 \u00a0 \u00a0 Naselja \/ Siedlungen \/\/ Crkve \/ Kirchen \/\/ Kapele \/Kapellen \/\/ Kapelice \/Bildst\u00f6cke \/\/ Kri\u017eevi \/ Kreuze \/\/ Natpisi \/ Inschriften \/\/ Plo\u010de \/ Tafeln \/\/ Reljefi\/ &hellip; <a href=\"https:\/\/www.topohvar.at\/topo\/orte\/sg\/\">Weiterlesen <span class=\"meta-nav\">&rarr;<\/span><\/a><\/p>\n","protected":false},"author":1,"featured_media":0,"parent":19357,"menu_order":0,"comment_status":"closed","ping_status":"closed","template":"","meta":{"footnotes":""},"class_list":["post-99","page","type-page","status-publish","hentry"],"_links":{"self":[{"href":"https:\/\/www.topohvar.at\/topo\/wp-json\/wp\/v2\/pages\/99","targetHints":{"allow":["GET"]}}],"collection":[{"href":"https:\/\/www.topohvar.at\/topo\/wp-json\/wp\/v2\/pages"}],"about":[{"href":"https:\/\/www.topohvar.at\/topo\/wp-json\/wp\/v2\/types\/page"}],"author":[{"embeddable":true,"href":"https:\/\/www.topohvar.at\/topo\/wp-json\/wp\/v2\/users\/1"}],"replies":[{"embeddable":true,"href":"https:\/\/www.topohvar.at\/topo\/wp-json\/wp\/v2\/comments?post=99"}],"version-history":[{"count":616,"href":"https:\/\/www.topohvar.at\/topo\/wp-json\/wp\/v2\/pages\/99\/revisions"}],"predecessor-version":[{"id":74796,"href":"https:\/\/www.topohvar.at\/topo\/wp-json\/wp\/v2\/pages\/99\/revisions\/74796"}],"up":[{"embeddable":true,"href":"https:\/\/www.topohvar.at\/topo\/wp-json\/wp\/v2\/pages\/19357"}],"wp:attachment":[{"href":"https:\/\/www.topohvar.at\/topo\/wp-json\/wp\/v2\/media?parent=99"}],"curies":[{"name":"wp","href":"https:\/\/api.w.org\/{rel}","templated":true}]}}